{"id":122,"date":"2025-02-06T10:40:22","date_gmt":"2025-02-06T09:40:22","guid":{"rendered":"https:\/\/www.groupeidec.com\/emplois-carriere\/?page_id=122"},"modified":"2026-03-10T10:18:57","modified_gmt":"2026-03-10T09:18:57","slug":"nos-offres","status":"publish","type":"page","link":"https:\/\/www.groupeidec.com\/emplois-carriere\/nos-offres\/","title":{"rendered":"Nos offres"},"content":{"rendered":"[vc_row type=\u00a0\u00bbin_container\u00a0\u00bb full_screen_row_position=\u00a0\u00bbmiddle\u00a0\u00bb column_margin=\u00a0\u00bbnone\u00a0\u00bb column_direction=\u00a0\u00bbdefault\u00a0\u00bb column_direction_tablet=\u00a0\u00bbdefault\u00a0\u00bb column_direction_phone=\u00a0\u00bbdefault\u00a0\u00bb bg_image=\u00a0\u00bb1418&Prime; bg_position=\u00a0\u00bbcustom\u00a0\u00bb bg_position_x=\u00a0\u00bb50%\u00a0\u00bb bg_position_y=\u00a0\u00bb20%\u00a0\u00bb background_image_loading=\u00a0\u00bbdefault\u00a0\u00bb bg_repeat=\u00a0\u00bbno-repeat\u00a0\u00bb scene_position=\u00a0\u00bbcenter\u00a0\u00bb bottom_margin=\u00a0\u00bb2%\u00a0\u00bb bottom_margin_phone=\u00a0\u00bb7%\u00a0\u00bb text_color=\u00a0\u00bblight\u00a0\u00bb text_align=\u00a0\u00bbcenter\u00a0\u00bb row_border_radius=\u00a0\u00bb10px\u00a0\u00bb row_border_radius_applies=\u00a0\u00bbbg\u00a0\u00bb overflow=\u00a0\u00bbvisible\u00a0\u00bb enable_gradient=\u00a0\u00bbtrue\u00a0\u00bb color_overlay=\u00a0\u00bbrgba(0,0,0,0.58)\u00a0\u00bb color_overlay_2=\u00a0\u00bbrgba(0,0,0,0.8)\u00a0\u00bb overlay_strength=\u00a0\u00bb0.8&Prime; gradient_direction=\u00a0\u00bbleft_b_to_right_t\u00a0\u00bb shape_divider_position=\u00a0\u00bbbottom\u00a0\u00bb bg_image_animation=\u00a0\u00bbnone\u00a0\u00bb gradient_type=\u00a0\u00bbdefault\u00a0\u00bb shape_type=\u00a0\u00bb\u00a0\u00bb][vc_column column_padding=\u00a0\u00bbpadding-5-percent\u00a0\u00bb column_padding_tablet=\u00a0\u00bbinherit\u00a0\u00bb column_padding_phone=\u00a0\u00bbinherit\u00a0\u00bb column_padding_position=\u00a0\u00bball\u00a0\u00bb column_element_direction_desktop=\u00a0\u00bbdefault\u00a0\u00bb column_element_spacing=\u00a0\u00bbdefault\u00a0\u00bb desktop_text_alignment=\u00a0\u00bbdefault\u00a0\u00bb tablet_text_alignment=\u00a0\u00bbdefault\u00a0\u00bb phone_text_alignment=\u00a0\u00bbdefault\u00a0\u00bb background_color_opacity=\u00a0\u00bb1&Prime; background_hover_color_opacity=\u00a0\u00bb1&Prime; background_image=\u00a0\u00bb528&Prime; background_image_position=\u00a0\u00bbcenter center\u00a0\u00bb background_image_stacking=\u00a0\u00bbdefault\u00a0\u00bb enable_bg_scale=\u00a0\u00bbtrue\u00a0\u00bb background_image_loading=\u00a0\u00bbdefault\u00a0\u00bb column_backdrop_filter=\u00a0\u00bbnone\u00a0\u00bb font_color=\u00a0\u00bb#ffffff\u00a0\u00bb column_shadow=\u00a0\u00bbnone\u00a0\u00bb column_border_radius=\u00a0\u00bbnone\u00a0\u00bb column_link_target=\u00a0\u00bb_self\u00a0\u00bb column_position=\u00a0\u00bbdefault\u00a0\u00bb gradient_direction=\u00a0\u00bbleft_b_to_right_t\u00a0\u00bb overlay_strength=\u00a0\u00bb0.3&Prime; width=\u00a0\u00bb1\/1&Prime; tablet_width_inherit=\u00a0\u00bbdefault\u00a0\u00bb animation_type=\u00a0\u00bbdefault\u00a0\u00bb bg_image_animation=\u00a0\u00bbnone\u00a0\u00bb border_type=\u00a0\u00bbsimple\u00a0\u00bb column_border_width=\u00a0\u00bbnone\u00a0\u00bb column_border_style=\u00a0\u00bbsolid\u00a0\u00bb column_padding_type=\u00a0\u00bbdefault\u00a0\u00bb gradient_type=\u00a0\u00bbdefault\u00a0\u00bb][nectar_responsive_text inherited_font_style=\u00a0\u00bbh1&Prime; text_direction=\u00a0\u00bbdefault\u00a0\u00bb class_name=\u00a0\u00bbtitle-perso-int\u00a0\u00bb]\r\n<h1><strong class=\"title-page\">NOS OFFRES<\/strong><\/h1>\r\n[\/nectar_responsive_text][\/vc_column][\/vc_row][vc_row type=\u00a0\u00bbin_container\u00a0\u00bb full_screen_row_position=\u00a0\u00bbmiddle\u00a0\u00bb column_margin=\u00a0\u00bbdefault\u00a0\u00bb column_direction=\u00a0\u00bbdefault\u00a0\u00bb column_direction_tablet=\u00a0\u00bbdefault\u00a0\u00bb column_direction_phone=\u00a0\u00bbdefault\u00a0\u00bb scene_position=\u00a0\u00bbcenter\u00a0\u00bb text_color=\u00a0\u00bbdark\u00a0\u00bb text_align=\u00a0\u00bbleft\u00a0\u00bb row_border_radius=\u00a0\u00bbnone\u00a0\u00bb row_border_radius_applies=\u00a0\u00bbbg\u00a0\u00bb overflow=\u00a0\u00bbvisible\u00a0\u00bb overlay_strength=\u00a0\u00bb0.3&Prime; gradient_direction=\u00a0\u00bbleft_to_right\u00a0\u00bb shape_divider_position=\u00a0\u00bbbottom\u00a0\u00bb bg_image_animation=\u00a0\u00bbnone\u00a0\u00bb][vc_column column_padding=\u00a0\u00bbno-extra-padding\u00a0\u00bb column_padding_tablet=\u00a0\u00bbinherit\u00a0\u00bb column_padding_phone=\u00a0\u00bbinherit\u00a0\u00bb column_padding_position=\u00a0\u00bball\u00a0\u00bb column_element_direction_desktop=\u00a0\u00bbdefault\u00a0\u00bb column_element_spacing=\u00a0\u00bbdefault\u00a0\u00bb desktop_text_alignment=\u00a0\u00bbdefault\u00a0\u00bb tablet_text_alignment=\u00a0\u00bbdefault\u00a0\u00bb phone_text_alignment=\u00a0\u00bbdefault\u00a0\u00bb background_color_opacity=\u00a0\u00bb1&Prime; background_hover_color_opacity=\u00a0\u00bb1&Prime; column_backdrop_filter=\u00a0\u00bbnone\u00a0\u00bb column_shadow=\u00a0\u00bbnone\u00a0\u00bb column_border_radius=\u00a0\u00bbnone\u00a0\u00bb column_link_target=\u00a0\u00bb_self\u00a0\u00bb column_position=\u00a0\u00bbdefault\u00a0\u00bb gradient_direction=\u00a0\u00bbleft_to_right\u00a0\u00bb overlay_strength=\u00a0\u00bb0.3&Prime; width=\u00a0\u00bb1\/1&Prime; tablet_width_inherit=\u00a0\u00bbdefault\u00a0\u00bb animation_type=\u00a0\u00bbdefault\u00a0\u00bb bg_image_animation=\u00a0\u00bbnone\u00a0\u00bb border_type=\u00a0\u00bbsimple\u00a0\u00bb column_border_width=\u00a0\u00bbnone\u00a0\u00bb column_border_style=\u00a0\u00bbsolid\u00a0\u00bb][vc_column_text]<div class=\"offres-filtres\">\n<form autocomplete=\"off\" name=\"wpv-filter-119\" action=\"\/emplois-carriere\/wp-json\/wp\/v2\/pages\/122?wpv_view_count=119\" method=\"get\" class=\"wpv-filter-form js-wpv-filter-form js-wpv-filter-form-119 js-wpv-form-full\" data-viewnumber=\"119\" data-viewid=\"119\" data-viewhash=\"eyJuYW1lIjoidnVlLW9mZnJlcyJ9\" data-viewwidgetid=\"0\" data-orderby=\"\" data-order=\"\" data-orderbyas=\"\" data-orderbysecond=\"\" data-ordersecond=\"\" data-parametric=\"{&quot;query&quot;:&quot;normal&quot;,&quot;id&quot;:&quot;119&quot;,&quot;view_id&quot;:&quot;119&quot;,&quot;widget_id&quot;:0,&quot;view_hash&quot;:&quot;119&quot;,&quot;action&quot;:&quot;\\\/emplois-carriere\\\/wp-json\\\/wp\\\/v2\\\/pages\\\/122?wpv_view_count=119&quot;,&quot;sort&quot;:{&quot;orderby&quot;:&quot;&quot;,&quot;order&quot;:&quot;&quot;,&quot;orderby_as&quot;:&quot;&quot;,&quot;orderby_second&quot;:&quot;&quot;,&quot;order_second&quot;:&quot;&quot;},&quot;orderby&quot;:&quot;&quot;,&quot;order&quot;:&quot;&quot;,&quot;orderby_as&quot;:&quot;&quot;,&quot;orderby_second&quot;:&quot;&quot;,&quot;order_second&quot;:&quot;&quot;,&quot;ajax_form&quot;:&quot;&quot;,&quot;ajax_results&quot;:&quot;&quot;,&quot;effect&quot;:&quot;fade&quot;,&quot;prebefore&quot;:&quot;&quot;,&quot;before&quot;:&quot;&quot;,&quot;after&quot;:&quot;&quot;,&quot;attributes&quot;:[],&quot;environment&quot;:{&quot;current_post_id&quot;:122,&quot;parent_post_id&quot;:122,&quot;parent_term_id&quot;:0,&quot;parent_user_id&quot;:0,&quot;archive&quot;:{&quot;type&quot;:&quot;&quot;,&quot;name&quot;:&quot;&quot;,&quot;data&quot;:[]}},&quot;loop&quot;:{&quot;type&quot;:&quot;&quot;,&quot;name&quot;:&quot;&quot;,&quot;data&quot;:[],&quot;id&quot;:0}}\" data-attributes=\"[]\" data-environment=\"{&quot;current_post_id&quot;:122,&quot;parent_post_id&quot;:122,&quot;parent_term_id&quot;:0,&quot;parent_user_id&quot;:0,&quot;archive&quot;:{&quot;type&quot;:&quot;&quot;,&quot;name&quot;:&quot;&quot;,&quot;data&quot;:[]}}\"><input type=\"hidden\" class=\"js-wpv-dps-filter-data js-wpv-filter-data-for-this-form\" data-action=\"\/emplois-carriere\/wp-json\/wp\/v2\/pages\/122?wpv_view_count=119\" data-page=\"1\" data-ajax=\"disable\" data-effect=\"fade\" data-maxpages=\"0\" data-ajaxprebefore=\"\" data-ajaxbefore=\"\" data-ajaxafter=\"\" \/><input class=\"wpv_view_count wpv_view_count-119\" type=\"hidden\" name=\"wpv_view_count\" value=\"119\" \/>\n\n<div class=\"row\">\n<div class=\"form-group col-md-3\">\n\t<select id=\"wpv_control_select_wpcf-famille-de-metier\" name=\"wpv-wpcf-famille-de-metier\" class=\"js-wpv-filter-trigger form-control\"><option value=\"\" selected=\"selected\">- M\u00e9tiers<\/option><option value=\"Achats\">Achats<\/option><option value=\"Commercial\">Commercial<\/option><option value=\"D\u00e9veloppement\">D\u00e9veloppement<\/option><option value=\"Etudes et Conception\">Etudes et Conception<\/option><option value=\"Marketing\">Marketing<\/option><option value=\"Programmes\">Programmes<\/option><option value=\"Recherche et D\u00e9veloppement\">Recherche et D\u00e9veloppement<\/option><option value=\"REFERENTIEL GROUPE IDEC\">REFERENTIEL GROUPE IDEC<\/option><option value=\"Travaux\">Travaux<\/option><\/select>\n<\/div>\n<div class=\"form-group col-md-2\">\n\t<select id=\"wpv_control_select_wpcf-type-de-contrat\" name=\"wpv-wpcf-type-de-contrat\" class=\"js-wpv-filter-trigger form-control\"><option value=\"\" selected=\"selected\">- Type de contrat<\/option><option value=\"Apprenti sous contr.\">Apprenti sous contr.<\/option><option value=\"CDD\">CDD<\/option><option value=\"CDI\">CDI<\/option><option value=\"Stagiaire contr.stag\">Stagiaire contr.stag<\/option><\/select>\n<\/div>\n<div class=\"form-group col-md-2\">\n\t<select id=\"wpv_control_select_wpcf-departement\" name=\"wpv-wpcf-departement\" class=\"js-wpv-filter-trigger form-control\"><option value=\"\" selected=\"selected\">- Localisation<\/option><option value=\"Finist\u00e8re (29)\">Finist\u00e8re (29)<\/option><option value=\"H\u00e9rault (34)\">H\u00e9rault (34)<\/option><option value=\"Ille et Vilaine (35)\">Ille et Vilaine (35)<\/option><option value=\"Is\u00e8re (38)\">Is\u00e8re (38)<\/option><option value=\"Loir et Cher (41)\">Loir et Cher (41)<\/option><option value=\"Loiret (45)\">Loiret (45)<\/option><option value=\"Paris (75)\">Paris (75)<\/option><option value=\"Val de Marne (94)\">Val de Marne (94)<\/option><option value=\"Vienne (86)\">Vienne (86)<\/option><\/select>\n<\/div>\n<div class=\"form-group col-md-3\">\n\t<select id=\"wpv_control_select_wpcf-entite-de-rattachement\" name=\"wpv-entite-de-rattachement\" class=\"js-wpv-filter-trigger form-control\"><option value=\"\" selected=\"selected\">- Filiale<\/option><option value=\"CECIA\">CECIA<\/option><option value=\"FAUBOURG AMENAGEMENT\">FAUBOURG AMENAGEMENT<\/option><option value=\"FAUBOURG PROMOTION\">FAUBOURG PROMOTION<\/option><option value=\"GROUPE IDEC\">GROUPE IDEC<\/option><option value=\"GROUPE IDEC E.N.R. SOLAR\">GROUPE IDEC E.N.R. SOLAR<\/option><option value=\"GROUPE IDEC INGENIERIE\">GROUPE IDEC INGENIERIE<\/option><option value=\"GROUPE IDEC INTERNATIONAL\">GROUPE IDEC INTERNATIONAL<\/option><option value=\"GROUPE IDEC INVEST\">GROUPE IDEC INVEST<\/option><option value=\"IDEC\">IDEC<\/option><option value=\"IDEC AGRO & FACTORY\">IDEC AGRO & FACTORY<\/option><option value=\"IDEC GRAND SUD\">IDEC GRAND SUD<\/option><option value=\"IDEC HAUTES TECHNOLOGIES\">IDEC HAUTES TECHNOLOGIES<\/option><option value=\"IDEC SANTE\">IDEC SANTE<\/option><\/select>\n<\/div>\n<div class=\"form-group col-md-2\">\n      <input type=\"submit\" class=\"wpv-submit-trigger js-wpv-submit-trigger btn\" name=\"wpv_filter_submit\" value=\"Recherche\" \/>\n<\/div>\n<\/div>\n\n<\/form>\n<\/div>\n<div id=\"wpv-view-layout-119\" class=\"js-wpv-view-layout js-wpv-layout-responsive js-wpv-view-layout-119\" data-viewnumber=\"119\" data-pagination=\"{&quot;id&quot;:&quot;119&quot;,&quot;query&quot;:&quot;normal&quot;,&quot;type&quot;:&quot;disabled&quot;,&quot;effect&quot;:&quot;fade&quot;,&quot;duration&quot;:500,&quot;speed&quot;:5,&quot;pause_on_hover&quot;:&quot;enabled&quot;,&quot;stop_rollover&quot;:&quot;false&quot;,&quot;cache_pages&quot;:&quot;enabled&quot;,&quot;preload_images&quot;:&quot;enabled&quot;,&quot;preload_pages&quot;:&quot;enabled&quot;,&quot;preload_reach&quot;:1,&quot;spinner&quot;:&quot;builtin&quot;,&quot;spinner_image&quot;:&quot;https:\/\/www.groupeidec.com\/emplois-carriere\/wp-content\/plugins\/wp-views\/embedded\/res\/img\/ajax-loader.gif&quot;,&quot;callback_next&quot;:&quot;&quot;,&quot;manage_history&quot;:&quot;enabled&quot;,&quot;has_controls_in_form&quot;:&quot;disabled&quot;,&quot;infinite_tolerance&quot;:&quot;0&quot;,&quot;max_pages&quot;:0,&quot;page&quot;:1,&quot;base_permalink&quot;:&quot;\/emplois-carriere\/wp-json\/wp\/v2\/pages\/122?wpv_view_count=119&amp;wpv_paged=WPV_PAGE_NUM&quot;,&quot;loop&quot;:{&quot;type&quot;:&quot;&quot;,&quot;name&quot;:&quot;&quot;,&quot;data&quot;:[],&quot;id&quot;:0}}\" data-permalink=\"\/emplois-carriere\/wp-json\/wp\/v2\/pages\/122?wpv_view_count=119\">\n\n\t\n\t\n\t<div class=\"row\">\n\t\n\t\t<div class=\"col-lg-12 col-md-12 col-sm-12\"><div class=\"offre-item\">\n  \t<a href=\"https:\/\/www.groupeidec.com\/emplois-carriere\/offre\/ingenieur-etudes-lots-techniques-cdd-h-f\/\">\n\t<div class=\"\">\n      \n\n      <div class=\"offre-mask\"><\/div>\n\t<\/div>\n\t<div class=\"offre-item-caption\">\n      <div class=\"offre-title\">\n\t\t\t<h3>Ing\u00e9nieur Etudes Lots Techniques &#8211; CDD H\/F<\/h3>\n\t\t\t<span>Ref : LOTTECH\/CDI\/IDECAGRO\/RENNES\/35-872<\/span>\n      \t<\/div>\n\t\t<ul>\n\t\t\t<li><i class=\"fa fa-clock-o\"><\/i> CDD<\/li>\n\t\t\t<li><i class=\"fa fa-calendar\"><\/i> Publi\u00e9e le 30\/04\/2026<\/li>\n\t\t\t<li><i class=\"fa fa-map-marker\"><\/i> Ille et Vilaine (35)<\/li>\n\t\t\t<li><i class=\"fa fa-flag\"><\/i> Etudes et Conception<\/li>\n\t\t<\/ul>\n      <span class=\"btn-voir-offre\">\n\t\t\tVoir l&rsquo;offre\n\t\t<\/span>\n\t<\/div>\n      <\/a>\n<\/div>\n<\/div>\n\t\n\t\t<div class=\"col-lg-12 col-md-12 col-sm-12\"><div class=\"offre-item\">\n  \t<a href=\"https:\/\/www.groupeidec.com\/emplois-carriere\/offre\/ingenieur-travaux-conducteur-de-travaux-h-f\/\">\n\t<div class=\"\">\n      \n\n      <div class=\"offre-mask\"><\/div>\n\t<\/div>\n\t<div class=\"offre-item-caption\">\n      <div class=\"offre-title\">\n\t\t\t<h3>Ing\u00e9nieur Travaux \/ Conducteur de Travaux H\/F<\/h3>\n\t\t\t<span>Ref : CDT\/CDI\/CECIA\/CONCARNEAU\/29-871<\/span>\n      \t<\/div>\n\t\t<ul>\n\t\t\t<li><i class=\"fa fa-clock-o\"><\/i> CDI<\/li>\n\t\t\t<li><i class=\"fa fa-calendar\"><\/i> Publi\u00e9e le 22\/04\/2026<\/li>\n\t\t\t<li><i class=\"fa fa-map-marker\"><\/i> Finist\u00e8re (29)<\/li>\n\t\t\t<li><i class=\"fa fa-flag\"><\/i> Travaux<\/li>\n\t\t<\/ul>\n      <span class=\"btn-voir-offre\">\n\t\t\tVoir l&rsquo;offre\n\t\t<\/span>\n\t<\/div>\n      <\/a>\n<\/div>\n<\/div>\n\t\n\t\t<div class=\"col-lg-12 col-md-12 col-sm-12\"><div class=\"offre-item\">\n  \t<a href=\"https:\/\/www.groupeidec.com\/emplois-carriere\/offre\/responsable-developpement-immobilier-dentreprise-h-f\/\">\n\t<div class=\"\">\n      \n\n      <div class=\"offre-mask\"><\/div>\n\t<\/div>\n\t<div class=\"offre-item-caption\">\n      <div class=\"offre-title\">\n\t\t\t<h3>Responsable D\u00e9veloppement &#8211; Immobilier d&rsquo;entreprise H\/F<\/h3>\n\t\t\t<span>Ref : RESDEV\/CDI\/FP\/PARIS\/75-870<\/span>\n      \t<\/div>\n\t\t<ul>\n\t\t\t<li><i class=\"fa fa-clock-o\"><\/i> CDI<\/li>\n\t\t\t<li><i class=\"fa fa-calendar\"><\/i> Publi\u00e9e le 08\/04\/2026<\/li>\n\t\t\t<li><i class=\"fa fa-map-marker\"><\/i> Paris (75)<\/li>\n\t\t\t<li><i class=\"fa fa-flag\"><\/i> D\u00e9veloppement<\/li>\n\t\t<\/ul>\n      <span class=\"btn-voir-offre\">\n\t\t\tVoir l&rsquo;offre\n\t\t<\/span>\n\t<\/div>\n      <\/a>\n<\/div>\n<\/div>\n\t\n\t\t<div class=\"col-lg-12 col-md-12 col-sm-12\"><div class=\"offre-item\">\n  \t<a href=\"https:\/\/www.groupeidec.com\/emplois-carriere\/offre\/charge-de-developpement-foncier-alternance-h-f\/\">\n\t<div class=\"\">\n      \n\n      <div class=\"offre-mask\"><\/div>\n\t<\/div>\n\t<div class=\"offre-item-caption\">\n      <div class=\"offre-title\">\n\t\t\t<h3>Charg\u00e9 de D\u00e9veloppement foncier &#8211; Alternance H\/F<\/h3>\n\t\t\t<span>Ref : ALT\/CHD\/FAPR\/75-868<\/span>\n      \t<\/div>\n\t\t<ul>\n\t\t\t<li><i class=\"fa fa-clock-o\"><\/i> Apprenti sous contr.<\/li>\n\t\t\t<li><i class=\"fa fa-calendar\"><\/i> Publi\u00e9e le 30\/03\/2026<\/li>\n\t\t\t<li><i class=\"fa fa-map-marker\"><\/i> Paris (75)<\/li>\n\t\t\t<li><i class=\"fa fa-flag\"><\/i> D\u00e9veloppement<\/li>\n\t\t<\/ul>\n      <span class=\"btn-voir-offre\">\n\t\t\tVoir l&rsquo;offre\n\t\t<\/span>\n\t<\/div>\n      <\/a>\n<\/div>\n<\/div>\n\t\n\t\t<div class=\"col-lg-12 col-md-12 col-sm-12\"><div class=\"offre-item\">\n  \t<a href=\"https:\/\/www.groupeidec.com\/emplois-carriere\/offre\/responsable-de-programmes-immobilier-alternance-h-f-h-f\/\">\n\t<div class=\"\">\n      \n\n      <div class=\"offre-mask\"><\/div>\n\t<\/div>\n\t<div class=\"offre-item-caption\">\n      <div class=\"offre-title\">\n\t\t\t<h3>Responsable de Programmes immobilier &#8211; Alternance H\/F H\/F<\/h3>\n\t\t\t<span>Ref : 2026-869<\/span>\n      \t<\/div>\n\t\t<ul>\n\t\t\t<li><i class=\"fa fa-clock-o\"><\/i> Apprenti sous contr.<\/li>\n\t\t\t<li><i class=\"fa fa-calendar\"><\/i> Publi\u00e9e le 30\/03\/2026<\/li>\n\t\t\t<li><i class=\"fa fa-map-marker\"><\/i> Paris (75)<\/li>\n\t\t\t<li><i class=\"fa fa-flag\"><\/i> Programmes<\/li>\n\t\t<\/ul>\n      <span class=\"btn-voir-offre\">\n\t\t\tVoir l&rsquo;offre\n\t\t<\/span>\n\t<\/div>\n      <\/a>\n<\/div>\n<\/div>\n\t\n\t\t<div class=\"col-lg-12 col-md-12 col-sm-12\"><div class=\"offre-item\">\n  \t<a href=\"https:\/\/www.groupeidec.com\/emplois-carriere\/offre\/assistant-gestion-immobiliere-alternance-h-f\/\">\n\t<div class=\"\">\n      \n\n      <div class=\"offre-mask\"><\/div>\n\t<\/div>\n\t<div class=\"offre-item-caption\">\n      <div class=\"offre-title\">\n\t\t\t<h3>Assistant Gestion Immobili\u00e8re &#8211; Alternance H\/F<\/h3>\n\t\t\t<span>Ref : 2026-866<\/span>\n      \t<\/div>\n\t\t<ul>\n\t\t\t<li><i class=\"fa fa-clock-o\"><\/i> Apprenti sous contr.<\/li>\n\t\t\t<li><i class=\"fa fa-calendar\"><\/i> Publi\u00e9e le 26\/03\/2026<\/li>\n\t\t\t<li><i class=\"fa fa-map-marker\"><\/i> Loir et Cher (41)<\/li>\n\t\t\t<li><i class=\"fa fa-flag\"><\/i> REFERENTIEL GROUPE IDEC<\/li>\n\t\t<\/ul>\n      <span class=\"btn-voir-offre\">\n\t\t\tVoir l&rsquo;offre\n\t\t<\/span>\n\t<\/div>\n      <\/a>\n<\/div>\n<\/div>\n\t\n\t\t<div class=\"col-lg-12 col-md-12 col-sm-12\"><div class=\"offre-item\">\n  \t<a href=\"https:\/\/www.groupeidec.com\/emplois-carriere\/offre\/conducteur-travaux-alternance-h-f-2\/\">\n\t<div class=\"\">\n      \n\n      <div class=\"offre-mask\"><\/div>\n\t<\/div>\n\t<div class=\"offre-item-caption\">\n      <div class=\"offre-title\">\n\t\t\t<h3>Conducteur Travaux &#8211; Alternance H\/F<\/h3>\n\t\t\t<span>Ref : 2026-864<\/span>\n      \t<\/div>\n\t\t<ul>\n\t\t\t<li><i class=\"fa fa-clock-o\"><\/i> Apprenti sous contr.<\/li>\n\t\t\t<li><i class=\"fa fa-calendar\"><\/i> Publi\u00e9e le 24\/03\/2026<\/li>\n\t\t\t<li><i class=\"fa fa-map-marker\"><\/i> Loir et Cher (41)<\/li>\n\t\t\t<li><i class=\"fa fa-flag\"><\/i> Travaux<\/li>\n\t\t<\/ul>\n      <span class=\"btn-voir-offre\">\n\t\t\tVoir l&rsquo;offre\n\t\t<\/span>\n\t<\/div>\n      <\/a>\n<\/div>\n<\/div>\n\t\n\t\t<div class=\"col-lg-12 col-md-12 col-sm-12\"><div class=\"offre-item\">\n  \t<a href=\"https:\/\/www.groupeidec.com\/emplois-carriere\/offre\/conducteur-travaux-alternance-h-f\/\">\n\t<div class=\"\">\n      \n\n      <div class=\"offre-mask\"><\/div>\n\t<\/div>\n\t<div class=\"offre-item-caption\">\n      <div class=\"offre-title\">\n\t\t\t<h3>Conducteur Travaux &#8211; Alternance H\/F<\/h3>\n\t\t\t<span>Ref : 2026-865<\/span>\n      \t<\/div>\n\t\t<ul>\n\t\t\t<li><i class=\"fa fa-clock-o\"><\/i> Apprenti sous contr.<\/li>\n\t\t\t<li><i class=\"fa fa-calendar\"><\/i> Publi\u00e9e le 24\/03\/2026<\/li>\n\t\t\t<li><i class=\"fa fa-map-marker\"><\/i> Loir et Cher (41)<\/li>\n\t\t\t<li><i class=\"fa fa-flag\"><\/i> Travaux<\/li>\n\t\t<\/ul>\n      <span class=\"btn-voir-offre\">\n\t\t\tVoir l&rsquo;offre\n\t\t<\/span>\n\t<\/div>\n      <\/a>\n<\/div>\n<\/div>\n\t\n\t\t<div class=\"col-lg-12 col-md-12 col-sm-12\"><div class=\"offre-item\">\n  \t<a href=\"https:\/\/www.groupeidec.com\/emplois-carriere\/offre\/projeteur-alternance-h-f\/\">\n\t<div class=\"\">\n      \n\n      <div class=\"offre-mask\"><\/div>\n\t<\/div>\n\t<div class=\"offre-item-caption\">\n      <div class=\"offre-title\">\n\t\t\t<h3>Projeteur &#8211; Alternance H\/F<\/h3>\n\t\t\t<span>Ref : 2026-859<\/span>\n      \t<\/div>\n\t\t<ul>\n\t\t\t<li><i class=\"fa fa-clock-o\"><\/i> Apprenti sous contr.<\/li>\n\t\t\t<li><i class=\"fa fa-calendar\"><\/i> Publi\u00e9e le 24\/03\/2026<\/li>\n\t\t\t<li><i class=\"fa fa-map-marker\"><\/i> Loir et Cher (41)<\/li>\n\t\t\t<li><i class=\"fa fa-flag\"><\/i> REFERENTIEL GROUPE IDEC<\/li>\n\t\t<\/ul>\n      <span class=\"btn-voir-offre\">\n\t\t\tVoir l&rsquo;offre\n\t\t<\/span>\n\t<\/div>\n      <\/a>\n<\/div>\n<\/div>\n\t\n\t\t<div class=\"col-lg-12 col-md-12 col-sm-12\"><div class=\"offre-item\">\n  \t<a href=\"https:\/\/www.groupeidec.com\/emplois-carriere\/offre\/animateur-qualite-alternance-h-f\/\">\n\t<div class=\"\">\n      \n\n      <div class=\"offre-mask\"><\/div>\n\t<\/div>\n\t<div class=\"offre-item-caption\">\n      <div class=\"offre-title\">\n\t\t\t<h3>Animateur Qualit\u00e9 &#8211; Alternance H\/F<\/h3>\n\t\t\t<span>Ref : 2026-857<\/span>\n      \t<\/div>\n\t\t<ul>\n\t\t\t<li><i class=\"fa fa-clock-o\"><\/i> Apprenti sous contr.<\/li>\n\t\t\t<li><i class=\"fa fa-calendar\"><\/i> Publi\u00e9e le 24\/03\/2026<\/li>\n\t\t\t<li><i class=\"fa fa-map-marker\"><\/i> Loir et Cher (41)<\/li>\n\t\t\t<li><i class=\"fa fa-flag\"><\/i> REFERENTIEL GROUPE IDEC<\/li>\n\t\t<\/ul>\n      <span class=\"btn-voir-offre\">\n\t\t\tVoir l&rsquo;offre\n\t\t<\/span>\n\t<\/div>\n      <\/a>\n<\/div>\n<\/div>\n\t\n\t\t<div class=\"col-lg-12 col-md-12 col-sm-12\"><div class=\"offre-item\">\n  \t<a href=\"https:\/\/www.groupeidec.com\/emplois-carriere\/offre\/projeteur-cvc-alternance-h-f\/\">\n\t<div class=\"\">\n      \n\n      <div class=\"offre-mask\"><\/div>\n\t<\/div>\n\t<div class=\"offre-item-caption\">\n      <div class=\"offre-title\">\n\t\t\t<h3>Projeteur CVC &#8211; Alternance H\/F<\/h3>\n\t\t\t<span>Ref : 2026-858<\/span>\n      \t<\/div>\n\t\t<ul>\n\t\t\t<li><i class=\"fa fa-clock-o\"><\/i> Apprenti sous contr.<\/li>\n\t\t\t<li><i class=\"fa fa-calendar\"><\/i> Publi\u00e9e le 24\/03\/2026<\/li>\n\t\t\t<li><i class=\"fa fa-map-marker\"><\/i> Loiret (45)<\/li>\n\t\t\t<li><i class=\"fa fa-flag\"><\/i> REFERENTIEL GROUPE IDEC<\/li>\n\t\t<\/ul>\n      <span class=\"btn-voir-offre\">\n\t\t\tVoir l&rsquo;offre\n\t\t<\/span>\n\t<\/div>\n      <\/a>\n<\/div>\n<\/div>\n\t\n\t\t<div class=\"col-lg-12 col-md-12 col-sm-12\"><div class=\"offre-item\">\n  \t<a href=\"https:\/\/www.groupeidec.com\/emplois-carriere\/offre\/projeteur-alternance-h-f-2\/\">\n\t<div class=\"\">\n      \n\n      <div class=\"offre-mask\"><\/div>\n\t<\/div>\n\t<div class=\"offre-item-caption\">\n      <div class=\"offre-title\">\n\t\t\t<h3>Projeteur &#8211; Alternance H\/F<\/h3>\n\t\t\t<span>Ref : 2026-860<\/span>\n      \t<\/div>\n\t\t<ul>\n\t\t\t<li><i class=\"fa fa-clock-o\"><\/i> Apprenti sous contr.<\/li>\n\t\t\t<li><i class=\"fa fa-calendar\"><\/i> Publi\u00e9e le 24\/03\/2026<\/li>\n\t\t\t<li><i class=\"fa fa-map-marker\"><\/i> Loir et Cher (41)<\/li>\n\t\t\t<li><i class=\"fa fa-flag\"><\/i> REFERENTIEL GROUPE IDEC<\/li>\n\t\t<\/ul>\n      <span class=\"btn-voir-offre\">\n\t\t\tVoir l&rsquo;offre\n\t\t<\/span>\n\t<\/div>\n      <\/a>\n<\/div>\n<\/div>\n\t\n\t\t<div class=\"col-lg-12 col-md-12 col-sm-12\"><div class=\"offre-item\">\n  \t<a href=\"https:\/\/www.groupeidec.com\/emplois-carriere\/offre\/charge-detudes-lots-techniques-alternance-h-f\/\">\n\t<div class=\"\">\n      \n\n      <div class=\"offre-mask\"><\/div>\n\t<\/div>\n\t<div class=\"offre-item-caption\">\n      <div class=\"offre-title\">\n\t\t\t<h3>Charg\u00e9 d&rsquo;\u00e9tudes Lots Techniques &#8211; Alternance H\/F<\/h3>\n\t\t\t<span>Ref : 2026-861<\/span>\n      \t<\/div>\n\t\t<ul>\n\t\t\t<li><i class=\"fa fa-clock-o\"><\/i> Apprenti sous contr.<\/li>\n\t\t\t<li><i class=\"fa fa-calendar\"><\/i> Publi\u00e9e le 24\/03\/2026<\/li>\n\t\t\t<li><i class=\"fa fa-map-marker\"><\/i> Val de Marne (94)<\/li>\n\t\t\t<li><i class=\"fa fa-flag\"><\/i> REFERENTIEL GROUPE IDEC<\/li>\n\t\t<\/ul>\n      <span class=\"btn-voir-offre\">\n\t\t\tVoir l&rsquo;offre\n\t\t<\/span>\n\t<\/div>\n      <\/a>\n<\/div>\n<\/div>\n\t\n\t\t<div class=\"col-lg-12 col-md-12 col-sm-12\"><div class=\"offre-item\">\n  \t<a href=\"https:\/\/www.groupeidec.com\/emplois-carriere\/offre\/assistant-commercial-alternance-h-f\/\">\n\t<div class=\"\">\n      \n\n      <div class=\"offre-mask\"><\/div>\n\t<\/div>\n\t<div class=\"offre-item-caption\">\n      <div class=\"offre-title\">\n\t\t\t<h3>Assistant Commercial &#8211; Alternance H\/F<\/h3>\n\t\t\t<span>Ref : 2026-862<\/span>\n      \t<\/div>\n\t\t<ul>\n\t\t\t<li><i class=\"fa fa-clock-o\"><\/i> Apprenti sous contr.<\/li>\n\t\t\t<li><i class=\"fa fa-calendar\"><\/i> Publi\u00e9e le 24\/03\/2026<\/li>\n\t\t\t<li><i class=\"fa fa-map-marker\"><\/i> Loir et Cher (41)<\/li>\n\t\t\t<li><i class=\"fa fa-flag\"><\/i> Commercial<\/li>\n\t\t<\/ul>\n      <span class=\"btn-voir-offre\">\n\t\t\tVoir l&rsquo;offre\n\t\t<\/span>\n\t<\/div>\n      <\/a>\n<\/div>\n<\/div>\n\t\n\t\t<div class=\"col-lg-12 col-md-12 col-sm-12\"><div class=\"offre-item\">\n  \t<a href=\"https:\/\/www.groupeidec.com\/emplois-carriere\/offre\/apprenti-chef-de-projets-h-f\/\">\n\t<div class=\"\">\n      \n\n      <div class=\"offre-mask\"><\/div>\n\t<\/div>\n\t<div class=\"offre-item-caption\">\n      <div class=\"offre-title\">\n\t\t\t<h3>Apprenti Chef de Projets H\/F<\/h3>\n\t\t\t<span>Ref : 2026-863<\/span>\n      \t<\/div>\n\t\t<ul>\n\t\t\t<li><i class=\"fa fa-clock-o\"><\/i> Apprenti sous contr.<\/li>\n\t\t\t<li><i class=\"fa fa-calendar\"><\/i> Publi\u00e9e le 24\/03\/2026<\/li>\n\t\t\t<li><i class=\"fa fa-map-marker\"><\/i> Loir et Cher (41)<\/li>\n\t\t\t<li><i class=\"fa fa-flag\"><\/i> REFERENTIEL GROUPE IDEC<\/li>\n\t\t<\/ul>\n      <span class=\"btn-voir-offre\">\n\t\t\tVoir l&rsquo;offre\n\t\t<\/span>\n\t<\/div>\n      <\/a>\n<\/div>\n<\/div>\n\t\n\t\t<div class=\"col-lg-12 col-md-12 col-sm-12\"><div class=\"offre-item\">\n  \t<a href=\"https:\/\/www.groupeidec.com\/emplois-carriere\/offre\/directeur-de-programmes-datacenters-h-f\/\">\n\t<div class=\"\">\n      \n\n      <div class=\"offre-mask\"><\/div>\n\t<\/div>\n\t<div class=\"offre-item-caption\">\n      <div class=\"offre-title\">\n\t\t\t<h3>Directeur de Programmes Datacenters H\/F<\/h3>\n\t\t\t<span>Ref : 2026-856<\/span>\n      \t<\/div>\n\t\t<ul>\n\t\t\t<li><i class=\"fa fa-clock-o\"><\/i> CDI<\/li>\n\t\t\t<li><i class=\"fa fa-calendar\"><\/i> Publi\u00e9e le 04\/03\/2026<\/li>\n\t\t\t<li><i class=\"fa fa-map-marker\"><\/i> Paris (75)<\/li>\n\t\t\t<li><i class=\"fa fa-flag\"><\/i> D\u00e9veloppement<\/li>\n\t\t<\/ul>\n      <span class=\"btn-voir-offre\">\n\t\t\tVoir l&rsquo;offre\n\t\t<\/span>\n\t<\/div>\n      <\/a>\n<\/div>\n<\/div>\n\t\n\t\t<div class=\"col-lg-12 col-md-12 col-sm-12\"><div class=\"offre-item\">\n  \t<a href=\"https:\/\/www.groupeidec.com\/emplois-carriere\/offre\/ingenieur-environnement-icpe-h-f\/\">\n\t<div class=\"\">\n      \n\n      <div class=\"offre-mask\"><\/div>\n\t<\/div>\n\t<div class=\"offre-item-caption\">\n      <div class=\"offre-title\">\n\t\t\t<h3>Ing\u00e9nieur Environnement &#8211; ICPE H\/F<\/h3>\n\t\t\t<span>Ref : 2026-855<\/span>\n      \t<\/div>\n\t\t<ul>\n\t\t\t<li><i class=\"fa fa-clock-o\"><\/i> CDI<\/li>\n\t\t\t<li><i class=\"fa fa-calendar\"><\/i> Publi\u00e9e le 26\/02\/2026<\/li>\n\t\t\t<li><i class=\"fa fa-map-marker\"><\/i> Loir et Cher (41)<\/li>\n\t\t\t<li><i class=\"fa fa-flag\"><\/i> Recherche et D\u00e9veloppement<\/li>\n\t\t<\/ul>\n      <span class=\"btn-voir-offre\">\n\t\t\tVoir l&rsquo;offre\n\t\t<\/span>\n\t<\/div>\n      <\/a>\n<\/div>\n<\/div>\n\t\n\t\t<div class=\"col-lg-12 col-md-12 col-sm-12\"><div class=\"offre-item\">\n  \t<a href=\"https:\/\/www.groupeidec.com\/emplois-carriere\/offre\/ingenieur-environnement-icpe-h-f-2\/\">\n\t<div class=\"\">\n      \n\n      <div class=\"offre-mask\"><\/div>\n\t<\/div>\n\t<div class=\"offre-item-caption\">\n      <div class=\"offre-title\">\n\t\t\t<h3>Ing\u00e9nieur Environnement &#8211; ICPE H\/F<\/h3>\n\t\t\t<span>Ref : INGEVT\/CDI\/ING\/BLOIS-854<\/span>\n      \t<\/div>\n\t\t<ul>\n\t\t\t<li><i class=\"fa fa-clock-o\"><\/i> CDI<\/li>\n\t\t\t<li><i class=\"fa fa-calendar\"><\/i> Publi\u00e9e le 25\/02\/2026<\/li>\n\t\t\t<li><i class=\"fa fa-map-marker\"><\/i> Ille et Vilaine (35)<\/li>\n\t\t\t<li><i class=\"fa fa-flag\"><\/i> Recherche et D\u00e9veloppement<\/li>\n\t\t<\/ul>\n      <span class=\"btn-voir-offre\">\n\t\t\tVoir l&rsquo;offre\n\t\t<\/span>\n\t<\/div>\n      <\/a>\n<\/div>\n<\/div>\n\t\n\t\t<div class=\"col-lg-12 col-md-12 col-sm-12\"><div class=\"offre-item\">\n  \t<a href=\"https:\/\/www.groupeidec.com\/emplois-carriere\/offre\/ingenieur-travaux-lots-techniques-cvc-h-f\/\">\n\t<div class=\"\">\n      \n\n      <div class=\"offre-mask\"><\/div>\n\t<\/div>\n\t<div class=\"offre-item-caption\">\n      <div class=\"offre-title\">\n\t\t\t<h3>Ing\u00e9nieur Travaux Lots Techniques &#8211; CVC H\/F<\/h3>\n\t\t\t<span>Ref : CDTLOT\/CDI\/IDECSANTE\/BLOIS\/41-853<\/span>\n      \t<\/div>\n\t\t<ul>\n\t\t\t<li><i class=\"fa fa-clock-o\"><\/i> CDI<\/li>\n\t\t\t<li><i class=\"fa fa-calendar\"><\/i> Publi\u00e9e le 19\/02\/2026<\/li>\n\t\t\t<li><i class=\"fa fa-map-marker\"><\/i> Loir et Cher (41)<\/li>\n\t\t\t<li><i class=\"fa fa-flag\"><\/i> Travaux<\/li>\n\t\t<\/ul>\n      <span class=\"btn-voir-offre\">\n\t\t\tVoir l&rsquo;offre\n\t\t<\/span>\n\t<\/div>\n      <\/a>\n<\/div>\n<\/div>\n\t\n\t\t<div class=\"col-lg-12 col-md-12 col-sm-12\"><div class=\"offre-item\">\n  \t<a href=\"https:\/\/www.groupeidec.com\/emplois-carriere\/offre\/ingenieur-electricite-confirme-h-f\/\">\n\t<div class=\"\">\n      \n\n      <div class=\"offre-mask\"><\/div>\n\t<\/div>\n\t<div class=\"offre-item-caption\">\n      <div class=\"offre-title\">\n\t\t\t<h3>Ing\u00e9nieur Electricit\u00e9 Confirm\u00e9 H\/F<\/h3>\n\t\t\t<span>Ref : 2026-851<\/span>\n      \t<\/div>\n\t\t<ul>\n\t\t\t<li><i class=\"fa fa-clock-o\"><\/i> CDI<\/li>\n\t\t\t<li><i class=\"fa fa-calendar\"><\/i> Publi\u00e9e le 06\/02\/2026<\/li>\n\t\t\t<li><i class=\"fa fa-map-marker\"><\/i> Is\u00e8re (38)<\/li>\n\t\t\t<li><i class=\"fa fa-flag\"><\/i> Etudes et Conception<\/li>\n\t\t<\/ul>\n      <span class=\"btn-voir-offre\">\n\t\t\tVoir l&rsquo;offre\n\t\t<\/span>\n\t<\/div>\n      <\/a>\n<\/div>\n<\/div>\n\t\n\t\t<div class=\"col-lg-12 col-md-12 col-sm-12\"><div class=\"offre-item\">\n  \t<a href=\"https:\/\/www.groupeidec.com\/emplois-carriere\/offre\/datacenter-directeur-projets-h-f\/\">\n\t<div class=\"\">\n      \n\n      <div class=\"offre-mask\"><\/div>\n\t<\/div>\n\t<div class=\"offre-item-caption\">\n      <div class=\"offre-title\">\n\t\t\t<h3>Datacenter &#8211; Directeur Projets H\/F<\/h3>\n\t\t\t<span>Ref : DIRPJT\/CDI\/IHT\/RUNGIS-850<\/span>\n      \t<\/div>\n\t\t<ul>\n\t\t\t<li><i class=\"fa fa-clock-o\"><\/i> CDI<\/li>\n\t\t\t<li><i class=\"fa fa-calendar\"><\/i> Publi\u00e9e le 04\/02\/2026<\/li>\n\t\t\t<li><i class=\"fa fa-map-marker\"><\/i> Val de Marne (94)<\/li>\n\t\t\t<li><i class=\"fa fa-flag\"><\/i> Travaux<\/li>\n\t\t<\/ul>\n      <span class=\"btn-voir-offre\">\n\t\t\tVoir l&rsquo;offre\n\t\t<\/span>\n\t<\/div>\n      <\/a>\n<\/div>\n<\/div>\n\t\n\t\t<div class=\"col-lg-12 col-md-12 col-sm-12\"><div class=\"offre-item\">\n  \t<a href=\"https:\/\/www.groupeidec.com\/emplois-carriere\/offre\/datacenter-ingenieur-electricite-h-f\/\">\n\t<div class=\"\">\n      \n\n      <div class=\"offre-mask\"><\/div>\n\t<\/div>\n\t<div class=\"offre-item-caption\">\n      <div class=\"offre-title\">\n\t\t\t<h3>Datacenter &#8211; Ing\u00e9nieur Electricit\u00e9 H\/F<\/h3>\n\t\t\t<span>Ref : INGELC\/CDI\/IHT\/RUNGIS\/94-846<\/span>\n      \t<\/div>\n\t\t<ul>\n\t\t\t<li><i class=\"fa fa-clock-o\"><\/i> CDI<\/li>\n\t\t\t<li><i class=\"fa fa-calendar\"><\/i> Publi\u00e9e le 04\/02\/2026<\/li>\n\t\t\t<li><i class=\"fa fa-map-marker\"><\/i> Val de Marne (94)<\/li>\n\t\t\t<li><i class=\"fa fa-flag\"><\/i> Etudes et Conception<\/li>\n\t\t<\/ul>\n      <span class=\"btn-voir-offre\">\n\t\t\tVoir l&rsquo;offre\n\t\t<\/span>\n\t<\/div>\n      <\/a>\n<\/div>\n<\/div>\n\t\n\t\t<div class=\"col-lg-12 col-md-12 col-sm-12\"><div class=\"offre-item\">\n  \t<a href=\"https:\/\/www.groupeidec.com\/emplois-carriere\/offre\/datacenter-ingenieur-cvc-h-f\/\">\n\t<div class=\"\">\n      \n\n      <div class=\"offre-mask\"><\/div>\n\t<\/div>\n\t<div class=\"offre-item-caption\">\n      <div class=\"offre-title\">\n\t\t\t<h3>Datacenter &#8211; Ing\u00e9nieur CVC H\/F<\/h3>\n\t\t\t<span>Ref : 2026-847<\/span>\n      \t<\/div>\n\t\t<ul>\n\t\t\t<li><i class=\"fa fa-clock-o\"><\/i> CDI<\/li>\n\t\t\t<li><i class=\"fa fa-calendar\"><\/i> Publi\u00e9e le 04\/02\/2026<\/li>\n\t\t\t<li><i class=\"fa fa-map-marker\"><\/i> Val de Marne (94)<\/li>\n\t\t\t<li><i class=\"fa fa-flag\"><\/i> Etudes et Conception<\/li>\n\t\t<\/ul>\n      <span class=\"btn-voir-offre\">\n\t\t\tVoir l&rsquo;offre\n\t\t<\/span>\n\t<\/div>\n      <\/a>\n<\/div>\n<\/div>\n\t\n\t\t<div class=\"col-lg-12 col-md-12 col-sm-12\"><div class=\"offre-item\">\n  \t<a href=\"https:\/\/www.groupeidec.com\/emplois-carriere\/offre\/datacenter-chef-de-projets-construction-h-f\/\">\n\t<div class=\"\">\n      \n\n      <div class=\"offre-mask\"><\/div>\n\t<\/div>\n\t<div class=\"offre-item-caption\">\n      <div class=\"offre-title\">\n\t\t\t<h3>Datacenter &#8211; Chef de Projets Construction H\/F<\/h3>\n\t\t\t<span>Ref : CHEPJT\/CDI\/IHT\/RUNGIS-848<\/span>\n      \t<\/div>\n\t\t<ul>\n\t\t\t<li><i class=\"fa fa-clock-o\"><\/i> CDI<\/li>\n\t\t\t<li><i class=\"fa fa-calendar\"><\/i> Publi\u00e9e le 04\/02\/2026<\/li>\n\t\t\t<li><i class=\"fa fa-map-marker\"><\/i> Val de Marne (94)<\/li>\n\t\t\t<li><i class=\"fa fa-flag\"><\/i> Etudes et Conception<\/li>\n\t\t<\/ul>\n      <span class=\"btn-voir-offre\">\n\t\t\tVoir l&rsquo;offre\n\t\t<\/span>\n\t<\/div>\n      <\/a>\n<\/div>\n<\/div>\n\t\n\t\t<div class=\"col-lg-12 col-md-12 col-sm-12\"><div class=\"offre-item\">\n  \t<a href=\"https:\/\/www.groupeidec.com\/emplois-carriere\/offre\/directeur-projets-batiments-h-f\/\">\n\t<div class=\"\">\n      \n\n      <div class=\"offre-mask\"><\/div>\n\t<\/div>\n\t<div class=\"offre-item-caption\">\n      <div class=\"offre-title\">\n\t\t\t<h3>Directeur Projets &#8211; B\u00e2timents H\/F<\/h3>\n\t\t\t<span>Ref : DIRPRJ\/CDI\/IHT\/RUNGIS\/94-842<\/span>\n      \t<\/div>\n\t\t<ul>\n\t\t\t<li><i class=\"fa fa-clock-o\"><\/i> CDI<\/li>\n\t\t\t<li><i class=\"fa fa-calendar\"><\/i> Publi\u00e9e le 30\/01\/2026<\/li>\n\t\t\t<li><i class=\"fa fa-map-marker\"><\/i> Val de Marne (94)<\/li>\n\t\t\t<li><i class=\"fa fa-flag\"><\/i> Travaux<\/li>\n\t\t<\/ul>\n      <span class=\"btn-voir-offre\">\n\t\t\tVoir l&rsquo;offre\n\t\t<\/span>\n\t<\/div>\n      <\/a>\n<\/div>\n<\/div>\n\t\n\t\t<div class=\"col-lg-12 col-md-12 col-sm-12\"><div class=\"offre-item\">\n  \t<a href=\"https:\/\/www.groupeidec.com\/emplois-carriere\/offre\/responsable-de-programmes-immobilier-dentreprise-h-f\/\">\n\t<div class=\"\">\n      \n\n      <div class=\"offre-mask\"><\/div>\n\t<\/div>\n\t<div class=\"offre-item-caption\">\n      <div class=\"offre-title\">\n\t\t\t<h3>Responsable de Programmes \u2013 Immobilier d&rsquo;entreprise H\/F<\/h3>\n\t\t\t<span>Ref : RESPRO\/CDI\/FP\/PARIS\/75-844<\/span>\n      \t<\/div>\n\t\t<ul>\n\t\t\t<li><i class=\"fa fa-clock-o\"><\/i> CDI<\/li>\n\t\t\t<li><i class=\"fa fa-calendar\"><\/i> Publi\u00e9e le 30\/01\/2026<\/li>\n\t\t\t<li><i class=\"fa fa-map-marker\"><\/i> Paris (75)<\/li>\n\t\t\t<li><i class=\"fa fa-flag\"><\/i> Programmes<\/li>\n\t\t<\/ul>\n      <span class=\"btn-voir-offre\">\n\t\t\tVoir l&rsquo;offre\n\t\t<\/span>\n\t<\/div>\n      <\/a>\n<\/div>\n<\/div>\n\t\n\t\t<div class=\"col-lg-12 col-md-12 col-sm-12\"><div class=\"offre-item\">\n  \t<a href=\"https:\/\/www.groupeidec.com\/emplois-carriere\/offre\/conducteur-de-travaux-ingenieur-travaux-h-f\/\">\n\t<div class=\"\">\n      \n\n      <div class=\"offre-mask\"><\/div>\n\t<\/div>\n\t<div class=\"offre-item-caption\">\n      <div class=\"offre-title\">\n\t\t\t<h3>Conducteur de Travaux \/ Ing\u00e9nieur Travaux H\/F<\/h3>\n\t\t\t<span>Ref : INGCDT\/CDI\/IDECAGRO\/RENNES\/35-837<\/span>\n      \t<\/div>\n\t\t<ul>\n\t\t\t<li><i class=\"fa fa-clock-o\"><\/i> CDI<\/li>\n\t\t\t<li><i class=\"fa fa-calendar\"><\/i> Publi\u00e9e le 28\/01\/2026<\/li>\n\t\t\t<li><i class=\"fa fa-map-marker\"><\/i> Ille et Vilaine (35)<\/li>\n\t\t\t<li><i class=\"fa fa-flag\"><\/i> Travaux<\/li>\n\t\t<\/ul>\n      <span class=\"btn-voir-offre\">\n\t\t\tVoir l&rsquo;offre\n\t\t<\/span>\n\t<\/div>\n      <\/a>\n<\/div>\n<\/div>\n\t\n\t\t<div class=\"col-lg-12 col-md-12 col-sm-12\"><div class=\"offre-item\">\n  \t<a href=\"https:\/\/www.groupeidec.com\/emplois-carriere\/offre\/ingenieur-etudes-de-prix-h-f-2\/\">\n\t<div class=\"\">\n      \n\n      <div class=\"offre-mask\"><\/div>\n\t<\/div>\n\t<div class=\"offre-item-caption\">\n      <div class=\"offre-title\">\n\t\t\t<h3>Ing\u00e9nieur \u00c9tudes de Prix H\/F<\/h3>\n\t\t\t<span>Ref : ETPRIX\/CDI\/CECIA\/POITIERS\/86-838<\/span>\n      \t<\/div>\n\t\t<ul>\n\t\t\t<li><i class=\"fa fa-clock-o\"><\/i> CDI<\/li>\n\t\t\t<li><i class=\"fa fa-calendar\"><\/i> Publi\u00e9e le 28\/01\/2026<\/li>\n\t\t\t<li><i class=\"fa fa-map-marker\"><\/i> Vienne (86)<\/li>\n\t\t\t<li><i class=\"fa fa-flag\"><\/i> Etudes et Conception<\/li>\n\t\t<\/ul>\n      <span class=\"btn-voir-offre\">\n\t\t\tVoir l&rsquo;offre\n\t\t<\/span>\n\t<\/div>\n      <\/a>\n<\/div>\n<\/div>\n\t\n\t\t<div class=\"col-lg-12 col-md-12 col-sm-12\"><div class=\"offre-item\">\n  \t<a href=\"https:\/\/www.groupeidec.com\/emplois-carriere\/offre\/ingenieur-etudes-de-prix-h-f-4\/\">\n\t<div class=\"\">\n      \n\n      <div class=\"offre-mask\"><\/div>\n\t<\/div>\n\t<div class=\"offre-item-caption\">\n      <div class=\"offre-title\">\n\t\t\t<h3>Ing\u00e9nieur Etudes de Prix H\/F<\/h3>\n\t\t\t<span>Ref : ETPRIX\/CDI\/IDECSANTE\/BLOIS\/41-839<\/span>\n      \t<\/div>\n\t\t<ul>\n\t\t\t<li><i class=\"fa fa-clock-o\"><\/i> CDI<\/li>\n\t\t\t<li><i class=\"fa fa-calendar\"><\/i> Publi\u00e9e le 28\/01\/2026<\/li>\n\t\t\t<li><i class=\"fa fa-map-marker\"><\/i> Loir et Cher (41)<\/li>\n\t\t\t<li><i class=\"fa fa-flag\"><\/i> Etudes et Conception<\/li>\n\t\t<\/ul>\n      <span class=\"btn-voir-offre\">\n\t\t\tVoir l&rsquo;offre\n\t\t<\/span>\n\t<\/div>\n      <\/a>\n<\/div>\n<\/div>\n\t\n\t\t<div class=\"col-lg-12 col-md-12 col-sm-12\"><div class=\"offre-item\">\n  \t<a href=\"https:\/\/www.groupeidec.com\/emplois-carriere\/offre\/ingenieur-travaux-h-f-3\/\">\n\t<div class=\"\">\n      \n\n      <div class=\"offre-mask\"><\/div>\n\t<\/div>\n\t<div class=\"offre-item-caption\">\n      <div class=\"offre-title\">\n\t\t\t<h3>Ing\u00e9nieur Travaux H\/F<\/h3>\n\t\t\t<span>Ref : INGCDT\/CDI\/IDECSANTE\/BLOIS\/41-840<\/span>\n      \t<\/div>\n\t\t<ul>\n\t\t\t<li><i class=\"fa fa-clock-o\"><\/i> CDI<\/li>\n\t\t\t<li><i class=\"fa fa-calendar\"><\/i> Publi\u00e9e le 28\/01\/2026<\/li>\n\t\t\t<li><i class=\"fa fa-map-marker\"><\/i> Loir et Cher (41)<\/li>\n\t\t\t<li><i class=\"fa fa-flag\"><\/i> Travaux<\/li>\n\t\t<\/ul>\n      <span class=\"btn-voir-offre\">\n\t\t\tVoir l&rsquo;offre\n\t\t<\/span>\n\t<\/div>\n      <\/a>\n<\/div>\n<\/div>\n\t\n\t\t<div class=\"col-lg-12 col-md-12 col-sm-12\"><div class=\"offre-item\">\n  \t<a href=\"https:\/\/www.groupeidec.com\/emplois-carriere\/offre\/ingenieur-travaux-h-f\/\">\n\t<div class=\"\">\n      \n\n      <div class=\"offre-mask\"><\/div>\n\t<\/div>\n\t<div class=\"offre-item-caption\">\n      <div class=\"offre-title\">\n\t\t\t<h3>Ing\u00e9nieur Travaux H\/F<\/h3>\n\t\t\t<span>Ref : INGCDT\/CDI\/IDEC\/RUNGIS\/94-841<\/span>\n      \t<\/div>\n\t\t<ul>\n\t\t\t<li><i class=\"fa fa-clock-o\"><\/i> CDI<\/li>\n\t\t\t<li><i class=\"fa fa-calendar\"><\/i> Publi\u00e9e le 28\/01\/2026<\/li>\n\t\t\t<li><i class=\"fa fa-map-marker\"><\/i> Val de Marne (94)<\/li>\n\t\t\t<li><i class=\"fa fa-flag\"><\/i> Travaux<\/li>\n\t\t<\/ul>\n      <span class=\"btn-voir-offre\">\n\t\t\tVoir l&rsquo;offre\n\t\t<\/span>\n\t<\/div>\n      <\/a>\n<\/div>\n<\/div>\n\t\n\t\t<div class=\"col-lg-12 col-md-12 col-sm-12\"><div class=\"offre-item\">\n  \t<a href=\"https:\/\/www.groupeidec.com\/emplois-carriere\/offre\/ingenieur-etudes-de-prix-h-f-3\/\">\n\t<div class=\"\">\n      \n\n      <div class=\"offre-mask\"><\/div>\n\t<\/div>\n\t<div class=\"offre-item-caption\">\n      <div class=\"offre-title\">\n\t\t\t<h3>Ing\u00e9nieur Etudes de Prix H\/F<\/h3>\n\t\t\t<span>Ref : ETPRIX\/CDI\/IDECSANTE\/RUNGIS\/94-836<\/span>\n      \t<\/div>\n\t\t<ul>\n\t\t\t<li><i class=\"fa fa-clock-o\"><\/i> CDI<\/li>\n\t\t\t<li><i class=\"fa fa-calendar\"><\/i> Publi\u00e9e le 28\/01\/2026<\/li>\n\t\t\t<li><i class=\"fa fa-map-marker\"><\/i> Val de Marne (94)<\/li>\n\t\t\t<li><i class=\"fa fa-flag\"><\/i> Etudes et Conception<\/li>\n\t\t<\/ul>\n      <span class=\"btn-voir-offre\">\n\t\t\tVoir l&rsquo;offre\n\t\t<\/span>\n\t<\/div>\n      <\/a>\n<\/div>\n<\/div>\n\t\n\t\t<div class=\"col-lg-12 col-md-12 col-sm-12\"><div class=\"offre-item\">\n  \t<a href=\"https:\/\/www.groupeidec.com\/emplois-carriere\/offre\/ingenieur-travaux-h-f-4\/\">\n\t<div class=\"\">\n      \n\n      <div class=\"offre-mask\"><\/div>\n\t<\/div>\n\t<div class=\"offre-item-caption\">\n      <div class=\"offre-title\">\n\t\t\t<h3>Ing\u00e9nieur Travaux H\/F<\/h3>\n\t\t\t<span>Ref : CONDTR\/CDI\/IDEC\/BLOIS\/41-834<\/span>\n      \t<\/div>\n\t\t<ul>\n\t\t\t<li><i class=\"fa fa-clock-o\"><\/i> CDI<\/li>\n\t\t\t<li><i class=\"fa fa-calendar\"><\/i> Publi\u00e9e le 19\/01\/2026<\/li>\n\t\t\t<li><i class=\"fa fa-map-marker\"><\/i> Loir et Cher (41)<\/li>\n\t\t\t<li><i class=\"fa fa-flag\"><\/i> Travaux<\/li>\n\t\t<\/ul>\n      <span class=\"btn-voir-offre\">\n\t\t\tVoir l&rsquo;offre\n\t\t<\/span>\n\t<\/div>\n      <\/a>\n<\/div>\n<\/div>\n\t\n\t\t<div class=\"col-lg-12 col-md-12 col-sm-12\"><div class=\"offre-item\">\n  \t<a href=\"https:\/\/www.groupeidec.com\/emplois-carriere\/offre\/ingenieur-travaux-h-f-2\/\">\n\t<div class=\"\">\n      \n\n      <div class=\"offre-mask\"><\/div>\n\t<\/div>\n\t<div class=\"offre-item-caption\">\n      <div class=\"offre-title\">\n\t\t\t<h3>Ing\u00e9nieur Travaux H\/F<\/h3>\n\t\t\t<span>Ref : CONDTR\/CDI\/IDEC\/BLOIS\/41-835<\/span>\n      \t<\/div>\n\t\t<ul>\n\t\t\t<li><i class=\"fa fa-clock-o\"><\/i> CDI<\/li>\n\t\t\t<li><i class=\"fa fa-calendar\"><\/i> Publi\u00e9e le 19\/01\/2026<\/li>\n\t\t\t<li><i class=\"fa fa-map-marker\"><\/i> Loir et Cher (41)<\/li>\n\t\t\t<li><i class=\"fa fa-flag\"><\/i> Travaux<\/li>\n\t\t<\/ul>\n      <span class=\"btn-voir-offre\">\n\t\t\tVoir l&rsquo;offre\n\t\t<\/span>\n\t<\/div>\n      <\/a>\n<\/div>\n<\/div>\n\t\n\t\t<div class=\"col-lg-12 col-md-12 col-sm-12\"><div class=\"offre-item\">\n  \t<a href=\"https:\/\/www.groupeidec.com\/emplois-carriere\/offre\/conducteur-ingenieur-travaux-photovoltaique-h-f\/\">\n\t<div class=\"\">\n      \n\n      <div class=\"offre-mask\"><\/div>\n\t<\/div>\n\t<div class=\"offre-item-caption\">\n      <div class=\"offre-title\">\n\t\t\t<h3>Conducteur\/Ing\u00e9nieur Travaux Photovolta\u00efque H\/F<\/h3>\n\t\t\t<span>Ref : CITP\/CDI\/ENR SOLAR\/RENNES\/35-830<\/span>\n      \t<\/div>\n\t\t<ul>\n\t\t\t<li><i class=\"fa fa-clock-o\"><\/i> CDI<\/li>\n\t\t\t<li><i class=\"fa fa-calendar\"><\/i> Publi\u00e9e le 15\/01\/2026<\/li>\n\t\t\t<li><i class=\"fa fa-map-marker\"><\/i> Ille et Vilaine (35)<\/li>\n\t\t\t<li><i class=\"fa fa-flag\"><\/i> Travaux<\/li>\n\t\t<\/ul>\n      <span class=\"btn-voir-offre\">\n\t\t\tVoir l&rsquo;offre\n\t\t<\/span>\n\t<\/div>\n      <\/a>\n<\/div>\n<\/div>\n\t\n\t\t<div class=\"col-lg-12 col-md-12 col-sm-12\"><div class=\"offre-item\">\n  \t<a href=\"https:\/\/www.groupeidec.com\/emplois-carriere\/offre\/charge-daffaires-developpement-durable-h-f-2\/\">\n\t<div class=\"\">\n      \n\n      <div class=\"offre-mask\"><\/div>\n\t<\/div>\n\t<div class=\"offre-item-caption\">\n      <div class=\"offre-title\">\n\t\t\t<h3>Charg\u00e9 d&rsquo;Affaires D\u00e9veloppement Durable H\/F<\/h3>\n\t\t\t<span>Ref : CAD&D\/CDI\/GING\/BLOIS\/41-823<\/span>\n      \t<\/div>\n\t\t<ul>\n\t\t\t<li><i class=\"fa fa-clock-o\"><\/i> CDI<\/li>\n\t\t\t<li><i class=\"fa fa-calendar\"><\/i> Publi\u00e9e le 13\/01\/2026<\/li>\n\t\t\t<li><i class=\"fa fa-map-marker\"><\/i> Loir et Cher (41)<\/li>\n\t\t\t<li><i class=\"fa fa-flag\"><\/i> Recherche et D\u00e9veloppement<\/li>\n\t\t<\/ul>\n      <span class=\"btn-voir-offre\">\n\t\t\tVoir l&rsquo;offre\n\t\t<\/span>\n\t<\/div>\n      <\/a>\n<\/div>\n<\/div>\n\t\n\t\t<div class=\"col-lg-12 col-md-12 col-sm-12\"><div class=\"offre-item\">\n  \t<a href=\"https:\/\/www.groupeidec.com\/emplois-carriere\/offre\/charge-daffaires-developpement-durable-h-f\/\">\n\t<div class=\"\">\n      \n\n      <div class=\"offre-mask\"><\/div>\n\t<\/div>\n\t<div class=\"offre-item-caption\">\n      <div class=\"offre-title\">\n\t\t\t<h3>Charg\u00e9 d&rsquo;Affaires D\u00e9veloppement Durable H\/F<\/h3>\n\t\t\t<span>Ref : CAD&D\/CDI\/GING\/PARIS\/78-826<\/span>\n      \t<\/div>\n\t\t<ul>\n\t\t\t<li><i class=\"fa fa-clock-o\"><\/i> CDI<\/li>\n\t\t\t<li><i class=\"fa fa-calendar\"><\/i> Publi\u00e9e le 13\/01\/2026<\/li>\n\t\t\t<li><i class=\"fa fa-map-marker\"><\/i> Paris (75)<\/li>\n\t\t\t<li><i class=\"fa fa-flag\"><\/i> Recherche et D\u00e9veloppement<\/li>\n\t\t<\/ul>\n      <span class=\"btn-voir-offre\">\n\t\t\tVoir l&rsquo;offre\n\t\t<\/span>\n\t<\/div>\n      <\/a>\n<\/div>\n<\/div>\n\t\n\t\t<div class=\"col-lg-12 col-md-12 col-sm-12\"><div class=\"offre-item\">\n  \t<a href=\"https:\/\/www.groupeidec.com\/emplois-carriere\/offre\/conducteur-travaux-h-f\/\">\n\t<div class=\"\">\n      \n\n      <div class=\"offre-mask\"><\/div>\n\t<\/div>\n\t<div class=\"offre-item-caption\">\n      <div class=\"offre-title\">\n\t\t\t<h3>Conducteur Travaux H\/F<\/h3>\n\t\t\t<span>Ref : CDTTRA\/CDI\/IDEC\/RUNGIS\/94-827<\/span>\n      \t<\/div>\n\t\t<ul>\n\t\t\t<li><i class=\"fa fa-clock-o\"><\/i> CDI<\/li>\n\t\t\t<li><i class=\"fa fa-calendar\"><\/i> Publi\u00e9e le 13\/01\/2026<\/li>\n\t\t\t<li><i class=\"fa fa-map-marker\"><\/i> Val de Marne (94)<\/li>\n\t\t\t<li><i class=\"fa fa-flag\"><\/i> Travaux<\/li>\n\t\t<\/ul>\n      <span class=\"btn-voir-offre\">\n\t\t\tVoir l&rsquo;offre\n\t\t<\/span>\n\t<\/div>\n      <\/a>\n<\/div>\n<\/div>\n\t\n\t\t<div class=\"col-lg-12 col-md-12 col-sm-12\"><div class=\"offre-item\">\n  \t<a href=\"https:\/\/www.groupeidec.com\/emplois-carriere\/offre\/ingenieur-etudes-de-prix-h-f\/\">\n\t<div class=\"\">\n      \n\n      <div class=\"offre-mask\"><\/div>\n\t<\/div>\n\t<div class=\"offre-item-caption\">\n      <div class=\"offre-title\">\n\t\t\t<h3>Ing\u00e9nieur Etudes de Prix H\/F<\/h3>\n\t\t\t<span>Ref : ETPRIX\/CDI\/GING\/BLOIS\/41-828<\/span>\n      \t<\/div>\n\t\t<ul>\n\t\t\t<li><i class=\"fa fa-clock-o\"><\/i> CDI<\/li>\n\t\t\t<li><i class=\"fa fa-calendar\"><\/i> Publi\u00e9e le 13\/01\/2026<\/li>\n\t\t\t<li><i class=\"fa fa-map-marker\"><\/i> Loir et Cher (41)<\/li>\n\t\t\t<li><i class=\"fa fa-flag\"><\/i> Etudes et Conception<\/li>\n\t\t<\/ul>\n      <span class=\"btn-voir-offre\">\n\t\t\tVoir l&rsquo;offre\n\t\t<\/span>\n\t<\/div>\n      <\/a>\n<\/div>\n<\/div>\n\t\n\t\t<div class=\"col-lg-12 col-md-12 col-sm-12\"><div class=\"offre-item\">\n  \t<a href=\"https:\/\/www.groupeidec.com\/emplois-carriere\/offre\/acheteur-construction-btp-h-f\/\">\n\t<div class=\"\">\n      \n\n      <div class=\"offre-mask\"><\/div>\n\t<\/div>\n\t<div class=\"offre-item-caption\">\n      <div class=\"offre-title\">\n\t\t\t<h3>Acheteur Construction BTP H\/F<\/h3>\n\t\t\t<span>Ref : ACHBTP\/CDI\/GING\/SAINTISMIER\/38-829<\/span>\n      \t<\/div>\n\t\t<ul>\n\t\t\t<li><i class=\"fa fa-clock-o\"><\/i> CDI<\/li>\n\t\t\t<li><i class=\"fa fa-calendar\"><\/i> Publi\u00e9e le 13\/01\/2026<\/li>\n\t\t\t<li><i class=\"fa fa-map-marker\"><\/i> Is\u00e8re (38)<\/li>\n\t\t\t<li><i class=\"fa fa-flag\"><\/i> Achats<\/li>\n\t\t<\/ul>\n      <span class=\"btn-voir-offre\">\n\t\t\tVoir l&rsquo;offre\n\t\t<\/span>\n\t<\/div>\n      <\/a>\n<\/div>\n<\/div>\n\t\n\t\t<div class=\"col-lg-12 col-md-12 col-sm-12\"><div class=\"offre-item\">\n  \t<a href=\"https:\/\/www.groupeidec.com\/emplois-carriere\/offre\/ingenieur-travaux-h-f-5\/\">\n\t<div class=\"\">\n      \n\n      <div class=\"offre-mask\"><\/div>\n\t<\/div>\n\t<div class=\"offre-item-caption\">\n      <div class=\"offre-title\">\n\t\t\t<h3>Ing\u00e9nieur Travaux H\/F<\/h3>\n\t\t\t<span>Ref : INGTRA\/CDI\/IDGS\/PAROLS\/34-822<\/span>\n      \t<\/div>\n\t\t<ul>\n\t\t\t<li><i class=\"fa fa-clock-o\"><\/i> CDI<\/li>\n\t\t\t<li><i class=\"fa fa-calendar\"><\/i> Publi\u00e9e le 13\/01\/2026<\/li>\n\t\t\t<li><i class=\"fa fa-map-marker\"><\/i> H\u00e9rault (34)<\/li>\n\t\t\t<li><i class=\"fa fa-flag\"><\/i> Travaux<\/li>\n\t\t<\/ul>\n      <span class=\"btn-voir-offre\">\n\t\t\tVoir l&rsquo;offre\n\t\t<\/span>\n\t<\/div>\n      <\/a>\n<\/div>\n<\/div>\n\t\n\t\t<div class=\"col-lg-12 col-md-12 col-sm-12\"><div class=\"offre-item\">\n  \t<a href=\"https:\/\/www.groupeidec.com\/emplois-carriere\/offre\/responsable-qse-batiments-h-f-2\/\">\n\t<div class=\"\">\n      \n\n      <div class=\"offre-mask\"><\/div>\n\t<\/div>\n\t<div class=\"offre-item-caption\">\n      <div class=\"offre-title\">\n\t\t\t<h3>Responsable QSE \u2013 B\u00e2timents H\/F<\/h3>\n\t\t\t<span>Ref : QHSE\/CDI\/IHT\/SAINTISMIER\/38-821<\/span>\n      \t<\/div>\n\t\t<ul>\n\t\t\t<li><i class=\"fa fa-clock-o\"><\/i> CDI<\/li>\n\t\t\t<li><i class=\"fa fa-calendar\"><\/i> Publi\u00e9e le 09\/01\/2026<\/li>\n\t\t\t<li><i class=\"fa fa-map-marker\"><\/i> Is\u00e8re (38)<\/li>\n\t\t\t<li><i class=\"fa fa-flag\"><\/i> Recherche et D\u00e9veloppement<\/li>\n\t\t<\/ul>\n      <span class=\"btn-voir-offre\">\n\t\t\tVoir l&rsquo;offre\n\t\t<\/span>\n\t<\/div>\n      <\/a>\n<\/div>\n<\/div>\n\t\n\t\t<div class=\"col-lg-12 col-md-12 col-sm-12\"><div class=\"offre-item\">\n  \t<a href=\"https:\/\/www.groupeidec.com\/emplois-carriere\/offre\/ingenieur-cvc-confirme-h-f\/\">\n\t<div class=\"\">\n      \n\n      <div class=\"offre-mask\"><\/div>\n\t<\/div>\n\t<div class=\"offre-item-caption\">\n      <div class=\"offre-title\">\n\t\t\t<h3>Ing\u00e9nieur CVC Confirm\u00e9 H\/F<\/h3>\n\t\t\t<span>Ref : CVC\/CDI\/IHT\/GRENOBLE\/38-820<\/span>\n      \t<\/div>\n\t\t<ul>\n\t\t\t<li><i class=\"fa fa-clock-o\"><\/i> CDI<\/li>\n\t\t\t<li><i class=\"fa fa-calendar\"><\/i> Publi\u00e9e le 06\/01\/2026<\/li>\n\t\t\t<li><i class=\"fa fa-map-marker\"><\/i> Is\u00e8re (38)<\/li>\n\t\t\t<li><i class=\"fa fa-flag\"><\/i> Etudes et Conception<\/li>\n\t\t<\/ul>\n      <span class=\"btn-voir-offre\">\n\t\t\tVoir l&rsquo;offre\n\t\t<\/span>\n\t<\/div>\n      <\/a>\n<\/div>\n<\/div>\n\t\n\t\t<div class=\"col-lg-12 col-md-12 col-sm-12\"><div class=\"offre-item\">\n  \t<a href=\"https:\/\/www.groupeidec.com\/emplois-carriere\/offre\/charge-crm-stage-h-f\/\">\n\t<div class=\"\">\n      \n\n      <div class=\"offre-mask\"><\/div>\n\t<\/div>\n\t<div class=\"offre-item-caption\">\n      <div class=\"offre-title\">\n\t\t\t<h3>Charg\u00e9 CRM &#8211; Stage H\/F<\/h3>\n\t\t\t<span>Ref : CCD\/GRID\/STAGE\/6MOIS\/PARIS\/08-809<\/span>\n      \t<\/div>\n\t\t<ul>\n\t\t\t<li><i class=\"fa fa-clock-o\"><\/i> Stagiaire contr.stag<\/li>\n\t\t\t<li><i class=\"fa fa-calendar\"><\/i> Publi\u00e9e le 18\/11\/2025<\/li>\n\t\t\t<li><i class=\"fa fa-map-marker\"><\/i> Paris (75)<\/li>\n\t\t\t<li><i class=\"fa fa-flag\"><\/i> Marketing<\/li>\n\t\t<\/ul>\n      <span class=\"btn-voir-offre\">\n\t\t\tVoir l&rsquo;offre\n\t\t<\/span>\n\t<\/div>\n      <\/a>\n<\/div>\n<\/div>\n\t\n\t\t<div class=\"col-lg-12 col-md-12 col-sm-12\"><div class=\"offre-item\">\n  \t<a href=\"https:\/\/www.groupeidec.com\/emplois-carriere\/offre\/responsable-doperations-amenagement-h-f\/\">\n\t<div class=\"\">\n      \n\n      <div class=\"offre-mask\"><\/div>\n\t<\/div>\n\t<div class=\"offre-item-caption\">\n      <div class=\"offre-title\">\n\t\t\t<h3>Responsable d&rsquo;Op\u00e9rations Am\u00e9nagement H\/F<\/h3>\n\t\t\t<span>Ref : RESPOPE\/FI\/CDI\/PARIS\/75-807<\/span>\n      \t<\/div>\n\t\t<ul>\n\t\t\t<li><i class=\"fa fa-clock-o\"><\/i> CDI<\/li>\n\t\t\t<li><i class=\"fa fa-calendar\"><\/i> Publi\u00e9e le 14\/11\/2025<\/li>\n\t\t\t<li><i class=\"fa fa-map-marker\"><\/i> Paris (75)<\/li>\n\t\t\t<li><i class=\"fa fa-flag\"><\/i> Programmes<\/li>\n\t\t<\/ul>\n      <span class=\"btn-voir-offre\">\n\t\t\tVoir l&rsquo;offre\n\t\t<\/span>\n\t<\/div>\n      <\/a>\n<\/div>\n<\/div>\n\t\n\t\t<div class=\"col-lg-12 col-md-12 col-sm-12\"><div class=\"offre-item\">\n  \t<a href=\"https:\/\/www.groupeidec.com\/emplois-carriere\/offre\/conducteur-ingenieur-travaux-photovoltaique-h-f-2\/\">\n\t<div class=\"\">\n      \n\n      <div class=\"offre-mask\"><\/div>\n\t<\/div>\n\t<div class=\"offre-item-caption\">\n      <div class=\"offre-title\">\n\t\t\t<h3>Conducteur\/Ing\u00e9nieur Travaux Photovolta\u00efque H\/F<\/h3>\n\t\t\t<span>Ref : CTP\/ENR SOLAR\/CDI\/BLOIS\/41-802<\/span>\n      \t<\/div>\n\t\t<ul>\n\t\t\t<li><i class=\"fa fa-clock-o\"><\/i> CDI<\/li>\n\t\t\t<li><i class=\"fa fa-calendar\"><\/i> Publi\u00e9e le 06\/11\/2025<\/li>\n\t\t\t<li><i class=\"fa fa-map-marker\"><\/i> Loir et Cher (41)<\/li>\n\t\t\t<li><i class=\"fa fa-flag\"><\/i> Travaux<\/li>\n\t\t<\/ul>\n      <span class=\"btn-voir-offre\">\n\t\t\tVoir l&rsquo;offre\n\t\t<\/span>\n\t<\/div>\n      <\/a>\n<\/div>\n<\/div>\n\t\n\t\t<div class=\"col-lg-12 col-md-12 col-sm-12\"><div class=\"offre-item\">\n  \t<a href=\"https:\/\/www.groupeidec.com\/emplois-carriere\/offre\/responsable-qse-batiments-h-f\/\">\n\t<div class=\"\">\n      \n\n      <div class=\"offre-mask\"><\/div>\n\t<\/div>\n\t<div class=\"offre-item-caption\">\n      <div class=\"offre-title\">\n\t\t\t<h3>Responsable QSE \u2013 B\u00e2timents H\/F<\/h3>\n\t\t\t<span>Ref : RESPQSE\/IDEC\/CDI\/BLOIS\/41-799<\/span>\n      \t<\/div>\n\t\t<ul>\n\t\t\t<li><i class=\"fa fa-clock-o\"><\/i> CDI<\/li>\n\t\t\t<li><i class=\"fa fa-calendar\"><\/i> Publi\u00e9e le 15\/10\/2025<\/li>\n\t\t\t<li><i class=\"fa fa-map-marker\"><\/i> Loir et Cher (41)<\/li>\n\t\t\t<li><i class=\"fa fa-flag\"><\/i> Recherche et D\u00e9veloppement<\/li>\n\t\t<\/ul>\n      <span class=\"btn-voir-offre\">\n\t\t\tVoir l&rsquo;offre\n\t\t<\/span>\n\t<\/div>\n      <\/a>\n<\/div>\n<\/div>\n\t\n\t<\/div>\n\t\n\t\n\t\n<\/div>\n\n<p>\n[\/vc_column_text][\/vc_column][\/vc_row][vc_row type=\u00a0\u00bbin_container\u00a0\u00bb full_screen_row_position=\u00a0\u00bbmiddle\u00a0\u00bb column_margin=\u00a0\u00bbdefault\u00a0\u00bb column_direction=\u00a0\u00bbdefault\u00a0\u00bb column_direction_tablet=\u00a0\u00bbdefault\u00a0\u00bb column_direction_phone=\u00a0\u00bbdefault\u00a0\u00bb scene_position=\u00a0\u00bbcenter\u00a0\u00bb text_color=\u00a0\u00bbdark\u00a0\u00bb text_align=\u00a0\u00bbleft\u00a0\u00bb row_border_radius=\u00a0\u00bbnone\u00a0\u00bb row_border_radius_applies=\u00a0\u00bbbg\u00a0\u00bb overflow=\u00a0\u00bbvisible\u00a0\u00bb overlay_strength=\u00a0\u00bb0.3&Prime; gradient_direction=\u00a0\u00bbleft_to_right\u00a0\u00bb shape_divider_position=\u00a0\u00bbbottom\u00a0\u00bb bg_image_animation=\u00a0\u00bbnone\u00a0\u00bb][vc_column column_padding=\u00a0\u00bbno-extra-padding\u00a0\u00bb column_padding_tablet=\u00a0\u00bbinherit\u00a0\u00bb column_padding_phone=\u00a0\u00bbinherit\u00a0\u00bb column_padding_position=\u00a0\u00bball\u00a0\u00bb column_element_direction_desktop=\u00a0\u00bbdefault\u00a0\u00bb column_element_spacing=\u00a0\u00bbdefault\u00a0\u00bb desktop_text_alignment=\u00a0\u00bbdefault\u00a0\u00bb tablet_text_alignment=\u00a0\u00bbdefault\u00a0\u00bb phone_text_alignment=\u00a0\u00bbdefault\u00a0\u00bb background_color_opacity=\u00a0\u00bb1&Prime; background_hover_color_opacity=\u00a0\u00bb1&Prime; column_backdrop_filter=\u00a0\u00bbnone\u00a0\u00bb column_shadow=\u00a0\u00bbnone\u00a0\u00bb column_border_radius=\u00a0\u00bbnone\u00a0\u00bb column_link_target=\u00a0\u00bb_self\u00a0\u00bb column_position=\u00a0\u00bbdefault\u00a0\u00bb gradient_direction=\u00a0\u00bbleft_to_right\u00a0\u00bb overlay_strength=\u00a0\u00bb0.3&Prime; width=\u00a0\u00bb1\/1&Prime; tablet_width_inherit=\u00a0\u00bbdefault\u00a0\u00bb animation_type=\u00a0\u00bbdefault\u00a0\u00bb bg_image_animation=\u00a0\u00bbnone\u00a0\u00bb border_type=\u00a0\u00bbsimple\u00a0\u00bb column_border_width=\u00a0\u00bbnone\u00a0\u00bb column_border_style=\u00a0\u00bbsolid\u00a0\u00bb][nectar_global_section id=\u00a0\u00bb3815&Prime;][\/vc_column][\/vc_row]","protected":false},"excerpt":{"rendered":"NOS OFFRES - M\u00e9tiersAchatsCommercialD\u00e9veloppementEtudes et ConceptionMarketingProgrammesRecherche et D\u00e9veloppementREFERENTIEL GROUPE IDECTravaux - Type de contratApprenti sous contr.CDDCDIStagiaire contr.stag - LocalisationFinist\u00e8re (29)H\u00e9rault (34)Ille et Vilaine (35)Is\u00e8re (38)Loir et Cher (41)Loiret (45)Paris (75)Val...","protected":false},"author":1,"featured_media":0,"parent":0,"menu_order":0,"comment_status":"closed","ping_status":"closed","template":"","meta":{"_seopress_robots_primary_cat":"","_seopress_titles_title":"GROUPE IDEC RECRUTE \u2013 Nos offres","_seopress_titles_desc":"Envie de construire l\u2019avenir avec nous ? D\u00e9couvrez nos offres et rejoignez le GROUPE IDEC, l\u00e0 o\u00f9 vos ambitions prennent vie.","_seopress_robots_index":"","footnotes":""},"class_list":["post-122","page","type-page","status-publish"],"_links":{"self":[{"href":"https:\/\/www.groupeidec.com\/emplois-carriere\/wp-json\/wp\/v2\/pages\/122","targetHints":{"allow":["GET"]}}],"collection":[{"href":"https:\/\/www.groupeidec.com\/emplois-carriere\/wp-json\/wp\/v2\/pages"}],"about":[{"href":"https:\/\/www.groupeidec.com\/emplois-carriere\/wp-json\/wp\/v2\/types\/page"}],"author":[{"embeddable":true,"href":"https:\/\/www.groupeidec.com\/emplois-carriere\/wp-json\/wp\/v2\/users\/1"}],"replies":[{"embeddable":true,"href":"https:\/\/www.groupeidec.com\/emplois-carriere\/wp-json\/wp\/v2\/comments?post=122"}],"version-history":[{"count":10,"href":"https:\/\/www.groupeidec.com\/emplois-carriere\/wp-json\/wp\/v2\/pages\/122\/revisions"}],"predecessor-version":[{"id":3822,"href":"https:\/\/www.groupeidec.com\/emplois-carriere\/wp-json\/wp\/v2\/pages\/122\/revisions\/3822"}],"wp:attachment":[{"href":"https:\/\/www.groupeidec.com\/emplois-carriere\/wp-json\/wp\/v2\/media?parent=122"}],"curies":[{"name":"wp","href":"https:\/\/api.w.org\/{rel}","templated":true}]}}