{"id":315720,"date":"2021-05-04T18:54:07","date_gmt":"2021-05-04T16:54:07","guid":{"rendered":"https:\/\/www.groupeidec.com\/france\/"},"modified":"2024-03-07T09:58:44","modified_gmt":"2024-03-07T08:58:44","slug":"francia","status":"publish","type":"page","link":"https:\/\/www.groupeidec.com\/es\/francia\/","title":{"rendered":"Francia"},"content":{"rendered":"<div class=\"wpb-content-wrapper\"><p>[vc_row heading_color=\u00bblight\u00bb bg_type=\u00bbhosted_video\u00bb bg_image=\u00bb5352&#8243; bg_video_loop=\u00bbno\u00bb color_overlay=\u00bbdark\u00bb opacity_overlay=\u00bb40&#8243; padding_top_multiplier=\u00bb6x\u00bb padding_bottom_multiplier=\u00bb6x\u00bb separator_bottom=\u00bblarge-triangle-separator\u00bb separator_bottom_size=\u00bb60px\u00bb font_color=\u00bb#ffffff\u00bb kswr_row_top_decor_enabled=\u00bbfalse\u00bb kswr_row_bottom_decor_enabled=\u00bbfalse\u00bb bg_video_webm=\u00bbhttps:\/\/www.groupeidec.com\/wp-content\/uploads\/2018\/11\/Video-header-Implantations-Groupe-IDEC.webm\u00bb bg_video_mp4=\u00bbhttps:\/\/www.groupeidec.com\/wp-content\/uploads\/2018\/11\/Video-header-Implantations-Groupe-IDEC.mp4&#8243; bg_video_ogv=\u00bbhttps:\/\/www.groupeidec.com\/wp-content\/uploads\/2018\/11\/Video-header-Implantations-Groupe-IDEC.ogv\u00bb][vc_column vertical_content_position=\u00bbmiddle\u00bb]<h1 class=\"grve-element grve-title grve-align-center grve-h1 grve-increase-heading grve-heading-120\" style=\"\"><span>Francia<\/span><\/h1>[\/vc_column][\/vc_row][vc_row bg_type=\u00bbgradient\u00bb bg_gradient_color_1=\u00bbrgba(255,255,255,0.9)\u00bb bg_gradient_color_2=\u00bb#e8e8e8&#8243; bg_gradient_direction=\u00bb180&#8243; padding_top_multiplier=\u00bb\u00bb padding_bottom_multiplier=\u00bb\u00bb kswr_row_top_decor_enabled=\u00bbfalse\u00bb kswr_row_bottom_decor_enabled=\u00bbfalse\u00bb][vc_column width=\u00bb1\/2&#8243;][vc_row_inner css=\u00bb.vc_custom_1540300579162{margin-top: 0px !important;margin-bottom: 0px !important;}\u00bb][vc_column_inner tablet_width=\u00bbhide\u00bb tablet_sm_width=\u00bbhide\u00bb mobile_width=\u00bbhide\u00bb css=\u00bb.vc_custom_1540300595906{margin-top: 0px !important;margin-bottom: 0px !important;}\u00bb]<div class=\"grve-empty-space grve-height-2x\" style=\"\"><\/div>[\/vc_column_inner][\/vc_row_inner]<div class=\"grve-element grve-divider grve-animated-item grve-fade-in-up grve-duration-normal grve-align-left\" style=\"padding-bottom: 20px;\" data-delay=\"200\"><span class=\"grve-custom-divider grve-bg-primary-1\" style=\"width: 50px;height: 2px;\"><\/span><\/div><h2 class=\"grve-element grve-title grve-align-left grve-animated-item grve-duration-normal grve-fade-in-up grve-h4\" style=\"\" data-delay=\"400\"><span>UNA PRESENCIA NACIONAL<\/span><\/h2>[vc_column_text animation=\u00bbgrve-fade-in-up\u00bb animation_delay=\u00bb600&#8243;]<\/p>\n<p style=\"text-align: justify;\">GROUPE IDEC, presente en Francia desde hace una veintena de a\u00f1os, acompa\u00f1a a sus clientes en la concreci\u00f3n de sus proyectos inmobiliarios m\u00e1s ambiciosos. Con una red completa que abarca todo el territorio, sus filiales aportan una respuesta a la medida y adaptada a las corporaciones municipales, a las empresas y a los particulares.<\/p>\n<p style=\"text-align: justify;\">Sus empleados ofrecen su experiencia en campos tan variados como la log\u00edstica, con m\u00e1s de 500.000 m\u00b2 realizados al a\u00f1o, la industria agroalimentaria, con empresas especializadas, o la planificaci\u00f3n de barrios residenciales de alto nivel.<\/p>\n<p>[\/vc_column_text]<div class=\"grve-empty-space grve-height-1x\" style=\"\"><\/div>[vc_row_inner][vc_column_inner tablet_width=\u00bbhide\u00bb tablet_sm_width=\u00bbhide\u00bb mobile_width=\u00bbhide\u00bb]<div class=\"grve-element grve-align-right grve-animated-item grve-fade-in-left grve-duration-normal rightbtngrid\" data-delay=\"800\"><a href=\"#\" class=\"grve-btn grve-btn-large grve-btn-underline grve-text-primary-1 grve-text-hover-primary-1\"><span>+ informaci\u00f3n al pasar el rat\u00f3n<span class=\"grve-btn-bottom-line grve-bg-white\"><\/span><\/span><\/a><\/div>[\/vc_column_inner][\/vc_row_inner][\/vc_column][vc_column width=\u00bb1\/2&#8243; clipping_animation=\u00bbclipping-left\u00bb animation_delay=\u00bb600&#8243; css=\u00bb.vc_custom_1582792860267{padding-right: 40px !important;padding-left: 40px !important;}\u00bb][mpc_interactive_image background_image=\u00bb17188&#8243;][mpc_hotspot preset=\u00bbmpc_preset_4&#8243; position=\u00bb52.316||29.464&#8243; icon_type=\u00bbimage\u00bb icon_image=\u00bb314883&#8243; background_color=\u00bb#ef4030&#8243; border_css=\u00bbborder-radius:999px;\u00bb padding_css=\u00bbpadding:1px;\u00bb hover_border_css=\u00bbborder-width:6px;border-color:#ef4030;border-style:solid;border-radius:999px;\u00bb mpc_tooltip__position=\u00bbright\u00bb mpc_tooltip__show_effect=\u00bbslide\u00bb mpc_tooltip__font_preset=\u00bbmpc_preset_22&#8243; mpc_tooltip__font_color=\u00bb#f7f7f7&#8243; mpc_tooltip__font_size=\u00bb16&#8243; mpc_tooltip__font_line_height=\u00bb1.5&#8243; mpc_tooltip__font_transform=\u00bbcapitalize\u00bb mpc_tooltip__font_align=\u00bbcenter\u00bb mpc_tooltip__text=\u00bbJTNDaDQlMjBzdHlsZSUzRCUyMnRleHQtYWxpZ24lM0ElMjBjZW50ZXIlM0IlMjBmb250LXNpemUlM0ElMjAyMHB4JTNCJTIwbGluZS1oZWlnaHQlM0ElMjAwLjNlbSUzQiUyMGNvbG9yJTNBJTIzZjdmN2Y3JTNCJTIyJTNFJTIwUEFSSVMlMjAlM0MlMkZoNCUzRSUwQSUwQSUzQ3VsJTIwc3R5bGUlM0QlMjJ0ZXh0LWFsaWduJTNBJTIwbGVmdCUzQiUyMG1hcmdpbi1ib3R0b20lM0ElMjAxMHB4JTNCJTIyJTNFJTBBJTNDbGklMjBzdHlsZSUzRCUyMmxpbmUtaGVpZ2h0JTNBJTIwMS40ZW0lM0JtYXJnaW4tYm90dG9tJTNBJTIwMTVweCUzQiUyMiUzRTM3JTIwQXZlbnVlJTIwUGllcnJlJTIwMWVyJTIwZGUlMjBTZXJiaWUlMjAlM0NiciUzRTc1MDA4JTIwUEFSSVMlMjAlM0NiciUzRSUzQyUyRmxpJTNFJTBBJTNDbGklMjBzdHlsZSUzRCUyMmxpbmUtaGVpZ2h0JTNBJTIwMS40ZW0lM0JtYXJnaW4tYm90dG9tJTNBJTIwMTVweCUzQiUyMiUzRTUlMjBSdWUlMjBkdSUyMExvdXZyZSUyMCUzQ2JyJTNFNzUwMDElMjBQQVJJUyUyMCUzQ2JyJTNFJTNDJTJGbGklM0UlMEElM0NsaSUyMHN0eWxlJTNEJTIybGluZS1oZWlnaHQlM0ElMjAxLjRlbSUzQm1hcmdpbi1ib3R0b20lM0ElMjAxNXB4JTNCJTIyJTNFNDAlMjBSdWUlMjBkZXMlMjBQcm91dmFpcmVzJTIwQ1A0MDE0MSUyMCUzQ2JyJTNFOTQ1MjUlMjBSVU5HSVMlMjBDZWRleCUyMCUzQ2JyJTNFJTNDJTJGbGklM0UlMEElM0MlMkZ1bCUzRSUwQQ==\u00bb mpc_tooltip__background_color=\u00bb#ef4030&#8243; mpc_tooltip__padding_divider=\u00bbtrue\u00bb mpc_tooltip__padding_css=\u00bbpadding-top:10px;padding-right:20px;padding-bottom:20px;padding-left:20px;\u00bb animation_in_type=\u00bbtransition.slideRightIn\u00bb animation_in_offset=\u00bb100&#8243; animation_in_duration=\u00bb300&#8243; animation_in_delay=\u00bb1000&#8243; mpc_tooltip__margin_divider=\u00bb\u00bb][mpc_hotspot preset=\u00bbmpc_preset_4&#8243; position=\u00bb47.758||35.893&#8243; icon_type=\u00bbimage\u00bb icon_image=\u00bb314883&#8243; background_color=\u00bb#ef4030&#8243; border_css=\u00bbborder-radius:999px;\u00bb padding_css=\u00bbpadding:1px;\u00bb hover_border_css=\u00bbborder-width:6px;border-color:#ef4030;border-style:solid;border-radius:999px;\u00bb mpc_tooltip__position=\u00bbright\u00bb mpc_tooltip__show_effect=\u00bbslide\u00bb mpc_tooltip__font_preset=\u00bbmpc_preset_22&#8243; mpc_tooltip__font_color=\u00bb#f7f7f7&#8243; mpc_tooltip__font_size=\u00bb15&#8243; mpc_tooltip__font_line_height=\u00bb1.5&#8243; mpc_tooltip__font_transform=\u00bbcapitalize\u00bb mpc_tooltip__font_align=\u00bbcenter\u00bb mpc_tooltip__text=\u00bbJTNDaDQlMjBzdHlsZSUzRCUyMnRleHQtYWxpZ24lM0ElMjBjZW50ZXIlM0IlMjBmb250LXNpemUlM0ElMjAyMHB4JTNCJTIwbGluZS1oZWlnaHQlM0ElMjAwLjNlbSUzQiUyMGNvbG9yJTNBJTIzZjdmN2Y3JTNCJTIyJTNFJTIwQkxPSVMlMjAlM0MlMkZoNCUzRSUwQSUwQTMlMjBydWUlMjBDb3Blcm5pYyUzQ2JyJTNFJTBBQ1MlMjA4MzQyNSUzQ2JyJTNFJTBBTGElMjBDaGF1c3MlQzMlQTllLVNhaW50LVZpY3RvciUzQ2JyJTNFJTBBNDEwMzQlMjBCTE9JUyUyMENlZGV4JTNDYnIlM0UlMEElMEE=\u00bb mpc_tooltip__background_color=\u00bb#ef4030&#8243; mpc_tooltip__padding_divider=\u00bbtrue\u00bb mpc_tooltip__padding_css=\u00bbpadding-top:10px;padding-right:20px;padding-bottom:20px;padding-left:20px;\u00bb animation_in_type=\u00bbtransition.slideRightIn\u00bb animation_in_offset=\u00bb100&#8243; animation_in_duration=\u00bb300&#8243; animation_in_delay=\u00bb1200&#8243; mpc_tooltip__margin_divider=\u00bb\u00bb][mpc_hotspot preset=\u00bbmpc_preset_4&#8243; position=\u00bb40.073||43.750&#8243; icon_type=\u00bbimage\u00bb icon_image=\u00bb314883&#8243; background_color=\u00bb#ef4030&#8243; border_css=\u00bbborder-radius:999px;\u00bb padding_css=\u00bbpadding:1px;\u00bb hover_border_css=\u00bbborder-width:6px;border-color:#ef4030;border-style:solid;border-radius:999px;\u00bb mpc_tooltip__position=\u00bbbottom\u00bb mpc_tooltip__show_effect=\u00bbslide\u00bb mpc_tooltip__font_preset=\u00bbmpc_preset_22&#8243; mpc_tooltip__font_color=\u00bb#f7f7f7&#8243; mpc_tooltip__font_size=\u00bb15&#8243; mpc_tooltip__font_line_height=\u00bb1.5&#8243; mpc_tooltip__font_transform=\u00bbcapitalize\u00bb mpc_tooltip__font_align=\u00bbcenter\u00bb mpc_tooltip__text=\u00bbJTNDaDQlMjBzdHlsZSUzRCUyMnRleHQtYWxpZ24lM0ElMjBjZW50ZXIlM0IlMjBmb250LXNpemUlM0ElMjAyMHB4JTNCJTIwbGluZS1oZWlnaHQlM0ElMjAwLjNlbSUzQiUyMGNvbG9yJTNBJTIzZjdmN2Y3JTNCJTIyJTNFJTIwUE9JVElFUlMlMjAlM0MlMkZoNCUzRSUwQSUwQTQlMjBSdWUlMjBBbGJpbiUyMEhhbGxlciUzQ2JyJTNFJTBBUCVDMyVCNGxlJTIwUiVDMyVBOXB1YmxpcXVlJTIwMjIlMjAtJTIwQlAlMjAxMDAzJTNDYnIlM0UlMEE4NjA2MCUyMFBPSVRJRVJTJTIwQ2VkZXglMjA5JTNDYnIlM0UlMEElMEE=\u00bb mpc_tooltip__background_color=\u00bb#ef4030&#8243; mpc_tooltip__padding_divider=\u00bbtrue\u00bb mpc_tooltip__padding_css=\u00bbpadding-top:10px;padding-right:20px;padding-bottom:20px;padding-left:20px;\u00bb animation_in_type=\u00bbtransition.slideDownIn\u00bb animation_in_offset=\u00bb100&#8243; animation_in_duration=\u00bb300&#8243; animation_in_delay=\u00bb1400&#8243; mpc_tooltip__margin_divider=\u00bb\u00bb][mpc_hotspot preset=\u00bbmpc_preset_4&#8243; position=\u00bb28.545||31.429&#8243; icon_type=\u00bbimage\u00bb icon_image=\u00bb314883&#8243; background_color=\u00bb#ef4030&#8243; border_css=\u00bbborder-radius:999px;\u00bb padding_css=\u00bbpadding:1px;\u00bb hover_border_css=\u00bbborder-width:6px;border-color:#ef4030;border-style:solid;border-radius:999px;\u00bb mpc_tooltip__position=\u00bbbottom\u00bb mpc_tooltip__show_effect=\u00bbslide\u00bb mpc_tooltip__font_preset=\u00bbmpc_preset_22&#8243; mpc_tooltip__font_color=\u00bb#f7f7f7&#8243; mpc_tooltip__font_size=\u00bb15&#8243; mpc_tooltip__font_line_height=\u00bb1.5&#8243; mpc_tooltip__font_transform=\u00bbnone\u00bb mpc_tooltip__font_align=\u00bbcenter\u00bb mpc_tooltip__text=\u00bbJTNDaDQlMjBzdHlsZSUzRCUyMnRleHQtYWxpZ24lM0ElMjBjZW50ZXIlM0IlMjBmb250LXNpemUlM0ElMjAyMHB4JTNCJTIwbGluZS1oZWlnaHQlM0ElMjAwLjNlbSUzQiUyMGNvbG9yJTNBJTIzZjdmN2Y3JTNCJTIyJTNFJTIwUkVOTkVTJTIwJTNDJTJGaDQlM0UlMEElMEE0JTIwYiUyQyUyMFJ1ZSUyMGRlcyUyMEJ1dHRlcyUzQ2JyJTNFJTBBQ1MlMjAxNzczMiUzQ2JyJTNFJTBBMzU1NzclMjBDRVNTT04tUyVDMyU4OVZJR04lQzMlODklMjBDZWRleCUzQ2JyJTNFJTBBJTBB\u00bb mpc_tooltip__background_color=\u00bb#ef4030&#8243; mpc_tooltip__padding_divider=\u00bbtrue\u00bb mpc_tooltip__padding_css=\u00bbpadding-top:10px;padding-right:20px;padding-bottom:20px;padding-left:20px;\u00bb animation_in_type=\u00bbtransition.slideRightIn\u00bb animation_in_offset=\u00bb100&#8243; animation_in_duration=\u00bb300&#8243; animation_in_delay=\u00bb1600&#8243; mpc_tooltip__margin_divider=\u00bb\u00bb][mpc_hotspot preset=\u00bbmpc_preset_4&#8243; position=\u00bb29.150||42.500&#8243; icon_type=\u00bbimage\u00bb icon_image=\u00bb314883&#8243; background_color=\u00bb#ef4030&#8243; border_css=\u00bbborder-radius:999px;\u00bb padding_css=\u00bbpadding:1px;\u00bb hover_border_css=\u00bbborder-width:6px;border-color:#ef4030;border-style:solid;border-radius:999px;\u00bb mpc_tooltip__position=\u00bbbottom\u00bb mpc_tooltip__show_effect=\u00bbslide\u00bb mpc_tooltip__font_preset=\u00bbmpc_preset_22&#8243; mpc_tooltip__font_color=\u00bb#f7f7f7&#8243; mpc_tooltip__font_size=\u00bb15&#8243; mpc_tooltip__font_line_height=\u00bb1.5&#8243; mpc_tooltip__font_transform=\u00bbcapitalize\u00bb mpc_tooltip__font_align=\u00bbcenter\u00bb mpc_tooltip__text=\u00bbJTNDaDQlMjBzdHlsZSUzRCUyMnRleHQtYWxpZ24lM0ElMjBjZW50ZXIlM0IlMjBmb250LXNpemUlM0ElMjAyMHB4JTNCJTIwbGluZS1oZWlnaHQlM0ElMjAwLjNlbSUzQiUyMGNvbG9yJTNBJTIzZjdmN2Y3JTNCJTIyJTNFJTIwQkVMTEVWSUdOWSUyMCUzQyUyRmg0JTNFJTBBJTBBUGxhY2UlMjBkZSUyMGwlRTIlODAlOTklQzMlQTlnbGlzZSUzQ2JyJTNFJTBBODUxNzAlMjBCRUxMRVZJR05ZJTNDYnIlM0UlMEE=\u00bb mpc_tooltip__background_color=\u00bb#ef4030&#8243; mpc_tooltip__padding_divider=\u00bbtrue\u00bb mpc_tooltip__padding_css=\u00bbpadding-top:10px;padding-right:20px;padding-bottom:20px;padding-left:20px;\u00bb animation_in_type=\u00bbtransition.slideLeftIn\u00bb animation_in_offset=\u00bb100&#8243; animation_in_duration=\u00bb300&#8243; animation_in_delay=\u00bb1800&#8243; mpc_tooltip__margin_divider=\u00bb\u00bb][mpc_hotspot preset=\u00bbmpc_preset_4&#8243; position=\u00bb14.181||30.714&#8243; icon_type=\u00bbimage\u00bb icon_image=\u00bb314883&#8243; background_color=\u00bb#ef4030&#8243; border_css=\u00bbborder-radius:999px;\u00bb padding_css=\u00bbpadding:1px;\u00bb hover_border_css=\u00bbborder-width:6px;border-color:#ef4030;border-style:solid;border-radius:999px;\u00bb mpc_tooltip__position=\u00bbbottom\u00bb mpc_tooltip__show_effect=\u00bbslide\u00bb mpc_tooltip__enable_wide=\u00bbtrue\u00bb mpc_tooltip__font_preset=\u00bbmpc_preset_22&#8243; mpc_tooltip__font_color=\u00bb#f7f7f7&#8243; mpc_tooltip__font_size=\u00bb15&#8243; mpc_tooltip__font_line_height=\u00bb1.5&#8243; mpc_tooltip__font_transform=\u00bbcapitalize\u00bb mpc_tooltip__font_align=\u00bbcenter\u00bb mpc_tooltip__text=\u00bbJTNDaDQlMjBzdHlsZSUzRCUyMnRleHQtYWxpZ24lM0ElMjBjZW50ZXIlM0IlMjBmb250LXNpemUlM0ElMjAyMHB4JTNCJTIwbGluZS1oZWlnaHQlM0ElMjAwLjNlbSUzQiUyMGNvbG9yJTNBJTIzZjdmN2Y3JTNCJTIyJTNFJTIwQ09OQ0FSTkVBVSUyMCUzQyUyRmg0JTNFJTBBJTBBSW1tZXVibGUlMjBsJTI3QWxiYWNvcmUlM0NiciUzRSUwQVJ1ZSUyMEZ1bGdlbmNlJTIwQmllbnZlbnVlJTIwWkElMjBEZSUyMEslQzMlQTlyYW1wJUMzJUE5cnUlM0NiciUzRSUwQTI5OTAwJTIwQ09OQ0FSTkVBVSUzQ2JyJTNFJTBB\u00bb mpc_tooltip__background_color=\u00bb#ef4030&#8243; mpc_tooltip__padding_divider=\u00bbtrue\u00bb mpc_tooltip__padding_css=\u00bbpadding-top:10px;padding-right:20px;padding-bottom:20px;padding-left:20px;\u00bb animation_in_type=\u00bbtransition.slideRightIn\u00bb animation_in_offset=\u00bb100&#8243; animation_in_duration=\u00bb300&#8243; animation_in_delay=\u00bb2000&#8243; mpc_tooltip__margin_divider=\u00bb\u00bb][mpc_hotspot preset=\u00bbmpc_preset_4&#8243; position=\u00bb23.239||24.107&#8243; icon_type=\u00bbimage\u00bb icon_image=\u00bb314883&#8243; background_color=\u00bb#ef4030&#8243; border_css=\u00bbborder-radius:999px;\u00bb padding_css=\u00bbpadding:1px;\u00bb hover_border_css=\u00bbborder-width:6px;border-color:#ef4030;border-style:solid;border-radius:999px;\u00bb mpc_tooltip__position=\u00bbright\u00bb mpc_tooltip__show_effect=\u00bbslide\u00bb mpc_tooltip__font_preset=\u00bbmpc_preset_22&#8243; mpc_tooltip__font_color=\u00bb#f7f7f7&#8243; mpc_tooltip__font_size=\u00bb15&#8243; mpc_tooltip__font_line_height=\u00bb1.5&#8243; mpc_tooltip__font_transform=\u00bbcapitalize\u00bb mpc_tooltip__font_align=\u00bbcenter\u00bb mpc_tooltip__text=\u00bbJTNDaDQlMjBzdHlsZSUzRCUyMnRleHQtYWxpZ24lM0ElMjBjZW50ZXIlM0IlMjBmb250LXNpemUlM0ElMjAyMHB4JTNCJTIwbGluZS1oZWlnaHQlM0ElMjAwLjNlbSUzQiUyMGNvbG9yJTNBJTIzZjdmN2Y3JTNCJTIyJTNFJTIwU1QtTUFMTyUyMCUzQyUyRmg0JTNFJTBBJTBBMyUyMEltcGFzc2UlMjBEZSUyMExhJTIwVmlnaWUlM0NiciUzRSUwQUJQJTIwMTE4JTNDYnIlM0UlMEEzNTQwNyUyMFNULU1BTE8lMjBDZWRleCUzQ2JyJTNFJTBB\u00bb mpc_tooltip__background_color=\u00bb#ef4030&#8243; mpc_tooltip__padding_divider=\u00bbtrue\u00bb mpc_tooltip__padding_css=\u00bbpadding-top:10px;padding-right:20px;padding-bottom:20px;padding-left:20px;\u00bb animation_in_type=\u00bbtransition.slideLeftIn\u00bb animation_in_offset=\u00bb100&#8243; animation_in_duration=\u00bb300&#8243; animation_in_delay=\u00bb2200&#8243; mpc_tooltip__margin_divider=\u00bb\u00bb][mpc_hotspot preset=\u00bbmpc_preset_4&#8243; position=\u00bb69.000||51.786&#8243; icon_type=\u00bbimage\u00bb icon_image=\u00bb314883&#8243; background_color=\u00bb#ef4030&#8243; border_css=\u00bbborder-radius:999px;\u00bb padding_css=\u00bbpadding:1px;\u00bb hover_border_css=\u00bbborder-width:6px;border-color:#ef4030;border-style:solid;border-radius:999px;\u00bb mpc_tooltip__show_effect=\u00bbslide\u00bb mpc_tooltip__font_preset=\u00bbmpc_preset_22&#8243; mpc_tooltip__font_color=\u00bb#f7f7f7&#8243; mpc_tooltip__font_size=\u00bb15&#8243; mpc_tooltip__font_line_height=\u00bb1.5&#8243; mpc_tooltip__font_transform=\u00bbcapitalize\u00bb mpc_tooltip__font_align=\u00bbcenter\u00bb mpc_tooltip__text=\u00bbJTNDaDQlMjBzdHlsZSUzRCUyMnRleHQtYWxpZ24lM0ElMjBjZW50ZXIlM0IlMjBmb250LXNpemUlM0ElMjAyMHB4JTNCJTIwbGluZS1oZWlnaHQlM0ElMjAwLjNlbSUzQiUyMGNvbG9yJTNBJTIzZjdmN2Y3JTNCJTIyJTNFJTIwTFlPTiUyMCUzQyUyRmg0JTNFJTBBJTBBUGFyYyUyMFdvb2RzdG9jayUyMEMlQzMlQThkcmUlMjAzJTNDYnIlM0UlMEE5NyUyMEFsbCVDMyVBOWUlMjBBbGV4YW5kcmUlMjBCb3JvZGluZSUzQ2JyJTNFJTBBNjk4MDAlMjBTQUlOVC1QUklFU1QlM0NiciUzRSUwQQ==\u00bb mpc_tooltip__background_color=\u00bb#ef4030&#8243; mpc_tooltip__padding_divider=\u00bbtrue\u00bb mpc_tooltip__padding_css=\u00bbpadding-top:10px;padding-right:20px;padding-bottom:20px;padding-left:20px;\u00bb animation_in_type=\u00bbtransition.slideDownIn\u00bb animation_in_offset=\u00bb100&#8243; animation_in_duration=\u00bb300&#8243; animation_in_delay=\u00bb2400&#8243; mpc_tooltip__margin_divider=\u00bb\u00bb][mpc_hotspot preset=\u00bbmpc_preset_4&#8243; position=\u00bb78.000||55.536&#8243; icon_type=\u00bbimage\u00bb icon_image=\u00bb314883&#8243; background_color=\u00bb#ef4030&#8243; border_css=\u00bbborder-radius:999px;\u00bb padding_css=\u00bbpadding:1px;\u00bb hover_border_css=\u00bbborder-width:6px;border-color:#ef4030;border-style:solid;border-radius:999px;\u00bb mpc_tooltip__show_effect=\u00bbslide\u00bb mpc_tooltip__font_preset=\u00bbmpc_preset_22&#8243; mpc_tooltip__font_color=\u00bb#f7f7f7&#8243; mpc_tooltip__font_size=\u00bb15&#8243; mpc_tooltip__font_line_height=\u00bb1.5&#8243; mpc_tooltip__font_transform=\u00bbcapitalize\u00bb mpc_tooltip__font_align=\u00bbcenter\u00bb mpc_tooltip__text=\u00bbJTNDaDQlMjBzdHlsZSUzRCUyMnRleHQtYWxpZ24lM0ElMjBjZW50ZXIlM0IlMjBmb250LXNpemUlM0ElMjAyMHB4JTNCJTIwbGluZS1oZWlnaHQlM0ElMjAwLjNlbSUzQiUyMGNvbG9yJTNBJTIzZjdmN2Y3JTNCJTIyJTNFJTIwR1JFTk9CTEUlMjAlM0MlMkZoNCUzRSUwQSUwQUIlQzMlQTJ0LiUyMFNZTkVSR1klMjAlRTIlODAlOTMlMjBaQUMlMjBJc2lwYXJjJTNDYnIlM0UlMEFSdGUlMjBEJUMzJUE5cGFydGVtZW50YWxlJTIwMTFOJTNDYnIlM0UlMEEzODMzMCUyMFNBSU5ULUlTTUlFUiUwQQ==\u00bb mpc_tooltip__background_color=\u00bb#ef4030&#8243; mpc_tooltip__padding_divider=\u00bbtrue\u00bb mpc_tooltip__padding_css=\u00bbpadding-top:10px;padding-right:20px;padding-bottom:20px;padding-left:20px;\u00bb animation_in_type=\u00bbtransition.slideDownIn\u00bb animation_in_offset=\u00bb100&#8243; animation_in_duration=\u00bb300&#8243; animation_in_delay=\u00bb2600&#8243; mpc_tooltip__margin_divider=\u00bb\u00bb][mpc_hotspot preset=\u00bbmpc_preset_4&#8243; position=\u00bb62.031||70.536&#8243; icon_type=\u00bbimage\u00bb icon_image=\u00bb314883&#8243; background_color=\u00bb#ef4030&#8243; border_css=\u00bbborder-radius:999px;\u00bb padding_css=\u00bbpadding:1px;\u00bb hover_border_css=\u00bbborder-width:6px;border-color:#ef4030;border-style:solid;border-radius:999px;\u00bb mpc_tooltip__position=\u00bbleft\u00bb mpc_tooltip__show_effect=\u00bbslide\u00bb mpc_tooltip__font_preset=\u00bbmpc_preset_22&#8243; mpc_tooltip__font_color=\u00bb#f7f7f7&#8243; mpc_tooltip__font_size=\u00bb15&#8243; mpc_tooltip__font_line_height=\u00bb1.5&#8243; mpc_tooltip__font_transform=\u00bbcapitalize\u00bb mpc_tooltip__font_align=\u00bbcenter\u00bb mpc_tooltip__text=\u00bbJTNDaDQlMjBzdHlsZSUzRCUyMnRleHQtYWxpZ24lM0ElMjBjZW50ZXIlM0IlMjBmb250LXNpemUlM0ElMjAyMHB4JTNCJTIwbGluZS1oZWlnaHQlM0ElMjAwLjNlbSUzQiUyMGNvbG9yJTNBJTIzZjdmN2Y3JTNCJTIyJTNFJTIwTU9OVFBFTExJRVIlMjAlM0MlMkZoNCUzRSUwQSUwQVpBQyUyMGRlJTIwbCUyN2ElQzMlQTlyb3BvcnQlM0NiciUzRSUwQTk5JTIwaW1wYXNzZSUyMEFkYW0lMjBTbWl0aCUzQ2JyJTNFJTBBMzQ0NzAlMjBQJUMzJTg5Uk9MUyUzQ2JyJTNFJTBB\u00bb mpc_tooltip__background_color=\u00bb#ef4030&#8243; mpc_tooltip__padding_divider=\u00bbtrue\u00bb mpc_tooltip__padding_css=\u00bbpadding-top:10px;padding-right:20px;padding-bottom:20px;padding-left:20px;\u00bb animation_in_type=\u00bbtransition.slideDownIn\u00bb animation_in_offset=\u00bb100&#8243; animation_in_duration=\u00bb300&#8243; animation_in_delay=\u00bb2800&#8243; mpc_tooltip__margin_divider=\u00bb\u00bb][\/mpc_interactive_image][vc_row_inner][vc_column_inner width=\u00bb3\/4&#8243;]<div class=\"grve-empty-space\" style=\"height: 1px;\"><\/div>[\/vc_column_inner][vc_column_inner width=\u00bb1\/4&#8243;][\/vc_column_inner][\/vc_row_inner][\/vc_column][\/vc_row][vc_row bg_type=\u00bbcolor\u00bb padding_top_multiplier=\u00bb2x\u00bb padding_bottom_multiplier=\u00bb\u00bb bg_color=\u00bb#ffffff\u00bb][vc_column css=\u00bb.vc_custom_1582793858135{margin-bottom: 60px !important;}\u00bb]<div class=\"grve-element grve-divider grve-animated-item grve-fade-in-up grve-duration-normal grve-align-center\" style=\"padding-bottom: 20px;\" data-delay=\"200\"><span class=\"grve-custom-divider grve-bg-primary-1\" style=\"width: 50px;height: 2px;\"><\/span><\/div><h2 class=\"grve-element grve-title grve-align-center grve-animated-item grve-duration-normal grve-fade-in-up grve-h3\" style=\"\" data-delay=\"400\"><span>PLANIFICACI\u00d3N Y PROMOCI\u00d3N EXPERTA<\/span><\/h2>[\/vc_column][\/vc_row][vc_row bg_type=\u00bbgradient\u00bb bg_gradient_color_1=\u00bbrgba(255,255,255,0.9)\u00bb bg_gradient_color_2=\u00bbrgba(243,243,243,0.9)\u00bb bg_gradient_direction=\u00bb180&#8243; padding_top_multiplier=\u00bb\u00bb padding_bottom_multiplier=\u00bb\u00bb columns_gap=\u00bb60&#8243; equal_column_height=\u00bbequal-column\u00bb][vc_column width=\u00bb1\/2&#8243; css=\u00bb.vc_custom_1582800235271{margin-bottom: 50px !important;}\u00bb][vc_row_inner el_class=\u00bbidec-shadow\u00bb css=\u00bb.vc_custom_1582797996807{margin-bottom: 20px !important;}\u00bb][vc_column_inner css=\u00bb.vc_custom_1620146778942{background-image: url(https:\/\/www.groupeidec.com\/wp-content\/uploads\/2020\/02\/Fond-FP-Amenagement.jpg?id=227385) !important;background-position: center !important;background-repeat: no-repeat !important;background-size: cover !important;}\u00bb el_class=\u00bbgrey-bckg\u00bb]<div class=\"grve-element grve-image grve-grayscale-image degrd img-logo-international grve-align-center\" style=\"\">  <div class=\"grve-image-wrapper grve-shadow-medium grve-with-shadow\"><img loading=\"lazy\" decoding=\"async\" width=\"100\" height=\"100\" src=\"https:\/\/www.groupeidec.com\/wp-content\/uploads\/2021\/05\/logo-fd-transp-100pxH-faubourg-promotion.png\" class=\"attachment-movedo-grve-small-square size-movedo-grve-small-square\" alt=\"\" \/>   <\/div><\/div>[\/vc_column_inner][\/vc_row_inner]<h3 class=\"grve-element grve-title grve-align-left grve-h5\" style=\"\"><span>ALIADO DE CORPORACIONES MUNICIPALES Y EMPRESAS<\/span><\/h3>[vc_column_text css=\u00bb.vc_custom_1624610852530{margin-bottom: 20px !important;}\u00bb]<\/p>\n<p style=\"text-align: justify;\">FAUBOURG PROMOTION se encuentra entre los primeros planificadores y promotores privados de Francia gracias a la realizaci\u00f3n de m\u00e1s de 650 hect\u00e1reas en menos de 20 a\u00f1os. Partiendo de bienes ra\u00edces con una situaci\u00f3n ideal (solares industriales, terrenos v\u00edrgenes, etc.), FAUBOURG PROMOTION lleva a cabo todos los procesos para convertir los terrenos en urbanizables y dise\u00f1ar futuros parques de actividades que se convierten en vectores de empleo. Sus equipos toman a continuaci\u00f3n el relevo ofreciendo una soluci\u00f3n global a sus clientes, dej\u00e1ndoles elegir desde la ubicaci\u00f3n hasta el dise\u00f1o y la construcci\u00f3n de sus proyectos a la medida.<\/p>\n<p>FAUBOURG PROMOTION &#8211; 37 avenue Pierre 1er de Serbie, 75008 PARIS &#8211; <strong>Tel. +33 (0) 161 61 69 10<\/strong><\/p>\n<p><a class=\"grve-modal-popup\" href=\"#fp\">V\u00eddeo de presentaci\u00f3n<\/a> | <a href=\"https:\/\/www.faubourg-promotion.com\/\" target=\"_blank\" rel=\"noopener noreferrer\">Sitio web<\/a> | <a href=\"https:\/\/www.groupeidec.com\/references\/\">Referencias<\/a>[\/vc_column_text][vc_row_inner el_class=\u00bbbouton-metier\u00bb][vc_column_inner]\t\t\t<div class=\"grve-modal-element mfp-hide\" id=\"fp\">\r\n\t\t\t\t<div class=\"grve-section\">\r\n\t\t\t\t\t<div class=\"grve-container\">\r\n\t\t\t\t\t\t<div class=\"grve-row grve-columns-gap-30\">\r\n\t\t\t\t\t\t\t<div class=\"grve-column grve-column-1\">\r\n\t\t\t\t\t\t\t<div class=\"grve-element grve-video\" style=\"\"><iframe loading=\"lazy\" title=\"A la d\u00e9couverte de FAUBOURG PROMOTION | Clip 2018\" width=\"1080\" height=\"608\" src=\"https:\/\/www.youtube.com\/embed\/QrE5OY03omc?feature=oembed\" frameborder=\"0\" allow=\"accelerometer; autoplay; clipboard-write; encrypted-media; gyroscope; picture-in-picture\" allowfullscreen><\/iframe><\/div>\t\t\t\t\t\t\t<\/div>\r\n\t\t\t\t\t\t<\/div>\r\n\t\t\t\t\t<\/div>\r\n\t\t\t\t<\/div>\r\n\t\t\t<\/div>\r\n\t\t[\/vc_column_inner][\/vc_row_inner][\/vc_column][vc_column width=\u00bb1\/2&#8243; css=\u00bb.vc_custom_1582800113979{margin-bottom: 50px !important;}\u00bb][vc_row_inner el_class=\u00bbidec-shadow\u00bb css=\u00bb.vc_custom_1582797996807{margin-bottom: 20px !important;}\u00bb][vc_column_inner css=\u00bb.vc_custom_1620146008229{background-image: url(https:\/\/www.groupeidec.com\/wp-content\/uploads\/2019\/01\/Fond-FI.jpg?id=44187) !important;background-position: center !important;background-repeat: no-repeat !important;background-size: cover !important;}\u00bb el_class=\u00bbgrey-bckg\u00bb]<div class=\"grve-element grve-image grve-grayscale-image degrd img-logo-international grve-align-center\" style=\"\">  <div class=\"grve-image-wrapper grve-shadow-medium grve-with-shadow\"><img loading=\"lazy\" decoding=\"async\" width=\"100\" height=\"100\" src=\"https:\/\/www.groupeidec.com\/wp-content\/uploads\/2021\/05\/logo-fd-transp-100pxH-faubourg-immobilier.png\" class=\"attachment-movedo-grve-small-square size-movedo-grve-small-square\" alt=\"\" \/>   <\/div><\/div>[\/vc_column_inner][\/vc_row_inner]<h3 class=\"grve-element grve-title grve-align-left grve-h5\" style=\"\"><span>CREADOR DE INMOBILIARIA RESIDENCIAL<\/span><\/h3>[vc_column_text css=\u00bb.vc_custom_1624610919809{margin-bottom: 20px !important;}\u00bb]<\/p>\n<p style=\"text-align: justify;\">FAUBOURG IMMOBILIER est\u00e1 especializada en la promoci\u00f3n inmobiliaria residencial: proyectos de viviendas, residencias de estudiantes, residencias tur\u00edsticas, residencias de la tercera edad, etc. Para ofrecer a sus clientes un marco de vida \u00f3ptimo, la empresa presta una atenci\u00f3n muy particular a la situaci\u00f3n de sus proyectos, a la calidad arquitect\u00f3nica y a la preservaci\u00f3n del medio ambiente.<\/p>\n<p>FAUBOURG IMMOBILIER &#8211; 37 avenue Pierre 1er de Serbie, 75008 PARIS &#8211; <strong>TTel. +33 (0) 178 05 45 45<\/strong><\/p>\n<p><a class=\"grve-modal-popup\" href=\"#fi\">V\u00eddeo de presentaci\u00f3n<\/a> | <a href=\"https:\/\/www.faubourg-immobilier.com\/\" target=\"_blank\" rel=\"noopener noreferrer\">Sitio web<\/a> | <a href=\"https:\/\/www.groupeidec.com\/references\/\">Referencias<\/a>[\/vc_column_text][vc_row_inner el_class=\u00bbbouton-metier\u00bb][vc_column_inner]\t\t\t<div class=\"grve-modal-element mfp-hide\" id=\"fi\">\r\n\t\t\t\t<div class=\"grve-section\">\r\n\t\t\t\t\t<div class=\"grve-container\">\r\n\t\t\t\t\t\t<div class=\"grve-row grve-columns-gap-30\">\r\n\t\t\t\t\t\t\t<div class=\"grve-column grve-column-1\">\r\n\t\t\t\t\t\t\t<div class=\"grve-element grve-video\" style=\"\"><iframe loading=\"lazy\" title=\"A la d\u00e9couverte de FAUBOURG IMMOBILIER | Clip 2017\" width=\"1080\" height=\"608\" src=\"https:\/\/www.youtube.com\/embed\/bG9TqcrqVr0?start=1&feature=oembed\" frameborder=\"0\" allow=\"accelerometer; autoplay; clipboard-write; encrypted-media; gyroscope; picture-in-picture\" allowfullscreen><\/iframe><\/div>\t\t\t\t\t\t\t<\/div>\r\n\t\t\t\t\t\t<\/div>\r\n\t\t\t\t\t<\/div>\r\n\t\t\t\t<\/div>\r\n\t\t\t<\/div>\r\n\t\t[\/vc_column_inner][\/vc_row_inner][\/vc_column][vc_column width=\u00bb1\/2&#8243; css=\u00bb.vc_custom_1582800132006{margin-bottom: 50px !important;}\u00bb][vc_row_inner el_class=\u00bbidec-shadow\u00bb css=\u00bb.vc_custom_1582797996807{margin-bottom: 20px !important;}\u00bb][vc_column_inner css=\u00bb.vc_custom_1620146456039{background-image: url(https:\/\/www.groupeidec.com\/wp-content\/uploads\/2019\/01\/Fond-FC.jpg?id=44184) !important;background-position: center !important;background-repeat: no-repeat !important;background-size: cover !important;}\u00bb el_class=\u00bbgrey-bckg\u00bb]<div class=\"grve-element grve-image grve-grayscale-image degrd img-logo-international grve-align-center\" style=\"\">  <div class=\"grve-image-wrapper grve-shadow-medium grve-with-shadow\"><img loading=\"lazy\" decoding=\"async\" width=\"100\" height=\"100\" src=\"https:\/\/www.groupeidec.com\/wp-content\/uploads\/2021\/05\/logo-fd-transp-100pxH-faubourg-commerce.png\" class=\"attachment-movedo-grve-small-square size-movedo-grve-small-square\" alt=\"\" \/>   <\/div><\/div>[\/vc_column_inner][\/vc_row_inner]<h3 class=\"grve-element grve-title grve-align-left grve-h5\" style=\"\"><span>INMOBILIARIA COMERCIAL REINVENTADA<\/span><\/h3>[vc_column_text css=\u00bb.vc_custom_1624610959605{margin-bottom: 20px !important;}\u00bb]<\/p>\n<p style=\"text-align: justify;\">FAUBOURG DU COMMERCE es la promotora inmobiliaria de GROUPE IDEC especializada en la inmobiliaria comercial: centros comerciales, comercios independientes, comercios y actividades en los bajos de edificios, etc. Partiendo de los mejores bienes inmuebles, la empresa dise\u00f1a, construye y comercializa proyectos de gran calidad t\u00e9cnica, arquitect\u00f3nica y medioambiental.<\/p>\n<p><a href=\"https:\/\/www.groupeidec.com\/references\/\">Referencias<\/a>[\/vc_column_text][\/vc_column][vc_column width=\u00bb1\/2&#8243; css=\u00bb.vc_custom_1582800143944{margin-bottom: 50px !important;}\u00bb][vc_row_inner el_class=\u00bbidec-shadow\u00bb css=\u00bb.vc_custom_1582797996807{margin-bottom: 20px !important;}\u00bb][vc_column_inner css=\u00bb.vc_custom_1620146465349{background-image: url(https:\/\/www.groupeidec.com\/wp-content\/uploads\/2019\/08\/GROUPE-IDEC-IDEC-9PROM-Tony-Parker.jpg?id=152184) !important;background-position: center !important;background-repeat: no-repeat !important;background-size: cover !important;}\u00bb el_class=\u00bbgrey-bckg\u00bb]<div class=\"grve-element grve-image degrd img-logo-international grve-align-center\" style=\"\">  <div class=\"grve-image-wrapper grve-shadow-medium grve-with-shadow\"><img loading=\"lazy\" decoding=\"async\" width=\"100\" height=\"100\" src=\"https:\/\/www.groupeidec.com\/wp-content\/uploads\/2021\/05\/logo-fd-transp-100pxH-nine-prom.png\" class=\"attachment-full size-full\" alt=\"\" \/>   <\/div><\/div>[\/vc_column_inner][\/vc_row_inner]<h3 class=\"grve-element grve-title grve-align-left grve-h5\" style=\"\"><span>OTRA VISI\u00d3N DE LA INMOBILIARIA DEPORTIVA<\/span><\/h3>[vc_column_text css=\u00bb.vc_custom_1624610989479{margin-bottom: 20px !important;}\u00bb]<\/p>\n<p style=\"text-align: justify;\">9PROM, nacida de la asociaci\u00f3n entre GROUPE IDEC y el deportista de \u00e9lite Tony Parker, es una empresa especializada en proyectos inmobiliarios y equipamientos deportivos. Ninguno de estos dos socios se pone l\u00edmites a la hora de acompa\u00f1ar a los actores p\u00fablicos o a los inversores en la realizaci\u00f3n de sus proyectos deportivos, tanto en Francia como fuera de ella.<\/p>\n<p>[\/vc_column_text][\/vc_column][\/vc_row][vc_row bg_type=\u00bbgradient\u00bb bg_gradient_color_1=\u00bbrgba(255,255,255,0.9)\u00bb bg_gradient_color_2=\u00bbrgba(243,243,243,0.9)\u00bb bg_gradient_direction=\u00bb180&#8243; padding_top_multiplier=\u00bb2x\u00bb padding_bottom_multiplier=\u00bb2x\u00bb][vc_column css=\u00bb.vc_custom_1582793858135{margin-bottom: 60px !important;}\u00bb]<div class=\"grve-element grve-divider grve-animated-item grve-fade-in-up grve-duration-normal grve-align-center\" style=\"padding-bottom: 20px;\" data-delay=\"200\"><span class=\"grve-custom-divider grve-bg-primary-1\" style=\"width: 50px;height: 2px;\"><\/span><\/div><h2 class=\"grve-element grve-title grve-align-center grve-animated-item grve-duration-normal grve-fade-in-up grve-h3\" style=\"margin-bottom: 30px;\" data-delay=\"400\"><span>INVERSI\u00d3N INMOBILIARIA A LA MEDIDA<\/span><\/h2>[\/vc_column][vc_column][vc_row_inner css=\u00bb.vc_custom_1582794391508{margin-bottom: 20px !important;}\u00bb][vc_column_inner width=\u00bb1\/3&#8243; css=\u00bb.vc_custom_1622848595814{margin-bottom: 20px !important;background-image: url(https:\/\/www.groupeidec.com\/wp-content\/uploads\/2018\/12\/photo-ginv-bdo-paris-1709-10-0-13.jpg?id=18600) !important;background-position: center !important;background-repeat: no-repeat !important;background-size: cover !important;}\u00bb el_class=\u00bbidec-shadow grey-bckg\u00bb]<div class=\"grve-element grve-image degrd img-logo-international grve-align-center\" style=\"\">  <div class=\"grve-image-wrapper grve-shadow-medium grve-with-shadow\"><img loading=\"lazy\" decoding=\"async\" width=\"175\" height=\"100\" src=\"https:\/\/www.groupeidec.com\/wp-content\/uploads\/2021\/05\/logo-fd-transp-175Lx100H-grid-invest.png\" class=\"attachment-full size-full\" alt=\"\" \/>   <\/div><\/div>[\/vc_column_inner][vc_column_inner width=\u00bb2\/3&#8243;]<h3 class=\"grve-element grve-title grve-align-left grve-h5\" style=\"\"><span>INVERSOR DE PROYECTOS PROFESIONALES<\/span><\/h3>[vc_column_text css=\u00bb.vc_custom_1624611075688{margin-bottom: 20px !important;}\u00bb]<\/p>\n<p style=\"text-align: justify;\">GROUPE IDEC INVEST se halla en condiciones de invertir en sus proyectos. Desde la b\u00fasqueda de bienes inmuebles hasta el montaje del proyecto, pasando por su dise\u00f1o y construcci\u00f3n, nuestros equipos le acompa\u00f1an para concretarlo en las mejores condiciones. Hasta ahora hemos realizado m\u00e1s de un centenar de proyectos y actualmente gestionamos los arrendamientos de m\u00e1s de 100.000 m\u00b2 de activos.<\/p>\n<p>GROUPE IDEC INVEST &#8211; 37 avenue Pierre 1er de Serbie, 75008 PARIS &#8211; <strong>Tel. +33 (0) 1 44 94 94 50<\/strong><\/p>\n<p><a href=\"https:\/\/groupeidec-invest.com\/\" target=\"_blank\" rel=\"noopener noreferrer\">Sitio web<\/a> | <a href=\"https:\/\/www.groupeidec.com\/references\/\">Referencias<\/a>[\/vc_column_text][\/vc_column_inner][\/vc_row_inner][\/vc_column][\/vc_row][vc_row bg_type=\u00bbcolor\u00bb padding_top_multiplier=\u00bb2x\u00bb padding_bottom_multiplier=\u00bb\u00bb bg_color=\u00bb#ffffff\u00bb][vc_column css=\u00bb.vc_custom_1582793858135{margin-bottom: 60px !important;}\u00bb]<div class=\"grve-element grve-divider grve-animated-item grve-fade-in-up grve-duration-normal grve-align-center\" style=\"padding-bottom: 20px;\" data-delay=\"200\"><span class=\"grve-custom-divider grve-bg-primary-1\" style=\"width: 50px;height: 2px;\"><\/span><\/div><h2 class=\"grve-element grve-title grve-align-center grve-animated-item grve-duration-normal grve-fade-in-up grve-h3\" style=\"\" data-delay=\"400\"><span>DISE\u00d1ADORES \/ CONSTRUCTORES IMPLICADOS<\/span><\/h2>[\/vc_column][\/vc_row][vc_row bg_type=\u00bbgradient\u00bb bg_gradient_color_1=\u00bbrgba(255,255,255,0.9)\u00bb bg_gradient_color_2=\u00bbrgba(243,243,243,0.9)\u00bb bg_gradient_direction=\u00bb180&#8243; padding_top_multiplier=\u00bb\u00bb padding_bottom_multiplier=\u00bb\u00bb columns_gap=\u00bb60&#8243; equal_column_height=\u00bbequal-column\u00bb mobile_equal_column_height=\u00bbfalse\u00bb][vc_column width=\u00bb1\/2&#8243;][vc_row_inner el_class=\u00bbidec-shadow\u00bb css=\u00bb.vc_custom_1582797996807{margin-bottom: 20px !important;}\u00bb][vc_column_inner css=\u00bb.vc_custom_1620147062811{background-image: url(https:\/\/www.groupeidec.com\/wp-content\/uploads\/2019\/01\/Fond-IDEC.jpg?id=44196) !important;background-position: center !important;background-repeat: no-repeat !important;background-size: cover !important;}\u00bb el_class=\u00bbgrey-bckg\u00bb]<div class=\"grve-element grve-image degrd img-logo-international grve-align-center\" style=\"\">  <div class=\"grve-image-wrapper grve-shadow-medium grve-with-shadow\"><img loading=\"lazy\" decoding=\"async\" width=\"100\" height=\"100\" src=\"https:\/\/www.groupeidec.com\/wp-content\/uploads\/2021\/05\/logo-fd-transp-100pxH-idec.png\" class=\"attachment-full size-full\" alt=\"\" \/>   <\/div><\/div>[\/vc_column_inner][\/vc_row_inner]<h3 class=\"grve-element grve-title grve-align-left grve-h5\" style=\"\"><span>L\u00cdDER DE LA INMOBILIARIA LOG\u00cdSTICA<\/span><\/h3>[vc_column_text css=\u00bb.vc_custom_1624611159037{margin-bottom: 20px !important;}\u00bb]<\/p>\n<p style=\"text-align: justify;\">IDEC, filial hist\u00f3rica de GROUPE IDEC, es la referencia en el dise\u00f1o y construcci\u00f3n llave en mano de inmobiliaria log\u00edstica, industrial y terciaria. Ofrece a sus clientes una soluci\u00f3n a la medida, desde el dise\u00f1o hasta la construcci\u00f3n, adem\u00e1s del mantenimiento.<\/p>\n<p>IDEC &#8211; 3 rue Copernic &#8211; CS 83425 La chauss\u00e9e Saint Victor, 41034 BLOIS CEDEX &#8211; <strong>Tel. +33 (0) 254 74 54 26<\/strong><\/p>\n<p><a class=\"grve-modal-popup\" href=\"#midec\">V\u00eddeo de presentaci\u00f3n<\/a> | <a href=\"https:\/\/www.idec-ingenierie.com\/\" target=\"_blank\" rel=\"noopener noreferrer\">Sitio web<\/a> | <a href=\"https:\/\/www.groupeidec.com\/references\/#logistique-multi-temperatures\">Referencias<\/a>[\/vc_column_text][vc_row_inner el_class=\u00bbbouton-metier\u00bb][vc_column_inner]\t\t\t<div class=\"grve-modal-element mfp-hide\" id=\"midec\">\r\n\t\t\t\t<div class=\"grve-section\">\r\n\t\t\t\t\t<div class=\"grve-container\">\r\n\t\t\t\t\t\t<div class=\"grve-row grve-columns-gap-30\">\r\n\t\t\t\t\t\t\t<div class=\"grve-column grve-column-1\">\r\n\t\t\t\t\t\t\t<div class=\"grve-element grve-video\" style=\"\"><iframe loading=\"lazy\" title=\"A la d\u00e9couverte d\u2019IDEC | Clip 2018\" width=\"1080\" height=\"608\" src=\"https:\/\/www.youtube.com\/embed\/WWv7bhN0xy0?feature=oembed\" frameborder=\"0\" allow=\"accelerometer; autoplay; clipboard-write; encrypted-media; gyroscope; picture-in-picture\" allowfullscreen><\/iframe><\/div>\t\t\t\t\t\t\t<\/div>\r\n\t\t\t\t\t\t<\/div>\r\n\t\t\t\t\t<\/div>\r\n\t\t\t\t<\/div>\r\n\t\t\t<\/div>\r\n\t\t[\/vc_column_inner][\/vc_row_inner][\/vc_column][vc_column width=\u00bb1\/2&#8243;][vc_row_inner el_class=\u00bbidec-shadow\u00bb css=\u00bb.vc_custom_1582797996807{margin-bottom: 20px !important;}\u00bb][vc_column_inner css=\u00bb.vc_custom_1620147033398{background-image: url(https:\/\/www.groupeidec.com\/wp-content\/uploads\/2019\/01\/Fond-PHARMADEC.jpg?id=44199) !important;background-position: center !important;background-repeat: no-repeat !important;background-size: cover !important;}\u00bb el_class=\u00bbgrey-bckg\u00bb]<div class=\"grve-element grve-image degrd img-logo-international grve-align-center\" style=\"\">  <div class=\"grve-image-wrapper grve-shadow-medium grve-with-shadow\"><img loading=\"lazy\" decoding=\"async\" width=\"100\" height=\"100\" src=\"https:\/\/www.groupeidec.com\/wp-content\/uploads\/2021\/05\/logo-fd-transp-100pxH-idec-sante.png\" class=\"attachment-full size-full\" alt=\"\" \/>   <\/div><\/div>[\/vc_column_inner][\/vc_row_inner]<h3 class=\"grve-element grve-title grve-align-left grve-h5\" style=\"\"><span>ESPECIALISTA EN LOS SECTORES DE LA SALUD, LAS CIENCIAS BIOL\u00d3GICAS Y LA COSM\u00c9TICA<\/span><\/h3>[vc_column_text css=\u00bb.vc_custom_1624611222657{margin-bottom: 20px !important;}\u00bb]<\/p>\n<p style=\"text-align: justify;\">IDEC SANT\u00c9 es experta en el dise\u00f1o y la construcci\u00f3n llave en mano de bienes inmuebles para las empresas dedicadas a las ciencias biol\u00f3gicas y al bienestar. Especialista en el control de la contaminaci\u00f3n mediante la ejecuci\u00f3n de salas blancas, realiza laboratorios, plantas de producci\u00f3n farmac\u00e9utica, centros asistenciales y farmacias hospitalarias.<\/p>\n<p>IDEC SANTE &#8211; 3 rue Copernic \u2013 CS 83425 La chauss\u00e9e Saint Victor, 41034 BLOIS CEDEX &#8211; <strong>Tel. +33 (0) 254 74 99 02<\/strong><\/p>\n<p><a class=\"grve-modal-popup\" href=\"#midecsante\">V\u00eddeo de presentaci\u00f3n<\/a> | <a href=\"https:\/\/www.idec-sante.com\/\" target=\"_blank\" rel=\"noopener noreferrer\">Sitio web<\/a> | <a href=\"https:\/\/www.groupeidec.com\/references\/\">Referencias<\/a>[\/vc_column_text][vc_row_inner el_class=\u00bbbouton-metier\u00bb][vc_column_inner]\t\t\t<div class=\"grve-modal-element mfp-hide\" id=\"midecsante\">\r\n\t\t\t\t<div class=\"grve-section\">\r\n\t\t\t\t\t<div class=\"grve-container\">\r\n\t\t\t\t\t\t<div class=\"grve-row grve-columns-gap-30\">\r\n\t\t\t\t\t\t\t<div class=\"grve-column grve-column-1\">\r\n\t\t\t\t\t\t\t<div class=\"grve-element grve-video\" style=\"\"><iframe loading=\"lazy\" title=\"A la d\u00e9couverte d&#039;IDEC SANTE | Clip 2019\" width=\"1080\" height=\"608\" src=\"https:\/\/www.youtube.com\/embed\/I_31NAG0FhU?feature=oembed\" frameborder=\"0\" allow=\"accelerometer; autoplay; clipboard-write; encrypted-media; gyroscope; picture-in-picture\" allowfullscreen><\/iframe><\/div>\t\t\t\t\t\t\t<\/div>\r\n\t\t\t\t\t\t<\/div>\r\n\t\t\t\t\t<\/div>\r\n\t\t\t\t<\/div>\r\n\t\t\t<\/div>\r\n\t\t[\/vc_column_inner][\/vc_row_inner][\/vc_column][vc_column width=\u00bb1\/2&#8243;][vc_row_inner el_class=\u00bbidec-shadow\u00bb css=\u00bb.vc_custom_1582797996807{margin-bottom: 20px !important;}\u00bb][vc_column_inner css=\u00bb.vc_custom_1620147006038{background-image: url(https:\/\/www.groupeidec.com\/wp-content\/uploads\/2019\/01\/Fond-FC.jpg?id=44184) !important;background-position: center !important;background-repeat: no-repeat !important;background-size: cover !important;}\u00bb el_class=\u00bbgrey-bckg\u00bb]<div class=\"grve-element grve-image degrd img-logo-international grve-align-center\" style=\"\">  <div class=\"grve-image-wrapper grve-shadow-medium grve-with-shadow\"><img loading=\"lazy\" decoding=\"async\" width=\"100\" height=\"100\" src=\"https:\/\/www.groupeidec.com\/wp-content\/uploads\/2021\/09\/idec-grand-sud-transp-100.png\" class=\"attachment-full size-full\" alt=\"\" \/>   <\/div><\/div>[\/vc_column_inner][\/vc_row_inner]<h3 class=\"grve-element grve-title grve-align-left grve-h5\" style=\"\"><span>CONSTRUCTORA DE BIENES INMUEBLES EMPRESARIALES Y RESIDENCIALES<\/span><\/h3>[vc_column_text css=\u00bb.vc_custom_1632694973078{margin-bottom: 20px !important;}\u00bb]<\/p>\n<p style=\"text-align: justify;\">IDEC GRAND SUD, dise\u00f1adora y constructora llave en mano de bienes inmuebles para empresas y de espacios de vida, acompa\u00f1a a sus clientes en la realizaci\u00f3n de sus proyectos. Sus equipos dominan todas las exigencias derivadas de este tipo de edificios: plataformas log\u00edsticas, oficinas, edificios industriales o de actividades, espacios colaborativos, residencias de estudiantes, centros asistenciales o residencias de la tercera edad.<\/p>\n<p>IDEC GRAND SUD &#8211; ZAC de l\u2019A\u00e9roport &#8211; 99 Impasse Adam Smith \u2013 CS 41000 &#8211; 34473 PEROLS CEDEX &#8211; <strong>Tel. +33 (0) 430 71 10 80<\/strong><\/p>\n<p><a class=\"grve-modal-popup\" href=\"#msequabat\">V\u00eddeo de presentaci\u00f3n<\/a> | <a href=\"https:\/\/www.idec-grandsud.com\/\" target=\"_blank\" rel=\"noopener noreferrer\">Sitio web<\/a> | <a href=\"https:\/\/www.groupeidec.com\/references\/\">Referencias<\/a>[\/vc_column_text][vc_row_inner el_class=\u00bbbouton-metier\u00bb][vc_column_inner]\t\t\t<div class=\"grve-modal-element mfp-hide\" id=\"msequabat\">\r\n\t\t\t\t<div class=\"grve-section\">\r\n\t\t\t\t\t<div class=\"grve-container\">\r\n\t\t\t\t\t\t<div class=\"grve-row grve-columns-gap-30\">\r\n\t\t\t\t\t\t\t<div class=\"grve-column grve-column-1\">\r\n\t\t\t\t\t\t\t<div class=\"grve-element grve-video\" style=\"\"><iframe loading=\"lazy\" title=\"\u00c0 la d\u00e9couverte d&#039;IDEC GRAND SUD\" width=\"1080\" height=\"608\" src=\"https:\/\/www.youtube.com\/embed\/wduMBqJ8vIk?feature=oembed\" frameborder=\"0\" allow=\"accelerometer; autoplay; clipboard-write; encrypted-media; gyroscope; picture-in-picture\" allowfullscreen><\/iframe><\/div>\t\t\t\t\t\t\t<\/div>\r\n\t\t\t\t\t\t<\/div>\r\n\t\t\t\t\t<\/div>\r\n\t\t\t\t<\/div>\r\n\t\t\t<\/div>\r\n\t\t[\/vc_column_inner][\/vc_row_inner][\/vc_column][vc_column width=\u00bb1\/2&#8243;][vc_row_inner el_class=\u00bbidec-shadow\u00bb css=\u00bb.vc_custom_1582797996807{margin-bottom: 20px !important;}\u00bb][vc_column_inner css=\u00bb.vc_custom_1620146974705{background-image: url(https:\/\/www.groupeidec.com\/wp-content\/uploads\/2019\/01\/Fond-THEBAULT.jpg?id=44205) !important;background-position: center !important;background-repeat: no-repeat !important;background-size: cover !important;}\u00bb el_class=\u00bbgrey-bckg\u00bb]<div class=\"grve-element grve-image degrd img-logo-international grve-align-center\" style=\"\">  <div class=\"grve-image-wrapper grve-shadow-medium grve-with-shadow\"><img loading=\"lazy\" decoding=\"async\" width=\"100\" height=\"100\" src=\"https:\/\/www.groupeidec.com\/wp-content\/uploads\/2021\/05\/logo-fd-transp-100pxH-agro.png\" class=\"attachment-full size-full\" alt=\"\" \/>   <\/div><\/div>[\/vc_column_inner][\/vc_row_inner]<h3 class=\"grve-element grve-title grve-align-left grve-h5\" style=\"\"><span>INMOBILIARIA DE LA INDUSTRIA AGROALIMENTARIA<\/span><\/h3>[vc_column_text css=\u00bb.vc_custom_1624611369095{margin-bottom: 20px !important;}\u00bb]<\/p>\n<p style=\"text-align: justify;\">IDEC AGRO &amp; Factory dise\u00f1a y construye f\u00e1bricas agroalimentarias llave en mano. Al reunir todos sus equipos en torno a un mismo proyecto es capaz de aportar a sus clientes una oferta a la medida que incluye todas las exigencias de la industria.<\/p>\n<p>IDEC AGRO &amp; Factory &#8211; 4 b Rue des Buttes &#8211; CS 17 732 &#8211; 35577 CESSON-SEVIGNE CEDEX &#8211; <strong>Tel. +33 (0) 2 99 41 81 81<\/strong><\/p>\n<p><a class=\"grve-modal-popup\" href=\"#midecagro\">V\u00eddeo de presentaci\u00f3n<\/a> | <a href=\"https:\/\/www.idec-agro.com\/\" target=\"_blank\" rel=\"noopener noreferrer\">Sitio web<\/a> | <a href=\"https:\/\/www.groupeidec.com\/references\/#agroalimentaire\">Referencias<\/a>[\/vc_column_text][vc_row_inner el_class=\u00bbbouton-metier\u00bb][vc_column_inner]\t\t\t<div class=\"grve-modal-element mfp-hide\" id=\"midecagro\">\r\n\t\t\t\t<div class=\"grve-section\">\r\n\t\t\t\t\t<div class=\"grve-container\">\r\n\t\t\t\t\t\t<div class=\"grve-row grve-columns-gap-30\">\r\n\t\t\t\t\t\t\t<div class=\"grve-column grve-column-1\">\r\n\t\t\t\t\t\t\t<div class=\"grve-element grve-video\" style=\"\"><iframe loading=\"lazy\" title=\"A la d\u00e9couverte de IDEC AGRO &amp; Factory | Clip 2019\" width=\"1080\" height=\"608\" src=\"https:\/\/www.youtube.com\/embed\/8MEtRXA2BRM?feature=oembed\" frameborder=\"0\" allow=\"accelerometer; autoplay; clipboard-write; encrypted-media; gyroscope; picture-in-picture\" allowfullscreen><\/iframe><\/div>\t\t\t\t\t\t\t<\/div>\r\n\t\t\t\t\t\t<\/div>\r\n\t\t\t\t\t<\/div>\r\n\t\t\t\t<\/div>\r\n\t\t\t<\/div>\r\n\t\t[\/vc_column_inner][\/vc_row_inner][vc_row_inner][vc_column_inner mobile_width=\u00bbhide\u00bb]<div class=\"grve-empty-space grve-height-2x\" style=\"\"><\/div>[\/vc_column_inner][\/vc_row_inner][\/vc_column][vc_column width=\u00bb1\/2&#8243;][vc_row_inner el_class=\u00bbidec-shadow\u00bb css=\u00bb.vc_custom_1582797996807{margin-bottom: 20px !important;}\u00bb][vc_column_inner css=\u00bb.vc_custom_1620146950214{background-image: url(https:\/\/www.groupeidec.com\/wp-content\/uploads\/2019\/01\/Fond-CECIA.jpg?id=44181) !important;background-position: center !important;background-repeat: no-repeat !important;background-size: cover !important;}\u00bb el_class=\u00bbgrey-bckg\u00bb]<div class=\"grve-element grve-image degrd img-logo-international grve-align-center\" style=\"\">  <div class=\"grve-image-wrapper grve-shadow-medium grve-with-shadow\"><img loading=\"lazy\" decoding=\"async\" width=\"100\" height=\"100\" src=\"https:\/\/www.groupeidec.com\/wp-content\/uploads\/2021\/05\/logo-fd-transp-100pxH-cecia.png\" class=\"attachment-full size-full\" alt=\"\" \/>   <\/div><\/div>[\/vc_column_inner][\/vc_row_inner]<h3 class=\"grve-element grve-title grve-align-left grve-h5\" style=\"\"><span>EXPERTA EN EDIFICIOS Y PROCESOS DE LAS F\u00c1BRICAS AGROALIMENTARIAS<\/span><\/h3>[vc_column_text css=\u00bb.vc_custom_1624611431167{margin-bottom: 20px !important;}\u00bb]<\/p>\n<p style=\"text-align: justify;\">CECIA act\u00faa con las grandes empresas agroalimentarias en proyectos de reacondicionamiento, adecuaci\u00f3n a las normas o construcci\u00f3n nueva. Para ello se apoya en su propia oficina t\u00e9cnica y en sus equipos de obras para ofrecer a sus clientes una soluci\u00f3n a la medida que integra exigencias de productividad, procesos, normas, seguridad y medio ambiente.<\/p>\n<p>CECIA &#8211; 4 Rue Albin Haller &#8211; P\u00f4le R\u00e9publique 2 \u2013 BP 61003 &#8211; 86060 POITIERS CEDEX 9 &#8211; <strong>Tel. +33 (0) 549 88 85 57<\/strong><\/p>\n<p><a href=\"https:\/\/www.cecia.fr\/\" target=\"_blank\" rel=\"noopener noreferrer\">Sitio web<\/a> | <a href=\"https:\/\/www.groupeidec.com\/references\/#agroalimentaire\">Referencias<\/a>[\/vc_column_text][\/vc_column][vc_column width=\u00bb1\/2&#8243;][vc_row_inner el_class=\u00bbidec-shadow\u00bb css=\u00bb.vc_custom_1582797996807{margin-bottom: 20px !important;}\u00bb][vc_column_inner css=\u00bb.vc_custom_1620146925499{background-image: url(https:\/\/www.groupeidec.com\/wp-content\/uploads\/2019\/01\/Fond-GEDOUIN.jpg?id=44193) !important;background-position: center !important;background-repeat: no-repeat !important;background-size: cover !important;}\u00bb el_class=\u00bbgrey-bckg\u00bb]<div class=\"grve-element grve-image degrd img-logo-international grve-align-center\" style=\"\">  <div class=\"grve-image-wrapper grve-shadow-medium grve-with-shadow\"><img loading=\"lazy\" decoding=\"async\" width=\"100\" height=\"100\" src=\"https:\/\/www.groupeidec.com\/wp-content\/uploads\/2021\/05\/logo-fd-transp-100pxH-gedouin.png\" class=\"attachment-full size-full\" alt=\"\" \/>   <\/div><\/div>[\/vc_column_inner][\/vc_row_inner]<h3 class=\"grve-element grve-title grve-align-left grve-h5\" style=\"\"><span>ESPECIALISTA T\u00c9CNICA EN F\u00c1BRICAS AGROALIMENTARIAS<\/span><\/h3>[vc_column_text css=\u00bb.vc_custom_1624611490269{margin-bottom: 20px !important;}\u00bb]<\/p>\n<p style=\"text-align: justify;\">GEDOUIN acompa\u00f1a a la industria agroalimentaria con sus competencias y la experiencia acumulada con sus clientes en la direcci\u00f3n de proyectos t\u00e9cnicos. Con sus recursos internos la empresa acompa\u00f1a a sus clientes desde la fase de estudio hasta la ejecuci\u00f3n.<\/p>\n<p>GEDOUIN INGENIERIE &#8211; 3 Impasse de la Vigie &#8211; BP 118 &#8211; 35407 ST-MALO Cedex &#8211; <strong>Tel. +33 (0) 299 20 02 60<\/strong><\/p>\n<p><a href=\"https:\/\/www.gedouin-ingenierie.com\/\" target=\"_blank\" rel=\"noopener noreferrer\">Sitio web<\/a> | <a href=\"https:\/\/www.groupeidec.com\/references\/\">Referencias<\/a>[\/vc_column_text][vc_row_inner][vc_column_inner mobile_width=\u00bbhide\u00bb]<div class=\"grve-empty-space grve-height-2x\" style=\"\"><\/div>[\/vc_column_inner][\/vc_row_inner][\/vc_column][vc_column width=\u00bb1\/2&#8243;][vc_row_inner el_class=\u00bbidec-shadow\u00bb css=\u00bb.vc_custom_1582797996807{margin-bottom: 20px !important;}\u00bb][vc_column_inner css=\u00bb.vc_custom_1620146887777{background-image: url(https:\/\/www.groupeidec.com\/wp-content\/uploads\/2020\/02\/Fond-ER2i.jpg?id=227483) !important;background-position: center !important;background-repeat: no-repeat !important;background-size: cover !important;}\u00bb el_class=\u00bbgrey-bckg\u00bb]<div class=\"grve-element grve-image degrd img-logo-international grve-align-center\" style=\"\">  <div class=\"grve-image-wrapper grve-shadow-medium grve-with-shadow\"><img loading=\"lazy\" decoding=\"async\" width=\"100\" height=\"100\" src=\"https:\/\/www.groupeidec.com\/wp-content\/uploads\/2021\/05\/logo-fd-transp-100pxH-er2i.png\" class=\"attachment-full size-full\" alt=\"\" \/>   <\/div><\/div>[\/vc_column_inner][\/vc_row_inner]<h3 class=\"grve-element grve-title grve-align-left grve-h5\" style=\"\"><span>LA ALTA TECNOLOG\u00cdA AL SERVICIO DE LA SALUD<\/span><\/h3>[vc_column_text css=\u00bb.vc_custom_1624611544832{margin-bottom: 20px !important;}\u00bb]<\/p>\n<p style=\"text-align: justify;\">ER2I es una ingenier\u00eda que acompa\u00f1a a las empresas del sector sanitario, de la investigaci\u00f3n, de ciencias biol\u00f3gicas y de la alta tecnolog\u00eda en el dise\u00f1o y la realizaci\u00f3n de sus proyectos inmobiliarios. Se apoya en sus recursos internos para dirigir \u00edntegramente los proyectos t\u00e9cnicos, desde f\u00e1bricas farmac\u00e9uticas a centros de investigaci\u00f3n, pasando por quir\u00f3fanos.<\/p>\n<p><a href=\"https:\/\/www.er2i.eu\/fr\/\" target=\"_blank\" rel=\"noopener noreferrer\">Sitio web<\/a> | <a href=\"https:\/\/www.groupeidec.com\/references\/\">Referencias<\/a>[\/vc_column_text][\/vc_column][vc_column width=\u00bb1\/2&#8243; heading_color=\u00bblight\u00bb text_align=\u00bbcenter\u00bb font_color=\u00bb#ffffff\u00bb][vc_row_inner][vc_column_inner css=\u00bb.vc_custom_1582803224614{margin-bottom: 30px !important;padding-top: 60px !important;padding-right: 30px !important;padding-bottom: 60px !important;padding-left: 30px !important;background-color: #ef4030 !important;}\u00bb el_class=\u00bbidec-shadow\u00bb]<h3 class=\"grve-element grve-title grve-align-center grve-h5\" style=\"\"><span>\u00bfUN PROYECTO?<\/span><\/h3>[vc_column_text css=\u00bb.vc_custom_1624611607774{margin-bottom: 20px !important;}\u00bb]\u00bfDesea construir un edificio, recibir informaci\u00f3n sobre nuestros proyectos inmobiliarios, vender un terreno o incluso desarrollar un proyecto con nosotros?[\/vc_column_text]<div class=\"grve-element grve-align-center\"><a href=\"https:\/\/www.groupeidec.com\/es\/contact\/\" class=\"grve-btn grve-btn-medium grve-square grve-bg-white grve-bg-hover-black\"><span>P\u00f3ngase en contacto con nosotros<\/span><\/a><\/div>[\/vc_column_inner][\/vc_row_inner][\/vc_column][\/vc_row][vc_row bg_type=\u00bbgradient\u00bb bg_gradient_color_1=\u00bbrgba(255,255,255,0.9)\u00bb bg_gradient_color_2=\u00bb#f4f4f4&#8243; bg_gradient_direction=\u00bb180&#8243; padding_top_multiplier=\u00bb2x\u00bb padding_bottom_multiplier=\u00bb2x\u00bb][vc_column css=\u00bb.vc_custom_1582793858135{margin-bottom: 60px !important;}\u00bb]<div class=\"grve-element grve-divider grve-animated-item grve-fade-in-up grve-duration-normal grve-align-center\" style=\"padding-bottom: 20px;\" data-delay=\"200\"><span class=\"grve-custom-divider grve-bg-primary-1\" style=\"width: 50px;height: 2px;\"><\/span><\/div><h2 class=\"grve-element grve-title grve-align-center grve-animated-item grve-duration-normal grve-fade-in-up grve-h3\" style=\"margin-bottom: 30px;\" data-delay=\"400\"><span>CREADOR DE SOLUCIONES ENERG\u00c9TICAS<\/span><\/h2>[\/vc_column][vc_column][vc_row_inner css=\u00bb.vc_custom_1582794391508{margin-bottom: 20px !important;}\u00bb][vc_column_inner width=\u00bb1\/3&#8243; css=\u00bb.vc_custom_1622848614816{margin-bottom: 20px !important;background-image: url(https:\/\/www.groupeidec.com\/wp-content\/uploads\/2020\/12\/GROUPE-IDEC-createur-de-solutions-energetiques.jpg?id=312747) !important;background-position: center !important;background-repeat: no-repeat !important;background-size: cover !important;}\u00bb el_class=\u00bbidec-shadow grey-bckg\u00bb]<div class=\"grve-element grve-image degrd img-logo-international grve-align-center\" style=\"\">  <div class=\"grve-image-wrapper grve-shadow-medium grve-with-shadow\"><img loading=\"lazy\" decoding=\"async\" width=\"175\" height=\"100\" src=\"https:\/\/www.groupeidec.com\/wp-content\/uploads\/2021\/05\/logo-fd-transp-175Lx100H-idec-energy.png\" class=\"attachment-full size-full\" alt=\"\" \/>   <\/div><\/div>[\/vc_column_inner][vc_column_inner width=\u00bb2\/3&#8243;]<h3 class=\"grve-element grve-title grve-align-left grve-h5\" style=\"\"><span>LA ENERG\u00cdA, UN NUEVO RECURSO EN SUS PROYECTOS<\/span><\/h3>[vc_column_text css=\u00bb.vc_custom_1624611694812{margin-bottom: 20px !important;}\u00bb]<\/p>\n<p style=\"text-align: justify;\">Apoy\u00e1ndose en las diferentes filiales de GROUPE IDEC, IDEC ENERGY ofrece soluciones energ\u00e9ticas innovadoras. Sus equipos reinventan la energ\u00eda y sus usos en parques o edificios creando ecosistemas y edificios de energ\u00eda positiva, \u00fanicamente de origen sostenible y persiguiendo el balance cero en las emisiones de carbono.<\/p>\n<p style=\"text-align: justify;\">IDEC ENERGY \u2013 37 avenue Pierre 1er de Serbie, 75008 PARIS &#8211; <strong>Tel. +33 (0) 772 24 22 34<\/strong><\/p>\n<p><a href=\"https:\/\/www.groupeidec.com\/references\/\">Referencias<\/a>[\/vc_column_text][\/vc_column_inner][\/vc_row_inner][\/vc_column][\/vc_row][vc_row section_type=\u00bbfullwidth\u00bb padding_top_multiplier=\u00bb3x\u00bb padding_bottom_multiplier=\u00bb\u00bb columns_gap=\u00bbnone\u00bb equal_column_height=\u00bbequal-column\u00bb kswr_row_top_decor_enabled=\u00bbfalse\u00bb kswr_row_bottom_decor_enabled=\u00bbfalse\u00bb el_class=\u00bbgal-bot\u00bb][vc_column text_align=\u00bbcenter\u00bb][vc_empty_space height=\u00bb10px\u00bb]<div class=\"grve-element grve-divider grve-animated-item grve-fade-in-up grve-duration-normal grve-align-center\" style=\"padding-bottom: 20px;\" data-delay=\"200\"><span class=\"grve-custom-divider grve-bg-primary-1\" style=\"width: 50px;height: 2px;\"><\/span><\/div><div class=\"grve-element grve-title grve-align-center grve-animated-item grve-duration-normal grve-fade-in-up grve-h4\" style=\"margin-bottom: 10px;\" data-delay=\"400\"><span>NUESTRAS PRINCIPALES REFERENCIAS<\/span><\/div>[vc_empty_space height=\u00bb15px\u00bb][\/vc_column][\/vc_row][vc_row section_type=\u00bbfullwidth\u00bb padding_top_multiplier=\u00bb\u00bb padding_bottom_multiplier=\u00bb2x\u00bb columns_gap=\u00bbnone\u00bb][vc_column clipping_animation=\u00bbclipping-left\u00bb]<div class=\"grve-element grve-carousel grve-layout-1 grve-with-gap\" style=\"margin-bottom: 30px;\">  <div class=\"grve-carousel-wrapper\">    <div class=\"grve-carousel-element grve-gallery-popup gallery-deg\" data-items=\"4\" data-items-tablet-landscape=\"3\" data-items-tablet-portrait=\"2\" data-items-mobile=\"1\" data-slider-autoplay=\"yes\" data-slider-speed=\"3000\" data-slider-pause=\"yes\" data-pagination-speed=\"400\" data-pagination=\"yes\" data-slider-loop=\"yes\" data-gutter-size=\"2\"><div class=\"grve-carousel-item grve-hover-item grve-hover-style-4\">  <figure class=\"grve-image-hover grve-zoom-out grve-grayscale-image-hover\">    <a class=\"grve-item-url\" href=\"https:\/\/www.groupeidec.com\/wp-content\/uploads\/2021\/05\/Saint-Ouen-922x720-1.jpg\"  data-title=\"THE ONE\" aria-label=\"THE ONE\" data-desc=\"Conjunto residencial \/ 289 apartamentos \u2013 Saint-Ouen (Francia)\"><\/a>    <div class=\"grve-hover-overlay grve-bg-light grve-opacity-0\"><\/div><div class=\"grve-media\"><img loading=\"lazy\" decoding=\"async\" width=\"560\" height=\"420\" src=\"https:\/\/www.groupeidec.com\/wp-content\/uploads\/2021\/05\/Saint-Ouen-922x720-1-560x420.jpg\" class=\"attachment-movedo-grve-small-rect-horizontal size-movedo-grve-small-rect-horizontal\" alt=\"\" srcset=\"https:\/\/www.groupeidec.com\/wp-content\/uploads\/2021\/05\/Saint-Ouen-922x720-1-560x420.jpg 560w, https:\/\/www.groupeidec.com\/wp-content\/uploads\/2021\/05\/Saint-Ouen-922x720-1-900x675.jpg 900w\" sizes=\"auto, (max-width: 560px) 100vw, 560px\" \/><\/div><figcaption class=\"grve-content grve-align-center grve-box-item grve-bg-black\"><h4 class=\"grve-title grve-h5 grve-text-white\">THE ONE<\/h4><div class=\"grve-description grve-text-inherit\">Conjunto residencial \/ 289 apartamentos \u2013 Saint-Ouen (Francia)<\/div><\/figcaption>  <\/figure><\/div><div class=\"grve-carousel-item grve-hover-item grve-hover-style-4\">  <figure class=\"grve-image-hover grve-zoom-out grve-grayscale-image-hover\">    <a class=\"grve-item-url\" href=\"https:\/\/www.groupeidec.com\/wp-content\/uploads\/2021\/05\/BDO.jpg\"  data-title=\"BDO FRANCIA\" aria-label=\"BDO FRANCIA\" data-desc=\"Sede social \u2013 3.700 m\u00b2 - Par\u00eds (Francia)\"><\/a>    <div class=\"grve-hover-overlay grve-bg-light grve-opacity-0\"><\/div><div class=\"grve-media\"><img loading=\"lazy\" decoding=\"async\" width=\"560\" height=\"420\" src=\"https:\/\/www.groupeidec.com\/wp-content\/uploads\/2021\/05\/BDO-560x420.jpg\" class=\"attachment-movedo-grve-small-rect-horizontal size-movedo-grve-small-rect-horizontal\" alt=\"\" srcset=\"https:\/\/www.groupeidec.com\/wp-content\/uploads\/2021\/05\/BDO-560x420.jpg 560w, https:\/\/www.groupeidec.com\/wp-content\/uploads\/2021\/05\/BDO-900x675.jpg 900w\" sizes=\"auto, (max-width: 560px) 100vw, 560px\" \/><\/div><figcaption class=\"grve-content grve-align-center grve-box-item grve-bg-black\"><h4 class=\"grve-title grve-h5 grve-text-white\">BDO FRANCIA<\/h4><div class=\"grve-description grve-text-inherit\">Sede social \u2013 3.700 m\u00b2 &#8211; Par\u00eds (Francia)<\/div><\/figcaption>  <\/figure><\/div><div class=\"grve-carousel-item grve-hover-item grve-hover-style-4\">  <figure class=\"grve-image-hover grve-zoom-out grve-grayscale-image-hover\">    <a class=\"grve-item-url\" href=\"https:\/\/www.groupeidec.com\/wp-content\/uploads\/2020\/12\/CAVAILLON.jpg\"  data-title=\"NATURA\u2019LUB\" aria-label=\"NATURA\u2019LUB\" data-desc=\"Parque log\u00edstico y de actividades - 20.000 MWh\/a\u00f1o - Cavaillon (Francia)\"><\/a>    <div class=\"grve-hover-overlay grve-bg-light grve-opacity-0\"><\/div><div class=\"grve-media\"><img loading=\"lazy\" decoding=\"async\" width=\"560\" height=\"420\" src=\"https:\/\/www.groupeidec.com\/wp-content\/uploads\/2020\/12\/CAVAILLON-560x420.jpg\" class=\"attachment-movedo-grve-small-rect-horizontal size-movedo-grve-small-rect-horizontal\" alt=\"\" srcset=\"https:\/\/www.groupeidec.com\/wp-content\/uploads\/2020\/12\/CAVAILLON-560x420.jpg 560w, https:\/\/www.groupeidec.com\/wp-content\/uploads\/2020\/12\/CAVAILLON-900x675.jpg 900w\" sizes=\"auto, (max-width: 560px) 100vw, 560px\" \/><\/div><figcaption class=\"grve-content grve-align-center grve-box-item grve-bg-black\"><h4 class=\"grve-title grve-h5 grve-text-white\">NATURA\u2019LUB<\/h4><div class=\"grve-description grve-text-inherit\">Parque log\u00edstico y de actividades &#8211; 20.000 MWh\/a\u00f1o &#8211; Cavaillon (Francia)<\/div><\/figcaption>  <\/figure><\/div><div class=\"grve-carousel-item grve-hover-item grve-hover-style-4\">  <figure class=\"grve-image-hover grve-zoom-out grve-grayscale-image-hover\">    <a class=\"grve-item-url\" href=\"https:\/\/www.groupeidec.com\/wp-content\/uploads\/2021\/05\/ADEO-Fos-sur-Mer.jpg\"  data-title=\"ADEO\" aria-label=\"ADEO\" data-desc=\"Plataforma log\u00edstica - 1.600 MWh\/a\u00f1o - Fos-sur-Mer (Francia)\"><\/a>    <div class=\"grve-hover-overlay grve-bg-light grve-opacity-0\"><\/div><div class=\"grve-media\"><img loading=\"lazy\" decoding=\"async\" width=\"560\" height=\"420\" src=\"https:\/\/www.groupeidec.com\/wp-content\/uploads\/2021\/05\/ADEO-Fos-sur-Mer-560x420.jpg\" class=\"attachment-movedo-grve-small-rect-horizontal size-movedo-grve-small-rect-horizontal\" alt=\"\" srcset=\"https:\/\/www.groupeidec.com\/wp-content\/uploads\/2021\/05\/ADEO-Fos-sur-Mer-560x420.jpg 560w, https:\/\/www.groupeidec.com\/wp-content\/uploads\/2021\/05\/ADEO-Fos-sur-Mer-900x675.jpg 900w\" sizes=\"auto, (max-width: 560px) 100vw, 560px\" \/><\/div><figcaption class=\"grve-content grve-align-center grve-box-item grve-bg-black\"><h4 class=\"grve-title grve-h5 grve-text-white\">ADEO<\/h4><div class=\"grve-description grve-text-inherit\">Plataforma log\u00edstica &#8211; 1.600 MWh\/a\u00f1o &#8211; Fos-sur-Mer (Francia)<\/div><\/figcaption>  <\/figure><\/div><div class=\"grve-carousel-item grve-hover-item grve-hover-style-4\">  <figure class=\"grve-image-hover grve-zoom-out grve-grayscale-image-hover\">    <a class=\"grve-item-url\" href=\"https:\/\/www.groupeidec.com\/wp-content\/uploads\/2021\/05\/Prologis.jpg\"  data-title=\"PROLOGIS\" aria-label=\"PROLOGIS\" data-desc=\"Plataforma log\u00edstica - 100.000 m\u00b2 - Moissy-Cramayel (Francia)\"><\/a>    <div class=\"grve-hover-overlay grve-bg-light grve-opacity-0\"><\/div><div class=\"grve-media\"><img loading=\"lazy\" decoding=\"async\" width=\"560\" height=\"420\" src=\"https:\/\/www.groupeidec.com\/wp-content\/uploads\/2021\/05\/Prologis-560x420.jpg\" class=\"attachment-movedo-grve-small-rect-horizontal size-movedo-grve-small-rect-horizontal\" alt=\"\" srcset=\"https:\/\/www.groupeidec.com\/wp-content\/uploads\/2021\/05\/Prologis-560x420.jpg 560w, https:\/\/www.groupeidec.com\/wp-content\/uploads\/2021\/05\/Prologis-900x675.jpg 900w\" sizes=\"auto, (max-width: 560px) 100vw, 560px\" \/><\/div><figcaption class=\"grve-content grve-align-center grve-box-item grve-bg-black\"><h4 class=\"grve-title grve-h5 grve-text-white\">PROLOGIS<\/h4><div class=\"grve-description grve-text-inherit\">Plataforma log\u00edstica &#8211; 100.000 m\u00b2 &#8211; Moissy-Cramayel (Francia)<\/div><\/figcaption>  <\/figure><\/div><div class=\"grve-carousel-item grve-hover-item grve-hover-style-4\">  <figure class=\"grve-image-hover grve-zoom-out grve-grayscale-image-hover\">    <a class=\"grve-item-url\" href=\"https:\/\/www.groupeidec.com\/wp-content\/uploads\/2021\/05\/Synutra.jpg\"  data-title=\"SYNUTRA\" aria-label=\"SYNUTRA\" data-desc=\"F\u00e1brica agroalimentaria \u2013 39.500 m\u00b2 - Carhaix-Plouguer (Francia)\"><\/a>    <div class=\"grve-hover-overlay grve-bg-light grve-opacity-0\"><\/div><div class=\"grve-media\"><img loading=\"lazy\" decoding=\"async\" width=\"560\" height=\"420\" src=\"https:\/\/www.groupeidec.com\/wp-content\/uploads\/2021\/05\/Synutra-560x420.jpg\" class=\"attachment-movedo-grve-small-rect-horizontal size-movedo-grve-small-rect-horizontal\" alt=\"\" srcset=\"https:\/\/www.groupeidec.com\/wp-content\/uploads\/2021\/05\/Synutra-560x420.jpg 560w, https:\/\/www.groupeidec.com\/wp-content\/uploads\/2021\/05\/Synutra-900x675.jpg 900w\" sizes=\"auto, (max-width: 560px) 100vw, 560px\" \/><\/div><figcaption class=\"grve-content grve-align-center grve-box-item grve-bg-black\"><h4 class=\"grve-title grve-h5 grve-text-white\">SYNUTRA<\/h4><div class=\"grve-description grve-text-inherit\">F\u00e1brica agroalimentaria \u2013 39.500 m\u00b2 &#8211; Carhaix-Plouguer (Francia)<\/div><\/figcaption>  <\/figure><\/div><div class=\"grve-carousel-item grve-hover-item grve-hover-style-4\">  <figure class=\"grve-image-hover grve-zoom-out grve-grayscale-image-hover\">    <a class=\"grve-item-url\" href=\"https:\/\/www.groupeidec.com\/wp-content\/uploads\/2021\/05\/Chiesi-La-Chaussee-Saint-Victor.jpg\"  data-title=\"CHIESI\" aria-label=\"CHIESI\" data-desc=\"Planta farmac\u00e9utica - 7.300 m\u00b2 - La Chauss\u00e9e-Saint-Victor (Francia)\"><\/a>    <div class=\"grve-hover-overlay grve-bg-light grve-opacity-0\"><\/div><div class=\"grve-media\"><img loading=\"lazy\" decoding=\"async\" width=\"560\" height=\"420\" src=\"https:\/\/www.groupeidec.com\/wp-content\/uploads\/2021\/05\/Chiesi-La-Chaussee-Saint-Victor-560x420.jpg\" class=\"attachment-movedo-grve-small-rect-horizontal size-movedo-grve-small-rect-horizontal\" alt=\"\" srcset=\"https:\/\/www.groupeidec.com\/wp-content\/uploads\/2021\/05\/Chiesi-La-Chaussee-Saint-Victor-560x420.jpg 560w, https:\/\/www.groupeidec.com\/wp-content\/uploads\/2021\/05\/Chiesi-La-Chaussee-Saint-Victor-900x675.jpg 900w\" sizes=\"auto, (max-width: 560px) 100vw, 560px\" \/><\/div><figcaption class=\"grve-content grve-align-center grve-box-item grve-bg-black\"><h4 class=\"grve-title grve-h5 grve-text-white\">CHIESI<\/h4><div class=\"grve-description grve-text-inherit\">Planta farmac\u00e9utica &#8211; 7.300 m\u00b2 &#8211; La Chauss\u00e9e-Saint-Victor (Francia)<\/div><\/figcaption>  <\/figure><\/div><div class=\"grve-carousel-item grve-hover-item grve-hover-style-4\">  <figure class=\"grve-image-hover grve-zoom-out grve-grayscale-image-hover\">    <a class=\"grve-item-url\" href=\"https:\/\/www.groupeidec.com\/wp-content\/uploads\/2021\/05\/Cea.jpg\"  data-title=\"CEA\" aria-label=\"CEA\" data-desc=\"Centro de investigaci\u00f3n de alta tecnolog\u00eda \u2013 3.200 m\u00b2 - Grenoble (Francia)\"><\/a>    <div class=\"grve-hover-overlay grve-bg-light grve-opacity-0\"><\/div><div class=\"grve-media\"><img loading=\"lazy\" decoding=\"async\" width=\"560\" height=\"420\" src=\"https:\/\/www.groupeidec.com\/wp-content\/uploads\/2021\/05\/Cea-560x420.jpg\" class=\"attachment-movedo-grve-small-rect-horizontal size-movedo-grve-small-rect-horizontal\" alt=\"\" srcset=\"https:\/\/www.groupeidec.com\/wp-content\/uploads\/2021\/05\/Cea-560x420.jpg 560w, https:\/\/www.groupeidec.com\/wp-content\/uploads\/2021\/05\/Cea-900x675.jpg 900w\" sizes=\"auto, (max-width: 560px) 100vw, 560px\" \/><\/div><figcaption class=\"grve-content grve-align-center grve-box-item grve-bg-black\"><h4 class=\"grve-title grve-h5 grve-text-white\">CEA<\/h4><div class=\"grve-description grve-text-inherit\">Centro de investigaci\u00f3n de alta tecnolog\u00eda \u2013 3.200 m\u00b2 &#8211; Grenoble (Francia)<\/div><\/figcaption>  <\/figure><\/div><div class=\"grve-carousel-item grve-hover-item grve-hover-style-4\">  <figure class=\"grve-image-hover grve-zoom-out grve-grayscale-image-hover\">    <a class=\"grve-item-url\" href=\"https:\/\/www.groupeidec.com\/wp-content\/uploads\/2021\/05\/Kube-hotel.jpg\"  data-title=\"KUBE HOTEL\" aria-label=\"KUBE HOTEL\" data-desc=\"Complejo hotelero de 5 estrellas \u2013 1.400 m\u00b2 - Gassin (Francia)\"><\/a>    <div class=\"grve-hover-overlay grve-bg-light grve-opacity-0\"><\/div><div class=\"grve-media\"><img loading=\"lazy\" decoding=\"async\" width=\"560\" height=\"420\" src=\"https:\/\/www.groupeidec.com\/wp-content\/uploads\/2021\/05\/Kube-hotel-560x420.jpg\" class=\"attachment-movedo-grve-small-rect-horizontal size-movedo-grve-small-rect-horizontal\" alt=\"\" srcset=\"https:\/\/www.groupeidec.com\/wp-content\/uploads\/2021\/05\/Kube-hotel-560x420.jpg 560w, https:\/\/www.groupeidec.com\/wp-content\/uploads\/2021\/05\/Kube-hotel-900x675.jpg 900w\" sizes=\"auto, (max-width: 560px) 100vw, 560px\" \/><\/div><figcaption class=\"grve-content grve-align-center grve-box-item grve-bg-black\"><h4 class=\"grve-title grve-h5 grve-text-white\">KUBE HOTEL<\/h4><div class=\"grve-description grve-text-inherit\">Complejo hotelero de 5 estrellas \u2013 1.400 m\u00b2 &#8211; Gassin (Francia)<\/div><\/figcaption>  <\/figure><\/div><div class=\"grve-carousel-item grve-hover-item grve-hover-style-4\">  <figure class=\"grve-image-hover grve-zoom-out grve-grayscale-image-hover\">    <a class=\"grve-item-url\" href=\"https:\/\/www.groupeidec.com\/wp-content\/uploads\/2021\/05\/Bureaux-et-co.jpg\"  data-title=\"BUREAUX &amp; CO\" aria-label=\"BUREAUX &amp; CO\" data-desc=\"Espacio colaborativo \u2013 3.200 m\u00b2 - Saint Herblain (Francia)\"><\/a>    <div class=\"grve-hover-overlay grve-bg-light grve-opacity-0\"><\/div><div class=\"grve-media\"><img loading=\"lazy\" decoding=\"async\" width=\"560\" height=\"420\" src=\"https:\/\/www.groupeidec.com\/wp-content\/uploads\/2021\/05\/Bureaux-et-co-560x420.jpg\" class=\"attachment-movedo-grve-small-rect-horizontal size-movedo-grve-small-rect-horizontal\" alt=\"\" srcset=\"https:\/\/www.groupeidec.com\/wp-content\/uploads\/2021\/05\/Bureaux-et-co-560x420.jpg 560w, https:\/\/www.groupeidec.com\/wp-content\/uploads\/2021\/05\/Bureaux-et-co-900x675.jpg 900w\" sizes=\"auto, (max-width: 560px) 100vw, 560px\" \/><\/div><figcaption class=\"grve-content grve-align-center grve-box-item grve-bg-black\"><h4 class=\"grve-title grve-h5 grve-text-white\">BUREAUX &#038; CO<\/h4><div class=\"grve-description grve-text-inherit\">Espacio colaborativo \u2013 3.200 m\u00b2 &#8211; Saint Herblain (Francia)<\/div><\/figcaption>  <\/figure><\/div><div class=\"grve-carousel-item grve-hover-item grve-hover-style-4\">  <figure class=\"grve-image-hover grve-zoom-out grve-grayscale-image-hover\">    <a class=\"grve-item-url\" href=\"https:\/\/www.groupeidec.com\/wp-content\/uploads\/2021\/05\/bmw.jpg\"  data-title=\"BMW\" aria-label=\"BMW\"><\/a>    <div class=\"grve-hover-overlay grve-bg-light grve-opacity-0\"><\/div><div class=\"grve-media\"><img loading=\"lazy\" decoding=\"async\" width=\"560\" height=\"420\" src=\"https:\/\/www.groupeidec.com\/wp-content\/uploads\/2021\/05\/bmw-560x420.jpg\" class=\"attachment-movedo-grve-small-rect-horizontal size-movedo-grve-small-rect-horizontal\" alt=\"\" srcset=\"https:\/\/www.groupeidec.com\/wp-content\/uploads\/2021\/05\/bmw-560x420.jpg 560w, https:\/\/www.groupeidec.com\/wp-content\/uploads\/2021\/05\/bmw-900x675.jpg 900w\" sizes=\"auto, (max-width: 560px) 100vw, 560px\" \/><\/div><figcaption class=\"grve-content grve-align-center grve-box-item grve-bg-black\"><h4 class=\"grve-title grve-h5 grve-text-white\">BMW<\/h4><\/figcaption>  <\/figure><\/div><div class=\"grve-carousel-item grve-hover-item grve-hover-style-4\">  <figure class=\"grve-image-hover grve-zoom-out grve-grayscale-image-hover\">    <a class=\"grve-item-url\" href=\"https:\/\/www.groupeidec.com\/wp-content\/uploads\/2021\/05\/rolls-royce.jpg\"  data-title=\"ROLLS ROYCE\" aria-label=\"ROLLS ROYCE\" data-desc=\"Edificio de actividades \u2013 2.158 m\u00b2 - Mondragon (Francia)\"><\/a>    <div class=\"grve-hover-overlay grve-bg-light grve-opacity-0\"><\/div><div class=\"grve-media\"><img loading=\"lazy\" decoding=\"async\" width=\"560\" height=\"420\" src=\"https:\/\/www.groupeidec.com\/wp-content\/uploads\/2021\/05\/rolls-royce-560x420.jpg\" class=\"attachment-movedo-grve-small-rect-horizontal size-movedo-grve-small-rect-horizontal\" alt=\"\" srcset=\"https:\/\/www.groupeidec.com\/wp-content\/uploads\/2021\/05\/rolls-royce-560x420.jpg 560w, https:\/\/www.groupeidec.com\/wp-content\/uploads\/2021\/05\/rolls-royce-900x675.jpg 900w\" sizes=\"auto, (max-width: 560px) 100vw, 560px\" \/><\/div><figcaption class=\"grve-content grve-align-center grve-box-item grve-bg-black\"><h4 class=\"grve-title grve-h5 grve-text-white\">ROLLS ROYCE<\/h4><div class=\"grve-description grve-text-inherit\">Edificio de actividades \u2013 2.158 m\u00b2 &#8211; Mondragon (Francia)<\/div><\/figcaption>  <\/figure><\/div><div class=\"grve-carousel-item grve-hover-item grve-hover-style-4\">  <figure class=\"grve-image-hover grve-zoom-out grve-grayscale-image-hover\">    <a class=\"grve-item-url\" href=\"https:\/\/www.groupeidec.com\/wp-content\/uploads\/2021\/05\/Lidl.jpg\"  data-title=\"LIDL\" aria-label=\"LIDL\" data-desc=\"Plataforma log\u00edstica \/ 26.000 m\u00b2 \/ Chanteloup-les-Vignes (Francia)\"><\/a>    <div class=\"grve-hover-overlay grve-bg-light grve-opacity-0\"><\/div><div class=\"grve-media\"><img loading=\"lazy\" decoding=\"async\" width=\"560\" height=\"420\" src=\"https:\/\/www.groupeidec.com\/wp-content\/uploads\/2021\/05\/Lidl-560x420.jpg\" class=\"attachment-movedo-grve-small-rect-horizontal size-movedo-grve-small-rect-horizontal\" alt=\"\" srcset=\"https:\/\/www.groupeidec.com\/wp-content\/uploads\/2021\/05\/Lidl-560x420.jpg 560w, https:\/\/www.groupeidec.com\/wp-content\/uploads\/2021\/05\/Lidl-900x675.jpg 900w\" sizes=\"auto, (max-width: 560px) 100vw, 560px\" \/><\/div><figcaption class=\"grve-content grve-align-center grve-box-item grve-bg-black\"><h4 class=\"grve-title grve-h5 grve-text-white\">LIDL<\/h4><div class=\"grve-description grve-text-inherit\">Plataforma log\u00edstica \/ 26.000 m\u00b2 \/ Chanteloup-les-Vignes (Francia)<\/div><\/figcaption>  <\/figure><\/div>\t  <\/div>\t<\/div><\/div><div class=\"grve-element grve-align-center\"><a href=\"\/references\/\" class=\"grve-btn grve-btn-large grve-btn-underline grve-text-primary-1 grve-text-hover-primary-1\"><span>&gt; Todas nuestras referencias<span class=\"grve-btn-bottom-line grve-bg-primary-2\"><\/span><\/span><\/a><\/div>[\/vc_column][\/vc_row][vc_row bg_type=\u00bbimage\u00bb bg_image=\u00bb1279&#8243; bg_image_type=\u00bbfixed\u00bb pattern_overlay=\u00bbyes\u00bb padding_top_multiplier=\u00bb2x\u00bb padding_bottom_multiplier=\u00bb2x\u00bb columns_gap=\u00bbnone\u00bb kswr_row_top_decor_enabled=\u00bbfalse\u00bb kswr_row_bottom_decor_enabled=\u00bbfalse\u00bb][vc_column heading_color=\u00bblight\u00bb text_align=\u00bbcenter\u00bb font_color=\u00bb#ffffff\u00bb z_index=\u00bb10&#8243;][vc_row_inner][vc_column_inner]<div class=\"grve-element grve-divider grve-animated-item grve-fade-in-up grve-duration-normal grve-align-center\" style=\"padding-bottom: 20px;\" data-delay=\"200\"><span class=\"grve-custom-divider grve-bg-white\" style=\"width: 50px;height: 2px;\"><\/span><\/div><h3 class=\"grve-element grve-title grve-align-center grve-animated-item grve-duration-normal grve-fade-in-up grve-h4\" style=\"margin-bottom: 30px;\" data-delay=\"400\"><span>Nuestra presencia<\/span><\/h3><div class=\"grve-element grve-align-center grve-animated-item grve-fade-in-up grve-duration-normal dinline\" data-delay=\"400\"><a href=\"\/es\/europe\/\" class=\"grve-btn grve-btn-large grve-square grve-bg-white grve-bg-hover-black grve-btn-line\" style=\"margin-bottom: 20px;\"><span>EUROPA<\/span><\/a><\/div><div class=\"grve-element grve-align-center grve-animated-item grve-fade-in-up grve-duration-normal dinline\" data-delay=\"600\"><a href=\"\/es\/asie\/\" class=\"grve-btn grve-btn-large grve-square grve-bg-white grve-bg-hover-black grve-btn-line\" style=\"margin-bottom: 20px;\"><span>ASIA<\/span><\/a><\/div>[\/vc_column_inner][\/vc_row_inner][\/vc_column][\/vc_row]<\/p>\n<\/div>","protected":false},"excerpt":{"rendered":"<p>[vc_row heading_color=\u00bblight\u00bb bg_type=\u00bbhosted_video\u00bb bg_image=\u00bb5352&#8243; bg_video_loop=\u00bbno\u00bb color_overlay=\u00bbdark\u00bb opacity_overlay=\u00bb40&#8243; padding_top_multiplier=\u00bb6x\u00bb padding_bottom_multiplier=\u00bb6x\u00bb separator_bottom=\u00bblarge-triangle-separator\u00bb separator_bottom_size=\u00bb60px\u00bb font_color=\u00bb#ffffff\u00bb kswr_row_top_decor_enabled=\u00bbfalse\u00bb kswr_row_bottom_decor_enabled=\u00bbfalse\u00bb bg_video_webm=\u00bbhttps:\/\/www.groupeidec.com\/wp-content\/uploads\/2018\/11\/Video-header-Implantations-Groupe-IDEC.webm\u00bb bg_video_mp4=\u00bbhttps:\/\/www.groupeidec.com\/wp-content\/uploads\/2018\/11\/Video-header-Implantations-Groupe-IDEC.mp4&#8243; bg_video_ogv=\u00bbhttps:\/\/www.groupeidec.com\/wp-content\/uploads\/2018\/11\/Video-header-Implantations-Groupe-IDEC.ogv\u00bb][vc_column vertical_content_position=\u00bbmiddle\u00bb][\/vc_column][\/vc_row][vc_row bg_type=\u00bbgradient\u00bb bg_gradient_color_1=\u00bbrgba(255,255,255,0.9)\u00bb bg_gradient_color_2=\u00bb#e8e8e8&#8243; bg_gradient_direction=\u00bb180&#8243; padding_top_multiplier=\u00bb\u00bb padding_bottom_multiplier=\u00bb\u00bb kswr_row_top_decor_enabled=\u00bbfalse\u00bb kswr_row_bottom_decor_enabled=\u00bbfalse\u00bb][vc_column width=\u00bb1\/2&#8243;][vc_row_inner css=\u00bb.vc_custom_1540300579162{margin-top: 0px !important;margin-bottom: 0px !important;}\u00bb][vc_column_inner tablet_width=\u00bbhide\u00bb tablet_sm_width=\u00bbhide\u00bb mobile_width=\u00bbhide\u00bb css=\u00bb.vc_custom_1540300595906{margin-top: 0px !important;margin-bottom: 0px !important;}\u00bb][\/vc_column_inner][\/vc_row_inner][vc_column_text animation=\u00bbgrve-fade-in-up\u00bb animation_delay=\u00bb600&#8243;] GROUPE IDEC, presente en Francia desde hace una veintena de a\u00f1os, acompa\u00f1a a [&hellip;]<\/p>\n","protected":false},"author":1,"featured_media":5354,"parent":0,"menu_order":0,"comment_status":"closed","ping_status":"closed","template":"","meta":{"inline_featured_image":false,"footnotes":""},"class_list":["post-315720","page","type-page","status-publish","has-post-thumbnail","hentry"],"yoast_head":"<!-- This site is optimized with the Yoast SEO plugin v27.4 - https:\/\/yoast.com\/product\/yoast-seo-wordpress\/ -->\n<title>Francia | GROUPE IDEC<\/title>\n<meta name=\"description\" content=\"GROUPE IDEC, presente en Francia desde hace una veintena de a\u00f1os, acompa\u00f1a a sus clientes en la concreci\u00f3n de sus proyectos inmobiliarios m\u00e1s ambiciosos. Con una red completa que abarca todo el territorio, sus filiales aportan una respuesta a la medida y adaptada a las corporaciones municipales, a las empresas y a los particulares.\" \/>\n<meta name=\"robots\" content=\"index, follow, max-snippet:-1, max-image-preview:large, max-video-preview:-1\" \/>\n<link rel=\"canonical\" href=\"https:\/\/www.groupeidec.com\/es\/francia\/\" \/>\n<meta property=\"og:locale\" content=\"es_ES\" \/>\n<meta property=\"og:type\" content=\"article\" \/>\n<meta property=\"og:title\" content=\"Francia | GROUPE IDEC\" \/>\n<meta property=\"og:description\" content=\"GROUPE IDEC, presente en Francia desde hace una veintena de a\u00f1os, acompa\u00f1a a sus clientes en la concreci\u00f3n de sus proyectos inmobiliarios m\u00e1s ambiciosos. Con una red completa que abarca todo el territorio, sus filiales aportan una respuesta a la medida y adaptada a las corporaciones municipales, a las empresas y a los particulares.\" \/>\n<meta property=\"og:url\" content=\"https:\/\/www.groupeidec.com\/es\/francia\/\" \/>\n<meta property=\"og:site_name\" content=\"Groupe IDEC\" \/>\n<meta property=\"article:publisher\" content=\"https:\/\/www.facebook.com\/groupeidec\/\" \/>\n<meta property=\"article:modified_time\" content=\"2024-03-07T08:58:44+00:00\" \/>\n<meta property=\"og:image\" content=\"https:\/\/www.groupeidec.com\/wp-content\/uploads\/2018\/10\/Devanture-LaFactory.jpg\" \/>\n\t<meta property=\"og:image:width\" content=\"1272\" \/>\n\t<meta property=\"og:image:height\" content=\"716\" \/>\n\t<meta property=\"og:image:type\" content=\"image\/jpeg\" \/>\n<meta name=\"twitter:card\" content=\"summary_large_image\" \/>\n<meta name=\"twitter:label1\" content=\"Tiempo de lectura\" \/>\n\t<meta name=\"twitter:data1\" content=\"11 minutos\" \/>\n<script type=\"application\/ld+json\" class=\"yoast-schema-graph\">{\"@context\":\"https:\\\/\\\/schema.org\",\"@graph\":[{\"@type\":\"WebPage\",\"@id\":\"https:\\\/\\\/www.groupeidec.com\\\/es\\\/francia\\\/\",\"url\":\"https:\\\/\\\/www.groupeidec.com\\\/es\\\/francia\\\/\",\"name\":\"Francia | GROUPE IDEC\",\"isPartOf\":{\"@id\":\"https:\\\/\\\/www.groupeidec.com\\\/es\\\/#website\"},\"primaryImageOfPage\":{\"@id\":\"https:\\\/\\\/www.groupeidec.com\\\/es\\\/francia\\\/#primaryimage\"},\"image\":{\"@id\":\"https:\\\/\\\/www.groupeidec.com\\\/es\\\/francia\\\/#primaryimage\"},\"thumbnailUrl\":\"https:\\\/\\\/www.groupeidec.com\\\/wp-content\\\/uploads\\\/2018\\\/10\\\/Devanture-LaFactory.jpg\",\"datePublished\":\"2021-05-04T16:54:07+00:00\",\"dateModified\":\"2024-03-07T08:58:44+00:00\",\"description\":\"GROUPE IDEC, presente en Francia desde hace una veintena de a\u00f1os, acompa\u00f1a a sus clientes en la concreci\u00f3n de sus proyectos inmobiliarios m\u00e1s ambiciosos. Con una red completa que abarca todo el territorio, sus filiales aportan una respuesta a la medida y adaptada a las corporaciones municipales, a las empresas y a los particulares.\",\"breadcrumb\":{\"@id\":\"https:\\\/\\\/www.groupeidec.com\\\/es\\\/francia\\\/#breadcrumb\"},\"inLanguage\":\"es\",\"potentialAction\":[{\"@type\":\"ReadAction\",\"target\":[\"https:\\\/\\\/www.groupeidec.com\\\/es\\\/francia\\\/\"]}]},{\"@type\":\"ImageObject\",\"inLanguage\":\"es\",\"@id\":\"https:\\\/\\\/www.groupeidec.com\\\/es\\\/francia\\\/#primaryimage\",\"url\":\"https:\\\/\\\/www.groupeidec.com\\\/wp-content\\\/uploads\\\/2018\\\/10\\\/Devanture-LaFactory.jpg\",\"contentUrl\":\"https:\\\/\\\/www.groupeidec.com\\\/wp-content\\\/uploads\\\/2018\\\/10\\\/Devanture-LaFactory.jpg\",\"width\":1272,\"height\":716},{\"@type\":\"BreadcrumbList\",\"@id\":\"https:\\\/\\\/www.groupeidec.com\\\/es\\\/francia\\\/#breadcrumb\",\"itemListElement\":[{\"@type\":\"ListItem\",\"position\":1,\"name\":\"Accueil\",\"item\":\"https:\\\/\\\/www.groupeidec.com\\\/es\\\/\"},{\"@type\":\"ListItem\",\"position\":2,\"name\":\"Francia\"}]},{\"@type\":\"WebSite\",\"@id\":\"https:\\\/\\\/www.groupeidec.com\\\/es\\\/#website\",\"url\":\"https:\\\/\\\/www.groupeidec.com\\\/es\\\/\",\"name\":\"Groupe IDEC\",\"description\":\"A la fois am\u00e9nageur, promoteur, investisseur et concepteur-constructeur cl\u00e9 en main, le GROUPE IDEC est l&#039;un des rares acteurs globaux du march\u00e9 immobilier fran\u00e7ais, pr\u00e9sent sur tous ces m\u00e9tiers.\",\"potentialAction\":[{\"@type\":\"SearchAction\",\"target\":{\"@type\":\"EntryPoint\",\"urlTemplate\":\"https:\\\/\\\/www.groupeidec.com\\\/es\\\/?s={search_term_string}\"},\"query-input\":{\"@type\":\"PropertyValueSpecification\",\"valueRequired\":true,\"valueName\":\"search_term_string\"}}],\"inLanguage\":\"es\"}]}<\/script>\n<!-- \/ Yoast SEO plugin. -->","yoast_head_json":{"title":"Francia | GROUPE IDEC","description":"GROUPE IDEC, presente en Francia desde hace una veintena de a\u00f1os, acompa\u00f1a a sus clientes en la concreci\u00f3n de sus proyectos inmobiliarios m\u00e1s ambiciosos. Con una red completa que abarca todo el territorio, sus filiales aportan una respuesta a la medida y adaptada a las corporaciones municipales, a las empresas y a los particulares.","robots":{"index":"index","follow":"follow","max-snippet":"max-snippet:-1","max-image-preview":"max-image-preview:large","max-video-preview":"max-video-preview:-1"},"canonical":"https:\/\/www.groupeidec.com\/es\/francia\/","og_locale":"es_ES","og_type":"article","og_title":"Francia | GROUPE IDEC","og_description":"GROUPE IDEC, presente en Francia desde hace una veintena de a\u00f1os, acompa\u00f1a a sus clientes en la concreci\u00f3n de sus proyectos inmobiliarios m\u00e1s ambiciosos. Con una red completa que abarca todo el territorio, sus filiales aportan una respuesta a la medida y adaptada a las corporaciones municipales, a las empresas y a los particulares.","og_url":"https:\/\/www.groupeidec.com\/es\/francia\/","og_site_name":"Groupe IDEC","article_publisher":"https:\/\/www.facebook.com\/groupeidec\/","article_modified_time":"2024-03-07T08:58:44+00:00","og_image":[{"width":1272,"height":716,"url":"https:\/\/www.groupeidec.com\/wp-content\/uploads\/2018\/10\/Devanture-LaFactory.jpg","type":"image\/jpeg"}],"twitter_card":"summary_large_image","twitter_misc":{"Tiempo de lectura":"11 minutos"},"schema":{"@context":"https:\/\/schema.org","@graph":[{"@type":"WebPage","@id":"https:\/\/www.groupeidec.com\/es\/francia\/","url":"https:\/\/www.groupeidec.com\/es\/francia\/","name":"Francia | GROUPE IDEC","isPartOf":{"@id":"https:\/\/www.groupeidec.com\/es\/#website"},"primaryImageOfPage":{"@id":"https:\/\/www.groupeidec.com\/es\/francia\/#primaryimage"},"image":{"@id":"https:\/\/www.groupeidec.com\/es\/francia\/#primaryimage"},"thumbnailUrl":"https:\/\/www.groupeidec.com\/wp-content\/uploads\/2018\/10\/Devanture-LaFactory.jpg","datePublished":"2021-05-04T16:54:07+00:00","dateModified":"2024-03-07T08:58:44+00:00","description":"GROUPE IDEC, presente en Francia desde hace una veintena de a\u00f1os, acompa\u00f1a a sus clientes en la concreci\u00f3n de sus proyectos inmobiliarios m\u00e1s ambiciosos. Con una red completa que abarca todo el territorio, sus filiales aportan una respuesta a la medida y adaptada a las corporaciones municipales, a las empresas y a los particulares.","breadcrumb":{"@id":"https:\/\/www.groupeidec.com\/es\/francia\/#breadcrumb"},"inLanguage":"es","potentialAction":[{"@type":"ReadAction","target":["https:\/\/www.groupeidec.com\/es\/francia\/"]}]},{"@type":"ImageObject","inLanguage":"es","@id":"https:\/\/www.groupeidec.com\/es\/francia\/#primaryimage","url":"https:\/\/www.groupeidec.com\/wp-content\/uploads\/2018\/10\/Devanture-LaFactory.jpg","contentUrl":"https:\/\/www.groupeidec.com\/wp-content\/uploads\/2018\/10\/Devanture-LaFactory.jpg","width":1272,"height":716},{"@type":"BreadcrumbList","@id":"https:\/\/www.groupeidec.com\/es\/francia\/#breadcrumb","itemListElement":[{"@type":"ListItem","position":1,"name":"Accueil","item":"https:\/\/www.groupeidec.com\/es\/"},{"@type":"ListItem","position":2,"name":"Francia"}]},{"@type":"WebSite","@id":"https:\/\/www.groupeidec.com\/es\/#website","url":"https:\/\/www.groupeidec.com\/es\/","name":"Groupe IDEC","description":"A la fois am\u00e9nageur, promoteur, investisseur et concepteur-constructeur cl\u00e9 en main, le GROUPE IDEC est l&#039;un des rares acteurs globaux du march\u00e9 immobilier fran\u00e7ais, pr\u00e9sent sur tous ces m\u00e9tiers.","potentialAction":[{"@type":"SearchAction","target":{"@type":"EntryPoint","urlTemplate":"https:\/\/www.groupeidec.com\/es\/?s={search_term_string}"},"query-input":{"@type":"PropertyValueSpecification","valueRequired":true,"valueName":"search_term_string"}}],"inLanguage":"es"}]}},"_links":{"self":[{"href":"https:\/\/www.groupeidec.com\/es\/wp-json\/wp\/v2\/pages\/315720","targetHints":{"allow":["GET"]}}],"collection":[{"href":"https:\/\/www.groupeidec.com\/es\/wp-json\/wp\/v2\/pages"}],"about":[{"href":"https:\/\/www.groupeidec.com\/es\/wp-json\/wp\/v2\/types\/page"}],"author":[{"embeddable":true,"href":"https:\/\/www.groupeidec.com\/es\/wp-json\/wp\/v2\/users\/1"}],"replies":[{"embeddable":true,"href":"https:\/\/www.groupeidec.com\/es\/wp-json\/wp\/v2\/comments?post=315720"}],"version-history":[{"count":11,"href":"https:\/\/www.groupeidec.com\/es\/wp-json\/wp\/v2\/pages\/315720\/revisions"}],"predecessor-version":[{"id":320148,"href":"https:\/\/www.groupeidec.com\/es\/wp-json\/wp\/v2\/pages\/315720\/revisions\/320148"}],"wp:featuredmedia":[{"embeddable":true,"href":"https:\/\/www.groupeidec.com\/es\/wp-json\/wp\/v2\/media\/5354"}],"wp:attachment":[{"href":"https:\/\/www.groupeidec.com\/es\/wp-json\/wp\/v2\/media?parent=315720"}],"curies":[{"name":"wp","href":"https:\/\/api.w.org\/{rel}","templated":true}]}}