{"id":315727,"date":"2021-05-05T12:03:36","date_gmt":"2021-05-05T10:03:36","guid":{"rendered":"https:\/\/www.groupeidec.com\/europe\/"},"modified":"2025-10-10T11:05:51","modified_gmt":"2025-10-10T09:05:51","slug":"europa","status":"publish","type":"page","link":"https:\/\/www.groupeidec.com\/es\/europa\/","title":{"rendered":"Europa"},"content":{"rendered":"<div class=\"wpb-content-wrapper\"><p>[vc_row heading_color=\u00bblight\u00bb bg_type=\u00bbhosted_video\u00bb bg_image=\u00bb5352&#8243; bg_video_loop=\u00bbno\u00bb color_overlay=\u00bbdark\u00bb opacity_overlay=\u00bb40&#8243; padding_top_multiplier=\u00bb6x\u00bb padding_bottom_multiplier=\u00bb6x\u00bb separator_bottom=\u00bblarge-triangle-separator\u00bb separator_bottom_size=\u00bb60px\u00bb font_color=\u00bb#ffffff\u00bb kswr_row_top_decor_enabled=\u00bbfalse\u00bb kswr_row_bottom_decor_enabled=\u00bbfalse\u00bb bg_video_webm=\u00bbhttps:\/\/www.groupeidec.com\/wp-content\/uploads\/2018\/11\/Video-header-Implantations-Groupe-IDEC.webm\u00bb bg_video_mp4=\u00bbhttps:\/\/www.groupeidec.com\/wp-content\/uploads\/2018\/11\/Video-header-Implantations-Groupe-IDEC.mp4&#8243; bg_video_ogv=\u00bbhttps:\/\/www.groupeidec.com\/wp-content\/uploads\/2018\/11\/Video-header-Implantations-Groupe-IDEC.ogv\u00bb][vc_column vertical_content_position=\u00bbmiddle\u00bb]<h1 class=\"grve-element grve-title grve-align-center grve-h1 grve-increase-heading grve-heading-120\" style=\"\"><span>Europa<\/span><\/h1>[\/vc_column][\/vc_row][vc_row bg_type=\u00bbgradient\u00bb bg_gradient_color_1=\u00bb#ffffff\u00bb bg_gradient_color_2=\u00bb#f3f3f3&#8243; bg_gradient_direction=\u00bb180&#8243; padding_bottom_multiplier=\u00bb2x\u00bb columns_gap=\u00bb40&#8243; kswr_row_top_decor_enabled=\u00bbfalse\u00bb kswr_row_bottom_decor_enabled=\u00bbfalse\u00bb][vc_column width=\u00bb1\/2&#8243;][vc_row_inner css=\u00bb.vc_custom_1540300579162{margin-top: 0px !important;margin-bottom: 0px !important;}\u00bb][vc_column_inner tablet_width=\u00bbhide\u00bb tablet_sm_width=\u00bbhide\u00bb mobile_width=\u00bbhide\u00bb css=\u00bb.vc_custom_1540300595906{margin-top: 0px !important;margin-bottom: 0px !important;}\u00bb]<div class=\"grve-empty-space grve-height-1x grve-mobile-elmt-hide\" style=\"\"><\/div>[\/vc_column_inner][\/vc_row_inner]<div class=\"grve-element grve-divider grve-animated-item grve-fade-in-up grve-duration-normal grve-align-left\" style=\"padding-bottom: 20px;\" data-delay=\"200\"><span class=\"grve-custom-divider grve-bg-primary-1\" style=\"width: 50px;height: 2px;\"><\/span><\/div><h2 class=\"grve-element grve-title grve-align-left grve-animated-item grve-duration-normal grve-fade-in-up grve-h4\" style=\"\" data-delay=\"400\"><span>UN ACOMPA\u00d1AMIENTO GLOBAL<\/span><\/h2>[vc_column_text animation=\u00bbgrve-fade-in-up\u00bb animation_delay=\u00bb600&#8243;]<\/p>\n<p style=\"text-align: justify;\">Junto con sus filiales especializadas y sus socios presentes en Europa GROUPE IDEC aporta a sus clientes una respuesta a la medida para desarrollar, dise\u00f1ar y construir todo tipo de proyectos inmobiliarios.<\/p>\n<p style=\"text-align: justify;\">Parques de actividades, edificios log\u00edsticos, industriales, terciarios, comerciales o para el sector de las ciencias biol\u00f3gicas, la cosm\u00e9tica o la salud, todos los proyectos se benefician de los conocimientos adquiridos por GROUPE IDEC en Francia con grandes nombres del mundo corporativo. Ofrece un acompa\u00f1amiento global, de manera que sus clientes se pueden centrar por entero en el desarrollo de su propia actividad.<\/p>\n<p>[\/vc_column_text]<div class=\"grve-empty-space grve-height-2x grve-mobile-elmt-hide\" style=\"\"><\/div>[vc_row_inner][vc_column_inner tablet_width=\u00bbhide\u00bb tablet_sm_width=\u00bbhide\u00bb mobile_width=\u00bbhide\u00bb]<div class=\"grve-element grve-align-right grve-animated-item grve-fade-in-left grve-duration-normal rightbtngrid\" data-delay=\"800\"><a href=\"#\" class=\"grve-btn grve-btn-large grve-btn-underline grve-text-primary-1 grve-text-hover-primary-1\"><span>+ informaci\u00f3n al pasar el rat\u00f3n<span class=\"grve-btn-bottom-line grve-bg-white\"><\/span><\/span><\/a><\/div>[\/vc_column_inner][\/vc_row_inner][\/vc_column][vc_column width=\u00bb1\/2&#8243; clipping_animation=\u00bbclipping-left\u00bb animation_delay=\u00bb600&#8243;][mpc_interactive_image background_image=\u00bb314574&#8243; class=\u00bbombre\u00bb][mpc_hotspot preset=\u00bbmpc_preset_4&#8243; position=\u00bb40.895||57.404&#8243; icon_type=\u00bbimage\u00bb icon_image=\u00bb314883&#8243; background_color=\u00bb#ef4030&#8243; border_css=\u00bbborder-radius:999px;\u00bb padding_css=\u00bbpadding:1px;\u00bb hover_border_css=\u00bbborder-width:6px;border-color:#ef4030;border-style:solid;border-radius:999px;\u00bb mpc_tooltip__position=\u00bbleft\u00bb mpc_tooltip__show_effect=\u00bbslide\u00bb mpc_tooltip__font_preset=\u00bbmpc_preset_22&#8243; mpc_tooltip__font_color=\u00bb#f7f7f7&#8243; mpc_tooltip__font_size=\u00bb16&#8243; mpc_tooltip__font_line_height=\u00bb1.5&#8243; mpc_tooltip__font_transform=\u00bbcapitalize\u00bb mpc_tooltip__font_align=\u00bbcenter\u00bb mpc_tooltip__text=\u00bbJTNDaDQlMjBzdHlsZSUzRCUyMnRleHQtYWxpZ24lM0ElMjBjZW50ZXIlM0IlMjBmb250LXNpemUlM0ElMjAxNHB4JTNCJTIwbGluZS1oZWlnaHQlM0ElMjAwLjNlbSUzQiUyMGNvbG9yJTNBJTIzZjdmN2Y3JTNCbWFyZ2luLWJvdHRvbSUzQSUyMDAuNWVtJTNCJTIyJTNFJTIwRlJBTkNJQSUyMCUzQyUyRmg0JTNF\u00bb mpc_tooltip__background_color=\u00bb#ef4030&#8243; mpc_tooltip__padding_divider=\u00bbtrue\u00bb mpc_tooltip__padding_css=\u00bbpadding-top:10px;padding-right:20px;padding-bottom:20px;padding-left:20px;\u00bb animation_in_type=\u00bbtransition.slideRightIn\u00bb animation_in_offset=\u00bb100&#8243; animation_in_duration=\u00bb300&#8243; animation_in_delay=\u00bb1000&#8243; mpc_tooltip__margin_divider=\u00bb\u00bb][mpc_hotspot preset=\u00bbmpc_preset_4&#8243; position=\u00bb51.438||58.161&#8243; icon_type=\u00bbimage\u00bb icon_image=\u00bb314883&#8243; background_color=\u00bb#ef4030&#8243; border_css=\u00bbborder-radius:999px;\u00bb padding_css=\u00bbpadding:1px;\u00bb hover_border_css=\u00bbborder-width:6px;border-color:#ef4030;border-style:solid;border-radius:999px;\u00bb mpc_tooltip__show_effect=\u00bbslide\u00bb mpc_tooltip__font_preset=\u00bbmpc_preset_22&#8243; mpc_tooltip__font_color=\u00bb#f7f7f7&#8243; mpc_tooltip__font_size=\u00bb15&#8243; mpc_tooltip__font_line_height=\u00bb1.5&#8243; mpc_tooltip__font_transform=\u00bbcapitalize\u00bb mpc_tooltip__font_align=\u00bbcenter\u00bb mpc_tooltip__text=\u00bbJTNDaDQlMjBzdHlsZSUzRCUyMnRleHQtYWxpZ24lM0ElMjBjZW50ZXIlM0IlMjBmb250LXNpemUlM0ElMjAxNHB4JTNCJTIwbGluZS1oZWlnaHQlM0ElMjAwLjNlbSUzQiUyMGNvbG9yJTNBJTIzZjdmN2Y3JTNCbWFyZ2luLWJvdHRvbSUzQSUyMDAuNWVtJTNCJTIyJTNFJTIwU1VJWkElMjAlM0MlMkZoNCUzRQ==\u00bb mpc_tooltip__background_color=\u00bb#ef4030&#8243; mpc_tooltip__padding_divider=\u00bbtrue\u00bb mpc_tooltip__padding_css=\u00bbpadding-top:10px;padding-right:20px;padding-bottom:20px;padding-left:20px;\u00bb animation_in_type=\u00bbtransition.slideRightIn\u00bb animation_in_offset=\u00bb100&#8243; animation_in_duration=\u00bb300&#8243; animation_in_delay=\u00bb1200&#8243; mpc_tooltip__margin_divider=\u00bb\u00bb][mpc_hotspot preset=\u00bbmpc_preset_4&#8243; position=\u00bb57.934||74.216&#8243; icon_type=\u00bbimage\u00bb icon_image=\u00bb314883&#8243; background_color=\u00bb#ef4030&#8243; border_css=\u00bbborder-radius:999px;\u00bb padding_css=\u00bbpadding:1px;\u00bb hover_border_css=\u00bbborder-width:6px;border-color:#ef4030;border-style:solid;border-radius:999px;\u00bb mpc_tooltip__position=\u00bbright\u00bb mpc_tooltip__show_effect=\u00bbslide\u00bb mpc_tooltip__font_preset=\u00bbmpc_preset_22&#8243; mpc_tooltip__font_color=\u00bb#f7f7f7&#8243; mpc_tooltip__font_size=\u00bb15&#8243; mpc_tooltip__font_line_height=\u00bb1.5&#8243; mpc_tooltip__font_transform=\u00bbcapitalize\u00bb mpc_tooltip__font_align=\u00bbcenter\u00bb mpc_tooltip__text=\u00bbJTNDaDQlMjBzdHlsZSUzRCUyMnRleHQtYWxpZ24lM0ElMjBjZW50ZXIlM0IlMjBmb250LXNpemUlM0ElMjAxNHB4JTNCJTIwbGluZS1oZWlnaHQlM0ElMjAwLjNlbSUzQiUyMGNvbG9yJTNBJTIzZjdmN2Y3JTNCbWFyZ2luLWJvdHRvbSUzQSUyMDAuNWVtJTNCJTIyJTNFJTIwSVRBTElBJTIwJTNDJTJGaDQlM0U=\u00bb mpc_tooltip__background_color=\u00bb#ef4030&#8243; mpc_tooltip__padding_divider=\u00bbtrue\u00bb mpc_tooltip__padding_css=\u00bbpadding-top:10px;padding-right:20px;padding-bottom:20px;padding-left:20px;\u00bb animation_in_type=\u00bbtransition.slideDownIn\u00bb animation_in_offset=\u00bb100&#8243; animation_in_duration=\u00bb300&#8243; animation_in_delay=\u00bb1400&#8243; mpc_tooltip__margin_divider=\u00bb\u00bb][mpc_hotspot preset=\u00bbmpc_preset_4&#8243; position=\u00bb30.138||79.517&#8243; icon_type=\u00bbimage\u00bb icon_image=\u00bb314883&#8243; background_color=\u00bb#ef4030&#8243; border_css=\u00bbborder-radius:999px;\u00bb padding_css=\u00bbpadding:1px;\u00bb hover_border_css=\u00bbborder-width:6px;border-color:#ef4030;border-style:solid;border-radius:999px;\u00bb mpc_tooltip__position=\u00bbbottom\u00bb mpc_tooltip__show_effect=\u00bbslide\u00bb mpc_tooltip__font_preset=\u00bbmpc_preset_22&#8243; mpc_tooltip__font_color=\u00bb#f7f7f7&#8243; mpc_tooltip__font_size=\u00bb15&#8243; mpc_tooltip__font_line_height=\u00bb1.5&#8243; mpc_tooltip__font_transform=\u00bbnone\u00bb mpc_tooltip__font_align=\u00bbcenter\u00bb mpc_tooltip__text=\u00bbJTNDaDQlMjBzdHlsZSUzRCUyMnRleHQtYWxpZ24lM0ElMjBjZW50ZXIlM0IlMjBmb250LXNpemUlM0ElMjAxNHB4JTNCJTIwbGluZS1oZWlnaHQlM0ElMjAwLjNlbSUzQiUyMGNvbG9yJTNBJTIzZjdmN2Y3JTNCbWFyZ2luLWJvdHRvbSUzQSUyMDAuNWVtJTNCJTIyJTNFJTIwRVNQQSVDMyU5MUElMjAlM0MlMkZoNCUzRQ==\u00bb mpc_tooltip__background_color=\u00bb#ef4030&#8243; mpc_tooltip__padding_divider=\u00bbtrue\u00bb mpc_tooltip__padding_css=\u00bbpadding-top:10px;padding-right:20px;padding-bottom:20px;padding-left:20px;\u00bb animation_in_type=\u00bbtransition.slideRightIn\u00bb animation_in_offset=\u00bb100&#8243; animation_in_duration=\u00bb300&#8243; animation_in_delay=\u00bb1600&#8243; mpc_tooltip__margin_divider=\u00bb\u00bb][mpc_hotspot preset=\u00bbmpc_preset_4&#8243; position=\u00bb60.596||16.509&#8243; icon_type=\u00bbimage\u00bb icon_image=\u00bb314883&#8243; background_color=\u00bb#ef4030&#8243; border_css=\u00bbborder-radius:999px;\u00bb padding_css=\u00bbpadding:1px;\u00bb hover_border_css=\u00bbborder-width:6px;border-color:#ef4030;border-style:solid;border-radius:999px;\u00bb mpc_tooltip__position=\u00bbright\u00bb mpc_tooltip__show_effect=\u00bbslide\u00bb mpc_tooltip__enable_wide=\u00bbtrue\u00bb mpc_tooltip__font_preset=\u00bbmpc_preset_22&#8243; mpc_tooltip__font_color=\u00bb#f7f7f7&#8243; mpc_tooltip__font_size=\u00bb15&#8243; mpc_tooltip__font_line_height=\u00bb1.5&#8243; mpc_tooltip__font_transform=\u00bbcapitalize\u00bb mpc_tooltip__font_align=\u00bbcenter\u00bb mpc_tooltip__text=\u00bbJTNDaDQlMjBzdHlsZSUzRCUyMnRleHQtYWxpZ24lM0ElMjBjZW50ZXIlM0IlMjBmb250LXNpemUlM0ElMjAxNHB4JTNCJTIwbGluZS1oZWlnaHQlM0ElMjAwLjNlbSUzQiUyMGNvbG9yJTNBJTIzZjdmN2Y3JTNCbWFyZ2luLWJvdHRvbSUzQSUyMDAuNWVtJTNCJTIyJTNFJTIwU1VFQ0lBJTIwJTNDJTJGaDQlM0U=\u00bb mpc_tooltip__background_color=\u00bb#ef4030&#8243; mpc_tooltip__padding_divider=\u00bbtrue\u00bb mpc_tooltip__padding_css=\u00bbpadding-top:10px;padding-right:20px;padding-bottom:20px;padding-left:20px;\u00bb animation_in_type=\u00bbtransition.slideRightIn\u00bb animation_in_offset=\u00bb100&#8243; animation_in_duration=\u00bb300&#8243; animation_in_delay=\u00bb2000&#8243; mpc_tooltip__margin_divider=\u00bb\u00bb][mpc_hotspot preset=\u00bbmpc_preset_4&#8243; position=\u00bb66.454||50.740&#8243; icon_type=\u00bbimage\u00bb icon_image=\u00bb314883&#8243; background_color=\u00bb#ef4030&#8243; border_css=\u00bbborder-radius:999px;\u00bb padding_css=\u00bbpadding:1px;\u00bb hover_border_css=\u00bbborder-width:6px;border-color:#ef4030;border-style:solid;border-radius:999px;\u00bb mpc_tooltip__position=\u00bbright\u00bb mpc_tooltip__show_effect=\u00bbslide\u00bb mpc_tooltip__font_preset=\u00bbmpc_preset_22&#8243; mpc_tooltip__font_color=\u00bb#f7f7f7&#8243; mpc_tooltip__font_size=\u00bb15&#8243; mpc_tooltip__font_line_height=\u00bb1.5&#8243; mpc_tooltip__font_transform=\u00bbcapitalize\u00bb mpc_tooltip__font_align=\u00bbcenter\u00bb mpc_tooltip__text=\u00bbJTNDaDQlMjBzdHlsZSUzRCUyMnRleHQtYWxpZ24lM0ElMjBjZW50ZXIlM0IlMjBmb250LXNpemUlM0ElMjAxNHB4JTNCJTIwbGluZS1oZWlnaHQlM0ElMjAwLjNlbSUzQiUyMGNvbG9yJTNBJTIzZjdmN2Y3JTNCbWFyZ2luLWJvdHRvbSUzQSUyMDAuNWVtJTNCJTIyJTNFJTIwRVVST1BBJTIwREVMJTIwRVNURSUyMCUzQyUyRmg0JTNF\u00bb mpc_tooltip__background_color=\u00bb#ef4030&#8243; mpc_tooltip__padding_divider=\u00bbtrue\u00bb mpc_tooltip__padding_css=\u00bbpadding-top:10px;padding-right:20px;padding-bottom:20px;padding-left:20px;\u00bb animation_in_type=\u00bbtransition.slideLeftIn\u00bb animation_in_offset=\u00bb100&#8243; animation_in_duration=\u00bb300&#8243; animation_in_delay=\u00bb2200&#8243; mpc_tooltip__margin_divider=\u00bb\u00bb][\/mpc_interactive_image][vc_row_inner][vc_column_inner width=\u00bb3\/4&#8243;]<div class=\"grve-empty-space\" style=\"height: 1px;\"><\/div>[\/vc_column_inner][vc_column_inner width=\u00bb1\/4&#8243;][\/vc_column_inner][\/vc_row_inner][\/vc_column][\/vc_row][vc_row bg_type=\u00bbcolor\u00bb padding_top_multiplier=\u00bb3x\u00bb bg_color=\u00bb#f9f9f9&#8243;][vc_column]<div class=\"grve-element grve-divider grve-animated-item grve-fade-in-up grve-duration-normal grve-align-center\" style=\"padding-bottom: 20px;\" data-delay=\"200\"><span class=\"grve-custom-divider grve-bg-primary-1\" style=\"width: 50px;height: 2px;\"><\/span><\/div><h2 class=\"grve-element grve-title grve-align-center grve-animated-item grve-duration-normal grve-fade-in-up grve-h4\" style=\"margin-bottom: 30px;\" data-delay=\"400\"><span>NUESTRA PRESENCIA<\/span><\/h2>[\/vc_column][\/vc_row][vc_row bg_type=\u00bbgradient\u00bb bg_gradient_color_1=\u00bb#f7f7f7&#8243; bg_gradient_color_2=\u00bbrgba(243,243,243,0.9)\u00bb bg_gradient_direction=\u00bb135&#8243; padding_top_multiplier=\u00bb\u00bb columns_gap=\u00bb60&#8243; equal_column_height=\u00bbequal-column\u00bb mobile_equal_column_height=\u00bbfalse\u00bb][vc_column width=\u00bb1\/3&#8243;][vc_row_inner el_class=\u00bbidec-shadow\u00bb css=\u00bb.vc_custom_1582797996807{margin-bottom: 20px !important;}\u00bb][vc_column_inner css=\u00bb.vc_custom_1620200655792{background-image: url(https:\/\/www.groupeidec.com\/wp-content\/uploads\/2020\/03\/Groupe-IDEC-Switzerland_760x380.jpg?id=229900) !important;background-position: center !important;background-repeat: no-repeat !important;background-size: cover !important;}\u00bb el_class=\u00bbgrey-bckg\u00bb]<div class=\"grve-element grve-image degrd img-logo-international grve-align-center\" style=\"\">  <div class=\"grve-image-wrapper\"><img loading=\"lazy\" decoding=\"async\" width=\"241\" height=\"91\" src=\"https:\/\/www.groupeidec.com\/wp-content\/uploads\/2025\/10\/GRID-SWITZERLAND.png\" class=\"attachment-full size-full\" alt=\"\" \/>   <\/div><\/div>[\/vc_column_inner][\/vc_row_inner]<h3 class=\"grve-element grve-title grve-align-left grve-h5\" style=\"\"><span>Una filial y equipos especializados<\/span><\/h3>[vc_column_text css=\u00bb.vc_custom_1760087053450{margin-bottom: 20px !important;}\u00bb]<\/p>\n<p style=\"text-align: justify;\">Estamos presentes en Suiza a trav\u00e9s de una filial especializada situada en Matran. Esta estructura y sus expertos de la construcci\u00f3n le ofrecen todas las actividades del Grupo, desde el desarrollo de proyectos inmobiliarios empresariales hasta el dise\u00f1o y la construcci\u00f3n llave en mano de todo tipo de obras, pasando por la financiaci\u00f3n de los bienes ejecutados. Gracias a esta presencia local nos adaptamos a cualquier particularidad y a las normas vigentes.<\/p>\n<p><a href=\"https:\/\/groupeidec-international.com\/es\/filiales\/suiza\/\"><span data-olk-copy-source=\"MessageBody\">Saber m\u00e1s<\/span><\/a>[\/vc_column_text]<div class=\"grve-element grve-align-left\"><a href=\"https:\/\/www.groupeidec.com\/es\/contact\/\" title=\"Contact\" class=\"grve-btn grve-btn-small grve-square grve-bg-primary-1 grve-bg-hover-primary-2\"><span><i class=\"fas fa-chevron-right\"><\/i>CONTACTO<\/span><\/a><\/div><div class=\"grve-empty-space grve-mobile-elmt-hide\" style=\"height: 60px;\"><\/div>[\/vc_column][vc_column width=\u00bb1\/3&#8243;][vc_row_inner el_class=\u00bbidec-shadow\u00bb css=\u00bb.vc_custom_1582797996807{margin-bottom: 20px !important;}\u00bb][vc_column_inner css=\u00bb.vc_custom_1620200666212{background-image: url(https:\/\/www.groupeidec.com\/wp-content\/uploads\/2020\/03\/Groupe-IDEC-Espagne_760x380.jpg?id=229896) !important;background-position: center !important;background-repeat: no-repeat !important;background-size: cover !important;}\u00bb el_class=\u00bbgrey-bckg\u00bb]<div class=\"grve-element grve-image degrd img-logo-international grve-align-center\" style=\"\">  <div class=\"grve-image-wrapper\"><img loading=\"lazy\" decoding=\"async\" width=\"241\" height=\"91\" src=\"https:\/\/www.groupeidec.com\/wp-content\/uploads\/2025\/10\/GRID-SPAIN.png\" class=\"attachment-full size-full\" alt=\"\" \/>   <\/div><\/div>[\/vc_column_inner][\/vc_row_inner]<h3 class=\"grve-element grve-title grve-align-left grve-h5\" style=\"\"><span>Un profundo conocimiento del mercado local<\/span><\/h3>[vc_column_text css=\u00bb.vc_custom_1760087079761{margin-bottom: 20px !important;}\u00bb]<\/p>\n<p style=\"text-align: justify;\">Espa\u00f1a representa un importante eje de desarrollo para GROUPE IDEC. Ya contamos con el primer parque XXL de Europa de energ\u00eda positiva sobre una superficie de 300 hect\u00e1reas desarrollado por nuestros equipos en el sur del pa\u00eds. Ponemos a disposici\u00f3n una soluci\u00f3n a la medida para clientes locales o franceses y del resto del mundo que desean instalarse en Espa\u00f1a.<\/p>\n<p><a href=\"https:\/\/groupeidec-international.com\/es\/filiales\/espana\/\"><span data-olk-copy-source=\"MessageBody\">Saber m\u00e1s<\/span><\/a><br \/>\n<a href=\"https:\/\/puertosecodeantequera.es\/\" target=\"_blank\" rel=\"noopener\">Sitio web del parque PSA : <strong>puertosecodeantequera.com<\/strong><\/a>[\/vc_column_text]<div class=\"grve-element grve-align-left\"><a href=\"https:\/\/www.groupeidec.com\/es\/contact\/\" title=\"Contact\" class=\"grve-btn grve-btn-small grve-square grve-bg-primary-1 grve-bg-hover-primary-2\"><span><i class=\"fas fa-chevron-right\"><\/i>CONTACTO<\/span><\/a><\/div>[\/vc_column][vc_column width=\u00bb1\/3&#8243;][vc_row_inner el_class=\u00bbidec-shadow\u00bb css=\u00bb.vc_custom_1582797996807{margin-bottom: 20px !important;}\u00bb][vc_column_inner css=\u00bb.vc_custom_1620200359930{background-image: url(https:\/\/www.groupeidec.com\/wp-content\/uploads\/2020\/03\/Groupe-IDEC-Suede_760x380.jpg?id=229898) !important;background-position: center !important;background-repeat: no-repeat !important;background-size: cover !important;}\u00bb el_class=\u00bbgrey-bckg\u00bb]<div class=\"grve-element grve-image degrd img-logo-international grve-align-center\" style=\"\">  <div class=\"grve-image-wrapper\"><img loading=\"lazy\" decoding=\"async\" width=\"241\" height=\"92\" src=\"https:\/\/www.groupeidec.com\/wp-content\/uploads\/2025\/10\/GRID-SWEDEN.png\" class=\"attachment-full size-full\" alt=\"\" \/>   <\/div><\/div>[\/vc_column_inner][\/vc_row_inner]<h3 class=\"grve-element grve-title grve-align-left grve-h5\" style=\"\"><span>Socios locales para proyectos t\u00e9cnicos<\/span><\/h3>[vc_column_text css=\u00bb.vc_custom_1760087110457{margin-bottom: 20px !important;}\u00bb]<\/p>\n<p style=\"text-align: justify;\">Ofrecemos un acompa\u00f1amiento global a nuestros clientes que desean instalarse en Suecia a trav\u00e9s de nuestros equipos internacionales. En la actualidad est\u00e1 en marcha un proyecto t\u00e9cnico para ELIS y su filial ELIS CLEANROOM, especialistas en el arrendamiento y mantenimiento de soluciones de control de la contaminaci\u00f3n en salas blancas. Este nuevo proyecto tiene lugar tras una primera colaboraci\u00f3n concluida satisfactoriamente entre ambas partes consistente en la realizaci\u00f3n de una f\u00e1brica de equipos limpios y est\u00e9riles en la regi\u00f3n parisina.<\/p>\n<p><a href=\"https:\/\/groupeidec-international.com\/es\/filiales\/suecia\/\"><span data-olk-copy-source=\"MessageBody\">Saber m\u00e1s<\/span><\/a>[\/vc_column_text]<div class=\"grve-element grve-align-left\"><a href=\"https:\/\/www.groupeidec.com\/es\/contact\/\" title=\"Contact\" class=\"grve-btn grve-btn-small grve-square grve-bg-primary-1 grve-bg-hover-primary-2\"><span><i class=\"fas fa-chevron-right\"><\/i>CONTACTO<\/span><\/a><\/div>[\/vc_column][vc_column width=\u00bb1\/3&#8243;][vc_row_inner el_class=\u00bbidec-shadow\u00bb css=\u00bb.vc_custom_1582797996807{margin-bottom: 20px !important;}\u00bb][vc_column_inner css=\u00bb.vc_custom_1620200366763{background-image: url(https:\/\/www.groupeidec.com\/wp-content\/uploads\/2020\/03\/Groupe-IDEC-Italy_760x380.jpg?id=230041) !important;background-position: center !important;background-repeat: no-repeat !important;background-size: cover !important;}\u00bb el_class=\u00bbgrey-bckg\u00bb]<div class=\"grve-element grve-image degrd img-logo-international grve-align-center\" style=\"\">  <div class=\"grve-image-wrapper\"><img loading=\"lazy\" decoding=\"async\" width=\"241\" height=\"92\" src=\"https:\/\/www.groupeidec.com\/wp-content\/uploads\/2025\/10\/GRID-ITALIA.png\" class=\"attachment-full size-full\" alt=\"\" \/>   <\/div><\/div>[\/vc_column_inner][\/vc_row_inner]<h3 class=\"grve-element grve-title grve-align-left grve-h5\" style=\"\"><span>Dominio de las particularidades locales<\/span><\/h3>[vc_column_text css=\u00bb.vc_custom_1760087145843{margin-bottom: 20px !important;}\u00bb]<\/p>\n<p style=\"text-align: justify;\">Gracias a una presencia local y a socios instalados en el pa\u00eds podemos acompa\u00f1ar a nuestros clientes en la realizaci\u00f3n de todos sus proyectos inmobiliarios. Esta implantaci\u00f3n local permite conocer todas las particularidades y normas que rigen la ejecuci\u00f3n de estos proyectos en Italia. Aprovechamos adem\u00e1s nuestros conocimientos adquiridos con importantes ejecuciones en Europa para construir para nuestros clientes proyectos cada vez m\u00e1s t\u00e9cnicos.<\/p>\n<p><a href=\"https:\/\/groupeidec-international.com\/es\/filiales\/italia\/\"><span data-olk-copy-source=\"MessageBody\">Saber m\u00e1s<\/span><\/a><\/p>\n<p>[\/vc_column_text]<div class=\"grve-element grve-align-left\"><a href=\"https:\/\/www.groupeidec.com\/es\/contact\/\" title=\"Contact\" class=\"grve-btn grve-btn-small grve-square grve-bg-primary-1 grve-bg-hover-primary-2\"><span><i class=\"fas fa-chevron-right\"><\/i>CONTACTO<\/span><\/a><\/div>[\/vc_column][vc_column width=\u00bb1\/3&#8243; heading_color=\u00bblight\u00bb text_align=\u00bbcenter\u00bb font_color=\u00bb#ffffff\u00bb][vc_row_inner][vc_column_inner css=\u00bb.vc_custom_1582803224614{margin-bottom: 30px !important;padding-top: 60px !important;padding-right: 30px !important;padding-bottom: 60px !important;padding-left: 30px !important;background-color: #ef4030 !important;}\u00bb el_class=\u00bbidec-shadow\u00bb]<h3 class=\"grve-element grve-title grve-align-center grve-h5\" style=\"\"><span>\u00bfUN PROYECTO?<\/span><\/h3>[vc_column_text css=\u00bb.vc_custom_1624612346945{margin-bottom: 20px !important;}\u00bb]\u00bfDesea construir un edificio, recibir informaci\u00f3n sobre nuestros proyectos inmobiliarios, vender un terreno o incluso desarrollar un proyecto con nosotros?[\/vc_column_text]<div class=\"grve-element grve-align-center\"><a href=\"https:\/\/www.groupeidec.com\/es\/contact\/\" class=\"grve-btn grve-btn-medium grve-square grve-bg-white grve-bg-hover-black\"><span>P\u00f3ngase en contacto con nosotros<\/span><\/a><\/div>[\/vc_column_inner][\/vc_row_inner][\/vc_column][\/vc_row][vc_row bg_type=\u00bbgradient\u00bb bg_gradient_color_1=\u00bbrgba(255,255,255,0.9)\u00bb bg_gradient_color_2=\u00bb#f4f4f4&#8243; bg_gradient_direction=\u00bb180&#8243; padding_top_multiplier=\u00bb3x\u00bb padding_bottom_multiplier=\u00bb\u00bb columns_gap=\u00bb40&#8243;][vc_column css=\u00bb.vc_custom_1582793858135{margin-bottom: 60px !important;}\u00bb]<div class=\"grve-element grve-divider grve-animated-item grve-fade-in-up grve-duration-normal grve-align-center\" style=\"padding-bottom: 20px;\" data-delay=\"200\"><span class=\"grve-custom-divider grve-bg-primary-1\" style=\"width: 50px;height: 2px;\"><\/span><\/div><h2 class=\"grve-element grve-title grve-align-center grve-animated-item grve-duration-normal grve-fade-in-up grve-h4\" style=\"\" data-delay=\"400\"><span>1 er PARQUE DE EUROPA DE ENERG\u00cdA POSITIVA<\/span><\/h2>[\/vc_column][\/vc_row][vc_row section_type=\u00bbfullwidth\u00bb bg_type=\u00bbimage\u00bb bg_image=\u00bb313253&#8243; bg_image_type=\u00bbfixed\u00bb padding_top_multiplier=\u00bb\u00bb padding_bottom_multiplier=\u00bb\u00bb columns_gap=\u00bbnone\u00bb equal_column_height=\u00bbmiddle-content\u00bb tablet_portrait_equal_column_height=\u00bbfalse\u00bb mobile_equal_column_height=\u00bbfalse\u00bb kswr_row_top_decor_enabled=\u00bbfalse\u00bb kswr_row_bottom_decor_enabled=\u00bbfalse\u00bb][vc_column width=\u00bb1\/2&#8243; heading_color=\u00bblight\u00bb animation_delay=\u00bb800&#8243; font_color=\u00bb#ffffff\u00bb]<div class=\"grve-empty-space\" style=\"height: 350px;\"><\/div>[\/vc_column][vc_column width=\u00bb1\/2&#8243; css=\u00bb.vc_custom_1619946544049{padding-top: 5% !important;padding-right: 10% !important;padding-bottom: 5% !important;padding-left: 10% !important;background-color: rgba(255,255,255,0.79) !important;*background-color: rgb(255,255,255) !important;}\u00bb]<div class=\"grve-empty-space grve-height-1x\" style=\"\"><\/div><h3 class=\"grve-element grve-title grve-align-left grve-animated-item grve-duration-normal grve-fade-in-up grve-h5\" style=\"margin-bottom: 20px;\" data-delay=\"200\"><span>UN PARQUE DE REFERENCIA<\/span><\/h3>[vc_column_text css=\u00bb.vc_custom_1624612403016{margin-bottom: 20px !important;}\u00bb animation=\u00bbgrve-fade-in-up\u00bb animation_delay=\u00bb400&#8243;]<\/p>\n<p style=\"text-align: justify;\">GROUPE IDEC y PUERTO SECO ANTEQUERA (PSA) ofrecen en el sur de Andaluc\u00eda un nuevo proyecto de gran envergadura. Con una situaci\u00f3n ideal en el cruce de los puertos de M\u00e1laga y Algeciras y los corredores ferroviarios atl\u00e1ntico y mediterr\u00e1neo, se presenta como la nueva zona log\u00edstica e industrial XXL de referencia en Espa\u00f1a.<br \/>\nGracias a sus infraestructuras de primer orden y a sus accesos directos a las mayores redes de transporte, dispone de todas las ventajas para acompa\u00f1ar el desarrollo de su actividad log\u00edstica o industrial en Espa\u00f1a, hacia Europa y hacia el resto del mundo, sobre todo con los puertos del norte de \u00c1frica.<br \/>\nDise\u00f1ado desde su g\u00e9nesis con un ambicioso enfoque virtuoso, persigue una huella neutra de carbono y, gracias a todas las fuentes sostenibles de energ\u00eda integradas en el parque, producir\u00e1 m\u00e1s energ\u00eda de lo que va a consumir.<\/p>\n<p>[\/vc_column_text]<div class=\"grve-element grve-align-left grve-animated-item grve-fade-in-up grve-duration-normal\" data-delay=\"600\"><a href=\"https:\/\/puertosecodeantequera.es\/\" target=\"_blank\" rel=\"noopener noreferrer\" class=\"grve-btn grve-btn-small grve-square grve-bg-primary-1 grve-bg-hover-black\"><span>DESCUBRA EL PARQUE PUERTO SECO ANTEQUERA<\/span><\/a><\/div><div class=\"grve-empty-space grve-height-1x\" style=\"\"><\/div>[\/vc_column][\/vc_row][vc_row section_type=\u00bbfullwidth\u00bb padding_top_multiplier=\u00bb3x\u00bb padding_bottom_multiplier=\u00bb\u00bb columns_gap=\u00bbnone\u00bb equal_column_height=\u00bbequal-column\u00bb kswr_row_top_decor_enabled=\u00bbfalse\u00bb kswr_row_bottom_decor_enabled=\u00bbfalse\u00bb el_class=\u00bbgal-bot\u00bb][vc_column text_align=\u00bbcenter\u00bb][vc_empty_space height=\u00bb10px\u00bb]<div class=\"grve-element grve-divider grve-animated-item grve-fade-in-up grve-duration-normal grve-align-center\" style=\"padding-bottom: 20px;\" data-delay=\"200\"><span class=\"grve-custom-divider grve-bg-primary-1\" style=\"width: 50px;height: 2px;\"><\/span><\/div><div class=\"grve-element grve-title grve-align-center grve-animated-item grve-duration-normal grve-fade-in-up grve-h4\" style=\"margin-bottom: 10px;\" data-delay=\"400\"><span>NUESTRAS PRINCIPALES REFERENCIAS<\/span><\/div>[vc_empty_space height=\u00bb15px\u00bb][\/vc_column][\/vc_row][vc_row section_type=\u00bbfullwidth\u00bb padding_top_multiplier=\u00bb\u00bb padding_bottom_multiplier=\u00bb2x\u00bb columns_gap=\u00bbnone\u00bb el_class=\u00bbgal-bot\u00bb][vc_column clipping_animation=\u00bbclipping-left\u00bb]<div class=\"grve-element grve-carousel grve-layout-1 grve-with-gap\" style=\"margin-bottom: 30px;\">  <div class=\"grve-carousel-wrapper\">    <div class=\"grve-carousel-element grve-gallery-popup gallery-deg cachecontrol\" data-items=\"4\" data-items-tablet-landscape=\"3\" data-items-tablet-portrait=\"2\" data-items-mobile=\"1\" data-slider-autoplay=\"yes\" data-slider-speed=\"3000\" data-slider-pause=\"yes\" data-pagination-speed=\"400\" data-pagination=\"yes\" data-slider-loop=\"yes\" data-gutter-size=\"2\"><div class=\"grve-carousel-item grve-hover-item grve-hover-style-4\">  <figure class=\"grve-image-hover grve-zoom-out grve-grayscale-image-hover\">    <a class=\"grve-item-url\" href=\"https:\/\/www.groupeidec.com\/wp-content\/uploads\/2021\/05\/elis.jpg\"  data-title=\"ELIS\" aria-label=\"ELIS\" data-desc=\"Lavander\u00eda industrial \u2013 7.000 m\u00b2 - Nyk\u00f6ping (Suecia)\"><\/a>    <div class=\"grve-hover-overlay grve-bg-light grve-opacity-0\"><\/div><div class=\"grve-media\"><img loading=\"lazy\" decoding=\"async\" width=\"560\" height=\"420\" src=\"https:\/\/www.groupeidec.com\/wp-content\/uploads\/2021\/05\/elis-560x420.jpg\" class=\"attachment-movedo-grve-small-rect-horizontal size-movedo-grve-small-rect-horizontal\" alt=\"\" srcset=\"https:\/\/www.groupeidec.com\/wp-content\/uploads\/2021\/05\/elis-560x420.jpg 560w, https:\/\/www.groupeidec.com\/wp-content\/uploads\/2021\/05\/elis-900x675.jpg 900w\" sizes=\"auto, (max-width: 560px) 100vw, 560px\" \/><\/div><figcaption class=\"grve-content grve-align-center grve-box-item grve-bg-black\"><h4 class=\"grve-title grve-h5 grve-text-white\">ELIS<\/h4><div class=\"grve-description grve-text-inherit\">Lavander\u00eda industrial \u2013 7.000 m\u00b2 &#8211; Nyk\u00f6ping (Suecia)<\/div><\/figcaption>  <\/figure><\/div><div class=\"grve-carousel-item grve-hover-item grve-hover-style-4\">  <figure class=\"grve-image-hover grve-zoom-out grve-grayscale-image-hover\">    <a class=\"grve-item-url\" href=\"https:\/\/www.groupeidec.com\/wp-content\/uploads\/2021\/05\/marsworth.jpg\"  data-title=\"MARSWORTH\" aria-label=\"MARSWORTH\" data-desc=\"Proyecto residencial \u2013 Tring (Reino Unido)\"><\/a>    <div class=\"grve-hover-overlay grve-bg-light grve-opacity-0\"><\/div><div class=\"grve-media\"><img loading=\"lazy\" decoding=\"async\" width=\"560\" height=\"420\" src=\"https:\/\/www.groupeidec.com\/wp-content\/uploads\/2021\/05\/marsworth-560x420.jpg\" class=\"attachment-movedo-grve-small-rect-horizontal size-movedo-grve-small-rect-horizontal\" alt=\"\" srcset=\"https:\/\/www.groupeidec.com\/wp-content\/uploads\/2021\/05\/marsworth-560x420.jpg 560w, https:\/\/www.groupeidec.com\/wp-content\/uploads\/2021\/05\/marsworth-900x675.jpg 900w\" sizes=\"auto, (max-width: 560px) 100vw, 560px\" \/><\/div><figcaption class=\"grve-content grve-align-center grve-box-item grve-bg-black\"><h4 class=\"grve-title grve-h5 grve-text-white\">MARSWORTH<\/h4><div class=\"grve-description grve-text-inherit\">Proyecto residencial \u2013 Tring (Reino Unido)<\/div><\/figcaption>  <\/figure><\/div><div class=\"grve-carousel-item grve-hover-item grve-hover-style-4\">  <figure class=\"grve-image-hover grve-zoom-out grve-grayscale-image-hover\">    <a class=\"grve-item-url\" href=\"https:\/\/www.groupeidec.com\/wp-content\/uploads\/2021\/05\/musee-tag-hueur.jpg\"  data-title=\"MUSEE TAG HEUER\" aria-label=\"MUSEE TAG HEUER\" data-desc=\"Arquitectura interior\"><\/a>    <div class=\"grve-hover-overlay grve-bg-light grve-opacity-0\"><\/div><div class=\"grve-media\"><img loading=\"lazy\" decoding=\"async\" width=\"560\" height=\"420\" src=\"https:\/\/www.groupeidec.com\/wp-content\/uploads\/2021\/05\/musee-tag-hueur-560x420.jpg\" class=\"attachment-movedo-grve-small-rect-horizontal size-movedo-grve-small-rect-horizontal\" alt=\"\" srcset=\"https:\/\/www.groupeidec.com\/wp-content\/uploads\/2021\/05\/musee-tag-hueur-560x420.jpg 560w, https:\/\/www.groupeidec.com\/wp-content\/uploads\/2021\/05\/musee-tag-hueur-900x675.jpg 900w\" sizes=\"auto, (max-width: 560px) 100vw, 560px\" \/><\/div><figcaption class=\"grve-content grve-align-center grve-box-item grve-bg-black\"><h4 class=\"grve-title grve-h5 grve-text-white\">MUSEE TAG HEUER<\/h4><div class=\"grve-description grve-text-inherit\">Arquitectura interior<\/div><\/figcaption>  <\/figure><\/div><div class=\"grve-carousel-item grve-hover-item grve-hover-style-4\">  <figure class=\"grve-image-hover grve-zoom-out grve-grayscale-image-hover\">    <a class=\"grve-item-url\" href=\"https:\/\/www.groupeidec.com\/wp-content\/uploads\/2021\/05\/Gazeley.jpg\"  data-title=\"GAZELEY\" aria-label=\"GAZELEY\" data-desc=\"Plataforma log\u00edstica - 200.000 m\u00b2 - Tournan-en-Brie (Francia)\"><\/a>    <div class=\"grve-hover-overlay grve-bg-light grve-opacity-0\"><\/div><div class=\"grve-media\"><img loading=\"lazy\" decoding=\"async\" width=\"560\" height=\"420\" src=\"https:\/\/www.groupeidec.com\/wp-content\/uploads\/2021\/05\/Gazeley-560x420.jpg\" class=\"attachment-movedo-grve-small-rect-horizontal size-movedo-grve-small-rect-horizontal\" alt=\"\" srcset=\"https:\/\/www.groupeidec.com\/wp-content\/uploads\/2021\/05\/Gazeley-560x420.jpg 560w, https:\/\/www.groupeidec.com\/wp-content\/uploads\/2021\/05\/Gazeley-900x675.jpg 900w\" sizes=\"auto, (max-width: 560px) 100vw, 560px\" \/><\/div><figcaption class=\"grve-content grve-align-center grve-box-item grve-bg-black\"><h4 class=\"grve-title grve-h5 grve-text-white\">GAZELEY<\/h4><div class=\"grve-description grve-text-inherit\">Plataforma log\u00edstica &#8211; 200.000 m\u00b2 &#8211; Tournan-en-Brie (Francia)<\/div><\/figcaption>  <\/figure><\/div>\t  <\/div>\t<\/div><\/div><div class=\"grve-element grve-align-center\"><a href=\"\/es\/references\/\" class=\"grve-btn grve-btn-large grve-btn-underline grve-text-primary-1 grve-text-hover-primary-1\"><span>Todas nuestras referencias<span class=\"grve-btn-bottom-line grve-bg-primary-2\"><\/span><\/span><\/a><\/div>[\/vc_column][\/vc_row][vc_row bg_type=\u00bbimage\u00bb bg_image=\u00bb1279&#8243; bg_image_type=\u00bbfixed\u00bb pattern_overlay=\u00bbyes\u00bb padding_top_multiplier=\u00bb2x\u00bb padding_bottom_multiplier=\u00bb2x\u00bb columns_gap=\u00bbnone\u00bb kswr_row_top_decor_enabled=\u00bbfalse\u00bb kswr_row_bottom_decor_enabled=\u00bbfalse\u00bb][vc_column heading_color=\u00bblight\u00bb text_align=\u00bbcenter\u00bb font_color=\u00bb#ffffff\u00bb z_index=\u00bb10&#8243;][vc_row_inner][vc_column_inner]<div class=\"grve-element grve-divider grve-animated-item grve-fade-in-up grve-duration-normal grve-align-center\" style=\"padding-bottom: 20px;\" data-delay=\"200\"><span class=\"grve-custom-divider grve-bg-white\" style=\"width: 50px;height: 2px;\"><\/span><\/div><h3 class=\"grve-element grve-title grve-align-center grve-animated-item grve-duration-normal grve-fade-in-up grve-h4\" style=\"margin-bottom: 30px;\" data-delay=\"400\"><span>Nuestra presencia<\/span><\/h3><div class=\"grve-element grve-align-center grve-animated-item grve-fade-in-up grve-duration-normal dinline\" data-delay=\"400\"><a href=\"\/es\/francia\/\" class=\"grve-btn grve-btn-large grve-square grve-bg-white grve-bg-hover-black grve-btn-line\" style=\"margin-bottom: 20px;\"><span>FRANCIA<\/span><\/a><\/div><div class=\"grve-element grve-align-center grve-animated-item grve-fade-in-up grve-duration-normal dinline\" data-delay=\"600\"><a href=\"\/es\/asie\/\" class=\"grve-btn grve-btn-large grve-square grve-bg-white grve-bg-hover-black grve-btn-line\" style=\"margin-bottom: 20px;\"><span>ASIA<\/span><\/a><\/div>[\/vc_column_inner][\/vc_row_inner][\/vc_column][\/vc_row]<\/p>\n<\/div>","protected":false},"excerpt":{"rendered":"<p>[vc_row heading_color=\u00bblight\u00bb bg_type=\u00bbhosted_video\u00bb bg_image=\u00bb5352&#8243; bg_video_loop=\u00bbno\u00bb color_overlay=\u00bbdark\u00bb opacity_overlay=\u00bb40&#8243; padding_top_multiplier=\u00bb6x\u00bb padding_bottom_multiplier=\u00bb6x\u00bb separator_bottom=\u00bblarge-triangle-separator\u00bb separator_bottom_size=\u00bb60px\u00bb font_color=\u00bb#ffffff\u00bb kswr_row_top_decor_enabled=\u00bbfalse\u00bb kswr_row_bottom_decor_enabled=\u00bbfalse\u00bb bg_video_webm=\u00bbhttps:\/\/www.groupeidec.com\/wp-content\/uploads\/2018\/11\/Video-header-Implantations-Groupe-IDEC.webm\u00bb bg_video_mp4=\u00bbhttps:\/\/www.groupeidec.com\/wp-content\/uploads\/2018\/11\/Video-header-Implantations-Groupe-IDEC.mp4&#8243; bg_video_ogv=\u00bbhttps:\/\/www.groupeidec.com\/wp-content\/uploads\/2018\/11\/Video-header-Implantations-Groupe-IDEC.ogv\u00bb][vc_column vertical_content_position=\u00bbmiddle\u00bb][\/vc_column][\/vc_row][vc_row bg_type=\u00bbgradient\u00bb bg_gradient_color_1=\u00bb#ffffff\u00bb bg_gradient_color_2=\u00bb#f3f3f3&#8243; bg_gradient_direction=\u00bb180&#8243; padding_bottom_multiplier=\u00bb2x\u00bb columns_gap=\u00bb40&#8243; kswr_row_top_decor_enabled=\u00bbfalse\u00bb kswr_row_bottom_decor_enabled=\u00bbfalse\u00bb][vc_column width=\u00bb1\/2&#8243;][vc_row_inner css=\u00bb.vc_custom_1540300579162{margin-top: 0px !important;margin-bottom: 0px !important;}\u00bb][vc_column_inner tablet_width=\u00bbhide\u00bb tablet_sm_width=\u00bbhide\u00bb mobile_width=\u00bbhide\u00bb css=\u00bb.vc_custom_1540300595906{margin-top: 0px !important;margin-bottom: 0px !important;}\u00bb][\/vc_column_inner][\/vc_row_inner][vc_column_text animation=\u00bbgrve-fade-in-up\u00bb animation_delay=\u00bb600&#8243;] Junto con sus filiales especializadas y sus socios presentes en Europa GROUPE IDEC [&hellip;]<\/p>\n","protected":false},"author":1,"featured_media":5354,"parent":0,"menu_order":0,"comment_status":"closed","ping_status":"closed","template":"","meta":{"inline_featured_image":false,"footnotes":""},"class_list":["post-315727","page","type-page","status-publish","has-post-thumbnail","hentry"],"yoast_head":"<!-- This site is optimized with the Yoast SEO plugin v27.4 - https:\/\/yoast.com\/product\/yoast-seo-wordpress\/ -->\n<title>Europa | GROUPE IDEC<\/title>\n<meta name=\"description\" content=\"Junto con sus filiales especializadas y sus socios presentes en Europa GROUPE IDEC aporta a sus clientes una respuesta a la medida para desarrollar, dise\u00f1ar y construir todo tipo de proyectos inmobiliarios.\" \/>\n<meta name=\"robots\" content=\"index, follow, max-snippet:-1, max-image-preview:large, max-video-preview:-1\" \/>\n<link rel=\"canonical\" href=\"https:\/\/www.groupeidec.com\/es\/europa\/\" \/>\n<meta property=\"og:locale\" content=\"es_ES\" \/>\n<meta property=\"og:type\" content=\"article\" \/>\n<meta property=\"og:title\" content=\"Europa | GROUPE IDEC\" \/>\n<meta property=\"og:description\" content=\"Junto con sus filiales especializadas y sus socios presentes en Europa GROUPE IDEC aporta a sus clientes una respuesta a la medida para desarrollar, dise\u00f1ar y construir todo tipo de proyectos inmobiliarios.\" \/>\n<meta property=\"og:url\" content=\"https:\/\/www.groupeidec.com\/es\/europa\/\" \/>\n<meta property=\"og:site_name\" content=\"Groupe IDEC\" \/>\n<meta property=\"article:publisher\" content=\"https:\/\/www.facebook.com\/groupeidec\/\" \/>\n<meta property=\"article:modified_time\" content=\"2025-10-10T09:05:51+00:00\" \/>\n<meta property=\"og:image\" content=\"https:\/\/www.groupeidec.com\/wp-content\/uploads\/2018\/10\/Devanture-LaFactory.jpg\" \/>\n\t<meta property=\"og:image:width\" content=\"1272\" \/>\n\t<meta property=\"og:image:height\" content=\"716\" \/>\n\t<meta property=\"og:image:type\" content=\"image\/jpeg\" \/>\n<meta name=\"twitter:card\" content=\"summary_large_image\" \/>\n<meta name=\"twitter:label1\" content=\"Tiempo de lectura\" \/>\n\t<meta name=\"twitter:data1\" content=\"10 minutos\" \/>\n<script type=\"application\/ld+json\" class=\"yoast-schema-graph\">{\"@context\":\"https:\\\/\\\/schema.org\",\"@graph\":[{\"@type\":\"WebPage\",\"@id\":\"https:\\\/\\\/www.groupeidec.com\\\/es\\\/europa\\\/\",\"url\":\"https:\\\/\\\/www.groupeidec.com\\\/es\\\/europa\\\/\",\"name\":\"Europa | GROUPE IDEC\",\"isPartOf\":{\"@id\":\"https:\\\/\\\/www.groupeidec.com\\\/es\\\/#website\"},\"primaryImageOfPage\":{\"@id\":\"https:\\\/\\\/www.groupeidec.com\\\/es\\\/europa\\\/#primaryimage\"},\"image\":{\"@id\":\"https:\\\/\\\/www.groupeidec.com\\\/es\\\/europa\\\/#primaryimage\"},\"thumbnailUrl\":\"https:\\\/\\\/www.groupeidec.com\\\/wp-content\\\/uploads\\\/2018\\\/10\\\/Devanture-LaFactory.jpg\",\"datePublished\":\"2021-05-05T10:03:36+00:00\",\"dateModified\":\"2025-10-10T09:05:51+00:00\",\"description\":\"Junto con sus filiales especializadas y sus socios presentes en Europa GROUPE IDEC aporta a sus clientes una respuesta a la medida para desarrollar, dise\u00f1ar y construir todo tipo de proyectos inmobiliarios.\",\"breadcrumb\":{\"@id\":\"https:\\\/\\\/www.groupeidec.com\\\/es\\\/europa\\\/#breadcrumb\"},\"inLanguage\":\"es\",\"potentialAction\":[{\"@type\":\"ReadAction\",\"target\":[\"https:\\\/\\\/www.groupeidec.com\\\/es\\\/europa\\\/\"]}]},{\"@type\":\"ImageObject\",\"inLanguage\":\"es\",\"@id\":\"https:\\\/\\\/www.groupeidec.com\\\/es\\\/europa\\\/#primaryimage\",\"url\":\"https:\\\/\\\/www.groupeidec.com\\\/wp-content\\\/uploads\\\/2018\\\/10\\\/Devanture-LaFactory.jpg\",\"contentUrl\":\"https:\\\/\\\/www.groupeidec.com\\\/wp-content\\\/uploads\\\/2018\\\/10\\\/Devanture-LaFactory.jpg\",\"width\":1272,\"height\":716},{\"@type\":\"BreadcrumbList\",\"@id\":\"https:\\\/\\\/www.groupeidec.com\\\/es\\\/europa\\\/#breadcrumb\",\"itemListElement\":[{\"@type\":\"ListItem\",\"position\":1,\"name\":\"Accueil\",\"item\":\"https:\\\/\\\/www.groupeidec.com\\\/es\\\/\"},{\"@type\":\"ListItem\",\"position\":2,\"name\":\"Europa\"}]},{\"@type\":\"WebSite\",\"@id\":\"https:\\\/\\\/www.groupeidec.com\\\/es\\\/#website\",\"url\":\"https:\\\/\\\/www.groupeidec.com\\\/es\\\/\",\"name\":\"Groupe IDEC\",\"description\":\"A la fois am\u00e9nageur, promoteur, investisseur et concepteur-constructeur cl\u00e9 en main, le GROUPE IDEC est l&#039;un des rares acteurs globaux du march\u00e9 immobilier fran\u00e7ais, pr\u00e9sent sur tous ces m\u00e9tiers.\",\"potentialAction\":[{\"@type\":\"SearchAction\",\"target\":{\"@type\":\"EntryPoint\",\"urlTemplate\":\"https:\\\/\\\/www.groupeidec.com\\\/es\\\/?s={search_term_string}\"},\"query-input\":{\"@type\":\"PropertyValueSpecification\",\"valueRequired\":true,\"valueName\":\"search_term_string\"}}],\"inLanguage\":\"es\"}]}<\/script>\n<!-- \/ Yoast SEO plugin. -->","yoast_head_json":{"title":"Europa | GROUPE IDEC","description":"Junto con sus filiales especializadas y sus socios presentes en Europa GROUPE IDEC aporta a sus clientes una respuesta a la medida para desarrollar, dise\u00f1ar y construir todo tipo de proyectos inmobiliarios.","robots":{"index":"index","follow":"follow","max-snippet":"max-snippet:-1","max-image-preview":"max-image-preview:large","max-video-preview":"max-video-preview:-1"},"canonical":"https:\/\/www.groupeidec.com\/es\/europa\/","og_locale":"es_ES","og_type":"article","og_title":"Europa | GROUPE IDEC","og_description":"Junto con sus filiales especializadas y sus socios presentes en Europa GROUPE IDEC aporta a sus clientes una respuesta a la medida para desarrollar, dise\u00f1ar y construir todo tipo de proyectos inmobiliarios.","og_url":"https:\/\/www.groupeidec.com\/es\/europa\/","og_site_name":"Groupe IDEC","article_publisher":"https:\/\/www.facebook.com\/groupeidec\/","article_modified_time":"2025-10-10T09:05:51+00:00","og_image":[{"width":1272,"height":716,"url":"https:\/\/www.groupeidec.com\/wp-content\/uploads\/2018\/10\/Devanture-LaFactory.jpg","type":"image\/jpeg"}],"twitter_card":"summary_large_image","twitter_misc":{"Tiempo de lectura":"10 minutos"},"schema":{"@context":"https:\/\/schema.org","@graph":[{"@type":"WebPage","@id":"https:\/\/www.groupeidec.com\/es\/europa\/","url":"https:\/\/www.groupeidec.com\/es\/europa\/","name":"Europa | GROUPE IDEC","isPartOf":{"@id":"https:\/\/www.groupeidec.com\/es\/#website"},"primaryImageOfPage":{"@id":"https:\/\/www.groupeidec.com\/es\/europa\/#primaryimage"},"image":{"@id":"https:\/\/www.groupeidec.com\/es\/europa\/#primaryimage"},"thumbnailUrl":"https:\/\/www.groupeidec.com\/wp-content\/uploads\/2018\/10\/Devanture-LaFactory.jpg","datePublished":"2021-05-05T10:03:36+00:00","dateModified":"2025-10-10T09:05:51+00:00","description":"Junto con sus filiales especializadas y sus socios presentes en Europa GROUPE IDEC aporta a sus clientes una respuesta a la medida para desarrollar, dise\u00f1ar y construir todo tipo de proyectos inmobiliarios.","breadcrumb":{"@id":"https:\/\/www.groupeidec.com\/es\/europa\/#breadcrumb"},"inLanguage":"es","potentialAction":[{"@type":"ReadAction","target":["https:\/\/www.groupeidec.com\/es\/europa\/"]}]},{"@type":"ImageObject","inLanguage":"es","@id":"https:\/\/www.groupeidec.com\/es\/europa\/#primaryimage","url":"https:\/\/www.groupeidec.com\/wp-content\/uploads\/2018\/10\/Devanture-LaFactory.jpg","contentUrl":"https:\/\/www.groupeidec.com\/wp-content\/uploads\/2018\/10\/Devanture-LaFactory.jpg","width":1272,"height":716},{"@type":"BreadcrumbList","@id":"https:\/\/www.groupeidec.com\/es\/europa\/#breadcrumb","itemListElement":[{"@type":"ListItem","position":1,"name":"Accueil","item":"https:\/\/www.groupeidec.com\/es\/"},{"@type":"ListItem","position":2,"name":"Europa"}]},{"@type":"WebSite","@id":"https:\/\/www.groupeidec.com\/es\/#website","url":"https:\/\/www.groupeidec.com\/es\/","name":"Groupe IDEC","description":"A la fois am\u00e9nageur, promoteur, investisseur et concepteur-constructeur cl\u00e9 en main, le GROUPE IDEC est l&#039;un des rares acteurs globaux du march\u00e9 immobilier fran\u00e7ais, pr\u00e9sent sur tous ces m\u00e9tiers.","potentialAction":[{"@type":"SearchAction","target":{"@type":"EntryPoint","urlTemplate":"https:\/\/www.groupeidec.com\/es\/?s={search_term_string}"},"query-input":{"@type":"PropertyValueSpecification","valueRequired":true,"valueName":"search_term_string"}}],"inLanguage":"es"}]}},"_links":{"self":[{"href":"https:\/\/www.groupeidec.com\/es\/wp-json\/wp\/v2\/pages\/315727","targetHints":{"allow":["GET"]}}],"collection":[{"href":"https:\/\/www.groupeidec.com\/es\/wp-json\/wp\/v2\/pages"}],"about":[{"href":"https:\/\/www.groupeidec.com\/es\/wp-json\/wp\/v2\/types\/page"}],"author":[{"embeddable":true,"href":"https:\/\/www.groupeidec.com\/es\/wp-json\/wp\/v2\/users\/1"}],"replies":[{"embeddable":true,"href":"https:\/\/www.groupeidec.com\/es\/wp-json\/wp\/v2\/comments?post=315727"}],"version-history":[{"count":17,"href":"https:\/\/www.groupeidec.com\/es\/wp-json\/wp\/v2\/pages\/315727\/revisions"}],"predecessor-version":[{"id":326585,"href":"https:\/\/www.groupeidec.com\/es\/wp-json\/wp\/v2\/pages\/315727\/revisions\/326585"}],"wp:featuredmedia":[{"embeddable":true,"href":"https:\/\/www.groupeidec.com\/es\/wp-json\/wp\/v2\/media\/5354"}],"wp:attachment":[{"href":"https:\/\/www.groupeidec.com\/es\/wp-json\/wp\/v2\/media?parent=315727"}],"curies":[{"name":"wp","href":"https:\/\/api.w.org\/{rel}","templated":true}]}}