{"id":315767,"date":"2018-07-03T17:47:17","date_gmt":"2018-07-03T15:47:17","guid":{"rendered":"https:\/\/www.groupeidec.com\/references\/"},"modified":"2021-06-25T12:42:47","modified_gmt":"2021-06-25T10:42:47","slug":"referencias","status":"publish","type":"page","link":"https:\/\/www.groupeidec.com\/es\/referencias\/","title":{"rendered":"Referencias"},"content":{"rendered":"<div class=\"wpb-content-wrapper\"><p>[vc_row heading_color=\u00bblight\u00bb bg_type=\u00bbhosted_video\u00bb bg_image=\u00bb462&#8243; bg_video_loop=\u00bbno\u00bb color_overlay=\u00bbdark\u00bb opacity_overlay=\u00bb40&#8243; padding_top_multiplier=\u00bb6x\u00bb padding_bottom_multiplier=\u00bb6x\u00bb separator_bottom=\u00bblarge-triangle-separator\u00bb separator_bottom_size=\u00bb60px\u00bb font_color=\u00bb#ffffff\u00bb kswr_row_top_decor_enabled=\u00bbfalse\u00bb kswr_row_bottom_decor_enabled=\u00bbfalse\u00bb bg_video_webm=\u00bbhttps:\/\/www.groupeidec.com\/wp-content\/uploads\/2018\/11\/Video-header-references-groupe-idec.webm\u00bb bg_video_mp4=\u00bbhttps:\/\/www.groupeidec.com\/wp-content\/uploads\/2018\/11\/Video-header-references-groupe-idec.mp4&#8243; bg_video_ogv=\u00bbhttps:\/\/www.groupeidec.com\/wp-content\/uploads\/2018\/11\/Video-header-references-groupe-idec.ogv\u00bb][vc_column vertical_content_position=\u00bbmiddle\u00bb]<h1 class=\"grve-element grve-title grve-align-center grve-h1 grve-increase-heading grve-heading-120\" style=\"\"><span>Nuestras referencias<\/span><\/h1>[\/vc_column][\/vc_row][vc_row section_type=\u00bbfullwidth\u00bb columns_gap=\u00bbnone\u00bb kswr_row_top_decor_enabled=\u00bbfalse\u00bb kswr_row_bottom_decor_enabled=\u00bbfalse\u00bb][vc_column]\t\t\t<div class=\"grve-element grve-with-gap grve-portfolio grve-isotope\" style=\"\" data-spinner=\"no\" data-columns=\"4\" data-columns-large-screen=\"4\" data-columns-tablet-landscape=\"3\" data-columns-tablet-portrait=\"3\" data-columns-mobile=\"2\" data-layout=\"masonry\" data-gutter-size=\"2\">\r\n\t\t\t\t\t\t<div class=\"grve-filter grve-filter-style-classic grve-align-center grve-link-text\" data-gototop=\"yes\">\r\n\t\t\t\t\t<ul>\r\n\t\t\t\t\t\t<li data-filter=\"*\" class=\"selected\"><span>Todo<\/span><\/li><li data-filter=\".portfolio_category-activites-es\"><span>Actividades<\/span><\/li><li data-filter=\".portfolio_category-comercios\"><span>Comercios<\/span><\/li><li data-filter=\".portfolio_category-industria-agroalimentaria\"><span>Industria agroalimentaria<\/span><\/li><li data-filter=\".portfolio_category-industria-farmaceutica-sanitaria-y-cosmetica\"><span>Industria farmac\u00e9utica, sanitaria y cosm\u00e9tica<\/span><\/li><li data-filter=\".portfolio_category-logistica\"><span>Log\u00edstica<\/span><\/li><li data-filter=\".portfolio_category-oficinas\"><span>Oficinas<\/span><\/li><li data-filter=\".portfolio_category-promocion\"><span>Promoci\u00f3n<\/span><\/li><li data-filter=\".portfolio_category-residencial\"><span>Residencial<\/span><\/li>\t\t\t\t\t<\/ul>\r\n\t\t\t\t<\/div>\r\n\t\t\r\n\t\t\t<div class=\"grve-isotope-container\">\r\n\t\t\t\t\t\t\t<article id=\"portfolio-315775-69f2932d5bddd\" class=\"grve-isotope-item grve-portfolio-item grve-image-square post-315775 portfolio type-portfolio status-publish has-post-thumbnail hentry portfolio_category-residencial reference-pays-france\">\r\n\t\t\t\t\t\t<div class=\"grve-isotope-item-inner grve-hover-item grve-zoom-in grve-hover-style-6\">\t\t\t\t\t\t\t\t\t<figure class=\"grve-image-hover grve-media grve-zoom-out grve-grayscale-image-hover\">\r\n\t\t\t\t\t\t\t\t\t\t<a class=\"grve-item-url\" aria-label=\"Home Villiers\" href=\"https:\/\/www.groupeidec.com\/es\/references\/home-villiers-75\/\"><\/a>\t\t\t\t\t\t\t\t\t\t\t\t\t\t\t\t\t\t\t\t\t<div class=\"grve-gradient-overlay\"><\/div>\r\n\t\t\t\t\t\t\t\t\t\t\t\t\t\t\t\t\t\t\t\t<img loading=\"lazy\" decoding=\"async\" width=\"500\" height=\"310\" src=\"https:\/\/www.groupeidec.com\/wp-content\/uploads\/2019\/05\/vignette_faubourg_immobilier_home_villiers_paris.jpg\" class=\"attachment-large size-large\" alt=\"\" srcset=\"https:\/\/www.groupeidec.com\/wp-content\/uploads\/2019\/05\/vignette_faubourg_immobilier_home_villiers_paris.jpg 500w, https:\/\/www.groupeidec.com\/wp-content\/uploads\/2019\/05\/vignette_faubourg_immobilier_home_villiers_paris-300x186.jpg 300w\" sizes=\"auto, (max-width: 500px) 100vw, 500px\" \/>\t\t\t\t\t\t\t\t\t\t\t\t\t\t\t\t\t\t\t\t<figcaption class=\"grve-content grve-align-center\">\r\n\t\t\t\t\t\t\t\t\t\t\t\t\t\t\t\t\t\t\t\t\t\t\t\t\t\t\t\t\t\t\t\t\t<h6 class=\"grve-title grve-text-white grve-h5\">Home Villiers<\/h6>\r\n\t\t\t\t\t\t\t\t\t\t\t\t\t\t\t\t\t\t\t\t\t\t\t\t\t\t\t\t\t\t\t\t\t\t\t\t\t\t\t\t\t\t\t\t\t\t\t\t\t\t\t\t\t\t\t\t\t\t\t\t\t\t\t\t\t<\/figcaption>\r\n\t\t\t\t\t\t\t\t\t\t\t\t\t\t\t\t\t\t\t<\/figure>\r\n\t\t\t\t\t\t\t\t\t\t\t\t\t<\/div>\r\n\t\t\t\t\t<\/article>\r\n\t\t\t\t\t<article id=\"portfolio-315830-69f2932d5c2a5\" class=\"grve-isotope-item grve-portfolio-item grve-image-square post-315830 portfolio type-portfolio status-publish has-post-thumbnail hentry portfolio_category-activites-es portfolio_category-oficinas\">\r\n\t\t\t\t\t\t<div class=\"grve-isotope-item-inner grve-hover-item grve-zoom-in grve-hover-style-6\">\t\t\t\t\t\t\t\t\t<figure class=\"grve-image-hover grve-media grve-zoom-out grve-grayscale-image-hover\">\r\n\t\t\t\t\t\t\t\t\t\t<a class=\"grve-item-url\" aria-label=\"NEOVIA\" href=\"https:\/\/www.groupeidec.com\/es\/references\/neovia\/\"><\/a>\t\t\t\t\t\t\t\t\t\t\t\t\t\t\t\t\t\t\t\t\t<div class=\"grve-gradient-overlay\"><\/div>\r\n\t\t\t\t\t\t\t\t\t\t\t\t\t\t\t\t\t\t\t\t<img loading=\"lazy\" decoding=\"async\" width=\"1024\" height=\"608\" src=\"https:\/\/www.groupeidec.com\/wp-content\/uploads\/2018\/10\/3d-neovia-le-plessis-pate-91-180613-01-1024x608.jpg\" class=\"attachment-large size-large\" alt=\"\" srcset=\"https:\/\/www.groupeidec.com\/wp-content\/uploads\/2018\/10\/3d-neovia-le-plessis-pate-91-180613-01-1024x608.jpg 1024w, https:\/\/www.groupeidec.com\/wp-content\/uploads\/2018\/10\/3d-neovia-le-plessis-pate-91-180613-01-300x178.jpg 300w, https:\/\/www.groupeidec.com\/wp-content\/uploads\/2018\/10\/3d-neovia-le-plessis-pate-91-180613-01-768x456.jpg 768w, https:\/\/www.groupeidec.com\/wp-content\/uploads\/2018\/10\/3d-neovia-le-plessis-pate-91-180613-01-1920x1139.jpg 1920w\" sizes=\"auto, (max-width: 1024px) 100vw, 1024px\" \/>\t\t\t\t\t\t\t\t\t\t\t\t\t\t\t\t\t\t\t\t<figcaption class=\"grve-content grve-align-center\">\r\n\t\t\t\t\t\t\t\t\t\t\t\t\t\t\t\t\t\t\t\t\t\t\t\t\t\t\t\t\t\t\t\t\t<h6 class=\"grve-title grve-text-white grve-h5\">NEOVIA<\/h6>\r\n\t\t\t\t\t\t\t\t\t\t\t\t\t\t\t\t\t\t\t\t\t\t\t\t\t\t\t\t\t\t\t\t\t\t\t\t\t\t\t\t\t\t\t\t\t\t\t\t\t\t\t\t\t\t\t\t\t\t\t\t\t\t\t\t\t<\/figcaption>\r\n\t\t\t\t\t\t\t\t\t\t\t\t\t\t\t\t\t\t\t<\/figure>\r\n\t\t\t\t\t\t\t\t\t\t\t\t\t<\/div>\r\n\t\t\t\t\t<\/article>\r\n\t\t\t\t\t<article id=\"portfolio-315848-69f2932d5c6f0\" class=\"grve-isotope-item grve-portfolio-item grve-image-square post-315848 portfolio type-portfolio status-publish has-post-thumbnail hentry portfolio_category-logistica reference-pays-france\">\r\n\t\t\t\t\t\t<div class=\"grve-isotope-item-inner grve-hover-item grve-zoom-in grve-hover-style-6\">\t\t\t\t\t\t\t\t\t<figure class=\"grve-image-hover grve-media grve-zoom-out grve-grayscale-image-hover\">\r\n\t\t\t\t\t\t\t\t\t\t<a class=\"grve-item-url\" aria-label=\"Semmaris\" href=\"https:\/\/www.groupeidec.com\/es\/references\/semmaris-2\/\"><\/a>\t\t\t\t\t\t\t\t\t\t\t\t\t\t\t\t\t\t\t\t\t<div class=\"grve-gradient-overlay\"><\/div>\r\n\t\t\t\t\t\t\t\t\t\t\t\t\t\t\t\t\t\t\t\t<img loading=\"lazy\" decoding=\"async\" width=\"1024\" height=\"576\" src=\"https:\/\/www.groupeidec.com\/wp-content\/uploads\/2019\/05\/photo-col-semmaris-rungis-94-181113-01_0-1024x576.jpg\" class=\"attachment-large size-large\" alt=\"\" srcset=\"https:\/\/www.groupeidec.com\/wp-content\/uploads\/2019\/05\/photo-col-semmaris-rungis-94-181113-01_0-1024x576.jpg 1024w, https:\/\/www.groupeidec.com\/wp-content\/uploads\/2019\/05\/photo-col-semmaris-rungis-94-181113-01_0-300x169.jpg 300w, https:\/\/www.groupeidec.com\/wp-content\/uploads\/2019\/05\/photo-col-semmaris-rungis-94-181113-01_0-768x432.jpg 768w, https:\/\/www.groupeidec.com\/wp-content\/uploads\/2019\/05\/photo-col-semmaris-rungis-94-181113-01_0-1170x658.jpg 1170w, https:\/\/www.groupeidec.com\/wp-content\/uploads\/2019\/05\/photo-col-semmaris-rungis-94-181113-01_0.jpg 1540w\" sizes=\"auto, (max-width: 1024px) 100vw, 1024px\" \/>\t\t\t\t\t\t\t\t\t\t\t\t\t\t\t\t\t\t\t\t<figcaption class=\"grve-content grve-align-center\">\r\n\t\t\t\t\t\t\t\t\t\t\t\t\t\t\t\t\t\t\t\t\t\t\t\t\t\t\t\t\t\t\t\t\t<h6 class=\"grve-title grve-text-white grve-h5\">Semmaris<\/h6>\r\n\t\t\t\t\t\t\t\t\t\t\t\t\t\t\t\t\t\t\t\t\t\t\t\t\t\t\t\t\t\t\t\t\t\t\t\t\t\t\t\t\t\t\t\t\t\t\t\t\t\t\t\t\t\t\t\t\t\t\t\t\t\t\t\t\t<\/figcaption>\r\n\t\t\t\t\t\t\t\t\t\t\t\t\t\t\t\t\t\t\t<\/figure>\r\n\t\t\t\t\t\t\t\t\t\t\t\t\t<\/div>\r\n\t\t\t\t\t<\/article>\r\n\t\t\t\t\t<article id=\"portfolio-315782-69f2932d5cb0b\" class=\"grve-isotope-item grve-portfolio-item grve-image-square post-315782 portfolio type-portfolio status-publish has-post-thumbnail hentry portfolio_category-logistica portfolio_category-promocion reference-pays-france\">\r\n\t\t\t\t\t\t<div class=\"grve-isotope-item-inner grve-hover-item grve-zoom-in grve-hover-style-6\">\t\t\t\t\t\t\t\t\t<figure class=\"grve-image-hover grve-media grve-zoom-out grve-grayscale-image-hover\">\r\n\t\t\t\t\t\t\t\t\t\t<a class=\"grve-item-url\" aria-label=\"Parc Euro M\u00e9diterran\u00e9e (La Feuillane)\" href=\"https:\/\/www.groupeidec.com\/es\/references\/parc-euro-mediterranee-la-feuillane\/\"><\/a>\t\t\t\t\t\t\t\t\t\t\t\t\t\t\t\t\t\t\t\t\t<div class=\"grve-gradient-overlay\"><\/div>\r\n\t\t\t\t\t\t\t\t\t\t\t\t\t\t\t\t\t\t\t\t<img loading=\"lazy\" decoding=\"async\" width=\"1024\" height=\"330\" src=\"https:\/\/www.groupeidec.com\/wp-content\/uploads\/2022\/02\/3D-XPO-PARC-EURO-MEDITERRANEE-FOS-SUR-MER-GENERALE-1024x330.jpg\" class=\"attachment-large size-large\" alt=\"\" srcset=\"https:\/\/www.groupeidec.com\/wp-content\/uploads\/2022\/02\/3D-XPO-PARC-EURO-MEDITERRANEE-FOS-SUR-MER-GENERALE-1024x330.jpg 1024w, https:\/\/www.groupeidec.com\/wp-content\/uploads\/2022\/02\/3D-XPO-PARC-EURO-MEDITERRANEE-FOS-SUR-MER-GENERALE-300x97.jpg 300w, https:\/\/www.groupeidec.com\/wp-content\/uploads\/2022\/02\/3D-XPO-PARC-EURO-MEDITERRANEE-FOS-SUR-MER-GENERALE-768x248.jpg 768w, https:\/\/www.groupeidec.com\/wp-content\/uploads\/2022\/02\/3D-XPO-PARC-EURO-MEDITERRANEE-FOS-SUR-MER-GENERALE.jpg 1280w\" sizes=\"auto, (max-width: 1024px) 100vw, 1024px\" \/>\t\t\t\t\t\t\t\t\t\t\t\t\t\t\t\t\t\t\t\t<figcaption class=\"grve-content grve-align-center\">\r\n\t\t\t\t\t\t\t\t\t\t\t\t\t\t\t\t\t\t\t\t\t\t\t\t\t\t\t\t\t\t\t\t\t<h6 class=\"grve-title grve-text-white grve-h5\">Parc Euro M\u00e9diterran\u00e9e (La Feuillane)<\/h6>\r\n\t\t\t\t\t\t\t\t\t\t\t\t\t\t\t\t\t\t\t\t\t\t\t\t\t\t\t\t\t\t\t\t\t\t\t\t\t\t\t\t\t\t\t\t\t\t\t\t\t\t\t\t\t\t\t\t\t\t\t\t\t\t\t\t\t<\/figcaption>\r\n\t\t\t\t\t\t\t\t\t\t\t\t\t\t\t\t\t\t\t<\/figure>\r\n\t\t\t\t\t\t\t\t\t\t\t\t\t<\/div>\r\n\t\t\t\t\t<\/article>\r\n\t\t\t\t\t<article id=\"portfolio-315854-69f2932d5cecc\" class=\"grve-isotope-item grve-portfolio-item grve-image-square post-315854 portfolio type-portfolio status-publish has-post-thumbnail hentry portfolio_category-otros reference-pays-viet-nam\">\r\n\t\t\t\t\t\t<div class=\"grve-isotope-item-inner grve-hover-item grve-zoom-in grve-hover-style-6\">\t\t\t\t\t\t\t\t\t<figure class=\"grve-image-hover grve-media grve-zoom-out grve-grayscale-image-hover\">\r\n\t\t\t\t\t\t\t\t\t\t<a class=\"grve-item-url\" aria-label=\"SCHNEIDER ELECTRIC\" href=\"https:\/\/www.groupeidec.com\/es\/references\/schneider-electric\/\"><\/a>\t\t\t\t\t\t\t\t\t\t\t\t\t\t\t\t\t\t\t\t\t<div class=\"grve-gradient-overlay\"><\/div>\r\n\t\t\t\t\t\t\t\t\t\t\t\t\t\t\t\t\t\t\t\t<img loading=\"lazy\" decoding=\"async\" width=\"1024\" height=\"636\" src=\"https:\/\/www.groupeidec.com\/wp-content\/uploads\/2019\/05\/photo-grid-international-schneider-electric-vietnam-190125-1024x636.jpg\" class=\"attachment-large size-large\" alt=\"\" srcset=\"https:\/\/www.groupeidec.com\/wp-content\/uploads\/2019\/05\/photo-grid-international-schneider-electric-vietnam-190125-1024x636.jpg 1024w, https:\/\/www.groupeidec.com\/wp-content\/uploads\/2019\/05\/photo-grid-international-schneider-electric-vietnam-190125-300x186.jpg 300w, https:\/\/www.groupeidec.com\/wp-content\/uploads\/2019\/05\/photo-grid-international-schneider-electric-vietnam-190125-768x477.jpg 768w, https:\/\/www.groupeidec.com\/wp-content\/uploads\/2019\/05\/photo-grid-international-schneider-electric-vietnam-190125.jpg 1540w\" sizes=\"auto, (max-width: 1024px) 100vw, 1024px\" \/>\t\t\t\t\t\t\t\t\t\t\t\t\t\t\t\t\t\t\t\t<figcaption class=\"grve-content grve-align-center\">\r\n\t\t\t\t\t\t\t\t\t\t\t\t\t\t\t\t\t\t\t\t\t\t\t\t\t\t\t\t\t\t\t\t\t<h6 class=\"grve-title grve-text-white grve-h5\">SCHNEIDER ELECTRIC<\/h6>\r\n\t\t\t\t\t\t\t\t\t\t\t\t\t\t\t\t\t\t\t\t\t\t\t\t\t\t\t\t\t\t\t\t\t\t\t\t\t\t\t\t\t\t\t\t\t\t\t\t\t\t\t\t\t\t\t\t\t\t\t\t\t\t\t\t\t<\/figcaption>\r\n\t\t\t\t\t\t\t\t\t\t\t\t\t\t\t\t\t\t\t<\/figure>\r\n\t\t\t\t\t\t\t\t\t\t\t\t\t<\/div>\r\n\t\t\t\t\t<\/article>\r\n\t\t\t\t\t<article id=\"portfolio-315864-69f2932d5d2e4\" class=\"grve-isotope-item grve-portfolio-item grve-image-square post-315864 portfolio type-portfolio status-publish has-post-thumbnail hentry portfolio_category-otros reference-pays-chine\">\r\n\t\t\t\t\t\t<div class=\"grve-isotope-item-inner grve-hover-item grve-zoom-in grve-hover-style-6\">\t\t\t\t\t\t\t\t\t<figure class=\"grve-image-hover grve-media grve-zoom-out grve-grayscale-image-hover\">\r\n\t\t\t\t\t\t\t\t\t\t<a class=\"grve-item-url\" aria-label=\"SCHNEIDER ELECTRIC\" href=\"https:\/\/www.groupeidec.com\/es\/references\/schneider-electric-2\/\"><\/a>\t\t\t\t\t\t\t\t\t\t\t\t\t\t\t\t\t\t\t\t\t<div class=\"grve-gradient-overlay\"><\/div>\r\n\t\t\t\t\t\t\t\t\t\t\t\t\t\t\t\t\t\t\t\t<img loading=\"lazy\" decoding=\"async\" width=\"1024\" height=\"531\" src=\"https:\/\/www.groupeidec.com\/wp-content\/uploads\/2019\/05\/photo-schneider-electric-chine-190125-1024x531.jpg\" class=\"attachment-large size-large\" alt=\"\" srcset=\"https:\/\/www.groupeidec.com\/wp-content\/uploads\/2019\/05\/photo-schneider-electric-chine-190125-1024x531.jpg 1024w, https:\/\/www.groupeidec.com\/wp-content\/uploads\/2019\/05\/photo-schneider-electric-chine-190125-300x156.jpg 300w, https:\/\/www.groupeidec.com\/wp-content\/uploads\/2019\/05\/photo-schneider-electric-chine-190125-768x398.jpg 768w, https:\/\/www.groupeidec.com\/wp-content\/uploads\/2019\/05\/photo-schneider-electric-chine-190125.jpg 1540w\" sizes=\"auto, (max-width: 1024px) 100vw, 1024px\" \/>\t\t\t\t\t\t\t\t\t\t\t\t\t\t\t\t\t\t\t\t<figcaption class=\"grve-content grve-align-center\">\r\n\t\t\t\t\t\t\t\t\t\t\t\t\t\t\t\t\t\t\t\t\t\t\t\t\t\t\t\t\t\t\t\t\t<h6 class=\"grve-title grve-text-white grve-h5\">SCHNEIDER ELECTRIC<\/h6>\r\n\t\t\t\t\t\t\t\t\t\t\t\t\t\t\t\t\t\t\t\t\t\t\t\t\t\t\t\t\t\t\t\t\t\t\t\t\t\t\t\t\t\t\t\t\t\t\t\t\t\t\t\t\t\t\t\t\t\t\t\t\t\t\t\t\t<\/figcaption>\r\n\t\t\t\t\t\t\t\t\t\t\t\t\t\t\t\t\t\t\t<\/figure>\r\n\t\t\t\t\t\t\t\t\t\t\t\t\t<\/div>\r\n\t\t\t\t\t<\/article>\r\n\t\t\t\t\t<article id=\"portfolio-315831-69f2932d5d6e7\" class=\"grve-isotope-item grve-portfolio-item grve-image-square post-315831 portfolio type-portfolio status-publish has-post-thumbnail hentry portfolio_category-industria-agroalimentaria reference-pays-france\">\r\n\t\t\t\t\t\t<div class=\"grve-isotope-item-inner grve-hover-item grve-zoom-in grve-hover-style-6\">\t\t\t\t\t\t\t\t\t<figure class=\"grve-image-hover grve-media grve-zoom-out grve-grayscale-image-hover\">\r\n\t\t\t\t\t\t\t\t\t\t<a class=\"grve-item-url\" aria-label=\"SILL ENTREPRISES\" href=\"https:\/\/www.groupeidec.com\/es\/references\/sill-entreprises\/\"><\/a>\t\t\t\t\t\t\t\t\t\t\t\t\t\t\t\t\t\t\t\t\t<div class=\"grve-gradient-overlay\"><\/div>\r\n\t\t\t\t\t\t\t\t\t\t\t\t\t\t\t\t\t\t\t\t<img loading=\"lazy\" decoding=\"async\" width=\"1024\" height=\"682\" src=\"https:\/\/www.groupeidec.com\/wp-content\/uploads\/2023\/03\/construction-usine-production-lait-sill-02-1024x682.jpg\" class=\"attachment-large size-large\" alt=\"\" srcset=\"https:\/\/www.groupeidec.com\/wp-content\/uploads\/2023\/03\/construction-usine-production-lait-sill-02-1024x682.jpg 1024w, https:\/\/www.groupeidec.com\/wp-content\/uploads\/2023\/03\/construction-usine-production-lait-sill-02-300x200.jpg 300w, https:\/\/www.groupeidec.com\/wp-content\/uploads\/2023\/03\/construction-usine-production-lait-sill-02-768x512.jpg 768w, https:\/\/www.groupeidec.com\/wp-content\/uploads\/2023\/03\/construction-usine-production-lait-sill-02.jpg 1280w\" sizes=\"auto, (max-width: 1024px) 100vw, 1024px\" \/>\t\t\t\t\t\t\t\t\t\t\t\t\t\t\t\t\t\t\t\t<figcaption class=\"grve-content grve-align-center\">\r\n\t\t\t\t\t\t\t\t\t\t\t\t\t\t\t\t\t\t\t\t\t\t\t\t\t\t\t\t\t\t\t\t\t<h6 class=\"grve-title grve-text-white grve-h5\">SILL ENTREPRISES<\/h6>\r\n\t\t\t\t\t\t\t\t\t\t\t\t\t\t\t\t\t\t\t\t\t\t\t\t\t\t\t\t\t\t\t\t\t\t\t\t\t\t\t\t\t\t\t\t\t\t\t\t\t\t\t\t\t\t\t\t\t\t\t\t\t\t\t\t\t<\/figcaption>\r\n\t\t\t\t\t\t\t\t\t\t\t\t\t\t\t\t\t\t\t<\/figure>\r\n\t\t\t\t\t\t\t\t\t\t\t\t\t<\/div>\r\n\t\t\t\t\t<\/article>\r\n\t\t\t\t\t<article id=\"portfolio-315828-69f2932d5db09\" class=\"grve-isotope-item grve-portfolio-item grve-image-square post-315828 portfolio type-portfolio status-publish has-post-thumbnail hentry portfolio_category-logistica\">\r\n\t\t\t\t\t\t<div class=\"grve-isotope-item-inner grve-hover-item grve-zoom-in grve-hover-style-6\">\t\t\t\t\t\t\t\t\t<figure class=\"grve-image-hover grve-media grve-zoom-out grve-grayscale-image-hover\">\r\n\t\t\t\t\t\t\t\t\t\t<a class=\"grve-item-url\" aria-label=\"LA POSTE Group\" href=\"https:\/\/www.groupeidec.com\/es\/references\/groupe-la-poste\/\"><\/a>\t\t\t\t\t\t\t\t\t\t\t\t\t\t\t\t\t\t\t\t\t<div class=\"grve-gradient-overlay\"><\/div>\r\n\t\t\t\t\t\t\t\t\t\t\t\t\t\t\t\t\t\t\t\t<img loading=\"lazy\" decoding=\"async\" width=\"1024\" height=\"484\" src=\"https:\/\/www.groupeidec.com\/wp-content\/uploads\/2018\/10\/3d-prologis-douvrin-62-1801-01_0-1024x484.jpg\" class=\"attachment-large size-large\" alt=\"\" srcset=\"https:\/\/www.groupeidec.com\/wp-content\/uploads\/2018\/10\/3d-prologis-douvrin-62-1801-01_0-1024x484.jpg 1024w, https:\/\/www.groupeidec.com\/wp-content\/uploads\/2018\/10\/3d-prologis-douvrin-62-1801-01_0-300x142.jpg 300w, https:\/\/www.groupeidec.com\/wp-content\/uploads\/2018\/10\/3d-prologis-douvrin-62-1801-01_0-768x363.jpg 768w, https:\/\/www.groupeidec.com\/wp-content\/uploads\/2018\/10\/3d-prologis-douvrin-62-1801-01_0.jpg 1785w\" sizes=\"auto, (max-width: 1024px) 100vw, 1024px\" \/>\t\t\t\t\t\t\t\t\t\t\t\t\t\t\t\t\t\t\t\t<figcaption class=\"grve-content grve-align-center\">\r\n\t\t\t\t\t\t\t\t\t\t\t\t\t\t\t\t\t\t\t\t\t\t\t\t\t\t\t\t\t\t\t\t\t<h6 class=\"grve-title grve-text-white grve-h5\">LA POSTE Group<\/h6>\r\n\t\t\t\t\t\t\t\t\t\t\t\t\t\t\t\t\t\t\t\t\t\t\t\t\t\t\t\t\t\t\t\t\t\t\t\t\t\t\t\t\t\t\t\t\t\t\t\t\t\t\t\t\t\t\t\t\t\t\t\t\t\t\t\t\t<\/figcaption>\r\n\t\t\t\t\t\t\t\t\t\t\t\t\t\t\t\t\t\t\t<\/figure>\r\n\t\t\t\t\t\t\t\t\t\t\t\t\t<\/div>\r\n\t\t\t\t\t<\/article>\r\n\t\t\t\t\t<article id=\"portfolio-315809-69f2932d5ded7\" class=\"grve-isotope-item grve-portfolio-item grve-image-square post-315809 portfolio type-portfolio status-publish has-post-thumbnail hentry portfolio_category-planificacion\">\r\n\t\t\t\t\t\t<div class=\"grve-isotope-item-inner grve-hover-item grve-zoom-in grve-hover-style-6\">\t\t\t\t\t\t\t\t\t<figure class=\"grve-image-hover grve-media grve-zoom-out grve-grayscale-image-hover\">\r\n\t\t\t\t\t\t\t\t\t\t<a class=\"grve-item-url\" aria-label=\"Planning for Haut de Wissous 2 Park\" href=\"https:\/\/www.groupeidec.com\/es\/references\/amenagement-du-parc-haut-de-wissous-2\/\"><\/a>\t\t\t\t\t\t\t\t\t\t\t\t\t\t\t\t\t\t\t\t\t<div class=\"grve-gradient-overlay\"><\/div>\r\n\t\t\t\t\t\t\t\t\t\t\t\t\t\t\t\t\t\t\t\t<img loading=\"lazy\" decoding=\"async\" width=\"1024\" height=\"547\" src=\"https:\/\/www.groupeidec.com\/wp-content\/uploads\/2018\/10\/vue-aerienne-wissous-2-1024x547.jpg\" class=\"attachment-large size-large\" alt=\"\" srcset=\"https:\/\/www.groupeidec.com\/wp-content\/uploads\/2018\/10\/vue-aerienne-wissous-2-1024x547.jpg 1024w, https:\/\/www.groupeidec.com\/wp-content\/uploads\/2018\/10\/vue-aerienne-wissous-2-300x160.jpg 300w, https:\/\/www.groupeidec.com\/wp-content\/uploads\/2018\/10\/vue-aerienne-wissous-2-768x410.jpg 768w, https:\/\/www.groupeidec.com\/wp-content\/uploads\/2018\/10\/vue-aerienne-wissous-2.jpg 1540w\" sizes=\"auto, (max-width: 1024px) 100vw, 1024px\" \/>\t\t\t\t\t\t\t\t\t\t\t\t\t\t\t\t\t\t\t\t<figcaption class=\"grve-content grve-align-center\">\r\n\t\t\t\t\t\t\t\t\t\t\t\t\t\t\t\t\t\t\t\t\t\t\t\t\t\t\t\t\t\t\t\t\t<h6 class=\"grve-title grve-text-white grve-h5\">Planning for Haut de Wissous 2 Park<\/h6>\r\n\t\t\t\t\t\t\t\t\t\t\t\t\t\t\t\t\t\t\t\t\t\t\t\t\t\t\t\t\t\t\t\t\t\t\t\t\t\t\t\t\t\t\t\t\t\t\t\t\t\t\t\t\t\t\t\t\t\t\t\t\t\t\t\t\t<\/figcaption>\r\n\t\t\t\t\t\t\t\t\t\t\t\t\t\t\t\t\t\t\t<\/figure>\r\n\t\t\t\t\t\t\t\t\t\t\t\t\t<\/div>\r\n\t\t\t\t\t<\/article>\r\n\t\t\t\t\t<article id=\"portfolio-315836-69f2932d5e2d8\" class=\"grve-isotope-item grve-portfolio-item grve-image-square post-315836 portfolio type-portfolio status-publish has-post-thumbnail hentry portfolio_category-promocion portfolio_category-residencial\">\r\n\t\t\t\t\t\t<div class=\"grve-isotope-item-inner grve-hover-item grve-zoom-in grve-hover-style-6\">\t\t\t\t\t\t\t\t\t<figure class=\"grve-image-hover grve-media grve-zoom-out grve-grayscale-image-hover\">\r\n\t\t\t\t\t\t\t\t\t\t<a class=\"grve-item-url\" aria-label=\"Majestic\" href=\"https:\/\/www.groupeidec.com\/es\/references\/majestic\/\"><\/a>\t\t\t\t\t\t\t\t\t\t\t\t\t\t\t\t\t\t\t\t\t<div class=\"grve-gradient-overlay\"><\/div>\r\n\t\t\t\t\t\t\t\t\t\t\t\t\t\t\t\t\t\t\t\t<img loading=\"lazy\" decoding=\"async\" width=\"1024\" height=\"775\" src=\"https:\/\/www.groupeidec.com\/wp-content\/uploads\/2018\/10\/nex92_fontenay_vue_rondpoint_07_1-1024x775.jpg\" class=\"attachment-large size-large\" alt=\"\" srcset=\"https:\/\/www.groupeidec.com\/wp-content\/uploads\/2018\/10\/nex92_fontenay_vue_rondpoint_07_1-1024x775.jpg 1024w, https:\/\/www.groupeidec.com\/wp-content\/uploads\/2018\/10\/nex92_fontenay_vue_rondpoint_07_1-300x227.jpg 300w, https:\/\/www.groupeidec.com\/wp-content\/uploads\/2018\/10\/nex92_fontenay_vue_rondpoint_07_1-768x581.jpg 768w, https:\/\/www.groupeidec.com\/wp-content\/uploads\/2018\/10\/nex92_fontenay_vue_rondpoint_07_1.jpg 1540w\" sizes=\"auto, (max-width: 1024px) 100vw, 1024px\" \/>\t\t\t\t\t\t\t\t\t\t\t\t\t\t\t\t\t\t\t\t<figcaption class=\"grve-content grve-align-center\">\r\n\t\t\t\t\t\t\t\t\t\t\t\t\t\t\t\t\t\t\t\t\t\t\t\t\t\t\t\t\t\t\t\t\t<h6 class=\"grve-title grve-text-white grve-h5\">Majestic<\/h6>\r\n\t\t\t\t\t\t\t\t\t\t\t\t\t\t\t\t\t\t\t\t\t\t\t\t\t\t\t\t\t\t\t\t\t\t\t\t\t\t\t\t\t\t\t\t\t\t\t\t\t\t\t\t\t\t\t\t\t\t\t\t\t\t\t\t\t<\/figcaption>\r\n\t\t\t\t\t\t\t\t\t\t\t\t\t\t\t\t\t\t\t<\/figure>\r\n\t\t\t\t\t\t\t\t\t\t\t\t\t<\/div>\r\n\t\t\t\t\t<\/article>\r\n\t\t\t\t\t<article id=\"portfolio-315880-69f2932d5e6e1\" class=\"grve-isotope-item grve-portfolio-item grve-image-square post-315880 portfolio type-portfolio status-publish has-post-thumbnail hentry portfolio_category-otros reference-pays-viet-nam\">\r\n\t\t\t\t\t\t<div class=\"grve-isotope-item-inner grve-hover-item grve-zoom-in grve-hover-style-6\">\t\t\t\t\t\t\t\t\t<figure class=\"grve-image-hover grve-media grve-zoom-out grve-grayscale-image-hover\">\r\n\t\t\t\t\t\t\t\t\t\t<a class=\"grve-item-url\" aria-label=\"PHONG DIEN SOLAR PLANT\" href=\"https:\/\/www.groupeidec.com\/es\/references\/phong-dien-solar-plant\/\"><\/a>\t\t\t\t\t\t\t\t\t\t\t\t\t\t\t\t\t\t\t\t\t<div class=\"grve-gradient-overlay\"><\/div>\r\n\t\t\t\t\t\t\t\t\t\t\t\t\t\t\t\t\t\t\t\t<img loading=\"lazy\" decoding=\"async\" width=\"1024\" height=\"575\" src=\"https:\/\/www.groupeidec.com\/wp-content\/uploads\/2019\/05\/photo-grid-international-phong-dien-solar-plant-vietnam-190125-1024x575.jpg\" class=\"attachment-large size-large\" alt=\"\" srcset=\"https:\/\/www.groupeidec.com\/wp-content\/uploads\/2019\/05\/photo-grid-international-phong-dien-solar-plant-vietnam-190125-1024x575.jpg 1024w, https:\/\/www.groupeidec.com\/wp-content\/uploads\/2019\/05\/photo-grid-international-phong-dien-solar-plant-vietnam-190125-300x168.jpg 300w, https:\/\/www.groupeidec.com\/wp-content\/uploads\/2019\/05\/photo-grid-international-phong-dien-solar-plant-vietnam-190125-768x431.jpg 768w, https:\/\/www.groupeidec.com\/wp-content\/uploads\/2019\/05\/photo-grid-international-phong-dien-solar-plant-vietnam-190125-1170x658.jpg 1170w, https:\/\/www.groupeidec.com\/wp-content\/uploads\/2019\/05\/photo-grid-international-phong-dien-solar-plant-vietnam-190125.jpg 1540w\" sizes=\"auto, (max-width: 1024px) 100vw, 1024px\" \/>\t\t\t\t\t\t\t\t\t\t\t\t\t\t\t\t\t\t\t\t<figcaption class=\"grve-content grve-align-center\">\r\n\t\t\t\t\t\t\t\t\t\t\t\t\t\t\t\t\t\t\t\t\t\t\t\t\t\t\t\t\t\t\t\t\t<h6 class=\"grve-title grve-text-white grve-h5\">PHONG DIEN SOLAR PLANT<\/h6>\r\n\t\t\t\t\t\t\t\t\t\t\t\t\t\t\t\t\t\t\t\t\t\t\t\t\t\t\t\t\t\t\t\t\t\t\t\t\t\t\t\t\t\t\t\t\t\t\t\t\t\t\t\t\t\t\t\t\t\t\t\t\t\t\t\t\t<\/figcaption>\r\n\t\t\t\t\t\t\t\t\t\t\t\t\t\t\t\t\t\t\t<\/figure>\r\n\t\t\t\t\t\t\t\t\t\t\t\t\t<\/div>\r\n\t\t\t\t\t<\/article>\r\n\t\t\t\t\t<article id=\"portfolio-315783-69f2932d5eaf5\" class=\"grve-isotope-item grve-portfolio-item grve-image-square post-315783 portfolio type-portfolio status-publish has-post-thumbnail hentry portfolio_category-comercios reference-pays-france\">\r\n\t\t\t\t\t\t<div class=\"grve-isotope-item-inner grve-hover-item grve-zoom-in grve-hover-style-6\">\t\t\t\t\t\t\t\t\t<figure class=\"grve-image-hover grve-media grve-zoom-out grve-grayscale-image-hover\">\r\n\t\t\t\t\t\t\t\t\t\t<a class=\"grve-item-url\" aria-label=\"Orchestra\" href=\"https:\/\/www.groupeidec.com\/es\/references\/orchestra\/\"><\/a>\t\t\t\t\t\t\t\t\t\t\t\t\t\t\t\t\t\t\t\t\t<div class=\"grve-gradient-overlay\"><\/div>\r\n\t\t\t\t\t\t\t\t\t\t\t\t\t\t\t\t\t\t\t\t<img loading=\"lazy\" decoding=\"async\" width=\"1024\" height=\"683\" src=\"https:\/\/www.groupeidec.com\/wp-content\/uploads\/2019\/05\/Photo-Centre-Commercial-Orchestra-Saint-Aunes-2012-39_0-1024x683.jpg\" class=\"attachment-large size-large\" alt=\"\" srcset=\"https:\/\/www.groupeidec.com\/wp-content\/uploads\/2019\/05\/Photo-Centre-Commercial-Orchestra-Saint-Aunes-2012-39_0-1024x683.jpg 1024w, https:\/\/www.groupeidec.com\/wp-content\/uploads\/2019\/05\/Photo-Centre-Commercial-Orchestra-Saint-Aunes-2012-39_0-300x200.jpg 300w, https:\/\/www.groupeidec.com\/wp-content\/uploads\/2019\/05\/Photo-Centre-Commercial-Orchestra-Saint-Aunes-2012-39_0-768x512.jpg 768w, https:\/\/www.groupeidec.com\/wp-content\/uploads\/2019\/05\/Photo-Centre-Commercial-Orchestra-Saint-Aunes-2012-39_0.jpg 1540w\" sizes=\"auto, (max-width: 1024px) 100vw, 1024px\" \/>\t\t\t\t\t\t\t\t\t\t\t\t\t\t\t\t\t\t\t\t<figcaption class=\"grve-content grve-align-center\">\r\n\t\t\t\t\t\t\t\t\t\t\t\t\t\t\t\t\t\t\t\t\t\t\t\t\t\t\t\t\t\t\t\t\t<h6 class=\"grve-title grve-text-white grve-h5\">Orchestra<\/h6>\r\n\t\t\t\t\t\t\t\t\t\t\t\t\t\t\t\t\t\t\t\t\t\t\t\t\t\t\t\t\t\t\t\t\t\t\t\t\t\t\t\t\t\t\t\t\t\t\t\t\t\t\t\t\t\t\t\t\t\t\t\t\t\t\t\t\t<\/figcaption>\r\n\t\t\t\t\t\t\t\t\t\t\t\t\t\t\t\t\t\t\t<\/figure>\r\n\t\t\t\t\t\t\t\t\t\t\t\t\t<\/div>\r\n\t\t\t\t\t<\/article>\r\n\t\t\t\t\t<article id=\"portfolio-315853-69f2932d5eeb4\" class=\"grve-isotope-item grve-portfolio-item grve-image-square post-315853 portfolio type-portfolio status-publish has-post-thumbnail hentry portfolio_category-otros reference-pays-malaisie\">\r\n\t\t\t\t\t\t<div class=\"grve-isotope-item-inner grve-hover-item grve-zoom-in grve-hover-style-6\">\t\t\t\t\t\t\t\t\t<figure class=\"grve-image-hover grve-media grve-zoom-out grve-grayscale-image-hover\">\r\n\t\t\t\t\t\t\t\t\t\t<a class=\"grve-item-url\" aria-label=\"OLEON\" href=\"https:\/\/www.groupeidec.com\/es\/references\/oleon\/\"><\/a>\t\t\t\t\t\t\t\t\t\t\t\t\t\t\t\t\t\t\t\t\t<div class=\"grve-gradient-overlay\"><\/div>\r\n\t\t\t\t\t\t\t\t\t\t\t\t\t\t\t\t\t\t\t\t<img loading=\"lazy\" decoding=\"async\" width=\"1024\" height=\"319\" src=\"https:\/\/www.groupeidec.com\/wp-content\/uploads\/2022\/02\/photo-grid-international-oleon-malaisie-190125b-1024x319.jpg\" class=\"attachment-large size-large\" alt=\"\" srcset=\"https:\/\/www.groupeidec.com\/wp-content\/uploads\/2022\/02\/photo-grid-international-oleon-malaisie-190125b-1024x319.jpg 1024w, https:\/\/www.groupeidec.com\/wp-content\/uploads\/2022\/02\/photo-grid-international-oleon-malaisie-190125b-300x94.jpg 300w, https:\/\/www.groupeidec.com\/wp-content\/uploads\/2022\/02\/photo-grid-international-oleon-malaisie-190125b-768x239.jpg 768w, https:\/\/www.groupeidec.com\/wp-content\/uploads\/2022\/02\/photo-grid-international-oleon-malaisie-190125b.jpg 1280w\" sizes=\"auto, (max-width: 1024px) 100vw, 1024px\" \/>\t\t\t\t\t\t\t\t\t\t\t\t\t\t\t\t\t\t\t\t<figcaption class=\"grve-content grve-align-center\">\r\n\t\t\t\t\t\t\t\t\t\t\t\t\t\t\t\t\t\t\t\t\t\t\t\t\t\t\t\t\t\t\t\t\t<h6 class=\"grve-title grve-text-white grve-h5\">OLEON<\/h6>\r\n\t\t\t\t\t\t\t\t\t\t\t\t\t\t\t\t\t\t\t\t\t\t\t\t\t\t\t\t\t\t\t\t\t\t\t\t\t\t\t\t\t\t\t\t\t\t\t\t\t\t\t\t\t\t\t\t\t\t\t\t\t\t\t\t\t<\/figcaption>\r\n\t\t\t\t\t\t\t\t\t\t\t\t\t\t\t\t\t\t\t<\/figure>\r\n\t\t\t\t\t\t\t\t\t\t\t\t\t<\/div>\r\n\t\t\t\t\t<\/article>\r\n\t\t\t\t\t<article id=\"portfolio-315816-69f2932d5f2c7\" class=\"grve-isotope-item grve-portfolio-item grve-image-square post-315816 portfolio type-portfolio status-publish has-post-thumbnail hentry portfolio_category-industria-farmaceutica portfolio_category-industria-farmaceutica-sanitaria-y-cosmetica portfolio_category-sanitaria-y-cosmetica\">\r\n\t\t\t\t\t\t<div class=\"grve-isotope-item-inner grve-hover-item grve-zoom-in grve-hover-style-6\">\t\t\t\t\t\t\t\t\t<figure class=\"grve-image-hover grve-media grve-zoom-out grve-grayscale-image-hover\">\r\n\t\t\t\t\t\t\t\t\t\t<a class=\"grve-item-url\" aria-label=\"Solabia\" href=\"https:\/\/www.groupeidec.com\/es\/references\/solabia\/\"><\/a>\t\t\t\t\t\t\t\t\t\t\t\t\t\t\t\t\t\t\t\t\t<div class=\"grve-gradient-overlay\"><\/div>\r\n\t\t\t\t\t\t\t\t\t\t\t\t\t\t\t\t\t\t\t\t<img loading=\"lazy\" decoding=\"async\" width=\"1024\" height=\"768\" src=\"https:\/\/www.groupeidec.com\/wp-content\/uploads\/2018\/10\/photo_-_solabia_-_anet_4-1024x768.jpg\" class=\"attachment-large size-large\" alt=\"\" srcset=\"https:\/\/www.groupeidec.com\/wp-content\/uploads\/2018\/10\/photo_-_solabia_-_anet_4-1024x768.jpg 1024w, https:\/\/www.groupeidec.com\/wp-content\/uploads\/2018\/10\/photo_-_solabia_-_anet_4-300x225.jpg 300w, https:\/\/www.groupeidec.com\/wp-content\/uploads\/2018\/10\/photo_-_solabia_-_anet_4-768x576.jpg 768w, https:\/\/www.groupeidec.com\/wp-content\/uploads\/2018\/10\/photo_-_solabia_-_anet_4-560x420.jpg 560w, https:\/\/www.groupeidec.com\/wp-content\/uploads\/2018\/10\/photo_-_solabia_-_anet_4-900x675.jpg 900w, https:\/\/www.groupeidec.com\/wp-content\/uploads\/2018\/10\/photo_-_solabia_-_anet_4.jpg 1540w\" sizes=\"auto, (max-width: 1024px) 100vw, 1024px\" \/>\t\t\t\t\t\t\t\t\t\t\t\t\t\t\t\t\t\t\t\t<figcaption class=\"grve-content grve-align-center\">\r\n\t\t\t\t\t\t\t\t\t\t\t\t\t\t\t\t\t\t\t\t\t\t\t\t\t\t\t\t\t\t\t\t\t<h6 class=\"grve-title grve-text-white grve-h5\">Solabia<\/h6>\r\n\t\t\t\t\t\t\t\t\t\t\t\t\t\t\t\t\t\t\t\t\t\t\t\t\t\t\t\t\t\t\t\t\t\t\t\t\t\t\t\t\t\t\t\t\t\t\t\t\t\t\t\t\t\t\t\t\t\t\t\t\t\t\t\t\t<\/figcaption>\r\n\t\t\t\t\t\t\t\t\t\t\t\t\t\t\t\t\t\t\t<\/figure>\r\n\t\t\t\t\t\t\t\t\t\t\t\t\t<\/div>\r\n\t\t\t\t\t<\/article>\r\n\t\t\t\t\t<article id=\"portfolio-315801-69f2932d5f6df\" class=\"grve-isotope-item grve-portfolio-item grve-image-square post-315801 portfolio type-portfolio status-publish has-post-thumbnail hentry portfolio_category-activites-es portfolio_category-oficinas portfolio_category-promocion\">\r\n\t\t\t\t\t\t<div class=\"grve-isotope-item-inner grve-hover-item grve-zoom-in grve-hover-style-6\">\t\t\t\t\t\t\t\t\t<figure class=\"grve-image-hover grve-media grve-zoom-out grve-grayscale-image-hover\">\r\n\t\t\t\t\t\t\t\t\t\t<a class=\"grve-item-url\" aria-label=\"Val Pompadour Park\" href=\"https:\/\/www.groupeidec.com\/es\/references\/parc-val-pompadour\/\"><\/a>\t\t\t\t\t\t\t\t\t\t\t\t\t\t\t\t\t\t\t\t\t<div class=\"grve-gradient-overlay\"><\/div>\r\n\t\t\t\t\t\t\t\t\t\t\t\t\t\t\t\t\t\t\t\t<img loading=\"lazy\" decoding=\"async\" width=\"1024\" height=\"575\" src=\"https:\/\/www.groupeidec.com\/wp-content\/uploads\/2018\/12\/PHOTOS-DRONE-Parc-val-pompadour-VALENTON-201606-13-1024x575.jpg\" class=\"attachment-large size-large\" alt=\"\" srcset=\"https:\/\/www.groupeidec.com\/wp-content\/uploads\/2018\/12\/PHOTOS-DRONE-Parc-val-pompadour-VALENTON-201606-13-1024x575.jpg 1024w, https:\/\/www.groupeidec.com\/wp-content\/uploads\/2018\/12\/PHOTOS-DRONE-Parc-val-pompadour-VALENTON-201606-13-300x169.jpg 300w, https:\/\/www.groupeidec.com\/wp-content\/uploads\/2018\/12\/PHOTOS-DRONE-Parc-val-pompadour-VALENTON-201606-13-768x431.jpg 768w, https:\/\/www.groupeidec.com\/wp-content\/uploads\/2018\/12\/PHOTOS-DRONE-Parc-val-pompadour-VALENTON-201606-13-1170x658.jpg 1170w, https:\/\/www.groupeidec.com\/wp-content\/uploads\/2018\/12\/PHOTOS-DRONE-Parc-val-pompadour-VALENTON-201606-13.jpg 1540w\" sizes=\"auto, (max-width: 1024px) 100vw, 1024px\" \/>\t\t\t\t\t\t\t\t\t\t\t\t\t\t\t\t\t\t\t\t<figcaption class=\"grve-content grve-align-center\">\r\n\t\t\t\t\t\t\t\t\t\t\t\t\t\t\t\t\t\t\t\t\t\t\t\t\t\t\t\t\t\t\t\t\t<h6 class=\"grve-title grve-text-white grve-h5\">Val Pompadour Park<\/h6>\r\n\t\t\t\t\t\t\t\t\t\t\t\t\t\t\t\t\t\t\t\t\t\t\t\t\t\t\t\t\t\t\t\t\t\t\t\t\t\t\t\t\t\t\t\t\t\t\t\t\t\t\t\t\t\t\t\t\t\t\t\t\t\t\t\t\t<\/figcaption>\r\n\t\t\t\t\t\t\t\t\t\t\t\t\t\t\t\t\t\t\t<\/figure>\r\n\t\t\t\t\t\t\t\t\t\t\t\t\t<\/div>\r\n\t\t\t\t\t<\/article>\r\n\t\t\t\t\t<article id=\"portfolio-315785-69f2932d5faed\" class=\"grve-isotope-item grve-portfolio-item grve-image-square post-315785 portfolio type-portfolio status-publish has-post-thumbnail hentry portfolio_category-logistica reference-pays-france\">\r\n\t\t\t\t\t\t<div class=\"grve-isotope-item-inner grve-hover-item grve-zoom-in grve-hover-style-6\">\t\t\t\t\t\t\t\t\t<figure class=\"grve-image-hover grve-media grve-zoom-out grve-grayscale-image-hover\">\r\n\t\t\t\t\t\t\t\t\t\t<a class=\"grve-item-url\" aria-label=\"Action\" href=\"https:\/\/www.groupeidec.com\/es\/references\/action\/\"><\/a>\t\t\t\t\t\t\t\t\t\t\t\t\t\t\t\t\t\t\t\t\t<div class=\"grve-gradient-overlay\"><\/div>\r\n\t\t\t\t\t\t\t\t\t\t\t\t\t\t\t\t\t\t\t\t<img loading=\"lazy\" decoding=\"async\" width=\"1024\" height=\"576\" src=\"https:\/\/www.groupeidec.com\/wp-content\/uploads\/2019\/05\/photo-dro-prologis-action-moissy-cramayel-1803-01-1024x576.jpg\" class=\"attachment-large size-large\" alt=\"\" srcset=\"https:\/\/www.groupeidec.com\/wp-content\/uploads\/2019\/05\/photo-dro-prologis-action-moissy-cramayel-1803-01-1024x576.jpg 1024w, https:\/\/www.groupeidec.com\/wp-content\/uploads\/2019\/05\/photo-dro-prologis-action-moissy-cramayel-1803-01-300x169.jpg 300w, https:\/\/www.groupeidec.com\/wp-content\/uploads\/2019\/05\/photo-dro-prologis-action-moissy-cramayel-1803-01-768x432.jpg 768w, https:\/\/www.groupeidec.com\/wp-content\/uploads\/2019\/05\/photo-dro-prologis-action-moissy-cramayel-1803-01-1170x658.jpg 1170w, https:\/\/www.groupeidec.com\/wp-content\/uploads\/2019\/05\/photo-dro-prologis-action-moissy-cramayel-1803-01.jpg 1540w\" sizes=\"auto, (max-width: 1024px) 100vw, 1024px\" \/>\t\t\t\t\t\t\t\t\t\t\t\t\t\t\t\t\t\t\t\t<figcaption class=\"grve-content grve-align-center\">\r\n\t\t\t\t\t\t\t\t\t\t\t\t\t\t\t\t\t\t\t\t\t\t\t\t\t\t\t\t\t\t\t\t\t<h6 class=\"grve-title grve-text-white grve-h5\">Action<\/h6>\r\n\t\t\t\t\t\t\t\t\t\t\t\t\t\t\t\t\t\t\t\t\t\t\t\t\t\t\t\t\t\t\t\t\t\t\t\t\t\t\t\t\t\t\t\t\t\t\t\t\t\t\t\t\t\t\t\t\t\t\t\t\t\t\t\t\t<\/figcaption>\r\n\t\t\t\t\t\t\t\t\t\t\t\t\t\t\t\t\t\t\t<\/figure>\r\n\t\t\t\t\t\t\t\t\t\t\t\t\t<\/div>\r\n\t\t\t\t\t<\/article>\r\n\t\t\t\t\t<article id=\"portfolio-315779-69f2932d5febf\" class=\"grve-isotope-item grve-portfolio-item grve-image-square post-315779 portfolio type-portfolio status-publish has-post-thumbnail hentry portfolio_category-promocion reference-pays-france\">\r\n\t\t\t\t\t\t<div class=\"grve-isotope-item-inner grve-hover-item grve-zoom-in grve-hover-style-6\">\t\t\t\t\t\t\t\t\t<figure class=\"grve-image-hover grve-media grve-zoom-out grve-grayscale-image-hover\">\r\n\t\t\t\t\t\t\t\t\t\t<a class=\"grve-item-url\" aria-label=\"Parc des \u00e9oliennes\" href=\"https:\/\/www.groupeidec.com\/es\/references\/parc-des-eoliennes\/\"><\/a>\t\t\t\t\t\t\t\t\t\t\t\t\t\t\t\t\t\t\t\t\t<div class=\"grve-gradient-overlay\"><\/div>\r\n\t\t\t\t\t\t\t\t\t\t\t\t\t\t\t\t\t\t\t\t<img loading=\"lazy\" decoding=\"async\" width=\"1024\" height=\"521\" src=\"https:\/\/www.groupeidec.com\/wp-content\/uploads\/2019\/05\/3d-donzere-parc-eoliennes-1903-vue-aerienne-01-1024x521.jpg\" class=\"attachment-large size-large\" alt=\"\" srcset=\"https:\/\/www.groupeidec.com\/wp-content\/uploads\/2019\/05\/3d-donzere-parc-eoliennes-1903-vue-aerienne-01-1024x521.jpg 1024w, https:\/\/www.groupeidec.com\/wp-content\/uploads\/2019\/05\/3d-donzere-parc-eoliennes-1903-vue-aerienne-01-300x153.jpg 300w, https:\/\/www.groupeidec.com\/wp-content\/uploads\/2019\/05\/3d-donzere-parc-eoliennes-1903-vue-aerienne-01-768x391.jpg 768w, https:\/\/www.groupeidec.com\/wp-content\/uploads\/2019\/05\/3d-donzere-parc-eoliennes-1903-vue-aerienne-01.jpg 1540w\" sizes=\"auto, (max-width: 1024px) 100vw, 1024px\" \/>\t\t\t\t\t\t\t\t\t\t\t\t\t\t\t\t\t\t\t\t<figcaption class=\"grve-content grve-align-center\">\r\n\t\t\t\t\t\t\t\t\t\t\t\t\t\t\t\t\t\t\t\t\t\t\t\t\t\t\t\t\t\t\t\t\t<h6 class=\"grve-title grve-text-white grve-h5\">Parc des \u00e9oliennes<\/h6>\r\n\t\t\t\t\t\t\t\t\t\t\t\t\t\t\t\t\t\t\t\t\t\t\t\t\t\t\t\t\t\t\t\t\t\t\t\t\t\t\t\t\t\t\t\t\t\t\t\t\t\t\t\t\t\t\t\t\t\t\t\t\t\t\t\t\t<\/figcaption>\r\n\t\t\t\t\t\t\t\t\t\t\t\t\t\t\t\t\t\t\t<\/figure>\r\n\t\t\t\t\t\t\t\t\t\t\t\t\t<\/div>\r\n\t\t\t\t\t<\/article>\r\n\t\t\t\t\t<article id=\"portfolio-315873-69f2932d602c5\" class=\"grve-isotope-item grve-portfolio-item grve-image-square post-315873 portfolio type-portfolio status-publish has-post-thumbnail hentry portfolio_category-comercios reference-pays-viet-nam\">\r\n\t\t\t\t\t\t<div class=\"grve-isotope-item-inner grve-hover-item grve-zoom-in grve-hover-style-6\">\t\t\t\t\t\t\t\t\t<figure class=\"grve-image-hover grve-media grve-zoom-out grve-grayscale-image-hover\">\r\n\t\t\t\t\t\t\t\t\t\t<a class=\"grve-item-url\" aria-label=\"NGUYEN KIM SHOPPING MALL\" href=\"https:\/\/www.groupeidec.com\/es\/references\/nguyen-kim-shopping-mall\/\"><\/a>\t\t\t\t\t\t\t\t\t\t\t\t\t\t\t\t\t\t\t\t\t<div class=\"grve-gradient-overlay\"><\/div>\r\n\t\t\t\t\t\t\t\t\t\t\t\t\t\t\t\t\t\t\t\t<img loading=\"lazy\" decoding=\"async\" width=\"1024\" height=\"768\" src=\"https:\/\/www.groupeidec.com\/wp-content\/uploads\/2019\/05\/photo-grid-international-nguyen-kim-shopping-mall-vietnam-190125-1024x768.jpg\" class=\"attachment-large size-large\" alt=\"\" srcset=\"https:\/\/www.groupeidec.com\/wp-content\/uploads\/2019\/05\/photo-grid-international-nguyen-kim-shopping-mall-vietnam-190125-1024x768.jpg 1024w, https:\/\/www.groupeidec.com\/wp-content\/uploads\/2019\/05\/photo-grid-international-nguyen-kim-shopping-mall-vietnam-190125-300x225.jpg 300w, https:\/\/www.groupeidec.com\/wp-content\/uploads\/2019\/05\/photo-grid-international-nguyen-kim-shopping-mall-vietnam-190125-768x576.jpg 768w, https:\/\/www.groupeidec.com\/wp-content\/uploads\/2019\/05\/photo-grid-international-nguyen-kim-shopping-mall-vietnam-190125-560x420.jpg 560w, https:\/\/www.groupeidec.com\/wp-content\/uploads\/2019\/05\/photo-grid-international-nguyen-kim-shopping-mall-vietnam-190125-900x675.jpg 900w, https:\/\/www.groupeidec.com\/wp-content\/uploads\/2019\/05\/photo-grid-international-nguyen-kim-shopping-mall-vietnam-190125.jpg 1540w\" sizes=\"auto, (max-width: 1024px) 100vw, 1024px\" \/>\t\t\t\t\t\t\t\t\t\t\t\t\t\t\t\t\t\t\t\t<figcaption class=\"grve-content grve-align-center\">\r\n\t\t\t\t\t\t\t\t\t\t\t\t\t\t\t\t\t\t\t\t\t\t\t\t\t\t\t\t\t\t\t\t\t<h6 class=\"grve-title grve-text-white grve-h5\">NGUYEN KIM SHOPPING MALL<\/h6>\r\n\t\t\t\t\t\t\t\t\t\t\t\t\t\t\t\t\t\t\t\t\t\t\t\t\t\t\t\t\t\t\t\t\t\t\t\t\t\t\t\t\t\t\t\t\t\t\t\t\t\t\t\t\t\t\t\t\t\t\t\t\t\t\t\t\t<\/figcaption>\r\n\t\t\t\t\t\t\t\t\t\t\t\t\t\t\t\t\t\t\t<\/figure>\r\n\t\t\t\t\t\t\t\t\t\t\t\t\t<\/div>\r\n\t\t\t\t\t<\/article>\r\n\t\t\t\t\t<article id=\"portfolio-315788-69f2932d606d1\" class=\"grve-isotope-item grve-portfolio-item grve-image-square post-315788 portfolio type-portfolio status-publish has-post-thumbnail hentry portfolio_category-industria-farmaceutica portfolio_category-industria-farmaceutica-sanitaria-y-cosmetica portfolio_category-sanitaria-y-cosmetica\">\r\n\t\t\t\t\t\t<div class=\"grve-isotope-item-inner grve-hover-item grve-zoom-in grve-hover-style-6\">\t\t\t\t\t\t\t\t\t<figure class=\"grve-image-hover grve-media grve-zoom-out grve-grayscale-image-hover\">\r\n\t\t\t\t\t\t\t\t\t\t<a class=\"grve-item-url\" aria-label=\"Chiesi\" href=\"https:\/\/www.groupeidec.com\/es\/references\/chiesi\/\"><\/a>\t\t\t\t\t\t\t\t\t\t\t\t\t\t\t\t\t\t\t\t\t<div class=\"grve-gradient-overlay\"><\/div>\r\n\t\t\t\t\t\t\t\t\t\t\t\t\t\t\t\t\t\t\t\t<img loading=\"lazy\" decoding=\"async\" width=\"1024\" height=\"682\" src=\"https:\/\/www.groupeidec.com\/wp-content\/uploads\/2018\/12\/Photo-Chiesi-La-Chaussee-Saint-Victor-201409-4998-1024x682.jpg\" class=\"attachment-large size-large\" alt=\"\" srcset=\"https:\/\/www.groupeidec.com\/wp-content\/uploads\/2018\/12\/Photo-Chiesi-La-Chaussee-Saint-Victor-201409-4998-1024x682.jpg 1024w, https:\/\/www.groupeidec.com\/wp-content\/uploads\/2018\/12\/Photo-Chiesi-La-Chaussee-Saint-Victor-201409-4998-300x200.jpg 300w, https:\/\/www.groupeidec.com\/wp-content\/uploads\/2018\/12\/Photo-Chiesi-La-Chaussee-Saint-Victor-201409-4998-768x512.jpg 768w, https:\/\/www.groupeidec.com\/wp-content\/uploads\/2018\/12\/Photo-Chiesi-La-Chaussee-Saint-Victor-201409-4998.jpg 1540w\" sizes=\"auto, (max-width: 1024px) 100vw, 1024px\" \/>\t\t\t\t\t\t\t\t\t\t\t\t\t\t\t\t\t\t\t\t<figcaption class=\"grve-content grve-align-center\">\r\n\t\t\t\t\t\t\t\t\t\t\t\t\t\t\t\t\t\t\t\t\t\t\t\t\t\t\t\t\t\t\t\t\t<h6 class=\"grve-title grve-text-white grve-h5\">Chiesi<\/h6>\r\n\t\t\t\t\t\t\t\t\t\t\t\t\t\t\t\t\t\t\t\t\t\t\t\t\t\t\t\t\t\t\t\t\t\t\t\t\t\t\t\t\t\t\t\t\t\t\t\t\t\t\t\t\t\t\t\t\t\t\t\t\t\t\t\t\t<\/figcaption>\r\n\t\t\t\t\t\t\t\t\t\t\t\t\t\t\t\t\t\t\t<\/figure>\r\n\t\t\t\t\t\t\t\t\t\t\t\t\t<\/div>\r\n\t\t\t\t\t<\/article>\r\n\t\t\t\t\t<article id=\"portfolio-315821-69f2932d60ae1\" class=\"grve-isotope-item grve-portfolio-item grve-image-square post-315821 portfolio type-portfolio status-publish has-post-thumbnail hentry portfolio_category-industria-agroalimentaria\">\r\n\t\t\t\t\t\t<div class=\"grve-isotope-item-inner grve-hover-item grve-zoom-in grve-hover-style-6\">\t\t\t\t\t\t\t\t\t<figure class=\"grve-image-hover grve-media grve-zoom-out grve-grayscale-image-hover\">\r\n\t\t\t\t\t\t\t\t\t\t<a class=\"grve-item-url\" aria-label=\"SCHREIBER\" href=\"https:\/\/www.groupeidec.com\/es\/references\/schreiber\/\"><\/a>\t\t\t\t\t\t\t\t\t\t\t\t\t\t\t\t\t\t\t\t\t<div class=\"grve-gradient-overlay\"><\/div>\r\n\t\t\t\t\t\t\t\t\t\t\t\t\t\t\t\t\t\t\t\t<img loading=\"lazy\" decoding=\"async\" width=\"1024\" height=\"768\" src=\"https:\/\/www.groupeidec.com\/wp-content\/uploads\/2018\/10\/3d-schreiber-clery-le-petit-55-1712-01-1024x768.jpg\" class=\"attachment-large size-large\" alt=\"\" srcset=\"https:\/\/www.groupeidec.com\/wp-content\/uploads\/2018\/10\/3d-schreiber-clery-le-petit-55-1712-01.jpg 1024w, https:\/\/www.groupeidec.com\/wp-content\/uploads\/2018\/10\/3d-schreiber-clery-le-petit-55-1712-01-300x225.jpg 300w, https:\/\/www.groupeidec.com\/wp-content\/uploads\/2018\/10\/3d-schreiber-clery-le-petit-55-1712-01-768x576.jpg 768w, https:\/\/www.groupeidec.com\/wp-content\/uploads\/2018\/10\/3d-schreiber-clery-le-petit-55-1712-01-560x420.jpg 560w, https:\/\/www.groupeidec.com\/wp-content\/uploads\/2018\/10\/3d-schreiber-clery-le-petit-55-1712-01-900x675.jpg 900w\" sizes=\"auto, (max-width: 1024px) 100vw, 1024px\" \/>\t\t\t\t\t\t\t\t\t\t\t\t\t\t\t\t\t\t\t\t<figcaption class=\"grve-content grve-align-center\">\r\n\t\t\t\t\t\t\t\t\t\t\t\t\t\t\t\t\t\t\t\t\t\t\t\t\t\t\t\t\t\t\t\t\t<h6 class=\"grve-title grve-text-white grve-h5\">SCHREIBER<\/h6>\r\n\t\t\t\t\t\t\t\t\t\t\t\t\t\t\t\t\t\t\t\t\t\t\t\t\t\t\t\t\t\t\t\t\t\t\t\t\t\t\t\t\t\t\t\t\t\t\t\t\t\t\t\t\t\t\t\t\t\t\t\t\t\t\t\t\t<\/figcaption>\r\n\t\t\t\t\t\t\t\t\t\t\t\t\t\t\t\t\t\t\t<\/figure>\r\n\t\t\t\t\t\t\t\t\t\t\t\t\t<\/div>\r\n\t\t\t\t\t<\/article>\r\n\t\t\t\t\t<article id=\"portfolio-315826-69f2932d60fad\" class=\"grve-isotope-item grve-portfolio-item grve-image-square post-315826 portfolio type-portfolio status-publish has-post-thumbnail hentry portfolio_category-promocion portfolio_category-residencial\">\r\n\t\t\t\t\t\t<div class=\"grve-isotope-item-inner grve-hover-item grve-zoom-in grve-hover-style-6\">\t\t\t\t\t\t\t\t\t<figure class=\"grve-image-hover grve-media grve-zoom-out grve-grayscale-image-hover\">\r\n\t\t\t\t\t\t\t\t\t\t<a class=\"grve-item-url\" aria-label=\"Terrasses de la Presqu&#8217;\u00eele\" href=\"https:\/\/www.groupeidec.com\/es\/references\/les-terrasses-de-la-presquile\/\"><\/a>\t\t\t\t\t\t\t\t\t\t\t\t\t\t\t\t\t\t\t\t\t<div class=\"grve-gradient-overlay\"><\/div>\r\n\t\t\t\t\t\t\t\t\t\t\t\t\t\t\t\t\t\t\t\t<img loading=\"lazy\" decoding=\"async\" width=\"1024\" height=\"576\" src=\"https:\/\/www.groupeidec.com\/wp-content\/uploads\/2018\/10\/deauville_lotg_port_04-1024x576.jpg\" class=\"attachment-large size-large\" alt=\"\" srcset=\"https:\/\/www.groupeidec.com\/wp-content\/uploads\/2018\/10\/deauville_lotg_port_04-1024x576.jpg 1024w, https:\/\/www.groupeidec.com\/wp-content\/uploads\/2018\/10\/deauville_lotg_port_04-300x169.jpg 300w, https:\/\/www.groupeidec.com\/wp-content\/uploads\/2018\/10\/deauville_lotg_port_04-768x432.jpg 768w, https:\/\/www.groupeidec.com\/wp-content\/uploads\/2018\/10\/deauville_lotg_port_04-1170x658.jpg 1170w, https:\/\/www.groupeidec.com\/wp-content\/uploads\/2018\/10\/deauville_lotg_port_04.jpg 1540w\" sizes=\"auto, (max-width: 1024px) 100vw, 1024px\" \/>\t\t\t\t\t\t\t\t\t\t\t\t\t\t\t\t\t\t\t\t<figcaption class=\"grve-content grve-align-center\">\r\n\t\t\t\t\t\t\t\t\t\t\t\t\t\t\t\t\t\t\t\t\t\t\t\t\t\t\t\t\t\t\t\t\t<h6 class=\"grve-title grve-text-white grve-h5\">Terrasses de la Presqu&#8217;\u00eele<\/h6>\r\n\t\t\t\t\t\t\t\t\t\t\t\t\t\t\t\t\t\t\t\t\t\t\t\t\t\t\t\t\t\t\t\t\t\t\t\t\t\t\t\t\t\t\t\t\t\t\t\t\t\t\t\t\t\t\t\t\t\t\t\t\t\t\t\t\t<\/figcaption>\r\n\t\t\t\t\t\t\t\t\t\t\t\t\t\t\t\t\t\t\t<\/figure>\r\n\t\t\t\t\t\t\t\t\t\t\t\t\t<\/div>\r\n\t\t\t\t\t<\/article>\r\n\t\t\t\t\t<article id=\"portfolio-315807-69f2932d6147b\" class=\"grve-isotope-item grve-portfolio-item grve-image-square post-315807 portfolio type-portfolio status-publish has-post-thumbnail hentry portfolio_category-oficinas portfolio_category-promocion reference-pays-france\">\r\n\t\t\t\t\t\t<div class=\"grve-isotope-item-inner grve-hover-item grve-zoom-in grve-hover-style-6\">\t\t\t\t\t\t\t\t\t<figure class=\"grve-image-hover grve-media grve-zoom-out grve-grayscale-image-hover\">\r\n\t\t\t\t\t\t\t\t\t\t<a class=\"grve-item-url\" aria-label=\"La Factory by Groupe IDEC\" href=\"https:\/\/www.groupeidec.com\/es\/references\/la-factory-by-groupe-idec\/\"><\/a>\t\t\t\t\t\t\t\t\t\t\t\t\t\t\t\t\t\t\t\t\t<div class=\"grve-gradient-overlay\"><\/div>\r\n\t\t\t\t\t\t\t\t\t\t\t\t\t\t\t\t\t\t\t\t<img loading=\"lazy\" decoding=\"async\" width=\"1024\" height=\"576\" src=\"https:\/\/www.groupeidec.com\/wp-content\/uploads\/2019\/05\/photo-pro-la-factory-by-groupe-idec-cesson-sevigne-180802-01-1024x576.jpg\" class=\"attachment-large size-large\" alt=\"\" srcset=\"https:\/\/www.groupeidec.com\/wp-content\/uploads\/2019\/05\/photo-pro-la-factory-by-groupe-idec-cesson-sevigne-180802-01-1024x576.jpg 1024w, https:\/\/www.groupeidec.com\/wp-content\/uploads\/2019\/05\/photo-pro-la-factory-by-groupe-idec-cesson-sevigne-180802-01-300x169.jpg 300w, https:\/\/www.groupeidec.com\/wp-content\/uploads\/2019\/05\/photo-pro-la-factory-by-groupe-idec-cesson-sevigne-180802-01-768x432.jpg 768w, https:\/\/www.groupeidec.com\/wp-content\/uploads\/2019\/05\/photo-pro-la-factory-by-groupe-idec-cesson-sevigne-180802-01-1170x658.jpg 1170w, https:\/\/www.groupeidec.com\/wp-content\/uploads\/2019\/05\/photo-pro-la-factory-by-groupe-idec-cesson-sevigne-180802-01.jpg 1540w\" sizes=\"auto, (max-width: 1024px) 100vw, 1024px\" \/>\t\t\t\t\t\t\t\t\t\t\t\t\t\t\t\t\t\t\t\t<figcaption class=\"grve-content grve-align-center\">\r\n\t\t\t\t\t\t\t\t\t\t\t\t\t\t\t\t\t\t\t\t\t\t\t\t\t\t\t\t\t\t\t\t\t<h6 class=\"grve-title grve-text-white grve-h5\">La Factory by Groupe IDEC<\/h6>\r\n\t\t\t\t\t\t\t\t\t\t\t\t\t\t\t\t\t\t\t\t\t\t\t\t\t\t\t\t\t\t\t\t\t\t\t\t\t\t\t\t\t\t\t\t\t\t\t\t\t\t\t\t\t\t\t\t\t\t\t\t\t\t\t\t\t<\/figcaption>\r\n\t\t\t\t\t\t\t\t\t\t\t\t\t\t\t\t\t\t\t<\/figure>\r\n\t\t\t\t\t\t\t\t\t\t\t\t\t<\/div>\r\n\t\t\t\t\t<\/article>\r\n\t\t\t\t\t<article id=\"portfolio-315799-69f2932d618f7\" class=\"grve-isotope-item grve-portfolio-item grve-image-square post-315799 portfolio type-portfolio status-publish has-post-thumbnail hentry portfolio_category-industria-agroalimentaria\">\r\n\t\t\t\t\t\t<div class=\"grve-isotope-item-inner grve-hover-item grve-zoom-in grve-hover-style-6\">\t\t\t\t\t\t\t\t\t<figure class=\"grve-image-hover grve-media grve-zoom-out grve-grayscale-image-hover\">\r\n\t\t\t\t\t\t\t\t\t\t<a class=\"grve-item-url\" aria-label=\"Ma\u00eetres Laitiers du Cotentin\" href=\"https:\/\/www.groupeidec.com\/es\/references\/les-maitres-laitiers-du-cotentin\/\"><\/a>\t\t\t\t\t\t\t\t\t\t\t\t\t\t\t\t\t\t\t\t\t<div class=\"grve-gradient-overlay\"><\/div>\r\n\t\t\t\t\t\t\t\t\t\t\t\t\t\t\t\t\t\t\t\t<img loading=\"lazy\" decoding=\"async\" width=\"1024\" height=\"457\" src=\"https:\/\/www.groupeidec.com\/wp-content\/uploads\/2018\/10\/PHOTO-DRONE-MAITRES-LAITIERS-DU-CONTENTIN-MEAUTIS-1703-11-1024x457.jpg\" class=\"attachment-large size-large\" alt=\"\" srcset=\"https:\/\/www.groupeidec.com\/wp-content\/uploads\/2018\/10\/PHOTO-DRONE-MAITRES-LAITIERS-DU-CONTENTIN-MEAUTIS-1703-11-1024x457.jpg 1024w, https:\/\/www.groupeidec.com\/wp-content\/uploads\/2018\/10\/PHOTO-DRONE-MAITRES-LAITIERS-DU-CONTENTIN-MEAUTIS-1703-11-300x134.jpg 300w, https:\/\/www.groupeidec.com\/wp-content\/uploads\/2018\/10\/PHOTO-DRONE-MAITRES-LAITIERS-DU-CONTENTIN-MEAUTIS-1703-11-768x343.jpg 768w, https:\/\/www.groupeidec.com\/wp-content\/uploads\/2018\/10\/PHOTO-DRONE-MAITRES-LAITIERS-DU-CONTENTIN-MEAUTIS-1703-11.jpg 1540w\" sizes=\"auto, (max-width: 1024px) 100vw, 1024px\" \/>\t\t\t\t\t\t\t\t\t\t\t\t\t\t\t\t\t\t\t\t<figcaption class=\"grve-content grve-align-center\">\r\n\t\t\t\t\t\t\t\t\t\t\t\t\t\t\t\t\t\t\t\t\t\t\t\t\t\t\t\t\t\t\t\t\t<h6 class=\"grve-title grve-text-white grve-h5\">Ma\u00eetres Laitiers du Cotentin<\/h6>\r\n\t\t\t\t\t\t\t\t\t\t\t\t\t\t\t\t\t\t\t\t\t\t\t\t\t\t\t\t\t\t\t\t\t\t\t\t\t\t\t\t\t\t\t\t\t\t\t\t\t\t\t\t\t\t\t\t\t\t\t\t\t\t\t\t\t<\/figcaption>\r\n\t\t\t\t\t\t\t\t\t\t\t\t\t\t\t\t\t\t\t<\/figure>\r\n\t\t\t\t\t\t\t\t\t\t\t\t\t<\/div>\r\n\t\t\t\t\t<\/article>\r\n\t\t\t\t\t<article id=\"portfolio-315861-69f2932d61cd5\" class=\"grve-isotope-item grve-portfolio-item grve-image-square post-315861 portfolio type-portfolio status-publish has-post-thumbnail hentry portfolio_category-residencial reference-pays-cambodge\">\r\n\t\t\t\t\t\t<div class=\"grve-isotope-item-inner grve-hover-item grve-zoom-in grve-hover-style-6\">\t\t\t\t\t\t\t\t\t<figure class=\"grve-image-hover grve-media grve-zoom-out grve-grayscale-image-hover\">\r\n\t\t\t\t\t\t\t\t\t\t<a class=\"grve-item-url\" aria-label=\"VICTORIA ANGKOR RESORT &#038; SPA\" href=\"https:\/\/www.groupeidec.com\/es\/references\/victoria-angkor-resort-spa\/\"><\/a>\t\t\t\t\t\t\t\t\t\t\t\t\t\t\t\t\t\t\t\t\t<div class=\"grve-gradient-overlay\"><\/div>\r\n\t\t\t\t\t\t\t\t\t\t\t\t\t\t\t\t\t\t\t\t<img loading=\"lazy\" decoding=\"async\" width=\"960\" height=\"500\" src=\"https:\/\/www.groupeidec.com\/wp-content\/uploads\/2019\/05\/photo-grid-international-victoria-angkor-resort-cambodge-190125.jpg\" class=\"attachment-large size-large\" alt=\"\" srcset=\"https:\/\/www.groupeidec.com\/wp-content\/uploads\/2019\/05\/photo-grid-international-victoria-angkor-resort-cambodge-190125.jpg 960w, https:\/\/www.groupeidec.com\/wp-content\/uploads\/2019\/05\/photo-grid-international-victoria-angkor-resort-cambodge-190125-300x156.jpg 300w, https:\/\/www.groupeidec.com\/wp-content\/uploads\/2019\/05\/photo-grid-international-victoria-angkor-resort-cambodge-190125-768x400.jpg 768w\" sizes=\"auto, (max-width: 960px) 100vw, 960px\" \/>\t\t\t\t\t\t\t\t\t\t\t\t\t\t\t\t\t\t\t\t<figcaption class=\"grve-content grve-align-center\">\r\n\t\t\t\t\t\t\t\t\t\t\t\t\t\t\t\t\t\t\t\t\t\t\t\t\t\t\t\t\t\t\t\t\t<h6 class=\"grve-title grve-text-white grve-h5\">VICTORIA ANGKOR RESORT &#038; SPA<\/h6>\r\n\t\t\t\t\t\t\t\t\t\t\t\t\t\t\t\t\t\t\t\t\t\t\t\t\t\t\t\t\t\t\t\t\t\t\t\t\t\t\t\t\t\t\t\t\t\t\t\t\t\t\t\t\t\t\t\t\t\t\t\t\t\t\t\t\t<\/figcaption>\r\n\t\t\t\t\t\t\t\t\t\t\t\t\t\t\t\t\t\t\t<\/figure>\r\n\t\t\t\t\t\t\t\t\t\t\t\t\t<\/div>\r\n\t\t\t\t\t<\/article>\r\n\t\t\t\t\t<article id=\"portfolio-315793-69f2932d620d4\" class=\"grve-isotope-item grve-portfolio-item grve-image-square post-315793 portfolio type-portfolio status-publish has-post-thumbnail hentry portfolio_category-industria-farmaceutica portfolio_category-industria-farmaceutica-sanitaria-y-cosmetica portfolio_category-sanitaria-y-cosmetica\">\r\n\t\t\t\t\t\t<div class=\"grve-isotope-item-inner grve-hover-item grve-zoom-in grve-hover-style-6\">\t\t\t\t\t\t\t\t\t<figure class=\"grve-image-hover grve-media grve-zoom-out grve-grayscale-image-hover\">\r\n\t\t\t\t\t\t\t\t\t\t<a class=\"grve-item-url\" aria-label=\"Therae\" href=\"https:\/\/www.groupeidec.com\/es\/references\/therae\/\"><\/a>\t\t\t\t\t\t\t\t\t\t\t\t\t\t\t\t\t\t\t\t\t<div class=\"grve-gradient-overlay\"><\/div>\r\n\t\t\t\t\t\t\t\t\t\t\t\t\t\t\t\t\t\t\t\t<img loading=\"lazy\" decoding=\"async\" width=\"1024\" height=\"731\" src=\"https:\/\/www.groupeidec.com\/wp-content\/uploads\/2018\/12\/Photo-Therae-La-Chaussee-St-Victor-0198-1024x731.jpg\" class=\"attachment-large size-large\" alt=\"\" srcset=\"https:\/\/www.groupeidec.com\/wp-content\/uploads\/2018\/12\/Photo-Therae-La-Chaussee-St-Victor-0198-1024x731.jpg 1024w, https:\/\/www.groupeidec.com\/wp-content\/uploads\/2018\/12\/Photo-Therae-La-Chaussee-St-Victor-0198-300x214.jpg 300w, https:\/\/www.groupeidec.com\/wp-content\/uploads\/2018\/12\/Photo-Therae-La-Chaussee-St-Victor-0198-768x549.jpg 768w, https:\/\/www.groupeidec.com\/wp-content\/uploads\/2018\/12\/Photo-Therae-La-Chaussee-St-Victor-0198.jpg 1540w\" sizes=\"auto, (max-width: 1024px) 100vw, 1024px\" \/>\t\t\t\t\t\t\t\t\t\t\t\t\t\t\t\t\t\t\t\t<figcaption class=\"grve-content grve-align-center\">\r\n\t\t\t\t\t\t\t\t\t\t\t\t\t\t\t\t\t\t\t\t\t\t\t\t\t\t\t\t\t\t\t\t\t<h6 class=\"grve-title grve-text-white grve-h5\">Therae<\/h6>\r\n\t\t\t\t\t\t\t\t\t\t\t\t\t\t\t\t\t\t\t\t\t\t\t\t\t\t\t\t\t\t\t\t\t\t\t\t\t\t\t\t\t\t\t\t\t\t\t\t\t\t\t\t\t\t\t\t\t\t\t\t\t\t\t\t\t<\/figcaption>\r\n\t\t\t\t\t\t\t\t\t\t\t\t\t\t\t\t\t\t\t<\/figure>\r\n\t\t\t\t\t\t\t\t\t\t\t\t\t<\/div>\r\n\t\t\t\t\t<\/article>\r\n\t\t\t\t\t<article id=\"portfolio-315874-69f2932d62579\" class=\"grve-isotope-item grve-portfolio-item grve-image-square post-315874 portfolio type-portfolio status-publish has-post-thumbnail hentry portfolio_category-comercios reference-pays-inde\">\r\n\t\t\t\t\t\t<div class=\"grve-isotope-item-inner grve-hover-item grve-zoom-in grve-hover-style-6\">\t\t\t\t\t\t\t\t\t<figure class=\"grve-image-hover grve-media grve-zoom-out grve-grayscale-image-hover\">\r\n\t\t\t\t\t\t\t\t\t\t<a class=\"grve-item-url\" aria-label=\"MUMBAI INTERNATIONAL AIRPORT\" href=\"https:\/\/www.groupeidec.com\/es\/references\/mumbai-international-airport\/\"><\/a>\t\t\t\t\t\t\t\t\t\t\t\t\t\t\t\t\t\t\t\t\t<div class=\"grve-gradient-overlay\"><\/div>\r\n\t\t\t\t\t\t\t\t\t\t\t\t\t\t\t\t\t\t\t\t<img loading=\"lazy\" decoding=\"async\" width=\"1017\" height=\"625\" src=\"https:\/\/www.groupeidec.com\/wp-content\/uploads\/2019\/05\/photo-grid-international-mumbai-international-ariport-inde-190125.jpg\" class=\"attachment-large size-large\" alt=\"\" srcset=\"https:\/\/www.groupeidec.com\/wp-content\/uploads\/2019\/05\/photo-grid-international-mumbai-international-ariport-inde-190125.jpg 1017w, https:\/\/www.groupeidec.com\/wp-content\/uploads\/2019\/05\/photo-grid-international-mumbai-international-ariport-inde-190125-300x184.jpg 300w, https:\/\/www.groupeidec.com\/wp-content\/uploads\/2019\/05\/photo-grid-international-mumbai-international-ariport-inde-190125-768x472.jpg 768w\" sizes=\"auto, (max-width: 1017px) 100vw, 1017px\" \/>\t\t\t\t\t\t\t\t\t\t\t\t\t\t\t\t\t\t\t\t<figcaption class=\"grve-content grve-align-center\">\r\n\t\t\t\t\t\t\t\t\t\t\t\t\t\t\t\t\t\t\t\t\t\t\t\t\t\t\t\t\t\t\t\t\t<h6 class=\"grve-title grve-text-white grve-h5\">MUMBAI INTERNATIONAL AIRPORT<\/h6>\r\n\t\t\t\t\t\t\t\t\t\t\t\t\t\t\t\t\t\t\t\t\t\t\t\t\t\t\t\t\t\t\t\t\t\t\t\t\t\t\t\t\t\t\t\t\t\t\t\t\t\t\t\t\t\t\t\t\t\t\t\t\t\t\t\t\t<\/figcaption>\r\n\t\t\t\t\t\t\t\t\t\t\t\t\t\t\t\t\t\t\t<\/figure>\r\n\t\t\t\t\t\t\t\t\t\t\t\t\t<\/div>\r\n\t\t\t\t\t<\/article>\r\n\t\t\t\t\t<article id=\"portfolio-315869-69f2932d629ec\" class=\"grve-isotope-item grve-portfolio-item grve-image-square post-315869 portfolio type-portfolio status-publish has-post-thumbnail hentry portfolio_category-oficinas reference-pays-emirats-arabes-unis\">\r\n\t\t\t\t\t\t<div class=\"grve-isotope-item-inner grve-hover-item grve-zoom-in grve-hover-style-6\">\t\t\t\t\t\t\t\t\t<figure class=\"grve-image-hover grve-media grve-zoom-out grve-grayscale-image-hover\">\r\n\t\t\t\t\t\t\t\t\t\t<a class=\"grve-item-url\" aria-label=\"BIOCLIMATIC TOWER\" href=\"https:\/\/www.groupeidec.com\/es\/references\/bioclimatic-tower\/\"><\/a>\t\t\t\t\t\t\t\t\t\t\t\t\t\t\t\t\t\t\t\t\t<div class=\"grve-gradient-overlay\"><\/div>\r\n\t\t\t\t\t\t\t\t\t\t\t\t\t\t\t\t\t\t\t\t<img loading=\"lazy\" decoding=\"async\" width=\"679\" height=\"1024\" src=\"https:\/\/www.groupeidec.com\/wp-content\/uploads\/2019\/05\/photo-grid-international-bioclimatic-tower-dubai-190125-679x1024.jpg\" class=\"attachment-large size-large\" alt=\"\" srcset=\"https:\/\/www.groupeidec.com\/wp-content\/uploads\/2019\/05\/photo-grid-international-bioclimatic-tower-dubai-190125-679x1024.jpg 679w, https:\/\/www.groupeidec.com\/wp-content\/uploads\/2019\/05\/photo-grid-international-bioclimatic-tower-dubai-190125-199x300.jpg 199w, https:\/\/www.groupeidec.com\/wp-content\/uploads\/2019\/05\/photo-grid-international-bioclimatic-tower-dubai-190125-768x1158.jpg 768w, https:\/\/www.groupeidec.com\/wp-content\/uploads\/2019\/05\/photo-grid-international-bioclimatic-tower-dubai-190125-1273x1920.jpg 1273w, https:\/\/www.groupeidec.com\/wp-content\/uploads\/2019\/05\/photo-grid-international-bioclimatic-tower-dubai-190125.jpg 1540w\" sizes=\"auto, (max-width: 679px) 100vw, 679px\" \/>\t\t\t\t\t\t\t\t\t\t\t\t\t\t\t\t\t\t\t\t<figcaption class=\"grve-content grve-align-center\">\r\n\t\t\t\t\t\t\t\t\t\t\t\t\t\t\t\t\t\t\t\t\t\t\t\t\t\t\t\t\t\t\t\t\t<h6 class=\"grve-title grve-text-white grve-h5\">BIOCLIMATIC TOWER<\/h6>\r\n\t\t\t\t\t\t\t\t\t\t\t\t\t\t\t\t\t\t\t\t\t\t\t\t\t\t\t\t\t\t\t\t\t\t\t\t\t\t\t\t\t\t\t\t\t\t\t\t\t\t\t\t\t\t\t\t\t\t\t\t\t\t\t\t\t<\/figcaption>\r\n\t\t\t\t\t\t\t\t\t\t\t\t\t\t\t\t\t\t\t<\/figure>\r\n\t\t\t\t\t\t\t\t\t\t\t\t\t<\/div>\r\n\t\t\t\t\t<\/article>\r\n\t\t\t\t\t<article id=\"portfolio-315794-69f2932d62e8e\" class=\"grve-isotope-item grve-portfolio-item grve-image-square post-315794 portfolio type-portfolio status-publish has-post-thumbnail hentry portfolio_category-residencial\">\r\n\t\t\t\t\t\t<div class=\"grve-isotope-item-inner grve-hover-item grve-zoom-in grve-hover-style-6\">\t\t\t\t\t\t\t\t\t<figure class=\"grve-image-hover grve-media grve-zoom-out grve-grayscale-image-hover\">\r\n\t\t\t\t\t\t\t\t\t\t<a class=\"grve-item-url\" aria-label=\"Home and estate &#8211; Carasses Ch\u00e2teau\" href=\"https:\/\/www.groupeidec.com\/es\/references\/domaine-et-demeure-le-chateau-des-carasses\/\"><\/a>\t\t\t\t\t\t\t\t\t\t\t\t\t\t\t\t\t\t\t\t\t<div class=\"grve-gradient-overlay\"><\/div>\r\n\t\t\t\t\t\t\t\t\t\t\t\t\t\t\t\t\t\t\t\t<img loading=\"lazy\" decoding=\"async\" width=\"980\" height=\"490\" src=\"https:\/\/www.groupeidec.com\/wp-content\/uploads\/2018\/12\/Photo-Chateau-les-carasses-Quarante.jpg\" class=\"attachment-large size-large\" alt=\"\" srcset=\"https:\/\/www.groupeidec.com\/wp-content\/uploads\/2018\/12\/Photo-Chateau-les-carasses-Quarante.jpg 980w, https:\/\/www.groupeidec.com\/wp-content\/uploads\/2018\/12\/Photo-Chateau-les-carasses-Quarante-300x150.jpg 300w, https:\/\/www.groupeidec.com\/wp-content\/uploads\/2018\/12\/Photo-Chateau-les-carasses-Quarante-768x384.jpg 768w\" sizes=\"auto, (max-width: 980px) 100vw, 980px\" \/>\t\t\t\t\t\t\t\t\t\t\t\t\t\t\t\t\t\t\t\t<figcaption class=\"grve-content grve-align-center\">\r\n\t\t\t\t\t\t\t\t\t\t\t\t\t\t\t\t\t\t\t\t\t\t\t\t\t\t\t\t\t\t\t\t\t<h6 class=\"grve-title grve-text-white grve-h5\">Home and estate &#8211; Carasses Ch\u00e2teau<\/h6>\r\n\t\t\t\t\t\t\t\t\t\t\t\t\t\t\t\t\t\t\t\t\t\t\t\t\t\t\t\t\t\t\t\t\t\t\t\t\t\t\t\t\t\t\t\t\t\t\t\t\t\t\t\t\t\t\t\t\t\t\t\t\t\t\t\t\t<\/figcaption>\r\n\t\t\t\t\t\t\t\t\t\t\t\t\t\t\t\t\t\t\t<\/figure>\r\n\t\t\t\t\t\t\t\t\t\t\t\t\t<\/div>\r\n\t\t\t\t\t<\/article>\r\n\t\t\t\t\t<article id=\"portfolio-315829-69f2932d63341\" class=\"grve-isotope-item grve-portfolio-item grve-image-square post-315829 portfolio type-portfolio status-publish has-post-thumbnail hentry portfolio_category-promocion portfolio_category-residencial\">\r\n\t\t\t\t\t\t<div class=\"grve-isotope-item-inner grve-hover-item grve-zoom-in grve-hover-style-6\">\t\t\t\t\t\t\t\t\t<figure class=\"grve-image-hover grve-media grve-zoom-out grve-grayscale-image-hover\">\r\n\t\t\t\t\t\t\t\t\t\t<a class=\"grve-item-url\" aria-label=\"Terrasses de Bry\" href=\"https:\/\/www.groupeidec.com\/es\/references\/les-terrasses-de-bry\/\"><\/a>\t\t\t\t\t\t\t\t\t\t\t\t\t\t\t\t\t\t\t\t\t<div class=\"grve-gradient-overlay\"><\/div>\r\n\t\t\t\t\t\t\t\t\t\t\t\t\t\t\t\t\t\t\t\t<img loading=\"lazy\" decoding=\"async\" width=\"1024\" height=\"576\" src=\"https:\/\/www.groupeidec.com\/wp-content\/uploads\/2018\/10\/bry_sur_marne_entree_cafe_0-1024x576.jpg\" class=\"attachment-large size-large\" alt=\"\" srcset=\"https:\/\/www.groupeidec.com\/wp-content\/uploads\/2018\/10\/bry_sur_marne_entree_cafe_0-1024x576.jpg 1024w, https:\/\/www.groupeidec.com\/wp-content\/uploads\/2018\/10\/bry_sur_marne_entree_cafe_0-300x169.jpg 300w, https:\/\/www.groupeidec.com\/wp-content\/uploads\/2018\/10\/bry_sur_marne_entree_cafe_0-768x432.jpg 768w, https:\/\/www.groupeidec.com\/wp-content\/uploads\/2018\/10\/bry_sur_marne_entree_cafe_0-1170x658.jpg 1170w, https:\/\/www.groupeidec.com\/wp-content\/uploads\/2018\/10\/bry_sur_marne_entree_cafe_0.jpg 1540w\" sizes=\"auto, (max-width: 1024px) 100vw, 1024px\" \/>\t\t\t\t\t\t\t\t\t\t\t\t\t\t\t\t\t\t\t\t<figcaption class=\"grve-content grve-align-center\">\r\n\t\t\t\t\t\t\t\t\t\t\t\t\t\t\t\t\t\t\t\t\t\t\t\t\t\t\t\t\t\t\t\t\t<h6 class=\"grve-title grve-text-white grve-h5\">Terrasses de Bry<\/h6>\r\n\t\t\t\t\t\t\t\t\t\t\t\t\t\t\t\t\t\t\t\t\t\t\t\t\t\t\t\t\t\t\t\t\t\t\t\t\t\t\t\t\t\t\t\t\t\t\t\t\t\t\t\t\t\t\t\t\t\t\t\t\t\t\t\t\t<\/figcaption>\r\n\t\t\t\t\t\t\t\t\t\t\t\t\t\t\t\t\t\t\t<\/figure>\r\n\t\t\t\t\t\t\t\t\t\t\t\t\t<\/div>\r\n\t\t\t\t\t<\/article>\r\n\t\t\t\t\t<article id=\"portfolio-315867-69f2932d6380d\" class=\"grve-isotope-item grve-portfolio-item grve-image-square post-315867 portfolio type-portfolio status-publish has-post-thumbnail hentry portfolio_category-residencial reference-pays-emirats-arabes-unis\">\r\n\t\t\t\t\t\t<div class=\"grve-isotope-item-inner grve-hover-item grve-zoom-in grve-hover-style-6\">\t\t\t\t\t\t\t\t\t<figure class=\"grve-image-hover grve-media grve-zoom-out grve-grayscale-image-hover\">\r\n\t\t\t\t\t\t\t\t\t\t<a class=\"grve-item-url\" aria-label=\"MOHAMMED BIN ZAYED BUILDING\" href=\"https:\/\/www.groupeidec.com\/es\/references\/mohammed-bin-zayed-building\/\"><\/a>\t\t\t\t\t\t\t\t\t\t\t\t\t\t\t\t\t\t\t\t\t<div class=\"grve-gradient-overlay\"><\/div>\r\n\t\t\t\t\t\t\t\t\t\t\t\t\t\t\t\t\t\t\t\t<img loading=\"lazy\" decoding=\"async\" width=\"790\" height=\"1024\" src=\"https:\/\/www.groupeidec.com\/wp-content\/uploads\/2019\/05\/photo-grid-international-mohammed-bin-zayed-building-abu-dhabi-190125-790x1024.jpg\" class=\"attachment-large size-large\" alt=\"\" srcset=\"https:\/\/www.groupeidec.com\/wp-content\/uploads\/2019\/05\/photo-grid-international-mohammed-bin-zayed-building-abu-dhabi-190125-790x1024.jpg 790w, https:\/\/www.groupeidec.com\/wp-content\/uploads\/2019\/05\/photo-grid-international-mohammed-bin-zayed-building-abu-dhabi-190125-231x300.jpg 231w, https:\/\/www.groupeidec.com\/wp-content\/uploads\/2019\/05\/photo-grid-international-mohammed-bin-zayed-building-abu-dhabi-190125-768x995.jpg 768w, https:\/\/www.groupeidec.com\/wp-content\/uploads\/2019\/05\/photo-grid-international-mohammed-bin-zayed-building-abu-dhabi-190125-1481x1920.jpg 1481w, https:\/\/www.groupeidec.com\/wp-content\/uploads\/2019\/05\/photo-grid-international-mohammed-bin-zayed-building-abu-dhabi-190125.jpg 1540w\" sizes=\"auto, (max-width: 790px) 100vw, 790px\" \/>\t\t\t\t\t\t\t\t\t\t\t\t\t\t\t\t\t\t\t\t<figcaption class=\"grve-content grve-align-center\">\r\n\t\t\t\t\t\t\t\t\t\t\t\t\t\t\t\t\t\t\t\t\t\t\t\t\t\t\t\t\t\t\t\t\t<h6 class=\"grve-title grve-text-white grve-h5\">MOHAMMED BIN ZAYED BUILDING<\/h6>\r\n\t\t\t\t\t\t\t\t\t\t\t\t\t\t\t\t\t\t\t\t\t\t\t\t\t\t\t\t\t\t\t\t\t\t\t\t\t\t\t\t\t\t\t\t\t\t\t\t\t\t\t\t\t\t\t\t\t\t\t\t\t\t\t\t\t<\/figcaption>\r\n\t\t\t\t\t\t\t\t\t\t\t\t\t\t\t\t\t\t\t<\/figure>\r\n\t\t\t\t\t\t\t\t\t\t\t\t\t<\/div>\r\n\t\t\t\t\t<\/article>\r\n\t\t\t\t\t<article id=\"portfolio-315790-69f2932d63c25\" class=\"grve-isotope-item grve-portfolio-item grve-image-square post-315790 portfolio type-portfolio status-publish has-post-thumbnail hentry portfolio_category-industria-farmaceutica portfolio_category-industria-farmaceutica-sanitaria-y-cosmetica portfolio_category-sanitaria-y-cosmetica\">\r\n\t\t\t\t\t\t<div class=\"grve-isotope-item-inner grve-hover-item grve-zoom-in grve-hover-style-6\">\t\t\t\t\t\t\t\t\t<figure class=\"grve-image-hover grve-media grve-zoom-out grve-grayscale-image-hover\">\r\n\t\t\t\t\t\t\t\t\t\t<a class=\"grve-item-url\" aria-label=\"Lehning\" href=\"https:\/\/www.groupeidec.com\/es\/references\/lehning\/\"><\/a>\t\t\t\t\t\t\t\t\t\t\t\t\t\t\t\t\t\t\t\t\t<div class=\"grve-gradient-overlay\"><\/div>\r\n\t\t\t\t\t\t\t\t\t\t\t\t\t\t\t\t\t\t\t\t<img loading=\"lazy\" decoding=\"async\" width=\"1024\" height=\"576\" src=\"https:\/\/www.groupeidec.com\/wp-content\/uploads\/2018\/12\/photo-col-lehning-sainte-barbe-1702-1024x576.jpg\" class=\"attachment-large size-large\" alt=\"\" srcset=\"https:\/\/www.groupeidec.com\/wp-content\/uploads\/2018\/12\/photo-col-lehning-sainte-barbe-1702-1024x576.jpg 1024w, https:\/\/www.groupeidec.com\/wp-content\/uploads\/2018\/12\/photo-col-lehning-sainte-barbe-1702-300x169.jpg 300w, https:\/\/www.groupeidec.com\/wp-content\/uploads\/2018\/12\/photo-col-lehning-sainte-barbe-1702-768x432.jpg 768w, https:\/\/www.groupeidec.com\/wp-content\/uploads\/2018\/12\/photo-col-lehning-sainte-barbe-1702-1170x658.jpg 1170w, https:\/\/www.groupeidec.com\/wp-content\/uploads\/2018\/12\/photo-col-lehning-sainte-barbe-1702.jpg 1540w\" sizes=\"auto, (max-width: 1024px) 100vw, 1024px\" \/>\t\t\t\t\t\t\t\t\t\t\t\t\t\t\t\t\t\t\t\t<figcaption class=\"grve-content grve-align-center\">\r\n\t\t\t\t\t\t\t\t\t\t\t\t\t\t\t\t\t\t\t\t\t\t\t\t\t\t\t\t\t\t\t\t\t<h6 class=\"grve-title grve-text-white grve-h5\">Lehning<\/h6>\r\n\t\t\t\t\t\t\t\t\t\t\t\t\t\t\t\t\t\t\t\t\t\t\t\t\t\t\t\t\t\t\t\t\t\t\t\t\t\t\t\t\t\t\t\t\t\t\t\t\t\t\t\t\t\t\t\t\t\t\t\t\t\t\t\t\t<\/figcaption>\r\n\t\t\t\t\t\t\t\t\t\t\t\t\t\t\t\t\t\t\t<\/figure>\r\n\t\t\t\t\t\t\t\t\t\t\t\t\t<\/div>\r\n\t\t\t\t\t<\/article>\r\n\t\t\t\t\t<article id=\"portfolio-315802-69f2932d6404c\" class=\"grve-isotope-item grve-portfolio-item grve-image-square post-315802 portfolio type-portfolio status-publish has-post-thumbnail hentry portfolio_category-industria-agroalimentaria\">\r\n\t\t\t\t\t\t<div class=\"grve-isotope-item-inner grve-hover-item grve-zoom-in grve-hover-style-6\">\t\t\t\t\t\t\t\t\t<figure class=\"grve-image-hover grve-media grve-zoom-out grve-grayscale-image-hover\">\r\n\t\t\t\t\t\t\t\t\t\t<a class=\"grve-item-url\" aria-label=\"Saint Michel\" href=\"https:\/\/www.groupeidec.com\/es\/references\/saint-michel\/\"><\/a>\t\t\t\t\t\t\t\t\t\t\t\t\t\t\t\t\t\t\t\t\t<div class=\"grve-gradient-overlay\"><\/div>\r\n\t\t\t\t\t\t\t\t\t\t\t\t\t\t\t\t\t\t\t\t<img loading=\"lazy\" decoding=\"async\" width=\"1024\" height=\"683\" src=\"https:\/\/www.groupeidec.com\/wp-content\/uploads\/2018\/07\/photo-saint-michel-saint-pere-en-retz-201511-046-1024x683.jpg\" class=\"attachment-large size-large\" alt=\"\" srcset=\"https:\/\/www.groupeidec.com\/wp-content\/uploads\/2018\/07\/photo-saint-michel-saint-pere-en-retz-201511-046-1024x683.jpg 1024w, https:\/\/www.groupeidec.com\/wp-content\/uploads\/2018\/07\/photo-saint-michel-saint-pere-en-retz-201511-046-300x200.jpg 300w, https:\/\/www.groupeidec.com\/wp-content\/uploads\/2018\/07\/photo-saint-michel-saint-pere-en-retz-201511-046-768x512.jpg 768w, https:\/\/www.groupeidec.com\/wp-content\/uploads\/2018\/07\/photo-saint-michel-saint-pere-en-retz-201511-046.jpg 1540w\" sizes=\"auto, (max-width: 1024px) 100vw, 1024px\" \/>\t\t\t\t\t\t\t\t\t\t\t\t\t\t\t\t\t\t\t\t<figcaption class=\"grve-content grve-align-center\">\r\n\t\t\t\t\t\t\t\t\t\t\t\t\t\t\t\t\t\t\t\t\t\t\t\t\t\t\t\t\t\t\t\t\t<h6 class=\"grve-title grve-text-white grve-h5\">Saint Michel<\/h6>\r\n\t\t\t\t\t\t\t\t\t\t\t\t\t\t\t\t\t\t\t\t\t\t\t\t\t\t\t\t\t\t\t\t\t\t\t\t\t\t\t\t\t\t\t\t\t\t\t\t\t\t\t\t\t\t\t\t\t\t\t\t\t\t\t\t\t<\/figcaption>\r\n\t\t\t\t\t\t\t\t\t\t\t\t\t\t\t\t\t\t\t<\/figure>\r\n\t\t\t\t\t\t\t\t\t\t\t\t\t<\/div>\r\n\t\t\t\t\t<\/article>\r\n\t\t\t\t\t<article id=\"portfolio-315845-69f2932d64453\" class=\"grve-isotope-item grve-portfolio-item grve-image-square post-315845 portfolio type-portfolio status-publish has-post-thumbnail hentry portfolio_category-planificacion reference-pays-france\">\r\n\t\t\t\t\t\t<div class=\"grve-isotope-item-inner grve-hover-item grve-zoom-in grve-hover-style-6\">\t\t\t\t\t\t\t\t\t<figure class=\"grve-image-hover grve-media grve-zoom-out grve-grayscale-image-hover\">\r\n\t\t\t\t\t\t\t\t\t\t<a class=\"grve-item-url\" aria-label=\"Parc des Hauts Banquets\" href=\"https:\/\/www.groupeidec.com\/es\/references\/parc-des-hauts-banquets\/\"><\/a>\t\t\t\t\t\t\t\t\t\t\t\t\t\t\t\t\t\t\t\t\t<div class=\"grve-gradient-overlay\"><\/div>\r\n\t\t\t\t\t\t\t\t\t\t\t\t\t\t\t\t\t\t\t\t<img loading=\"lazy\" decoding=\"async\" width=\"1024\" height=\"576\" src=\"https:\/\/www.groupeidec.com\/wp-content\/uploads\/2020\/11\/zac_cavaillon-vue_aerienne02_1-1024x576.jpg\" class=\"attachment-large size-large\" alt=\"\" srcset=\"https:\/\/www.groupeidec.com\/wp-content\/uploads\/2020\/11\/zac_cavaillon-vue_aerienne02_1-1024x576.jpg 1024w, https:\/\/www.groupeidec.com\/wp-content\/uploads\/2020\/11\/zac_cavaillon-vue_aerienne02_1-300x169.jpg 300w, https:\/\/www.groupeidec.com\/wp-content\/uploads\/2020\/11\/zac_cavaillon-vue_aerienne02_1-768x432.jpg 768w, https:\/\/www.groupeidec.com\/wp-content\/uploads\/2020\/11\/zac_cavaillon-vue_aerienne02_1-1536x864.jpg 1536w, https:\/\/www.groupeidec.com\/wp-content\/uploads\/2020\/11\/zac_cavaillon-vue_aerienne02_1-1170x658.jpg 1170w, https:\/\/www.groupeidec.com\/wp-content\/uploads\/2020\/11\/zac_cavaillon-vue_aerienne02_1.jpg 1540w\" sizes=\"auto, (max-width: 1024px) 100vw, 1024px\" \/>\t\t\t\t\t\t\t\t\t\t\t\t\t\t\t\t\t\t\t\t<figcaption class=\"grve-content grve-align-center\">\r\n\t\t\t\t\t\t\t\t\t\t\t\t\t\t\t\t\t\t\t\t\t\t\t\t\t\t\t\t\t\t\t\t\t<h6 class=\"grve-title grve-text-white grve-h5\">Parc des Hauts Banquets<\/h6>\r\n\t\t\t\t\t\t\t\t\t\t\t\t\t\t\t\t\t\t\t\t\t\t\t\t\t\t\t\t\t\t\t\t\t\t\t\t\t\t\t\t\t\t\t\t\t\t\t\t\t\t\t\t\t\t\t\t\t\t\t\t\t\t\t\t\t<\/figcaption>\r\n\t\t\t\t\t\t\t\t\t\t\t\t\t\t\t\t\t\t\t<\/figure>\r\n\t\t\t\t\t\t\t\t\t\t\t\t\t<\/div>\r\n\t\t\t\t\t<\/article>\r\n\t\t\t\t\t<article id=\"portfolio-315857-69f2932d648f6\" class=\"grve-isotope-item grve-portfolio-item grve-image-square post-315857 portfolio type-portfolio status-publish has-post-thumbnail hentry portfolio_category-industria-agroalimentaria reference-pays-malaisie\">\r\n\t\t\t\t\t\t<div class=\"grve-isotope-item-inner grve-hover-item grve-zoom-in grve-hover-style-6\">\t\t\t\t\t\t\t\t\t<figure class=\"grve-image-hover grve-media grve-zoom-out grve-grayscale-image-hover\">\r\n\t\t\t\t\t\t\t\t\t\t<a class=\"grve-item-url\" aria-label=\"KELLOG&#8217;S\" href=\"https:\/\/www.groupeidec.com\/es\/references\/kellogs\/\"><\/a>\t\t\t\t\t\t\t\t\t\t\t\t\t\t\t\t\t\t\t\t\t<div class=\"grve-gradient-overlay\"><\/div>\r\n\t\t\t\t\t\t\t\t\t\t\t\t\t\t\t\t\t\t\t\t<img loading=\"lazy\" decoding=\"async\" width=\"1024\" height=\"768\" src=\"https:\/\/www.groupeidec.com\/wp-content\/uploads\/2019\/05\/photo-grid-international-kellogg-factory-malaisie-190125-1024x768.jpg\" class=\"attachment-large size-large\" alt=\"\" srcset=\"https:\/\/www.groupeidec.com\/wp-content\/uploads\/2019\/05\/photo-grid-international-kellogg-factory-malaisie-190125-1024x768.jpg 1024w, https:\/\/www.groupeidec.com\/wp-content\/uploads\/2019\/05\/photo-grid-international-kellogg-factory-malaisie-190125-300x225.jpg 300w, https:\/\/www.groupeidec.com\/wp-content\/uploads\/2019\/05\/photo-grid-international-kellogg-factory-malaisie-190125-768x576.jpg 768w, https:\/\/www.groupeidec.com\/wp-content\/uploads\/2019\/05\/photo-grid-international-kellogg-factory-malaisie-190125-560x420.jpg 560w, https:\/\/www.groupeidec.com\/wp-content\/uploads\/2019\/05\/photo-grid-international-kellogg-factory-malaisie-190125-900x675.jpg 900w, https:\/\/www.groupeidec.com\/wp-content\/uploads\/2019\/05\/photo-grid-international-kellogg-factory-malaisie-190125.jpg 1540w\" sizes=\"auto, (max-width: 1024px) 100vw, 1024px\" \/>\t\t\t\t\t\t\t\t\t\t\t\t\t\t\t\t\t\t\t\t<figcaption class=\"grve-content grve-align-center\">\r\n\t\t\t\t\t\t\t\t\t\t\t\t\t\t\t\t\t\t\t\t\t\t\t\t\t\t\t\t\t\t\t\t\t<h6 class=\"grve-title grve-text-white grve-h5\">KELLOG&#8217;S<\/h6>\r\n\t\t\t\t\t\t\t\t\t\t\t\t\t\t\t\t\t\t\t\t\t\t\t\t\t\t\t\t\t\t\t\t\t\t\t\t\t\t\t\t\t\t\t\t\t\t\t\t\t\t\t\t\t\t\t\t\t\t\t\t\t\t\t\t\t<\/figcaption>\r\n\t\t\t\t\t\t\t\t\t\t\t\t\t\t\t\t\t\t\t<\/figure>\r\n\t\t\t\t\t\t\t\t\t\t\t\t\t<\/div>\r\n\t\t\t\t\t<\/article>\r\n\t\t\t\t\t<article id=\"portfolio-315827-69f2932d64d68\" class=\"grve-isotope-item grve-portfolio-item grve-image-square post-315827 portfolio type-portfolio status-publish has-post-thumbnail hentry portfolio_category-activites-es portfolio_category-oficinas\">\r\n\t\t\t\t\t\t<div class=\"grve-isotope-item-inner grve-hover-item grve-zoom-in grve-hover-style-6\">\t\t\t\t\t\t\t\t\t<figure class=\"grve-image-hover grve-media grve-zoom-out grve-grayscale-image-hover\">\r\n\t\t\t\t\t\t\t\t\t\t<a class=\"grve-item-url\" aria-label=\"INCORE\" href=\"https:\/\/www.groupeidec.com\/es\/references\/incore\/\"><\/a>\t\t\t\t\t\t\t\t\t\t\t\t\t\t\t\t\t\t\t\t\t<div class=\"grve-gradient-overlay\"><\/div>\r\n\t\t\t\t\t\t\t\t\t\t\t\t\t\t\t\t\t\t\t\t<img loading=\"lazy\" decoding=\"async\" width=\"1\" height=\"1\" src=\"https:\/\/www.groupeidec.com\/wp-content\/uploads\/2018\/12\/photo-col-incore-plessis-pate-91-181130-01.jpg\" class=\"attachment-large size-large\" alt=\"\" \/>\t\t\t\t\t\t\t\t\t\t\t\t\t\t\t\t\t\t\t\t<figcaption class=\"grve-content grve-align-center\">\r\n\t\t\t\t\t\t\t\t\t\t\t\t\t\t\t\t\t\t\t\t\t\t\t\t\t\t\t\t\t\t\t\t\t<h6 class=\"grve-title grve-text-white grve-h5\">INCORE<\/h6>\r\n\t\t\t\t\t\t\t\t\t\t\t\t\t\t\t\t\t\t\t\t\t\t\t\t\t\t\t\t\t\t\t\t\t\t\t\t\t\t\t\t\t\t\t\t\t\t\t\t\t\t\t\t\t\t\t\t\t\t\t\t\t\t\t\t\t<\/figcaption>\r\n\t\t\t\t\t\t\t\t\t\t\t\t\t\t\t\t\t\t\t<\/figure>\r\n\t\t\t\t\t\t\t\t\t\t\t\t\t<\/div>\r\n\t\t\t\t\t<\/article>\r\n\t\t\t\t\t<article id=\"portfolio-315812-69f2932d651cc\" class=\"grve-isotope-item grve-portfolio-item grve-image-square post-315812 portfolio type-portfolio status-publish has-post-thumbnail hentry portfolio_category-planificacion reference-pays-france\">\r\n\t\t\t\t\t\t<div class=\"grve-isotope-item-inner grve-hover-item grve-zoom-in grve-hover-style-6\">\t\t\t\t\t\t\t\t\t<figure class=\"grve-image-hover grve-media grve-zoom-out grve-grayscale-image-hover\">\r\n\t\t\t\t\t\t\t\t\t\t<a class=\"grve-item-url\" aria-label=\"Parc d&#8217;activit\u00e9 de La Farl\u00e8de\" href=\"https:\/\/www.groupeidec.com\/es\/references\/parc-dactivite-de-la-farlede\/\"><\/a>\t\t\t\t\t\t\t\t\t\t\t\t\t\t\t\t\t\t\t\t\t<div class=\"grve-gradient-overlay\"><\/div>\r\n\t\t\t\t\t\t\t\t\t\t\t\t\t\t\t\t\t\t\t\t<img loading=\"lazy\" decoding=\"async\" width=\"1010\" height=\"1024\" src=\"https:\/\/www.groupeidec.com\/wp-content\/uploads\/2020\/01\/vue-aerienne-la-farlede-1010x1024.jpg\" class=\"attachment-large size-large\" alt=\"\" srcset=\"https:\/\/www.groupeidec.com\/wp-content\/uploads\/2020\/01\/vue-aerienne-la-farlede-1010x1024.jpg 1010w, https:\/\/www.groupeidec.com\/wp-content\/uploads\/2020\/01\/vue-aerienne-la-farlede-296x300.jpg 296w, https:\/\/www.groupeidec.com\/wp-content\/uploads\/2020\/01\/vue-aerienne-la-farlede-768x779.jpg 768w, https:\/\/www.groupeidec.com\/wp-content\/uploads\/2020\/01\/vue-aerienne-la-farlede.jpg 1540w\" sizes=\"auto, (max-width: 1010px) 100vw, 1010px\" \/>\t\t\t\t\t\t\t\t\t\t\t\t\t\t\t\t\t\t\t\t<figcaption class=\"grve-content grve-align-center\">\r\n\t\t\t\t\t\t\t\t\t\t\t\t\t\t\t\t\t\t\t\t\t\t\t\t\t\t\t\t\t\t\t\t\t<h6 class=\"grve-title grve-text-white grve-h5\">Parc d&#8217;activit\u00e9 de La Farl\u00e8de<\/h6>\r\n\t\t\t\t\t\t\t\t\t\t\t\t\t\t\t\t\t\t\t\t\t\t\t\t\t\t\t\t\t\t\t\t\t\t\t\t\t\t\t\t\t\t\t\t\t\t\t\t\t\t\t\t\t\t\t\t\t\t\t\t\t\t\t\t\t<\/figcaption>\r\n\t\t\t\t\t\t\t\t\t\t\t\t\t\t\t\t\t\t\t<\/figure>\r\n\t\t\t\t\t\t\t\t\t\t\t\t\t<\/div>\r\n\t\t\t\t\t<\/article>\r\n\t\t\t\t\t<article id=\"portfolio-315778-69f2932d65683\" class=\"grve-isotope-item grve-portfolio-item grve-image-square post-315778 portfolio type-portfolio status-publish has-post-thumbnail hentry portfolio_category-logistica reference-pays-france\">\r\n\t\t\t\t\t\t<div class=\"grve-isotope-item-inner grve-hover-item grve-zoom-in grve-hover-style-6\">\t\t\t\t\t\t\t\t\t<figure class=\"grve-image-hover grve-media grve-zoom-out grve-grayscale-image-hover\">\r\n\t\t\t\t\t\t\t\t\t\t<a class=\"grve-item-url\" aria-label=\"Parc de la Chapelle D&#8217;armenti\u00e8res\" href=\"https:\/\/www.groupeidec.com\/es\/references\/parc-de-la-chapelle-darmentieres\/\"><\/a>\t\t\t\t\t\t\t\t\t\t\t\t\t\t\t\t\t\t\t\t\t<div class=\"grve-gradient-overlay\"><\/div>\r\n\t\t\t\t\t\t\t\t\t\t\t\t\t\t\t\t\t\t\t\t<img loading=\"lazy\" decoding=\"async\" width=\"1024\" height=\"346\" src=\"https:\/\/www.groupeidec.com\/wp-content\/uploads\/2019\/05\/Photo-Lidl-La-Chapelle-D-Armentiere-rw-742mont-1024x346.jpg\" class=\"attachment-large size-large\" alt=\"\" srcset=\"https:\/\/www.groupeidec.com\/wp-content\/uploads\/2019\/05\/Photo-Lidl-La-Chapelle-D-Armentiere-rw-742mont-1024x346.jpg 1024w, https:\/\/www.groupeidec.com\/wp-content\/uploads\/2019\/05\/Photo-Lidl-La-Chapelle-D-Armentiere-rw-742mont-300x101.jpg 300w, https:\/\/www.groupeidec.com\/wp-content\/uploads\/2019\/05\/Photo-Lidl-La-Chapelle-D-Armentiere-rw-742mont-768x259.jpg 768w, https:\/\/www.groupeidec.com\/wp-content\/uploads\/2019\/05\/Photo-Lidl-La-Chapelle-D-Armentiere-rw-742mont.jpg 1540w\" sizes=\"auto, (max-width: 1024px) 100vw, 1024px\" \/>\t\t\t\t\t\t\t\t\t\t\t\t\t\t\t\t\t\t\t\t<figcaption class=\"grve-content grve-align-center\">\r\n\t\t\t\t\t\t\t\t\t\t\t\t\t\t\t\t\t\t\t\t\t\t\t\t\t\t\t\t\t\t\t\t\t<h6 class=\"grve-title grve-text-white grve-h5\">Parc de la Chapelle D&#8217;armenti\u00e8res<\/h6>\r\n\t\t\t\t\t\t\t\t\t\t\t\t\t\t\t\t\t\t\t\t\t\t\t\t\t\t\t\t\t\t\t\t\t\t\t\t\t\t\t\t\t\t\t\t\t\t\t\t\t\t\t\t\t\t\t\t\t\t\t\t\t\t\t\t\t<\/figcaption>\r\n\t\t\t\t\t\t\t\t\t\t\t\t\t\t\t\t\t\t\t<\/figure>\r\n\t\t\t\t\t\t\t\t\t\t\t\t\t<\/div>\r\n\t\t\t\t\t<\/article>\r\n\t\t\t\t\t<article id=\"portfolio-315885-69f2932d65a7c\" class=\"grve-isotope-item grve-portfolio-item grve-image-square post-315885 portfolio type-portfolio status-publish has-post-thumbnail hentry portfolio_category-industria-farmaceutica portfolio_category-industria-farmaceutica-sanitaria-y-cosmetica portfolio_category-sanitaria-y-cosmetica\">\r\n\t\t\t\t\t\t<div class=\"grve-isotope-item-inner grve-hover-item grve-zoom-in grve-hover-style-6\">\t\t\t\t\t\t\t\t\t<figure class=\"grve-image-hover grve-media grve-zoom-out grve-grayscale-image-hover\">\r\n\t\t\t\t\t\t\t\t\t\t<a class=\"grve-item-url\" aria-label=\"ELIS CLEANROOM\" href=\"https:\/\/www.groupeidec.com\/es\/references\/elis-cleanroom\/\"><\/a>\t\t\t\t\t\t\t\t\t\t\t\t\t\t\t\t\t\t\t\t\t<div class=\"grve-gradient-overlay\"><\/div>\r\n\t\t\t\t\t\t\t\t\t\t\t\t\t\t\t\t\t\t\t\t<img loading=\"lazy\" decoding=\"async\" width=\"1024\" height=\"576\" src=\"https:\/\/www.groupeidec.com\/wp-content\/uploads\/2019\/11\/3d-elis-nykoping-1911-01-1024x576.jpg\" class=\"attachment-large size-large\" alt=\"\" srcset=\"https:\/\/www.groupeidec.com\/wp-content\/uploads\/2019\/11\/3d-elis-nykoping-1911-01-1024x576.jpg 1024w, https:\/\/www.groupeidec.com\/wp-content\/uploads\/2019\/11\/3d-elis-nykoping-1911-01-300x169.jpg 300w, https:\/\/www.groupeidec.com\/wp-content\/uploads\/2019\/11\/3d-elis-nykoping-1911-01-768x432.jpg 768w, https:\/\/www.groupeidec.com\/wp-content\/uploads\/2019\/11\/3d-elis-nykoping-1911-01-1170x658.jpg 1170w, https:\/\/www.groupeidec.com\/wp-content\/uploads\/2019\/11\/3d-elis-nykoping-1911-01.jpg 1540w\" sizes=\"auto, (max-width: 1024px) 100vw, 1024px\" \/>\t\t\t\t\t\t\t\t\t\t\t\t\t\t\t\t\t\t\t\t<figcaption class=\"grve-content grve-align-center\">\r\n\t\t\t\t\t\t\t\t\t\t\t\t\t\t\t\t\t\t\t\t\t\t\t\t\t\t\t\t\t\t\t\t\t<h6 class=\"grve-title grve-text-white grve-h5\">ELIS CLEANROOM<\/h6>\r\n\t\t\t\t\t\t\t\t\t\t\t\t\t\t\t\t\t\t\t\t\t\t\t\t\t\t\t\t\t\t\t\t\t\t\t\t\t\t\t\t\t\t\t\t\t\t\t\t\t\t\t\t\t\t\t\t\t\t\t\t\t\t\t\t\t<\/figcaption>\r\n\t\t\t\t\t\t\t\t\t\t\t\t\t\t\t\t\t\t\t<\/figure>\r\n\t\t\t\t\t\t\t\t\t\t\t\t\t<\/div>\r\n\t\t\t\t\t<\/article>\r\n\t\t\t\t\t<article id=\"portfolio-315796-69f2932d65f4b\" class=\"grve-isotope-item grve-portfolio-item grve-image-square post-315796 portfolio type-portfolio status-publish has-post-thumbnail hentry portfolio_category-residencial\">\r\n\t\t\t\t\t\t<div class=\"grve-isotope-item-inner grve-hover-item grve-zoom-in grve-hover-style-6\">\t\t\t\t\t\t\t\t\t<figure class=\"grve-image-hover grve-media grve-zoom-out grve-grayscale-image-hover\">\r\n\t\t\t\t\t\t\t\t\t\t<a class=\"grve-item-url\" aria-label=\"Sequabat &#8211; KUBE HOTEL SAINT TROPEZ\" href=\"https:\/\/www.groupeidec.com\/es\/references\/sequabat-kube-hotel-saint-tropez\/\"><\/a>\t\t\t\t\t\t\t\t\t\t\t\t\t\t\t\t\t\t\t\t\t<div class=\"grve-gradient-overlay\"><\/div>\r\n\t\t\t\t\t\t\t\t\t\t\t\t\t\t\t\t\t\t\t\t<img loading=\"lazy\" decoding=\"async\" width=\"1024\" height=\"576\" src=\"https:\/\/www.groupeidec.com\/wp-content\/uploads\/2018\/12\/Photo-Hotel-Siam-Gassin-201605-3-1024x576.jpg\" class=\"attachment-large size-large\" alt=\"\" srcset=\"https:\/\/www.groupeidec.com\/wp-content\/uploads\/2018\/12\/Photo-Hotel-Siam-Gassin-201605-3-1024x576.jpg 1024w, https:\/\/www.groupeidec.com\/wp-content\/uploads\/2018\/12\/Photo-Hotel-Siam-Gassin-201605-3-300x169.jpg 300w, https:\/\/www.groupeidec.com\/wp-content\/uploads\/2018\/12\/Photo-Hotel-Siam-Gassin-201605-3-768x432.jpg 768w, https:\/\/www.groupeidec.com\/wp-content\/uploads\/2018\/12\/Photo-Hotel-Siam-Gassin-201605-3-1170x658.jpg 1170w, https:\/\/www.groupeidec.com\/wp-content\/uploads\/2018\/12\/Photo-Hotel-Siam-Gassin-201605-3.jpg 1540w\" sizes=\"auto, (max-width: 1024px) 100vw, 1024px\" \/>\t\t\t\t\t\t\t\t\t\t\t\t\t\t\t\t\t\t\t\t<figcaption class=\"grve-content grve-align-center\">\r\n\t\t\t\t\t\t\t\t\t\t\t\t\t\t\t\t\t\t\t\t\t\t\t\t\t\t\t\t\t\t\t\t\t<h6 class=\"grve-title grve-text-white grve-h5\">Sequabat &#8211; KUBE HOTEL SAINT TROPEZ<\/h6>\r\n\t\t\t\t\t\t\t\t\t\t\t\t\t\t\t\t\t\t\t\t\t\t\t\t\t\t\t\t\t\t\t\t\t\t\t\t\t\t\t\t\t\t\t\t\t\t\t\t\t\t\t\t\t\t\t\t\t\t\t\t\t\t\t\t\t<\/figcaption>\r\n\t\t\t\t\t\t\t\t\t\t\t\t\t\t\t\t\t\t\t<\/figure>\r\n\t\t\t\t\t\t\t\t\t\t\t\t\t<\/div>\r\n\t\t\t\t\t<\/article>\r\n\t\t\t\t\t<article id=\"portfolio-315837-69f2932d663cd\" class=\"grve-isotope-item grve-portfolio-item grve-image-square post-315837 portfolio type-portfolio status-publish has-post-thumbnail hentry portfolio_category-industria-agroalimentaria reference-pays-france\">\r\n\t\t\t\t\t\t<div class=\"grve-isotope-item-inner grve-hover-item grve-zoom-in grve-hover-style-6\">\t\t\t\t\t\t\t\t\t<figure class=\"grve-image-hover grve-media grve-zoom-out grve-grayscale-image-hover\">\r\n\t\t\t\t\t\t\t\t\t\t<a class=\"grve-item-url\" aria-label=\"MAISON PECNER &#038; FILS\" href=\"https:\/\/www.groupeidec.com\/es\/references\/maison-pecner-fils\/\"><\/a>\t\t\t\t\t\t\t\t\t\t\t\t\t\t\t\t\t\t\t\t\t<div class=\"grve-gradient-overlay\"><\/div>\r\n\t\t\t\t\t\t\t\t\t\t\t\t\t\t\t\t\t\t\t\t<img loading=\"lazy\" decoding=\"async\" width=\"709\" height=\"531\" src=\"https:\/\/www.groupeidec.com\/wp-content\/uploads\/2019\/05\/3d-pecner-cognac-16-180925-01.png\" class=\"attachment-large size-large\" alt=\"\" srcset=\"https:\/\/www.groupeidec.com\/wp-content\/uploads\/2019\/05\/3d-pecner-cognac-16-180925-01.png 709w, https:\/\/www.groupeidec.com\/wp-content\/uploads\/2019\/05\/3d-pecner-cognac-16-180925-01-300x225.png 300w, https:\/\/www.groupeidec.com\/wp-content\/uploads\/2019\/05\/3d-pecner-cognac-16-180925-01-560x420.png 560w\" sizes=\"auto, (max-width: 709px) 100vw, 709px\" \/>\t\t\t\t\t\t\t\t\t\t\t\t\t\t\t\t\t\t\t\t<figcaption class=\"grve-content grve-align-center\">\r\n\t\t\t\t\t\t\t\t\t\t\t\t\t\t\t\t\t\t\t\t\t\t\t\t\t\t\t\t\t\t\t\t\t<h6 class=\"grve-title grve-text-white grve-h5\">MAISON PECNER &#038; FILS<\/h6>\r\n\t\t\t\t\t\t\t\t\t\t\t\t\t\t\t\t\t\t\t\t\t\t\t\t\t\t\t\t\t\t\t\t\t\t\t\t\t\t\t\t\t\t\t\t\t\t\t\t\t\t\t\t\t\t\t\t\t\t\t\t\t\t\t\t\t<\/figcaption>\r\n\t\t\t\t\t\t\t\t\t\t\t\t\t\t\t\t\t\t\t<\/figure>\r\n\t\t\t\t\t\t\t\t\t\t\t\t\t<\/div>\r\n\t\t\t\t\t<\/article>\r\n\t\t\t\t\t<article id=\"portfolio-315865-69f2932d6681c\" class=\"grve-isotope-item grve-portfolio-item grve-image-square post-315865 portfolio type-portfolio status-publish has-post-thumbnail hentry portfolio_category-otros reference-pays-thalande\">\r\n\t\t\t\t\t\t<div class=\"grve-isotope-item-inner grve-hover-item grve-zoom-in grve-hover-style-6\">\t\t\t\t\t\t\t\t\t<figure class=\"grve-image-hover grve-media grve-zoom-out grve-grayscale-image-hover\">\r\n\t\t\t\t\t\t\t\t\t\t<a class=\"grve-item-url\" aria-label=\"Continental\" href=\"https:\/\/www.groupeidec.com\/es\/references\/continental\/\"><\/a>\t\t\t\t\t\t\t\t\t\t\t\t\t\t\t\t\t\t\t\t\t<div class=\"grve-gradient-overlay\"><\/div>\r\n\t\t\t\t\t\t\t\t\t\t\t\t\t\t\t\t\t\t\t\t<img loading=\"lazy\" decoding=\"async\" width=\"1024\" height=\"640\" src=\"https:\/\/www.groupeidec.com\/wp-content\/uploads\/2019\/05\/photo-grid-international-continental-thailande-190125-1024x640.jpg\" class=\"attachment-large size-large\" alt=\"\" srcset=\"https:\/\/www.groupeidec.com\/wp-content\/uploads\/2019\/05\/photo-grid-international-continental-thailande-190125-1024x640.jpg 1024w, https:\/\/www.groupeidec.com\/wp-content\/uploads\/2019\/05\/photo-grid-international-continental-thailande-190125-300x188.jpg 300w, https:\/\/www.groupeidec.com\/wp-content\/uploads\/2019\/05\/photo-grid-international-continental-thailande-190125-768x480.jpg 768w, https:\/\/www.groupeidec.com\/wp-content\/uploads\/2019\/05\/photo-grid-international-continental-thailande-190125.jpg 1540w\" sizes=\"auto, (max-width: 1024px) 100vw, 1024px\" \/>\t\t\t\t\t\t\t\t\t\t\t\t\t\t\t\t\t\t\t\t<figcaption class=\"grve-content grve-align-center\">\r\n\t\t\t\t\t\t\t\t\t\t\t\t\t\t\t\t\t\t\t\t\t\t\t\t\t\t\t\t\t\t\t\t\t<h6 class=\"grve-title grve-text-white grve-h5\">Continental<\/h6>\r\n\t\t\t\t\t\t\t\t\t\t\t\t\t\t\t\t\t\t\t\t\t\t\t\t\t\t\t\t\t\t\t\t\t\t\t\t\t\t\t\t\t\t\t\t\t\t\t\t\t\t\t\t\t\t\t\t\t\t\t\t\t\t\t\t\t<\/figcaption>\r\n\t\t\t\t\t\t\t\t\t\t\t\t\t\t\t\t\t\t\t<\/figure>\r\n\t\t\t\t\t\t\t\t\t\t\t\t\t<\/div>\r\n\t\t\t\t\t<\/article>\r\n\t\t\t\t\t<article id=\"portfolio-315786-69f2932d66c8e\" class=\"grve-isotope-item grve-portfolio-item grve-image-square post-315786 portfolio type-portfolio status-publish has-post-thumbnail hentry portfolio_category-comercios portfolio_category-oficinas portfolio_category-residencial reference-pays-france\">\r\n\t\t\t\t\t\t<div class=\"grve-isotope-item-inner grve-hover-item grve-zoom-in grve-hover-style-6\">\t\t\t\t\t\t\t\t\t<figure class=\"grve-image-hover grve-media grve-zoom-out grve-grayscale-image-hover\">\r\n\t\t\t\t\t\t\t\t\t\t<a class=\"grve-item-url\" aria-label=\"L&#8217;Il\u00f4t Ducoux\" href=\"https:\/\/www.groupeidec.com\/es\/references\/lilot-ducoux\/\"><\/a>\t\t\t\t\t\t\t\t\t\t\t\t\t\t\t\t\t\t\t\t\t<div class=\"grve-gradient-overlay\"><\/div>\r\n\t\t\t\t\t\t\t\t\t\t\t\t\t\t\t\t\t\t\t\t<img loading=\"lazy\" decoding=\"async\" width=\"500\" height=\"310\" src=\"https:\/\/www.groupeidec.com\/wp-content\/uploads\/2019\/05\/vignette-idec-lilot-ducoux-blois-ensemble_0.jpg\" class=\"attachment-large size-large\" alt=\"\" srcset=\"https:\/\/www.groupeidec.com\/wp-content\/uploads\/2019\/05\/vignette-idec-lilot-ducoux-blois-ensemble_0.jpg 500w, https:\/\/www.groupeidec.com\/wp-content\/uploads\/2019\/05\/vignette-idec-lilot-ducoux-blois-ensemble_0-300x186.jpg 300w\" sizes=\"auto, (max-width: 500px) 100vw, 500px\" \/>\t\t\t\t\t\t\t\t\t\t\t\t\t\t\t\t\t\t\t\t<figcaption class=\"grve-content grve-align-center\">\r\n\t\t\t\t\t\t\t\t\t\t\t\t\t\t\t\t\t\t\t\t\t\t\t\t\t\t\t\t\t\t\t\t\t<h6 class=\"grve-title grve-text-white grve-h5\">L&#8217;Il\u00f4t Ducoux<\/h6>\r\n\t\t\t\t\t\t\t\t\t\t\t\t\t\t\t\t\t\t\t\t\t\t\t\t\t\t\t\t\t\t\t\t\t\t\t\t\t\t\t\t\t\t\t\t\t\t\t\t\t\t\t\t\t\t\t\t\t\t\t\t\t\t\t\t\t<\/figcaption>\r\n\t\t\t\t\t\t\t\t\t\t\t\t\t\t\t\t\t\t\t<\/figure>\r\n\t\t\t\t\t\t\t\t\t\t\t\t\t<\/div>\r\n\t\t\t\t\t<\/article>\r\n\t\t\t\t\t<article id=\"portfolio-315838-69f2932d67146\" class=\"grve-isotope-item grve-portfolio-item grve-image-square post-315838 portfolio type-portfolio status-publish has-post-thumbnail hentry portfolio_category-logistica portfolio_category-promocion\">\r\n\t\t\t\t\t\t<div class=\"grve-isotope-item-inner grve-hover-item grve-zoom-in grve-hover-style-6\">\t\t\t\t\t\t\t\t\t<figure class=\"grve-image-hover grve-media grve-zoom-out grve-grayscale-image-hover\">\r\n\t\t\t\t\t\t\t\t\t\t<a class=\"grve-item-url\" aria-label=\"Les Pierrailleuses Park\" href=\"https:\/\/www.groupeidec.com\/es\/references\/parc-les-pierrailleuses\/\"><\/a>\t\t\t\t\t\t\t\t\t\t\t\t\t\t\t\t\t\t\t\t\t<div class=\"grve-gradient-overlay\"><\/div>\r\n\t\t\t\t\t\t\t\t\t\t\t\t\t\t\t\t\t\t\t\t<img loading=\"lazy\" decoding=\"async\" width=\"1\" height=\"1\" src=\"https:\/\/www.groupeidec.com\/wp-content\/uploads\/2018\/12\/perspective_niort_2_0.jpg\" class=\"attachment-large size-large\" alt=\"\" \/>\t\t\t\t\t\t\t\t\t\t\t\t\t\t\t\t\t\t\t\t<figcaption class=\"grve-content grve-align-center\">\r\n\t\t\t\t\t\t\t\t\t\t\t\t\t\t\t\t\t\t\t\t\t\t\t\t\t\t\t\t\t\t\t\t\t<h6 class=\"grve-title grve-text-white grve-h5\">Les Pierrailleuses Park<\/h6>\r\n\t\t\t\t\t\t\t\t\t\t\t\t\t\t\t\t\t\t\t\t\t\t\t\t\t\t\t\t\t\t\t\t\t\t\t\t\t\t\t\t\t\t\t\t\t\t\t\t\t\t\t\t\t\t\t\t\t\t\t\t\t\t\t\t\t<\/figcaption>\r\n\t\t\t\t\t\t\t\t\t\t\t\t\t\t\t\t\t\t\t<\/figure>\r\n\t\t\t\t\t\t\t\t\t\t\t\t\t<\/div>\r\n\t\t\t\t\t<\/article>\r\n\t\t\t\t\t<article id=\"portfolio-315808-69f2932d6759d\" class=\"grve-isotope-item grve-portfolio-item grve-image-square post-315808 portfolio type-portfolio status-publish has-post-thumbnail hentry portfolio_category-industria-farmaceutica portfolio_category-industria-farmaceutica-sanitaria-y-cosmetica portfolio_category-sanitaria-y-cosmetica reference-pays-france\">\r\n\t\t\t\t\t\t<div class=\"grve-isotope-item-inner grve-hover-item grve-zoom-in grve-hover-style-6\">\t\t\t\t\t\t\t\t\t<figure class=\"grve-image-hover grve-media grve-zoom-out grve-grayscale-image-hover\">\r\n\t\t\t\t\t\t\t\t\t\t<a class=\"grve-item-url\" aria-label=\"Elis\" href=\"https:\/\/www.groupeidec.com\/es\/references\/elis\/\"><\/a>\t\t\t\t\t\t\t\t\t\t\t\t\t\t\t\t\t\t\t\t\t<div class=\"grve-gradient-overlay\"><\/div>\r\n\t\t\t\t\t\t\t\t\t\t\t\t\t\t\t\t\t\t\t\t<img loading=\"lazy\" decoding=\"async\" width=\"1024\" height=\"701\" src=\"https:\/\/www.groupeidec.com\/wp-content\/uploads\/2019\/05\/projet_elis_pharmadec-1024x701.jpg\" class=\"attachment-large size-large\" alt=\"\" srcset=\"https:\/\/www.groupeidec.com\/wp-content\/uploads\/2019\/05\/projet_elis_pharmadec-1024x701.jpg 1024w, https:\/\/www.groupeidec.com\/wp-content\/uploads\/2019\/05\/projet_elis_pharmadec-300x205.jpg 300w, https:\/\/www.groupeidec.com\/wp-content\/uploads\/2019\/05\/projet_elis_pharmadec-768x526.jpg 768w, https:\/\/www.groupeidec.com\/wp-content\/uploads\/2019\/05\/projet_elis_pharmadec.jpg 1540w\" sizes=\"auto, (max-width: 1024px) 100vw, 1024px\" \/>\t\t\t\t\t\t\t\t\t\t\t\t\t\t\t\t\t\t\t\t<figcaption class=\"grve-content grve-align-center\">\r\n\t\t\t\t\t\t\t\t\t\t\t\t\t\t\t\t\t\t\t\t\t\t\t\t\t\t\t\t\t\t\t\t\t<h6 class=\"grve-title grve-text-white grve-h5\">Elis<\/h6>\r\n\t\t\t\t\t\t\t\t\t\t\t\t\t\t\t\t\t\t\t\t\t\t\t\t\t\t\t\t\t\t\t\t\t\t\t\t\t\t\t\t\t\t\t\t\t\t\t\t\t\t\t\t\t\t\t\t\t\t\t\t\t\t\t\t\t<\/figcaption>\r\n\t\t\t\t\t\t\t\t\t\t\t\t\t\t\t\t\t\t\t<\/figure>\r\n\t\t\t\t\t\t\t\t\t\t\t\t\t<\/div>\r\n\t\t\t\t\t<\/article>\r\n\t\t\t\t\t<article id=\"portfolio-315806-69f2932d67993\" class=\"grve-isotope-item grve-portfolio-item grve-image-square post-315806 portfolio type-portfolio status-publish has-post-thumbnail hentry portfolio_category-industria-farmaceutica portfolio_category-industria-farmaceutica-sanitaria-y-cosmetica portfolio_category-sanitaria-y-cosmetica reference-pays-france\">\r\n\t\t\t\t\t\t<div class=\"grve-isotope-item-inner grve-hover-item grve-zoom-in grve-hover-style-6\">\t\t\t\t\t\t\t\t\t<figure class=\"grve-image-hover grve-media grve-zoom-out grve-grayscale-image-hover\">\r\n\t\t\t\t\t\t\t\t\t\t<a class=\"grve-item-url\" aria-label=\"Ocp\" href=\"https:\/\/www.groupeidec.com\/es\/references\/ocp\/\"><\/a>\t\t\t\t\t\t\t\t\t\t\t\t\t\t\t\t\t\t\t\t\t<div class=\"grve-gradient-overlay\"><\/div>\r\n\t\t\t\t\t\t\t\t\t\t\t\t\t\t\t\t\t\t\t\t<img loading=\"lazy\" decoding=\"async\" width=\"1024\" height=\"683\" src=\"https:\/\/www.groupeidec.com\/wp-content\/uploads\/2019\/05\/photo-pro-idec-ocp-baule-1711-01-1024x683.jpg\" class=\"attachment-large size-large\" alt=\"\" srcset=\"https:\/\/www.groupeidec.com\/wp-content\/uploads\/2019\/05\/photo-pro-idec-ocp-baule-1711-01-1024x683.jpg 1024w, https:\/\/www.groupeidec.com\/wp-content\/uploads\/2019\/05\/photo-pro-idec-ocp-baule-1711-01-300x200.jpg 300w, https:\/\/www.groupeidec.com\/wp-content\/uploads\/2019\/05\/photo-pro-idec-ocp-baule-1711-01-768x512.jpg 768w, https:\/\/www.groupeidec.com\/wp-content\/uploads\/2019\/05\/photo-pro-idec-ocp-baule-1711-01.jpg 1540w\" sizes=\"auto, (max-width: 1024px) 100vw, 1024px\" \/>\t\t\t\t\t\t\t\t\t\t\t\t\t\t\t\t\t\t\t\t<figcaption class=\"grve-content grve-align-center\">\r\n\t\t\t\t\t\t\t\t\t\t\t\t\t\t\t\t\t\t\t\t\t\t\t\t\t\t\t\t\t\t\t\t\t<h6 class=\"grve-title grve-text-white grve-h5\">Ocp<\/h6>\r\n\t\t\t\t\t\t\t\t\t\t\t\t\t\t\t\t\t\t\t\t\t\t\t\t\t\t\t\t\t\t\t\t\t\t\t\t\t\t\t\t\t\t\t\t\t\t\t\t\t\t\t\t\t\t\t\t\t\t\t\t\t\t\t\t\t<\/figcaption>\r\n\t\t\t\t\t\t\t\t\t\t\t\t\t\t\t\t\t\t\t<\/figure>\r\n\t\t\t\t\t\t\t\t\t\t\t\t\t<\/div>\r\n\t\t\t\t\t<\/article>\r\n\t\t\t\t\t<article id=\"portfolio-315862-69f2932d67daf\" class=\"grve-isotope-item grve-portfolio-item grve-image-square post-315862 portfolio type-portfolio status-publish has-post-thumbnail hentry portfolio_category-residencial reference-pays-indonsie\">\r\n\t\t\t\t\t\t<div class=\"grve-isotope-item-inner grve-hover-item grve-zoom-in grve-hover-style-6\">\t\t\t\t\t\t\t\t\t<figure class=\"grve-image-hover grve-media grve-zoom-out grve-grayscale-image-hover\">\r\n\t\t\t\t\t\t\t\t\t\t<a class=\"grve-item-url\" aria-label=\"PULLMAN\" href=\"https:\/\/www.groupeidec.com\/es\/references\/pullman\/\"><\/a>\t\t\t\t\t\t\t\t\t\t\t\t\t\t\t\t\t\t\t\t\t<div class=\"grve-gradient-overlay\"><\/div>\r\n\t\t\t\t\t\t\t\t\t\t\t\t\t\t\t\t\t\t\t\t<img loading=\"lazy\" decoding=\"async\" width=\"1024\" height=\"768\" src=\"https:\/\/www.groupeidec.com\/wp-content\/uploads\/2019\/05\/photo-grid-international-pullman-indonesie-190125-1024x768.jpg\" class=\"attachment-large size-large\" alt=\"\" srcset=\"https:\/\/www.groupeidec.com\/wp-content\/uploads\/2019\/05\/photo-grid-international-pullman-indonesie-190125-1024x768.jpg 1024w, https:\/\/www.groupeidec.com\/wp-content\/uploads\/2019\/05\/photo-grid-international-pullman-indonesie-190125-300x225.jpg 300w, https:\/\/www.groupeidec.com\/wp-content\/uploads\/2019\/05\/photo-grid-international-pullman-indonesie-190125-768x576.jpg 768w, https:\/\/www.groupeidec.com\/wp-content\/uploads\/2019\/05\/photo-grid-international-pullman-indonesie-190125-560x420.jpg 560w, https:\/\/www.groupeidec.com\/wp-content\/uploads\/2019\/05\/photo-grid-international-pullman-indonesie-190125-900x675.jpg 900w, https:\/\/www.groupeidec.com\/wp-content\/uploads\/2019\/05\/photo-grid-international-pullman-indonesie-190125.jpg 1540w\" sizes=\"auto, (max-width: 1024px) 100vw, 1024px\" \/>\t\t\t\t\t\t\t\t\t\t\t\t\t\t\t\t\t\t\t\t<figcaption class=\"grve-content grve-align-center\">\r\n\t\t\t\t\t\t\t\t\t\t\t\t\t\t\t\t\t\t\t\t\t\t\t\t\t\t\t\t\t\t\t\t\t<h6 class=\"grve-title grve-text-white grve-h5\">PULLMAN<\/h6>\r\n\t\t\t\t\t\t\t\t\t\t\t\t\t\t\t\t\t\t\t\t\t\t\t\t\t\t\t\t\t\t\t\t\t\t\t\t\t\t\t\t\t\t\t\t\t\t\t\t\t\t\t\t\t\t\t\t\t\t\t\t\t\t\t\t\t<\/figcaption>\r\n\t\t\t\t\t\t\t\t\t\t\t\t\t\t\t\t\t\t\t<\/figure>\r\n\t\t\t\t\t\t\t\t\t\t\t\t\t<\/div>\r\n\t\t\t\t\t<\/article>\r\n\t\t\t\t\t<article id=\"portfolio-315810-69f2932d681c8\" class=\"grve-isotope-item grve-portfolio-item grve-image-square post-315810 portfolio type-portfolio status-publish has-post-thumbnail hentry portfolio_category-logistica\">\r\n\t\t\t\t\t\t<div class=\"grve-isotope-item-inner grve-hover-item grve-zoom-in grve-hover-style-6\">\t\t\t\t\t\t\t\t\t<figure class=\"grve-image-hover grve-media grve-zoom-out grve-grayscale-image-hover\">\r\n\t\t\t\t\t\t\t\t\t\t<a class=\"grve-item-url\" aria-label=\"Intermarch\u00e9\" href=\"https:\/\/www.groupeidec.com\/es\/references\/intermarche\/\"><\/a>\t\t\t\t\t\t\t\t\t\t\t\t\t\t\t\t\t\t\t\t\t<div class=\"grve-gradient-overlay\"><\/div>\r\n\t\t\t\t\t\t\t\t\t\t\t\t\t\t\t\t\t\t\t\t<img loading=\"lazy\" decoding=\"async\" width=\"1024\" height=\"767\" src=\"https:\/\/www.groupeidec.com\/wp-content\/uploads\/2018\/07\/18022-IDEC-INTERMARCHE-GRAND-FOUGERAY-01-1024x767.jpg\" class=\"attachment-large size-large\" alt=\"\" srcset=\"https:\/\/www.groupeidec.com\/wp-content\/uploads\/2018\/07\/18022-IDEC-INTERMARCHE-GRAND-FOUGERAY-01-1024x767.jpg 1024w, https:\/\/www.groupeidec.com\/wp-content\/uploads\/2018\/07\/18022-IDEC-INTERMARCHE-GRAND-FOUGERAY-01-300x225.jpg 300w, https:\/\/www.groupeidec.com\/wp-content\/uploads\/2018\/07\/18022-IDEC-INTERMARCHE-GRAND-FOUGERAY-01-768x576.jpg 768w, https:\/\/www.groupeidec.com\/wp-content\/uploads\/2018\/07\/18022-IDEC-INTERMARCHE-GRAND-FOUGERAY-01-560x420.jpg 560w, https:\/\/www.groupeidec.com\/wp-content\/uploads\/2018\/07\/18022-IDEC-INTERMARCHE-GRAND-FOUGERAY-01-900x675.jpg 900w, https:\/\/www.groupeidec.com\/wp-content\/uploads\/2018\/07\/18022-IDEC-INTERMARCHE-GRAND-FOUGERAY-01.jpg 1540w\" sizes=\"auto, (max-width: 1024px) 100vw, 1024px\" \/>\t\t\t\t\t\t\t\t\t\t\t\t\t\t\t\t\t\t\t\t<figcaption class=\"grve-content grve-align-center\">\r\n\t\t\t\t\t\t\t\t\t\t\t\t\t\t\t\t\t\t\t\t\t\t\t\t\t\t\t\t\t\t\t\t\t<h6 class=\"grve-title grve-text-white grve-h5\">Intermarch\u00e9<\/h6>\r\n\t\t\t\t\t\t\t\t\t\t\t\t\t\t\t\t\t\t\t\t\t\t\t\t\t\t\t\t\t\t\t\t\t\t\t\t\t\t\t\t\t\t\t\t\t\t\t\t\t\t\t\t\t\t\t\t\t\t\t\t\t\t\t\t\t<\/figcaption>\r\n\t\t\t\t\t\t\t\t\t\t\t\t\t\t\t\t\t\t\t<\/figure>\r\n\t\t\t\t\t\t\t\t\t\t\t\t\t<\/div>\r\n\t\t\t\t\t<\/article>\r\n\t\t\t\t\t<article id=\"portfolio-315847-69f2932d68653\" class=\"grve-isotope-item grve-portfolio-item grve-image-square post-315847 portfolio type-portfolio status-publish has-post-thumbnail hentry portfolio_category-industria-agroalimentaria reference-pays-france\">\r\n\t\t\t\t\t\t<div class=\"grve-isotope-item-inner grve-hover-item grve-zoom-in grve-hover-style-6\">\t\t\t\t\t\t\t\t\t<figure class=\"grve-image-hover grve-media grve-zoom-out grve-grayscale-image-hover\">\r\n\t\t\t\t\t\t\t\t\t\t<a class=\"grve-item-url\" aria-label=\"Semmaris\" href=\"https:\/\/www.groupeidec.com\/es\/references\/semmaris\/\"><\/a>\t\t\t\t\t\t\t\t\t\t\t\t\t\t\t\t\t\t\t\t\t<div class=\"grve-gradient-overlay\"><\/div>\r\n\t\t\t\t\t\t\t\t\t\t\t\t\t\t\t\t\t\t\t\t<img loading=\"lazy\" decoding=\"async\" width=\"1024\" height=\"604\" src=\"https:\/\/www.groupeidec.com\/wp-content\/uploads\/2019\/05\/photo-col-semmaris-rungis-94-181113-01-1024x604.jpg\" class=\"attachment-large size-large\" alt=\"\" srcset=\"https:\/\/www.groupeidec.com\/wp-content\/uploads\/2019\/05\/photo-col-semmaris-rungis-94-181113-01-1024x604.jpg 1024w, https:\/\/www.groupeidec.com\/wp-content\/uploads\/2019\/05\/photo-col-semmaris-rungis-94-181113-01-300x177.jpg 300w, https:\/\/www.groupeidec.com\/wp-content\/uploads\/2019\/05\/photo-col-semmaris-rungis-94-181113-01-768x453.jpg 768w, https:\/\/www.groupeidec.com\/wp-content\/uploads\/2019\/05\/photo-col-semmaris-rungis-94-181113-01.jpg 1540w\" sizes=\"auto, (max-width: 1024px) 100vw, 1024px\" \/>\t\t\t\t\t\t\t\t\t\t\t\t\t\t\t\t\t\t\t\t<figcaption class=\"grve-content grve-align-center\">\r\n\t\t\t\t\t\t\t\t\t\t\t\t\t\t\t\t\t\t\t\t\t\t\t\t\t\t\t\t\t\t\t\t\t<h6 class=\"grve-title grve-text-white grve-h5\">Semmaris<\/h6>\r\n\t\t\t\t\t\t\t\t\t\t\t\t\t\t\t\t\t\t\t\t\t\t\t\t\t\t\t\t\t\t\t\t\t\t\t\t\t\t\t\t\t\t\t\t\t\t\t\t\t\t\t\t\t\t\t\t\t\t\t\t\t\t\t\t\t<\/figcaption>\r\n\t\t\t\t\t\t\t\t\t\t\t\t\t\t\t\t\t\t\t<\/figure>\r\n\t\t\t\t\t\t\t\t\t\t\t\t\t<\/div>\r\n\t\t\t\t\t<\/article>\r\n\t\t\t\t\t<article id=\"portfolio-315805-69f2932d68a37\" class=\"grve-isotope-item grve-portfolio-item grve-image-square post-315805 portfolio type-portfolio status-publish has-post-thumbnail hentry portfolio_category-comercios\">\r\n\t\t\t\t\t\t<div class=\"grve-isotope-item-inner grve-hover-item grve-zoom-in grve-hover-style-6\">\t\t\t\t\t\t\t\t\t<figure class=\"grve-image-hover grve-media grve-zoom-out grve-grayscale-image-hover\">\r\n\t\t\t\t\t\t\t\t\t\t<a class=\"grve-item-url\" aria-label=\"Bobbi Brown &#8211; Estee Lauder Group\" href=\"https:\/\/www.groupeidec.com\/es\/references\/bobby-brown-groupe-estee-lauder\/\"><\/a>\t\t\t\t\t\t\t\t\t\t\t\t\t\t\t\t\t\t\t\t\t<div class=\"grve-gradient-overlay\"><\/div>\r\n\t\t\t\t\t\t\t\t\t\t\t\t\t\t\t\t\t\t\t\t<img loading=\"lazy\" decoding=\"async\" width=\"551\" height=\"310\" src=\"https:\/\/www.groupeidec.com\/wp-content\/uploads\/2018\/12\/vignette-bobby-brown-lille.jpg\" class=\"attachment-large size-large\" alt=\"\" srcset=\"https:\/\/www.groupeidec.com\/wp-content\/uploads\/2018\/12\/vignette-bobby-brown-lille.jpg 551w, https:\/\/www.groupeidec.com\/wp-content\/uploads\/2018\/12\/vignette-bobby-brown-lille-300x169.jpg 300w\" sizes=\"auto, (max-width: 551px) 100vw, 551px\" \/>\t\t\t\t\t\t\t\t\t\t\t\t\t\t\t\t\t\t\t\t<figcaption class=\"grve-content grve-align-center\">\r\n\t\t\t\t\t\t\t\t\t\t\t\t\t\t\t\t\t\t\t\t\t\t\t\t\t\t\t\t\t\t\t\t\t<h6 class=\"grve-title grve-text-white grve-h5\">Bobbi Brown &#8211; Estee Lauder Group<\/h6>\r\n\t\t\t\t\t\t\t\t\t\t\t\t\t\t\t\t\t\t\t\t\t\t\t\t\t\t\t\t\t\t\t\t\t\t\t\t\t\t\t\t\t\t\t\t\t\t\t\t\t\t\t\t\t\t\t\t\t\t\t\t\t\t\t\t\t<\/figcaption>\r\n\t\t\t\t\t\t\t\t\t\t\t\t\t\t\t\t\t\t\t<\/figure>\r\n\t\t\t\t\t\t\t\t\t\t\t\t\t<\/div>\r\n\t\t\t\t\t<\/article>\r\n\t\t\t\t\t<article id=\"portfolio-315863-69f2932d68ea8\" class=\"grve-isotope-item grve-portfolio-item grve-image-square post-315863 portfolio type-portfolio status-publish has-post-thumbnail hentry portfolio_category-residencial reference-pays-inde\">\r\n\t\t\t\t\t\t<div class=\"grve-isotope-item-inner grve-hover-item grve-zoom-in grve-hover-style-6\">\t\t\t\t\t\t\t\t\t<figure class=\"grve-image-hover grve-media grve-zoom-out grve-grayscale-image-hover\">\r\n\t\t\t\t\t\t\t\t\t\t<a class=\"grve-item-url\" aria-label=\"THE LODHI\" href=\"https:\/\/www.groupeidec.com\/es\/references\/the-lodhi\/\"><\/a>\t\t\t\t\t\t\t\t\t\t\t\t\t\t\t\t\t\t\t\t\t<div class=\"grve-gradient-overlay\"><\/div>\r\n\t\t\t\t\t\t\t\t\t\t\t\t\t\t\t\t\t\t\t\t<img loading=\"lazy\" decoding=\"async\" width=\"1024\" height=\"680\" src=\"https:\/\/www.groupeidec.com\/wp-content\/uploads\/2019\/05\/photo-grid-international-the-lodhi-inde-190125-1024x680.jpg\" class=\"attachment-large size-large\" alt=\"\" srcset=\"https:\/\/www.groupeidec.com\/wp-content\/uploads\/2019\/05\/photo-grid-international-the-lodhi-inde-190125.jpg 1024w, https:\/\/www.groupeidec.com\/wp-content\/uploads\/2019\/05\/photo-grid-international-the-lodhi-inde-190125-300x199.jpg 300w, https:\/\/www.groupeidec.com\/wp-content\/uploads\/2019\/05\/photo-grid-international-the-lodhi-inde-190125-768x510.jpg 768w\" sizes=\"auto, (max-width: 1024px) 100vw, 1024px\" \/>\t\t\t\t\t\t\t\t\t\t\t\t\t\t\t\t\t\t\t\t<figcaption class=\"grve-content grve-align-center\">\r\n\t\t\t\t\t\t\t\t\t\t\t\t\t\t\t\t\t\t\t\t\t\t\t\t\t\t\t\t\t\t\t\t\t<h6 class=\"grve-title grve-text-white grve-h5\">THE LODHI<\/h6>\r\n\t\t\t\t\t\t\t\t\t\t\t\t\t\t\t\t\t\t\t\t\t\t\t\t\t\t\t\t\t\t\t\t\t\t\t\t\t\t\t\t\t\t\t\t\t\t\t\t\t\t\t\t\t\t\t\t\t\t\t\t\t\t\t\t\t<\/figcaption>\r\n\t\t\t\t\t\t\t\t\t\t\t\t\t\t\t\t\t\t\t<\/figure>\r\n\t\t\t\t\t\t\t\t\t\t\t\t\t<\/div>\r\n\t\t\t\t\t<\/article>\r\n\t\t\t\t\t<article id=\"portfolio-315840-69f2932d692c6\" class=\"grve-isotope-item grve-portfolio-item grve-image-square post-315840 portfolio type-portfolio status-publish has-post-thumbnail hentry portfolio_category-planificacion reference-pays-france\">\r\n\t\t\t\t\t\t<div class=\"grve-isotope-item-inner grve-hover-item grve-zoom-in grve-hover-style-6\">\t\t\t\t\t\t\t\t\t<figure class=\"grve-image-hover grve-media grve-zoom-out grve-grayscale-image-hover\">\r\n\t\t\t\t\t\t\t\t\t\t<a class=\"grve-item-url\" aria-label=\"Parc des Eoliennes\" href=\"https:\/\/www.groupeidec.com\/es\/references\/parc-des-eoliennes-2\/\"><\/a>\t\t\t\t\t\t\t\t\t\t\t\t\t\t\t\t\t\t\t\t\t<div class=\"grve-gradient-overlay\"><\/div>\r\n\t\t\t\t\t\t\t\t\t\t\t\t\t\t\t\t\t\t\t\t<img loading=\"lazy\" decoding=\"async\" width=\"1024\" height=\"521\" src=\"https:\/\/www.groupeidec.com\/wp-content\/uploads\/2019\/05\/3d-donzere-parc-eoliennes-1903-vue-aerienne-01-1024x521.jpg\" class=\"attachment-large size-large\" alt=\"\" srcset=\"https:\/\/www.groupeidec.com\/wp-content\/uploads\/2019\/05\/3d-donzere-parc-eoliennes-1903-vue-aerienne-01-1024x521.jpg 1024w, https:\/\/www.groupeidec.com\/wp-content\/uploads\/2019\/05\/3d-donzere-parc-eoliennes-1903-vue-aerienne-01-300x153.jpg 300w, https:\/\/www.groupeidec.com\/wp-content\/uploads\/2019\/05\/3d-donzere-parc-eoliennes-1903-vue-aerienne-01-768x391.jpg 768w, https:\/\/www.groupeidec.com\/wp-content\/uploads\/2019\/05\/3d-donzere-parc-eoliennes-1903-vue-aerienne-01.jpg 1540w\" sizes=\"auto, (max-width: 1024px) 100vw, 1024px\" \/>\t\t\t\t\t\t\t\t\t\t\t\t\t\t\t\t\t\t\t\t<figcaption class=\"grve-content grve-align-center\">\r\n\t\t\t\t\t\t\t\t\t\t\t\t\t\t\t\t\t\t\t\t\t\t\t\t\t\t\t\t\t\t\t\t\t<h6 class=\"grve-title grve-text-white grve-h5\">Parc des Eoliennes<\/h6>\r\n\t\t\t\t\t\t\t\t\t\t\t\t\t\t\t\t\t\t\t\t\t\t\t\t\t\t\t\t\t\t\t\t\t\t\t\t\t\t\t\t\t\t\t\t\t\t\t\t\t\t\t\t\t\t\t\t\t\t\t\t\t\t\t\t\t<\/figcaption>\r\n\t\t\t\t\t\t\t\t\t\t\t\t\t\t\t\t\t\t\t<\/figure>\r\n\t\t\t\t\t\t\t\t\t\t\t\t\t<\/div>\r\n\t\t\t\t\t<\/article>\r\n\t\t\t\t\t<article id=\"portfolio-315820-69f2932d6961e\" class=\"grve-isotope-item grve-portfolio-item grve-image-square post-315820 portfolio type-portfolio status-publish has-post-thumbnail hentry portfolio_category-logistica\">\r\n\t\t\t\t\t\t<div class=\"grve-isotope-item-inner grve-hover-item grve-zoom-in grve-hover-style-6\">\t\t\t\t\t\t\t\t\t<figure class=\"grve-image-hover grve-media grve-zoom-out grve-grayscale-image-hover\">\r\n\t\t\t\t\t\t\t\t\t\t<a class=\"grve-item-url\" aria-label=\"Carrefour\" href=\"https:\/\/www.groupeidec.com\/es\/references\/carrefour\/\"><\/a>\t\t\t\t\t\t\t\t\t\t\t\t\t\t\t\t\t\t\t\t\t<div class=\"grve-gradient-overlay\"><\/div>\r\n\t\t\t\t\t\t\t\t\t\t\t\t\t\t\t\t\t\t\t\t<img loading=\"lazy\" decoding=\"async\" width=\"1024\" height=\"576\" src=\"https:\/\/www.groupeidec.com\/wp-content\/uploads\/2018\/12\/photo-col-carrefour-bourges-18-181218-01-1024x576.jpg\" class=\"attachment-large size-large\" alt=\"\" srcset=\"https:\/\/www.groupeidec.com\/wp-content\/uploads\/2018\/12\/photo-col-carrefour-bourges-18-181218-01-1024x576.jpg 1024w, https:\/\/www.groupeidec.com\/wp-content\/uploads\/2018\/12\/photo-col-carrefour-bourges-18-181218-01-300x169.jpg 300w, https:\/\/www.groupeidec.com\/wp-content\/uploads\/2018\/12\/photo-col-carrefour-bourges-18-181218-01-768x432.jpg 768w, https:\/\/www.groupeidec.com\/wp-content\/uploads\/2018\/12\/photo-col-carrefour-bourges-18-181218-01-1170x658.jpg 1170w, https:\/\/www.groupeidec.com\/wp-content\/uploads\/2018\/12\/photo-col-carrefour-bourges-18-181218-01.jpg 1540w\" sizes=\"auto, (max-width: 1024px) 100vw, 1024px\" \/>\t\t\t\t\t\t\t\t\t\t\t\t\t\t\t\t\t\t\t\t<figcaption class=\"grve-content grve-align-center\">\r\n\t\t\t\t\t\t\t\t\t\t\t\t\t\t\t\t\t\t\t\t\t\t\t\t\t\t\t\t\t\t\t\t\t<h6 class=\"grve-title grve-text-white grve-h5\">Carrefour<\/h6>\r\n\t\t\t\t\t\t\t\t\t\t\t\t\t\t\t\t\t\t\t\t\t\t\t\t\t\t\t\t\t\t\t\t\t\t\t\t\t\t\t\t\t\t\t\t\t\t\t\t\t\t\t\t\t\t\t\t\t\t\t\t\t\t\t\t\t<\/figcaption>\r\n\t\t\t\t\t\t\t\t\t\t\t\t\t\t\t\t\t\t\t<\/figure>\r\n\t\t\t\t\t\t\t\t\t\t\t\t\t<\/div>\r\n\t\t\t\t\t<\/article>\r\n\t\t\t\t\t<article id=\"portfolio-315881-69f2932d69a06\" class=\"grve-isotope-item grve-portfolio-item grve-image-square post-315881 portfolio type-portfolio status-publish has-post-thumbnail hentry portfolio_category-otros reference-pays-maldives\">\r\n\t\t\t\t\t\t<div class=\"grve-isotope-item-inner grve-hover-item grve-zoom-in grve-hover-style-6\">\t\t\t\t\t\t\t\t\t<figure class=\"grve-image-hover grve-media grve-zoom-out grve-grayscale-image-hover\">\r\n\t\t\t\t\t\t\t\t\t\t<a class=\"grve-item-url\" aria-label=\"MALDIVES INTERNATIONAL AIRPORT\" href=\"https:\/\/www.groupeidec.com\/es\/references\/maldives-international-airport\/\"><\/a>\t\t\t\t\t\t\t\t\t\t\t\t\t\t\t\t\t\t\t\t\t<div class=\"grve-gradient-overlay\"><\/div>\r\n\t\t\t\t\t\t\t\t\t\t\t\t\t\t\t\t\t\t\t\t<img loading=\"lazy\" decoding=\"async\" width=\"1024\" height=\"574\" src=\"https:\/\/www.groupeidec.com\/wp-content\/uploads\/2019\/05\/photo-grid-international-maldives-international-airport-maldives-190125-1024x574.jpg\" class=\"attachment-large size-large\" alt=\"\" srcset=\"https:\/\/www.groupeidec.com\/wp-content\/uploads\/2019\/05\/photo-grid-international-maldives-international-airport-maldives-190125-1024x574.jpg 1024w, https:\/\/www.groupeidec.com\/wp-content\/uploads\/2019\/05\/photo-grid-international-maldives-international-airport-maldives-190125-300x168.jpg 300w, https:\/\/www.groupeidec.com\/wp-content\/uploads\/2019\/05\/photo-grid-international-maldives-international-airport-maldives-190125-768x430.jpg 768w, https:\/\/www.groupeidec.com\/wp-content\/uploads\/2019\/05\/photo-grid-international-maldives-international-airport-maldives-190125.jpg 1540w\" sizes=\"auto, (max-width: 1024px) 100vw, 1024px\" \/>\t\t\t\t\t\t\t\t\t\t\t\t\t\t\t\t\t\t\t\t<figcaption class=\"grve-content grve-align-center\">\r\n\t\t\t\t\t\t\t\t\t\t\t\t\t\t\t\t\t\t\t\t\t\t\t\t\t\t\t\t\t\t\t\t\t<h6 class=\"grve-title grve-text-white grve-h5\">MALDIVES INTERNATIONAL AIRPORT<\/h6>\r\n\t\t\t\t\t\t\t\t\t\t\t\t\t\t\t\t\t\t\t\t\t\t\t\t\t\t\t\t\t\t\t\t\t\t\t\t\t\t\t\t\t\t\t\t\t\t\t\t\t\t\t\t\t\t\t\t\t\t\t\t\t\t\t\t\t<\/figcaption>\r\n\t\t\t\t\t\t\t\t\t\t\t\t\t\t\t\t\t\t\t<\/figure>\r\n\t\t\t\t\t\t\t\t\t\t\t\t\t<\/div>\r\n\t\t\t\t\t<\/article>\r\n\t\t\t\t\t<article id=\"portfolio-315819-69f2932d69e9c\" class=\"grve-isotope-item grve-portfolio-item grve-image-square post-315819 portfolio type-portfolio status-publish has-post-thumbnail hentry portfolio_category-oficinas\">\r\n\t\t\t\t\t\t<div class=\"grve-isotope-item-inner grve-hover-item grve-zoom-in grve-hover-style-6\">\t\t\t\t\t\t\t\t\t<figure class=\"grve-image-hover grve-media grve-zoom-out grve-grayscale-image-hover\">\r\n\t\t\t\t\t\t\t\t\t\t<a class=\"grve-item-url\" aria-label=\"Idec Invest Group &#8211; BDO France\" href=\"https:\/\/www.groupeidec.com\/es\/references\/groupe-idec-invest-bdo-france\/\"><\/a>\t\t\t\t\t\t\t\t\t\t\t\t\t\t\t\t\t\t\t\t\t<div class=\"grve-gradient-overlay\"><\/div>\r\n\t\t\t\t\t\t\t\t\t\t\t\t\t\t\t\t\t\t\t\t<img loading=\"lazy\" decoding=\"async\" width=\"1024\" height=\"683\" src=\"https:\/\/www.groupeidec.com\/wp-content\/uploads\/2018\/07\/PHOTO-GINV-BDO-PARIS-1709-8_0-1024x683.jpg\" class=\"attachment-large size-large\" alt=\"\" srcset=\"https:\/\/www.groupeidec.com\/wp-content\/uploads\/2018\/07\/PHOTO-GINV-BDO-PARIS-1709-8_0-1024x683.jpg 1024w, https:\/\/www.groupeidec.com\/wp-content\/uploads\/2018\/07\/PHOTO-GINV-BDO-PARIS-1709-8_0-300x200.jpg 300w, https:\/\/www.groupeidec.com\/wp-content\/uploads\/2018\/07\/PHOTO-GINV-BDO-PARIS-1709-8_0-768x512.jpg 768w, https:\/\/www.groupeidec.com\/wp-content\/uploads\/2018\/07\/PHOTO-GINV-BDO-PARIS-1709-8_0.jpg 1540w\" sizes=\"auto, (max-width: 1024px) 100vw, 1024px\" \/>\t\t\t\t\t\t\t\t\t\t\t\t\t\t\t\t\t\t\t\t<figcaption class=\"grve-content grve-align-center\">\r\n\t\t\t\t\t\t\t\t\t\t\t\t\t\t\t\t\t\t\t\t\t\t\t\t\t\t\t\t\t\t\t\t\t<h6 class=\"grve-title grve-text-white grve-h5\">Idec Invest Group &#8211; BDO France<\/h6>\r\n\t\t\t\t\t\t\t\t\t\t\t\t\t\t\t\t\t\t\t\t\t\t\t\t\t\t\t\t\t\t\t\t\t\t\t\t\t\t\t\t\t\t\t\t\t\t\t\t\t\t\t\t\t\t\t\t\t\t\t\t\t\t\t\t\t<\/figcaption>\r\n\t\t\t\t\t\t\t\t\t\t\t\t\t\t\t\t\t\t\t<\/figure>\r\n\t\t\t\t\t\t\t\t\t\t\t\t\t<\/div>\r\n\t\t\t\t\t<\/article>\r\n\t\t\t\t\t<article id=\"portfolio-315777-69f2932d6a2d1\" class=\"grve-isotope-item grve-portfolio-item grve-image-square post-315777 portfolio type-portfolio status-publish has-post-thumbnail hentry portfolio_category-promocion portfolio_category-residencial reference-pays-france\">\r\n\t\t\t\t\t\t<div class=\"grve-isotope-item-inner grve-hover-item grve-zoom-in grve-hover-style-6\">\t\t\t\t\t\t\t\t\t<figure class=\"grve-image-hover grve-media grve-zoom-out grve-grayscale-image-hover\">\r\n\t\t\t\t\t\t\t\t\t\t<a class=\"grve-item-url\" aria-label=\"Le Hameau du Parc\" href=\"https:\/\/www.groupeidec.com\/es\/references\/le-hameau-du-parc\/\"><\/a>\t\t\t\t\t\t\t\t\t\t\t\t\t\t\t\t\t\t\t\t\t<div class=\"grve-gradient-overlay\"><\/div>\r\n\t\t\t\t\t\t\t\t\t\t\t\t\t\t\t\t\t\t\t\t<img loading=\"lazy\" decoding=\"async\" width=\"500\" height=\"310\" src=\"https:\/\/www.groupeidec.com\/wp-content\/uploads\/2019\/05\/vignette_faubourg_immobilier_hammeau_du_parc_chatenay_malabry.jpg\" class=\"attachment-large size-large\" alt=\"\" srcset=\"https:\/\/www.groupeidec.com\/wp-content\/uploads\/2019\/05\/vignette_faubourg_immobilier_hammeau_du_parc_chatenay_malabry.jpg 500w, https:\/\/www.groupeidec.com\/wp-content\/uploads\/2019\/05\/vignette_faubourg_immobilier_hammeau_du_parc_chatenay_malabry-300x186.jpg 300w\" sizes=\"auto, (max-width: 500px) 100vw, 500px\" \/>\t\t\t\t\t\t\t\t\t\t\t\t\t\t\t\t\t\t\t\t<figcaption class=\"grve-content grve-align-center\">\r\n\t\t\t\t\t\t\t\t\t\t\t\t\t\t\t\t\t\t\t\t\t\t\t\t\t\t\t\t\t\t\t\t\t<h6 class=\"grve-title grve-text-white grve-h5\">Le Hameau du Parc<\/h6>\r\n\t\t\t\t\t\t\t\t\t\t\t\t\t\t\t\t\t\t\t\t\t\t\t\t\t\t\t\t\t\t\t\t\t\t\t\t\t\t\t\t\t\t\t\t\t\t\t\t\t\t\t\t\t\t\t\t\t\t\t\t\t\t\t\t\t<\/figcaption>\r\n\t\t\t\t\t\t\t\t\t\t\t\t\t\t\t\t\t\t\t<\/figure>\r\n\t\t\t\t\t\t\t\t\t\t\t\t\t<\/div>\r\n\t\t\t\t\t<\/article>\r\n\t\t\t\t\t<article id=\"portfolio-315879-69f2932d6a71e\" class=\"grve-isotope-item grve-portfolio-item grve-image-square post-315879 portfolio type-portfolio status-publish has-post-thumbnail hentry portfolio_category-otros reference-pays-chine\">\r\n\t\t\t\t\t\t<div class=\"grve-isotope-item-inner grve-hover-item grve-zoom-in grve-hover-style-6\">\t\t\t\t\t\t\t\t\t<figure class=\"grve-image-hover grve-media grve-zoom-out grve-grayscale-image-hover\">\r\n\t\t\t\t\t\t\t\t\t\t<a class=\"grve-item-url\" aria-label=\"TRINA SOLAR\" href=\"https:\/\/www.groupeidec.com\/es\/references\/trina-solar\/\"><\/a>\t\t\t\t\t\t\t\t\t\t\t\t\t\t\t\t\t\t\t\t\t<div class=\"grve-gradient-overlay\"><\/div>\r\n\t\t\t\t\t\t\t\t\t\t\t\t\t\t\t\t\t\t\t\t<img loading=\"lazy\" decoding=\"async\" width=\"1024\" height=\"619\" src=\"https:\/\/www.groupeidec.com\/wp-content\/uploads\/2019\/05\/photo-grid-international-trina-solar-chine-190125-1024x619.jpg\" class=\"attachment-large size-large\" alt=\"\" srcset=\"https:\/\/www.groupeidec.com\/wp-content\/uploads\/2019\/05\/photo-grid-international-trina-solar-chine-190125-1024x619.jpg 1024w, https:\/\/www.groupeidec.com\/wp-content\/uploads\/2019\/05\/photo-grid-international-trina-solar-chine-190125-300x181.jpg 300w, https:\/\/www.groupeidec.com\/wp-content\/uploads\/2019\/05\/photo-grid-international-trina-solar-chine-190125-768x464.jpg 768w, https:\/\/www.groupeidec.com\/wp-content\/uploads\/2019\/05\/photo-grid-international-trina-solar-chine-190125.jpg 1540w\" sizes=\"auto, (max-width: 1024px) 100vw, 1024px\" \/>\t\t\t\t\t\t\t\t\t\t\t\t\t\t\t\t\t\t\t\t<figcaption class=\"grve-content grve-align-center\">\r\n\t\t\t\t\t\t\t\t\t\t\t\t\t\t\t\t\t\t\t\t\t\t\t\t\t\t\t\t\t\t\t\t\t<h6 class=\"grve-title grve-text-white grve-h5\">TRINA SOLAR<\/h6>\r\n\t\t\t\t\t\t\t\t\t\t\t\t\t\t\t\t\t\t\t\t\t\t\t\t\t\t\t\t\t\t\t\t\t\t\t\t\t\t\t\t\t\t\t\t\t\t\t\t\t\t\t\t\t\t\t\t\t\t\t\t\t\t\t\t\t<\/figcaption>\r\n\t\t\t\t\t\t\t\t\t\t\t\t\t\t\t\t\t\t\t<\/figure>\r\n\t\t\t\t\t\t\t\t\t\t\t\t\t<\/div>\r\n\t\t\t\t\t<\/article>\r\n\t\t\t\t\t<article id=\"portfolio-315882-69f2932d6abe6\" class=\"grve-isotope-item grve-portfolio-item grve-image-square post-315882 portfolio type-portfolio status-publish has-post-thumbnail hentry portfolio_category-otros reference-pays-viet-nam\">\r\n\t\t\t\t\t\t<div class=\"grve-isotope-item-inner grve-hover-item grve-zoom-in grve-hover-style-6\">\t\t\t\t\t\t\t\t\t<figure class=\"grve-image-hover grve-media grve-zoom-out grve-grayscale-image-hover\">\r\n\t\t\t\t\t\t\t\t\t\t<a class=\"grve-item-url\" aria-label=\"NOI BAI INT&#8217;L AIRPORT\" href=\"https:\/\/www.groupeidec.com\/es\/references\/noi-bai-intl-airport\/\"><\/a>\t\t\t\t\t\t\t\t\t\t\t\t\t\t\t\t\t\t\t\t\t<div class=\"grve-gradient-overlay\"><\/div>\r\n\t\t\t\t\t\t\t\t\t\t\t\t\t\t\t\t\t\t\t\t<img loading=\"lazy\" decoding=\"async\" width=\"1024\" height=\"683\" src=\"https:\/\/www.groupeidec.com\/wp-content\/uploads\/2019\/05\/photo-grid-international-noi-bai-intl-airport-vietnam-190125-1024x683.jpg\" class=\"attachment-large size-large\" alt=\"\" srcset=\"https:\/\/www.groupeidec.com\/wp-content\/uploads\/2019\/05\/photo-grid-international-noi-bai-intl-airport-vietnam-190125-1024x683.jpg 1024w, https:\/\/www.groupeidec.com\/wp-content\/uploads\/2019\/05\/photo-grid-international-noi-bai-intl-airport-vietnam-190125-300x200.jpg 300w, https:\/\/www.groupeidec.com\/wp-content\/uploads\/2019\/05\/photo-grid-international-noi-bai-intl-airport-vietnam-190125-768x512.jpg 768w, https:\/\/www.groupeidec.com\/wp-content\/uploads\/2019\/05\/photo-grid-international-noi-bai-intl-airport-vietnam-190125.jpg 1200w\" sizes=\"auto, (max-width: 1024px) 100vw, 1024px\" \/>\t\t\t\t\t\t\t\t\t\t\t\t\t\t\t\t\t\t\t\t<figcaption class=\"grve-content grve-align-center\">\r\n\t\t\t\t\t\t\t\t\t\t\t\t\t\t\t\t\t\t\t\t\t\t\t\t\t\t\t\t\t\t\t\t\t<h6 class=\"grve-title grve-text-white grve-h5\">NOI BAI INT&#8217;L AIRPORT<\/h6>\r\n\t\t\t\t\t\t\t\t\t\t\t\t\t\t\t\t\t\t\t\t\t\t\t\t\t\t\t\t\t\t\t\t\t\t\t\t\t\t\t\t\t\t\t\t\t\t\t\t\t\t\t\t\t\t\t\t\t\t\t\t\t\t\t\t\t<\/figcaption>\r\n\t\t\t\t\t\t\t\t\t\t\t\t\t\t\t\t\t\t\t<\/figure>\r\n\t\t\t\t\t\t\t\t\t\t\t\t\t<\/div>\r\n\t\t\t\t\t<\/article>\r\n\t\t\t\t\t<article id=\"portfolio-315860-69f2932d6b096\" class=\"grve-isotope-item grve-portfolio-item grve-image-square post-315860 portfolio type-portfolio status-publish has-post-thumbnail hentry portfolio_category-otros reference-pays-viet-nam\">\r\n\t\t\t\t\t\t<div class=\"grve-isotope-item-inner grve-hover-item grve-zoom-in grve-hover-style-6\">\t\t\t\t\t\t\t\t\t<figure class=\"grve-image-hover grve-media grve-zoom-out grve-grayscale-image-hover\">\r\n\t\t\t\t\t\t\t\t\t\t<a class=\"grve-item-url\" aria-label=\"SCHENKER GEMADEPT LOGISTICS\" href=\"https:\/\/www.groupeidec.com\/es\/references\/schenker-gemadept-logistics\/\"><\/a>\t\t\t\t\t\t\t\t\t\t\t\t\t\t\t\t\t\t\t\t\t<div class=\"grve-gradient-overlay\"><\/div>\r\n\t\t\t\t\t\t\t\t\t\t\t\t\t\t\t\t\t\t\t\t<img loading=\"lazy\" decoding=\"async\" width=\"1024\" height=\"682\" src=\"https:\/\/www.groupeidec.com\/wp-content\/uploads\/2019\/05\/photo-grid-international-schenker-gemadept-logistics-chine-190125-1024x682.jpg\" class=\"attachment-large size-large\" alt=\"\" srcset=\"https:\/\/www.groupeidec.com\/wp-content\/uploads\/2019\/05\/photo-grid-international-schenker-gemadept-logistics-chine-190125-1024x682.jpg 1024w, https:\/\/www.groupeidec.com\/wp-content\/uploads\/2019\/05\/photo-grid-international-schenker-gemadept-logistics-chine-190125-300x200.jpg 300w, https:\/\/www.groupeidec.com\/wp-content\/uploads\/2019\/05\/photo-grid-international-schenker-gemadept-logistics-chine-190125-768x511.jpg 768w, https:\/\/www.groupeidec.com\/wp-content\/uploads\/2019\/05\/photo-grid-international-schenker-gemadept-logistics-chine-190125.jpg 1540w\" sizes=\"auto, (max-width: 1024px) 100vw, 1024px\" \/>\t\t\t\t\t\t\t\t\t\t\t\t\t\t\t\t\t\t\t\t<figcaption class=\"grve-content grve-align-center\">\r\n\t\t\t\t\t\t\t\t\t\t\t\t\t\t\t\t\t\t\t\t\t\t\t\t\t\t\t\t\t\t\t\t\t<h6 class=\"grve-title grve-text-white grve-h5\">SCHENKER GEMADEPT LOGISTICS<\/h6>\r\n\t\t\t\t\t\t\t\t\t\t\t\t\t\t\t\t\t\t\t\t\t\t\t\t\t\t\t\t\t\t\t\t\t\t\t\t\t\t\t\t\t\t\t\t\t\t\t\t\t\t\t\t\t\t\t\t\t\t\t\t\t\t\t\t\t<\/figcaption>\r\n\t\t\t\t\t\t\t\t\t\t\t\t\t\t\t\t\t\t\t<\/figure>\r\n\t\t\t\t\t\t\t\t\t\t\t\t\t<\/div>\r\n\t\t\t\t\t<\/article>\r\n\t\t\t\t\t<article id=\"portfolio-315773-69f2932d6b44c\" class=\"grve-isotope-item grve-portfolio-item grve-image-square post-315773 portfolio type-portfolio status-publish has-post-thumbnail hentry portfolio_category-comercios reference-pays-france\">\r\n\t\t\t\t\t\t<div class=\"grve-isotope-item-inner grve-hover-item grve-zoom-in grve-hover-style-6\">\t\t\t\t\t\t\t\t\t<figure class=\"grve-image-hover grve-media grve-zoom-out grve-grayscale-image-hover\">\r\n\t\t\t\t\t\t\t\t\t\t<a class=\"grve-item-url\" aria-label=\"Bmw\" href=\"https:\/\/www.groupeidec.com\/es\/references\/bmw\/\"><\/a>\t\t\t\t\t\t\t\t\t\t\t\t\t\t\t\t\t\t\t\t\t<div class=\"grve-gradient-overlay\"><\/div>\r\n\t\t\t\t\t\t\t\t\t\t\t\t\t\t\t\t\t\t\t\t<img loading=\"lazy\" decoding=\"async\" width=\"534\" height=\"310\" src=\"https:\/\/www.groupeidec.com\/wp-content\/uploads\/2019\/05\/vignette-bmw-paris-8.jpg\" class=\"attachment-large size-large\" alt=\"\" srcset=\"https:\/\/www.groupeidec.com\/wp-content\/uploads\/2019\/05\/vignette-bmw-paris-8.jpg 534w, https:\/\/www.groupeidec.com\/wp-content\/uploads\/2019\/05\/vignette-bmw-paris-8-300x174.jpg 300w\" sizes=\"auto, (max-width: 534px) 100vw, 534px\" \/>\t\t\t\t\t\t\t\t\t\t\t\t\t\t\t\t\t\t\t\t<figcaption class=\"grve-content grve-align-center\">\r\n\t\t\t\t\t\t\t\t\t\t\t\t\t\t\t\t\t\t\t\t\t\t\t\t\t\t\t\t\t\t\t\t\t<h6 class=\"grve-title grve-text-white grve-h5\">Bmw<\/h6>\r\n\t\t\t\t\t\t\t\t\t\t\t\t\t\t\t\t\t\t\t\t\t\t\t\t\t\t\t\t\t\t\t\t\t\t\t\t\t\t\t\t\t\t\t\t\t\t\t\t\t\t\t\t\t\t\t\t\t\t\t\t\t\t\t\t\t<\/figcaption>\r\n\t\t\t\t\t\t\t\t\t\t\t\t\t\t\t\t\t\t\t<\/figure>\r\n\t\t\t\t\t\t\t\t\t\t\t\t\t<\/div>\r\n\t\t\t\t\t<\/article>\r\n\t\t\t\t\t<article id=\"portfolio-315814-69f2932d6b7ce\" class=\"grve-isotope-item grve-portfolio-item grve-image-square post-315814 portfolio type-portfolio status-publish has-post-thumbnail hentry portfolio_category-activites-es portfolio_category-comercios\">\r\n\t\t\t\t\t\t<div class=\"grve-isotope-item-inner grve-hover-item grve-zoom-in grve-hover-style-6\">\t\t\t\t\t\t\t\t\t<figure class=\"grve-image-hover grve-media grve-zoom-out grve-grayscale-image-hover\">\r\n\t\t\t\t\t\t\t\t\t\t<a class=\"grve-item-url\" aria-label=\"Lidl\" href=\"https:\/\/www.groupeidec.com\/es\/references\/lidl\/\"><\/a>\t\t\t\t\t\t\t\t\t\t\t\t\t\t\t\t\t\t\t\t\t<div class=\"grve-gradient-overlay\"><\/div>\r\n\t\t\t\t\t\t\t\t\t\t\t\t\t\t\t\t\t\t\t\t<img loading=\"lazy\" decoding=\"async\" width=\"1024\" height=\"683\" src=\"https:\/\/www.groupeidec.com\/wp-content\/uploads\/2018\/10\/PHOTO-PRO-LIDL-IMMOBILIER-CHOISY-1704-07-1024x683.jpg\" class=\"attachment-large size-large\" alt=\"\" srcset=\"https:\/\/www.groupeidec.com\/wp-content\/uploads\/2018\/10\/PHOTO-PRO-LIDL-IMMOBILIER-CHOISY-1704-07-1024x683.jpg 1024w, https:\/\/www.groupeidec.com\/wp-content\/uploads\/2018\/10\/PHOTO-PRO-LIDL-IMMOBILIER-CHOISY-1704-07-300x200.jpg 300w, https:\/\/www.groupeidec.com\/wp-content\/uploads\/2018\/10\/PHOTO-PRO-LIDL-IMMOBILIER-CHOISY-1704-07-768x512.jpg 768w, https:\/\/www.groupeidec.com\/wp-content\/uploads\/2018\/10\/PHOTO-PRO-LIDL-IMMOBILIER-CHOISY-1704-07.jpg 1540w\" sizes=\"auto, (max-width: 1024px) 100vw, 1024px\" \/>\t\t\t\t\t\t\t\t\t\t\t\t\t\t\t\t\t\t\t\t<figcaption class=\"grve-content grve-align-center\">\r\n\t\t\t\t\t\t\t\t\t\t\t\t\t\t\t\t\t\t\t\t\t\t\t\t\t\t\t\t\t\t\t\t\t<h6 class=\"grve-title grve-text-white grve-h5\">Lidl<\/h6>\r\n\t\t\t\t\t\t\t\t\t\t\t\t\t\t\t\t\t\t\t\t\t\t\t\t\t\t\t\t\t\t\t\t\t\t\t\t\t\t\t\t\t\t\t\t\t\t\t\t\t\t\t\t\t\t\t\t\t\t\t\t\t\t\t\t\t<\/figcaption>\r\n\t\t\t\t\t\t\t\t\t\t\t\t\t\t\t\t\t\t\t<\/figure>\r\n\t\t\t\t\t\t\t\t\t\t\t\t\t<\/div>\r\n\t\t\t\t\t<\/article>\r\n\t\t\t\t\t<article id=\"portfolio-315849-69f2932d6bb4c\" class=\"grve-isotope-item grve-portfolio-item grve-image-square post-315849 portfolio type-portfolio status-publish has-post-thumbnail hentry portfolio_category-industria-agroalimentaria reference-pays-france\">\r\n\t\t\t\t\t\t<div class=\"grve-isotope-item-inner grve-hover-item grve-zoom-in grve-hover-style-6\">\t\t\t\t\t\t\t\t\t<figure class=\"grve-image-hover grve-media grve-zoom-out grve-grayscale-image-hover\">\r\n\t\t\t\t\t\t\t\t\t\t<a class=\"grve-item-url\" aria-label=\"BRIDOR\" href=\"https:\/\/www.groupeidec.com\/es\/references\/bridor\/\"><\/a>\t\t\t\t\t\t\t\t\t\t\t\t\t\t\t\t\t\t\t\t\t<div class=\"grve-gradient-overlay\"><\/div>\r\n\t\t\t\t\t\t\t\t\t\t\t\t\t\t\t\t\t\t\t\t<img loading=\"lazy\" decoding=\"async\" width=\"1024\" height=\"768\" src=\"https:\/\/www.groupeidec.com\/wp-content\/uploads\/2019\/05\/img_6895-1024x768.jpg\" class=\"attachment-large size-large\" alt=\"\" srcset=\"https:\/\/www.groupeidec.com\/wp-content\/uploads\/2019\/05\/img_6895-1024x768.jpg 1024w, https:\/\/www.groupeidec.com\/wp-content\/uploads\/2019\/05\/img_6895-300x225.jpg 300w, https:\/\/www.groupeidec.com\/wp-content\/uploads\/2019\/05\/img_6895-768x576.jpg 768w, https:\/\/www.groupeidec.com\/wp-content\/uploads\/2019\/05\/img_6895-560x420.jpg 560w, https:\/\/www.groupeidec.com\/wp-content\/uploads\/2019\/05\/img_6895-900x675.jpg 900w, https:\/\/www.groupeidec.com\/wp-content\/uploads\/2019\/05\/img_6895.jpg 1540w\" sizes=\"auto, (max-width: 1024px) 100vw, 1024px\" \/>\t\t\t\t\t\t\t\t\t\t\t\t\t\t\t\t\t\t\t\t<figcaption class=\"grve-content grve-align-center\">\r\n\t\t\t\t\t\t\t\t\t\t\t\t\t\t\t\t\t\t\t\t\t\t\t\t\t\t\t\t\t\t\t\t\t<h6 class=\"grve-title grve-text-white grve-h5\">BRIDOR<\/h6>\r\n\t\t\t\t\t\t\t\t\t\t\t\t\t\t\t\t\t\t\t\t\t\t\t\t\t\t\t\t\t\t\t\t\t\t\t\t\t\t\t\t\t\t\t\t\t\t\t\t\t\t\t\t\t\t\t\t\t\t\t\t\t\t\t\t\t<\/figcaption>\r\n\t\t\t\t\t\t\t\t\t\t\t\t\t\t\t\t\t\t\t<\/figure>\r\n\t\t\t\t\t\t\t\t\t\t\t\t\t<\/div>\r\n\t\t\t\t\t<\/article>\r\n\t\t\t\t\t<article id=\"portfolio-315841-69f2932d6bed9\" class=\"grve-isotope-item grve-portfolio-item grve-image-square post-315841 portfolio type-portfolio status-publish has-post-thumbnail hentry portfolio_category-planificacion reference-pays-france\">\r\n\t\t\t\t\t\t<div class=\"grve-isotope-item-inner grve-hover-item grve-zoom-in grve-hover-style-6\">\t\t\t\t\t\t\t\t\t<figure class=\"grve-image-hover grve-media grve-zoom-out grve-grayscale-image-hover\">\r\n\t\t\t\t\t\t\t\t\t\t<a class=\"grve-item-url\" aria-label=\"Parc Logistique et Industriel (Site Asco Fields)\" href=\"https:\/\/www.groupeidec.com\/es\/references\/parc-logistique-et-industriel-site-asco-fields\/\"><\/a>\t\t\t\t\t\t\t\t\t\t\t\t\t\t\t\t\t\t\t\t\t<div class=\"grve-gradient-overlay\"><\/div>\r\n\t\t\t\t\t\t\t\t\t\t\t\t\t\t\t\t\t\t\t\t<img loading=\"lazy\" decoding=\"async\" width=\"1024\" height=\"304\" src=\"https:\/\/www.groupeidec.com\/wp-content\/uploads\/2019\/05\/perspective_ascofields_1-1024x304.jpg\" class=\"attachment-large size-large\" alt=\"\" srcset=\"https:\/\/www.groupeidec.com\/wp-content\/uploads\/2019\/05\/perspective_ascofields_1-1024x304.jpg 1024w, https:\/\/www.groupeidec.com\/wp-content\/uploads\/2019\/05\/perspective_ascofields_1-300x89.jpg 300w, https:\/\/www.groupeidec.com\/wp-content\/uploads\/2019\/05\/perspective_ascofields_1-768x228.jpg 768w, https:\/\/www.groupeidec.com\/wp-content\/uploads\/2019\/05\/perspective_ascofields_1.jpg 1540w\" sizes=\"auto, (max-width: 1024px) 100vw, 1024px\" \/>\t\t\t\t\t\t\t\t\t\t\t\t\t\t\t\t\t\t\t\t<figcaption class=\"grve-content grve-align-center\">\r\n\t\t\t\t\t\t\t\t\t\t\t\t\t\t\t\t\t\t\t\t\t\t\t\t\t\t\t\t\t\t\t\t\t<h6 class=\"grve-title grve-text-white grve-h5\">Parc Logistique et Industriel (Site Asco Fields)<\/h6>\r\n\t\t\t\t\t\t\t\t\t\t\t\t\t\t\t\t\t\t\t\t\t\t\t\t\t\t\t\t\t\t\t\t\t\t\t\t\t\t\t\t\t\t\t\t\t\t\t\t\t\t\t\t\t\t\t\t\t\t\t\t\t\t\t\t\t<\/figcaption>\r\n\t\t\t\t\t\t\t\t\t\t\t\t\t\t\t\t\t\t\t<\/figure>\r\n\t\t\t\t\t\t\t\t\t\t\t\t\t<\/div>\r\n\t\t\t\t\t<\/article>\r\n\t\t\t\t\t<article id=\"portfolio-315787-69f2932d6c279\" class=\"grve-isotope-item grve-portfolio-item grve-image-square post-315787 portfolio type-portfolio status-publish has-post-thumbnail hentry portfolio_category-industria-farmaceutica portfolio_category-industria-farmaceutica-sanitaria-y-cosmetica portfolio_category-sanitaria-y-cosmetica\">\r\n\t\t\t\t\t\t<div class=\"grve-isotope-item-inner grve-hover-item grve-zoom-in grve-hover-style-6\">\t\t\t\t\t\t\t\t\t<figure class=\"grve-image-hover grve-media grve-zoom-out grve-grayscale-image-hover\">\r\n\t\t\t\t\t\t\t\t\t\t<a class=\"grve-item-url\" aria-label=\"Aspen\" href=\"https:\/\/www.groupeidec.com\/es\/references\/aspen\/\"><\/a>\t\t\t\t\t\t\t\t\t\t\t\t\t\t\t\t\t\t\t\t\t<div class=\"grve-gradient-overlay\"><\/div>\r\n\t\t\t\t\t\t\t\t\t\t\t\t\t\t\t\t\t\t\t\t<img loading=\"lazy\" decoding=\"async\" width=\"1024\" height=\"449\" src=\"https:\/\/www.groupeidec.com\/wp-content\/uploads\/2018\/12\/conception_construction_aspen_laboratoire_1_0-1024x449.jpg\" class=\"attachment-large size-large\" alt=\"\" srcset=\"https:\/\/www.groupeidec.com\/wp-content\/uploads\/2018\/12\/conception_construction_aspen_laboratoire_1_0-1024x449.jpg 1024w, https:\/\/www.groupeidec.com\/wp-content\/uploads\/2018\/12\/conception_construction_aspen_laboratoire_1_0-300x132.jpg 300w, https:\/\/www.groupeidec.com\/wp-content\/uploads\/2018\/12\/conception_construction_aspen_laboratoire_1_0-768x337.jpg 768w, https:\/\/www.groupeidec.com\/wp-content\/uploads\/2018\/12\/conception_construction_aspen_laboratoire_1_0.jpg 1540w\" sizes=\"auto, (max-width: 1024px) 100vw, 1024px\" \/>\t\t\t\t\t\t\t\t\t\t\t\t\t\t\t\t\t\t\t\t<figcaption class=\"grve-content grve-align-center\">\r\n\t\t\t\t\t\t\t\t\t\t\t\t\t\t\t\t\t\t\t\t\t\t\t\t\t\t\t\t\t\t\t\t\t<h6 class=\"grve-title grve-text-white grve-h5\">Aspen<\/h6>\r\n\t\t\t\t\t\t\t\t\t\t\t\t\t\t\t\t\t\t\t\t\t\t\t\t\t\t\t\t\t\t\t\t\t\t\t\t\t\t\t\t\t\t\t\t\t\t\t\t\t\t\t\t\t\t\t\t\t\t\t\t\t\t\t\t\t<\/figcaption>\r\n\t\t\t\t\t\t\t\t\t\t\t\t\t\t\t\t\t\t\t<\/figure>\r\n\t\t\t\t\t\t\t\t\t\t\t\t\t<\/div>\r\n\t\t\t\t\t<\/article>\r\n\t\t\t\t\t<article id=\"portfolio-315858-69f2932d6c613\" class=\"grve-isotope-item grve-portfolio-item grve-image-square post-315858 portfolio type-portfolio status-publish has-post-thumbnail hentry portfolio_category-otros reference-pays-chine\">\r\n\t\t\t\t\t\t<div class=\"grve-isotope-item-inner grve-hover-item grve-zoom-in grve-hover-style-6\">\t\t\t\t\t\t\t\t\t<figure class=\"grve-image-hover grve-media grve-zoom-out grve-grayscale-image-hover\">\r\n\t\t\t\t\t\t\t\t\t\t<a class=\"grve-item-url\" aria-label=\"Bmw\" href=\"https:\/\/www.groupeidec.com\/es\/references\/bmw-2\/\"><\/a>\t\t\t\t\t\t\t\t\t\t\t\t\t\t\t\t\t\t\t\t\t<div class=\"grve-gradient-overlay\"><\/div>\r\n\t\t\t\t\t\t\t\t\t\t\t\t\t\t\t\t\t\t\t\t<img loading=\"lazy\" decoding=\"async\" width=\"1024\" height=\"512\" src=\"https:\/\/www.groupeidec.com\/wp-content\/uploads\/2019\/10\/bmw-photo-grid-international-bmw-chine-190125-1024x512.jpg\" class=\"attachment-large size-large\" alt=\"\" srcset=\"https:\/\/www.groupeidec.com\/wp-content\/uploads\/2019\/10\/bmw-photo-grid-international-bmw-chine-190125-1024x512.jpg 1024w, https:\/\/www.groupeidec.com\/wp-content\/uploads\/2019\/10\/bmw-photo-grid-international-bmw-chine-190125-300x150.jpg 300w, https:\/\/www.groupeidec.com\/wp-content\/uploads\/2019\/10\/bmw-photo-grid-international-bmw-chine-190125-768x384.jpg 768w, https:\/\/www.groupeidec.com\/wp-content\/uploads\/2019\/10\/bmw-photo-grid-international-bmw-chine-190125.jpg 1540w\" sizes=\"auto, (max-width: 1024px) 100vw, 1024px\" \/>\t\t\t\t\t\t\t\t\t\t\t\t\t\t\t\t\t\t\t\t<figcaption class=\"grve-content grve-align-center\">\r\n\t\t\t\t\t\t\t\t\t\t\t\t\t\t\t\t\t\t\t\t\t\t\t\t\t\t\t\t\t\t\t\t\t<h6 class=\"grve-title grve-text-white grve-h5\">Bmw<\/h6>\r\n\t\t\t\t\t\t\t\t\t\t\t\t\t\t\t\t\t\t\t\t\t\t\t\t\t\t\t\t\t\t\t\t\t\t\t\t\t\t\t\t\t\t\t\t\t\t\t\t\t\t\t\t\t\t\t\t\t\t\t\t\t\t\t\t\t<\/figcaption>\r\n\t\t\t\t\t\t\t\t\t\t\t\t\t\t\t\t\t\t\t<\/figure>\r\n\t\t\t\t\t\t\t\t\t\t\t\t\t<\/div>\r\n\t\t\t\t\t<\/article>\r\n\t\t\t\t\t<article id=\"portfolio-315815-69f2932d6c9d0\" class=\"grve-isotope-item grve-portfolio-item grve-image-square post-315815 portfolio type-portfolio status-publish has-post-thumbnail hentry portfolio_category-promocion portfolio_category-residencial reference-pays-france\">\r\n\t\t\t\t\t\t<div class=\"grve-isotope-item-inner grve-hover-item grve-zoom-in grve-hover-style-6\">\t\t\t\t\t\t\t\t\t<figure class=\"grve-image-hover grve-media grve-zoom-out grve-grayscale-image-hover\">\r\n\t\t\t\t\t\t\t\t\t\t<a class=\"grve-item-url\" aria-label=\"Lumin&#8217; &#038; Sens\" href=\"https:\/\/www.groupeidec.com\/es\/references\/lumin-sens\/\"><\/a>\t\t\t\t\t\t\t\t\t\t\t\t\t\t\t\t\t\t\t\t\t<div class=\"grve-gradient-overlay\"><\/div>\r\n\t\t\t\t\t\t\t\t\t\t\t\t\t\t\t\t\t\t\t\t<img loading=\"lazy\" decoding=\"async\" width=\"1024\" height=\"576\" src=\"https:\/\/www.groupeidec.com\/wp-content\/uploads\/2019\/05\/3D-LUMIN-E-SENS-ASNIERES-SUR-SEINE-1703-VUE-INTERIEURE-1024x576.jpg\" class=\"attachment-large size-large\" alt=\"\" srcset=\"https:\/\/www.groupeidec.com\/wp-content\/uploads\/2019\/05\/3D-LUMIN-E-SENS-ASNIERES-SUR-SEINE-1703-VUE-INTERIEURE-1024x576.jpg 1024w, https:\/\/www.groupeidec.com\/wp-content\/uploads\/2019\/05\/3D-LUMIN-E-SENS-ASNIERES-SUR-SEINE-1703-VUE-INTERIEURE-300x169.jpg 300w, https:\/\/www.groupeidec.com\/wp-content\/uploads\/2019\/05\/3D-LUMIN-E-SENS-ASNIERES-SUR-SEINE-1703-VUE-INTERIEURE-768x432.jpg 768w, https:\/\/www.groupeidec.com\/wp-content\/uploads\/2019\/05\/3D-LUMIN-E-SENS-ASNIERES-SUR-SEINE-1703-VUE-INTERIEURE-1170x658.jpg 1170w, https:\/\/www.groupeidec.com\/wp-content\/uploads\/2019\/05\/3D-LUMIN-E-SENS-ASNIERES-SUR-SEINE-1703-VUE-INTERIEURE.jpg 1540w\" sizes=\"auto, (max-width: 1024px) 100vw, 1024px\" \/>\t\t\t\t\t\t\t\t\t\t\t\t\t\t\t\t\t\t\t\t<figcaption class=\"grve-content grve-align-center\">\r\n\t\t\t\t\t\t\t\t\t\t\t\t\t\t\t\t\t\t\t\t\t\t\t\t\t\t\t\t\t\t\t\t\t<h6 class=\"grve-title grve-text-white grve-h5\">Lumin&#8217; &#038; Sens<\/h6>\r\n\t\t\t\t\t\t\t\t\t\t\t\t\t\t\t\t\t\t\t\t\t\t\t\t\t\t\t\t\t\t\t\t\t\t\t\t\t\t\t\t\t\t\t\t\t\t\t\t\t\t\t\t\t\t\t\t\t\t\t\t\t\t\t\t\t<\/figcaption>\r\n\t\t\t\t\t\t\t\t\t\t\t\t\t\t\t\t\t\t\t<\/figure>\r\n\t\t\t\t\t\t\t\t\t\t\t\t\t<\/div>\r\n\t\t\t\t\t<\/article>\r\n\t\t\t\t\t<article id=\"portfolio-315835-69f2932d6cd65\" class=\"grve-isotope-item grve-portfolio-item grve-image-square post-315835 portfolio type-portfolio status-publish has-post-thumbnail hentry portfolio_category-industria-agroalimentaria reference-pays-maroc\">\r\n\t\t\t\t\t\t<div class=\"grve-isotope-item-inner grve-hover-item grve-zoom-in grve-hover-style-6\">\t\t\t\t\t\t\t\t\t<figure class=\"grve-image-hover grve-media grve-zoom-out grve-grayscale-image-hover\">\r\n\t\t\t\t\t\t\t\t\t\t<a class=\"grve-item-url\" aria-label=\"ALF SAHEL\" href=\"https:\/\/www.groupeidec.com\/es\/references\/alf-sahel\/\"><\/a>\t\t\t\t\t\t\t\t\t\t\t\t\t\t\t\t\t\t\t\t\t<div class=\"grve-gradient-overlay\"><\/div>\r\n\t\t\t\t\t\t\t\t\t\t\t\t\t\t\t\t\t\t\t\t<img loading=\"lazy\" decoding=\"async\" width=\"1024\" height=\"512\" src=\"https:\/\/www.groupeidec.com\/wp-content\/uploads\/2019\/05\/abattoir-sahel-03-sans-texte-1600px-1024x512.jpg\" class=\"attachment-large size-large\" alt=\"\" srcset=\"https:\/\/www.groupeidec.com\/wp-content\/uploads\/2019\/05\/abattoir-sahel-03-sans-texte-1600px-1024x512.jpg 1024w, https:\/\/www.groupeidec.com\/wp-content\/uploads\/2019\/05\/abattoir-sahel-03-sans-texte-1600px-300x150.jpg 300w, https:\/\/www.groupeidec.com\/wp-content\/uploads\/2019\/05\/abattoir-sahel-03-sans-texte-1600px-768x384.jpg 768w, https:\/\/www.groupeidec.com\/wp-content\/uploads\/2019\/05\/abattoir-sahel-03-sans-texte-1600px.jpg 1540w\" sizes=\"auto, (max-width: 1024px) 100vw, 1024px\" \/>\t\t\t\t\t\t\t\t\t\t\t\t\t\t\t\t\t\t\t\t<figcaption class=\"grve-content grve-align-center\">\r\n\t\t\t\t\t\t\t\t\t\t\t\t\t\t\t\t\t\t\t\t\t\t\t\t\t\t\t\t\t\t\t\t\t<h6 class=\"grve-title grve-text-white grve-h5\">ALF SAHEL<\/h6>\r\n\t\t\t\t\t\t\t\t\t\t\t\t\t\t\t\t\t\t\t\t\t\t\t\t\t\t\t\t\t\t\t\t\t\t\t\t\t\t\t\t\t\t\t\t\t\t\t\t\t\t\t\t\t\t\t\t\t\t\t\t\t\t\t\t\t<\/figcaption>\r\n\t\t\t\t\t\t\t\t\t\t\t\t\t\t\t\t\t\t\t<\/figure>\r\n\t\t\t\t\t\t\t\t\t\t\t\t\t<\/div>\r\n\t\t\t\t\t<\/article>\r\n\t\t\t\t\t<article id=\"portfolio-315883-69f2932d6d0fb\" class=\"grve-isotope-item grve-portfolio-item grve-image-square post-315883 portfolio type-portfolio status-publish has-post-thumbnail hentry portfolio_category-residencial reference-pays-viet-nam\">\r\n\t\t\t\t\t\t<div class=\"grve-isotope-item-inner grve-hover-item grve-zoom-in grve-hover-style-6\">\t\t\t\t\t\t\t\t\t<figure class=\"grve-image-hover grve-media grve-zoom-out grve-grayscale-image-hover\">\r\n\t\t\t\t\t\t\t\t\t\t<a class=\"grve-item-url\" aria-label=\"BANYAN TREE RESORT\" href=\"https:\/\/www.groupeidec.com\/es\/references\/banyan-tree-resort\/\"><\/a>\t\t\t\t\t\t\t\t\t\t\t\t\t\t\t\t\t\t\t\t\t<div class=\"grve-gradient-overlay\"><\/div>\r\n\t\t\t\t\t\t\t\t\t\t\t\t\t\t\t\t\t\t\t\t<img loading=\"lazy\" decoding=\"async\" width=\"1024\" height=\"428\" src=\"https:\/\/www.groupeidec.com\/wp-content\/uploads\/2019\/05\/photo-grid-international-banyan-tree-resort-vietnam-190125-1024x428.jpg\" class=\"attachment-large size-large\" alt=\"\" srcset=\"https:\/\/www.groupeidec.com\/wp-content\/uploads\/2019\/05\/photo-grid-international-banyan-tree-resort-vietnam-190125-1024x428.jpg 1024w, https:\/\/www.groupeidec.com\/wp-content\/uploads\/2019\/05\/photo-grid-international-banyan-tree-resort-vietnam-190125-300x125.jpg 300w, https:\/\/www.groupeidec.com\/wp-content\/uploads\/2019\/05\/photo-grid-international-banyan-tree-resort-vietnam-190125-768x321.jpg 768w, https:\/\/www.groupeidec.com\/wp-content\/uploads\/2019\/05\/photo-grid-international-banyan-tree-resort-vietnam-190125.jpg 1540w\" sizes=\"auto, (max-width: 1024px) 100vw, 1024px\" \/>\t\t\t\t\t\t\t\t\t\t\t\t\t\t\t\t\t\t\t\t<figcaption class=\"grve-content grve-align-center\">\r\n\t\t\t\t\t\t\t\t\t\t\t\t\t\t\t\t\t\t\t\t\t\t\t\t\t\t\t\t\t\t\t\t\t<h6 class=\"grve-title grve-text-white grve-h5\">BANYAN TREE RESORT<\/h6>\r\n\t\t\t\t\t\t\t\t\t\t\t\t\t\t\t\t\t\t\t\t\t\t\t\t\t\t\t\t\t\t\t\t\t\t\t\t\t\t\t\t\t\t\t\t\t\t\t\t\t\t\t\t\t\t\t\t\t\t\t\t\t\t\t\t\t<\/figcaption>\r\n\t\t\t\t\t\t\t\t\t\t\t\t\t\t\t\t\t\t\t<\/figure>\r\n\t\t\t\t\t\t\t\t\t\t\t\t\t<\/div>\r\n\t\t\t\t\t<\/article>\r\n\t\t\t\t\t<article id=\"portfolio-315888-69f2932d6d486\" class=\"grve-isotope-item grve-portfolio-item grve-image-square post-315888 portfolio type-portfolio status-publish has-post-thumbnail hentry portfolio_category-logistica\">\r\n\t\t\t\t\t\t<div class=\"grve-isotope-item-inner grve-hover-item grve-zoom-in grve-hover-style-6\">\t\t\t\t\t\t\t\t\t<figure class=\"grve-image-hover grve-media grve-zoom-out grve-grayscale-image-hover\">\r\n\t\t\t\t\t\t\t\t\t\t<a class=\"grve-item-url\" aria-label=\"GAZELEY\" href=\"https:\/\/www.groupeidec.com\/es\/references\/gazeley\/\"><\/a>\t\t\t\t\t\t\t\t\t\t\t\t\t\t\t\t\t\t\t\t\t<div class=\"grve-gradient-overlay\"><\/div>\r\n\t\t\t\t\t\t\t\t\t\t\t\t\t\t\t\t\t\t\t\t<img loading=\"lazy\" decoding=\"async\" width=\"1024\" height=\"684\" src=\"https:\/\/www.groupeidec.com\/wp-content\/uploads\/2019\/05\/photo-grid-international-gazeley-uk-190125-1024x684.jpg\" class=\"attachment-large size-large\" alt=\"\" srcset=\"https:\/\/www.groupeidec.com\/wp-content\/uploads\/2019\/05\/photo-grid-international-gazeley-uk-190125-1024x684.jpg 1024w, https:\/\/www.groupeidec.com\/wp-content\/uploads\/2019\/05\/photo-grid-international-gazeley-uk-190125-300x200.jpg 300w, https:\/\/www.groupeidec.com\/wp-content\/uploads\/2019\/05\/photo-grid-international-gazeley-uk-190125-768x513.jpg 768w, https:\/\/www.groupeidec.com\/wp-content\/uploads\/2019\/05\/photo-grid-international-gazeley-uk-190125.jpg 1540w\" sizes=\"auto, (max-width: 1024px) 100vw, 1024px\" \/>\t\t\t\t\t\t\t\t\t\t\t\t\t\t\t\t\t\t\t\t<figcaption class=\"grve-content grve-align-center\">\r\n\t\t\t\t\t\t\t\t\t\t\t\t\t\t\t\t\t\t\t\t\t\t\t\t\t\t\t\t\t\t\t\t\t<h6 class=\"grve-title grve-text-white grve-h5\">GAZELEY<\/h6>\r\n\t\t\t\t\t\t\t\t\t\t\t\t\t\t\t\t\t\t\t\t\t\t\t\t\t\t\t\t\t\t\t\t\t\t\t\t\t\t\t\t\t\t\t\t\t\t\t\t\t\t\t\t\t\t\t\t\t\t\t\t\t\t\t\t\t<\/figcaption>\r\n\t\t\t\t\t\t\t\t\t\t\t\t\t\t\t\t\t\t\t<\/figure>\r\n\t\t\t\t\t\t\t\t\t\t\t\t\t<\/div>\r\n\t\t\t\t\t<\/article>\r\n\t\t\t\t\t<article id=\"portfolio-315797-69f2932d6d7fe\" class=\"grve-isotope-item grve-portfolio-item grve-image-square post-315797 portfolio type-portfolio status-publish has-post-thumbnail hentry portfolio_category-activites-es portfolio_category-oficinas portfolio_category-residencial\">\r\n\t\t\t\t\t\t<div class=\"grve-isotope-item-inner grve-hover-item grve-zoom-in grve-hover-style-6\">\t\t\t\t\t\t\t\t\t<figure class=\"grve-image-hover grve-media grve-zoom-out grve-grayscale-image-hover\">\r\n\t\t\t\t\t\t\t\t\t\t<a class=\"grve-item-url\" aria-label=\"Bugati property company &#8211; Les coteaux de Meudon Sur Seine\" href=\"https:\/\/www.groupeidec.com\/es\/references\/sci-bugati-les-coteaux-de-meudon-sur-seine\/\"><\/a>\t\t\t\t\t\t\t\t\t\t\t\t\t\t\t\t\t\t\t\t\t<div class=\"grve-gradient-overlay\"><\/div>\r\n\t\t\t\t\t\t\t\t\t\t\t\t\t\t\t\t\t\t\t\t<img loading=\"lazy\" decoding=\"async\" width=\"1024\" height=\"682\" src=\"https:\/\/www.groupeidec.com\/wp-content\/uploads\/2018\/12\/photo-pro-sci-bugati-meudon-92-180428-11-1024x682.jpg\" class=\"attachment-large size-large\" alt=\"\" srcset=\"https:\/\/www.groupeidec.com\/wp-content\/uploads\/2018\/12\/photo-pro-sci-bugati-meudon-92-180428-11-1024x682.jpg 1024w, https:\/\/www.groupeidec.com\/wp-content\/uploads\/2018\/12\/photo-pro-sci-bugati-meudon-92-180428-11-300x200.jpg 300w, https:\/\/www.groupeidec.com\/wp-content\/uploads\/2018\/12\/photo-pro-sci-bugati-meudon-92-180428-11-768x512.jpg 768w, https:\/\/www.groupeidec.com\/wp-content\/uploads\/2018\/12\/photo-pro-sci-bugati-meudon-92-180428-11.jpg 1540w\" sizes=\"auto, (max-width: 1024px) 100vw, 1024px\" \/>\t\t\t\t\t\t\t\t\t\t\t\t\t\t\t\t\t\t\t\t<figcaption class=\"grve-content grve-align-center\">\r\n\t\t\t\t\t\t\t\t\t\t\t\t\t\t\t\t\t\t\t\t\t\t\t\t\t\t\t\t\t\t\t\t\t<h6 class=\"grve-title grve-text-white grve-h5\">Bugati property company &#8211; Les coteaux de Meudon Sur Seine<\/h6>\r\n\t\t\t\t\t\t\t\t\t\t\t\t\t\t\t\t\t\t\t\t\t\t\t\t\t\t\t\t\t\t\t\t\t\t\t\t\t\t\t\t\t\t\t\t\t\t\t\t\t\t\t\t\t\t\t\t\t\t\t\t\t\t\t\t\t<\/figcaption>\r\n\t\t\t\t\t\t\t\t\t\t\t\t\t\t\t\t\t\t\t<\/figure>\r\n\t\t\t\t\t\t\t\t\t\t\t\t\t<\/div>\r\n\t\t\t\t\t<\/article>\r\n\t\t\t\t\t<article id=\"portfolio-315834-69f2932d6db90\" class=\"grve-isotope-item grve-portfolio-item grve-image-square post-315834 portfolio type-portfolio status-publish has-post-thumbnail hentry portfolio_category-promocion portfolio_category-residencial\">\r\n\t\t\t\t\t\t<div class=\"grve-isotope-item-inner grve-hover-item grve-zoom-in grve-hover-style-6\">\t\t\t\t\t\t\t\t\t<figure class=\"grve-image-hover grve-media grve-zoom-out grve-grayscale-image-hover\">\r\n\t\t\t\t\t\t\t\t\t\t<a class=\"grve-item-url\" aria-label=\"Artchipel\" href=\"https:\/\/www.groupeidec.com\/es\/references\/artchipel\/\"><\/a>\t\t\t\t\t\t\t\t\t\t\t\t\t\t\t\t\t\t\t\t\t<div class=\"grve-gradient-overlay\"><\/div>\r\n\t\t\t\t\t\t\t\t\t\t\t\t\t\t\t\t\t\t\t\t<img loading=\"lazy\" decoding=\"async\" width=\"1\" height=\"1\" src=\"https:\/\/www.groupeidec.com\/wp-content\/uploads\/2018\/12\/facade_immeuble_signature_f_hd_film_giorgi_0.jpg\" class=\"attachment-large size-large\" alt=\"\" \/>\t\t\t\t\t\t\t\t\t\t\t\t\t\t\t\t\t\t\t\t<figcaption class=\"grve-content grve-align-center\">\r\n\t\t\t\t\t\t\t\t\t\t\t\t\t\t\t\t\t\t\t\t\t\t\t\t\t\t\t\t\t\t\t\t\t<h6 class=\"grve-title grve-text-white grve-h5\">Artchipel<\/h6>\r\n\t\t\t\t\t\t\t\t\t\t\t\t\t\t\t\t\t\t\t\t\t\t\t\t\t\t\t\t\t\t\t\t\t\t\t\t\t\t\t\t\t\t\t\t\t\t\t\t\t\t\t\t\t\t\t\t\t\t\t\t\t\t\t\t\t<\/figcaption>\r\n\t\t\t\t\t\t\t\t\t\t\t\t\t\t\t\t\t\t\t<\/figure>\r\n\t\t\t\t\t\t\t\t\t\t\t\t\t<\/div>\r\n\t\t\t\t\t<\/article>\r\n\t\t\t\t\t<article id=\"portfolio-315884-69f2932d6dede\" class=\"grve-isotope-item grve-portfolio-item grve-image-square post-315884 portfolio type-portfolio status-publish has-post-thumbnail hentry portfolio_category-promocion reference-pays-france\">\r\n\t\t\t\t\t\t<div class=\"grve-isotope-item-inner grve-hover-item grve-zoom-in grve-hover-style-6\">\t\t\t\t\t\t\t\t\t<figure class=\"grve-image-hover grve-media grve-zoom-out grve-grayscale-image-hover\">\r\n\t\t\t\t\t\t\t\t\t\t<a class=\"grve-item-url\" aria-label=\"Parc du Haut Wissous II &#8211; La Factory By Groupe Idec\" href=\"https:\/\/www.groupeidec.com\/es\/references\/parc-du-haut-wissous-ii-la-factory-by-groupe-idec\/\"><\/a>\t\t\t\t\t\t\t\t\t\t\t\t\t\t\t\t\t\t\t\t\t<div class=\"grve-gradient-overlay\"><\/div>\r\n\t\t\t\t\t\t\t\t\t\t\t\t\t\t\t\t\t\t\t\t<img loading=\"lazy\" decoding=\"async\" width=\"1024\" height=\"481\" src=\"https:\/\/www.groupeidec.com\/wp-content\/uploads\/2019\/05\/3d-la-factory-by-groupe-idec-wissous-1902-chemin-croix-brisee-6-1024x481.jpg\" class=\"attachment-large size-large\" alt=\"\" srcset=\"https:\/\/www.groupeidec.com\/wp-content\/uploads\/2019\/05\/3d-la-factory-by-groupe-idec-wissous-1902-chemin-croix-brisee-6-1024x481.jpg 1024w, https:\/\/www.groupeidec.com\/wp-content\/uploads\/2019\/05\/3d-la-factory-by-groupe-idec-wissous-1902-chemin-croix-brisee-6-300x141.jpg 300w, https:\/\/www.groupeidec.com\/wp-content\/uploads\/2019\/05\/3d-la-factory-by-groupe-idec-wissous-1902-chemin-croix-brisee-6-768x361.jpg 768w, https:\/\/www.groupeidec.com\/wp-content\/uploads\/2019\/05\/3d-la-factory-by-groupe-idec-wissous-1902-chemin-croix-brisee-6.jpg 1540w\" sizes=\"auto, (max-width: 1024px) 100vw, 1024px\" \/>\t\t\t\t\t\t\t\t\t\t\t\t\t\t\t\t\t\t\t\t<figcaption class=\"grve-content grve-align-center\">\r\n\t\t\t\t\t\t\t\t\t\t\t\t\t\t\t\t\t\t\t\t\t\t\t\t\t\t\t\t\t\t\t\t\t<h6 class=\"grve-title grve-text-white grve-h5\">Parc du Haut Wissous II &#8211; La Factory By Groupe Idec<\/h6>\r\n\t\t\t\t\t\t\t\t\t\t\t\t\t\t\t\t\t\t\t\t\t\t\t\t\t\t\t\t\t\t\t\t\t\t\t\t\t\t\t\t\t\t\t\t\t\t\t\t\t\t\t\t\t\t\t\t\t\t\t\t\t\t\t\t\t<\/figcaption>\r\n\t\t\t\t\t\t\t\t\t\t\t\t\t\t\t\t\t\t\t<\/figure>\r\n\t\t\t\t\t\t\t\t\t\t\t\t\t<\/div>\r\n\t\t\t\t\t<\/article>\r\n\t\t\t\t\t<article id=\"portfolio-315842-69f2932d6e26d\" class=\"grve-isotope-item grve-portfolio-item grve-image-square post-315842 portfolio type-portfolio status-publish has-post-thumbnail hentry portfolio_category-planificacion reference-pays-france\">\r\n\t\t\t\t\t\t<div class=\"grve-isotope-item-inner grve-hover-item grve-zoom-in grve-hover-style-6\">\t\t\t\t\t\t\t\t\t<figure class=\"grve-image-hover grve-media grve-zoom-out grve-grayscale-image-hover\">\r\n\t\t\t\t\t\t\t\t\t\t<a class=\"grve-item-url\" aria-label=\"Technoparc de La Queue de Sartan\" href=\"https:\/\/www.groupeidec.com\/es\/references\/technoparc-de-la-queue-de-sartan\/\"><\/a>\t\t\t\t\t\t\t\t\t\t\t\t\t\t\t\t\t\t\t\t\t<div class=\"grve-gradient-overlay\"><\/div>\r\n\t\t\t\t\t\t\t\t\t\t\t\t\t\t\t\t\t\t\t\t<img loading=\"lazy\" decoding=\"async\" width=\"1024\" height=\"575\" src=\"https:\/\/www.groupeidec.com\/wp-content\/uploads\/2020\/02\/idecsport_01_entree03-1024x575.jpg\" class=\"attachment-large size-large\" alt=\"\" srcset=\"https:\/\/www.groupeidec.com\/wp-content\/uploads\/2020\/02\/idecsport_01_entree03-1024x575.jpg 1024w, https:\/\/www.groupeidec.com\/wp-content\/uploads\/2020\/02\/idecsport_01_entree03-300x168.jpg 300w, https:\/\/www.groupeidec.com\/wp-content\/uploads\/2020\/02\/idecsport_01_entree03-768x431.jpg 768w, https:\/\/www.groupeidec.com\/wp-content\/uploads\/2020\/02\/idecsport_01_entree03-1536x863.jpg 1536w, https:\/\/www.groupeidec.com\/wp-content\/uploads\/2020\/02\/idecsport_01_entree03-1170x658.jpg 1170w, https:\/\/www.groupeidec.com\/wp-content\/uploads\/2020\/02\/idecsport_01_entree03-1920x1079.jpg 1920w, https:\/\/www.groupeidec.com\/wp-content\/uploads\/2020\/02\/idecsport_01_entree03.jpg 1540w\" sizes=\"auto, (max-width: 1024px) 100vw, 1024px\" \/>\t\t\t\t\t\t\t\t\t\t\t\t\t\t\t\t\t\t\t\t<figcaption class=\"grve-content grve-align-center\">\r\n\t\t\t\t\t\t\t\t\t\t\t\t\t\t\t\t\t\t\t\t\t\t\t\t\t\t\t\t\t\t\t\t\t<h6 class=\"grve-title grve-text-white grve-h5\">Technoparc de La Queue de Sartan<\/h6>\r\n\t\t\t\t\t\t\t\t\t\t\t\t\t\t\t\t\t\t\t\t\t\t\t\t\t\t\t\t\t\t\t\t\t\t\t\t\t\t\t\t\t\t\t\t\t\t\t\t\t\t\t\t\t\t\t\t\t\t\t\t\t\t\t\t\t<\/figcaption>\r\n\t\t\t\t\t\t\t\t\t\t\t\t\t\t\t\t\t\t\t<\/figure>\r\n\t\t\t\t\t\t\t\t\t\t\t\t\t<\/div>\r\n\t\t\t\t\t<\/article>\r\n\t\t\t\t\t<article id=\"portfolio-315871-69f2932d6e5f7\" class=\"grve-isotope-item grve-portfolio-item grve-image-square post-315871 portfolio type-portfolio status-publish has-post-thumbnail hentry portfolio_category-oficinas reference-pays-thalande\">\r\n\t\t\t\t\t\t<div class=\"grve-isotope-item-inner grve-hover-item grve-zoom-in grve-hover-style-6\">\t\t\t\t\t\t\t\t\t<figure class=\"grve-image-hover grve-media grve-zoom-out grve-grayscale-image-hover\">\r\n\t\t\t\t\t\t\t\t\t\t<a class=\"grve-item-url\" aria-label=\"MAHANAKHON TOWER\" href=\"https:\/\/www.groupeidec.com\/es\/references\/mahanakhon-tower\/\"><\/a>\t\t\t\t\t\t\t\t\t\t\t\t\t\t\t\t\t\t\t\t\t<div class=\"grve-gradient-overlay\"><\/div>\r\n\t\t\t\t\t\t\t\t\t\t\t\t\t\t\t\t\t\t\t\t<img loading=\"lazy\" decoding=\"async\" width=\"1024\" height=\"1024\" src=\"https:\/\/www.groupeidec.com\/wp-content\/uploads\/2019\/05\/photo-grid-international-mahanakhon-tower-thailande-190125-1024x1024.jpg\" class=\"attachment-large size-large\" alt=\"\" srcset=\"https:\/\/www.groupeidec.com\/wp-content\/uploads\/2019\/05\/photo-grid-international-mahanakhon-tower-thailande-190125-1024x1024.jpg 1024w, https:\/\/www.groupeidec.com\/wp-content\/uploads\/2019\/05\/photo-grid-international-mahanakhon-tower-thailande-190125-150x150.jpg 150w, https:\/\/www.groupeidec.com\/wp-content\/uploads\/2019\/05\/photo-grid-international-mahanakhon-tower-thailande-190125-300x300.jpg 300w, https:\/\/www.groupeidec.com\/wp-content\/uploads\/2019\/05\/photo-grid-international-mahanakhon-tower-thailande-190125-768x768.jpg 768w, https:\/\/www.groupeidec.com\/wp-content\/uploads\/2019\/05\/photo-grid-international-mahanakhon-tower-thailande-190125-560x560.jpg 560w, https:\/\/www.groupeidec.com\/wp-content\/uploads\/2019\/05\/photo-grid-international-mahanakhon-tower-thailande-190125-900x900.jpg 900w, https:\/\/www.groupeidec.com\/wp-content\/uploads\/2019\/05\/photo-grid-international-mahanakhon-tower-thailande-190125.jpg 1540w\" sizes=\"auto, (max-width: 1024px) 100vw, 1024px\" \/>\t\t\t\t\t\t\t\t\t\t\t\t\t\t\t\t\t\t\t\t<figcaption class=\"grve-content grve-align-center\">\r\n\t\t\t\t\t\t\t\t\t\t\t\t\t\t\t\t\t\t\t\t\t\t\t\t\t\t\t\t\t\t\t\t\t<h6 class=\"grve-title grve-text-white grve-h5\">MAHANAKHON TOWER<\/h6>\r\n\t\t\t\t\t\t\t\t\t\t\t\t\t\t\t\t\t\t\t\t\t\t\t\t\t\t\t\t\t\t\t\t\t\t\t\t\t\t\t\t\t\t\t\t\t\t\t\t\t\t\t\t\t\t\t\t\t\t\t\t\t\t\t\t\t<\/figcaption>\r\n\t\t\t\t\t\t\t\t\t\t\t\t\t\t\t\t\t\t\t<\/figure>\r\n\t\t\t\t\t\t\t\t\t\t\t\t\t<\/div>\r\n\t\t\t\t\t<\/article>\r\n\t\t\t\t\t<article id=\"portfolio-315800-69f2932d6e9a1\" class=\"grve-isotope-item grve-portfolio-item grve-image-square post-315800 portfolio type-portfolio status-publish has-post-thumbnail hentry portfolio_category-industria-agroalimentaria\">\r\n\t\t\t\t\t\t<div class=\"grve-isotope-item-inner grve-hover-item grve-zoom-in grve-hover-style-6\">\t\t\t\t\t\t\t\t\t<figure class=\"grve-image-hover grve-media grve-zoom-out grve-grayscale-image-hover\">\r\n\t\t\t\t\t\t\t\t\t\t<a class=\"grve-item-url\" aria-label=\"Nutrition &#038; Sant\u00e9\" href=\"https:\/\/www.groupeidec.com\/es\/references\/nutrition-et-sante\/\"><\/a>\t\t\t\t\t\t\t\t\t\t\t\t\t\t\t\t\t\t\t\t\t<div class=\"grve-gradient-overlay\"><\/div>\r\n\t\t\t\t\t\t\t\t\t\t\t\t\t\t\t\t\t\t\t\t<img loading=\"lazy\" decoding=\"async\" width=\"500\" height=\"310\" src=\"https:\/\/www.groupeidec.com\/wp-content\/uploads\/2018\/12\/vignette_thebault_ingenierie_nutrition_et_sante_revel.jpg\" class=\"attachment-large size-large\" alt=\"\" srcset=\"https:\/\/www.groupeidec.com\/wp-content\/uploads\/2018\/12\/vignette_thebault_ingenierie_nutrition_et_sante_revel.jpg 500w, https:\/\/www.groupeidec.com\/wp-content\/uploads\/2018\/12\/vignette_thebault_ingenierie_nutrition_et_sante_revel-300x186.jpg 300w\" sizes=\"auto, (max-width: 500px) 100vw, 500px\" \/>\t\t\t\t\t\t\t\t\t\t\t\t\t\t\t\t\t\t\t\t<figcaption class=\"grve-content grve-align-center\">\r\n\t\t\t\t\t\t\t\t\t\t\t\t\t\t\t\t\t\t\t\t\t\t\t\t\t\t\t\t\t\t\t\t\t<h6 class=\"grve-title grve-text-white grve-h5\">Nutrition &#038; Sant\u00e9<\/h6>\r\n\t\t\t\t\t\t\t\t\t\t\t\t\t\t\t\t\t\t\t\t\t\t\t\t\t\t\t\t\t\t\t\t\t\t\t\t\t\t\t\t\t\t\t\t\t\t\t\t\t\t\t\t\t\t\t\t\t\t\t\t\t\t\t\t\t<\/figcaption>\r\n\t\t\t\t\t\t\t\t\t\t\t\t\t\t\t\t\t\t\t<\/figure>\r\n\t\t\t\t\t\t\t\t\t\t\t\t\t<\/div>\r\n\t\t\t\t\t<\/article>\r\n\t\t\t\t\t<article id=\"portfolio-315852-69f2932d6ecfa\" class=\"grve-isotope-item grve-portfolio-item grve-image-square post-315852 portfolio type-portfolio status-publish has-post-thumbnail hentry portfolio_category-otros reference-pays-thalande\">\r\n\t\t\t\t\t\t<div class=\"grve-isotope-item-inner grve-hover-item grve-zoom-in grve-hover-style-6\">\t\t\t\t\t\t\t\t\t<figure class=\"grve-image-hover grve-media grve-zoom-out grve-grayscale-image-hover\">\r\n\t\t\t\t\t\t\t\t\t\t<a class=\"grve-item-url\" aria-label=\"BASF CHEMCAT\" href=\"https:\/\/www.groupeidec.com\/es\/references\/basf-chemcat\/\"><\/a>\t\t\t\t\t\t\t\t\t\t\t\t\t\t\t\t\t\t\t\t\t<div class=\"grve-gradient-overlay\"><\/div>\r\n\t\t\t\t\t\t\t\t\t\t\t\t\t\t\t\t\t\t\t\t<img loading=\"lazy\" decoding=\"async\" width=\"1024\" height=\"576\" src=\"https:\/\/www.groupeidec.com\/wp-content\/uploads\/2019\/05\/photo-grid-international-basf-thailande-190125-1024x576.jpg\" class=\"attachment-large size-large\" alt=\"\" srcset=\"https:\/\/www.groupeidec.com\/wp-content\/uploads\/2019\/05\/photo-grid-international-basf-thailande-190125-1024x576.jpg 1024w, https:\/\/www.groupeidec.com\/wp-content\/uploads\/2019\/05\/photo-grid-international-basf-thailande-190125-300x169.jpg 300w, https:\/\/www.groupeidec.com\/wp-content\/uploads\/2019\/05\/photo-grid-international-basf-thailande-190125-768x432.jpg 768w, https:\/\/www.groupeidec.com\/wp-content\/uploads\/2019\/05\/photo-grid-international-basf-thailande-190125-1170x658.jpg 1170w, https:\/\/www.groupeidec.com\/wp-content\/uploads\/2019\/05\/photo-grid-international-basf-thailande-190125.jpg 1540w\" sizes=\"auto, (max-width: 1024px) 100vw, 1024px\" \/>\t\t\t\t\t\t\t\t\t\t\t\t\t\t\t\t\t\t\t\t<figcaption class=\"grve-content grve-align-center\">\r\n\t\t\t\t\t\t\t\t\t\t\t\t\t\t\t\t\t\t\t\t\t\t\t\t\t\t\t\t\t\t\t\t\t<h6 class=\"grve-title grve-text-white grve-h5\">BASF CHEMCAT<\/h6>\r\n\t\t\t\t\t\t\t\t\t\t\t\t\t\t\t\t\t\t\t\t\t\t\t\t\t\t\t\t\t\t\t\t\t\t\t\t\t\t\t\t\t\t\t\t\t\t\t\t\t\t\t\t\t\t\t\t\t\t\t\t\t\t\t\t\t<\/figcaption>\r\n\t\t\t\t\t\t\t\t\t\t\t\t\t\t\t\t\t\t\t<\/figure>\r\n\t\t\t\t\t\t\t\t\t\t\t\t\t<\/div>\r\n\t\t\t\t\t<\/article>\r\n\t\t\t\t\t<article id=\"portfolio-315822-69f2932d6f092\" class=\"grve-isotope-item grve-portfolio-item grve-image-square post-315822 portfolio type-portfolio status-publish has-post-thumbnail hentry portfolio_category-comercios portfolio_category-promocion\">\r\n\t\t\t\t\t\t<div class=\"grve-isotope-item-inner grve-hover-item grve-zoom-in grve-hover-style-6\">\t\t\t\t\t\t\t\t\t<figure class=\"grve-image-hover grve-media grve-zoom-out grve-grayscale-image-hover\">\r\n\t\t\t\t\t\t\t\t\t\t<a class=\"grve-item-url\" aria-label=\"VIADUC VILLAGE\" href=\"https:\/\/www.groupeidec.com\/es\/references\/viaduc-village\/\"><\/a>\t\t\t\t\t\t\t\t\t\t\t\t\t\t\t\t\t\t\t\t\t<div class=\"grve-gradient-overlay\"><\/div>\r\n\t\t\t\t\t\t\t\t\t\t\t\t\t\t\t\t\t\t\t\t<img loading=\"lazy\" decoding=\"async\" width=\"1024\" height=\"594\" src=\"https:\/\/www.groupeidec.com\/wp-content\/uploads\/2018\/07\/pers-viaduc-village-201506_1-1024x594.jpg\" class=\"attachment-large size-large\" alt=\"\" srcset=\"https:\/\/www.groupeidec.com\/wp-content\/uploads\/2018\/07\/pers-viaduc-village-201506_1-1024x594.jpg 1024w, https:\/\/www.groupeidec.com\/wp-content\/uploads\/2018\/07\/pers-viaduc-village-201506_1-300x174.jpg 300w, https:\/\/www.groupeidec.com\/wp-content\/uploads\/2018\/07\/pers-viaduc-village-201506_1-768x446.jpg 768w, https:\/\/www.groupeidec.com\/wp-content\/uploads\/2018\/07\/pers-viaduc-village-201506_1.jpg 1540w\" sizes=\"auto, (max-width: 1024px) 100vw, 1024px\" \/>\t\t\t\t\t\t\t\t\t\t\t\t\t\t\t\t\t\t\t\t<figcaption class=\"grve-content grve-align-center\">\r\n\t\t\t\t\t\t\t\t\t\t\t\t\t\t\t\t\t\t\t\t\t\t\t\t\t\t\t\t\t\t\t\t\t<h6 class=\"grve-title grve-text-white grve-h5\">VIADUC VILLAGE<\/h6>\r\n\t\t\t\t\t\t\t\t\t\t\t\t\t\t\t\t\t\t\t\t\t\t\t\t\t\t\t\t\t\t\t\t\t\t\t\t\t\t\t\t\t\t\t\t\t\t\t\t\t\t\t\t\t\t\t\t\t\t\t\t\t\t\t\t\t<\/figcaption>\r\n\t\t\t\t\t\t\t\t\t\t\t\t\t\t\t\t\t\t\t<\/figure>\r\n\t\t\t\t\t\t\t\t\t\t\t\t\t<\/div>\r\n\t\t\t\t\t<\/article>\r\n\t\t\t\t\t<article id=\"portfolio-315868-69f2932d6f412\" class=\"grve-isotope-item grve-portfolio-item grve-image-square post-315868 portfolio type-portfolio status-publish has-post-thumbnail hentry portfolio_category-oficinas reference-pays-viet-nam\">\r\n\t\t\t\t\t\t<div class=\"grve-isotope-item-inner grve-hover-item grve-zoom-in grve-hover-style-6\">\t\t\t\t\t\t\t\t\t<figure class=\"grve-image-hover grve-media grve-zoom-out grve-grayscale-image-hover\">\r\n\t\t\t\t\t\t\t\t\t\t<a class=\"grve-item-url\" aria-label=\"SAIGON ME LINH TOWER\" href=\"https:\/\/www.groupeidec.com\/es\/references\/saigon-me-linh-tower\/\"><\/a>\t\t\t\t\t\t\t\t\t\t\t\t\t\t\t\t\t\t\t\t\t<div class=\"grve-gradient-overlay\"><\/div>\r\n\t\t\t\t\t\t\t\t\t\t\t\t\t\t\t\t\t\t\t\t<img loading=\"lazy\" decoding=\"async\" width=\"808\" height=\"1024\" src=\"https:\/\/www.groupeidec.com\/wp-content\/uploads\/2019\/05\/photo-grid-international-saigon-me-linh-tower-vietnam-190125-808x1024.png\" class=\"attachment-large size-large\" alt=\"\" srcset=\"https:\/\/www.groupeidec.com\/wp-content\/uploads\/2019\/05\/photo-grid-international-saigon-me-linh-tower-vietnam-190125-808x1024.png 808w, https:\/\/www.groupeidec.com\/wp-content\/uploads\/2019\/05\/photo-grid-international-saigon-me-linh-tower-vietnam-190125-237x300.png 237w, https:\/\/www.groupeidec.com\/wp-content\/uploads\/2019\/05\/photo-grid-international-saigon-me-linh-tower-vietnam-190125-768x973.png 768w, https:\/\/www.groupeidec.com\/wp-content\/uploads\/2019\/05\/photo-grid-international-saigon-me-linh-tower-vietnam-190125-1516x1920.png 1516w, https:\/\/www.groupeidec.com\/wp-content\/uploads\/2019\/05\/photo-grid-international-saigon-me-linh-tower-vietnam-190125.png 1540w\" sizes=\"auto, (max-width: 808px) 100vw, 808px\" \/>\t\t\t\t\t\t\t\t\t\t\t\t\t\t\t\t\t\t\t\t<figcaption class=\"grve-content grve-align-center\">\r\n\t\t\t\t\t\t\t\t\t\t\t\t\t\t\t\t\t\t\t\t\t\t\t\t\t\t\t\t\t\t\t\t\t<h6 class=\"grve-title grve-text-white grve-h5\">SAIGON ME LINH TOWER<\/h6>\r\n\t\t\t\t\t\t\t\t\t\t\t\t\t\t\t\t\t\t\t\t\t\t\t\t\t\t\t\t\t\t\t\t\t\t\t\t\t\t\t\t\t\t\t\t\t\t\t\t\t\t\t\t\t\t\t\t\t\t\t\t\t\t\t\t\t<\/figcaption>\r\n\t\t\t\t\t\t\t\t\t\t\t\t\t\t\t\t\t\t\t<\/figure>\r\n\t\t\t\t\t\t\t\t\t\t\t\t\t<\/div>\r\n\t\t\t\t\t<\/article>\r\n\t\t\t\t\t<article id=\"portfolio-315823-69f2932d6f78e\" class=\"grve-isotope-item grve-portfolio-item grve-image-square post-315823 portfolio type-portfolio status-publish has-post-thumbnail hentry portfolio_category-industria-farmaceutica-sanitaria-y-cosmetica portfolio_category-residencial\">\r\n\t\t\t\t\t\t<div class=\"grve-isotope-item-inner grve-hover-item grve-zoom-in grve-hover-style-6\">\t\t\t\t\t\t\t\t\t<figure class=\"grve-image-hover grve-media grve-zoom-out grve-grayscale-image-hover\">\r\n\t\t\t\t\t\t\t\t\t\t<a class=\"grve-item-url\" aria-label=\"Domusvi\" href=\"https:\/\/www.groupeidec.com\/es\/references\/domusvi\/\"><\/a>\t\t\t\t\t\t\t\t\t\t\t\t\t\t\t\t\t\t\t\t\t<div class=\"grve-gradient-overlay\"><\/div>\r\n\t\t\t\t\t\t\t\t\t\t\t\t\t\t\t\t\t\t\t\t<img loading=\"lazy\" decoding=\"async\" width=\"1024\" height=\"576\" src=\"https:\/\/www.groupeidec.com\/wp-content\/uploads\/2018\/10\/3d-domusvi-mireval-181001-01-1024x576.jpg\" class=\"attachment-large size-large\" alt=\"\" srcset=\"https:\/\/www.groupeidec.com\/wp-content\/uploads\/2018\/10\/3d-domusvi-mireval-181001-01-1024x576.jpg 1024w, https:\/\/www.groupeidec.com\/wp-content\/uploads\/2018\/10\/3d-domusvi-mireval-181001-01-300x169.jpg 300w, https:\/\/www.groupeidec.com\/wp-content\/uploads\/2018\/10\/3d-domusvi-mireval-181001-01-768x432.jpg 768w, https:\/\/www.groupeidec.com\/wp-content\/uploads\/2018\/10\/3d-domusvi-mireval-181001-01-1170x658.jpg 1170w, https:\/\/www.groupeidec.com\/wp-content\/uploads\/2018\/10\/3d-domusvi-mireval-181001-01.jpg 1540w\" sizes=\"auto, (max-width: 1024px) 100vw, 1024px\" \/>\t\t\t\t\t\t\t\t\t\t\t\t\t\t\t\t\t\t\t\t<figcaption class=\"grve-content grve-align-center\">\r\n\t\t\t\t\t\t\t\t\t\t\t\t\t\t\t\t\t\t\t\t\t\t\t\t\t\t\t\t\t\t\t\t\t<h6 class=\"grve-title grve-text-white grve-h5\">Domusvi<\/h6>\r\n\t\t\t\t\t\t\t\t\t\t\t\t\t\t\t\t\t\t\t\t\t\t\t\t\t\t\t\t\t\t\t\t\t\t\t\t\t\t\t\t\t\t\t\t\t\t\t\t\t\t\t\t\t\t\t\t\t\t\t\t\t\t\t\t\t<\/figcaption>\r\n\t\t\t\t\t\t\t\t\t\t\t\t\t\t\t\t\t\t\t<\/figure>\r\n\t\t\t\t\t\t\t\t\t\t\t\t\t<\/div>\r\n\t\t\t\t\t<\/article>\r\n\t\t\t\t\t<article id=\"portfolio-315817-69f2932d6fb19\" class=\"grve-isotope-item grve-portfolio-item grve-image-square post-315817 portfolio type-portfolio status-publish has-post-thumbnail hentry portfolio_category-logistica portfolio_category-oficinas\">\r\n\t\t\t\t\t\t<div class=\"grve-isotope-item-inner grve-hover-item grve-zoom-in grve-hover-style-6\">\t\t\t\t\t\t\t\t\t<figure class=\"grve-image-hover grve-media grve-zoom-out grve-grayscale-image-hover\">\r\n\t\t\t\t\t\t\t\t\t\t<a class=\"grve-item-url\" aria-label=\"Samada \/ Monoprix Group\" href=\"https:\/\/www.groupeidec.com\/es\/references\/samada-groupe-monoprix\/\"><\/a>\t\t\t\t\t\t\t\t\t\t\t\t\t\t\t\t\t\t\t\t\t<div class=\"grve-gradient-overlay\"><\/div>\r\n\t\t\t\t\t\t\t\t\t\t\t\t\t\t\t\t\t\t\t\t<img loading=\"lazy\" decoding=\"async\" width=\"1024\" height=\"768\" src=\"https:\/\/www.groupeidec.com\/wp-content\/uploads\/2018\/12\/photo-col-samada-wissous-91-181218-01-1024x768.jpg\" class=\"attachment-large size-large\" alt=\"\" srcset=\"https:\/\/www.groupeidec.com\/wp-content\/uploads\/2018\/12\/photo-col-samada-wissous-91-181218-01-1024x768.jpg 1024w, https:\/\/www.groupeidec.com\/wp-content\/uploads\/2018\/12\/photo-col-samada-wissous-91-181218-01-300x225.jpg 300w, https:\/\/www.groupeidec.com\/wp-content\/uploads\/2018\/12\/photo-col-samada-wissous-91-181218-01-768x576.jpg 768w, https:\/\/www.groupeidec.com\/wp-content\/uploads\/2018\/12\/photo-col-samada-wissous-91-181218-01-560x420.jpg 560w, https:\/\/www.groupeidec.com\/wp-content\/uploads\/2018\/12\/photo-col-samada-wissous-91-181218-01-900x675.jpg 900w, https:\/\/www.groupeidec.com\/wp-content\/uploads\/2018\/12\/photo-col-samada-wissous-91-181218-01.jpg 1540w\" sizes=\"auto, (max-width: 1024px) 100vw, 1024px\" \/>\t\t\t\t\t\t\t\t\t\t\t\t\t\t\t\t\t\t\t\t<figcaption class=\"grve-content grve-align-center\">\r\n\t\t\t\t\t\t\t\t\t\t\t\t\t\t\t\t\t\t\t\t\t\t\t\t\t\t\t\t\t\t\t\t\t<h6 class=\"grve-title grve-text-white grve-h5\">Samada \/ Monoprix Group<\/h6>\r\n\t\t\t\t\t\t\t\t\t\t\t\t\t\t\t\t\t\t\t\t\t\t\t\t\t\t\t\t\t\t\t\t\t\t\t\t\t\t\t\t\t\t\t\t\t\t\t\t\t\t\t\t\t\t\t\t\t\t\t\t\t\t\t\t\t<\/figcaption>\r\n\t\t\t\t\t\t\t\t\t\t\t\t\t\t\t\t\t\t\t<\/figure>\r\n\t\t\t\t\t\t\t\t\t\t\t\t\t<\/div>\r\n\t\t\t\t\t<\/article>\r\n\t\t\t\t\t<article id=\"portfolio-315850-69f2932d6fea1\" class=\"grve-isotope-item grve-portfolio-item grve-image-square post-315850 portfolio type-portfolio status-publish has-post-thumbnail hentry portfolio_category-industria-agroalimentaria reference-pays-indonsie\">\r\n\t\t\t\t\t\t<div class=\"grve-isotope-item-inner grve-hover-item grve-zoom-in grve-hover-style-6\">\t\t\t\t\t\t\t\t\t<figure class=\"grve-image-hover grve-media grve-zoom-out grve-grayscale-image-hover\">\r\n\t\t\t\t\t\t\t\t\t\t<a class=\"grve-item-url\" aria-label=\"UNILEVER SAVOURY\" href=\"https:\/\/www.groupeidec.com\/es\/references\/unilever-savoury\/\"><\/a>\t\t\t\t\t\t\t\t\t\t\t\t\t\t\t\t\t\t\t\t\t<div class=\"grve-gradient-overlay\"><\/div>\r\n\t\t\t\t\t\t\t\t\t\t\t\t\t\t\t\t\t\t\t\t<img loading=\"lazy\" decoding=\"async\" width=\"1024\" height=\"631\" src=\"https:\/\/www.groupeidec.com\/wp-content\/uploads\/2019\/05\/photo-grid-international-unilever-savory-indonesie-190125-1024x631.png\" class=\"attachment-large size-large\" alt=\"\" srcset=\"https:\/\/www.groupeidec.com\/wp-content\/uploads\/2019\/05\/photo-grid-international-unilever-savory-indonesie-190125-1024x631.png 1024w, https:\/\/www.groupeidec.com\/wp-content\/uploads\/2019\/05\/photo-grid-international-unilever-savory-indonesie-190125-300x185.png 300w, https:\/\/www.groupeidec.com\/wp-content\/uploads\/2019\/05\/photo-grid-international-unilever-savory-indonesie-190125-768x473.png 768w, https:\/\/www.groupeidec.com\/wp-content\/uploads\/2019\/05\/photo-grid-international-unilever-savory-indonesie-190125.png 1221w\" sizes=\"auto, (max-width: 1024px) 100vw, 1024px\" \/>\t\t\t\t\t\t\t\t\t\t\t\t\t\t\t\t\t\t\t\t<figcaption class=\"grve-content grve-align-center\">\r\n\t\t\t\t\t\t\t\t\t\t\t\t\t\t\t\t\t\t\t\t\t\t\t\t\t\t\t\t\t\t\t\t\t<h6 class=\"grve-title grve-text-white grve-h5\">UNILEVER SAVOURY<\/h6>\r\n\t\t\t\t\t\t\t\t\t\t\t\t\t\t\t\t\t\t\t\t\t\t\t\t\t\t\t\t\t\t\t\t\t\t\t\t\t\t\t\t\t\t\t\t\t\t\t\t\t\t\t\t\t\t\t\t\t\t\t\t\t\t\t\t\t<\/figcaption>\r\n\t\t\t\t\t\t\t\t\t\t\t\t\t\t\t\t\t\t\t<\/figure>\r\n\t\t\t\t\t\t\t\t\t\t\t\t\t<\/div>\r\n\t\t\t\t\t<\/article>\r\n\t\t\t\t\t<article id=\"portfolio-315780-69f2932d70232\" class=\"grve-isotope-item grve-portfolio-item grve-image-square post-315780 portfolio type-portfolio status-publish has-post-thumbnail hentry portfolio_category-promocion reference-pays-france\">\r\n\t\t\t\t\t\t<div class=\"grve-isotope-item-inner grve-hover-item grve-zoom-in grve-hover-style-6\">\t\t\t\t\t\t\t\t\t<figure class=\"grve-image-hover grve-media grve-zoom-out grve-grayscale-image-hover\">\r\n\t\t\t\t\t\t\t\t\t\t<a class=\"grve-item-url\" aria-label=\"Parc Terre Sologne\" href=\"https:\/\/www.groupeidec.com\/es\/references\/parc-terre-sologne\/\"><\/a>\t\t\t\t\t\t\t\t\t\t\t\t\t\t\t\t\t\t\t\t\t<div class=\"grve-gradient-overlay\"><\/div>\r\n\t\t\t\t\t\t\t\t\t\t\t\t\t\t\t\t\t\t\t\t<img loading=\"lazy\" decoding=\"async\" width=\"1024\" height=\"513\" src=\"https:\/\/www.groupeidec.com\/wp-content\/uploads\/2020\/06\/lamotte_beuvron-1024x513.jpg\" class=\"attachment-large size-large\" alt=\"\" srcset=\"https:\/\/www.groupeidec.com\/wp-content\/uploads\/2020\/06\/lamotte_beuvron-1024x513.jpg 1024w, https:\/\/www.groupeidec.com\/wp-content\/uploads\/2020\/06\/lamotte_beuvron-300x150.jpg 300w, https:\/\/www.groupeidec.com\/wp-content\/uploads\/2020\/06\/lamotte_beuvron-768x384.jpg 768w, https:\/\/www.groupeidec.com\/wp-content\/uploads\/2020\/06\/lamotte_beuvron-1536x769.jpg 1536w, https:\/\/www.groupeidec.com\/wp-content\/uploads\/2020\/06\/lamotte_beuvron-1920x962.jpg 1920w, https:\/\/www.groupeidec.com\/wp-content\/uploads\/2020\/06\/lamotte_beuvron.jpg 1540w\" sizes=\"auto, (max-width: 1024px) 100vw, 1024px\" \/>\t\t\t\t\t\t\t\t\t\t\t\t\t\t\t\t\t\t\t\t<figcaption class=\"grve-content grve-align-center\">\r\n\t\t\t\t\t\t\t\t\t\t\t\t\t\t\t\t\t\t\t\t\t\t\t\t\t\t\t\t\t\t\t\t\t<h6 class=\"grve-title grve-text-white grve-h5\">Parc Terre Sologne<\/h6>\r\n\t\t\t\t\t\t\t\t\t\t\t\t\t\t\t\t\t\t\t\t\t\t\t\t\t\t\t\t\t\t\t\t\t\t\t\t\t\t\t\t\t\t\t\t\t\t\t\t\t\t\t\t\t\t\t\t\t\t\t\t\t\t\t\t\t<\/figcaption>\r\n\t\t\t\t\t\t\t\t\t\t\t\t\t\t\t\t\t\t\t<\/figure>\r\n\t\t\t\t\t\t\t\t\t\t\t\t\t<\/div>\r\n\t\t\t\t\t<\/article>\r\n\t\t\t\t\t<article id=\"portfolio-315811-69f2932d705c9\" class=\"grve-isotope-item grve-portfolio-item grve-image-square post-315811 portfolio type-portfolio status-publish has-post-thumbnail hentry portfolio_category-industria-farmaceutica portfolio_category-industria-farmaceutica-sanitaria-y-cosmetica portfolio_category-sanitaria-y-cosmetica\">\r\n\t\t\t\t\t\t<div class=\"grve-isotope-item-inner grve-hover-item grve-zoom-in grve-hover-style-6\">\t\t\t\t\t\t\t\t\t<figure class=\"grve-image-hover grve-media grve-zoom-out grve-grayscale-image-hover\">\r\n\t\t\t\t\t\t\t\t\t\t<a class=\"grve-item-url\" aria-label=\"Innothera\" href=\"https:\/\/www.groupeidec.com\/es\/references\/innothera\/\"><\/a>\t\t\t\t\t\t\t\t\t\t\t\t\t\t\t\t\t\t\t\t\t<div class=\"grve-gradient-overlay\"><\/div>\r\n\t\t\t\t\t\t\t\t\t\t\t\t\t\t\t\t\t\t\t\t<img loading=\"lazy\" decoding=\"async\" width=\"1024\" height=\"626\" src=\"https:\/\/www.groupeidec.com\/wp-content\/uploads\/2018\/10\/photo-col-innothera-chouzy-sur-cisse-1707-03-1024x626.jpg\" class=\"attachment-large size-large\" alt=\"\" srcset=\"https:\/\/www.groupeidec.com\/wp-content\/uploads\/2018\/10\/photo-col-innothera-chouzy-sur-cisse-1707-03-1024x626.jpg 1024w, https:\/\/www.groupeidec.com\/wp-content\/uploads\/2018\/10\/photo-col-innothera-chouzy-sur-cisse-1707-03-300x184.jpg 300w, https:\/\/www.groupeidec.com\/wp-content\/uploads\/2018\/10\/photo-col-innothera-chouzy-sur-cisse-1707-03-768x470.jpg 768w, https:\/\/www.groupeidec.com\/wp-content\/uploads\/2018\/10\/photo-col-innothera-chouzy-sur-cisse-1707-03.jpg 1540w\" sizes=\"auto, (max-width: 1024px) 100vw, 1024px\" \/>\t\t\t\t\t\t\t\t\t\t\t\t\t\t\t\t\t\t\t\t<figcaption class=\"grve-content grve-align-center\">\r\n\t\t\t\t\t\t\t\t\t\t\t\t\t\t\t\t\t\t\t\t\t\t\t\t\t\t\t\t\t\t\t\t\t<h6 class=\"grve-title grve-text-white grve-h5\">Innothera<\/h6>\r\n\t\t\t\t\t\t\t\t\t\t\t\t\t\t\t\t\t\t\t\t\t\t\t\t\t\t\t\t\t\t\t\t\t\t\t\t\t\t\t\t\t\t\t\t\t\t\t\t\t\t\t\t\t\t\t\t\t\t\t\t\t\t\t\t\t<\/figcaption>\r\n\t\t\t\t\t\t\t\t\t\t\t\t\t\t\t\t\t\t\t<\/figure>\r\n\t\t\t\t\t\t\t\t\t\t\t\t\t<\/div>\r\n\t\t\t\t\t<\/article>\r\n\t\t\t\t\t<article id=\"portfolio-315872-69f2932d70949\" class=\"grve-isotope-item grve-portfolio-item grve-image-square post-315872 portfolio type-portfolio status-publish has-post-thumbnail hentry portfolio_category-residencial reference-pays-kazakhstan\">\r\n\t\t\t\t\t\t<div class=\"grve-isotope-item-inner grve-hover-item grve-zoom-in grve-hover-style-6\">\t\t\t\t\t\t\t\t\t<figure class=\"grve-image-hover grve-media grve-zoom-out grve-grayscale-image-hover\">\r\n\t\t\t\t\t\t\t\t\t\t<a class=\"grve-item-url\" aria-label=\"BURABAY VILLAS\" href=\"https:\/\/www.groupeidec.com\/es\/references\/burabay-villas\/\"><\/a>\t\t\t\t\t\t\t\t\t\t\t\t\t\t\t\t\t\t\t\t\t<div class=\"grve-gradient-overlay\"><\/div>\r\n\t\t\t\t\t\t\t\t\t\t\t\t\t\t\t\t\t\t\t\t<img loading=\"lazy\" decoding=\"async\" width=\"1024\" height=\"603\" src=\"https:\/\/www.groupeidec.com\/wp-content\/uploads\/2019\/05\/photo-grid-international-burabay-villas-kazakhstan-190125-1024x603.jpg\" class=\"attachment-large size-large\" alt=\"\" srcset=\"https:\/\/www.groupeidec.com\/wp-content\/uploads\/2019\/05\/photo-grid-international-burabay-villas-kazakhstan-190125-1024x603.jpg 1024w, https:\/\/www.groupeidec.com\/wp-content\/uploads\/2019\/05\/photo-grid-international-burabay-villas-kazakhstan-190125-300x177.jpg 300w, https:\/\/www.groupeidec.com\/wp-content\/uploads\/2019\/05\/photo-grid-international-burabay-villas-kazakhstan-190125-768x452.jpg 768w, https:\/\/www.groupeidec.com\/wp-content\/uploads\/2019\/05\/photo-grid-international-burabay-villas-kazakhstan-190125.jpg 1540w\" sizes=\"auto, (max-width: 1024px) 100vw, 1024px\" \/>\t\t\t\t\t\t\t\t\t\t\t\t\t\t\t\t\t\t\t\t<figcaption class=\"grve-content grve-align-center\">\r\n\t\t\t\t\t\t\t\t\t\t\t\t\t\t\t\t\t\t\t\t\t\t\t\t\t\t\t\t\t\t\t\t\t<h6 class=\"grve-title grve-text-white grve-h5\">BURABAY VILLAS<\/h6>\r\n\t\t\t\t\t\t\t\t\t\t\t\t\t\t\t\t\t\t\t\t\t\t\t\t\t\t\t\t\t\t\t\t\t\t\t\t\t\t\t\t\t\t\t\t\t\t\t\t\t\t\t\t\t\t\t\t\t\t\t\t\t\t\t\t\t<\/figcaption>\r\n\t\t\t\t\t\t\t\t\t\t\t\t\t\t\t\t\t\t\t<\/figure>\r\n\t\t\t\t\t\t\t\t\t\t\t\t\t<\/div>\r\n\t\t\t\t\t<\/article>\r\n\t\t\t\t\t<article id=\"portfolio-315824-69f2932d70ce9\" class=\"grve-isotope-item grve-portfolio-item grve-image-square post-315824 portfolio type-portfolio status-publish has-post-thumbnail hentry portfolio_category-logistica\">\r\n\t\t\t\t\t\t<div class=\"grve-isotope-item-inner grve-hover-item grve-zoom-in grve-hover-style-6\">\t\t\t\t\t\t\t\t\t<figure class=\"grve-image-hover grve-media grve-zoom-out grve-grayscale-image-hover\">\r\n\t\t\t\t\t\t\t\t\t\t<a class=\"grve-item-url\" aria-label=\"CULTURA &#8211; PROLOGIS\" href=\"https:\/\/www.groupeidec.com\/es\/references\/cultura-prologis\/\"><\/a>\t\t\t\t\t\t\t\t\t\t\t\t\t\t\t\t\t\t\t\t\t<div class=\"grve-gradient-overlay\"><\/div>\r\n\t\t\t\t\t\t\t\t\t\t\t\t\t\t\t\t\t\t\t\t<img loading=\"lazy\" decoding=\"async\" width=\"1024\" height=\"768\" src=\"https:\/\/www.groupeidec.com\/wp-content\/uploads\/2018\/12\/photo-col-prologis-moissy-cramayel-77-181218-01-1024x768.jpg\" class=\"attachment-large size-large\" alt=\"\" srcset=\"https:\/\/www.groupeidec.com\/wp-content\/uploads\/2018\/12\/photo-col-prologis-moissy-cramayel-77-181218-01-1024x768.jpg 1024w, https:\/\/www.groupeidec.com\/wp-content\/uploads\/2018\/12\/photo-col-prologis-moissy-cramayel-77-181218-01-300x225.jpg 300w, https:\/\/www.groupeidec.com\/wp-content\/uploads\/2018\/12\/photo-col-prologis-moissy-cramayel-77-181218-01-768x576.jpg 768w, https:\/\/www.groupeidec.com\/wp-content\/uploads\/2018\/12\/photo-col-prologis-moissy-cramayel-77-181218-01-560x420.jpg 560w, https:\/\/www.groupeidec.com\/wp-content\/uploads\/2018\/12\/photo-col-prologis-moissy-cramayel-77-181218-01-900x675.jpg 900w, https:\/\/www.groupeidec.com\/wp-content\/uploads\/2018\/12\/photo-col-prologis-moissy-cramayel-77-181218-01.jpg 1540w\" sizes=\"auto, (max-width: 1024px) 100vw, 1024px\" \/>\t\t\t\t\t\t\t\t\t\t\t\t\t\t\t\t\t\t\t\t<figcaption class=\"grve-content grve-align-center\">\r\n\t\t\t\t\t\t\t\t\t\t\t\t\t\t\t\t\t\t\t\t\t\t\t\t\t\t\t\t\t\t\t\t\t<h6 class=\"grve-title grve-text-white grve-h5\">CULTURA &#8211; PROLOGIS<\/h6>\r\n\t\t\t\t\t\t\t\t\t\t\t\t\t\t\t\t\t\t\t\t\t\t\t\t\t\t\t\t\t\t\t\t\t\t\t\t\t\t\t\t\t\t\t\t\t\t\t\t\t\t\t\t\t\t\t\t\t\t\t\t\t\t\t\t\t<\/figcaption>\r\n\t\t\t\t\t\t\t\t\t\t\t\t\t\t\t\t\t\t\t<\/figure>\r\n\t\t\t\t\t\t\t\t\t\t\t\t\t<\/div>\r\n\t\t\t\t\t<\/article>\r\n\t\t\t\t\t<article id=\"portfolio-315870-69f2932d71071\" class=\"grve-isotope-item grve-portfolio-item grve-image-square post-315870 portfolio type-portfolio status-publish has-post-thumbnail hentry portfolio_category-oficinas reference-pays-myanmar\">\r\n\t\t\t\t\t\t<div class=\"grve-isotope-item-inner grve-hover-item grve-zoom-in grve-hover-style-6\">\t\t\t\t\t\t\t\t\t<figure class=\"grve-image-hover grve-media grve-zoom-out grve-grayscale-image-hover\">\r\n\t\t\t\t\t\t\t\t\t\t<a class=\"grve-item-url\" aria-label=\"YOMA CENTRAL\" href=\"https:\/\/www.groupeidec.com\/es\/references\/yoma-central\/\"><\/a>\t\t\t\t\t\t\t\t\t\t\t\t\t\t\t\t\t\t\t\t\t<div class=\"grve-gradient-overlay\"><\/div>\r\n\t\t\t\t\t\t\t\t\t\t\t\t\t\t\t\t\t\t\t\t<img loading=\"lazy\" decoding=\"async\" width=\"1024\" height=\"768\" src=\"https:\/\/www.groupeidec.com\/wp-content\/uploads\/2019\/05\/photo-grid-international-yoma-central-birmanie-190125-1024x768.jpg\" class=\"attachment-large size-large\" alt=\"\" srcset=\"https:\/\/www.groupeidec.com\/wp-content\/uploads\/2019\/05\/photo-grid-international-yoma-central-birmanie-190125-1024x768.jpg 1024w, https:\/\/www.groupeidec.com\/wp-content\/uploads\/2019\/05\/photo-grid-international-yoma-central-birmanie-190125-300x225.jpg 300w, https:\/\/www.groupeidec.com\/wp-content\/uploads\/2019\/05\/photo-grid-international-yoma-central-birmanie-190125-768x576.jpg 768w, https:\/\/www.groupeidec.com\/wp-content\/uploads\/2019\/05\/photo-grid-international-yoma-central-birmanie-190125-560x420.jpg 560w, https:\/\/www.groupeidec.com\/wp-content\/uploads\/2019\/05\/photo-grid-international-yoma-central-birmanie-190125-900x675.jpg 900w, https:\/\/www.groupeidec.com\/wp-content\/uploads\/2019\/05\/photo-grid-international-yoma-central-birmanie-190125.jpg 1344w\" sizes=\"auto, (max-width: 1024px) 100vw, 1024px\" \/>\t\t\t\t\t\t\t\t\t\t\t\t\t\t\t\t\t\t\t\t<figcaption class=\"grve-content grve-align-center\">\r\n\t\t\t\t\t\t\t\t\t\t\t\t\t\t\t\t\t\t\t\t\t\t\t\t\t\t\t\t\t\t\t\t\t<h6 class=\"grve-title grve-text-white grve-h5\">YOMA CENTRAL<\/h6>\r\n\t\t\t\t\t\t\t\t\t\t\t\t\t\t\t\t\t\t\t\t\t\t\t\t\t\t\t\t\t\t\t\t\t\t\t\t\t\t\t\t\t\t\t\t\t\t\t\t\t\t\t\t\t\t\t\t\t\t\t\t\t\t\t\t\t<\/figcaption>\r\n\t\t\t\t\t\t\t\t\t\t\t\t\t\t\t\t\t\t\t<\/figure>\r\n\t\t\t\t\t\t\t\t\t\t\t\t\t<\/div>\r\n\t\t\t\t\t<\/article>\r\n\t\t\t\t\t<article id=\"portfolio-315795-69f2932d71410\" class=\"grve-isotope-item grve-portfolio-item grve-image-square post-315795 portfolio type-portfolio status-publish has-post-thumbnail hentry portfolio_category-oficinas\">\r\n\t\t\t\t\t\t<div class=\"grve-isotope-item-inner grve-hover-item grve-zoom-in grve-hover-style-6\">\t\t\t\t\t\t\t\t\t<figure class=\"grve-image-hover grve-media grve-zoom-out grve-grayscale-image-hover\">\r\n\t\t\t\t\t\t\t\t\t\t<a class=\"grve-item-url\" aria-label=\"Sequabat &#8211; A\u00e9roplane\" href=\"https:\/\/www.groupeidec.com\/es\/references\/sequabat-laeroplane\/\"><\/a>\t\t\t\t\t\t\t\t\t\t\t\t\t\t\t\t\t\t\t\t\t<div class=\"grve-gradient-overlay\"><\/div>\r\n\t\t\t\t\t\t\t\t\t\t\t\t\t\t\t\t\t\t\t\t<img loading=\"lazy\" decoding=\"async\" width=\"1024\" height=\"703\" src=\"https:\/\/www.groupeidec.com\/wp-content\/uploads\/2018\/12\/Photo-aeroplane-Perols-92_0-1024x703.jpg\" class=\"attachment-large size-large\" alt=\"\" srcset=\"https:\/\/www.groupeidec.com\/wp-content\/uploads\/2018\/12\/Photo-aeroplane-Perols-92_0-1024x703.jpg 1024w, https:\/\/www.groupeidec.com\/wp-content\/uploads\/2018\/12\/Photo-aeroplane-Perols-92_0-300x206.jpg 300w, https:\/\/www.groupeidec.com\/wp-content\/uploads\/2018\/12\/Photo-aeroplane-Perols-92_0-768x527.jpg 768w, https:\/\/www.groupeidec.com\/wp-content\/uploads\/2018\/12\/Photo-aeroplane-Perols-92_0.jpg 1540w\" sizes=\"auto, (max-width: 1024px) 100vw, 1024px\" \/>\t\t\t\t\t\t\t\t\t\t\t\t\t\t\t\t\t\t\t\t<figcaption class=\"grve-content grve-align-center\">\r\n\t\t\t\t\t\t\t\t\t\t\t\t\t\t\t\t\t\t\t\t\t\t\t\t\t\t\t\t\t\t\t\t\t<h6 class=\"grve-title grve-text-white grve-h5\">Sequabat &#8211; A\u00e9roplane<\/h6>\r\n\t\t\t\t\t\t\t\t\t\t\t\t\t\t\t\t\t\t\t\t\t\t\t\t\t\t\t\t\t\t\t\t\t\t\t\t\t\t\t\t\t\t\t\t\t\t\t\t\t\t\t\t\t\t\t\t\t\t\t\t\t\t\t\t\t<\/figcaption>\r\n\t\t\t\t\t\t\t\t\t\t\t\t\t\t\t\t\t\t\t<\/figure>\r\n\t\t\t\t\t\t\t\t\t\t\t\t\t<\/div>\r\n\t\t\t\t\t<\/article>\r\n\t\t\t\t\t<article id=\"portfolio-315844-69f2932d717ab\" class=\"grve-isotope-item grve-portfolio-item grve-image-square post-315844 portfolio type-portfolio status-publish has-post-thumbnail hentry portfolio_category-planificacion reference-pays-france\">\r\n\t\t\t\t\t\t<div class=\"grve-isotope-item-inner grve-hover-item grve-zoom-in grve-hover-style-6\">\t\t\t\t\t\t\t\t\t<figure class=\"grve-image-hover grve-media grve-zoom-out grve-grayscale-image-hover\">\r\n\t\t\t\t\t\t\t\t\t\t<a class=\"grve-item-url\" aria-label=\"Ablis Nord II\" href=\"https:\/\/www.groupeidec.com\/es\/references\/ablis-nord-ii\/\"><\/a>\t\t\t\t\t\t\t\t\t\t\t\t\t\t\t\t\t\t\t\t\t<div class=\"grve-gradient-overlay\"><\/div>\r\n\t\t\t\t\t\t\t\t\t\t\t\t\t\t\t\t\t\t\t\t<img loading=\"lazy\" decoding=\"async\" width=\"1024\" height=\"512\" src=\"https:\/\/www.groupeidec.com\/wp-content\/uploads\/2019\/05\/y-sbl_ablis_b_pc6-1b_1-1024x512.jpg\" class=\"attachment-large size-large\" alt=\"\" srcset=\"https:\/\/www.groupeidec.com\/wp-content\/uploads\/2019\/05\/y-sbl_ablis_b_pc6-1b_1-1024x512.jpg 1024w, https:\/\/www.groupeidec.com\/wp-content\/uploads\/2019\/05\/y-sbl_ablis_b_pc6-1b_1-300x150.jpg 300w, https:\/\/www.groupeidec.com\/wp-content\/uploads\/2019\/05\/y-sbl_ablis_b_pc6-1b_1-768x384.jpg 768w, https:\/\/www.groupeidec.com\/wp-content\/uploads\/2019\/05\/y-sbl_ablis_b_pc6-1b_1.jpg 1540w\" sizes=\"auto, (max-width: 1024px) 100vw, 1024px\" \/>\t\t\t\t\t\t\t\t\t\t\t\t\t\t\t\t\t\t\t\t<figcaption class=\"grve-content grve-align-center\">\r\n\t\t\t\t\t\t\t\t\t\t\t\t\t\t\t\t\t\t\t\t\t\t\t\t\t\t\t\t\t\t\t\t\t<h6 class=\"grve-title grve-text-white grve-h5\">Ablis Nord II<\/h6>\r\n\t\t\t\t\t\t\t\t\t\t\t\t\t\t\t\t\t\t\t\t\t\t\t\t\t\t\t\t\t\t\t\t\t\t\t\t\t\t\t\t\t\t\t\t\t\t\t\t\t\t\t\t\t\t\t\t\t\t\t\t\t\t\t\t\t<\/figcaption>\r\n\t\t\t\t\t\t\t\t\t\t\t\t\t\t\t\t\t\t\t<\/figure>\r\n\t\t\t\t\t\t\t\t\t\t\t\t\t<\/div>\r\n\t\t\t\t\t<\/article>\r\n\t\t\t\t\t<article id=\"portfolio-315776-69f2932d71b34\" class=\"grve-isotope-item grve-portfolio-item grve-image-square post-315776 portfolio type-portfolio status-publish has-post-thumbnail hentry portfolio_category-promocion reference-pays-france\">\r\n\t\t\t\t\t\t<div class=\"grve-isotope-item-inner grve-hover-item grve-zoom-in grve-hover-style-6\">\t\t\t\t\t\t\t\t\t<figure class=\"grve-image-hover grve-media grve-zoom-out grve-grayscale-image-hover\">\r\n\t\t\t\t\t\t\t\t\t\t<a class=\"grve-item-url\" aria-label=\"Lidl\" href=\"https:\/\/www.groupeidec.com\/es\/references\/lidl-2\/\"><\/a>\t\t\t\t\t\t\t\t\t\t\t\t\t\t\t\t\t\t\t\t\t<div class=\"grve-gradient-overlay\"><\/div>\r\n\t\t\t\t\t\t\t\t\t\t\t\t\t\t\t\t\t\t\t\t<img loading=\"lazy\" decoding=\"async\" width=\"1024\" height=\"768\" src=\"https:\/\/www.groupeidec.com\/wp-content\/uploads\/2019\/05\/PHOTO-COL-LIDL-CHOISY-LE-ROI-170313-01-1024x768.jpg\" class=\"attachment-large size-large\" alt=\"\" srcset=\"https:\/\/www.groupeidec.com\/wp-content\/uploads\/2019\/05\/PHOTO-COL-LIDL-CHOISY-LE-ROI-170313-01-1024x768.jpg 1024w, https:\/\/www.groupeidec.com\/wp-content\/uploads\/2019\/05\/PHOTO-COL-LIDL-CHOISY-LE-ROI-170313-01-300x225.jpg 300w, https:\/\/www.groupeidec.com\/wp-content\/uploads\/2019\/05\/PHOTO-COL-LIDL-CHOISY-LE-ROI-170313-01-768x576.jpg 768w, https:\/\/www.groupeidec.com\/wp-content\/uploads\/2019\/05\/PHOTO-COL-LIDL-CHOISY-LE-ROI-170313-01-560x420.jpg 560w, https:\/\/www.groupeidec.com\/wp-content\/uploads\/2019\/05\/PHOTO-COL-LIDL-CHOISY-LE-ROI-170313-01-900x675.jpg 900w, https:\/\/www.groupeidec.com\/wp-content\/uploads\/2019\/05\/PHOTO-COL-LIDL-CHOISY-LE-ROI-170313-01.jpg 1540w\" sizes=\"auto, (max-width: 1024px) 100vw, 1024px\" \/>\t\t\t\t\t\t\t\t\t\t\t\t\t\t\t\t\t\t\t\t<figcaption class=\"grve-content grve-align-center\">\r\n\t\t\t\t\t\t\t\t\t\t\t\t\t\t\t\t\t\t\t\t\t\t\t\t\t\t\t\t\t\t\t\t\t<h6 class=\"grve-title grve-text-white grve-h5\">Lidl<\/h6>\r\n\t\t\t\t\t\t\t\t\t\t\t\t\t\t\t\t\t\t\t\t\t\t\t\t\t\t\t\t\t\t\t\t\t\t\t\t\t\t\t\t\t\t\t\t\t\t\t\t\t\t\t\t\t\t\t\t\t\t\t\t\t\t\t\t\t<\/figcaption>\r\n\t\t\t\t\t\t\t\t\t\t\t\t\t\t\t\t\t\t\t<\/figure>\r\n\t\t\t\t\t\t\t\t\t\t\t\t\t<\/div>\r\n\t\t\t\t\t<\/article>\r\n\t\t\t\t\t<article id=\"portfolio-315839-69f2932d71eca\" class=\"grve-isotope-item grve-portfolio-item grve-image-square post-315839 portfolio type-portfolio status-publish has-post-thumbnail hentry portfolio_category-industria-agroalimentaria reference-pays-france\">\r\n\t\t\t\t\t\t<div class=\"grve-isotope-item-inner grve-hover-item grve-zoom-in grve-hover-style-6\">\t\t\t\t\t\t\t\t\t<figure class=\"grve-image-hover grve-media grve-zoom-out grve-grayscale-image-hover\">\r\n\t\t\t\t\t\t\t\t\t\t<a class=\"grve-item-url\" aria-label=\"LESAGE &#038; FILS\" href=\"https:\/\/www.groupeidec.com\/es\/references\/lesage-fils\/\"><\/a>\t\t\t\t\t\t\t\t\t\t\t\t\t\t\t\t\t\t\t\t\t<div class=\"grve-gradient-overlay\"><\/div>\r\n\t\t\t\t\t\t\t\t\t\t\t\t\t\t\t\t\t\t\t\t<img loading=\"lazy\" decoding=\"async\" width=\"1024\" height=\"487\" src=\"https:\/\/www.groupeidec.com\/wp-content\/uploads\/2022\/02\/photo-col-lesage-chemy-59-01-1540-1024x487.jpg\" class=\"attachment-large size-large\" alt=\"\" srcset=\"https:\/\/www.groupeidec.com\/wp-content\/uploads\/2022\/02\/photo-col-lesage-chemy-59-01-1540-1024x487.jpg 1024w, https:\/\/www.groupeidec.com\/wp-content\/uploads\/2022\/02\/photo-col-lesage-chemy-59-01-1540-300x143.jpg 300w, https:\/\/www.groupeidec.com\/wp-content\/uploads\/2022\/02\/photo-col-lesage-chemy-59-01-1540-768x366.jpg 768w, https:\/\/www.groupeidec.com\/wp-content\/uploads\/2022\/02\/photo-col-lesage-chemy-59-01-1540-1536x731.jpg 1536w, https:\/\/www.groupeidec.com\/wp-content\/uploads\/2022\/02\/photo-col-lesage-chemy-59-01-1540.jpg 1540w\" sizes=\"auto, (max-width: 1024px) 100vw, 1024px\" \/>\t\t\t\t\t\t\t\t\t\t\t\t\t\t\t\t\t\t\t\t<figcaption class=\"grve-content grve-align-center\">\r\n\t\t\t\t\t\t\t\t\t\t\t\t\t\t\t\t\t\t\t\t\t\t\t\t\t\t\t\t\t\t\t\t\t<h6 class=\"grve-title grve-text-white grve-h5\">LESAGE &#038; FILS<\/h6>\r\n\t\t\t\t\t\t\t\t\t\t\t\t\t\t\t\t\t\t\t\t\t\t\t\t\t\t\t\t\t\t\t\t\t\t\t\t\t\t\t\t\t\t\t\t\t\t\t\t\t\t\t\t\t\t\t\t\t\t\t\t\t\t\t\t\t<\/figcaption>\r\n\t\t\t\t\t\t\t\t\t\t\t\t\t\t\t\t\t\t\t<\/figure>\r\n\t\t\t\t\t\t\t\t\t\t\t\t\t<\/div>\r\n\t\t\t\t\t<\/article>\r\n\t\t\t\t\t<article id=\"portfolio-315818-69f2932d7226b\" class=\"grve-isotope-item grve-portfolio-item grve-image-square post-315818 portfolio type-portfolio status-publish has-post-thumbnail hentry portfolio_category-logistica reference-pays-france\">\r\n\t\t\t\t\t\t<div class=\"grve-isotope-item-inner grve-hover-item grve-zoom-in grve-hover-style-6\">\t\t\t\t\t\t\t\t\t<figure class=\"grve-image-hover grve-media grve-zoom-out grve-grayscale-image-hover\">\r\n\t\t\t\t\t\t\t\t\t\t<a class=\"grve-item-url\" aria-label=\"Transgourmet\" href=\"https:\/\/www.groupeidec.com\/es\/references\/transgourmet\/\"><\/a>\t\t\t\t\t\t\t\t\t\t\t\t\t\t\t\t\t\t\t\t\t<div class=\"grve-gradient-overlay\"><\/div>\r\n\t\t\t\t\t\t\t\t\t\t\t\t\t\t\t\t\t\t\t\t<img loading=\"lazy\" decoding=\"async\" width=\"1024\" height=\"768\" src=\"https:\/\/www.groupeidec.com\/wp-content\/uploads\/2019\/05\/photo-col-transgourmet-saint-loubes-33-181218-01-1024x768.jpg\" class=\"attachment-large size-large\" alt=\"\" srcset=\"https:\/\/www.groupeidec.com\/wp-content\/uploads\/2019\/05\/photo-col-transgourmet-saint-loubes-33-181218-01-1024x768.jpg 1024w, https:\/\/www.groupeidec.com\/wp-content\/uploads\/2019\/05\/photo-col-transgourmet-saint-loubes-33-181218-01-300x225.jpg 300w, https:\/\/www.groupeidec.com\/wp-content\/uploads\/2019\/05\/photo-col-transgourmet-saint-loubes-33-181218-01-768x576.jpg 768w, https:\/\/www.groupeidec.com\/wp-content\/uploads\/2019\/05\/photo-col-transgourmet-saint-loubes-33-181218-01-560x420.jpg 560w, https:\/\/www.groupeidec.com\/wp-content\/uploads\/2019\/05\/photo-col-transgourmet-saint-loubes-33-181218-01-900x675.jpg 900w, https:\/\/www.groupeidec.com\/wp-content\/uploads\/2019\/05\/photo-col-transgourmet-saint-loubes-33-181218-01.jpg 1540w\" sizes=\"auto, (max-width: 1024px) 100vw, 1024px\" \/>\t\t\t\t\t\t\t\t\t\t\t\t\t\t\t\t\t\t\t\t<figcaption class=\"grve-content grve-align-center\">\r\n\t\t\t\t\t\t\t\t\t\t\t\t\t\t\t\t\t\t\t\t\t\t\t\t\t\t\t\t\t\t\t\t\t<h6 class=\"grve-title grve-text-white grve-h5\">Transgourmet<\/h6>\r\n\t\t\t\t\t\t\t\t\t\t\t\t\t\t\t\t\t\t\t\t\t\t\t\t\t\t\t\t\t\t\t\t\t\t\t\t\t\t\t\t\t\t\t\t\t\t\t\t\t\t\t\t\t\t\t\t\t\t\t\t\t\t\t\t\t<\/figcaption>\r\n\t\t\t\t\t\t\t\t\t\t\t\t\t\t\t\t\t\t\t<\/figure>\r\n\t\t\t\t\t\t\t\t\t\t\t\t\t<\/div>\r\n\t\t\t\t\t<\/article>\r\n\t\t\t\t\t<article id=\"portfolio-315784-69f2932d725f7\" class=\"grve-isotope-item grve-portfolio-item grve-image-square post-315784 portfolio type-portfolio status-publish has-post-thumbnail hentry portfolio_category-activites-es portfolio_category-oficinas reference-pays-france\">\r\n\t\t\t\t\t\t<div class=\"grve-isotope-item-inner grve-hover-item grve-zoom-in grve-hover-style-6\">\t\t\t\t\t\t\t\t\t<figure class=\"grve-image-hover grve-media grve-zoom-out grve-grayscale-image-hover\">\r\n\t\t\t\t\t\t\t\t\t\t<a class=\"grve-item-url\" aria-label=\"Overlap\" href=\"https:\/\/www.groupeidec.com\/es\/references\/overlap\/\"><\/a>\t\t\t\t\t\t\t\t\t\t\t\t\t\t\t\t\t\t\t\t\t<div class=\"grve-gradient-overlay\"><\/div>\r\n\t\t\t\t\t\t\t\t\t\t\t\t\t\t\t\t\t\t\t\t<img loading=\"lazy\" decoding=\"async\" width=\"1024\" height=\"686\" src=\"https:\/\/www.groupeidec.com\/wp-content\/uploads\/2019\/05\/Photo-Iverlap-Courbevois-200802-07-1024x686.jpg\" class=\"attachment-large size-large\" alt=\"\" srcset=\"https:\/\/www.groupeidec.com\/wp-content\/uploads\/2019\/05\/Photo-Iverlap-Courbevois-200802-07-1024x686.jpg 1024w, https:\/\/www.groupeidec.com\/wp-content\/uploads\/2019\/05\/Photo-Iverlap-Courbevois-200802-07-300x201.jpg 300w, https:\/\/www.groupeidec.com\/wp-content\/uploads\/2019\/05\/Photo-Iverlap-Courbevois-200802-07-768x514.jpg 768w, https:\/\/www.groupeidec.com\/wp-content\/uploads\/2019\/05\/Photo-Iverlap-Courbevois-200802-07.jpg 1540w\" sizes=\"auto, (max-width: 1024px) 100vw, 1024px\" \/>\t\t\t\t\t\t\t\t\t\t\t\t\t\t\t\t\t\t\t\t<figcaption class=\"grve-content grve-align-center\">\r\n\t\t\t\t\t\t\t\t\t\t\t\t\t\t\t\t\t\t\t\t\t\t\t\t\t\t\t\t\t\t\t\t\t<h6 class=\"grve-title grve-text-white grve-h5\">Overlap<\/h6>\r\n\t\t\t\t\t\t\t\t\t\t\t\t\t\t\t\t\t\t\t\t\t\t\t\t\t\t\t\t\t\t\t\t\t\t\t\t\t\t\t\t\t\t\t\t\t\t\t\t\t\t\t\t\t\t\t\t\t\t\t\t\t\t\t\t\t<\/figcaption>\r\n\t\t\t\t\t\t\t\t\t\t\t\t\t\t\t\t\t\t\t<\/figure>\r\n\t\t\t\t\t\t\t\t\t\t\t\t\t<\/div>\r\n\t\t\t\t\t<\/article>\r\n\t\t\t\t\t<article id=\"portfolio-315798-69f2932d729a3\" class=\"grve-isotope-item grve-portfolio-item grve-image-square post-315798 portfolio type-portfolio status-publish has-post-thumbnail hentry portfolio_category-activites-es portfolio_category-comercios\">\r\n\t\t\t\t\t\t<div class=\"grve-isotope-item-inner grve-hover-item grve-zoom-in grve-hover-style-6\">\t\t\t\t\t\t\t\t\t<figure class=\"grve-image-hover grve-media grve-zoom-out grve-grayscale-image-hover\">\r\n\t\t\t\t\t\t\t\t\t\t<a class=\"grve-item-url\" aria-label=\"C2PH Ghezzi &#8211; Retail Park  4G\" href=\"https:\/\/www.groupeidec.com\/es\/references\/c2ph-ghezzi-retail-park-le-4g\/\"><\/a>\t\t\t\t\t\t\t\t\t\t\t\t\t\t\t\t\t\t\t\t\t<div class=\"grve-gradient-overlay\"><\/div>\r\n\t\t\t\t\t\t\t\t\t\t\t\t\t\t\t\t\t\t\t\t<img loading=\"lazy\" decoding=\"async\" width=\"1024\" height=\"683\" src=\"https:\/\/www.groupeidec.com\/wp-content\/uploads\/2018\/12\/photo-dro-retail-park-uzes-30-180503-28-1024x683.jpg\" class=\"attachment-large size-large\" alt=\"\" srcset=\"https:\/\/www.groupeidec.com\/wp-content\/uploads\/2018\/12\/photo-dro-retail-park-uzes-30-180503-28-1024x683.jpg 1024w, https:\/\/www.groupeidec.com\/wp-content\/uploads\/2018\/12\/photo-dro-retail-park-uzes-30-180503-28-300x200.jpg 300w, https:\/\/www.groupeidec.com\/wp-content\/uploads\/2018\/12\/photo-dro-retail-park-uzes-30-180503-28-768x512.jpg 768w, https:\/\/www.groupeidec.com\/wp-content\/uploads\/2018\/12\/photo-dro-retail-park-uzes-30-180503-28.jpg 1540w\" sizes=\"auto, (max-width: 1024px) 100vw, 1024px\" \/>\t\t\t\t\t\t\t\t\t\t\t\t\t\t\t\t\t\t\t\t<figcaption class=\"grve-content grve-align-center\">\r\n\t\t\t\t\t\t\t\t\t\t\t\t\t\t\t\t\t\t\t\t\t\t\t\t\t\t\t\t\t\t\t\t\t<h6 class=\"grve-title grve-text-white grve-h5\">C2PH Ghezzi &#8211; Retail Park  4G<\/h6>\r\n\t\t\t\t\t\t\t\t\t\t\t\t\t\t\t\t\t\t\t\t\t\t\t\t\t\t\t\t\t\t\t\t\t\t\t\t\t\t\t\t\t\t\t\t\t\t\t\t\t\t\t\t\t\t\t\t\t\t\t\t\t\t\t\t\t<\/figcaption>\r\n\t\t\t\t\t\t\t\t\t\t\t\t\t\t\t\t\t\t\t<\/figure>\r\n\t\t\t\t\t\t\t\t\t\t\t\t\t<\/div>\r\n\t\t\t\t\t<\/article>\r\n\t\t\t\t\t<article id=\"portfolio-315832-69f2932d72d39\" class=\"grve-isotope-item grve-portfolio-item grve-image-square post-315832 portfolio type-portfolio status-publish has-post-thumbnail hentry portfolio_category-oficinas reference-pays-france\">\r\n\t\t\t\t\t\t<div class=\"grve-isotope-item-inner grve-hover-item grve-zoom-in grve-hover-style-6\">\t\t\t\t\t\t\t\t\t<figure class=\"grve-image-hover grve-media grve-zoom-out grve-grayscale-image-hover\">\r\n\t\t\t\t\t\t\t\t\t\t<a class=\"grve-item-url\" aria-label=\"L&#8217;AMMONITE\" href=\"https:\/\/www.groupeidec.com\/es\/references\/lammonite\/\"><\/a>\t\t\t\t\t\t\t\t\t\t\t\t\t\t\t\t\t\t\t\t\t<div class=\"grve-gradient-overlay\"><\/div>\r\n\t\t\t\t\t\t\t\t\t\t\t\t\t\t\t\t\t\t\t\t<img loading=\"lazy\" decoding=\"async\" width=\"1024\" height=\"683\" src=\"https:\/\/www.groupeidec.com\/wp-content\/uploads\/2019\/11\/idec-mpt-191025-1599_0-1024x683.jpg\" class=\"attachment-large size-large\" alt=\"\" srcset=\"https:\/\/www.groupeidec.com\/wp-content\/uploads\/2019\/11\/idec-mpt-191025-1599_0-1024x683.jpg 1024w, https:\/\/www.groupeidec.com\/wp-content\/uploads\/2019\/11\/idec-mpt-191025-1599_0-300x200.jpg 300w, https:\/\/www.groupeidec.com\/wp-content\/uploads\/2019\/11\/idec-mpt-191025-1599_0-768x512.jpg 768w, https:\/\/www.groupeidec.com\/wp-content\/uploads\/2019\/11\/idec-mpt-191025-1599_0.jpg 1540w\" sizes=\"auto, (max-width: 1024px) 100vw, 1024px\" \/>\t\t\t\t\t\t\t\t\t\t\t\t\t\t\t\t\t\t\t\t<figcaption class=\"grve-content grve-align-center\">\r\n\t\t\t\t\t\t\t\t\t\t\t\t\t\t\t\t\t\t\t\t\t\t\t\t\t\t\t\t\t\t\t\t\t<h6 class=\"grve-title grve-text-white grve-h5\">L&#8217;AMMONITE<\/h6>\r\n\t\t\t\t\t\t\t\t\t\t\t\t\t\t\t\t\t\t\t\t\t\t\t\t\t\t\t\t\t\t\t\t\t\t\t\t\t\t\t\t\t\t\t\t\t\t\t\t\t\t\t\t\t\t\t\t\t\t\t\t\t\t\t\t\t<\/figcaption>\r\n\t\t\t\t\t\t\t\t\t\t\t\t\t\t\t\t\t\t\t<\/figure>\r\n\t\t\t\t\t\t\t\t\t\t\t\t\t<\/div>\r\n\t\t\t\t\t<\/article>\r\n\t\t\t\t\t<article id=\"portfolio-315792-69f2932d730c6\" class=\"grve-isotope-item grve-portfolio-item grve-image-square post-315792 portfolio type-portfolio status-publish has-post-thumbnail hentry portfolio_category-industria-farmaceutica-sanitaria-y-cosmetica portfolio_category-oficinas\">\r\n\t\t\t\t\t\t<div class=\"grve-isotope-item-inner grve-hover-item grve-zoom-in grve-hover-style-6\">\t\t\t\t\t\t\t\t\t<figure class=\"grve-image-hover grve-media grve-zoom-out grve-grayscale-image-hover\">\r\n\t\t\t\t\t\t\t\t\t\t<a class=\"grve-item-url\" aria-label=\"Synutra\" href=\"https:\/\/www.groupeidec.com\/es\/references\/synutra\/\"><\/a>\t\t\t\t\t\t\t\t\t\t\t\t\t\t\t\t\t\t\t\t\t<div class=\"grve-gradient-overlay\"><\/div>\r\n\t\t\t\t\t\t\t\t\t\t\t\t\t\t\t\t\t\t\t\t<img loading=\"lazy\" decoding=\"async\" width=\"500\" height=\"310\" src=\"https:\/\/www.groupeidec.com\/wp-content\/uploads\/2018\/12\/vignette_pharmadec_synutra_carhaix.jpg\" class=\"attachment-large size-large\" alt=\"\" srcset=\"https:\/\/www.groupeidec.com\/wp-content\/uploads\/2018\/12\/vignette_pharmadec_synutra_carhaix.jpg 500w, https:\/\/www.groupeidec.com\/wp-content\/uploads\/2018\/12\/vignette_pharmadec_synutra_carhaix-300x186.jpg 300w\" sizes=\"auto, (max-width: 500px) 100vw, 500px\" \/>\t\t\t\t\t\t\t\t\t\t\t\t\t\t\t\t\t\t\t\t<figcaption class=\"grve-content grve-align-center\">\r\n\t\t\t\t\t\t\t\t\t\t\t\t\t\t\t\t\t\t\t\t\t\t\t\t\t\t\t\t\t\t\t\t\t<h6 class=\"grve-title grve-text-white grve-h5\">Synutra<\/h6>\r\n\t\t\t\t\t\t\t\t\t\t\t\t\t\t\t\t\t\t\t\t\t\t\t\t\t\t\t\t\t\t\t\t\t\t\t\t\t\t\t\t\t\t\t\t\t\t\t\t\t\t\t\t\t\t\t\t\t\t\t\t\t\t\t\t\t<\/figcaption>\r\n\t\t\t\t\t\t\t\t\t\t\t\t\t\t\t\t\t\t\t<\/figure>\r\n\t\t\t\t\t\t\t\t\t\t\t\t\t<\/div>\r\n\t\t\t\t\t<\/article>\r\n\t\t\t\t\t<article id=\"portfolio-315825-69f2932d7342c\" class=\"grve-isotope-item grve-portfolio-item grve-image-square post-315825 portfolio type-portfolio status-publish has-post-thumbnail hentry portfolio_category-logistica\">\r\n\t\t\t\t\t\t<div class=\"grve-isotope-item-inner grve-hover-item grve-zoom-in grve-hover-style-6\">\t\t\t\t\t\t\t\t\t<figure class=\"grve-image-hover grve-media grve-zoom-out grve-grayscale-image-hover\">\r\n\t\t\t\t\t\t\t\t\t\t<a class=\"grve-item-url\" aria-label=\"CONFORAMA\" href=\"https:\/\/www.groupeidec.com\/es\/references\/conforama\/\"><\/a>\t\t\t\t\t\t\t\t\t\t\t\t\t\t\t\t\t\t\t\t\t<div class=\"grve-gradient-overlay\"><\/div>\r\n\t\t\t\t\t\t\t\t\t\t\t\t\t\t\t\t\t\t\t\t<img loading=\"lazy\" decoding=\"async\" width=\"1024\" height=\"768\" src=\"https:\/\/www.groupeidec.com\/wp-content\/uploads\/2018\/10\/photo-dro-conforama-tournan-en-brie-77-181024-03-1024x768.jpg\" class=\"attachment-large size-large\" alt=\"\" srcset=\"https:\/\/www.groupeidec.com\/wp-content\/uploads\/2018\/10\/photo-dro-conforama-tournan-en-brie-77-181024-03.jpg 1024w, https:\/\/www.groupeidec.com\/wp-content\/uploads\/2018\/10\/photo-dro-conforama-tournan-en-brie-77-181024-03-300x225.jpg 300w, https:\/\/www.groupeidec.com\/wp-content\/uploads\/2018\/10\/photo-dro-conforama-tournan-en-brie-77-181024-03-768x576.jpg 768w, https:\/\/www.groupeidec.com\/wp-content\/uploads\/2018\/10\/photo-dro-conforama-tournan-en-brie-77-181024-03-560x420.jpg 560w, https:\/\/www.groupeidec.com\/wp-content\/uploads\/2018\/10\/photo-dro-conforama-tournan-en-brie-77-181024-03-900x675.jpg 900w\" sizes=\"auto, (max-width: 1024px) 100vw, 1024px\" \/>\t\t\t\t\t\t\t\t\t\t\t\t\t\t\t\t\t\t\t\t<figcaption class=\"grve-content grve-align-center\">\r\n\t\t\t\t\t\t\t\t\t\t\t\t\t\t\t\t\t\t\t\t\t\t\t\t\t\t\t\t\t\t\t\t\t<h6 class=\"grve-title grve-text-white grve-h5\">CONFORAMA<\/h6>\r\n\t\t\t\t\t\t\t\t\t\t\t\t\t\t\t\t\t\t\t\t\t\t\t\t\t\t\t\t\t\t\t\t\t\t\t\t\t\t\t\t\t\t\t\t\t\t\t\t\t\t\t\t\t\t\t\t\t\t\t\t\t\t\t\t\t<\/figcaption>\r\n\t\t\t\t\t\t\t\t\t\t\t\t\t\t\t\t\t\t\t<\/figure>\r\n\t\t\t\t\t\t\t\t\t\t\t\t\t<\/div>\r\n\t\t\t\t\t<\/article>\r\n\t\t\t\t\t<article id=\"portfolio-315855-69f2932d737a9\" class=\"grve-isotope-item grve-portfolio-item grve-image-square post-315855 portfolio type-portfolio status-publish has-post-thumbnail hentry portfolio_category-otros reference-pays-cambodge\">\r\n\t\t\t\t\t\t<div class=\"grve-isotope-item-inner grve-hover-item grve-zoom-in grve-hover-style-6\">\t\t\t\t\t\t\t\t\t<figure class=\"grve-image-hover grve-media grve-zoom-out grve-grayscale-image-hover\">\r\n\t\t\t\t\t\t\t\t\t\t<a class=\"grve-item-url\" aria-label=\"LAURELTON DIAMOND\" href=\"https:\/\/www.groupeidec.com\/es\/references\/laurelton-diamond\/\"><\/a>\t\t\t\t\t\t\t\t\t\t\t\t\t\t\t\t\t\t\t\t\t<div class=\"grve-gradient-overlay\"><\/div>\r\n\t\t\t\t\t\t\t\t\t\t\t\t\t\t\t\t\t\t\t\t<img loading=\"lazy\" decoding=\"async\" width=\"1024\" height=\"512\" src=\"https:\/\/www.groupeidec.com\/wp-content\/uploads\/2019\/05\/photo-grid-international-laurelton-diamond-cambodge-190125-1024x512.jpg\" class=\"attachment-large size-large\" alt=\"\" srcset=\"https:\/\/www.groupeidec.com\/wp-content\/uploads\/2019\/05\/photo-grid-international-laurelton-diamond-cambodge-190125-1024x512.jpg 1024w, https:\/\/www.groupeidec.com\/wp-content\/uploads\/2019\/05\/photo-grid-international-laurelton-diamond-cambodge-190125-300x150.jpg 300w, https:\/\/www.groupeidec.com\/wp-content\/uploads\/2019\/05\/photo-grid-international-laurelton-diamond-cambodge-190125-768x384.jpg 768w, https:\/\/www.groupeidec.com\/wp-content\/uploads\/2019\/05\/photo-grid-international-laurelton-diamond-cambodge-190125.jpg 1540w\" sizes=\"auto, (max-width: 1024px) 100vw, 1024px\" \/>\t\t\t\t\t\t\t\t\t\t\t\t\t\t\t\t\t\t\t\t<figcaption class=\"grve-content grve-align-center\">\r\n\t\t\t\t\t\t\t\t\t\t\t\t\t\t\t\t\t\t\t\t\t\t\t\t\t\t\t\t\t\t\t\t\t<h6 class=\"grve-title grve-text-white grve-h5\">LAURELTON DIAMOND<\/h6>\r\n\t\t\t\t\t\t\t\t\t\t\t\t\t\t\t\t\t\t\t\t\t\t\t\t\t\t\t\t\t\t\t\t\t\t\t\t\t\t\t\t\t\t\t\t\t\t\t\t\t\t\t\t\t\t\t\t\t\t\t\t\t\t\t\t\t<\/figcaption>\r\n\t\t\t\t\t\t\t\t\t\t\t\t\t\t\t\t\t\t\t<\/figure>\r\n\t\t\t\t\t\t\t\t\t\t\t\t\t<\/div>\r\n\t\t\t\t\t<\/article>\r\n\t\t\t\t\t<article id=\"portfolio-315877-69f2932d73b2b\" class=\"grve-isotope-item grve-portfolio-item grve-image-square post-315877 portfolio type-portfolio status-publish has-post-thumbnail hentry portfolio_category-otros reference-pays-viet-nam\">\r\n\t\t\t\t\t\t<div class=\"grve-isotope-item-inner grve-hover-item grve-zoom-in grve-hover-style-6\">\t\t\t\t\t\t\t\t\t<figure class=\"grve-image-hover grve-media grve-zoom-out grve-grayscale-image-hover\">\r\n\t\t\t\t\t\t\t\t\t\t<a class=\"grve-item-url\" aria-label=\"HANOI ACADEMY SCHOOL\" href=\"https:\/\/www.groupeidec.com\/es\/references\/hanoi-academy-school\/\"><\/a>\t\t\t\t\t\t\t\t\t\t\t\t\t\t\t\t\t\t\t\t\t<div class=\"grve-gradient-overlay\"><\/div>\r\n\t\t\t\t\t\t\t\t\t\t\t\t\t\t\t\t\t\t\t\t<img loading=\"lazy\" decoding=\"async\" width=\"1024\" height=\"672\" src=\"https:\/\/www.groupeidec.com\/wp-content\/uploads\/2019\/05\/photo-grid-international-hanoi-academy-school-vietnam-190125-1024x672.jpg\" class=\"attachment-large size-large\" alt=\"\" srcset=\"https:\/\/www.groupeidec.com\/wp-content\/uploads\/2019\/05\/photo-grid-international-hanoi-academy-school-vietnam-190125-1024x672.jpg 1024w, https:\/\/www.groupeidec.com\/wp-content\/uploads\/2019\/05\/photo-grid-international-hanoi-academy-school-vietnam-190125-300x197.jpg 300w, https:\/\/www.groupeidec.com\/wp-content\/uploads\/2019\/05\/photo-grid-international-hanoi-academy-school-vietnam-190125-768x504.jpg 768w, https:\/\/www.groupeidec.com\/wp-content\/uploads\/2019\/05\/photo-grid-international-hanoi-academy-school-vietnam-190125.jpg 1540w\" sizes=\"auto, (max-width: 1024px) 100vw, 1024px\" \/>\t\t\t\t\t\t\t\t\t\t\t\t\t\t\t\t\t\t\t\t<figcaption class=\"grve-content grve-align-center\">\r\n\t\t\t\t\t\t\t\t\t\t\t\t\t\t\t\t\t\t\t\t\t\t\t\t\t\t\t\t\t\t\t\t\t<h6 class=\"grve-title grve-text-white grve-h5\">HANOI ACADEMY SCHOOL<\/h6>\r\n\t\t\t\t\t\t\t\t\t\t\t\t\t\t\t\t\t\t\t\t\t\t\t\t\t\t\t\t\t\t\t\t\t\t\t\t\t\t\t\t\t\t\t\t\t\t\t\t\t\t\t\t\t\t\t\t\t\t\t\t\t\t\t\t\t<\/figcaption>\r\n\t\t\t\t\t\t\t\t\t\t\t\t\t\t\t\t\t\t\t<\/figure>\r\n\t\t\t\t\t\t\t\t\t\t\t\t\t<\/div>\r\n\t\t\t\t\t<\/article>\r\n\t\t\t\t\t<article id=\"portfolio-315789-69f2932d73ede\" class=\"grve-isotope-item grve-portfolio-item grve-image-square post-315789 portfolio type-portfolio status-publish has-post-thumbnail hentry portfolio_category-industria-farmaceutica-sanitaria-y-cosmetica\">\r\n\t\t\t\t\t\t<div class=\"grve-isotope-item-inner grve-hover-item grve-zoom-in grve-hover-style-6\">\t\t\t\t\t\t\t\t\t<figure class=\"grve-image-hover grve-media grve-zoom-out grve-grayscale-image-hover\">\r\n\t\t\t\t\t\t\t\t\t\t<a class=\"grve-item-url\" aria-label=\"POITIERS UNIVERSITY HOSPITAL\" href=\"https:\/\/www.groupeidec.com\/es\/references\/poitiers-university-hospital\/\"><\/a>\t\t\t\t\t\t\t\t\t\t\t\t\t\t\t\t\t\t\t\t\t<div class=\"grve-gradient-overlay\"><\/div>\r\n\t\t\t\t\t\t\t\t\t\t\t\t\t\t\t\t\t\t\t\t<img loading=\"lazy\" decoding=\"async\" width=\"1024\" height=\"682\" src=\"https:\/\/www.groupeidec.com\/wp-content\/uploads\/2018\/12\/Photo-Chu-de-la-Mileterie-Poitiers-092-1024x682.jpg\" class=\"attachment-large size-large\" alt=\"\" srcset=\"https:\/\/www.groupeidec.com\/wp-content\/uploads\/2018\/12\/Photo-Chu-de-la-Mileterie-Poitiers-092-1024x682.jpg 1024w, https:\/\/www.groupeidec.com\/wp-content\/uploads\/2018\/12\/Photo-Chu-de-la-Mileterie-Poitiers-092-300x200.jpg 300w, https:\/\/www.groupeidec.com\/wp-content\/uploads\/2018\/12\/Photo-Chu-de-la-Mileterie-Poitiers-092-768x511.jpg 768w, https:\/\/www.groupeidec.com\/wp-content\/uploads\/2018\/12\/Photo-Chu-de-la-Mileterie-Poitiers-092.jpg 1540w\" sizes=\"auto, (max-width: 1024px) 100vw, 1024px\" \/>\t\t\t\t\t\t\t\t\t\t\t\t\t\t\t\t\t\t\t\t<figcaption class=\"grve-content grve-align-center\">\r\n\t\t\t\t\t\t\t\t\t\t\t\t\t\t\t\t\t\t\t\t\t\t\t\t\t\t\t\t\t\t\t\t\t<h6 class=\"grve-title grve-text-white grve-h5\">POITIERS UNIVERSITY HOSPITAL<\/h6>\r\n\t\t\t\t\t\t\t\t\t\t\t\t\t\t\t\t\t\t\t\t\t\t\t\t\t\t\t\t\t\t\t\t\t\t\t\t\t\t\t\t\t\t\t\t\t\t\t\t\t\t\t\t\t\t\t\t\t\t\t\t\t\t\t\t\t<\/figcaption>\r\n\t\t\t\t\t\t\t\t\t\t\t\t\t\t\t\t\t\t\t<\/figure>\r\n\t\t\t\t\t\t\t\t\t\t\t\t\t<\/div>\r\n\t\t\t\t\t<\/article>\r\n\t\t\t\t\t<article id=\"portfolio-315875-69f2932d7425e\" class=\"grve-isotope-item grve-portfolio-item grve-image-square post-315875 portfolio type-portfolio status-publish has-post-thumbnail hentry portfolio_category-industria-farmaceutica portfolio_category-industria-farmaceutica-sanitaria-y-cosmetica portfolio_category-sanitaria-y-cosmetica reference-pays-viet-nam\">\r\n\t\t\t\t\t\t<div class=\"grve-isotope-item-inner grve-hover-item grve-zoom-in grve-hover-style-6\">\t\t\t\t\t\t\t\t\t<figure class=\"grve-image-hover grve-media grve-zoom-out grve-grayscale-image-hover\">\r\n\t\t\t\t\t\t\t\t\t\t<a class=\"grve-item-url\" aria-label=\"HANOI FRENCH HOSPITAL\" href=\"https:\/\/www.groupeidec.com\/es\/references\/hanoi-french-hospital\/\"><\/a>\t\t\t\t\t\t\t\t\t\t\t\t\t\t\t\t\t\t\t\t\t<div class=\"grve-gradient-overlay\"><\/div>\r\n\t\t\t\t\t\t\t\t\t\t\t\t\t\t\t\t\t\t\t\t<img loading=\"lazy\" decoding=\"async\" width=\"1024\" height=\"339\" src=\"https:\/\/www.groupeidec.com\/wp-content\/uploads\/2022\/02\/photo-grid-international-hanoi-french-hospital-vietnam-190125b-1024x339.jpg\" class=\"attachment-large size-large\" alt=\"\" srcset=\"https:\/\/www.groupeidec.com\/wp-content\/uploads\/2022\/02\/photo-grid-international-hanoi-french-hospital-vietnam-190125b-1024x339.jpg 1024w, https:\/\/www.groupeidec.com\/wp-content\/uploads\/2022\/02\/photo-grid-international-hanoi-french-hospital-vietnam-190125b-300x99.jpg 300w, https:\/\/www.groupeidec.com\/wp-content\/uploads\/2022\/02\/photo-grid-international-hanoi-french-hospital-vietnam-190125b-768x254.jpg 768w, https:\/\/www.groupeidec.com\/wp-content\/uploads\/2022\/02\/photo-grid-international-hanoi-french-hospital-vietnam-190125b.jpg 1280w\" sizes=\"auto, (max-width: 1024px) 100vw, 1024px\" \/>\t\t\t\t\t\t\t\t\t\t\t\t\t\t\t\t\t\t\t\t<figcaption class=\"grve-content grve-align-center\">\r\n\t\t\t\t\t\t\t\t\t\t\t\t\t\t\t\t\t\t\t\t\t\t\t\t\t\t\t\t\t\t\t\t\t<h6 class=\"grve-title grve-text-white grve-h5\">HANOI FRENCH HOSPITAL<\/h6>\r\n\t\t\t\t\t\t\t\t\t\t\t\t\t\t\t\t\t\t\t\t\t\t\t\t\t\t\t\t\t\t\t\t\t\t\t\t\t\t\t\t\t\t\t\t\t\t\t\t\t\t\t\t\t\t\t\t\t\t\t\t\t\t\t\t\t<\/figcaption>\r\n\t\t\t\t\t\t\t\t\t\t\t\t\t\t\t\t\t\t\t<\/figure>\r\n\t\t\t\t\t\t\t\t\t\t\t\t\t<\/div>\r\n\t\t\t\t\t<\/article>\r\n\t\t\t\t<\/div>\r\n\t\t\t<\/div>\r\n\r\n\t\t[vc_empty_space height=\u00bb60px\u00bb][\/vc_column][\/vc_row][vc_row][vc_column][vc_raw_js]JTNDc2NyaXB0JTIwdHlwZSUzRCUyMnRleHQlMkZqYXZhc2NyaXB0JTIyJTNFJTBBdmFyJTIwJTI0JTIwJTNEJTIwalF1ZXJ5Lm5vQ29uZmxpY3QlMjglMjklM0IlMEElMEElMjQlMjhkb2N1bWVudCUyOS5yZWFkeSUyOGZ1bmN0aW9uJTI4JTI5JTIwJTdCJTBBJTIwJTIwJTIwJTIwJTIwd2luZG93LnNldFRpbWVvdXQlMjhmdW5jdGlvbiUyOCUyOSUyMCU3QiUwQSUyMCUyMCUyMCUyMCUyMCUyMCUyMCUyMHZhciUyMHVybCUyMCUzRCUyMGRvY3VtZW50LmxvY2F0aW9uLnRvU3RyaW5nJTI4JTI5JTNCJTBBJTIwJTIwJTIwJTIwJTIwJTIwJTIwJTIwJTJGJTJGJTIwY29uc29sZS5sb2clMjh1cmwlMjklM0IlMEElMjAlMjAlMjAlMjAlMjAlMjAlMjAlMjBpZiUyMCUyOHVybC5tYXRjaCUyOCUyNyUyMyUyNyUyOSUyOSUyMCU3QiUwQSUyMCUyMCUyMCUyMCUyMCUyMCUyMCUyMCUyMCUyMCUyMCUyMCUyRiUyRiUyMGNvbnNvbGUubG9nJTI4dXJsLnNwbGl0JTI4JTI3JTIzJTI3JTI5JTVCMSU1RCUyOSUzQiUwQSUyMCUyMCUyMCUyMCUyMCUyMCUyMCUyMCUyMCUyMCUyMCUyMCUyNCUyOCUyNy5ncnZlLWZpbHRlciUyMGxpJTVCZGF0YS1maWx0ZXIlM0QlNUMlMjIucG9ydGZvbGlvX2NhdGVnb3J5LSUyNyUyQnVybC5zcGxpdCUyOCUyNyUyMyUyNyUyOSU1QjElNUQlMkIlMjclNUMlMjIlNUQlMjclMjkuY2xpY2slMjglMjklM0IlMEElMjAlMjAlMjAlMjAlMjAlMjAlMjAlMjAlN0QlMEElMjAlMjAlMjAlMjAlN0QlMkMlMjAyMDAlMjklM0IlMEElN0QlMjklM0IlMEElM0MlMkZzY3JpcHQlM0U=[\/vc_raw_js][\/vc_column][\/vc_row]<\/p>\n<\/div>","protected":false},"excerpt":{"rendered":"R\u00e9am\u00e9nagement et extension de l'H\u00f4pital Fran\u00e7ais d'Hanoi par ARCHETYPE GROUP, entreprise associ\u00e9e du GROUPE IDEC.","protected":false},"author":1,"featured_media":1074,"parent":0,"menu_order":0,"comment_status":"closed","ping_status":"closed","template":"","meta":{"inline_featured_image":false,"footnotes":""},"class_list":["post-315767","page","type-page","status-publish","has-post-thumbnail","hentry"],"yoast_head":"<!-- This site is optimized with the Yoast SEO plugin v27.4 - https:\/\/yoast.com\/product\/yoast-seo-wordpress\/ -->\n<title>Referencias | GROUPE IDEC<\/title>\n<meta name=\"description\" content=\"D\u00e9couvrez les r\u00e9f\u00e9rences du GROUPE IDEC dans les domaines de l&#039;am\u00e9nagement, de la promotion, de l&#039;investissement, de la conception et de la construction.\" \/>\n<meta name=\"robots\" content=\"index, follow, max-snippet:-1, max-image-preview:large, max-video-preview:-1\" \/>\n<link rel=\"canonical\" href=\"https:\/\/www.groupeidec.com\/es\/referencias\/\" \/>\n<meta property=\"og:locale\" content=\"es_ES\" \/>\n<meta property=\"og:type\" content=\"article\" \/>\n<meta property=\"og:title\" content=\"Referencias | GROUPE IDEC\" \/>\n<meta property=\"og:description\" content=\"D\u00e9couvrez les r\u00e9f\u00e9rences du GROUPE IDEC dans les domaines de l&#039;am\u00e9nagement, de la promotion, de l&#039;investissement, de la conception et de la construction.\" \/>\n<meta property=\"og:url\" content=\"https:\/\/www.groupeidec.com\/es\/referencias\/\" \/>\n<meta property=\"og:site_name\" content=\"Groupe IDEC\" \/>\n<meta property=\"article:publisher\" content=\"https:\/\/www.facebook.com\/groupeidec\/\" \/>\n<meta property=\"article:modified_time\" content=\"2021-06-25T10:42:47+00:00\" \/>\n<meta property=\"og:image\" content=\"https:\/\/www.groupeidec.com\/wp-content\/uploads\/2018\/07\/References-idec-groupe.jpg\" \/>\n\t<meta property=\"og:image:width\" content=\"1920\" \/>\n\t<meta property=\"og:image:height\" content=\"1280\" \/>\n\t<meta property=\"og:image:type\" content=\"image\/jpeg\" \/>\n<meta name=\"twitter:card\" content=\"summary_large_image\" \/>\n<meta name=\"twitter:label1\" content=\"Tiempo de lectura\" \/>\n\t<meta name=\"twitter:data1\" content=\"1 minuto\" \/>\n<script type=\"application\/ld+json\" class=\"yoast-schema-graph\">{\"@context\":\"https:\\\/\\\/schema.org\",\"@graph\":[{\"@type\":\"WebPage\",\"@id\":\"https:\\\/\\\/www.groupeidec.com\\\/es\\\/referencias\\\/\",\"url\":\"https:\\\/\\\/www.groupeidec.com\\\/es\\\/referencias\\\/\",\"name\":\"Referencias | GROUPE IDEC\",\"isPartOf\":{\"@id\":\"https:\\\/\\\/www.groupeidec.com\\\/es\\\/#website\"},\"primaryImageOfPage\":{\"@id\":\"https:\\\/\\\/www.groupeidec.com\\\/es\\\/referencias\\\/#primaryimage\"},\"image\":{\"@id\":\"https:\\\/\\\/www.groupeidec.com\\\/es\\\/referencias\\\/#primaryimage\"},\"thumbnailUrl\":\"https:\\\/\\\/www.groupeidec.com\\\/wp-content\\\/uploads\\\/2018\\\/07\\\/References-idec-groupe.jpg\",\"datePublished\":\"2018-07-03T15:47:17+00:00\",\"dateModified\":\"2021-06-25T10:42:47+00:00\",\"description\":\"D\u00e9couvrez les r\u00e9f\u00e9rences du GROUPE IDEC dans les domaines de l'am\u00e9nagement, de la promotion, de l'investissement, de la conception et de la construction.\",\"breadcrumb\":{\"@id\":\"https:\\\/\\\/www.groupeidec.com\\\/es\\\/referencias\\\/#breadcrumb\"},\"inLanguage\":\"es\",\"potentialAction\":[{\"@type\":\"ReadAction\",\"target\":[\"https:\\\/\\\/www.groupeidec.com\\\/es\\\/referencias\\\/\"]}]},{\"@type\":\"ImageObject\",\"inLanguage\":\"es\",\"@id\":\"https:\\\/\\\/www.groupeidec.com\\\/es\\\/referencias\\\/#primaryimage\",\"url\":\"https:\\\/\\\/www.groupeidec.com\\\/wp-content\\\/uploads\\\/2018\\\/07\\\/References-idec-groupe.jpg\",\"contentUrl\":\"https:\\\/\\\/www.groupeidec.com\\\/wp-content\\\/uploads\\\/2018\\\/07\\\/References-idec-groupe.jpg\",\"width\":1920,\"height\":1280},{\"@type\":\"BreadcrumbList\",\"@id\":\"https:\\\/\\\/www.groupeidec.com\\\/es\\\/referencias\\\/#breadcrumb\",\"itemListElement\":[{\"@type\":\"ListItem\",\"position\":1,\"name\":\"Accueil\",\"item\":\"https:\\\/\\\/www.groupeidec.com\\\/es\\\/\"},{\"@type\":\"ListItem\",\"position\":2,\"name\":\"Referencias\"}]},{\"@type\":\"WebSite\",\"@id\":\"https:\\\/\\\/www.groupeidec.com\\\/es\\\/#website\",\"url\":\"https:\\\/\\\/www.groupeidec.com\\\/es\\\/\",\"name\":\"Groupe IDEC\",\"description\":\"A la fois am\u00e9nageur, promoteur, investisseur et concepteur-constructeur cl\u00e9 en main, le GROUPE IDEC est l&#039;un des rares acteurs globaux du march\u00e9 immobilier fran\u00e7ais, pr\u00e9sent sur tous ces m\u00e9tiers.\",\"potentialAction\":[{\"@type\":\"SearchAction\",\"target\":{\"@type\":\"EntryPoint\",\"urlTemplate\":\"https:\\\/\\\/www.groupeidec.com\\\/es\\\/?s={search_term_string}\"},\"query-input\":{\"@type\":\"PropertyValueSpecification\",\"valueRequired\":true,\"valueName\":\"search_term_string\"}}],\"inLanguage\":\"es\"}]}<\/script>\n<!-- \/ Yoast SEO plugin. -->","yoast_head_json":{"title":"Referencias | GROUPE IDEC","description":"D\u00e9couvrez les r\u00e9f\u00e9rences du GROUPE IDEC dans les domaines de l'am\u00e9nagement, de la promotion, de l'investissement, de la conception et de la construction.","robots":{"index":"index","follow":"follow","max-snippet":"max-snippet:-1","max-image-preview":"max-image-preview:large","max-video-preview":"max-video-preview:-1"},"canonical":"https:\/\/www.groupeidec.com\/es\/referencias\/","og_locale":"es_ES","og_type":"article","og_title":"Referencias | GROUPE IDEC","og_description":"D\u00e9couvrez les r\u00e9f\u00e9rences du GROUPE IDEC dans les domaines de l'am\u00e9nagement, de la promotion, de l'investissement, de la conception et de la construction.","og_url":"https:\/\/www.groupeidec.com\/es\/referencias\/","og_site_name":"Groupe IDEC","article_publisher":"https:\/\/www.facebook.com\/groupeidec\/","article_modified_time":"2021-06-25T10:42:47+00:00","og_image":[{"width":1920,"height":1280,"url":"https:\/\/www.groupeidec.com\/wp-content\/uploads\/2018\/07\/References-idec-groupe.jpg","type":"image\/jpeg"}],"twitter_card":"summary_large_image","twitter_misc":{"Tiempo de lectura":"1 minuto"},"schema":{"@context":"https:\/\/schema.org","@graph":[{"@type":"WebPage","@id":"https:\/\/www.groupeidec.com\/es\/referencias\/","url":"https:\/\/www.groupeidec.com\/es\/referencias\/","name":"Referencias | GROUPE IDEC","isPartOf":{"@id":"https:\/\/www.groupeidec.com\/es\/#website"},"primaryImageOfPage":{"@id":"https:\/\/www.groupeidec.com\/es\/referencias\/#primaryimage"},"image":{"@id":"https:\/\/www.groupeidec.com\/es\/referencias\/#primaryimage"},"thumbnailUrl":"https:\/\/www.groupeidec.com\/wp-content\/uploads\/2018\/07\/References-idec-groupe.jpg","datePublished":"2018-07-03T15:47:17+00:00","dateModified":"2021-06-25T10:42:47+00:00","description":"D\u00e9couvrez les r\u00e9f\u00e9rences du GROUPE IDEC dans les domaines de l'am\u00e9nagement, de la promotion, de l'investissement, de la conception et de la construction.","breadcrumb":{"@id":"https:\/\/www.groupeidec.com\/es\/referencias\/#breadcrumb"},"inLanguage":"es","potentialAction":[{"@type":"ReadAction","target":["https:\/\/www.groupeidec.com\/es\/referencias\/"]}]},{"@type":"ImageObject","inLanguage":"es","@id":"https:\/\/www.groupeidec.com\/es\/referencias\/#primaryimage","url":"https:\/\/www.groupeidec.com\/wp-content\/uploads\/2018\/07\/References-idec-groupe.jpg","contentUrl":"https:\/\/www.groupeidec.com\/wp-content\/uploads\/2018\/07\/References-idec-groupe.jpg","width":1920,"height":1280},{"@type":"BreadcrumbList","@id":"https:\/\/www.groupeidec.com\/es\/referencias\/#breadcrumb","itemListElement":[{"@type":"ListItem","position":1,"name":"Accueil","item":"https:\/\/www.groupeidec.com\/es\/"},{"@type":"ListItem","position":2,"name":"Referencias"}]},{"@type":"WebSite","@id":"https:\/\/www.groupeidec.com\/es\/#website","url":"https:\/\/www.groupeidec.com\/es\/","name":"Groupe IDEC","description":"A la fois am\u00e9nageur, promoteur, investisseur et concepteur-constructeur cl\u00e9 en main, le GROUPE IDEC est l&#039;un des rares acteurs globaux du march\u00e9 immobilier fran\u00e7ais, pr\u00e9sent sur tous ces m\u00e9tiers.","potentialAction":[{"@type":"SearchAction","target":{"@type":"EntryPoint","urlTemplate":"https:\/\/www.groupeidec.com\/es\/?s={search_term_string}"},"query-input":{"@type":"PropertyValueSpecification","valueRequired":true,"valueName":"search_term_string"}}],"inLanguage":"es"}]}},"_links":{"self":[{"href":"https:\/\/www.groupeidec.com\/es\/wp-json\/wp\/v2\/pages\/315767","targetHints":{"allow":["GET"]}}],"collection":[{"href":"https:\/\/www.groupeidec.com\/es\/wp-json\/wp\/v2\/pages"}],"about":[{"href":"https:\/\/www.groupeidec.com\/es\/wp-json\/wp\/v2\/types\/page"}],"author":[{"embeddable":true,"href":"https:\/\/www.groupeidec.com\/es\/wp-json\/wp\/v2\/users\/1"}],"replies":[{"embeddable":true,"href":"https:\/\/www.groupeidec.com\/es\/wp-json\/wp\/v2\/comments?post=315767"}],"version-history":[{"count":4,"href":"https:\/\/www.groupeidec.com\/es\/wp-json\/wp\/v2\/pages\/315767\/revisions"}],"predecessor-version":[{"id":315803,"href":"https:\/\/www.groupeidec.com\/es\/wp-json\/wp\/v2\/pages\/315767\/revisions\/315803"}],"wp:featuredmedia":[{"embeddable":true,"href":"https:\/\/www.groupeidec.com\/es\/wp-json\/wp\/v2\/media\/1074"}],"wp:attachment":[{"href":"https:\/\/www.groupeidec.com\/es\/wp-json\/wp\/v2\/media?parent=315767"}],"curies":[{"name":"wp","href":"https:\/\/api.w.org\/{rel}","templated":true}]}}