{"id":315892,"date":"2018-09-06T19:06:07","date_gmt":"2018-09-06T17:06:07","guid":{"rendered":"https:\/\/www.groupeidec.com\/actualites-groupe-idec\/"},"modified":"2021-06-25T15:02:30","modified_gmt":"2021-06-25T13:02:30","slug":"noticias","status":"publish","type":"page","link":"https:\/\/www.groupeidec.com\/es\/noticias\/","title":{"rendered":"Noticias"},"content":{"rendered":"<div class=\"wpb-content-wrapper\"><div id=\"page-actualites\">[vc_row heading_color=\u00bblight\u00bb bg_type=\u00bbhosted_video\u00bb bg_image=\u00bb2021&#8243; bg_video_loop=\u00bbno\u00bb color_overlay=\u00bbdark\u00bb opacity_overlay=\u00bb40&#8243; padding_top_multiplier=\u00bb6x\u00bb padding_bottom_multiplier=\u00bb6x\u00bb separator_bottom=\u00bblarge-triangle-separator\u00bb separator_bottom_size=\u00bb60px\u00bb separator_bottom_color=\u00bb#f7f7f7&#8243; font_color=\u00bb#ffffff\u00bb kswr_row_top_decor_enabled=\u00bbfalse\u00bb kswr_row_bottom_decor_enabled=\u00bbfalse\u00bb bg_video_webm=\u00bbhttps:\/\/www.groupeidec.com\/wp-content\/uploads\/2018\/11\/Video-header-actualites-groupe-idec.webm\u00bb bg_video_mp4=\u00bbhttps:\/\/www.groupeidec.com\/wp-content\/uploads\/2018\/11\/Video-header-actualites-groupe-idec.mp4&#8243;\u00a0bg_video_ogv=\u00bbhttps:\/\/www.groupeidec.com\/wp-content\/uploads\/2018\/11\/Video-header-actualites-groupe-idec.ogv\u00bb][vc_column vertical_content_position=\u00bbmiddle\u00bb]<h1 class=\"grve-element grve-title grve-align-center grve-h1 grve-increase-heading grve-heading-120\" style=\"\"><span>Noticias<\/span><\/h1>[\/vc_column][\/vc_row][vc_row bg_color=\u00bb#f7f7f7&#8243;][vc_column][vc_column_text]<form autocomplete=\"off\" name=\"wpv-filter-1574\" action=\"\/es\/wp-json\/wp\/v2\/pages\/315892?wpv_view_count=1574\" method=\"get\" class=\"wpv-filter-form js-wpv-filter-form js-wpv-filter-form-1574 js-wpv-form-full\" data-viewnumber=\"1574\" data-viewid=\"1574\" data-viewhash=\"eyJuYW1lIjoiYWN0dWFsaXRlcy1wbGVpbi1lY3Jhbi1wZXJzbyJ9\" data-viewwidgetid=\"0\" data-orderby=\"\" data-order=\"\" data-orderbyas=\"\" data-orderbysecond=\"\" data-ordersecond=\"\" data-parametric=\"{&quot;query&quot;:&quot;normal&quot;,&quot;id&quot;:1574,&quot;view_id&quot;:1574,&quot;widget_id&quot;:0,&quot;view_hash&quot;:&quot;1574&quot;,&quot;action&quot;:&quot;\\\/es\\\/wp-json\\\/wp\\\/v2\\\/pages\\\/315892?wpv_view_count=1574&quot;,&quot;sort&quot;:{&quot;orderby&quot;:&quot;&quot;,&quot;order&quot;:&quot;&quot;,&quot;orderby_as&quot;:&quot;&quot;,&quot;orderby_second&quot;:&quot;&quot;,&quot;order_second&quot;:&quot;&quot;},&quot;orderby&quot;:&quot;&quot;,&quot;order&quot;:&quot;&quot;,&quot;orderby_as&quot;:&quot;&quot;,&quot;orderby_second&quot;:&quot;&quot;,&quot;order_second&quot;:&quot;&quot;,&quot;ajax_form&quot;:&quot;&quot;,&quot;ajax_results&quot;:&quot;&quot;,&quot;effect&quot;:&quot;fade&quot;,&quot;prebefore&quot;:&quot;&quot;,&quot;before&quot;:&quot;&quot;,&quot;after&quot;:&quot;&quot;,&quot;attributes&quot;:[],&quot;environment&quot;:{&quot;current_post_id&quot;:315892,&quot;parent_post_id&quot;:315892,&quot;parent_term_id&quot;:0,&quot;parent_user_id&quot;:0,&quot;archive&quot;:{&quot;type&quot;:&quot;&quot;,&quot;name&quot;:&quot;&quot;,&quot;data&quot;:[]}},&quot;loop&quot;:{&quot;type&quot;:&quot;&quot;,&quot;name&quot;:&quot;&quot;,&quot;data&quot;:[],&quot;id&quot;:0}}\" data-attributes=\"[]\" data-environment=\"{&quot;current_post_id&quot;:315892,&quot;parent_post_id&quot;:315892,&quot;parent_term_id&quot;:0,&quot;parent_user_id&quot;:0,&quot;archive&quot;:{&quot;type&quot;:&quot;&quot;,&quot;name&quot;:&quot;&quot;,&quot;data&quot;:[]}}\"><input type=\"hidden\" class=\"js-wpv-dps-filter-data js-wpv-filter-data-for-this-form\" data-action=\"\/es\/wp-json\/wp\/v2\/pages\/315892?wpv_view_count=1574\" data-page=\"1\" data-ajax=\"disable\" data-effect=\"fade\" data-maxpages=\"2\" data-ajaxprebefore=\"\" data-ajaxbefore=\"\" data-ajaxafter=\"\" \/><input class=\"wpv_view_count wpv_view_count-1574\" type=\"hidden\" name=\"wpv_view_count\" value=\"1574\" \/>\n\n<div class=\"form-group\">\n\t<!-- label>[wpml-string context=\"wpv-views\"]Cat\u00e9gories[\/wpml-string]<\/label -->\n\t<div class=\"radio\">\n\t\t\t\t\t\t\t\t\t<label for=\"post_category-\"  class=\"\" >\n\t\t\t\t\t\t\t\t\t\t<input id=\"post_category-\"  class=\"js-wpv-filter-trigger critere-category\"\n\t\t\t\t\t\t\t\t\t\t\tname=\"wpv-category\" type=\"radio\" value=\"0\"  checked='checked'\n\t\t\t\t\t\t\t\t\t\t\/>\n\t\t\t\t\t\t\t\t\t\tTodas\n\t\t\t\t\t\t\t\t\t<\/label>\n\t\t\t\t\t\t\t\t<\/div><div class=\"radio\"><label for=\"post_category-corporativas\"><input type=\"radio\" id=\"post_category-corporativas\" class=\"critere-category js-wpv-filter-trigger\" name=\"wpv-category\" value=\"corporativas\" \/>Corporativas<\/label><\/div><div class=\"radio\"><label for=\"post_category-diseno-y-construccion\"><input type=\"radio\" id=\"post_category-diseno-y-construccion\" class=\"critere-category js-wpv-filter-trigger\" name=\"wpv-category\" value=\"diseno-y-construccion\" \/>Dise\u00f1o y construcci\u00f3n<\/label><\/div><div class=\"radio\"><label for=\"post_category-idec-sport-es\"><input type=\"radio\" id=\"post_category-idec-sport-es\" class=\"critere-category js-wpv-filter-trigger\" name=\"wpv-category\" value=\"idec-sport-es\" \/>IDEC SPORT<\/label><\/div><div class=\"radio\"><label for=\"post_category-inversiones\"><input type=\"radio\" id=\"post_category-inversiones\" class=\"critere-category js-wpv-filter-trigger\" name=\"wpv-category\" value=\"inversiones\" \/>Inversiones<\/label><\/div><div class=\"radio\"><label for=\"post_category-planificacion-y-promocion\"><input type=\"radio\" id=\"post_category-planificacion-y-promocion\" class=\"critere-category js-wpv-filter-trigger\" name=\"wpv-category\" value=\"planificacion-y-promocion\" \/>Planificaci\u00f3n y promoci\u00f3n<\/label><\/div><div class=\"radio\"><label for=\"post_category-sin-categorizar\"><input type=\"radio\" id=\"post_category-sin-categorizar\" class=\"critere-category js-wpv-filter-trigger\" name=\"wpv-category\" value=\"sin-categorizar\" \/>Sin categorizar<\/label><\/div>\n<\/div>\n\n<\/form>\n\n<!-- Latest compiled and minified JavaScript -->\n<script src=\"https:\/\/maxcdn.bootstrapcdn.com\/bootstrap\/3.3.7\/js\/bootstrap.min.js\" integrity=\"sha384-Tc5IQib027qvyjSMfHjOMaLkfuWVxZxUPnCJA7l2mCWNIpG9mGCD8wGNIcPD7Txa\" crossorigin=\"anonymous\"><\/script>\n\n<div id=\"wpv-view-layout-1574\" class=\"js-wpv-view-layout js-wpv-layout-responsive js-wpv-view-layout-1574\" data-viewnumber=\"1574\" data-pagination=\"{&quot;id&quot;:1574,&quot;query&quot;:&quot;normal&quot;,&quot;type&quot;:&quot;paged&quot;,&quot;effect&quot;:&quot;fade&quot;,&quot;duration&quot;:500,&quot;speed&quot;:5,&quot;pause_on_hover&quot;:&quot;disabled&quot;,&quot;stop_rollover&quot;:&quot;false&quot;,&quot;cache_pages&quot;:&quot;enabled&quot;,&quot;preload_images&quot;:&quot;enabled&quot;,&quot;preload_pages&quot;:&quot;enabled&quot;,&quot;preload_reach&quot;:1,&quot;spinner&quot;:&quot;builtin&quot;,&quot;spinner_image&quot;:&quot;https:\/\/www.groupeidec.com\/wp-content\/plugins\/wp-views\/embedded\/res\/img\/ajax-loader.gif&quot;,&quot;callback_next&quot;:&quot;&quot;,&quot;manage_history&quot;:&quot;enabled&quot;,&quot;has_controls_in_form&quot;:&quot;disabled&quot;,&quot;infinite_tolerance&quot;:0,&quot;max_pages&quot;:2,&quot;page&quot;:1,&quot;base_permalink&quot;:&quot;\/es\/wp-json\/wp\/v2\/pages\/315892?wpv_view_count=1574&amp;wpv_paged=WPV_PAGE_NUM&quot;,&quot;loop&quot;:{&quot;type&quot;:&quot;&quot;,&quot;name&quot;:&quot;&quot;,&quot;data&quot;:[],&quot;id&quot;:0}}\" data-permalink=\"\/es\/wp-json\/wp\/v2\/pages\/315892?wpv_view_count=1574\">\n\n\t\n\t\n\t<div class=\"container wpv-loop js-wpv-loop\">\n\t\t<div class=\"row\">\n\t\t\t\n\t\t\t\n\t\t\t<div class=\"col-md-12\">\n<div class=\"grve-section grve-row-section grve-fullwidth-background grve-padding-top-1x grve-padding-bottom-1x grve-bg-none \u00bbactualite-maxi\"><div class=\"grve-container\"><div class=\"grve-row grve-bookmark grve-columns-gap-30\"><div class=\"grve-column wpb_column grve-column-1\" ><div class=\"grve-column-wrapper\" ><div class=\"grve-row-inner grve-bookmark\">\r\n\t\t<div class=\"grve-column-inner wpb_column grve-column-1\">\r\n\t\t\t<div class=\"grve-column-wrapper-inner\">\r\n\t\t\t<div class=\"grve-element grve-text\">\r\n\t\t\t<div class=\"actualite-left\"><span style=\"background-image: url(https:\/\/www.groupeidec.com\/wp-content\/uploads\/2022\/05\/Image-pHYnix-bandeau-1024x401.jpg);\"><img decoding=\"async\" class=\"actualite-logo\" src=\"\" alt=\"\" \/><\/span><\/div>\n\r\n\t\t<\/div>\r\n\t\r\n\t\t\t<\/div>\r\n\t\t<\/div>\r\n\t\r\n\t\t<div class=\"grve-column-inner wpb_column grve-column-1\">\r\n\t\t\t<div class=\"grve-column-wrapper-inner\">\r\n\t\t\t<div class=\"grve-element grve-text\">\r\n\t\t\t<div class=\"actualite-caption\">\n<h2><\/a><a href=\"https:\/\/www.groupeidec.com\/es\/actualite\/phynix-se-refuerza-en-el-mercado-con-la-entrada-en-su-capital-de-eit-innoenergy-y-de-groupe-idec-a-traves-de-su-filial-groupe-idec-invest-innovation\/\">pHYnix se refuerza en el mercado con la entrada en su capital de EIT InnoEnergy y de GROUPE IDEC a trav\u00e9s de su filial GROUPE IDEC INVEST Innovation<\/a><\/h2>\n<div class=\"actualite-date\">10 de mayo de 2022<\/div>\n<div class=\"actualite-champ\"><p>El GROUPE IDEC, a trav\u00e9s de su filial GROUPE IDEC INVEST Innovation, ha hecho oficial su entrada en el capital de pHYnix, empresa europea de producci\u00f3n, promoci\u00f3n y&#8230;<\/p>\n<\/div>\n<p><\/a><a class=\"eos-hl\" onclick=\"window.open(&apos;https:\/\/www.groupeidec.com\/es\/actualite\/phynix-se-refuerza-en-el-mercado-con-la-entrada-en-su-capital-de-eit-innoenergy-y-de-groupe-idec-a-traves-de-su-filial-groupe-idec-invest-innovation\/&apos;,&apos;_self&apos;);\" >Leer m\u00e1s<\/a><\/p>\n<\/div>\n\r\n\t\t<\/div>\r\n\t\r\n\t\t\t<\/div>\r\n\t\t<\/div>\r\n\t<\/div><\/div><\/div><\/div><\/div><div class=\"grve-background-wrapper\"><\/div><\/div><div class=\"grve-section grve-row-section grve-fullwidth-background grve-padding-top-1x grve-padding-bottom-1x grve-bg-none\"><div class=\"grve-container\"><div class=\"grve-row grve-bookmark grve-columns-gap-30\"><div class=\"grve-column wpb_column grve-column-1\" ><div class=\"grve-column-wrapper\" >\n\t<div class=\"wpb_raw_code wpb_raw_html wpb_content_element\" >\n\t\t<div class=\"wpb_wrapper\">\n\t\t\t\n<div class=\"actualite-left\"><a style=\"background-image: url(https:\/\/www.groupeidec.com\/wp-content\/uploads\/2022\/05\/Image-pHYnix-bandeau-1024x401.jpg)\" href=\"https:\/\/www.groupeidec.com\/es\/actualite\/phynix-se-refuerza-en-el-mercado-con-la-entrada-en-su-capital-de-eit-innoenergy-y-de-groupe-idec-a-traves-de-su-filial-groupe-idec-invest-innovation\/\" target=\"_blank\" rel=\"noopener\"><img decoding=\"async\" class=\"actualite-logo\" src=\"\" alt=\"\" \/><\/a><\/div>\n\n\t\t<\/div>\n\t<\/div>\n<\/div><\/div><div class=\"grve-column wpb_column grve-column-1\" ><div class=\"grve-column-wrapper\" >\n\t<div class=\"wpb_raw_code wpb_raw_html wpb_content_element\" >\n\t\t<div class=\"wpb_wrapper\">\n\t\t\t<div class=\"actualite-caption\">\n<a href=\"https:\/\/www.groupeidec.com\/es\/actualite\/phynix-se-refuerza-en-el-mercado-con-la-entrada-en-su-capital-de-eit-innoenergy-y-de-groupe-idec-a-traves-de-su-filial-groupe-idec-invest-innovation\/\"><h2>pHYnix se refuerza en el mercado con la entrada en su capital de EIT InnoEnergy y de GROUPE IDEC a trav\u00e9s de su filial GROUPE IDEC INVEST Innovation<\/h2><\/a>\n<div class=\"actualite-date\">10 de mayo de 2022<\/div>\n<div class=\"actualite-champ\"><p>El GROUPE IDEC, a trav\u00e9s de su filial GROUPE IDEC INVEST Innovation, ha hecho oficial su entrada en el capital de pHYnix, empresa europea de producci\u00f3n, promoci\u00f3n y&#8230;<\/p>\n<\/div>\n\n<a href=\"https:\/\/www.groupeidec.com\/es\/actualite\/phynix-se-refuerza-en-el-mercado-con-la-entrada-en-su-capital-de-eit-innoenergy-y-de-groupe-idec-a-traves-de-su-filial-groupe-idec-invest-innovation\/\">Leer m\u00e1s<\/a>\n<\/div>\n\n\t\t<\/div>\n\t<\/div>\n<\/div><\/div><\/div><\/div><div class=\"grve-background-wrapper\"><\/div><\/div>\n\n\t\t\t<\/div>\n\t        \n\t\t\t\n\t        <div class=\"col-md-4 col-sm-6\">\n<div class=\"actualite-mini grve-animated-item grve-duration-normal grve-zoom-in grve-animated\">\n\n<div class=\"actualite-left\"><span style=\"background-image:url(https:\/\/www.groupeidec.com\/wp-content\/uploads\/2022\/01\/MiniatureGRID-ASIA-300x169.jpg);\"><img decoding=\"async\" class=\"actualite-logo\" src=\"\" alt=\"\" \/><\/span><\/div>\n\n\n<div class=\"actualite-caption\">\n<h2><a href=\"https:\/\/www.groupeidec.com\/es\/actualite\/idec-group-asia-vous-souhaite-une-bonne-annee-chinoise-2022\/\">IDEC GROUP ASIA LE DESEA FELIZ A\u00d1O NUEVO CHINO 2022<\/a><\/h2>\n<div class=\"actualite-date\">31 de enero de 2022<\/div>\n<div class=\"actualite-champ\"><p>IDEC ASIA naci\u00f3 de la asociaci\u00f3n de dos especialistas complementarios: GROUPE IDEC, especializado en la planificaci\u00f3n, el desarrollo, el dise\u00f1o-construcci\u00f3n, la inversi\u00f3n y el suministro de soluciones energ\u00e9ticas innovadoras, y ARCHETYPE GROUP, experto en ingenier\u00eda, &#8230;<\/p>\n<\/div>\n\n<a class=\"eos-hl\" onclick=\"window.open(&apos;https:\/\/www.groupeidec.com\/es\/actualite\/idec-group-asia-vous-souhaite-une-bonne-annee-chinoise-2022\/&apos;,&apos;_self&apos;);\" >Leer m\u00e1s<\/a>\n<\/div>\n<\/div>\n\t\t\t<\/div>\n\t\t\t\n\t\t\t\n\t        <div class=\"col-md-4 col-sm-6\">\n<div class=\"actualite-mini grve-animated-item grve-duration-normal grve-zoom-in grve-animated\">\n\n<div class=\"actualite-left\"><span style=\"background-image:url(https:\/\/www.groupeidec.com\/wp-content\/uploads\/2021\/06\/photo-illustration-itw-bim-web-768x1024-1.jpg);\"><img decoding=\"async\" class=\"actualite-logo\" src=\"https:\/\/www.groupeidec.com\/wp-content\/uploads\/2021\/06\/logo-idec-sante.png\" alt=\"\" \/><\/span><\/div>\n\n\n<div class=\"actualite-caption\">\n<h2><a class=\"eos-hl\" onclick=\"window.open(&apos;https:\/\/www.idec-sante.com\/2021\/06\/16\/le-bim-chez-idec-sante-et-er2i-explique-par-ridha-bim-manager-idec-sante-et-laurine-yoann-bim-managers-er2i\/&apos;,&apos;_blank&apos;);\"  target=\"_blank\" rel=\"noopener\">EL BIM EN IDEC SANTE Y EN ER2I EXPLICADO POR RIDHA, DIRECTORA DE BIM (EN IDEC SANTE) Y LAURINE Y YOANN, DIRECTORES DE BIM (EN ER2I)<\/a><\/h2>\n<div class=\"actualite-date\">16 de junio de 2021<\/div>\n<div class=\"actualite-champ\"><p>El BIM (Modelado de Informaci\u00f3n para Edificaci\u00f3n), omnipresente en la vida diaria de nuestros proyectos, sigue siendo un t\u00e9rmino abstracto para muchos de nosotros. Ridha, directora de BIM en IDEC SANTE y Laurine y Yoann, &#8230;<\/p>\n<\/div>\n\n<a class=\"eos-hl\" onclick=\"window.open(&apos;https:\/\/www.idec-sante.com\/2021\/06\/16\/le-bim-chez-idec-sante-et-er2i-explique-par-ridha-bim-manager-idec-sante-et-laurine-yoann-bim-managers-er2i\/&apos;,&apos;_blank&apos;);\"  target=\"_blank\" rel=\"noopener\">Leer m\u00e1s<\/a>\n<\/div>\n<\/div>\n\t\t\t<\/div>\n\t\t\t\n\t\t\t\n\t        <div class=\"col-md-4 col-sm-6\">\n<div class=\"actualite-mini grve-animated-item grve-duration-normal grve-zoom-in grve-animated\">\n\n<div class=\"actualite-left\"><span style=\"background-image:url(https:\/\/www.groupeidec.com\/wp-content\/uploads\/2021\/06\/webserie-charge-affaires-300x169.jpg);\"><img decoding=\"async\" class=\"actualite-logo\" src=\"\" alt=\"\" \/><\/span><\/div>\n\n\n<div class=\"actualite-caption\">\n<h2><a href=\"https:\/\/www.groupeidec.com\/es\/actualite\/decouvrez-le-deuxieme-episode-de-notre-webserie-charge-daffaires-groupe-idec\/\">DESCUBRA EL SEGUNDO EPISODIO DE NUESTRA SERIE WEB: RESPONSABLE DE NEGOCIO DE GROUPE IDEC<\/a><\/h2>\n<div class=\"actualite-date\">11 de junio de 2021<\/div>\n<div class=\"actualite-champ\"><p>Audacia, exigencia, esp\u00edritu de superaci\u00f3n, trabajo en equipo, estos valores que animan a los deportistas de \u00e9lite que apoyamos ilustran igualmente la implicaci\u00f3n de nuestros empleados al servicio de nuestros proyectos. Descubra el segundo episodio &#8230;<\/p>\n<\/div>\n\n<a class=\"eos-hl\" onclick=\"window.open(&apos;https:\/\/www.groupeidec.com\/es\/actualite\/decouvrez-le-deuxieme-episode-de-notre-webserie-charge-daffaires-groupe-idec\/&apos;,&apos;_self&apos;);\" >Leer m\u00e1s<\/a>\n<\/div>\n<\/div>\n\t\t\t<\/div>\n\t\t\t\n\t\t\t\n\t        <div class=\"col-md-4 col-sm-6\">\n<div class=\"actualite-mini grve-animated-item grve-duration-normal grve-zoom-in grve-animated\">\n\n<div class=\"actualite-left\"><span style=\"background-image:url(https:\/\/www.groupeidec.com\/wp-content\/uploads\/2021\/06\/photo-col-arefim-artenay-45-210608-01-768x576-1.jpg);\"><img decoding=\"async\" class=\"actualite-logo\" src=\"https:\/\/www.groupeidec.com\/wp-content\/uploads\/2020\/07\/idec.png\" alt=\"\" \/><\/span><\/div>\n\n\n<div class=\"actualite-caption\">\n<h2><a class=\"eos-hl\" onclick=\"window.open(&apos;https:\/\/www.idec-ingenierie.com\/article-fr\/idec-remet-les-cles-a-arefim-dun-entrepot-de-47-000-m%c2%b2-a-artenay-45\/&apos;,&apos;_blank&apos;);\"  target=\"_blank\" rel=\"noopener\">IDEC ENTREGA A AREFIM LAS LLAVES DE UN ALMAC\u00c9N DE 47.000 M\u00b2 EN ARTENAY (DEPARTAMENTO DE LOIRET)<\/a><\/h2>\n<div class=\"actualite-date\">10 de junio de 2021<\/div>\n<div class=\"actualite-champ\"><p>El jueves 20 de mayo, tras 12 meses de obras, AREFIM recibi\u00f3 las llaves de su almac\u00e9n de 47.000 m\u00b2 en el t\u00e9rmino municipal de Artenay, al norte de Orleans. Este proyecto es fruto de &#8230;<\/p>\n<\/div>\n\n<a class=\"eos-hl\" onclick=\"window.open(&apos;https:\/\/www.idec-ingenierie.com\/article-fr\/idec-remet-les-cles-a-arefim-dun-entrepot-de-47-000-m%c2%b2-a-artenay-45\/&apos;,&apos;_blank&apos;);\"  target=\"_blank\" rel=\"noopener\">Leer m\u00e1s<\/a>\n<\/div>\n<\/div>\n\t\t\t<\/div>\n\t\t\t\n\t\t\t\n\t        <div class=\"col-md-4 col-sm-6\">\n<div class=\"actualite-mini grve-animated-item grve-duration-normal grve-zoom-in grve-animated\">\n\n<div class=\"actualite-left\"><span style=\"background-image:url(https:\/\/www.groupeidec.com\/wp-content\/uploads\/2021\/06\/oyonnax-1280x853-1.jpg);\"><img decoding=\"async\" class=\"actualite-logo\" src=\"https:\/\/www.groupeidec.com\/wp-content\/uploads\/2021\/03\/idec-invest.png\" alt=\"\" \/><\/span><\/div>\n\n\n<div class=\"actualite-caption\">\n<h2><a class=\"eos-hl\" onclick=\"window.open(&apos;https:\/\/www.groupeidec-invest.com\/le-logisticien-geodis-client-historique-du-groupe-idec-renouvelle-sa-confiance-a-groupe-idec-invest-societe-dinvestissement-du-groupe-idec\/&apos;,&apos;_blank&apos;);\"  target=\"_blank\" rel=\"noopener\">LA EMPRESA LOG\u00cdSTICA GEODIS, CLIENTE HIST\u00d3RICO DE GROUPE IDEC, RENUEVA SU CONFIANZA EN GROUPE IDEC INVEST, SOCIEDAD INVERSORA DE GROUPE IDEC<\/a><\/h2>\n<div class=\"actualite-date\">9 de junio de 2021<\/div>\n<div class=\"actualite-champ\"><p>La filial regional RHONE DAUPHINE EXPRESS (anteriormente Calberson Europe Rh\u00f4ne Alpes) renueva su confianza en GROUPE IDEC INVEST a trav\u00e9s de su filial SCI PROSDIM MS OYONNAX al firmar un nuevo arrendamiento comercial por una &#8230;<\/p>\n<\/div>\n\n<a class=\"eos-hl\" onclick=\"window.open(&apos;https:\/\/www.groupeidec-invest.com\/le-logisticien-geodis-client-historique-du-groupe-idec-renouvelle-sa-confiance-a-groupe-idec-invest-societe-dinvestissement-du-groupe-idec\/&apos;,&apos;_blank&apos;);\"  target=\"_blank\" rel=\"noopener\">Leer m\u00e1s<\/a>\n<\/div>\n<\/div>\n\t\t\t<\/div>\n\t\t\t\n\t\t\t\n\t        <div class=\"col-md-4 col-sm-6\">\n<div class=\"actualite-mini grve-animated-item grve-duration-normal grve-zoom-in grve-animated\">\n\n<div class=\"actualite-left\"><span style=\"background-image:url(https:\/\/www.groupeidec.com\/wp-content\/uploads\/2020\/09\/cdm-contrast-web-768x433-363.jpg);\"><img decoding=\"async\" class=\"actualite-logo\" src=\"https:\/\/www.groupeidec.com\/wp-content\/uploads\/2021\/06\/logo-idec-sante.png\" alt=\"\" \/><\/span><\/div>\n\n\n<div class=\"actualite-caption\">\n<h2><a class=\"eos-hl\" onclick=\"window.open(&apos;https:\/\/www.idec-sante.com\/2021\/06\/08\/idec-sante-accompagne-cdm-dans-levolution-de-son-site-industriel-pharmaceutique\/&apos;,&apos;_blank&apos;);\"  target=\"_blank\" rel=\"noopener\">IDEC SANT\u00c9 ACOMPA\u00d1A A CDM EN LA AMPLIACI\u00d3N Y RENOVACI\u00d3N DE SU PLANTA FARMAC\u00c9UTICA<\/a><\/h2>\n<div class=\"actualite-date\">8 de junio de 2021<\/div>\n<div class=\"actualite-champ\"><p>CDM ha renovado su confianza en los equipos de IDEC SANT\u00c9 para las obras de su planta de producci\u00f3n de la Chauss\u00e9e-Saint-Victor (departamento de Loir y Cher). Tras una primera colaboraci\u00f3n, ambas partes van a &#8230;<\/p>\n<\/div>\n\n<a class=\"eos-hl\" onclick=\"window.open(&apos;https:\/\/www.idec-sante.com\/2021\/06\/08\/idec-sante-accompagne-cdm-dans-levolution-de-son-site-industriel-pharmaceutique\/&apos;,&apos;_blank&apos;);\"  target=\"_blank\" rel=\"noopener\">Leer m\u00e1s<\/a>\n<\/div>\n<\/div>\n\t\t\t<\/div>\n\t\t\t\n\t\t\t\n\t        <div class=\"col-md-4 col-sm-6\">\n<div class=\"actualite-mini grve-animated-item grve-duration-normal grve-zoom-in grve-animated\">\n\n<div class=\"actualite-left\"><span style=\"background-image:url(https:\/\/www.groupeidec.com\/wp-content\/uploads\/2021\/06\/fludis-groupe-idec-invest-640x427-1.jpg);\"><img decoding=\"async\" class=\"actualite-logo\" src=\"https:\/\/www.groupeidec.com\/wp-content\/uploads\/2021\/03\/idec-invest.png\" alt=\"\" \/><\/span><\/div>\n\n\n<div class=\"actualite-caption\">\n<h2><a class=\"eos-hl\" onclick=\"window.open(&apos;https:\/\/www.groupeidec-invest.com\/fludis-soutenu-par-le-groupe-idec-continue-son-developpement\/&apos;,&apos;_blank&apos;);\"  target=\"_blank\" rel=\"noopener\">FLUDIS PROSIGUE SU DESARROLLO APOYADO POR GROUPE IDEC<\/a><\/h2>\n<div class=\"actualite-date\">4 de junio de 2021<\/div>\n<div class=\"actualite-champ\"><p>FLUDIS, iniciada por la empresa AMME y apoyada por GROUPE IDEC, sigue desarroll\u00e1ndose y acomete nuevos proyectos a favor de una log\u00edstica urbana sin emisiones de carbono. Al combinar los barcos almac\u00e9n con las plantas &#8230;<\/p>\n<\/div>\n\n<a class=\"eos-hl\" onclick=\"window.open(&apos;https:\/\/www.groupeidec-invest.com\/fludis-soutenu-par-le-groupe-idec-continue-son-developpement\/&apos;,&apos;_blank&apos;);\"  target=\"_blank\" rel=\"noopener\">Leer m\u00e1s<\/a>\n<\/div>\n<\/div>\n\t\t\t<\/div>\n\t\t\t\n\t\t\t\n\t        <div class=\"col-md-4 col-sm-6\">\n<div class=\"actualite-mini grve-animated-item grve-duration-normal grve-zoom-in grve-animated\">\n\n<div class=\"actualite-left\"><span style=\"background-image:url(https:\/\/www.groupeidec.com\/wp-content\/uploads\/2021\/06\/whatsapp-image-2021-05-30-at-22-19-39.jpeg);\"><img decoding=\"async\" class=\"actualite-logo\" src=\"https:\/\/www.groupeidec.com\/wp-content\/uploads\/2021\/06\/idec-sport.png\" alt=\"\" \/><\/span><\/div>\n\n\n<div class=\"actualite-caption\">\n<h2><a class=\"eos-hl\" onclick=\"window.open(&apos;https:\/\/www.idecsport.com\/violette-dorange-et-alan-roberts-neuviemes-de-la-transat-en-double\/&apos;,&apos;_blank&apos;);\"  target=\"_blank\" rel=\"noopener\">VIOLETTE DORANGE Y ALAN ROBERTS, NOVENOS EN LA TRANSAT EN DOUBLE<\/a><\/h2>\n<div class=\"actualite-date\">1 de junio de 2021<\/div>\n<div class=\"actualite-champ\"><p>Violette Dorange : \u00ab Pasar 20 d\u00edas en pareja en el mar es algo bastante incre\u00edble. Hemos hecho un recorrido estupendo, una buena estrategia. Nos sentimos satisfechos de nosotros mismos, hemos hecho una buena carrera, &#8230;<\/p>\n<\/div>\n\n<a class=\"eos-hl\" onclick=\"window.open(&apos;https:\/\/www.idecsport.com\/violette-dorange-et-alan-roberts-neuviemes-de-la-transat-en-double\/&apos;,&apos;_blank&apos;);\"  target=\"_blank\" rel=\"noopener\">Leer m\u00e1s<\/a>\n<\/div>\n<\/div>\n\t\t\t<\/div>\n\t\t\t\n\t\t\t\n\t        <div class=\"col-md-4 col-sm-6\">\n<div class=\"actualite-mini grve-animated-item grve-duration-normal grve-zoom-in grve-animated\">\n\n<div class=\"actualite-left\"><span style=\"background-image:url(https:\/\/www.groupeidec.com\/wp-content\/uploads\/2021\/06\/210601-idec-dalle-beton-bas-carbone-768x432-1.jpeg);\"><img decoding=\"async\" class=\"actualite-logo\" src=\"https:\/\/www.groupeidec.com\/wp-content\/uploads\/2020\/07\/idec.png\" alt=\"\" \/><\/span><\/div>\n\n\n<div class=\"actualite-caption\">\n<h2><a class=\"eos-hl\" onclick=\"window.open(&apos;https:\/\/www.idec-ingenierie.com\/article-fr\/idec-coule-sa-premiere-dalle-en-beton-bas-carbone-premiere-de-cette-envergure-sur-un-site-logistique\/&apos;,&apos;_blank&apos;);\"  target=\"_blank\" rel=\"noopener\">IDEC VAC\u00cdA SU PRIMERA LOSA DE HORMIG\u00d3N BAJA EN CARBONO: PRIMERA DE ESTA ENVERGADURA EN UNA PLANTA LOG\u00cdSTICA<\/a><\/h2>\n<div class=\"actualite-date\">1 de junio de 2021<\/div>\n<div class=\"actualite-champ\"><p>El 27 de mayo IDEC vaci\u00f3 su primera losa exterior de hormig\u00f3n baja en carbono. La losa fue vaciada en la planta de PROLOGIS en Moissy-Cramayel (departamento de Sena y Marne), cuyos equipos realizan en &#8230;<\/p>\n<\/div>\n\n<a class=\"eos-hl\" onclick=\"window.open(&apos;https:\/\/www.idec-ingenierie.com\/article-fr\/idec-coule-sa-premiere-dalle-en-beton-bas-carbone-premiere-de-cette-envergure-sur-un-site-logistique\/&apos;,&apos;_blank&apos;);\"  target=\"_blank\" rel=\"noopener\">Leer m\u00e1s<\/a>\n<\/div>\n<\/div>\n\t\t\t<\/div>\n\t\t\t\n\t\t\t\n\t        <div class=\"col-md-4 col-sm-6\">\n<div class=\"actualite-mini grve-animated-item grve-duration-normal grve-zoom-in grve-animated\">\n\n<div class=\"actualite-left\"><span style=\"background-image:url(https:\/\/www.groupeidec.com\/wp-content\/uploads\/2021\/05\/calypso-bureaux-lieux-de-vie-saint-herblain.jpg);\"><img decoding=\"async\" class=\"actualite-logo\" src=\"https:\/\/www.groupeidec.com\/wp-content\/uploads\/2021\/03\/idec-invest.png\" alt=\"\" \/><\/span><\/div>\n\n\n<div class=\"actualite-caption\">\n<h2><a class=\"eos-hl\" onclick=\"window.open(&apos;https:\/\/www.groupeidec-invest.com\/groupe-idec-invest-realise-sa-premiere-operation-avec-bureaux-co-a-saint-herblain-44\/&apos;,&apos;_blank&apos;);\"  target=\"_blank\" rel=\"noopener\">GROUPE IDEC INVEST REALIZA SU PRIMER PROYECTO CON BUREAUX &#038; CO EN SAINT-HERBLAIN (DEPARTAMENTO DE LOIRA ATL\u00c1NTICO)<\/a><\/h2>\n<div class=\"actualite-date\">31 de mayo de 2021<\/div>\n<div class=\"actualite-champ\"><p>GROUPE IDEC INVEST, inversora de GROUPE IDEC especializada en inversiones, y BUREAUX&#038;CO comienzan su colaboraci\u00f3n en la periferia de Nantes con la construcci\u00f3n de nuevos espacios colaborativos: Le Calypso, un edificio ya existente, situado en &#8230;<\/p>\n<\/div>\n\n<a class=\"eos-hl\" onclick=\"window.open(&apos;https:\/\/www.groupeidec-invest.com\/groupe-idec-invest-realise-sa-premiere-operation-avec-bureaux-co-a-saint-herblain-44\/&apos;,&apos;_blank&apos;);\"  target=\"_blank\" rel=\"noopener\">Leer m\u00e1s<\/a>\n<\/div>\n<\/div>\n\t\t\t<\/div>\n\t\t\t\n\t\t\t\n\t        <div class=\"col-md-4 col-sm-6\">\n<div class=\"actualite-mini grve-animated-item grve-duration-normal grve-zoom-in grve-animated\">\n\n<div class=\"actualite-left\"><span style=\"background-image:url(https:\/\/www.groupeidec.com\/wp-content\/uploads\/2021\/05\/signes-058-scaled-1.jpg);\"><img decoding=\"async\" class=\"actualite-logo\" src=\"https:\/\/www.groupeidec.com\/wp-content\/uploads\/2021\/06\/logo-fp-fond-fonce_1.png\" alt=\"\" \/><\/span><\/div>\n\n\n<div class=\"actualite-caption\">\n<h2><a class=\"eos-hl\" onclick=\"window.open(&apos;https:\/\/www.faubourg-promotion.com\/actualites\/construction\/faubourg-promotion-lance-un-parc-dactivite-a-signes-83&apos;,&apos;_blank&apos;);\"  target=\"_blank\" rel=\"noopener\">FAUBOURG PROMOTION LANZA UN PARQUE DE ACTIVIDADES EN<\/a><\/h2>\n<div class=\"actualite-date\">31 de mayo de 2021<\/div>\n<div class=\"actualite-champ\"><p>Este nuevo parque de actividades dedicado al autom\u00f3vil se encuentra en el departamento de Var, junto al circuito Paul Ricard, teatro del Gran Premio de F\u00f3rmula 1 de Francia.<\/p>\n<\/div>\n\n<a class=\"eos-hl\" onclick=\"window.open(&apos;https:\/\/www.faubourg-promotion.com\/actualites\/construction\/faubourg-promotion-lance-un-parc-dactivite-a-signes-83&apos;,&apos;_blank&apos;);\"  target=\"_blank\" rel=\"noopener\">Leer m\u00e1s<\/a>\n<\/div>\n<\/div>\n\t\t\t<\/div>\n\t\t\t\n\t\t\t\n\t        <div class=\"col-md-4 col-sm-6\">\n<div class=\"actualite-mini grve-animated-item grve-duration-normal grve-zoom-in grve-animated\">\n\n<div class=\"actualite-left\"><span style=\"background-image:url(https:\/\/www.groupeidec.com\/wp-content\/uploads\/2021\/05\/saint-ouen-m3-rue-ardouin-03-0.jpg);\"><img decoding=\"async\" class=\"actualite-logo\" src=\"https:\/\/www.groupeidec.com\/wp-content\/uploads\/2021\/06\/logo-fi-fond-fonce_1.png\" alt=\"\" \/><\/span><\/div>\n\n\n<div class=\"actualite-caption\">\n<h2><a class=\"eos-hl\" onclick=\"window.open(&apos;https:\/\/www.faubourg-immobilier.com\/acheter-dans-le-neuf\/actualite\/one-saint-ouen-sur-seine-93-une-residence-unique-signee-faubourg&apos;,&apos;_blank&apos;);\"  target=\"_blank\" rel=\"noopener\">THE ONE EN SAINT-OUEN-SUR-SEINE (DEPARTAMENTO DE SENA-SAN DENIS): UNA RESIDENCIA \u00daNICA CON LA INSIGNIA FAUBOURG IMMOBILIER<\/a><\/h2>\n<div class=\"actualite-date\">28 de mayo de 2021<\/div>\n<div class=\"actualite-champ\"><p>FAUBOURG IMMOBILIER, especialista de la inmobiliaria residencial de calidad, lanza la segunda fase de comercializaci\u00f3n de \u00abThe One\u00bb, un excepcional proyecto situado en pleno centro del nuevo ecobarrio de los Docks de Saint-Ouen-sur-Seine (departamento de &#8230;<\/p>\n<\/div>\n\n<a class=\"eos-hl\" onclick=\"window.open(&apos;https:\/\/www.faubourg-immobilier.com\/acheter-dans-le-neuf\/actualite\/one-saint-ouen-sur-seine-93-une-residence-unique-signee-faubourg&apos;,&apos;_blank&apos;);\"  target=\"_blank\" rel=\"noopener\">Leer m\u00e1s<\/a>\n<\/div>\n<\/div>\n\t\t\t<\/div>\n\t\t\t\n\t\t<\/div>\n\t<\/div>\n\t\n\t\n\t\n\n<div class=\"actualites-pager\">\n<ul class=\"wpv-pagination-nav-links-container js-wpv-pagination-nav-links-container pagination\"><li class=\"wpv-pagination-nav-links-item js-wpv-pagination-nav-links-item page-item wpv-page-link-1574-1 js-wpv-page-link-1574-1 wpv_page_current wpv-pagination-nav-links-item-current active\"><span class=\"wpv-filter-pagination-link page-link\">1<\/span><\/li><li class=\"wpv-pagination-nav-links-item js-wpv-pagination-nav-links-item page-item wpv-page-link-1574-2 js-wpv-page-link-1574-2\"><a class=\"wpv-filter-pagination-link js-wpv-pagination-link page-link\" title=\"2\" href=\"\/es\/wp-json\/wp\/v2\/pages\/315892?wpv_view_count=1574&#038;wpv_paged=2\" data-viewnumber=\"1574\" data-page=\"2\">2<\/a><\/li><li  class=\"page-item\"><a class=\"wpv-filter-next-link js-wpv-pagination-next-link page-link \"  href=\"\/es\/wp-json\/wp\/v2\/pages\/315892?wpv_view_count=1574&#038;wpv_paged=2\"\n\t\t\t\t\tdata-viewnumber=\"1574\" data-page=\"2\"><span>Pr\u00f3ximo <\/span>\u00bb<\/a><\/li><\/ul><\/div>\n<\/div>\n[\/vc_column_text][\/vc_column][\/vc_row]<\/div>\n<\/div>","protected":false},"excerpt":{"rendered":"Noticias Todas CorporativasDise\u00f1o y construcci\u00f3nIDEC SPORTInversionesPlanificaci\u00f3n y promoci\u00f3nSin categorizar pHYnix se refuerza en el mercado con la entrada en su capital de EIT InnoEnergy y de GROUPE IDEC a trav\u00e9s de su filial GROUPE IDEC INVEST Innovation 10 de mayo de 2022 El GROUPE IDEC, a trav\u00e9s de su filial GROUPE IDEC INVEST Innovation, ha [...]","protected":false},"author":1,"featured_media":1102,"parent":0,"menu_order":0,"comment_status":"closed","ping_status":"closed","template":"","meta":{"inline_featured_image":false,"footnotes":""},"class_list":["post-315892","page","type-page","status-publish","has-post-thumbnail","hentry"],"yoast_head":"<!-- This site is optimized with the Yoast SEO plugin v27.4 - https:\/\/yoast.com\/product\/yoast-seo-wordpress\/ -->\n<title>Noticias | GROUPE IDEC<\/title>\n<meta name=\"description\" content=\"Encuentra todas las novedades del GRUPO IDEC, Planificaci\u00f3n, Promoci\u00f3n, Inversi\u00f3n, Dise\u00f1o, Construcci\u00f3n y Deporte\" \/>\n<meta name=\"robots\" content=\"index, follow, max-snippet:-1, max-image-preview:large, max-video-preview:-1\" \/>\n<link rel=\"canonical\" href=\"https:\/\/www.groupeidec.com\/es\/noticias\/\" \/>\n<meta property=\"og:locale\" content=\"es_ES\" \/>\n<meta property=\"og:type\" content=\"article\" \/>\n<meta property=\"og:title\" content=\"Noticias | GROUPE IDEC\" \/>\n<meta property=\"og:description\" content=\"Encuentra todas las novedades del GRUPO IDEC, Planificaci\u00f3n, Promoci\u00f3n, Inversi\u00f3n, Dise\u00f1o, Construcci\u00f3n y Deporte\" \/>\n<meta property=\"og:url\" content=\"https:\/\/www.groupeidec.com\/es\/noticias\/\" \/>\n<meta property=\"og:site_name\" content=\"Groupe IDEC\" \/>\n<meta property=\"article:publisher\" content=\"https:\/\/www.facebook.com\/groupeidec\/\" \/>\n<meta property=\"article:modified_time\" content=\"2021-06-25T13:02:30+00:00\" \/>\n<meta property=\"og:image\" content=\"https:\/\/www.groupeidec.com\/wp-content\/uploads\/2018\/03\/Header-Groupe-IDEC.jpg\" \/>\n\t<meta property=\"og:image:width\" content=\"1920\" \/>\n\t<meta property=\"og:image:height\" content=\"1280\" \/>\n\t<meta property=\"og:image:type\" content=\"image\/jpeg\" \/>\n<meta name=\"twitter:card\" content=\"summary_large_image\" \/>\n<meta name=\"twitter:label1\" content=\"Tiempo de lectura\" \/>\n\t<meta name=\"twitter:data1\" content=\"1 minuto\" \/>\n<script type=\"application\/ld+json\" class=\"yoast-schema-graph\">{\"@context\":\"https:\\\/\\\/schema.org\",\"@graph\":[{\"@type\":\"WebPage\",\"@id\":\"https:\\\/\\\/www.groupeidec.com\\\/es\\\/noticias\\\/\",\"url\":\"https:\\\/\\\/www.groupeidec.com\\\/es\\\/noticias\\\/\",\"name\":\"Noticias | GROUPE IDEC\",\"isPartOf\":{\"@id\":\"https:\\\/\\\/www.groupeidec.com\\\/es\\\/#website\"},\"primaryImageOfPage\":{\"@id\":\"https:\\\/\\\/www.groupeidec.com\\\/es\\\/noticias\\\/#primaryimage\"},\"image\":{\"@id\":\"https:\\\/\\\/www.groupeidec.com\\\/es\\\/noticias\\\/#primaryimage\"},\"thumbnailUrl\":\"https:\\\/\\\/www.groupeidec.com\\\/wp-content\\\/uploads\\\/2018\\\/03\\\/Header-Groupe-IDEC.jpg\",\"datePublished\":\"2018-09-06T17:06:07+00:00\",\"dateModified\":\"2021-06-25T13:02:30+00:00\",\"description\":\"Encuentra todas las novedades del GRUPO IDEC, Planificaci\u00f3n, Promoci\u00f3n, Inversi\u00f3n, Dise\u00f1o, Construcci\u00f3n y Deporte\",\"breadcrumb\":{\"@id\":\"https:\\\/\\\/www.groupeidec.com\\\/es\\\/noticias\\\/#breadcrumb\"},\"inLanguage\":\"es\",\"potentialAction\":[{\"@type\":\"ReadAction\",\"target\":[\"https:\\\/\\\/www.groupeidec.com\\\/es\\\/noticias\\\/\"]}]},{\"@type\":\"ImageObject\",\"inLanguage\":\"es\",\"@id\":\"https:\\\/\\\/www.groupeidec.com\\\/es\\\/noticias\\\/#primaryimage\",\"url\":\"https:\\\/\\\/www.groupeidec.com\\\/wp-content\\\/uploads\\\/2018\\\/03\\\/Header-Groupe-IDEC.jpg\",\"contentUrl\":\"https:\\\/\\\/www.groupeidec.com\\\/wp-content\\\/uploads\\\/2018\\\/03\\\/Header-Groupe-IDEC.jpg\",\"width\":1920,\"height\":1280},{\"@type\":\"BreadcrumbList\",\"@id\":\"https:\\\/\\\/www.groupeidec.com\\\/es\\\/noticias\\\/#breadcrumb\",\"itemListElement\":[{\"@type\":\"ListItem\",\"position\":1,\"name\":\"Accueil\",\"item\":\"https:\\\/\\\/www.groupeidec.com\\\/es\\\/\"},{\"@type\":\"ListItem\",\"position\":2,\"name\":\"Noticias\"}]},{\"@type\":\"WebSite\",\"@id\":\"https:\\\/\\\/www.groupeidec.com\\\/es\\\/#website\",\"url\":\"https:\\\/\\\/www.groupeidec.com\\\/es\\\/\",\"name\":\"Groupe IDEC\",\"description\":\"A la fois am\u00e9nageur, promoteur, investisseur et concepteur-constructeur cl\u00e9 en main, le GROUPE IDEC est l&#039;un des rares acteurs globaux du march\u00e9 immobilier fran\u00e7ais, pr\u00e9sent sur tous ces m\u00e9tiers.\",\"potentialAction\":[{\"@type\":\"SearchAction\",\"target\":{\"@type\":\"EntryPoint\",\"urlTemplate\":\"https:\\\/\\\/www.groupeidec.com\\\/es\\\/?s={search_term_string}\"},\"query-input\":{\"@type\":\"PropertyValueSpecification\",\"valueRequired\":true,\"valueName\":\"search_term_string\"}}],\"inLanguage\":\"es\"}]}<\/script>\n<!-- \/ Yoast SEO plugin. -->","yoast_head_json":{"title":"Noticias | GROUPE IDEC","description":"Encuentra todas las novedades del GRUPO IDEC, Planificaci\u00f3n, Promoci\u00f3n, Inversi\u00f3n, Dise\u00f1o, Construcci\u00f3n y Deporte","robots":{"index":"index","follow":"follow","max-snippet":"max-snippet:-1","max-image-preview":"max-image-preview:large","max-video-preview":"max-video-preview:-1"},"canonical":"https:\/\/www.groupeidec.com\/es\/noticias\/","og_locale":"es_ES","og_type":"article","og_title":"Noticias | GROUPE IDEC","og_description":"Encuentra todas las novedades del GRUPO IDEC, Planificaci\u00f3n, Promoci\u00f3n, Inversi\u00f3n, Dise\u00f1o, Construcci\u00f3n y Deporte","og_url":"https:\/\/www.groupeidec.com\/es\/noticias\/","og_site_name":"Groupe IDEC","article_publisher":"https:\/\/www.facebook.com\/groupeidec\/","article_modified_time":"2021-06-25T13:02:30+00:00","og_image":[{"width":1920,"height":1280,"url":"https:\/\/www.groupeidec.com\/wp-content\/uploads\/2018\/03\/Header-Groupe-IDEC.jpg","type":"image\/jpeg"}],"twitter_card":"summary_large_image","twitter_misc":{"Tiempo de lectura":"1 minuto"},"schema":{"@context":"https:\/\/schema.org","@graph":[{"@type":"WebPage","@id":"https:\/\/www.groupeidec.com\/es\/noticias\/","url":"https:\/\/www.groupeidec.com\/es\/noticias\/","name":"Noticias | GROUPE IDEC","isPartOf":{"@id":"https:\/\/www.groupeidec.com\/es\/#website"},"primaryImageOfPage":{"@id":"https:\/\/www.groupeidec.com\/es\/noticias\/#primaryimage"},"image":{"@id":"https:\/\/www.groupeidec.com\/es\/noticias\/#primaryimage"},"thumbnailUrl":"https:\/\/www.groupeidec.com\/wp-content\/uploads\/2018\/03\/Header-Groupe-IDEC.jpg","datePublished":"2018-09-06T17:06:07+00:00","dateModified":"2021-06-25T13:02:30+00:00","description":"Encuentra todas las novedades del GRUPO IDEC, Planificaci\u00f3n, Promoci\u00f3n, Inversi\u00f3n, Dise\u00f1o, Construcci\u00f3n y Deporte","breadcrumb":{"@id":"https:\/\/www.groupeidec.com\/es\/noticias\/#breadcrumb"},"inLanguage":"es","potentialAction":[{"@type":"ReadAction","target":["https:\/\/www.groupeidec.com\/es\/noticias\/"]}]},{"@type":"ImageObject","inLanguage":"es","@id":"https:\/\/www.groupeidec.com\/es\/noticias\/#primaryimage","url":"https:\/\/www.groupeidec.com\/wp-content\/uploads\/2018\/03\/Header-Groupe-IDEC.jpg","contentUrl":"https:\/\/www.groupeidec.com\/wp-content\/uploads\/2018\/03\/Header-Groupe-IDEC.jpg","width":1920,"height":1280},{"@type":"BreadcrumbList","@id":"https:\/\/www.groupeidec.com\/es\/noticias\/#breadcrumb","itemListElement":[{"@type":"ListItem","position":1,"name":"Accueil","item":"https:\/\/www.groupeidec.com\/es\/"},{"@type":"ListItem","position":2,"name":"Noticias"}]},{"@type":"WebSite","@id":"https:\/\/www.groupeidec.com\/es\/#website","url":"https:\/\/www.groupeidec.com\/es\/","name":"Groupe IDEC","description":"A la fois am\u00e9nageur, promoteur, investisseur et concepteur-constructeur cl\u00e9 en main, le GROUPE IDEC est l&#039;un des rares acteurs globaux du march\u00e9 immobilier fran\u00e7ais, pr\u00e9sent sur tous ces m\u00e9tiers.","potentialAction":[{"@type":"SearchAction","target":{"@type":"EntryPoint","urlTemplate":"https:\/\/www.groupeidec.com\/es\/?s={search_term_string}"},"query-input":{"@type":"PropertyValueSpecification","valueRequired":true,"valueName":"search_term_string"}}],"inLanguage":"es"}]}},"_links":{"self":[{"href":"https:\/\/www.groupeidec.com\/es\/wp-json\/wp\/v2\/pages\/315892","targetHints":{"allow":["GET"]}}],"collection":[{"href":"https:\/\/www.groupeidec.com\/es\/wp-json\/wp\/v2\/pages"}],"about":[{"href":"https:\/\/www.groupeidec.com\/es\/wp-json\/wp\/v2\/types\/page"}],"author":[{"embeddable":true,"href":"https:\/\/www.groupeidec.com\/es\/wp-json\/wp\/v2\/users\/1"}],"replies":[{"embeddable":true,"href":"https:\/\/www.groupeidec.com\/es\/wp-json\/wp\/v2\/comments?post=315892"}],"version-history":[{"count":4,"href":"https:\/\/www.groupeidec.com\/es\/wp-json\/wp\/v2\/pages\/315892\/revisions"}],"predecessor-version":[{"id":315896,"href":"https:\/\/www.groupeidec.com\/es\/wp-json\/wp\/v2\/pages\/315892\/revisions\/315896"}],"wp:featuredmedia":[{"embeddable":true,"href":"https:\/\/www.groupeidec.com\/es\/wp-json\/wp\/v2\/media\/1102"}],"wp:attachment":[{"href":"https:\/\/www.groupeidec.com\/es\/wp-json\/wp\/v2\/media?parent=315892"}],"curies":[{"name":"wp","href":"https:\/\/api.w.org\/{rel}","templated":true}]}}