{"id":315931,"date":"2021-05-06T10:51:10","date_gmt":"2021-05-06T08:51:10","guid":{"rendered":"https:\/\/www.groupeidec.com\/faire-grandir-les-hommes\/"},"modified":"2021-06-25T16:57:10","modified_gmt":"2021-06-25T14:57:10","slug":"contribuir-al-crecimiento-de-las-personas","status":"publish","type":"page","link":"https:\/\/www.groupeidec.com\/es\/contribuir-al-crecimiento-de-las-personas\/","title":{"rendered":"Contribuir al crecimiento de las personas"},"content":{"rendered":"<div class=\"wpb-content-wrapper\"><p>[vc_row heading_color=\u00bblight\u00bb bg_type=\u00bbhosted_video\u00bb bg_image=\u00bb19828&#8243; bg_video_loop=\u00bbno\u00bb color_overlay=\u00bbdark\u00bb opacity_overlay=\u00bb40&#8243; padding_top_multiplier=\u00bb6x\u00bb padding_bottom_multiplier=\u00bb6x\u00bb separator_bottom=\u00bblarge-triangle-separator\u00bb separator_bottom_size=\u00bb60px\u00bb font_color=\u00bb#ffffff\u00bb kswr_row_top_decor_enabled=\u00bbfalse\u00bb kswr_row_bottom_decor_enabled=\u00bbfalse\u00bb bg_video_webm=\u00bbhttps:\/\/www.groupeidec.com\/wp-content\/uploads\/2018\/12\/Video-header-Nos-Valeurs-groupe-idec.webm\u00bb bg_video_mp4=\u00bbhttps:\/\/www.groupeidec.com\/wp-content\/uploads\/2018\/12\/Video-header-Nos-Valeurs-groupe-idec.mp4&#8243; bg_video_ogv=\u00bbhttps:\/\/www.groupeidec.com\/wp-content\/uploads\/2018\/12\/Video-header-Nos-Valeurs-groupe-idec.ogv\u00bb][vc_column vertical_content_position=\u00bbmiddle\u00bb]<h1 class=\"grve-element grve-title grve-align-center grve-h1 grve-increase-heading grve-heading-120\" style=\"\"><span>Contribuir al crecimiento de las personas<\/span><\/h1>[\/vc_column][\/vc_row][vc_row padding_top_multiplier=\u00bb2x\u00bb padding_bottom_multiplier=\u00bb3x\u00bb columns_gap=\u00bb60&#8243; equal_column_height=\u00bbmiddle-content\u00bb tablet_landscape_equal_column_height=\u00bbfalse\u00bb tablet_portrait_equal_column_height=\u00bbfalse\u00bb mobile_equal_column_height=\u00bbfalse\u00bb kswr_row_top_decor_enabled=\u00bbfalse\u00bb kswr_row_bottom_decor_enabled=\u00bbfalse\u00bb][vc_column width=\u00bb1\/3&#8243; tablet_sm_width=\u00bb1-2&#8243;]<div class=\"grve-element grve-divider grve-animated-item grve-fade-in-up grve-duration-normal grve-align-left\" style=\"padding-bottom: 20px;\" data-delay=\"200\"><span class=\"grve-custom-divider grve-bg-primary-1\" style=\"width: 50px;height: 2px;\"><\/span><\/div><h2 class=\"grve-element grve-title grve-align-left grve-animated-item grve-duration-normal grve-fade-in-up grve-h4\" style=\"\" data-delay=\"400\"><span>Una relaci\u00f3n fuertemente implicada entre la universidad y la empresa<\/span><\/h2>[vc_column_text animation=\u00bbgrve-fade-in-up\u00bb animation_delay=\u00bb600&#8243;]<\/p>\n<p style=\"text-align: justify;\">Hemos apostado por los j\u00f3venes desde nuestra creaci\u00f3n para responder a nuestro anhelo de evoluci\u00f3n y crecimiento. Al establecer relaciones de preferencia con numerosos centros universitarios (INSA, IUT Bourges, Lyc\u00e9e GAUDIER BRZESKA, etc.), contribuimos a la formaci\u00f3n de nuevos talentos que permitir\u00e1n construir los proyectos inmobiliarios de ma\u00f1ana. Esta estrategia se ilustra en la pr\u00e1ctica con la acogida cada a\u00f1o de un centenar de becarios y estudiantes en alternancia, muchos de los cuales se quedan con nosotros al terminar su formaci\u00f3n o se enrolan en la realizaci\u00f3n de grandes proyectos universitarios.<\/p>\n<p>[\/vc_column_text][\/vc_column][vc_column width=\u00bb2\/3&#8243; tablet_sm_width=\u00bb1-2&#8243; clipping_animation=\u00bbclipping-left\u00bb animation_delay=\u00bb800&#8243; css=\u00bb.vc_custom_1622791791149{background-position: center !important;background-repeat: no-repeat !important;background-size: cover !important;}\u00bb]<div class=\"grve-element grve-image grve-align-center grve-full-image grve-image-space-100\" style=\"\">  <div class=\"grve-image-wrapper\"><img loading=\"lazy\" decoding=\"async\" width=\"1024\" height=\"640\" src=\"https:\/\/www.groupeidec.com\/wp-content\/uploads\/2021\/05\/insa-1024x640-1.jpg\" class=\"attachment-full size-full\" alt=\"\" srcset=\"https:\/\/www.groupeidec.com\/wp-content\/uploads\/2021\/05\/insa-1024x640-1.jpg 1024w, https:\/\/www.groupeidec.com\/wp-content\/uploads\/2021\/05\/insa-1024x640-1-300x188.jpg 300w, https:\/\/www.groupeidec.com\/wp-content\/uploads\/2021\/05\/insa-1024x640-1-768x480.jpg 768w\" sizes=\"auto, (max-width: 1024px) 100vw, 1024px\" \/>   <\/div><\/div>[\/vc_column][\/vc_row][vc_row bg_type=\u00bbimage\u00bb bg_image=\u00bb1279&#8243; bg_image_type=\u00bbfixed\u00bb pattern_overlay=\u00bbyes\u00bb padding_top_multiplier=\u00bb2x\u00bb padding_bottom_multiplier=\u00bb2x\u00bb kswr_row_top_decor_enabled=\u00bbfalse\u00bb kswr_row_bottom_decor_enabled=\u00bbfalse\u00bb][vc_column width=\u00bb1\/6&#8243; font_color=\u00bb#ffffff\u00bb][\/vc_column][vc_column width=\u00bb2\/3&#8243; heading_color=\u00bblight\u00bb font_color=\u00bb#ffffff\u00bb][vc_column_text]<\/p>\n<h6 style=\"text-align: center;\"><em>\u00ab GROUPE IDEC se ha construido sobre compromisos sociales, medioambientales y econ\u00f3micos. Somos igualmente conscientes de la necesidad de ofrecer un entorno y las condiciones laborales mejor adaptadas a nuestros empleados para que puedan expresar todo su talento, su audacia y su pasi\u00f3n. \u00bb<\/em><\/h6>\n<p style=\"text-align: center;\"><strong>Patrice GAYE<\/strong>, Director de Recursos Humanos<\/p>\n<p>[\/vc_column_text][\/vc_column][vc_column width=\u00bb1\/6&#8243;][\/vc_column][\/vc_row][vc_row section_type=\u00bbfullwidth\u00bb bg_type=\u00bbimage\u00bb bg_image=\u00bb315166&#8243; bg_image_type=\u00bbfixed\u00bb padding_top_multiplier=\u00bb\u00bb padding_bottom_multiplier=\u00bb\u00bb columns_gap=\u00bbnone\u00bb equal_column_height=\u00bbmiddle-content\u00bb tablet_portrait_equal_column_height=\u00bbfalse\u00bb mobile_equal_column_height=\u00bbfalse\u00bb kswr_row_top_decor_enabled=\u00bbfalse\u00bb kswr_row_bottom_decor_enabled=\u00bbfalse\u00bb][vc_column width=\u00bb1\/2&#8243; heading_color=\u00bblight\u00bb animation_delay=\u00bb800&#8243; font_color=\u00bb#ffffff\u00bb][\/vc_column][vc_column width=\u00bb1\/2&#8243; css=\u00bb.vc_custom_1621344715362{padding-top: 5% !important;padding-right: 10% !important;padding-bottom: 5% !important;padding-left: 10% !important;background-color: rgba(255,255,255,0.8) !important;*background-color: rgb(255,255,255) !important;}\u00bb]<div class=\"grve-empty-space grve-height-4x\" style=\"\"><\/div><div class=\"grve-element grve-divider grve-animated-item grve-fade-in-up grve-duration-normal grve-align-left\" style=\"padding-bottom: 20px;\" data-delay=\"200\"><span class=\"grve-custom-divider grve-bg-primary-1\" style=\"width: 50px;height: 2px;\"><\/span><\/div><h2 class=\"grve-element grve-title grve-align-left grve-animated-item grve-duration-normal grve-fade-in-up grve-h4\" style=\"\" data-delay=\"400\"><span>La formaci\u00f3n, nuestra prioridad<\/span><\/h2>[vc_column_text animation=\u00bbgrve-fade-in-up\u00bb animation_delay=\u00bb600&#8243;]<\/p>\n<p style=\"text-align: justify;\">Para garantizar el bienestar de nuestros empleados y su capacidad para expresar su talento en las mejores condiciones, cada a\u00f1o establecemos un ambicioso plan de formaci\u00f3n. Con m\u00e1s de 400 personas formadas en dos a\u00f1os y casi 7.000 horas de formaci\u00f3n, hemos contribuido con organismos asociados a responder a las exigencias del desarrollo de competencias de nuestros equipos, especialmente en materia de gesti\u00f3n, formaci\u00f3n t\u00e9cnica o sensibilizaci\u00f3n en la prevenci\u00f3n.<\/p>\n<p>[\/vc_column_text]<div class=\"grve-empty-space grve-height-4x\" style=\"\"><\/div>[\/vc_column][\/vc_row][vc_row padding_top_multiplier=\u00bb2x\u00bb padding_bottom_multiplier=\u00bb3x\u00bb columns_gap=\u00bb60&#8243; equal_column_height=\u00bbmiddle-content\u00bb tablet_landscape_equal_column_height=\u00bbfalse\u00bb tablet_portrait_equal_column_height=\u00bbfalse\u00bb mobile_equal_column_height=\u00bbfalse\u00bb kswr_row_top_decor_enabled=\u00bbfalse\u00bb kswr_row_bottom_decor_enabled=\u00bbfalse\u00bb][vc_column width=\u00bb1\/3&#8243; tablet_sm_width=\u00bb1-2&#8243;]<div class=\"grve-element grve-divider grve-animated-item grve-fade-in-up grve-duration-normal grve-align-left\" style=\"padding-bottom: 20px;\" data-delay=\"200\"><span class=\"grve-custom-divider grve-bg-primary-1\" style=\"width: 50px;height: 2px;\"><\/span><\/div><h2 class=\"grve-element grve-title grve-align-left grve-animated-item grve-duration-normal grve-fade-in-up grve-h4\" style=\"\" data-delay=\"400\"><span>Un Grupo implicado con la discapacidad<\/span><\/h2>[vc_column_text animation=\u00bbgrve-fade-in-up\u00bb animation_delay=\u00bb600&#8243; css=\u00bb.vc_custom_1624632028242{margin-bottom: 20px !important;}\u00bb]<\/p>\n<p style=\"text-align: justify;\">Estamos comprometidos con la integraci\u00f3n de empleados discapacitados. Creemos m\u00e1s que nunca en el efecto positivo de esta orientaci\u00f3n que ofrece a todos los empleados una apertura de mente y un cierto sentido de la benevolencia. Nuestra pol\u00edtica de discapacidad se estructura en torno a tres ejes principales: el nombramiento de un referente de discapacidad, la comunicaci\u00f3n entre los empleados y toda una serie de acciones para favorecer el mantenimiento del empleo y la contrataci\u00f3n de personas con discapacidad.<\/p>\n<p>[\/vc_column_text]<div class=\"grve-element grve-align-left grve-animated-item grve-fade-in-up grve-duration-normal\" data-delay=\"800\"><a href=\"https:\/\/www.groupeidec.com\/es\/le-groupe-idec-et-le-handicap-un-engagement-citoyen\/\" class=\"grve-btn grve-btn-small grve-square grve-bg-primary-1 grve-bg-hover-black\"><span>M\u00e1s informaci\u00f3n<\/span><\/a><\/div>[\/vc_column][vc_column width=\u00bb2\/3&#8243; tablet_sm_width=\u00bb1-2&#8243; clipping_animation=\u00bbclipping-left\u00bb animation_delay=\u00bb800&#8243; css=\u00bb.vc_custom_1622791781735{background-position: center !important;background-repeat: no-repeat !important;background-size: cover !important;}\u00bb]<div class=\"grve-element grve-image grve-align-center grve-full-image grve-image-space-100\" style=\"\">  <div class=\"grve-image-wrapper\"><img loading=\"lazy\" decoding=\"async\" width=\"1024\" height=\"600\" src=\"https:\/\/www.groupeidec.com\/wp-content\/uploads\/2021\/06\/christine-handicap-grid-1024x600-1.jpg\" class=\"attachment-full size-full\" alt=\"\" srcset=\"https:\/\/www.groupeidec.com\/wp-content\/uploads\/2021\/06\/christine-handicap-grid-1024x600-1.jpg 1024w, https:\/\/www.groupeidec.com\/wp-content\/uploads\/2021\/06\/christine-handicap-grid-1024x600-1-300x176.jpg 300w, https:\/\/www.groupeidec.com\/wp-content\/uploads\/2021\/06\/christine-handicap-grid-1024x600-1-768x450.jpg 768w\" sizes=\"auto, (max-width: 1024px) 100vw, 1024px\" \/>   <\/div><\/div>[\/vc_column][\/vc_row][vc_row bg_type=\u00bbimage\u00bb bg_image=\u00bb255165&#8243; bg_image_type=\u00bbfixed\u00bb padding_top_multiplier=\u00bb2x\u00bb padding_bottom_multiplier=\u00bbcustom\u00bb padding_bottom=\u00bb40px\u00bb][vc_column heading_color=\u00bblight\u00bb text_align=\u00bbcenter\u00bb]<h2 class=\"grve-element grve-title grve-align-center grve-h4\" style=\"margin-bottom: 30px;\"><span>GROUPE IDEC contrata personal: incorp\u00f3rese a un universo de apasionados <\/span><\/h2><div class=\"grve-element grve-align-center dinline\"><a href=\"https:\/\/www.groupeidec.com\/es\/pourquoi-nous-rejoindre\/\" class=\"grve-btn grve-btn-small grve-square grve-bg-white grve-bg-hover-black\" style=\"margin-bottom: 20px;\"><span>\u00bfPor qu\u00e9 trabajar con nosotros?<\/span><\/a><\/div><div class=\"grve-element grve-align-center dinline\"><a href=\"\/offres\/\" class=\"grve-btn grve-btn-small grve-square grve-bg-white grve-bg-hover-black grve-btn-line\" style=\"margin-bottom: 20px;\"><span>Descubra nuestras ofertas <\/span><\/a><\/div>[\/vc_column][\/vc_row]<\/p>\n<\/div>","protected":false},"excerpt":{"rendered":"<p>[vc_row heading_color=\u00bblight\u00bb bg_type=\u00bbhosted_video\u00bb bg_image=\u00bb19828&#8243; bg_video_loop=\u00bbno\u00bb color_overlay=\u00bbdark\u00bb opacity_overlay=\u00bb40&#8243; padding_top_multiplier=\u00bb6x\u00bb padding_bottom_multiplier=\u00bb6x\u00bb separator_bottom=\u00bblarge-triangle-separator\u00bb separator_bottom_size=\u00bb60px\u00bb font_color=\u00bb#ffffff\u00bb kswr_row_top_decor_enabled=\u00bbfalse\u00bb kswr_row_bottom_decor_enabled=\u00bbfalse\u00bb bg_video_webm=\u00bbhttps:\/\/www.groupeidec.com\/wp-content\/uploads\/2018\/12\/Video-header-Nos-Valeurs-groupe-idec.webm\u00bb bg_video_mp4=\u00bbhttps:\/\/www.groupeidec.com\/wp-content\/uploads\/2018\/12\/Video-header-Nos-Valeurs-groupe-idec.mp4&#8243; bg_video_ogv=\u00bbhttps:\/\/www.groupeidec.com\/wp-content\/uploads\/2018\/12\/Video-header-Nos-Valeurs-groupe-idec.ogv\u00bb][vc_column vertical_content_position=\u00bbmiddle\u00bb][\/vc_column][\/vc_row][vc_row padding_top_multiplier=\u00bb2x\u00bb padding_bottom_multiplier=\u00bb3x\u00bb columns_gap=\u00bb60&#8243; equal_column_height=\u00bbmiddle-content\u00bb tablet_landscape_equal_column_height=\u00bbfalse\u00bb tablet_portrait_equal_column_height=\u00bbfalse\u00bb mobile_equal_column_height=\u00bbfalse\u00bb kswr_row_top_decor_enabled=\u00bbfalse\u00bb kswr_row_bottom_decor_enabled=\u00bbfalse\u00bb][vc_column width=\u00bb1\/3&#8243; tablet_sm_width=\u00bb1-2&#8243;][vc_column_text animation=\u00bbgrve-fade-in-up\u00bb animation_delay=\u00bb600&#8243;] Hemos apostado por los j\u00f3venes desde nuestra creaci\u00f3n para responder a nuestro anhelo de evoluci\u00f3n y crecimiento. Al establecer relaciones de preferencia con numerosos [&hellip;]<\/p>\n","protected":false},"author":1,"featured_media":19719,"parent":0,"menu_order":0,"comment_status":"closed","ping_status":"closed","template":"","meta":{"inline_featured_image":false,"footnotes":""},"class_list":["post-315931","page","type-page","status-publish","has-post-thumbnail","hentry"],"yoast_head":"<!-- This site is optimized with the Yoast SEO plugin v27.4 - https:\/\/yoast.com\/product\/yoast-seo-wordpress\/ -->\n<title>Contribuir al crecimiento de las personas | GROUPE IDEC<\/title>\n<meta name=\"description\" content=\"Hemos apostado por los j\u00f3venes desde nuestra creaci\u00f3n para responder a nuestro anhelo de evoluci\u00f3n y crecimiento. Al establecer relaciones de preferencia con numerosos centros universitarios (INSA, IUT Bourges, Lyc\u00e9e GAUDIER BRZESKA, etc.), contribuimos a la formaci\u00f3n de nuevos talentos que permitir\u00e1n construir los proyectos inmobiliarios de ma\u00f1ana. Esta estrategia se ilustra en la pr\u00e1ctica con la acogida cada a\u00f1o de un centenar de becarios y estudiantes en alternancia, muchos de los cuales se quedan con nosotros al terminar su formaci\u00f3n o se enrolan en la realizaci\u00f3n de grandes proyectos universitarios.\" \/>\n<meta name=\"robots\" content=\"index, follow, max-snippet:-1, max-image-preview:large, max-video-preview:-1\" \/>\n<link rel=\"canonical\" href=\"https:\/\/www.groupeidec.com\/es\/contribuir-al-crecimiento-de-las-personas\/\" \/>\n<meta property=\"og:locale\" content=\"es_ES\" \/>\n<meta property=\"og:type\" content=\"article\" \/>\n<meta property=\"og:title\" content=\"Contribuir al crecimiento de las personas | GROUPE IDEC\" \/>\n<meta property=\"og:description\" content=\"Hemos apostado por los j\u00f3venes desde nuestra creaci\u00f3n para responder a nuestro anhelo de evoluci\u00f3n y crecimiento. Al establecer relaciones de preferencia con numerosos centros universitarios (INSA, IUT Bourges, Lyc\u00e9e GAUDIER BRZESKA, etc.), contribuimos a la formaci\u00f3n de nuevos talentos que permitir\u00e1n construir los proyectos inmobiliarios de ma\u00f1ana. Esta estrategia se ilustra en la pr\u00e1ctica con la acogida cada a\u00f1o de un centenar de becarios y estudiantes en alternancia, muchos de los cuales se quedan con nosotros al terminar su formaci\u00f3n o se enrolan en la realizaci\u00f3n de grandes proyectos universitarios.\" \/>\n<meta property=\"og:url\" content=\"https:\/\/www.groupeidec.com\/es\/contribuir-al-crecimiento-de-las-personas\/\" \/>\n<meta property=\"og:site_name\" content=\"Groupe IDEC\" \/>\n<meta property=\"article:publisher\" content=\"https:\/\/www.facebook.com\/groupeidec\/\" \/>\n<meta property=\"article:modified_time\" content=\"2021-06-25T14:57:10+00:00\" \/>\n<meta property=\"og:image\" content=\"https:\/\/www.groupeidec.com\/wp-content\/uploads\/2018\/12\/Groupe-IDEC-header_01.jpg\" \/>\n\t<meta property=\"og:image:width\" content=\"1640\" \/>\n\t<meta property=\"og:image:height\" content=\"923\" \/>\n\t<meta property=\"og:image:type\" content=\"image\/jpeg\" \/>\n<meta name=\"twitter:card\" content=\"summary_large_image\" \/>\n<meta name=\"twitter:label1\" content=\"Tiempo de lectura\" \/>\n\t<meta name=\"twitter:data1\" content=\"3 minutos\" \/>\n<script type=\"application\/ld+json\" class=\"yoast-schema-graph\">{\"@context\":\"https:\\\/\\\/schema.org\",\"@graph\":[{\"@type\":\"WebPage\",\"@id\":\"https:\\\/\\\/www.groupeidec.com\\\/es\\\/contribuir-al-crecimiento-de-las-personas\\\/\",\"url\":\"https:\\\/\\\/www.groupeidec.com\\\/es\\\/contribuir-al-crecimiento-de-las-personas\\\/\",\"name\":\"Contribuir al crecimiento de las personas | GROUPE IDEC\",\"isPartOf\":{\"@id\":\"https:\\\/\\\/www.groupeidec.com\\\/es\\\/#website\"},\"primaryImageOfPage\":{\"@id\":\"https:\\\/\\\/www.groupeidec.com\\\/es\\\/contribuir-al-crecimiento-de-las-personas\\\/#primaryimage\"},\"image\":{\"@id\":\"https:\\\/\\\/www.groupeidec.com\\\/es\\\/contribuir-al-crecimiento-de-las-personas\\\/#primaryimage\"},\"thumbnailUrl\":\"https:\\\/\\\/www.groupeidec.com\\\/wp-content\\\/uploads\\\/2018\\\/12\\\/Groupe-IDEC-header_01.jpg\",\"datePublished\":\"2021-05-06T08:51:10+00:00\",\"dateModified\":\"2021-06-25T14:57:10+00:00\",\"description\":\"Hemos apostado por los j\u00f3venes desde nuestra creaci\u00f3n para responder a nuestro anhelo de evoluci\u00f3n y crecimiento. Al establecer relaciones de preferencia con numerosos centros universitarios (INSA, IUT Bourges, Lyc\u00e9e GAUDIER BRZESKA, etc.), contribuimos a la formaci\u00f3n de nuevos talentos que permitir\u00e1n construir los proyectos inmobiliarios de ma\u00f1ana. Esta estrategia se ilustra en la pr\u00e1ctica con la acogida cada a\u00f1o de un centenar de becarios y estudiantes en alternancia, muchos de los cuales se quedan con nosotros al terminar su formaci\u00f3n o se enrolan en la realizaci\u00f3n de grandes proyectos universitarios.\",\"breadcrumb\":{\"@id\":\"https:\\\/\\\/www.groupeidec.com\\\/es\\\/contribuir-al-crecimiento-de-las-personas\\\/#breadcrumb\"},\"inLanguage\":\"es\",\"potentialAction\":[{\"@type\":\"ReadAction\",\"target\":[\"https:\\\/\\\/www.groupeidec.com\\\/es\\\/contribuir-al-crecimiento-de-las-personas\\\/\"]}]},{\"@type\":\"ImageObject\",\"inLanguage\":\"es\",\"@id\":\"https:\\\/\\\/www.groupeidec.com\\\/es\\\/contribuir-al-crecimiento-de-las-personas\\\/#primaryimage\",\"url\":\"https:\\\/\\\/www.groupeidec.com\\\/wp-content\\\/uploads\\\/2018\\\/12\\\/Groupe-IDEC-header_01.jpg\",\"contentUrl\":\"https:\\\/\\\/www.groupeidec.com\\\/wp-content\\\/uploads\\\/2018\\\/12\\\/Groupe-IDEC-header_01.jpg\",\"width\":1640,\"height\":923},{\"@type\":\"BreadcrumbList\",\"@id\":\"https:\\\/\\\/www.groupeidec.com\\\/es\\\/contribuir-al-crecimiento-de-las-personas\\\/#breadcrumb\",\"itemListElement\":[{\"@type\":\"ListItem\",\"position\":1,\"name\":\"Accueil\",\"item\":\"https:\\\/\\\/www.groupeidec.com\\\/es\\\/\"},{\"@type\":\"ListItem\",\"position\":2,\"name\":\"Contribuir al crecimiento de las personas\"}]},{\"@type\":\"WebSite\",\"@id\":\"https:\\\/\\\/www.groupeidec.com\\\/es\\\/#website\",\"url\":\"https:\\\/\\\/www.groupeidec.com\\\/es\\\/\",\"name\":\"Groupe IDEC\",\"description\":\"A la fois am\u00e9nageur, promoteur, investisseur et concepteur-constructeur cl\u00e9 en main, le GROUPE IDEC est l&#039;un des rares acteurs globaux du march\u00e9 immobilier fran\u00e7ais, pr\u00e9sent sur tous ces m\u00e9tiers.\",\"potentialAction\":[{\"@type\":\"SearchAction\",\"target\":{\"@type\":\"EntryPoint\",\"urlTemplate\":\"https:\\\/\\\/www.groupeidec.com\\\/es\\\/?s={search_term_string}\"},\"query-input\":{\"@type\":\"PropertyValueSpecification\",\"valueRequired\":true,\"valueName\":\"search_term_string\"}}],\"inLanguage\":\"es\"}]}<\/script>\n<!-- \/ Yoast SEO plugin. -->","yoast_head_json":{"title":"Contribuir al crecimiento de las personas | GROUPE IDEC","description":"Hemos apostado por los j\u00f3venes desde nuestra creaci\u00f3n para responder a nuestro anhelo de evoluci\u00f3n y crecimiento. Al establecer relaciones de preferencia con numerosos centros universitarios (INSA, IUT Bourges, Lyc\u00e9e GAUDIER BRZESKA, etc.), contribuimos a la formaci\u00f3n de nuevos talentos que permitir\u00e1n construir los proyectos inmobiliarios de ma\u00f1ana. Esta estrategia se ilustra en la pr\u00e1ctica con la acogida cada a\u00f1o de un centenar de becarios y estudiantes en alternancia, muchos de los cuales se quedan con nosotros al terminar su formaci\u00f3n o se enrolan en la realizaci\u00f3n de grandes proyectos universitarios.","robots":{"index":"index","follow":"follow","max-snippet":"max-snippet:-1","max-image-preview":"max-image-preview:large","max-video-preview":"max-video-preview:-1"},"canonical":"https:\/\/www.groupeidec.com\/es\/contribuir-al-crecimiento-de-las-personas\/","og_locale":"es_ES","og_type":"article","og_title":"Contribuir al crecimiento de las personas | GROUPE IDEC","og_description":"Hemos apostado por los j\u00f3venes desde nuestra creaci\u00f3n para responder a nuestro anhelo de evoluci\u00f3n y crecimiento. Al establecer relaciones de preferencia con numerosos centros universitarios (INSA, IUT Bourges, Lyc\u00e9e GAUDIER BRZESKA, etc.), contribuimos a la formaci\u00f3n de nuevos talentos que permitir\u00e1n construir los proyectos inmobiliarios de ma\u00f1ana. Esta estrategia se ilustra en la pr\u00e1ctica con la acogida cada a\u00f1o de un centenar de becarios y estudiantes en alternancia, muchos de los cuales se quedan con nosotros al terminar su formaci\u00f3n o se enrolan en la realizaci\u00f3n de grandes proyectos universitarios.","og_url":"https:\/\/www.groupeidec.com\/es\/contribuir-al-crecimiento-de-las-personas\/","og_site_name":"Groupe IDEC","article_publisher":"https:\/\/www.facebook.com\/groupeidec\/","article_modified_time":"2021-06-25T14:57:10+00:00","og_image":[{"width":1640,"height":923,"url":"https:\/\/www.groupeidec.com\/wp-content\/uploads\/2018\/12\/Groupe-IDEC-header_01.jpg","type":"image\/jpeg"}],"twitter_card":"summary_large_image","twitter_misc":{"Tiempo de lectura":"3 minutos"},"schema":{"@context":"https:\/\/schema.org","@graph":[{"@type":"WebPage","@id":"https:\/\/www.groupeidec.com\/es\/contribuir-al-crecimiento-de-las-personas\/","url":"https:\/\/www.groupeidec.com\/es\/contribuir-al-crecimiento-de-las-personas\/","name":"Contribuir al crecimiento de las personas | GROUPE IDEC","isPartOf":{"@id":"https:\/\/www.groupeidec.com\/es\/#website"},"primaryImageOfPage":{"@id":"https:\/\/www.groupeidec.com\/es\/contribuir-al-crecimiento-de-las-personas\/#primaryimage"},"image":{"@id":"https:\/\/www.groupeidec.com\/es\/contribuir-al-crecimiento-de-las-personas\/#primaryimage"},"thumbnailUrl":"https:\/\/www.groupeidec.com\/wp-content\/uploads\/2018\/12\/Groupe-IDEC-header_01.jpg","datePublished":"2021-05-06T08:51:10+00:00","dateModified":"2021-06-25T14:57:10+00:00","description":"Hemos apostado por los j\u00f3venes desde nuestra creaci\u00f3n para responder a nuestro anhelo de evoluci\u00f3n y crecimiento. Al establecer relaciones de preferencia con numerosos centros universitarios (INSA, IUT Bourges, Lyc\u00e9e GAUDIER BRZESKA, etc.), contribuimos a la formaci\u00f3n de nuevos talentos que permitir\u00e1n construir los proyectos inmobiliarios de ma\u00f1ana. Esta estrategia se ilustra en la pr\u00e1ctica con la acogida cada a\u00f1o de un centenar de becarios y estudiantes en alternancia, muchos de los cuales se quedan con nosotros al terminar su formaci\u00f3n o se enrolan en la realizaci\u00f3n de grandes proyectos universitarios.","breadcrumb":{"@id":"https:\/\/www.groupeidec.com\/es\/contribuir-al-crecimiento-de-las-personas\/#breadcrumb"},"inLanguage":"es","potentialAction":[{"@type":"ReadAction","target":["https:\/\/www.groupeidec.com\/es\/contribuir-al-crecimiento-de-las-personas\/"]}]},{"@type":"ImageObject","inLanguage":"es","@id":"https:\/\/www.groupeidec.com\/es\/contribuir-al-crecimiento-de-las-personas\/#primaryimage","url":"https:\/\/www.groupeidec.com\/wp-content\/uploads\/2018\/12\/Groupe-IDEC-header_01.jpg","contentUrl":"https:\/\/www.groupeidec.com\/wp-content\/uploads\/2018\/12\/Groupe-IDEC-header_01.jpg","width":1640,"height":923},{"@type":"BreadcrumbList","@id":"https:\/\/www.groupeidec.com\/es\/contribuir-al-crecimiento-de-las-personas\/#breadcrumb","itemListElement":[{"@type":"ListItem","position":1,"name":"Accueil","item":"https:\/\/www.groupeidec.com\/es\/"},{"@type":"ListItem","position":2,"name":"Contribuir al crecimiento de las personas"}]},{"@type":"WebSite","@id":"https:\/\/www.groupeidec.com\/es\/#website","url":"https:\/\/www.groupeidec.com\/es\/","name":"Groupe IDEC","description":"A la fois am\u00e9nageur, promoteur, investisseur et concepteur-constructeur cl\u00e9 en main, le GROUPE IDEC est l&#039;un des rares acteurs globaux du march\u00e9 immobilier fran\u00e7ais, pr\u00e9sent sur tous ces m\u00e9tiers.","potentialAction":[{"@type":"SearchAction","target":{"@type":"EntryPoint","urlTemplate":"https:\/\/www.groupeidec.com\/es\/?s={search_term_string}"},"query-input":{"@type":"PropertyValueSpecification","valueRequired":true,"valueName":"search_term_string"}}],"inLanguage":"es"}]}},"_links":{"self":[{"href":"https:\/\/www.groupeidec.com\/es\/wp-json\/wp\/v2\/pages\/315931","targetHints":{"allow":["GET"]}}],"collection":[{"href":"https:\/\/www.groupeidec.com\/es\/wp-json\/wp\/v2\/pages"}],"about":[{"href":"https:\/\/www.groupeidec.com\/es\/wp-json\/wp\/v2\/types\/page"}],"author":[{"embeddable":true,"href":"https:\/\/www.groupeidec.com\/es\/wp-json\/wp\/v2\/users\/1"}],"replies":[{"embeddable":true,"href":"https:\/\/www.groupeidec.com\/es\/wp-json\/wp\/v2\/comments?post=315931"}],"version-history":[{"count":3,"href":"https:\/\/www.groupeidec.com\/es\/wp-json\/wp\/v2\/pages\/315931\/revisions"}],"predecessor-version":[{"id":315935,"href":"https:\/\/www.groupeidec.com\/es\/wp-json\/wp\/v2\/pages\/315931\/revisions\/315935"}],"wp:featuredmedia":[{"embeddable":true,"href":"https:\/\/www.groupeidec.com\/es\/wp-json\/wp\/v2\/media\/19719"}],"wp:attachment":[{"href":"https:\/\/www.groupeidec.com\/es\/wp-json\/wp\/v2\/media?parent=315931"}],"curies":[{"name":"wp","href":"https:\/\/api.w.org\/{rel}","templated":true}]}}