{"id":315936,"date":"2021-05-06T11:23:10","date_gmt":"2021-05-06T09:23:10","guid":{"rendered":"https:\/\/www.groupeidec.com\/pourquoi-nous-rejoindre\/"},"modified":"2021-06-25T17:10:51","modified_gmt":"2021-06-25T15:10:51","slug":"por-que-trabajar-con-nosotros","status":"publish","type":"page","link":"https:\/\/www.groupeidec.com\/es\/por-que-trabajar-con-nosotros\/","title":{"rendered":"\u00bfPor qu\u00e9 trabajar con nosotros?"},"content":{"rendered":"<div class=\"wpb-content-wrapper\"><p>[vc_row heading_color=\u00bblight\u00bb bg_type=\u00bbhosted_video\u00bb bg_image=\u00bb19828&#8243; bg_video_loop=\u00bbno\u00bb color_overlay=\u00bbdark\u00bb opacity_overlay=\u00bb40&#8243; padding_top_multiplier=\u00bb6x\u00bb padding_bottom_multiplier=\u00bb6x\u00bb separator_bottom=\u00bblarge-triangle-separator\u00bb separator_bottom_size=\u00bb60px\u00bb font_color=\u00bb#ffffff\u00bb kswr_row_top_decor_enabled=\u00bbfalse\u00bb kswr_row_bottom_decor_enabled=\u00bbfalse\u00bb bg_video_webm=\u00bbhttps:\/\/www.groupeidec.com\/wp-content\/uploads\/2018\/12\/Video-header-Nos-Valeurs-groupe-idec.webm\u00bb bg_video_mp4=\u00bbhttps:\/\/www.groupeidec.com\/wp-content\/uploads\/2018\/12\/Video-header-Nos-Valeurs-groupe-idec.mp4&#8243; bg_video_ogv=\u00bbhttps:\/\/www.groupeidec.com\/wp-content\/uploads\/2018\/12\/Video-header-Nos-Valeurs-groupe-idec.ogv\u00bb][vc_column vertical_content_position=\u00bbmiddle\u00bb]<h1 class=\"grve-element grve-title grve-align-center grve-h1 grve-increase-heading grve-heading-120\" style=\"\"><span>\u00bfPor qu\u00e9 trabajar con nosotros?<\/span><\/h1>[\/vc_column][\/vc_row][vc_row padding_top_multiplier=\u00bb2x\u00bb padding_bottom_multiplier=\u00bb3x\u00bb columns_gap=\u00bb60&#8243; equal_column_height=\u00bbmiddle-content\u00bb tablet_landscape_equal_column_height=\u00bbfalse\u00bb tablet_portrait_equal_column_height=\u00bbfalse\u00bb mobile_equal_column_height=\u00bbfalse\u00bb kswr_row_top_decor_enabled=\u00bbfalse\u00bb kswr_row_bottom_decor_enabled=\u00bbfalse\u00bb][vc_column width=\u00bb1\/3&#8243;]<div class=\"grve-element grve-divider grve-animated-item grve-fade-in-up grve-duration-normal grve-align-left\" style=\"padding-bottom: 20px;\" data-delay=\"200\"><span class=\"grve-custom-divider grve-bg-primary-1\" style=\"width: 50px;height: 2px;\"><\/span><\/div><h2 class=\"grve-element grve-title grve-align-left grve-animated-item grve-duration-normal grve-fade-in-up grve-h4\" style=\"\" data-delay=\"400\"><span>Un grupo de apasionados <\/span><\/h2>[vc_column_text animation=\u00bbgrve-fade-in-up\u00bb animation_delay=\u00bb600&#8243; css=\u00bb.vc_custom_1624633137603{margin-bottom: 20px !important;}\u00bb]<\/p>\n<p style=\"text-align: justify;\">El conjunto de mujeres y hombres que componen GROUPE IDEC se ha construido en torno a varios valores que forjan nuestra identidad y nuestro enfoque para acompa\u00f1arle \u00f3ptimamente. Descubra estos pilares que forjan nuestra cultura para abordar sus exigencias.<\/p>\n<p>[\/vc_column_text][\/vc_column][vc_column width=\u00bb2\/3&#8243; clipping_animation=\u00bbclipping-left\u00bb animation_delay=\u00bb800&#8243; css=\u00bb.vc_custom_1620376285493{background-position: center !important;background-repeat: no-repeat !important;background-size: cover !important;}\u00bb]<div class=\"grve-element grve-image grve-align-center grve-full-image grve-image-space-100\" style=\"\">  <div class=\"grve-image-wrapper\"><img loading=\"lazy\" decoding=\"async\" width=\"2060\" height=\"1080\" src=\"https:\/\/www.groupeidec.com\/wp-content\/uploads\/2018\/10\/Convention-Groupe-IDEC.jpg\" class=\"attachment-full size-full\" alt=\"\" srcset=\"https:\/\/www.groupeidec.com\/wp-content\/uploads\/2018\/10\/Convention-Groupe-IDEC.jpg 2060w, https:\/\/www.groupeidec.com\/wp-content\/uploads\/2018\/10\/Convention-Groupe-IDEC-300x157.jpg 300w, https:\/\/www.groupeidec.com\/wp-content\/uploads\/2018\/10\/Convention-Groupe-IDEC-768x403.jpg 768w, https:\/\/www.groupeidec.com\/wp-content\/uploads\/2018\/10\/Convention-Groupe-IDEC-1024x537.jpg 1024w, https:\/\/www.groupeidec.com\/wp-content\/uploads\/2018\/10\/Convention-Groupe-IDEC-1920x1007.jpg 1920w\" sizes=\"auto, (max-width: 2060px) 100vw, 2060px\" \/>   <\/div><\/div>[\/vc_column][\/vc_row][vc_row disable_element=\u00bbyes\u00bb bg_type=\u00bbgradient\u00bb bg_gradient_color_1=\u00bbrgba(243,243,243,0.86)\u00bb bg_gradient_color_2=\u00bb#f3f3f3&#8243; bg_gradient_direction=\u00bb135&#8243; padding_top_multiplier=\u00bb3x\u00bb padding_bottom_multiplier=\u00bb3x\u00bb columns_gap=\u00bb40&#8243; kswr_row_top_decor_enabled=\u00bbfalse\u00bb kswr_row_bottom_decor_enabled=\u00bbfalse\u00bb][vc_column text_align=\u00bbcenter\u00bb]<div class=\"grve-element grve-divider grve-animated-item grve-fade-in-up grve-duration-normal grve-align-center\" style=\"padding-bottom: 20px;\" data-delay=\"200\"><span class=\"grve-custom-divider grve-bg-primary-1\" style=\"width: 50px;height: 2px;\"><\/span><\/div><h2 class=\"grve-element grve-title grve-align-center grve-animated-item grve-duration-normal grve-fade-in-up grve-h4\" style=\"\" data-delay=\"400\"><span>Webserie \u2013 Nos talent &amp; le sport<\/span><\/h2><div class=\"grve-empty-space\" style=\"height: 10px;\"><\/div>[vc_row_inner][vc_column_inner width=\u00bb1\/6&#8243;][\/vc_column_inner][vc_column_inner width=\u00bb2\/3&#8243;][vc_column_text animation=\u00bbgrve-fade-in-up\u00bb animation_delay=\u00bb600&#8243; css=\u00bb.vc_custom_1623402366498{margin-bottom: 20px !important;}\u00bb]Audace, challenge, d\u00e9passement de soi, travail en \u00e9quipe, ces valeurs qui animent les sportifs de haut niveau que nous soutenons illustrent \u00e9galement l\u2019engagement de nos collaborateurs au service de nos projets.[\/vc_column_text][vc_column_text animation=\u00bbgrve-fade-in-up\u00bb animation_delay=\u00bb600&#8243; css=\u00bb.vc_custom_1623402396387{margin-bottom: 20px !important;}\u00bb]<strong>D\u00e9couvrez les 2 premiers \u00e9pisodes de notre webserie \u00abNos talents &amp; le sport\u00bb dans lesquels vous retrouverez des rencontres entre nos salari\u00e9s et nos sportifs.<\/strong>[\/vc_column_text][\/vc_column_inner][vc_column_inner width=\u00bb1\/6&#8243;][\/vc_column_inner][\/vc_row_inner]<div class=\"grve-empty-space\" style=\"height: 20px;\"><\/div>[vc_row_inner][vc_column_inner width=\u00bb1\/2&#8243;]<div class=\"grve-element grve-video\" style=\"\"><iframe loading=\"lazy\" title=\"NOS TALENTS &amp; LE SPORT - Episode 1 : Architecte | GROUPE IDEC TALENT\" width=\"1080\" height=\"608\" src=\"https:\/\/www.youtube.com\/embed\/MPu4Kx2tF7k?feature=oembed\" frameborder=\"0\" allow=\"accelerometer; autoplay; clipboard-write; encrypted-media; gyroscope; picture-in-picture\" allowfullscreen><\/iframe><\/div>[\/vc_column_inner][vc_column_inner width=\u00bb1\/2&#8243;]<div class=\"grve-element grve-video\" style=\"\"><iframe loading=\"lazy\" title=\"NOS TALENTS &amp; LE SPORT - Episode 2 : Charg\u00e9 d&#039;Affaires | GROUPE IDEC TALENT\" width=\"1080\" height=\"608\" src=\"https:\/\/www.youtube.com\/embed\/DzUU1L1J-WA?feature=oembed\" frameborder=\"0\" allow=\"accelerometer; autoplay; clipboard-write; encrypted-media; gyroscope; picture-in-picture\" allowfullscreen><\/iframe><\/div>[\/vc_column_inner][\/vc_row_inner]<div class=\"grve-empty-space\" style=\"height: 20px;\"><\/div>[\/vc_column][\/vc_row][vc_row padding_top_multiplier=\u00bb3x\u00bb padding_bottom_multiplier=\u00bb3x\u00bb columns_gap=\u00bb40&#8243; equal_column_height=\u00bbequal-column\u00bb kswr_row_top_decor_enabled=\u00bbfalse\u00bb kswr_row_bottom_decor_enabled=\u00bbfalse\u00bb][vc_column]<div class=\"grve-element grve-divider grve-animated-item grve-fade-in-up grve-duration-normal grve-align-center\" style=\"padding-bottom: 20px;\" data-delay=\"200\"><span class=\"grve-custom-divider grve-bg-primary-1\" style=\"width: 50px;height: 2px;\"><\/span><\/div><h2 class=\"grve-element grve-title grve-align-center grve-animated-item grve-duration-normal grve-fade-in-up grve-h4\" style=\"\" data-delay=\"400\"><span>Nuestros empleados tienen la palabra <\/span><\/h2><div class=\"grve-empty-space\" style=\"height: 40px;\"><\/div><div class=\"grve-element grve-flexible-carousel grve-carousel grve-layout-1 grve-with-gap grve-carousel-pagination-1\" style=\"margin-bottom: 30px;\"><div class=\"grve-carousel-wrapper\"><div class=\"grve-carousel-navigation grve-dark grve-navigation-1 grve-navigation-carousel\"><div class=\"grve-carousel-buttons\"><div class=\"grve-carousel-prev\"><i class=\"grve-icon-nav-left-small\"><\/i><span class=\"screen-reader-text\">Previous<\/span><\/div><div class=\"grve-carousel-next\"><i class=\"grve-icon-nav-right-small\"><\/i><span class=\"screen-reader-text\">Next<\/span><\/div><\/div><\/div>\t<div class=\"grve-flexible-carousel-element \" data-items=\"2\" data-items-tablet-landscape=\"3\" data-items-tablet-portrait=\"2\" data-items-mobile=\"1\" data-slider-autoplay=\"yes\" data-slider-speed=\"3000\" data-slider-pause=\"yes\" data-pagination-speed=\"400\" data-pagination=\"yes\" data-slider-autoheight=\"no\"><div class=\"grve-element grve-box-icon grve-large grve-side-icon grve-align-left\" style=\"\"><div class=\"grve-image-icon\"><img loading=\"lazy\" decoding=\"async\" width=\"640\" height=\"640\" src=\"https:\/\/www.groupeidec.com\/wp-content\/uploads\/2021\/05\/clement-IMG_0150-640x640-1.jpg\" class=\"attachment-full size-full\" alt=\"\" srcset=\"https:\/\/www.groupeidec.com\/wp-content\/uploads\/2021\/05\/clement-IMG_0150-640x640-1.jpg 640w, https:\/\/www.groupeidec.com\/wp-content\/uploads\/2021\/05\/clement-IMG_0150-640x640-1-300x300.jpg 300w, https:\/\/www.groupeidec.com\/wp-content\/uploads\/2021\/05\/clement-IMG_0150-640x640-1-150x150.jpg 150w, https:\/\/www.groupeidec.com\/wp-content\/uploads\/2021\/05\/clement-IMG_0150-640x640-1-560x560.jpg 560w\" sizes=\"auto, (max-width: 640px) 100vw, 640px\" \/><\/div><div class=\"grve-box-content\"><div class=\"grve-box-title-wrapper\"><h3 class=\"grve-box-title grve-leader-text\">CL\u00c9MENT<\/h3><\/div>  <p class=\"\">\u00ab Lo que me gusta de GROUPE IDEC es la visi\u00f3n global de mi profesi\u00f3n. Porque participo desde el dise\u00f1o hasta la entrega de los proyectos \u00bb<\/p><\/div><\/div><div class=\"grve-element grve-box-icon grve-large grve-side-icon grve-align-left\" style=\"\"><div class=\"grve-image-icon\"><img loading=\"lazy\" decoding=\"async\" width=\"640\" height=\"640\" src=\"https:\/\/www.groupeidec.com\/wp-content\/uploads\/2021\/05\/lea-640x640-1.jpg\" class=\"attachment-full size-full\" alt=\"\" srcset=\"https:\/\/www.groupeidec.com\/wp-content\/uploads\/2021\/05\/lea-640x640-1.jpg 640w, https:\/\/www.groupeidec.com\/wp-content\/uploads\/2021\/05\/lea-640x640-1-300x300.jpg 300w, https:\/\/www.groupeidec.com\/wp-content\/uploads\/2021\/05\/lea-640x640-1-150x150.jpg 150w, https:\/\/www.groupeidec.com\/wp-content\/uploads\/2021\/05\/lea-640x640-1-560x560.jpg 560w\" sizes=\"auto, (max-width: 640px) 100vw, 640px\" \/><\/div><div class=\"grve-box-content\"><div class=\"grve-box-title-wrapper\"><h3 class=\"grve-box-title grve-leader-text\">L\u00c9A<\/h3><\/div>  <p class=\"\">\u00ab El esp\u00edritu de equipo y la benevolencia que reinan en GROUPE IDEC nos llevan de forma natural a trabajar por la empresa, lo que crea una aut\u00e9ntica din\u00e1mica \u00bb<\/p><\/div><\/div><div class=\"grve-element grve-box-icon grve-large grve-side-icon grve-align-left\" style=\"\"><div class=\"grve-image-icon\"><img loading=\"lazy\" decoding=\"async\" width=\"640\" height=\"640\" src=\"https:\/\/www.groupeidec.com\/wp-content\/uploads\/2021\/05\/ridha-640x640-1.jpg\" class=\"attachment-full size-full\" alt=\"\" srcset=\"https:\/\/www.groupeidec.com\/wp-content\/uploads\/2021\/05\/ridha-640x640-1.jpg 640w, https:\/\/www.groupeidec.com\/wp-content\/uploads\/2021\/05\/ridha-640x640-1-300x300.jpg 300w, https:\/\/www.groupeidec.com\/wp-content\/uploads\/2021\/05\/ridha-640x640-1-150x150.jpg 150w, https:\/\/www.groupeidec.com\/wp-content\/uploads\/2021\/05\/ridha-640x640-1-560x560.jpg 560w\" sizes=\"auto, (max-width: 640px) 100vw, 640px\" \/><\/div><div class=\"grve-box-content\"><div class=\"grve-box-title-wrapper\"><h3 class=\"grve-box-title grve-leader-text\">RIDHA<\/h3><\/div>  <p class=\"\">\u00ab Mis tareas corresponden a un planteamiento de innovaci\u00f3n permanente de GROUPE IDEC y de sus actividades. Es una exigencia cotidiana, motivadora y estimulante \u00bb<\/p><\/div><\/div><div class=\"grve-element grve-box-icon grve-large grve-side-icon grve-align-left\" style=\"\"><div class=\"grve-image-icon\"><img loading=\"lazy\" decoding=\"async\" width=\"640\" height=\"640\" src=\"https:\/\/www.groupeidec.com\/wp-content\/uploads\/2021\/05\/Hourrah-diar-640x640-1.jpg\" class=\"attachment-full size-full\" alt=\"\" srcset=\"https:\/\/www.groupeidec.com\/wp-content\/uploads\/2021\/05\/Hourrah-diar-640x640-1.jpg 640w, https:\/\/www.groupeidec.com\/wp-content\/uploads\/2021\/05\/Hourrah-diar-640x640-1-300x300.jpg 300w, https:\/\/www.groupeidec.com\/wp-content\/uploads\/2021\/05\/Hourrah-diar-640x640-1-150x150.jpg 150w, https:\/\/www.groupeidec.com\/wp-content\/uploads\/2021\/05\/Hourrah-diar-640x640-1-560x560.jpg 560w\" sizes=\"auto, (max-width: 640px) 100vw, 640px\" \/><\/div><div class=\"grve-box-content\"><div class=\"grve-box-title-wrapper\"><h3 class=\"grve-box-title grve-leader-text\">HOURRAH<\/h3><\/div>  <p class=\"\">\u00ab Valoro la disponibilidad, la escucha y la benevolencia de los empleados. Estos valores son un aut\u00e9ntico motor que me impulsan a realizar mis tareas cotidianas \u00bb<\/p><\/div><\/div><div class=\"grve-element grve-box-icon grve-large grve-side-icon grve-align-left\" style=\"\"><div class=\"grve-image-icon\"><img loading=\"lazy\" decoding=\"async\" width=\"640\" height=\"640\" src=\"https:\/\/www.groupeidec.com\/wp-content\/uploads\/2021\/05\/Chantal-N-640x640-1.jpg\" class=\"attachment-full size-full\" alt=\"\" srcset=\"https:\/\/www.groupeidec.com\/wp-content\/uploads\/2021\/05\/Chantal-N-640x640-1.jpg 640w, https:\/\/www.groupeidec.com\/wp-content\/uploads\/2021\/05\/Chantal-N-640x640-1-300x300.jpg 300w, https:\/\/www.groupeidec.com\/wp-content\/uploads\/2021\/05\/Chantal-N-640x640-1-150x150.jpg 150w, https:\/\/www.groupeidec.com\/wp-content\/uploads\/2021\/05\/Chantal-N-640x640-1-560x560.jpg 560w\" sizes=\"auto, (max-width: 640px) 100vw, 640px\" \/><\/div><div class=\"grve-box-content\"><div class=\"grve-box-title-wrapper\"><h3 class=\"grve-box-title grve-leader-text\">CHANTAL<\/h3><\/div>  <p class=\"\">\u00ab Me incorpor\u00e9 a GROUPE IDEC por los valores que defiende y por la multidisciplinariedad de los proyectos. Actuamos en viviendas, residencias de la tercera edad, edificios log\u00edsticos o de actividades, etc. \u00bb<\/p><\/div><\/div><div class=\"grve-element grve-box-icon grve-large grve-side-icon grve-align-left\" style=\"\"><div class=\"grve-image-icon\"><img loading=\"lazy\" decoding=\"async\" width=\"640\" height=\"640\" src=\"https:\/\/www.groupeidec.com\/wp-content\/uploads\/2021\/05\/emmanuel-merle-IMG_8882-N640x640.jpg\" class=\"attachment-full size-full\" alt=\"\" srcset=\"https:\/\/www.groupeidec.com\/wp-content\/uploads\/2021\/05\/emmanuel-merle-IMG_8882-N640x640.jpg 640w, https:\/\/www.groupeidec.com\/wp-content\/uploads\/2021\/05\/emmanuel-merle-IMG_8882-N640x640-300x300.jpg 300w, https:\/\/www.groupeidec.com\/wp-content\/uploads\/2021\/05\/emmanuel-merle-IMG_8882-N640x640-150x150.jpg 150w, https:\/\/www.groupeidec.com\/wp-content\/uploads\/2021\/05\/emmanuel-merle-IMG_8882-N640x640-560x560.jpg 560w\" sizes=\"auto, (max-width: 640px) 100vw, 640px\" \/><\/div><div class=\"grve-box-content\"><div class=\"grve-box-title-wrapper\"><h3 class=\"grve-box-title grve-leader-text\">EMMANUEL<\/h3><\/div>  <p class=\"\">\u00ab Para m\u00ed GROUPE IDEC es como una familia, es una empresa de dimensi\u00f3n humana que necesita a todos sus hombres y mujeres para crear un proyecto \u00bb<\/p><\/div><\/div><div class=\"grve-element grve-box-icon grve-large grve-side-icon grve-align-left\" style=\"\"><div class=\"grve-image-icon\"><img loading=\"lazy\" decoding=\"async\" width=\"640\" height=\"640\" src=\"https:\/\/www.groupeidec.com\/wp-content\/uploads\/2021\/05\/remi-Vannier-640x640-1.jpg\" class=\"attachment-full size-full\" alt=\"\" srcset=\"https:\/\/www.groupeidec.com\/wp-content\/uploads\/2021\/05\/remi-Vannier-640x640-1.jpg 640w, https:\/\/www.groupeidec.com\/wp-content\/uploads\/2021\/05\/remi-Vannier-640x640-1-300x300.jpg 300w, https:\/\/www.groupeidec.com\/wp-content\/uploads\/2021\/05\/remi-Vannier-640x640-1-150x150.jpg 150w, https:\/\/www.groupeidec.com\/wp-content\/uploads\/2021\/05\/remi-Vannier-640x640-1-560x560.jpg 560w\" sizes=\"auto, (max-width: 640px) 100vw, 640px\" \/><\/div><div class=\"grve-box-content\"><div class=\"grve-box-title-wrapper\"><h3 class=\"grve-box-title grve-leader-text\">R\u00c9MI<\/h3><\/div>  <p class=\"\">\u00ab Lo que me gusta de GROUPE IDEC son las perspectivas de evoluci\u00f3n. Nuestra direcci\u00f3n conf\u00eda en notros y nos ayuda a avanzar en nuestra profesi\u00f3n \u00bb<\/p><\/div><\/div><div class=\"grve-element grve-box-icon grve-large grve-side-icon grve-align-left\" style=\"\"><div class=\"grve-image-icon\"><img loading=\"lazy\" decoding=\"async\" width=\"640\" height=\"640\" src=\"https:\/\/www.groupeidec.com\/wp-content\/uploads\/2021\/05\/theo-IMG_8868-N-640x640-1.jpg\" class=\"attachment-full size-full\" alt=\"\" srcset=\"https:\/\/www.groupeidec.com\/wp-content\/uploads\/2021\/05\/theo-IMG_8868-N-640x640-1.jpg 640w, https:\/\/www.groupeidec.com\/wp-content\/uploads\/2021\/05\/theo-IMG_8868-N-640x640-1-300x300.jpg 300w, https:\/\/www.groupeidec.com\/wp-content\/uploads\/2021\/05\/theo-IMG_8868-N-640x640-1-150x150.jpg 150w, https:\/\/www.groupeidec.com\/wp-content\/uploads\/2021\/05\/theo-IMG_8868-N-640x640-1-560x560.jpg 560w\" sizes=\"auto, (max-width: 640px) 100vw, 640px\" \/><\/div><div class=\"grve-box-content\"><div class=\"grve-box-title-wrapper\"><h3 class=\"grve-box-title grve-leader-text\">TH\u00c9O<\/h3><\/div>  <p class=\"\">\u00ab Desde que llegu\u00e9 al Grupo en alternancia con mis estudios confiaron en m\u00ed haci\u00e9ndome participar en el mayor proyecto log\u00edstico de Francia \u00bb<\/p><\/div><\/div>\t<\/div>  <\/div><\/div>[\/vc_column][\/vc_row][vc_row section_type=\u00bbfullwidth\u00bb bg_type=\u00bbimage\u00bb bg_image=\u00bb1279&#8243; bg_image_type=\u00bbfixed\u00bb pattern_overlay=\u00bbyes\u00bb padding_top_multiplier=\u00bb3x\u00bb padding_bottom_multiplier=\u00bb3x\u00bb columns_gap=\u00bb60&#8243; kswr_row_top_decor_enabled=\u00bbfalse\u00bb kswr_row_bottom_decor_enabled=\u00bbfalse\u00bb][vc_column heading_color=\u00bblight\u00bb text_align=\u00bbcenter\u00bb font_color=\u00bb#ffffff\u00bb]<div class=\"grve-element grve-divider grve-animated-item grve-fade-in-up grve-duration-normal grve-align-center\" style=\"padding-bottom: 20px;\" data-delay=\"200\"><span class=\"grve-custom-divider grve-bg-white\" style=\"width: 50px;height: 2px;\"><\/span><\/div><h2 class=\"grve-element grve-title grve-align-center grve-animated-item grve-duration-normal grve-fade-in-up grve-h4\" style=\"\" data-delay=\"400\"><span>Incorporarse a GROUPE IDEC, \u00bfes?<\/span><\/h2><div class=\"grve-empty-space\" style=\"height: 30px;\"><\/div>[\/vc_column][vc_column width=\u00bb1\/6&#8243; heading_color=\u00bblight\u00bb font_color=\u00bb#ffffff\u00bb]<div class=\"grve-element grve-box-icon grve-small grve-top-icon grve-align-center\" style=\"\"><div class=\"grve-image-icon\"><img loading=\"lazy\" decoding=\"async\" width=\"75\" height=\"75\" src=\"https:\/\/www.groupeidec.com\/wp-content\/uploads\/2021\/05\/icone-carrieres-75-equipe.png\" class=\"attachment-full size-full\" alt=\"\" \/><\/div><div class=\"grve-box-content\"><div class=\"grve-box-title-wrapper\"><h3 class=\"grve-box-title grve-h6\">Integrarse en una empresa de dimensi\u00f3n humana<\/h3><\/div><\/div><\/div>[\/vc_column][vc_column width=\u00bb1\/6&#8243; heading_color=\u00bblight\u00bb font_color=\u00bb#ffffff\u00bb]<div class=\"grve-element grve-box-icon grve-small grve-top-icon grve-align-center\" style=\"\"><div class=\"grve-image-icon\"><img loading=\"lazy\" decoding=\"async\" width=\"75\" height=\"75\" src=\"https:\/\/www.groupeidec.com\/wp-content\/uploads\/2021\/05\/icone-carrieres-75-validation.png\" class=\"attachment-full size-full\" alt=\"\" \/><\/div><div class=\"grve-box-content\"><div class=\"grve-box-title-wrapper\"><h3 class=\"grve-box-title grve-h6\">Progresar en una estructura con valores firmes<\/h3><\/div><\/div><\/div>[\/vc_column][vc_column width=\u00bb1\/6&#8243; heading_color=\u00bblight\u00bb text_align=\u00bbcenter\u00bb font_color=\u00bb#ffffff\u00bb]<div class=\"grve-element grve-box-icon grve-small grve-top-icon grve-align-center\" style=\"\"><div class=\"grve-image-icon\"><img loading=\"lazy\" decoding=\"async\" width=\"75\" height=\"75\" src=\"https:\/\/www.groupeidec.com\/wp-content\/uploads\/2021\/05\/icone-carrieres-75-fusee.png\" class=\"attachment-full size-full\" alt=\"\" \/><\/div><div class=\"grve-box-content\"><div class=\"grve-box-title-wrapper\"><h3 class=\"grve-box-title grve-h6\">Contribuir a construir los bienes inmuebles de ma\u00f1ana<\/h3><\/div><\/div><\/div>[\/vc_column][vc_column width=\u00bb1\/6&#8243; heading_color=\u00bblight\u00bb text_align=\u00bbcenter\u00bb font_color=\u00bb#ffffff\u00bb]<div class=\"grve-element grve-box-icon grve-small grve-top-icon grve-align-center\" style=\"\"><div class=\"grve-image-icon\"><img loading=\"lazy\" decoding=\"async\" width=\"75\" height=\"75\" src=\"https:\/\/www.groupeidec.com\/wp-content\/uploads\/2021\/05\/icone-carrieres-75-student.png\" class=\"attachment-full size-full\" alt=\"\" \/><\/div><div class=\"grve-box-content\"><div class=\"grve-box-title-wrapper\"><h3 class=\"grve-box-title grve-h6\">Desarrollar las competencias a trav\u00e9s de la formaci\u00f3n<\/h3><\/div><\/div><\/div>[\/vc_column][vc_column width=\u00bb1\/6&#8243; heading_color=\u00bblight\u00bb text_align=\u00bbcenter\u00bb font_color=\u00bb#ffffff\u00bb]<div class=\"grve-element grve-box-icon grve-small grve-top-icon grve-align-center\" style=\"\"><div class=\"grve-image-icon\"><img loading=\"lazy\" decoding=\"async\" width=\"75\" height=\"75\" src=\"https:\/\/www.groupeidec.com\/wp-content\/uploads\/2021\/05\/icone-carrieres-75-gift.png\" class=\"attachment-full size-full\" alt=\"\" \/><\/div><div class=\"grve-box-content\"><div class=\"grve-box-title-wrapper\"><h3 class=\"grve-box-title grve-h6\">Beneficiarse de ventajas sociales<\/h3><\/div><\/div><\/div>[\/vc_column][vc_column width=\u00bb1\/6&#8243; heading_color=\u00bblight\u00bb text_align=\u00bbcenter\u00bb font_color=\u00bb#ffffff\u00bb]<div class=\"grve-element grve-box-icon grve-small grve-top-icon grve-align-center\" style=\"\"><div class=\"grve-image-icon\"><img loading=\"lazy\" decoding=\"async\" width=\"75\" height=\"75\" src=\"https:\/\/www.groupeidec.com\/wp-content\/uploads\/2021\/05\/icone-carrieres-75-guitare.png\" class=\"attachment-full size-full\" alt=\"\" \/><\/div><div class=\"grve-box-content\"><div class=\"grve-box-title-wrapper\"><h3 class=\"grve-box-title grve-h6\">Beneficiarse de un acceso preferente a eventos deportivos y culturales<\/h3><\/div><\/div><\/div>[\/vc_column][\/vc_row][vc_row section_type=\u00bbfullwidth\u00bb padding_top_multiplier=\u00bb3x\u00bb columns_gap=\u00bbnone\u00bb][vc_column][vc_row_inner css=\u00bb.vc_custom_1619971564904{margin-bottom: 40px !important;}\u00bb][vc_column_inner width=\u00bb1\/6&#8243;][\/vc_column_inner][vc_column_inner width=\u00bb2\/3&#8243;]<div class=\"grve-element grve-divider grve-animated-item grve-fade-in-up grve-duration-normal grve-align-center\" style=\"padding-bottom: 20px;\" data-delay=\"200\"><span class=\"grve-custom-divider grve-bg-primary-1\" style=\"width: 50px;height: 2px;\"><\/span><\/div><h2 class=\"grve-element grve-title grve-align-center grve-animated-item grve-duration-normal grve-fade-in-up grve-h4\" style=\"\" data-delay=\"400\"><span>V\u00eddeos de testimonios<\/span><\/h2>[\/vc_column_inner][vc_column_inner width=\u00bb1\/6&#8243;][\/vc_column_inner][\/vc_row_inner][vc_tta_tabs alignment=\u00bbcenter\u00bb active_section=\u00bb1&#8243;][vc_tta_section title=\u00bbDise\u00f1o \/ Arquitectura\u00bb tab_id=\u00bb1620381487964-e140b889-af1f\u00bb]<div class=\"grve-element grve-flexible-carousel grve-carousel grve-layout-1 grve-with-gap grve-carousel-pagination-1\" style=\"\"><div class=\"grve-carousel-wrapper\">\t<div class=\"grve-flexible-carousel-element \" data-items=\"3\" data-items-tablet-landscape=\"3\" data-items-tablet-portrait=\"2\" data-items-mobile=\"1\" data-slider-autoplay=\"yes\" data-slider-speed=\"3000\" data-slider-pause=\"yes\" data-pagination-speed=\"400\" data-pagination=\"yes\" data-slider-autoheight=\"no\">[vc_row_inner][vc_column_inner]<div class=\"grve-element grve-video\" style=\"\"><iframe loading=\"lazy\" title=\"IDEC | \u00catre Architecte - GROUPE IDEC TALENT\" width=\"1080\" height=\"608\" src=\"https:\/\/www.youtube.com\/embed\/xki9GoZKlOI?feature=oembed\" frameborder=\"0\" allow=\"accelerometer; autoplay; clipboard-write; encrypted-media; gyroscope; picture-in-picture\" allowfullscreen><\/iframe><\/div>[\/vc_column_inner][\/vc_row_inner][vc_row_inner][vc_column_inner]<div class=\"grve-element grve-video\" style=\"\"><iframe loading=\"lazy\" title=\"SEQUABAT | \u00catre Architecte - GROUPE IDEC TALENT\" width=\"1080\" height=\"608\" src=\"https:\/\/www.youtube.com\/embed\/gbQZhnw0eK0?feature=oembed\" frameborder=\"0\" allow=\"accelerometer; autoplay; clipboard-write; encrypted-media; gyroscope; picture-in-picture\" allowfullscreen><\/iframe><\/div>[\/vc_column_inner][\/vc_row_inner][vc_row_inner][vc_column_inner]<div class=\"grve-element grve-video\" style=\"\"><iframe loading=\"lazy\" title=\"IDEC | \u00catre Projeteur BIM - GROUPE IDEC TALENT\" width=\"1080\" height=\"608\" src=\"https:\/\/www.youtube.com\/embed\/QgVUAjmY-DI?feature=oembed\" frameborder=\"0\" allow=\"accelerometer; autoplay; clipboard-write; encrypted-media; gyroscope; picture-in-picture\" allowfullscreen><\/iframe><\/div>[\/vc_column_inner][\/vc_row_inner][vc_row_inner][vc_column_inner]<div class=\"grve-element grve-video\" style=\"\"><iframe loading=\"lazy\" title=\"IDEC AGRO &amp; Factory | \u00catre Architecte - GROUPE IDEC TALENT\" width=\"1080\" height=\"608\" src=\"https:\/\/www.youtube.com\/embed\/vpGDGzJD9Ug?feature=oembed\" frameborder=\"0\" allow=\"accelerometer; autoplay; clipboard-write; encrypted-media; gyroscope; picture-in-picture\" allowfullscreen><\/iframe><\/div>[\/vc_column_inner][\/vc_row_inner][vc_row_inner][vc_column_inner]<div class=\"grve-element grve-video\" style=\"\"><iframe loading=\"lazy\" title=\"IDEC AGRO &amp; Factory | \u00catre Dessinatrice - GROUPE IDEC TALENT\" width=\"1080\" height=\"608\" src=\"https:\/\/www.youtube.com\/embed\/0RPrAwxW1DU?feature=oembed\" frameborder=\"0\" allow=\"accelerometer; autoplay; clipboard-write; encrypted-media; gyroscope; picture-in-picture\" allowfullscreen><\/iframe><\/div>[\/vc_column_inner][\/vc_row_inner]\t<\/div>  <\/div><\/div>[\/vc_tta_section][vc_tta_section title=\u00bbOficina de proyectos t\u00e9cnicos\u00bb tab_id=\u00bb1620381547196-d202c7d1-76d8&#8243;]<div class=\"grve-element grve-flexible-carousel grve-carousel grve-layout-1 grve-with-gap grve-carousel-pagination-1\" style=\"\"><div class=\"grve-carousel-wrapper\"><div class=\"grve-carousel-navigation grve-dark grve-navigation-1 grve-navigation-carousel\"><div class=\"grve-carousel-buttons\"><div class=\"grve-carousel-prev\"><i class=\"grve-icon-nav-left-small\"><\/i><span class=\"screen-reader-text\">Previous<\/span><\/div><div class=\"grve-carousel-next\"><i class=\"grve-icon-nav-right-small\"><\/i><span class=\"screen-reader-text\">Next<\/span><\/div><\/div><\/div>\t<div class=\"grve-flexible-carousel-element \" data-items=\"3\" data-items-tablet-landscape=\"3\" data-items-tablet-portrait=\"2\" data-items-mobile=\"1\" data-slider-autoplay=\"yes\" data-slider-speed=\"3000\" data-slider-pause=\"yes\" data-pagination-speed=\"400\" data-pagination=\"yes\" data-slider-autoheight=\"no\">[vc_row_inner][vc_column_inner]<div class=\"grve-element grve-video\" style=\"\"><iframe loading=\"lazy\" title=\"IDEC | \u00catre Charg\u00e9 d&#039;Affaires - GROUPE IDEC TALENT\" width=\"1080\" height=\"608\" src=\"https:\/\/www.youtube.com\/embed\/SAxyS4GLLqQ?feature=oembed\" frameborder=\"0\" allow=\"accelerometer; autoplay; clipboard-write; encrypted-media; gyroscope; picture-in-picture\" allowfullscreen><\/iframe><\/div>[\/vc_column_inner][\/vc_row_inner][vc_row_inner][vc_column_inner]<div class=\"grve-element grve-video\" style=\"\"><iframe loading=\"lazy\" title=\"SEQUABAT | \u00catre responsable Bureau d&#039;Etudes - GROUPE IDEC TALENT\" width=\"1080\" height=\"608\" src=\"https:\/\/www.youtube.com\/embed\/3rZsZQGoFJM?feature=oembed\" frameborder=\"0\" allow=\"accelerometer; autoplay; clipboard-write; encrypted-media; gyroscope; picture-in-picture\" allowfullscreen><\/iframe><\/div>[\/vc_column_inner][\/vc_row_inner][vc_row_inner][vc_column_inner]<div class=\"grve-element grve-video\" style=\"\"><iframe loading=\"lazy\" title=\"IDEC | \u00catre Charg\u00e9 d&#039;Etudes - GROUPE IDEC TALENT\" width=\"1080\" height=\"608\" src=\"https:\/\/www.youtube.com\/embed\/u3uOnYl2BOU?feature=oembed\" frameborder=\"0\" allow=\"accelerometer; autoplay; clipboard-write; encrypted-media; gyroscope; picture-in-picture\" allowfullscreen><\/iframe><\/div>[\/vc_column_inner][\/vc_row_inner][vc_row_inner][vc_column_inner]<div class=\"grve-element grve-video\" style=\"\"><iframe loading=\"lazy\" title=\"CECIA | \u00catre Technicien Bureau d&#039;Etudes Techniques - GROUPE IDEC TALENT\" width=\"1080\" height=\"608\" src=\"https:\/\/www.youtube.com\/embed\/XWsaWnnaruk?feature=oembed\" frameborder=\"0\" allow=\"accelerometer; autoplay; clipboard-write; encrypted-media; gyroscope; picture-in-picture\" allowfullscreen><\/iframe><\/div>[\/vc_column_inner][\/vc_row_inner][vc_row_inner][vc_column_inner]<div class=\"grve-element grve-video\" style=\"\"><iframe loading=\"lazy\" title=\"IDEC AGRO &amp; Factory | \u00catre Responsable lots techniques - GROUPE IDEC TALENT\" width=\"1080\" height=\"608\" src=\"https:\/\/www.youtube.com\/embed\/HzG829aVSeE?feature=oembed\" frameborder=\"0\" allow=\"accelerometer; autoplay; clipboard-write; encrypted-media; gyroscope; picture-in-picture\" allowfullscreen><\/iframe><\/div>[\/vc_column_inner][\/vc_row_inner]\t<\/div>  <\/div><\/div>[\/vc_tta_section][vc_tta_section title=\u00bbMedio ambiente \/ Certificaciones \/ ICPE\u00bb tab_id=\u00bb1620383688515-e4d201d7-8eb9&#8243;]<div class=\"grve-element grve-flexible-carousel grve-carousel grve-layout-1 grve-with-gap grve-carousel-pagination-1\" style=\"\"><div class=\"grve-carousel-wrapper\">\t<div class=\"grve-flexible-carousel-element \" data-items=\"3\" data-items-tablet-landscape=\"3\" data-items-tablet-portrait=\"2\" data-items-mobile=\"1\" data-slider-autoplay=\"yes\" data-slider-speed=\"3000\" data-slider-pause=\"yes\" data-pagination-speed=\"400\" data-pagination=\"yes\" data-slider-autoheight=\"no\">[vc_row_inner][vc_column_inner]<div class=\"grve-element grve-video\" style=\"\"><iframe loading=\"lazy\" title=\"IDEC | \u00catre Responsable certifications environnementales - GROUPE IDEC TALENT\" width=\"1080\" height=\"608\" src=\"https:\/\/www.youtube.com\/embed\/kK4_j0P2LAc?feature=oembed\" frameborder=\"0\" allow=\"accelerometer; autoplay; clipboard-write; encrypted-media; gyroscope; picture-in-picture\" allowfullscreen><\/iframe><\/div>[\/vc_column_inner][\/vc_row_inner][vc_row_inner][vc_column_inner]<div class=\"grve-element grve-video\" style=\"\"><iframe loading=\"lazy\" title=\"IDEC | \u00catre Directeur R&amp;D - GROUPE IDEC TALENT\" width=\"1080\" height=\"608\" src=\"https:\/\/www.youtube.com\/embed\/LwryPp7Q_P8?feature=oembed\" frameborder=\"0\" allow=\"accelerometer; autoplay; clipboard-write; encrypted-media; gyroscope; picture-in-picture\" allowfullscreen><\/iframe><\/div>[\/vc_column_inner][\/vc_row_inner][vc_row_inner][vc_column_inner]<div class=\"grve-element grve-video\" style=\"\"><iframe loading=\"lazy\" title=\"IDEC | \u00catre R\u00e9f\u00e9rent ICPE - GROUPE IDEC TALENT\" width=\"1080\" height=\"608\" src=\"https:\/\/www.youtube.com\/embed\/eJkb2_ZRgY4?feature=oembed\" frameborder=\"0\" allow=\"accelerometer; autoplay; clipboard-write; encrypted-media; gyroscope; picture-in-picture\" allowfullscreen><\/iframe><\/div>[\/vc_column_inner][\/vc_row_inner][vc_row_inner][vc_column_inner]<div class=\"grve-element grve-video\" style=\"\"><iframe loading=\"lazy\" title=\"CECIA | \u00catre Ing\u00e9nieur Environnement - GROUPE IDEC TALENT\" width=\"1080\" height=\"608\" src=\"https:\/\/www.youtube.com\/embed\/us_jttUCg78?feature=oembed\" frameborder=\"0\" allow=\"accelerometer; autoplay; clipboard-write; encrypted-media; gyroscope; picture-in-picture\" allowfullscreen><\/iframe><\/div>[\/vc_column_inner][\/vc_row_inner][vc_row_inner][vc_column_inner]<div class=\"grve-element grve-video\" style=\"\"><iframe loading=\"lazy\" title=\"IDEC AGRO &amp; Factory | \u00catre Ing\u00e9nieur Environnement - GROUPE IDEC TALENT\" width=\"1080\" height=\"608\" src=\"https:\/\/www.youtube.com\/embed\/ifUzVTQmDPM?feature=oembed\" frameborder=\"0\" allow=\"accelerometer; autoplay; clipboard-write; encrypted-media; gyroscope; picture-in-picture\" allowfullscreen><\/iframe><\/div>[\/vc_column_inner][\/vc_row_inner]\t<\/div>  <\/div><\/div>[\/vc_tta_section][vc_tta_section title=\u00bbObras \/ Mantenimiento\u00bb tab_id=\u00bb1620383690111-599702c5-f06a\u00bb]<div class=\"grve-element grve-flexible-carousel grve-carousel grve-layout-1 grve-with-gap grve-carousel-pagination-1\" style=\"\"><div class=\"grve-carousel-wrapper\">\t<div class=\"grve-flexible-carousel-element \" data-items=\"3\" data-items-tablet-landscape=\"3\" data-items-tablet-portrait=\"2\" data-items-mobile=\"1\" data-slider-autoplay=\"yes\" data-slider-speed=\"3000\" data-slider-pause=\"yes\" data-pagination-speed=\"400\" data-pagination=\"yes\" data-slider-autoheight=\"no\">[vc_row_inner][vc_column_inner]<div class=\"grve-element grve-video\" style=\"\"><iframe loading=\"lazy\" title=\"IDEC | \u00catre Chef de Groupe Travaux - GROUPE IDEC TALENT\" width=\"1080\" height=\"608\" src=\"https:\/\/www.youtube.com\/embed\/51Md-SdHQi4?feature=oembed\" frameborder=\"0\" allow=\"accelerometer; autoplay; clipboard-write; encrypted-media; gyroscope; picture-in-picture\" allowfullscreen><\/iframe><\/div>[\/vc_column_inner][\/vc_row_inner][vc_row_inner][vc_column_inner]<div class=\"grve-element grve-video\" style=\"\"><iframe loading=\"lazy\" title=\"IDEC | \u00catre Responsable SAV et Maintenance - GROUPE IDEC TALENT\" width=\"1080\" height=\"608\" src=\"https:\/\/www.youtube.com\/embed\/mBTVtjes21g?feature=oembed\" frameborder=\"0\" allow=\"accelerometer; autoplay; clipboard-write; encrypted-media; gyroscope; picture-in-picture\" allowfullscreen><\/iframe><\/div>[\/vc_column_inner][\/vc_row_inner][vc_row_inner][vc_column_inner]<div class=\"grve-element grve-video\" style=\"\"><iframe loading=\"lazy\" title=\"CECIA | \u00catre Charg\u00e9 d&#039;Affaires - GROUPE IDEC TALENT\" width=\"1080\" height=\"608\" src=\"https:\/\/www.youtube.com\/embed\/_pVcMUx5z0Y?feature=oembed\" frameborder=\"0\" allow=\"accelerometer; autoplay; clipboard-write; encrypted-media; gyroscope; picture-in-picture\" allowfullscreen><\/iframe><\/div>[\/vc_column_inner][\/vc_row_inner][vc_row_inner][vc_column_inner]<div class=\"grve-element grve-video\" style=\"\"><iframe loading=\"lazy\" title=\"SEQUABAT | \u00catre Ing\u00e9nieur Travaux - GROUPE IDEC TALENT\" width=\"1080\" height=\"608\" src=\"https:\/\/www.youtube.com\/embed\/MD71CUYba48?feature=oembed\" frameborder=\"0\" allow=\"accelerometer; autoplay; clipboard-write; encrypted-media; gyroscope; picture-in-picture\" allowfullscreen><\/iframe><\/div>[\/vc_column_inner][\/vc_row_inner][vc_row_inner][vc_column_inner]<div class=\"grve-element grve-video\" style=\"\"><iframe loading=\"lazy\" title=\"IDEC AGRO &amp; Factory | \u00catre Ing\u00e9nieur Travaux - GROUPE IDEC TALENT\" width=\"1080\" height=\"608\" src=\"https:\/\/www.youtube.com\/embed\/sXg9j8kEsO8?feature=oembed\" frameborder=\"0\" allow=\"accelerometer; autoplay; clipboard-write; encrypted-media; gyroscope; picture-in-picture\" allowfullscreen><\/iframe><\/div>[\/vc_column_inner][\/vc_row_inner]\t<\/div>  <\/div><\/div>[\/vc_tta_section][\/vc_tta_tabs][\/vc_column][\/vc_row][vc_row padding_top_multiplier=\u00bb\u00bb][vc_column]<div class=\"grve-empty-space\" style=\"height: 10px;\"><\/div>[\/vc_column][\/vc_row][vc_row bg_type=\u00bbimage\u00bb bg_image=\u00bb255165&#8243; bg_image_type=\u00bbfixed\u00bb padding_top_multiplier=\u00bb2x\u00bb padding_bottom_multiplier=\u00bbcustom\u00bb padding_bottom=\u00bb40px\u00bb][vc_column heading_color=\u00bblight\u00bb text_align=\u00bbcenter\u00bb]<h2 class=\"grve-element grve-title grve-align-center grve-h4\" style=\"margin-bottom: 30px;\"><span>GROUPE IDEC contrata personal: incorp\u00f3rese a un universo de apasionados<\/span><\/h2><div class=\"grve-element grve-align-center dinline\"><a href=\"https:\/\/www.groupeidec.com\/es\/faire-grandir-les-hommes\/\" class=\"grve-btn grve-btn-small grve-square grve-bg-white grve-bg-hover-black\" style=\"margin-bottom: 20px;\"><span>Contribuir al crecimiento de las personas<\/span><\/a><\/div><div class=\"grve-element grve-align-center dinline\"><a href=\"https:\/\/www.groupeidec.com\/offres\/\" class=\"grve-btn grve-btn-small grve-square grve-bg-white grve-bg-hover-black grve-btn-line\" style=\"margin-bottom: 20px;\"><span>Descubra nuestras ofertas<\/span><\/a><\/div>[\/vc_column][\/vc_row]<\/p>\n<\/div>","protected":false},"excerpt":{"rendered":"<p>[vc_row heading_color=\u00bblight\u00bb bg_type=\u00bbhosted_video\u00bb bg_image=\u00bb19828&#8243; bg_video_loop=\u00bbno\u00bb color_overlay=\u00bbdark\u00bb opacity_overlay=\u00bb40&#8243; padding_top_multiplier=\u00bb6x\u00bb padding_bottom_multiplier=\u00bb6x\u00bb separator_bottom=\u00bblarge-triangle-separator\u00bb separator_bottom_size=\u00bb60px\u00bb font_color=\u00bb#ffffff\u00bb kswr_row_top_decor_enabled=\u00bbfalse\u00bb kswr_row_bottom_decor_enabled=\u00bbfalse\u00bb bg_video_webm=\u00bbhttps:\/\/www.groupeidec.com\/wp-content\/uploads\/2018\/12\/Video-header-Nos-Valeurs-groupe-idec.webm\u00bb bg_video_mp4=\u00bbhttps:\/\/www.groupeidec.com\/wp-content\/uploads\/2018\/12\/Video-header-Nos-Valeurs-groupe-idec.mp4&#8243; bg_video_ogv=\u00bbhttps:\/\/www.groupeidec.com\/wp-content\/uploads\/2018\/12\/Video-header-Nos-Valeurs-groupe-idec.ogv\u00bb][vc_column vertical_content_position=\u00bbmiddle\u00bb][\/vc_column][\/vc_row][vc_row padding_top_multiplier=\u00bb2x\u00bb padding_bottom_multiplier=\u00bb3x\u00bb columns_gap=\u00bb60&#8243; equal_column_height=\u00bbmiddle-content\u00bb tablet_landscape_equal_column_height=\u00bbfalse\u00bb tablet_portrait_equal_column_height=\u00bbfalse\u00bb mobile_equal_column_height=\u00bbfalse\u00bb kswr_row_top_decor_enabled=\u00bbfalse\u00bb kswr_row_bottom_decor_enabled=\u00bbfalse\u00bb][vc_column width=\u00bb1\/3&#8243;][vc_column_text animation=\u00bbgrve-fade-in-up\u00bb animation_delay=\u00bb600&#8243; css=\u00bb.vc_custom_1624633137603{margin-bottom: 20px !important;}\u00bb] El conjunto de mujeres y hombres que componen GROUPE IDEC se ha construido en torno a varios valores que forjan nuestra identidad [&hellip;]<\/p>\n","protected":false},"author":1,"featured_media":19719,"parent":0,"menu_order":0,"comment_status":"closed","ping_status":"closed","template":"","meta":{"inline_featured_image":false,"footnotes":""},"class_list":["post-315936","page","type-page","status-publish","has-post-thumbnail","hentry"],"yoast_head":"<!-- This site is optimized with the Yoast SEO plugin v27.4 - https:\/\/yoast.com\/product\/yoast-seo-wordpress\/ -->\n<title>\u00bfPor qu\u00e9 trabajar con nosotros? | GROUPE IDEC<\/title>\n<meta name=\"description\" content=\"El conjunto de mujeres y hombres que componen GROUPE IDEC se ha construido en torno a varios valores que forjan nuestra identidad y nuestro enfoque para acompa\u00f1arle \u00f3ptimamente. Descubra estos pilares que forjan nuestra cultura para abordar sus exigencias.\" \/>\n<meta name=\"robots\" content=\"index, follow, max-snippet:-1, max-image-preview:large, max-video-preview:-1\" \/>\n<link rel=\"canonical\" href=\"https:\/\/www.groupeidec.com\/es\/por-que-trabajar-con-nosotros\/\" \/>\n<meta property=\"og:locale\" content=\"es_ES\" \/>\n<meta property=\"og:type\" content=\"article\" \/>\n<meta property=\"og:title\" content=\"\u00bfPor qu\u00e9 trabajar con nosotros? | GROUPE IDEC\" \/>\n<meta property=\"og:description\" content=\"El conjunto de mujeres y hombres que componen GROUPE IDEC se ha construido en torno a varios valores que forjan nuestra identidad y nuestro enfoque para acompa\u00f1arle \u00f3ptimamente. Descubra estos pilares que forjan nuestra cultura para abordar sus exigencias.\" \/>\n<meta property=\"og:url\" content=\"https:\/\/www.groupeidec.com\/es\/por-que-trabajar-con-nosotros\/\" \/>\n<meta property=\"og:site_name\" content=\"Groupe IDEC\" \/>\n<meta property=\"article:publisher\" content=\"https:\/\/www.facebook.com\/groupeidec\/\" \/>\n<meta property=\"article:modified_time\" content=\"2021-06-25T15:10:51+00:00\" \/>\n<meta property=\"og:image\" content=\"https:\/\/www.groupeidec.com\/wp-content\/uploads\/2018\/12\/Groupe-IDEC-header_01.jpg\" \/>\n\t<meta property=\"og:image:width\" content=\"1640\" \/>\n\t<meta property=\"og:image:height\" content=\"923\" \/>\n\t<meta property=\"og:image:type\" content=\"image\/jpeg\" \/>\n<meta name=\"twitter:card\" content=\"summary_large_image\" \/>\n<meta name=\"twitter:label1\" content=\"Tiempo de lectura\" \/>\n\t<meta name=\"twitter:data1\" content=\"4 minutos\" \/>\n<script type=\"application\/ld+json\" class=\"yoast-schema-graph\">{\"@context\":\"https:\\\/\\\/schema.org\",\"@graph\":[{\"@type\":\"WebPage\",\"@id\":\"https:\\\/\\\/www.groupeidec.com\\\/es\\\/por-que-trabajar-con-nosotros\\\/\",\"url\":\"https:\\\/\\\/www.groupeidec.com\\\/es\\\/por-que-trabajar-con-nosotros\\\/\",\"name\":\"\u00bfPor qu\u00e9 trabajar con nosotros? | GROUPE IDEC\",\"isPartOf\":{\"@id\":\"https:\\\/\\\/www.groupeidec.com\\\/es\\\/#website\"},\"primaryImageOfPage\":{\"@id\":\"https:\\\/\\\/www.groupeidec.com\\\/es\\\/por-que-trabajar-con-nosotros\\\/#primaryimage\"},\"image\":{\"@id\":\"https:\\\/\\\/www.groupeidec.com\\\/es\\\/por-que-trabajar-con-nosotros\\\/#primaryimage\"},\"thumbnailUrl\":\"https:\\\/\\\/www.groupeidec.com\\\/wp-content\\\/uploads\\\/2018\\\/12\\\/Groupe-IDEC-header_01.jpg\",\"datePublished\":\"2021-05-06T09:23:10+00:00\",\"dateModified\":\"2021-06-25T15:10:51+00:00\",\"description\":\"El conjunto de mujeres y hombres que componen GROUPE IDEC se ha construido en torno a varios valores que forjan nuestra identidad y nuestro enfoque para acompa\u00f1arle \u00f3ptimamente. Descubra estos pilares que forjan nuestra cultura para abordar sus exigencias.\",\"breadcrumb\":{\"@id\":\"https:\\\/\\\/www.groupeidec.com\\\/es\\\/por-que-trabajar-con-nosotros\\\/#breadcrumb\"},\"inLanguage\":\"es\",\"potentialAction\":[{\"@type\":\"ReadAction\",\"target\":[\"https:\\\/\\\/www.groupeidec.com\\\/es\\\/por-que-trabajar-con-nosotros\\\/\"]}]},{\"@type\":\"ImageObject\",\"inLanguage\":\"es\",\"@id\":\"https:\\\/\\\/www.groupeidec.com\\\/es\\\/por-que-trabajar-con-nosotros\\\/#primaryimage\",\"url\":\"https:\\\/\\\/www.groupeidec.com\\\/wp-content\\\/uploads\\\/2018\\\/12\\\/Groupe-IDEC-header_01.jpg\",\"contentUrl\":\"https:\\\/\\\/www.groupeidec.com\\\/wp-content\\\/uploads\\\/2018\\\/12\\\/Groupe-IDEC-header_01.jpg\",\"width\":1640,\"height\":923},{\"@type\":\"BreadcrumbList\",\"@id\":\"https:\\\/\\\/www.groupeidec.com\\\/es\\\/por-que-trabajar-con-nosotros\\\/#breadcrumb\",\"itemListElement\":[{\"@type\":\"ListItem\",\"position\":1,\"name\":\"Accueil\",\"item\":\"https:\\\/\\\/www.groupeidec.com\\\/es\\\/\"},{\"@type\":\"ListItem\",\"position\":2,\"name\":\"\u00bfPor qu\u00e9 trabajar con nosotros?\"}]},{\"@type\":\"WebSite\",\"@id\":\"https:\\\/\\\/www.groupeidec.com\\\/es\\\/#website\",\"url\":\"https:\\\/\\\/www.groupeidec.com\\\/es\\\/\",\"name\":\"Groupe IDEC\",\"description\":\"A la fois am\u00e9nageur, promoteur, investisseur et concepteur-constructeur cl\u00e9 en main, le GROUPE IDEC est l&#039;un des rares acteurs globaux du march\u00e9 immobilier fran\u00e7ais, pr\u00e9sent sur tous ces m\u00e9tiers.\",\"potentialAction\":[{\"@type\":\"SearchAction\",\"target\":{\"@type\":\"EntryPoint\",\"urlTemplate\":\"https:\\\/\\\/www.groupeidec.com\\\/es\\\/?s={search_term_string}\"},\"query-input\":{\"@type\":\"PropertyValueSpecification\",\"valueRequired\":true,\"valueName\":\"search_term_string\"}}],\"inLanguage\":\"es\"}]}<\/script>\n<!-- \/ Yoast SEO plugin. -->","yoast_head_json":{"title":"\u00bfPor qu\u00e9 trabajar con nosotros? | GROUPE IDEC","description":"El conjunto de mujeres y hombres que componen GROUPE IDEC se ha construido en torno a varios valores que forjan nuestra identidad y nuestro enfoque para acompa\u00f1arle \u00f3ptimamente. Descubra estos pilares que forjan nuestra cultura para abordar sus exigencias.","robots":{"index":"index","follow":"follow","max-snippet":"max-snippet:-1","max-image-preview":"max-image-preview:large","max-video-preview":"max-video-preview:-1"},"canonical":"https:\/\/www.groupeidec.com\/es\/por-que-trabajar-con-nosotros\/","og_locale":"es_ES","og_type":"article","og_title":"\u00bfPor qu\u00e9 trabajar con nosotros? | GROUPE IDEC","og_description":"El conjunto de mujeres y hombres que componen GROUPE IDEC se ha construido en torno a varios valores que forjan nuestra identidad y nuestro enfoque para acompa\u00f1arle \u00f3ptimamente. Descubra estos pilares que forjan nuestra cultura para abordar sus exigencias.","og_url":"https:\/\/www.groupeidec.com\/es\/por-que-trabajar-con-nosotros\/","og_site_name":"Groupe IDEC","article_publisher":"https:\/\/www.facebook.com\/groupeidec\/","article_modified_time":"2021-06-25T15:10:51+00:00","og_image":[{"width":1640,"height":923,"url":"https:\/\/www.groupeidec.com\/wp-content\/uploads\/2018\/12\/Groupe-IDEC-header_01.jpg","type":"image\/jpeg"}],"twitter_card":"summary_large_image","twitter_misc":{"Tiempo de lectura":"4 minutos"},"schema":{"@context":"https:\/\/schema.org","@graph":[{"@type":"WebPage","@id":"https:\/\/www.groupeidec.com\/es\/por-que-trabajar-con-nosotros\/","url":"https:\/\/www.groupeidec.com\/es\/por-que-trabajar-con-nosotros\/","name":"\u00bfPor qu\u00e9 trabajar con nosotros? | GROUPE IDEC","isPartOf":{"@id":"https:\/\/www.groupeidec.com\/es\/#website"},"primaryImageOfPage":{"@id":"https:\/\/www.groupeidec.com\/es\/por-que-trabajar-con-nosotros\/#primaryimage"},"image":{"@id":"https:\/\/www.groupeidec.com\/es\/por-que-trabajar-con-nosotros\/#primaryimage"},"thumbnailUrl":"https:\/\/www.groupeidec.com\/wp-content\/uploads\/2018\/12\/Groupe-IDEC-header_01.jpg","datePublished":"2021-05-06T09:23:10+00:00","dateModified":"2021-06-25T15:10:51+00:00","description":"El conjunto de mujeres y hombres que componen GROUPE IDEC se ha construido en torno a varios valores que forjan nuestra identidad y nuestro enfoque para acompa\u00f1arle \u00f3ptimamente. Descubra estos pilares que forjan nuestra cultura para abordar sus exigencias.","breadcrumb":{"@id":"https:\/\/www.groupeidec.com\/es\/por-que-trabajar-con-nosotros\/#breadcrumb"},"inLanguage":"es","potentialAction":[{"@type":"ReadAction","target":["https:\/\/www.groupeidec.com\/es\/por-que-trabajar-con-nosotros\/"]}]},{"@type":"ImageObject","inLanguage":"es","@id":"https:\/\/www.groupeidec.com\/es\/por-que-trabajar-con-nosotros\/#primaryimage","url":"https:\/\/www.groupeidec.com\/wp-content\/uploads\/2018\/12\/Groupe-IDEC-header_01.jpg","contentUrl":"https:\/\/www.groupeidec.com\/wp-content\/uploads\/2018\/12\/Groupe-IDEC-header_01.jpg","width":1640,"height":923},{"@type":"BreadcrumbList","@id":"https:\/\/www.groupeidec.com\/es\/por-que-trabajar-con-nosotros\/#breadcrumb","itemListElement":[{"@type":"ListItem","position":1,"name":"Accueil","item":"https:\/\/www.groupeidec.com\/es\/"},{"@type":"ListItem","position":2,"name":"\u00bfPor qu\u00e9 trabajar con nosotros?"}]},{"@type":"WebSite","@id":"https:\/\/www.groupeidec.com\/es\/#website","url":"https:\/\/www.groupeidec.com\/es\/","name":"Groupe IDEC","description":"A la fois am\u00e9nageur, promoteur, investisseur et concepteur-constructeur cl\u00e9 en main, le GROUPE IDEC est l&#039;un des rares acteurs globaux du march\u00e9 immobilier fran\u00e7ais, pr\u00e9sent sur tous ces m\u00e9tiers.","potentialAction":[{"@type":"SearchAction","target":{"@type":"EntryPoint","urlTemplate":"https:\/\/www.groupeidec.com\/es\/?s={search_term_string}"},"query-input":{"@type":"PropertyValueSpecification","valueRequired":true,"valueName":"search_term_string"}}],"inLanguage":"es"}]}},"_links":{"self":[{"href":"https:\/\/www.groupeidec.com\/es\/wp-json\/wp\/v2\/pages\/315936","targetHints":{"allow":["GET"]}}],"collection":[{"href":"https:\/\/www.groupeidec.com\/es\/wp-json\/wp\/v2\/pages"}],"about":[{"href":"https:\/\/www.groupeidec.com\/es\/wp-json\/wp\/v2\/types\/page"}],"author":[{"embeddable":true,"href":"https:\/\/www.groupeidec.com\/es\/wp-json\/wp\/v2\/users\/1"}],"replies":[{"embeddable":true,"href":"https:\/\/www.groupeidec.com\/es\/wp-json\/wp\/v2\/comments?post=315936"}],"version-history":[{"count":4,"href":"https:\/\/www.groupeidec.com\/es\/wp-json\/wp\/v2\/pages\/315936\/revisions"}],"predecessor-version":[{"id":315941,"href":"https:\/\/www.groupeidec.com\/es\/wp-json\/wp\/v2\/pages\/315936\/revisions\/315941"}],"wp:featuredmedia":[{"embeddable":true,"href":"https:\/\/www.groupeidec.com\/es\/wp-json\/wp\/v2\/media\/19719"}],"wp:attachment":[{"href":"https:\/\/www.groupeidec.com\/es\/wp-json\/wp\/v2\/media?parent=315936"}],"curies":[{"name":"wp","href":"https:\/\/api.w.org\/{rel}","templated":true}]}}