{"id":315942,"date":"2021-02-02T13:18:50","date_gmt":"2021-02-02T12:18:50","guid":{"rendered":"https:\/\/www.groupeidec.com\/le-groupe-idec-et-le-handicap-un-engagement-citoyen\/"},"modified":"2021-06-25T17:36:45","modified_gmt":"2021-06-25T15:36:45","slug":"groupe-idec-y-la-discapacidad-una-implicacion-ciudadana","status":"publish","type":"page","link":"https:\/\/www.groupeidec.com\/es\/groupe-idec-y-la-discapacidad-una-implicacion-ciudadana\/","title":{"rendered":"GROUPE IDEC y la discapacidad: una implicaci\u00f3n ciudadana"},"content":{"rendered":"<div class=\"wpb-content-wrapper\"><p>[vc_row heading_color=\u00bblight\u00bb bg_type=\u00bbhosted_video\u00bb bg_image=\u00bb313112&#8243; color_overlay=\u00bbdark\u00bb opacity_overlay=\u00bb40&#8243; padding_top_multiplier=\u00bb6x\u00bb padding_bottom_multiplier=\u00bb6x\u00bb separator_bottom=\u00bblarge-triangle-separator\u00bb separator_bottom_size=\u00bb60px\u00bb font_color=\u00bb#ffffff\u00bb kswr_row_top_decor_enabled=\u00bbfalse\u00bb kswr_row_bottom_decor_enabled=\u00bbfalse\u00bb bg_video_webm=\u00bbhttps:\/\/www.groupeidec.com\/wp-content\/uploads\/2021\/02\/video-header-handicap.webm\u00bb bg_video_mp4=\u00bbhttps:\/\/www.groupeidec.com\/wp-content\/uploads\/2021\/02\/video-header-handicap.mp4&#8243; bg_video_ogv=\u00bbhttps:\/\/www.groupeidec.com\/wp-content\/uploads\/2021\/02\/video-header-handicap.ogv\u00bb][vc_column vertical_content_position=\u00bbmiddle\u00bb]<h1 class=\"grve-element grve-title grve-align-center grve-h1 grve-increase-heading grve-heading-120\" style=\"\"><span>GROUPE IDEC y la discapacidad:<br \/>\nuna implicaci\u00f3n ciudadana<\/span><\/h1>[\/vc_column][\/vc_row][vc_row padding_top_multiplier=\u00bb2x\u00bb padding_bottom_multiplier=\u00bb2x\u00bb columns_gap=\u00bb60&#8243; equal_column_height=\u00bbmiddle-content\u00bb tablet_landscape_equal_column_height=\u00bbfalse\u00bb tablet_portrait_equal_column_height=\u00bbfalse\u00bb mobile_equal_column_height=\u00bbfalse\u00bb kswr_row_top_decor_enabled=\u00bbfalse\u00bb kswr_row_bottom_decor_enabled=\u00bbfalse\u00bb][vc_column width=\u00bb1\/3&#8243;]<div class=\"grve-element grve-divider grve-animated-item grve-fade-in-up grve-duration-normal grve-align-left\" style=\"padding-bottom: 20px;\" data-delay=\"200\"><span class=\"grve-custom-divider grve-bg-primary-1\" style=\"width: 50px;height: 2px;\"><\/span><\/div><h2 class=\"grve-element grve-title grve-align-left grve-animated-item grve-duration-normal grve-fade-in-up grve-h4\" style=\"\" data-delay=\"400\"><span>Un grupo implicado con la discapacidad<\/span><\/h2>[vc_column_text animation=\u00bbgrve-fade-in-up\u00bb animation_delay=\u00bb600&#8243; css=\u00bb.vc_custom_1624634173922{margin-bottom: 10px !important;}\u00bb]<\/p>\n<p style=\"text-align: justify;\">GROUPE IDEC se compromete con la integraci\u00f3n de empleados discapacitados. Cree m\u00e1s que nunca en el efecto positivo de esta orientaci\u00f3n que proporciona a todos los empleados una apertura de esp\u00edritu y un cierto sentido de la benevolencia. \u00a1El Grupo construye por el futuro! Su pol\u00edtica de discapacidad se estructura en torno a tres ejes principales: el nombramiento de un referente de discapacidad, la comunicaci\u00f3n entre los empleados y toda una serie de acciones para favorecer la contrataci\u00f3n de personas con discapacidad.<\/p>\n<p>[\/vc_column_text][\/vc_column][vc_column width=\u00bb2\/3&#8243; clipping_animation=\u00bbclipping-left\u00bb animation_delay=\u00bb800&#8243; css=\u00bb.vc_custom_1542806597126{margin-top: 0px !important;margin-bottom: 0px !important;}\u00bb]<div class=\"grve-element grve-image grve-align-center grve-full-image grve-image-space-100\" style=\"\">  <div class=\"grve-image-wrapper\"><img loading=\"lazy\" decoding=\"async\" width=\"1280\" height=\"700\" src=\"https:\/\/www.groupeidec.com\/wp-content\/uploads\/2021\/06\/christine-handicap-grid-1280x700B.jpg\" class=\"attachment-full size-full\" alt=\"\" srcset=\"https:\/\/www.groupeidec.com\/wp-content\/uploads\/2021\/06\/christine-handicap-grid-1280x700B.jpg 1280w, https:\/\/www.groupeidec.com\/wp-content\/uploads\/2021\/06\/christine-handicap-grid-1280x700B-300x164.jpg 300w, https:\/\/www.groupeidec.com\/wp-content\/uploads\/2021\/06\/christine-handicap-grid-1280x700B-1024x560.jpg 1024w, https:\/\/www.groupeidec.com\/wp-content\/uploads\/2021\/06\/christine-handicap-grid-1280x700B-768x420.jpg 768w\" sizes=\"auto, (max-width: 1280px) 100vw, 1280px\" \/>   <\/div><\/div>[\/vc_column][\/vc_row][vc_row bg_type=\u00bbimage\u00bb bg_image=\u00bb1279&#8243; bg_image_type=\u00bbfixed\u00bb pattern_overlay=\u00bbyes\u00bb padding_top_multiplier=\u00bb2x\u00bb padding_bottom_multiplier=\u00bb2x\u00bb kswr_row_top_decor_enabled=\u00bbfalse\u00bb kswr_row_bottom_decor_enabled=\u00bbfalse\u00bb][vc_column width=\u00bb1\/6&#8243; font_color=\u00bb#ffffff\u00bb][\/vc_column][vc_column width=\u00bb2\/3&#8243; heading_color=\u00bblight\u00bb font_color=\u00bb#ffffff\u00bb][vc_column_text]<\/p>\n<h6 style=\"text-align: center;\"><em>\u00ab Los tres pilares de nuestra pol\u00edtica de discapacidad: contratar, integrar y mantener en el puesto de trabajo. \u00bb<\/em><\/h6>\n<p style=\"text-align: center;\"><strong>Patrice LAFARGUE<\/strong>, Presidente de GROUPE IDEC<\/p>\n<p>[\/vc_column_text][\/vc_column][vc_column width=\u00bb1\/6&#8243;][\/vc_column][\/vc_row][vc_row bg_type=\u00bbcolor\u00bb padding_top_multiplier=\u00bb3x\u00bb padding_bottom_multiplier=\u00bb3x\u00bb columns_gap=\u00bb50&#8243; equal_column_height=\u00bbequal-column\u00bb tablet_portrait_equal_column_height=\u00bbfalse\u00bb mobile_equal_column_height=\u00bbfalse\u00bb bg_color=\u00bb#f7f7f7&#8243;][vc_column width=\u00bb1\/3&#8243; shadow=\u00bbsmall\u00bb clipping_animation=\u00bbclipping-left\u00bb css=\u00bb.vc_custom_1612267507659{padding-top: 0px !important;padding-right: 0px !important;padding-bottom: 0px !important;padding-left: 0px !important;background-color: #ffffff !important;}\u00bb]<div class=\"grve-element grve-image grve-align-center\" style=\"\">  <div class=\"grve-image-wrapper\"><img loading=\"lazy\" decoding=\"async\" width=\"1280\" height=\"852\" src=\"https:\/\/www.groupeidec.com\/wp-content\/uploads\/2021\/02\/groupe-idec-handicap-03_1280.jpg\" class=\"attachment-full size-full\" alt=\"\" srcset=\"https:\/\/www.groupeidec.com\/wp-content\/uploads\/2021\/02\/groupe-idec-handicap-03_1280.jpg 1280w, https:\/\/www.groupeidec.com\/wp-content\/uploads\/2021\/02\/groupe-idec-handicap-03_1280-300x200.jpg 300w, https:\/\/www.groupeidec.com\/wp-content\/uploads\/2021\/02\/groupe-idec-handicap-03_1280-1024x682.jpg 1024w, https:\/\/www.groupeidec.com\/wp-content\/uploads\/2021\/02\/groupe-idec-handicap-03_1280-768x511.jpg 768w\" sizes=\"auto, (max-width: 1280px) 100vw, 1280px\" \/>   <\/div><\/div>[vc_column_text css=\u00bb.vc_custom_1624634332272{padding-top: 30px !important;padding-right: 30px !important;padding-bottom: 30px !important;padding-left: 30px !important;}\u00bb]<\/p>\n<h5>Contrataci\u00f3n<\/h5>\n<p style=\"text-align: justify;\">GROUPE IDEC contrata personas discapacitadas y recurre con la mayor frecuencia posible a trabajadores de asociaciones de inserci\u00f3n como los ESAT (establecimientos o servicios de ayuda por el trabajo). Construye su planteamiento de discapacidad con ambici\u00f3n y entusiasmo. <em>\u00abLa singularidad tiene talento. Mejora las relaciones entre los empleados, une a los equipos, cambia las mentalidades de cada cual y la mirada de todos\u00bb<\/em>, declara el Director de RR.HH. de GROUPE IDEC, Patrice Gaye.<\/p>\n<p>[\/vc_column_text][\/vc_column][vc_column width=\u00bb1\/3&#8243; shadow=\u00bbsmall\u00bb clipping_animation=\u00bbclipping-down\u00bb animation_delay=\u00bb400&#8243; css=\u00bb.vc_custom_1612267519851{padding-top: 0px !important;padding-right: 0px !important;padding-bottom: 0px !important;padding-left: 0px !important;background-color: #ffffff !important;}\u00bb]<div class=\"grve-element grve-image grve-align-center\" style=\"\">  <div class=\"grve-image-wrapper\"><img loading=\"lazy\" decoding=\"async\" width=\"1280\" height=\"852\" src=\"https:\/\/www.groupeidec.com\/wp-content\/uploads\/2021\/02\/groupe-idec-handicap-08_1280.jpg\" class=\"attachment-full size-full\" alt=\"\" srcset=\"https:\/\/www.groupeidec.com\/wp-content\/uploads\/2021\/02\/groupe-idec-handicap-08_1280.jpg 1280w, https:\/\/www.groupeidec.com\/wp-content\/uploads\/2021\/02\/groupe-idec-handicap-08_1280-300x200.jpg 300w, https:\/\/www.groupeidec.com\/wp-content\/uploads\/2021\/02\/groupe-idec-handicap-08_1280-1024x682.jpg 1024w, https:\/\/www.groupeidec.com\/wp-content\/uploads\/2021\/02\/groupe-idec-handicap-08_1280-768x511.jpg 768w\" sizes=\"auto, (max-width: 1280px) 100vw, 1280px\" \/>   <\/div><\/div>[vc_column_text css=\u00bb.vc_custom_1624634353883{padding-top: 30px !important;padding-right: 30px !important;padding-bottom: 30px !important;padding-left: 30px !important;}\u00bb]<\/p>\n<h5>Integraci\u00f3n<\/h5>\n<p>La integraci\u00f3n de personas discapacitadas es uno de los ejes prioritarios de la pol\u00edtica de diversidad del Grupo.\u00a0<em>\u00abIntegrar a una persona discapacitada requiere una adaptaci\u00f3n y soluciones innovadoras. Cada cual se tiene que alimentar de la diferencia del otro para hacer que la empresa evolucione y avance. La diferencia enriquece al colectivo. Esta diversidad se tiene que ver como un recurso que permite vivir y trabajar mejor juntos\u00bb<\/em>, afirma Patrice Gaye.[\/vc_column_text][\/vc_column][vc_column width=\u00bb1\/3&#8243; shadow=\u00bbsmall\u00bb clipping_animation=\u00bbclipping-right\u00bb animation_delay=\u00bb600&#8243; css=\u00bb.vc_custom_1612267531428{padding-top: 0px !important;padding-right: 0px !important;padding-bottom: 0px !important;padding-left: 0px !important;background-color: #ffffff !important;}\u00bb]<div class=\"grve-element grve-image grve-align-center\" style=\"\">  <div class=\"grve-image-wrapper\"><img loading=\"lazy\" decoding=\"async\" width=\"1280\" height=\"852\" src=\"https:\/\/www.groupeidec.com\/wp-content\/uploads\/2021\/02\/groupe-idec-handicap-04_1280.jpg\" class=\"attachment-full size-full\" alt=\"\" srcset=\"https:\/\/www.groupeidec.com\/wp-content\/uploads\/2021\/02\/groupe-idec-handicap-04_1280.jpg 1280w, https:\/\/www.groupeidec.com\/wp-content\/uploads\/2021\/02\/groupe-idec-handicap-04_1280-300x200.jpg 300w, https:\/\/www.groupeidec.com\/wp-content\/uploads\/2021\/02\/groupe-idec-handicap-04_1280-1024x682.jpg 1024w, https:\/\/www.groupeidec.com\/wp-content\/uploads\/2021\/02\/groupe-idec-handicap-04_1280-768x511.jpg 768w\" sizes=\"auto, (max-width: 1280px) 100vw, 1280px\" \/>   <\/div><\/div>[vc_column_text css=\u00bb.vc_custom_1624634432319{padding-top: 30px !important;padding-right: 30px !important;padding-bottom: 30px !important;padding-left: 30px !important;}\u00bb]<\/p>\n<h5>Mantenimiento en el puesto de trabajo<\/h5>\n<p>La AGEFIPH (Asociaci\u00f3n de gesti\u00f3n de fondos para la inserci\u00f3n profesional de trabajadores discapacitados) ofrece una ayuda destinada a participar en los gastos ocasionados por la b\u00fasqueda de una soluci\u00f3n para mantener en el puesto de trabajo a una persona con discapacidad.\u00a0<em>\u00abLa idea es poder mantener en el puesto a los empleados con la ayuda de expertos en ergonom\u00eda, m\u00e9dicos del trabajo y muchas otras personas, incluidos los propios empleados de GROUPE IDEC\u00bb<\/em>, precisa Anne-Cecile Lorette, del departamento de RR.HH. y referente de discapacidad de GROUPE IDEC.[\/vc_column_text][\/vc_column][\/vc_row][vc_row bg_type=\u00bbimage\u00bb bg_image=\u00bb313094&#8243; bg_image_type=\u00bbhorizontal-parallax-lr\u00bb pattern_overlay=\u00bbyes\u00bb padding_top_multiplier=\u00bb\u00bb padding_bottom_multiplier=\u00bb\u00bb][vc_column width=\u00bb1\/2&#8243; heading_color=\u00bblight\u00bb css=\u00bb.vc_custom_1612267548564{padding-top: 60px !important;padding-right: 30px !important;padding-bottom: 30px !important;padding-left: 30px !important;background-color: rgba(10,10,10,0.6) !important;*background-color: rgb(10,10,10) !important;}\u00bb font_color=\u00bb#ffffff\u00bb]<div class=\"grve-element grve-divider grve-align-left\" style=\"padding-bottom: 20px;\"><span class=\"grve-custom-divider grve-bg-primary-1\" style=\"width: 50px;height: 2px;\"><\/span><\/div><h2 class=\"grve-element grve-title grve-align-left grve-h4\" style=\"\"><span>Una prestigiosa embajadora:<br \/>\nMarie-Am\u00e9lie Le Fur, atleta paraol\u00edmpica <\/span><\/h2>[vc_column_text animation_delay=\u00bb600&#8243; css=\u00bb.vc_custom_1624634573870{margin-bottom: 10px !important;padding-bottom: 20px !important;}\u00bb]<\/p>\n<p style=\"text-align: justify;\">Marie-Am\u00e9lie Le Fur, campeona paraol\u00edmpica de atletismo, recibe el apoyo de GROUPE IDEC. Se ha convertido en SU embajadora de Deporte, Salud y Discapacidad, y es el rostro de la acci\u00f3n \u00abdiscapacidad\u00bb del Grupo.<br \/>\n<em>\u00abPara m\u00ed es un orgullo ver c\u00f3mo mi socio se implica en la contrataci\u00f3n y el acompa\u00f1amiento de personas discapacitadas\u00bb<\/em>, explica.<br \/>\n<em>\u00abEstoy convencida de que en la diversidad es donde se encuentra el rendimiento\u00bb<\/em>.<\/p>\n<p>[\/vc_column_text]<div class=\"grve-element grve-slider grve-layout-1 grve-gallery-popup\"  style=\" \">  <div class=\"grve-carousel-wrapper\"><div class=\"grve-carousel-navigation grve-light grve-navigation-1 grve-navigation-default\"><div class=\"grve-carousel-buttons\"><div class=\"grve-carousel-prev\"><i class=\"grve-icon-nav-left-small\"><\/i><span class=\"screen-reader-text\">Previous<\/span><\/div><div class=\"grve-carousel-next\"><i class=\"grve-icon-nav-right-small\"><\/i><span class=\"screen-reader-text\">Next<\/span><\/div><\/div><\/div><div class=\"grve-slider-element owl-carousel grve-theme\" data-slider-speed=\"3500\" data-slider-pause=\"no\" data-slider-autoplay=\"yes\" data-slider-loop=\"yes\" data-slider-transition=\"slide\" data-slider-autoheight=\"no\" data-pagination=\"yes\"><div class=\"grve-slider-item grve-hover-item grve-hover-style-none\">  <figure class=\"grve-image-hover grve-zoom-none\"><div class=\"grve-media\"><img loading=\"lazy\" decoding=\"async\" width=\"720\" height=\"380\" src=\"https:\/\/www.groupeidec.com\/wp-content\/uploads\/2021\/02\/2-MALF-2014-720x380-1.jpg\" class=\"attachment-movedo-grve-large-rect-horizontal size-movedo-grve-large-rect-horizontal\" alt=\"\" srcset=\"https:\/\/www.groupeidec.com\/wp-content\/uploads\/2021\/02\/2-MALF-2014-720x380-1.jpg 720w, https:\/\/www.groupeidec.com\/wp-content\/uploads\/2021\/02\/2-MALF-2014-720x380-1-300x158.jpg 300w\" sizes=\"auto, (max-width: 720px) 100vw, 720px\" \/><\/div>  <\/figure><\/div><div class=\"grve-slider-item grve-hover-item grve-hover-style-none\">  <figure class=\"grve-image-hover grve-zoom-none\"><div class=\"grve-media\"><img loading=\"lazy\" decoding=\"async\" width=\"720\" height=\"380\" src=\"https:\/\/www.groupeidec.com\/wp-content\/uploads\/2021\/02\/24-MALF-25092018-720x380-1.jpg\" class=\"attachment-movedo-grve-large-rect-horizontal size-movedo-grve-large-rect-horizontal\" alt=\"\" srcset=\"https:\/\/www.groupeidec.com\/wp-content\/uploads\/2021\/02\/24-MALF-25092018-720x380-1.jpg 720w, https:\/\/www.groupeidec.com\/wp-content\/uploads\/2021\/02\/24-MALF-25092018-720x380-1-300x158.jpg 300w\" sizes=\"auto, (max-width: 720px) 100vw, 720px\" \/><\/div>  <\/figure><\/div><div class=\"grve-slider-item grve-hover-item grve-hover-style-none\">  <figure class=\"grve-image-hover grve-zoom-none\"><div class=\"grve-media\"><img loading=\"lazy\" decoding=\"async\" width=\"720\" height=\"380\" src=\"https:\/\/www.groupeidec.com\/wp-content\/uploads\/2021\/02\/29-MALF-Proteor-720x380-1.jpg\" class=\"attachment-movedo-grve-large-rect-horizontal size-movedo-grve-large-rect-horizontal\" alt=\"\" srcset=\"https:\/\/www.groupeidec.com\/wp-content\/uploads\/2021\/02\/29-MALF-Proteor-720x380-1.jpg 720w, https:\/\/www.groupeidec.com\/wp-content\/uploads\/2021\/02\/29-MALF-Proteor-720x380-1-300x158.jpg 300w\" sizes=\"auto, (max-width: 720px) 100vw, 720px\" \/><\/div>  <\/figure><\/div>\t<\/div>  <\/div><\/div>[vc_column_text animation_delay=\u00bb600&#8243; css=\u00bb.vc_custom_1624634601128{margin-bottom: 10px !important;padding-top: 20px !important;}\u00bb]<\/p>\n<p style=\"text-align: justify;\">Marie-Amelie Le Fur es campeona paraol\u00edmpica de atletismo y presidenta del comit\u00e9 paraol\u00edmpico de la federaci\u00f3n Handisports. Oficial de la Legi\u00f3n de honor, posee numerosos r\u00e9cords del mundo (5,83 m en el salto de longitud y 59\u201927 los 400 m). Ha sido campeona paraol\u00edmpica de salto de longitud y de los 400 m en los Juegos Paraol\u00edmpicos de R\u00edo. Particularmente implicada, recibe con regularidad peticiones para acciones de sensibilizaci\u00f3n en el entorno escolar sobre el tema del deporte y la discapacidad, organiza conferencias en empresas, asesora a los directivos y apadrina diferentes asociaciones.<\/p>\n<p><em>Cr\u00e9ditos de las fotograf\u00edas \u00a9Tuan Nguyen<\/em>[\/vc_column_text][\/vc_column][vc_column width=\u00bb1\/2&#8243;][\/vc_column][\/vc_row][vc_row padding_top_multiplier=\u00bb3x\u00bb padding_bottom_multiplier=\u00bb3x\u00bb columns_gap=\u00bb60&#8243; equal_column_height=\u00bbmiddle-content\u00bb tablet_portrait_equal_column_height=\u00bbfalse\u00bb mobile_equal_column_height=\u00bbfalse\u00bb kswr_row_top_decor_enabled=\u00bbfalse\u00bb kswr_row_bottom_decor_enabled=\u00bbfalse\u00bb][vc_column width=\u00bb2\/3&#8243; clipping_animation=\u00bbclipping-left\u00bb animation_delay=\u00bb800&#8243; css=\u00bb.vc_custom_1542806597126{margin-top: 0px !important;margin-bottom: 0px !important;}\u00bb]<div class=\"grve-element grve-image grve-align-center grve-full-image grve-image-space-100\" style=\"\">  <div class=\"grve-image-wrapper\"><img loading=\"lazy\" decoding=\"async\" width=\"1280\" height=\"852\" src=\"https:\/\/www.groupeidec.com\/wp-content\/uploads\/2021\/02\/groupe-idec-handicap-07_1280.jpg\" class=\"attachment-full size-full\" alt=\"\" srcset=\"https:\/\/www.groupeidec.com\/wp-content\/uploads\/2021\/02\/groupe-idec-handicap-07_1280.jpg 1280w, https:\/\/www.groupeidec.com\/wp-content\/uploads\/2021\/02\/groupe-idec-handicap-07_1280-300x200.jpg 300w, https:\/\/www.groupeidec.com\/wp-content\/uploads\/2021\/02\/groupe-idec-handicap-07_1280-1024x682.jpg 1024w, https:\/\/www.groupeidec.com\/wp-content\/uploads\/2021\/02\/groupe-idec-handicap-07_1280-768x511.jpg 768w\" sizes=\"auto, (max-width: 1280px) 100vw, 1280px\" \/>   <\/div><\/div>[\/vc_column][vc_column width=\u00bb1\/3&#8243;]<div class=\"grve-element grve-divider grve-animated-item grve-fade-in-up grve-duration-normal grve-align-left\" style=\"padding-bottom: 20px;\" data-delay=\"200\"><span class=\"grve-custom-divider grve-bg-primary-1\" style=\"width: 50px;height: 2px;\"><\/span><\/div><h2 class=\"grve-element grve-title grve-align-left grve-animated-item grve-duration-normal grve-fade-in-up grve-h4\" style=\"\" data-delay=\"400\"><span>Una comunicaci\u00f3n espec\u00edfica<\/span><\/h2>[vc_column_text animation=\u00bbgrve-fade-in-up\u00bb animation_delay=\u00bb600&#8243; css=\u00bb.vc_custom_1624634722307{margin-bottom: 10px !important;}\u00bb]<\/p>\n<p style=\"text-align: justify;\"><em>\u00abGROUPE IDEC est\u00e1 abierto a la contrataci\u00f3n de personas con discapacidad \u00abvisible\u00bb o \u00abinvisible\u00bb. Queremos hacerlo saber\u00bb<\/em>, declara Anne-Cecile Lorette. <em>\u00abLa idea es sensibilizar a los empleados en la discapacidad. Queremos desmitificarla, que deje de ser un tema tab\u00fa\u00bb<\/em>.<br \/>\nA lo largo de todo el a\u00f1o GROUPE IDEC organiza acciones de sensibilizaci\u00f3n, y tambi\u00e9n cursos y talleres para la contrataci\u00f3n de personas con discapacidad. <em>\u00abQueremos \u00abtocar\u00bb a nuestros contratantes y gestores de carreras, a nuestros responsables de formaci\u00f3n, a nuestros agentes sociales, a nuestros jefes y a nuestros equipos que acogen o puedan acoger un empleado discapacitado\u00bb<\/em>. El grupo comunica a trav\u00e9s de boletines y v\u00eddeos en toda su plataforma digital, incluida una red social interna.<\/p>\n<p>[\/vc_column_text][\/vc_column][\/vc_row][vc_row bg_type=\u00bbcolor\u00bb padding_top_multiplier=\u00bb3x\u00bb padding_bottom_multiplier=\u00bb3x\u00bb columns_gap=\u00bb60&#8243; equal_column_height=\u00bbmiddle-content\u00bb tablet_portrait_equal_column_height=\u00bbfalse\u00bb mobile_equal_column_height=\u00bbfalse\u00bb kswr_row_top_decor_enabled=\u00bbfalse\u00bb kswr_row_bottom_decor_enabled=\u00bbfalse\u00bb bg_color=\u00bb#f7f7f7&#8243;][vc_column width=\u00bb1\/3&#8243;]<div class=\"grve-element grve-divider grve-animated-item grve-fade-in-up grve-duration-normal grve-align-left\" style=\"padding-bottom: 20px;\" data-delay=\"200\"><span class=\"grve-custom-divider grve-bg-primary-1\" style=\"width: 50px;height: 2px;\"><\/span><\/div><h2 class=\"grve-element grve-title grve-align-left grve-animated-item grve-duration-normal grve-fade-in-up grve-h4\" style=\"\" data-delay=\"400\"><span>La accesibilidad: una prioridad de GROUPE IDEC<\/span><\/h2>[vc_column_text animation=\u00bbgrve-fade-in-up\u00bb animation_delay=\u00bb600&#8243; css=\u00bb.vc_custom_1624634772943{margin-bottom: 10px !important;}\u00bb]<\/p>\n<p style=\"text-align: justify;\">GROUPE IDEC es un experto de la accesibilidad. En todas sus obras favorece la vida de las personas discapacitadas respetando escrupulosamente las normas contempladas por las administraciones y respetadas por sus arquitectos, constructores, ingenieros y t\u00e9cnicos.<br \/>\nLos empleados realizan regularmente cursos impartidos y adaptados por expertos t\u00e9cnicos. El objeto es conocer los textos reglamentarios aplicables, su aplicaci\u00f3n y los equipos y materiales para construir en conformidad con las exigencias reglamentarias.<br \/>\nLa profesi\u00f3n de los hombres y las mujeres de GROUPE IDEC hace que est\u00e9n en contacto permanente con las dificultades que encuentran las personas discapacitadas en los establecimientos que reciben p\u00fablico, en los edificios de viviendas y en los edificios de oficinas.<\/p>\n<p>[\/vc_column_text][\/vc_column][vc_column width=\u00bb2\/3&#8243; clipping_animation=\u00bbclipping-left\u00bb animation_delay=\u00bb800&#8243; css=\u00bb.vc_custom_1542806597126{margin-top: 0px !important;margin-bottom: 0px !important;}\u00bb]<div class=\"grve-element grve-image grve-align-center grve-full-image grve-image-space-100\" style=\"\">  <div class=\"grve-image-wrapper\"><img loading=\"lazy\" decoding=\"async\" width=\"640\" height=\"427\" src=\"https:\/\/www.groupeidec.com\/wp-content\/uploads\/2021\/02\/groupe-idec-accessibilite-handicap.jpg\" class=\"attachment-full size-full\" alt=\"\" srcset=\"https:\/\/www.groupeidec.com\/wp-content\/uploads\/2021\/02\/groupe-idec-accessibilite-handicap.jpg 640w, https:\/\/www.groupeidec.com\/wp-content\/uploads\/2021\/02\/groupe-idec-accessibilite-handicap-300x200.jpg 300w\" sizes=\"auto, (max-width: 640px) 100vw, 640px\" \/>   <\/div><\/div>[\/vc_column][\/vc_row][vc_row disable_element=\u00bbyes\u00bb padding_top_multiplier=\u00bb3x\u00bb padding_bottom_multiplier=\u00bb3x\u00bb columns_gap=\u00bb60&#8243; equal_column_height=\u00bbmiddle-content\u00bb tablet_portrait_equal_column_height=\u00bbfalse\u00bb mobile_equal_column_height=\u00bbfalse\u00bb kswr_row_top_decor_enabled=\u00bbfalse\u00bb kswr_row_bottom_decor_enabled=\u00bbfalse\u00bb][vc_column width=\u00bb2\/3&#8243; clipping_animation=\u00bbclipping-left\u00bb animation_delay=\u00bb800&#8243; css=\u00bb.vc_custom_1542806597126{margin-top: 0px !important;margin-bottom: 0px !important;}\u00bb]<div class=\"grve-element grve-image grve-align-center grve-full-image grve-image-space-100\" style=\"\">  <div class=\"grve-image-wrapper\"><img loading=\"lazy\" decoding=\"async\" width=\"1280\" height=\"720\" src=\"https:\/\/www.groupeidec.com\/wp-content\/uploads\/2021\/02\/camenbert-employabilite-handicap-fr_1280.jpg\" class=\"attachment-full size-full\" alt=\"\" srcset=\"https:\/\/www.groupeidec.com\/wp-content\/uploads\/2021\/02\/camenbert-employabilite-handicap-fr_1280.jpg 1280w, https:\/\/www.groupeidec.com\/wp-content\/uploads\/2021\/02\/camenbert-employabilite-handicap-fr_1280-300x169.jpg 300w, https:\/\/www.groupeidec.com\/wp-content\/uploads\/2021\/02\/camenbert-employabilite-handicap-fr_1280-1024x576.jpg 1024w, https:\/\/www.groupeidec.com\/wp-content\/uploads\/2021\/02\/camenbert-employabilite-handicap-fr_1280-768x432.jpg 768w, https:\/\/www.groupeidec.com\/wp-content\/uploads\/2021\/02\/camenbert-employabilite-handicap-fr_1280-1170x658.jpg 1170w\" sizes=\"auto, (max-width: 1280px) 100vw, 1280px\" \/>   <\/div><\/div>[\/vc_column][vc_column width=\u00bb1\/3&#8243;]<div class=\"grve-element grve-divider grve-animated-item grve-fade-in-up grve-duration-normal grve-align-left\" style=\"padding-bottom: 20px;\" data-delay=\"200\"><span class=\"grve-custom-divider grve-bg-primary-1\" style=\"width: 50px;height: 2px;\"><\/span><\/div><h2 class=\"grve-element grve-title grve-align-left grve-animated-item grve-duration-normal grve-fade-in-up grve-h4\" style=\"\" data-delay=\"400\"><span>Datos a tener en cuenta<\/span><\/h2>[vc_column_text animation=\u00bbgrve-fade-in-up\u00bb animation_delay=\u00bb600&#8243; css=\u00bb.vc_custom_1624634853121{margin-bottom: 10px !important;}\u00bb]<\/p>\n<p style=\"text-align: justify;\">Seg\u00fan la asociaci\u00f3n APF France Handicap, entre los doce millones de personas afectadas en Francia por alguna discapacidad, dos millones est\u00e1n en situaci\u00f3n de ser empleadas. De esos dos millones, 1,2 est\u00e1n empleadas en empresas cl\u00e1sicas, 200.000 en empresas adaptadas, 100.000 son independientes y 500.000 carecen de empleo.<\/p>\n<p><strong>El desempleo es pues dos veces superior entre las personas con discapacidad que entre el resto de la poblaci\u00f3n.<\/strong> (fuentes: revista Personnel).[\/vc_column_text][\/vc_column][\/vc_row][vc_row disable_element=\u00bbyes\u00bb bg_type=\u00bbimage\u00bb bg_image=\u00bb4877&#8243; bg_image_size=\u00bbresponsive\u00bb pattern_overlay=\u00bbyes\u00bb padding_top_multiplier=\u00bb3x\u00bb padding_bottom_multiplier=\u00bb3x\u00bb columns_gap=\u00bb60&#8243; kswr_row_top_decor_enabled=\u00bbfalse\u00bb kswr_row_bottom_decor_enabled=\u00bbfalse\u00bb][vc_column width=\u00bb1\/4&#8243;][\/vc_column][vc_column width=\u00bb1\/2&#8243; clipping_animation=\u00bbclipping-down\u00bb]<div class=\"grve-element grve-divider grve-align-center\" style=\"padding-bottom: 20px;\"><span class=\"grve-custom-divider grve-bg-primary-1\" style=\"width: 50px;height: 2px;\"><\/span><\/div><h2 class=\"grve-element grve-title grve-align-center grve-h4\" style=\"\"><span>Contacto<\/span><\/h2>[vc_column_text animation_delay=\u00bb600&#8243; css=\u00bb.vc_custom_1624634901750{margin-bottom: 30px !important;}\u00bb]<\/p>\n<h6 style=\"text-align: center; margin-bottom: 0px;\"><span style=\"font-family: inherit; font-size: inherit; font-style: inherit; font-variant-ligatures: inherit; font-variant-caps: inherit; font-weight: inherit;\">Departamento de discapacidad de GROUPE IDEC<\/span><\/h6>\n<p>[\/vc_column_text][vc_raw_js]JTNDc2NyaXB0JTIwdHlwZSUzRCUyMnRleHQlMkZqYXZhc2NyaXB0JTIyJTNFdmFyJTIwbG9jJTIwJTNEJTIwJTIyaHR0cHMlM0ElMkYlMkZhbmFseXRpY3MtZXUuY2xpY2tkaW1lbnNpb25zLmNvbSUyRmdyb3VwZWlkZWNjb20tYWF5dXklMkZwYWdlcyUyRiUyMiUzQiUzQyUyRnNjcmlwdCUzRSUwQSUzQ3NjcmlwdCUyMHR5cGUlM0QlMjJ0ZXh0JTJGamF2YXNjcmlwdCUyMiUyMHNyYyUzRCUyMmh0dHBzJTNBJTJGJTJGY2RuLWV1LmNsaWNrZGltZW5zaW9ucy5jb20lMkZ3ZWIlMkZ2MTAlMkZDRFdpZGdldC5qcyUyMiUzRSUzQyUyRnNjcmlwdCUzRSUwQSUzQ2RpdiUyMHBhZ2VJRCUzRCUyMnJ4Zm1yeGJ6ZWV1b2VnYW5vdHFxd2ElMjIlM0UlM0MlMkZkaXYlM0U=[\/vc_raw_js][vc_raw_html]JTI2bmJzcCUzQg==[\/vc_raw_html]<div class=\"grve-empty-space\" style=\"height: 1px;\"><\/div>[\/vc_column][vc_column width=\u00bb1\/4&#8243;][\/vc_column][\/vc_row]<\/p>\n<\/div>","protected":false},"excerpt":{"rendered":"<p>[vc_row heading_color=\u00bblight\u00bb bg_type=\u00bbhosted_video\u00bb bg_image=\u00bb313112&#8243; color_overlay=\u00bbdark\u00bb opacity_overlay=\u00bb40&#8243; padding_top_multiplier=\u00bb6x\u00bb padding_bottom_multiplier=\u00bb6x\u00bb separator_bottom=\u00bblarge-triangle-separator\u00bb separator_bottom_size=\u00bb60px\u00bb font_color=\u00bb#ffffff\u00bb kswr_row_top_decor_enabled=\u00bbfalse\u00bb kswr_row_bottom_decor_enabled=\u00bbfalse\u00bb bg_video_webm=\u00bbhttps:\/\/www.groupeidec.com\/wp-content\/uploads\/2021\/02\/video-header-handicap.webm\u00bb bg_video_mp4=\u00bbhttps:\/\/www.groupeidec.com\/wp-content\/uploads\/2021\/02\/video-header-handicap.mp4&#8243; bg_video_ogv=\u00bbhttps:\/\/www.groupeidec.com\/wp-content\/uploads\/2021\/02\/video-header-handicap.ogv\u00bb][vc_column vertical_content_position=\u00bbmiddle\u00bb][\/vc_column][\/vc_row][vc_row padding_top_multiplier=\u00bb2x\u00bb padding_bottom_multiplier=\u00bb2x\u00bb columns_gap=\u00bb60&#8243; equal_column_height=\u00bbmiddle-content\u00bb tablet_landscape_equal_column_height=\u00bbfalse\u00bb tablet_portrait_equal_column_height=\u00bbfalse\u00bb mobile_equal_column_height=\u00bbfalse\u00bb kswr_row_top_decor_enabled=\u00bbfalse\u00bb kswr_row_bottom_decor_enabled=\u00bbfalse\u00bb][vc_column width=\u00bb1\/3&#8243;][vc_column_text animation=\u00bbgrve-fade-in-up\u00bb animation_delay=\u00bb600&#8243; css=\u00bb.vc_custom_1624634173922{margin-bottom: 10px !important;}\u00bb] GROUPE IDEC se compromete con la integraci\u00f3n de empleados discapacitados. Cree m\u00e1s que nunca en el efecto positivo de esta orientaci\u00f3n que proporciona [&hellip;]<\/p>\n","protected":false},"author":1,"featured_media":315944,"parent":0,"menu_order":0,"comment_status":"closed","ping_status":"closed","template":"","meta":{"inline_featured_image":false,"footnotes":""},"class_list":["post-315942","page","type-page","status-publish","has-post-thumbnail","hentry"],"yoast_head":"<!-- This site is optimized with the Yoast SEO plugin v27.4 - https:\/\/yoast.com\/product\/yoast-seo-wordpress\/ -->\n<title>GROUPE IDEC y la discapacidad: una implicaci\u00f3n ciudadana<\/title>\n<meta name=\"description\" content=\"GROUPE IDEC se compromete con la integraci\u00f3n de empleados discapacitados. Cree m\u00e1s que nunca en el efecto positivo de esta orientaci\u00f3n que proporciona a todos los empleados una apertura de esp\u00edritu y un cierto sentido de la benevolencia. \u00a1El Grupo construye por el futuro! Su pol\u00edtica de discapacidad se estructura en torno a tres ejes principales: el nombramiento de un referente de discapacidad, la comunicaci\u00f3n entre los empleados y toda una serie de acciones para favorecer la contrataci\u00f3n de personas con discapacidad.\" \/>\n<meta name=\"robots\" content=\"index, follow, max-snippet:-1, max-image-preview:large, max-video-preview:-1\" \/>\n<link rel=\"canonical\" href=\"https:\/\/www.groupeidec.com\/es\/groupe-idec-y-la-discapacidad-una-implicacion-ciudadana\/\" \/>\n<meta property=\"og:locale\" content=\"es_ES\" \/>\n<meta property=\"og:type\" content=\"article\" \/>\n<meta property=\"og:title\" content=\"GROUPE IDEC y la discapacidad: una implicaci\u00f3n ciudadana\" \/>\n<meta property=\"og:description\" content=\"GROUPE IDEC se compromete con la integraci\u00f3n de empleados discapacitados. Cree m\u00e1s que nunca en el efecto positivo de esta orientaci\u00f3n que proporciona a todos los empleados una apertura de esp\u00edritu y un cierto sentido de la benevolencia. \u00a1El Grupo construye por el futuro! Su pol\u00edtica de discapacidad se estructura en torno a tres ejes principales: el nombramiento de un referente de discapacidad, la comunicaci\u00f3n entre los empleados y toda una serie de acciones para favorecer la contrataci\u00f3n de personas con discapacidad.\" \/>\n<meta property=\"og:url\" content=\"https:\/\/www.groupeidec.com\/es\/groupe-idec-y-la-discapacidad-una-implicacion-ciudadana\/\" \/>\n<meta property=\"og:site_name\" content=\"Groupe IDEC\" \/>\n<meta property=\"article:publisher\" content=\"https:\/\/www.facebook.com\/groupeidec\/\" \/>\n<meta property=\"article:modified_time\" content=\"2021-06-25T15:36:45+00:00\" \/>\n<meta property=\"og:image\" content=\"https:\/\/www.groupeidec.com\/wp-content\/uploads\/2021\/02\/groupe-idec-handicap-02_1280x714.jpg\" \/>\n\t<meta property=\"og:image:width\" content=\"1280\" \/>\n\t<meta property=\"og:image:height\" content=\"714\" \/>\n\t<meta property=\"og:image:type\" content=\"image\/jpeg\" \/>\n<meta name=\"twitter:card\" content=\"summary_large_image\" \/>\n<meta name=\"twitter:label1\" content=\"Tiempo de lectura\" \/>\n\t<meta name=\"twitter:data1\" content=\"6 minutos\" \/>\n<script type=\"application\/ld+json\" class=\"yoast-schema-graph\">{\"@context\":\"https:\\\/\\\/schema.org\",\"@graph\":[{\"@type\":\"WebPage\",\"@id\":\"https:\\\/\\\/www.groupeidec.com\\\/es\\\/groupe-idec-y-la-discapacidad-una-implicacion-ciudadana\\\/\",\"url\":\"https:\\\/\\\/www.groupeidec.com\\\/es\\\/groupe-idec-y-la-discapacidad-una-implicacion-ciudadana\\\/\",\"name\":\"GROUPE IDEC y la discapacidad: una implicaci\u00f3n ciudadana\",\"isPartOf\":{\"@id\":\"https:\\\/\\\/www.groupeidec.com\\\/es\\\/#website\"},\"primaryImageOfPage\":{\"@id\":\"https:\\\/\\\/www.groupeidec.com\\\/es\\\/groupe-idec-y-la-discapacidad-una-implicacion-ciudadana\\\/#primaryimage\"},\"image\":{\"@id\":\"https:\\\/\\\/www.groupeidec.com\\\/es\\\/groupe-idec-y-la-discapacidad-una-implicacion-ciudadana\\\/#primaryimage\"},\"thumbnailUrl\":\"https:\\\/\\\/www.groupeidec.com\\\/wp-content\\\/uploads\\\/2021\\\/02\\\/groupe-idec-handicap-02_1280x714.jpg\",\"datePublished\":\"2021-02-02T12:18:50+00:00\",\"dateModified\":\"2021-06-25T15:36:45+00:00\",\"description\":\"GROUPE IDEC se compromete con la integraci\u00f3n de empleados discapacitados. Cree m\u00e1s que nunca en el efecto positivo de esta orientaci\u00f3n que proporciona a todos los empleados una apertura de esp\u00edritu y un cierto sentido de la benevolencia. \u00a1El Grupo construye por el futuro! Su pol\u00edtica de discapacidad se estructura en torno a tres ejes principales: el nombramiento de un referente de discapacidad, la comunicaci\u00f3n entre los empleados y toda una serie de acciones para favorecer la contrataci\u00f3n de personas con discapacidad.\",\"breadcrumb\":{\"@id\":\"https:\\\/\\\/www.groupeidec.com\\\/es\\\/groupe-idec-y-la-discapacidad-una-implicacion-ciudadana\\\/#breadcrumb\"},\"inLanguage\":\"es\",\"potentialAction\":[{\"@type\":\"ReadAction\",\"target\":[\"https:\\\/\\\/www.groupeidec.com\\\/es\\\/groupe-idec-y-la-discapacidad-una-implicacion-ciudadana\\\/\"]}]},{\"@type\":\"ImageObject\",\"inLanguage\":\"es\",\"@id\":\"https:\\\/\\\/www.groupeidec.com\\\/es\\\/groupe-idec-y-la-discapacidad-una-implicacion-ciudadana\\\/#primaryimage\",\"url\":\"https:\\\/\\\/www.groupeidec.com\\\/wp-content\\\/uploads\\\/2021\\\/02\\\/groupe-idec-handicap-02_1280x714.jpg\",\"contentUrl\":\"https:\\\/\\\/www.groupeidec.com\\\/wp-content\\\/uploads\\\/2021\\\/02\\\/groupe-idec-handicap-02_1280x714.jpg\",\"width\":1280,\"height\":714},{\"@type\":\"BreadcrumbList\",\"@id\":\"https:\\\/\\\/www.groupeidec.com\\\/es\\\/groupe-idec-y-la-discapacidad-una-implicacion-ciudadana\\\/#breadcrumb\",\"itemListElement\":[{\"@type\":\"ListItem\",\"position\":1,\"name\":\"Accueil\",\"item\":\"https:\\\/\\\/www.groupeidec.com\\\/es\\\/\"},{\"@type\":\"ListItem\",\"position\":2,\"name\":\"GROUPE IDEC y la discapacidad: una implicaci\u00f3n ciudadana\"}]},{\"@type\":\"WebSite\",\"@id\":\"https:\\\/\\\/www.groupeidec.com\\\/es\\\/#website\",\"url\":\"https:\\\/\\\/www.groupeidec.com\\\/es\\\/\",\"name\":\"Groupe IDEC\",\"description\":\"A la fois am\u00e9nageur, promoteur, investisseur et concepteur-constructeur cl\u00e9 en main, le GROUPE IDEC est l&#039;un des rares acteurs globaux du march\u00e9 immobilier fran\u00e7ais, pr\u00e9sent sur tous ces m\u00e9tiers.\",\"potentialAction\":[{\"@type\":\"SearchAction\",\"target\":{\"@type\":\"EntryPoint\",\"urlTemplate\":\"https:\\\/\\\/www.groupeidec.com\\\/es\\\/?s={search_term_string}\"},\"query-input\":{\"@type\":\"PropertyValueSpecification\",\"valueRequired\":true,\"valueName\":\"search_term_string\"}}],\"inLanguage\":\"es\"}]}<\/script>\n<!-- \/ Yoast SEO plugin. -->","yoast_head_json":{"title":"GROUPE IDEC y la discapacidad: una implicaci\u00f3n ciudadana","description":"GROUPE IDEC se compromete con la integraci\u00f3n de empleados discapacitados. Cree m\u00e1s que nunca en el efecto positivo de esta orientaci\u00f3n que proporciona a todos los empleados una apertura de esp\u00edritu y un cierto sentido de la benevolencia. \u00a1El Grupo construye por el futuro! Su pol\u00edtica de discapacidad se estructura en torno a tres ejes principales: el nombramiento de un referente de discapacidad, la comunicaci\u00f3n entre los empleados y toda una serie de acciones para favorecer la contrataci\u00f3n de personas con discapacidad.","robots":{"index":"index","follow":"follow","max-snippet":"max-snippet:-1","max-image-preview":"max-image-preview:large","max-video-preview":"max-video-preview:-1"},"canonical":"https:\/\/www.groupeidec.com\/es\/groupe-idec-y-la-discapacidad-una-implicacion-ciudadana\/","og_locale":"es_ES","og_type":"article","og_title":"GROUPE IDEC y la discapacidad: una implicaci\u00f3n ciudadana","og_description":"GROUPE IDEC se compromete con la integraci\u00f3n de empleados discapacitados. Cree m\u00e1s que nunca en el efecto positivo de esta orientaci\u00f3n que proporciona a todos los empleados una apertura de esp\u00edritu y un cierto sentido de la benevolencia. \u00a1El Grupo construye por el futuro! Su pol\u00edtica de discapacidad se estructura en torno a tres ejes principales: el nombramiento de un referente de discapacidad, la comunicaci\u00f3n entre los empleados y toda una serie de acciones para favorecer la contrataci\u00f3n de personas con discapacidad.","og_url":"https:\/\/www.groupeidec.com\/es\/groupe-idec-y-la-discapacidad-una-implicacion-ciudadana\/","og_site_name":"Groupe IDEC","article_publisher":"https:\/\/www.facebook.com\/groupeidec\/","article_modified_time":"2021-06-25T15:36:45+00:00","og_image":[{"width":1280,"height":714,"url":"https:\/\/www.groupeidec.com\/wp-content\/uploads\/2021\/02\/groupe-idec-handicap-02_1280x714.jpg","type":"image\/jpeg"}],"twitter_card":"summary_large_image","twitter_misc":{"Tiempo de lectura":"6 minutos"},"schema":{"@context":"https:\/\/schema.org","@graph":[{"@type":"WebPage","@id":"https:\/\/www.groupeidec.com\/es\/groupe-idec-y-la-discapacidad-una-implicacion-ciudadana\/","url":"https:\/\/www.groupeidec.com\/es\/groupe-idec-y-la-discapacidad-una-implicacion-ciudadana\/","name":"GROUPE IDEC y la discapacidad: una implicaci\u00f3n ciudadana","isPartOf":{"@id":"https:\/\/www.groupeidec.com\/es\/#website"},"primaryImageOfPage":{"@id":"https:\/\/www.groupeidec.com\/es\/groupe-idec-y-la-discapacidad-una-implicacion-ciudadana\/#primaryimage"},"image":{"@id":"https:\/\/www.groupeidec.com\/es\/groupe-idec-y-la-discapacidad-una-implicacion-ciudadana\/#primaryimage"},"thumbnailUrl":"https:\/\/www.groupeidec.com\/wp-content\/uploads\/2021\/02\/groupe-idec-handicap-02_1280x714.jpg","datePublished":"2021-02-02T12:18:50+00:00","dateModified":"2021-06-25T15:36:45+00:00","description":"GROUPE IDEC se compromete con la integraci\u00f3n de empleados discapacitados. Cree m\u00e1s que nunca en el efecto positivo de esta orientaci\u00f3n que proporciona a todos los empleados una apertura de esp\u00edritu y un cierto sentido de la benevolencia. \u00a1El Grupo construye por el futuro! Su pol\u00edtica de discapacidad se estructura en torno a tres ejes principales: el nombramiento de un referente de discapacidad, la comunicaci\u00f3n entre los empleados y toda una serie de acciones para favorecer la contrataci\u00f3n de personas con discapacidad.","breadcrumb":{"@id":"https:\/\/www.groupeidec.com\/es\/groupe-idec-y-la-discapacidad-una-implicacion-ciudadana\/#breadcrumb"},"inLanguage":"es","potentialAction":[{"@type":"ReadAction","target":["https:\/\/www.groupeidec.com\/es\/groupe-idec-y-la-discapacidad-una-implicacion-ciudadana\/"]}]},{"@type":"ImageObject","inLanguage":"es","@id":"https:\/\/www.groupeidec.com\/es\/groupe-idec-y-la-discapacidad-una-implicacion-ciudadana\/#primaryimage","url":"https:\/\/www.groupeidec.com\/wp-content\/uploads\/2021\/02\/groupe-idec-handicap-02_1280x714.jpg","contentUrl":"https:\/\/www.groupeidec.com\/wp-content\/uploads\/2021\/02\/groupe-idec-handicap-02_1280x714.jpg","width":1280,"height":714},{"@type":"BreadcrumbList","@id":"https:\/\/www.groupeidec.com\/es\/groupe-idec-y-la-discapacidad-una-implicacion-ciudadana\/#breadcrumb","itemListElement":[{"@type":"ListItem","position":1,"name":"Accueil","item":"https:\/\/www.groupeidec.com\/es\/"},{"@type":"ListItem","position":2,"name":"GROUPE IDEC y la discapacidad: una implicaci\u00f3n ciudadana"}]},{"@type":"WebSite","@id":"https:\/\/www.groupeidec.com\/es\/#website","url":"https:\/\/www.groupeidec.com\/es\/","name":"Groupe IDEC","description":"A la fois am\u00e9nageur, promoteur, investisseur et concepteur-constructeur cl\u00e9 en main, le GROUPE IDEC est l&#039;un des rares acteurs globaux du march\u00e9 immobilier fran\u00e7ais, pr\u00e9sent sur tous ces m\u00e9tiers.","potentialAction":[{"@type":"SearchAction","target":{"@type":"EntryPoint","urlTemplate":"https:\/\/www.groupeidec.com\/es\/?s={search_term_string}"},"query-input":{"@type":"PropertyValueSpecification","valueRequired":true,"valueName":"search_term_string"}}],"inLanguage":"es"}]}},"_links":{"self":[{"href":"https:\/\/www.groupeidec.com\/es\/wp-json\/wp\/v2\/pages\/315942","targetHints":{"allow":["GET"]}}],"collection":[{"href":"https:\/\/www.groupeidec.com\/es\/wp-json\/wp\/v2\/pages"}],"about":[{"href":"https:\/\/www.groupeidec.com\/es\/wp-json\/wp\/v2\/types\/page"}],"author":[{"embeddable":true,"href":"https:\/\/www.groupeidec.com\/es\/wp-json\/wp\/v2\/users\/1"}],"replies":[{"embeddable":true,"href":"https:\/\/www.groupeidec.com\/es\/wp-json\/wp\/v2\/comments?post=315942"}],"version-history":[{"count":6,"href":"https:\/\/www.groupeidec.com\/es\/wp-json\/wp\/v2\/pages\/315942\/revisions"}],"predecessor-version":[{"id":315950,"href":"https:\/\/www.groupeidec.com\/es\/wp-json\/wp\/v2\/pages\/315942\/revisions\/315950"}],"wp:featuredmedia":[{"embeddable":true,"href":"https:\/\/www.groupeidec.com\/es\/wp-json\/wp\/v2\/media\/315944"}],"wp:attachment":[{"href":"https:\/\/www.groupeidec.com\/es\/wp-json\/wp\/v2\/media?parent=315942"}],"curies":[{"name":"wp","href":"https:\/\/api.w.org\/{rel}","templated":true}]}}