{"id":326123,"date":"2024-04-03T18:40:51","date_gmt":"2024-04-03T16:40:51","guid":{"rendered":"https:\/\/www.groupeidec.com\/presentation\/"},"modified":"2026-03-03T11:21:25","modified_gmt":"2026-03-03T10:21:25","slug":"presentacion","status":"publish","type":"page","link":"https:\/\/www.groupeidec.com\/es\/presentacion\/","title":{"rendered":"Presentaci\u00f3n"},"content":{"rendered":"<div class=\"wpb-content-wrapper\"><p>[vc_row heading_color=\u00bblight\u00bb bg_type=\u00bbhosted_video\u00bb bg_image=\u00bb19828&#8243; bg_video_loop=\u00bbno\u00bb color_overlay=\u00bbdark\u00bb opacity_overlay=\u00bb40&#8243; padding_top_multiplier=\u00bb6x\u00bb padding_bottom_multiplier=\u00bb6x\u00bb separator_bottom=\u00bblarge-triangle-separator\u00bb separator_bottom_size=\u00bb60px\u00bb font_color=\u00bb#ffffff\u00bb kswr_row_top_decor_enabled=\u00bbfalse\u00bb kswr_row_bottom_decor_enabled=\u00bbfalse\u00bb bg_video_webm=\u00bbhttps:\/\/www.groupeidec.com\/wp-content\/uploads\/2018\/12\/Video-header-Nos-Valeurs-groupe-idec.webm\u00bb bg_video_mp4=\u00bbhttps:\/\/www.groupeidec.com\/wp-content\/uploads\/2018\/12\/Video-header-Nos-Valeurs-groupe-idec.mp4&#8243; bg_video_ogv=\u00bbhttps:\/\/www.groupeidec.com\/wp-content\/uploads\/2018\/12\/Video-header-Nos-Valeurs-groupe-idec.ogv\u00bb][vc_column vertical_content_position=\u00bbmiddle\u00bb]<h1 class=\"grve-element grve-title grve-align-center grve-h1 grve-increase-heading grve-heading-120\" style=\"\"><span>GROUPE IDEC<\/span><\/h1>[\/vc_column][\/vc_row][vc_row padding_top_multiplier=\u00bb2x\u00bb padding_bottom_multiplier=\u00bb4x\u00bb columns_gap=\u00bb60&#8243; kswr_row_top_decor_enabled=\u00bbfalse\u00bb kswr_row_bottom_decor_enabled=\u00bbfalse\u00bb][vc_column width=\u00bb1\/3&#8243; tablet_sm_width=\u00bb1-2&#8243;]<div class=\"grve-element grve-divider grve-animated-item grve-fade-in-up grve-duration-normal grve-align-left\" style=\"padding-bottom: 20px;\" data-delay=\"200\"><span class=\"grve-custom-divider grve-bg-primary-1\" style=\"width: 50px;height: 2px;\"><\/span><\/div><h6 class=\"grve-element grve-title grve-align-left grve-animated-item grve-duration-normal grve-fade-in-up grve-h4\" style=\"\" data-delay=\"400\"><span>Actor destacado de la inmobiliaria<\/span><\/h6>[vc_column_text css=\u00bb.vc_custom_1624089203991{margin-bottom: 10px !important;}\u00bb animation=\u00bbgrve-fade-in-up\u00bb animation_delay=\u00bb600&#8243;]<\/p>\n<p style=\"text-align: justify;\">Como actor destacado de la inmobiliaria con m\u00e1s de una veintena de sociedades expertas en cada uno de sus sectores estamos presentes en Francia y en el resto del mundo para planificar, desarrollar, financiar, aportar soluciones energ\u00e9ticas innovadoras y dise\u00f1ar y construir todo tipo de edificios.<br \/>\nSomos actores responsables de la transici\u00f3n energ\u00e9tica y de la limitaci\u00f3n de la artificializaci\u00f3n de los suelos. Creamos nuevos espacios de vida y de trabajo en todos y cada uno de los proyectos de revitalizaci\u00f3n del territorio realizado para las administraciones locales. Este compromiso se traduce en una voluntad de contribuir al crecimiento verde de las ciudades, de las empresas y de los particulares teniendo en cuenta las exigencias de un desarrollo econ\u00f3mico, sostenible, coherente y pragm\u00e1tico.<\/p>\n<p>[\/vc_column_text][\/vc_column][vc_column width=\u00bb2\/3&#8243; tablet_sm_width=\u00bb1-2&#8243; clipping_animation=\u00bbclipping-left\u00bb animation_delay=\u00bb800&#8243; css=\u00bb.vc_custom_1622724620675{background-position: center !important;background-repeat: no-repeat !important;background-size: cover !important;}\u00bb]<div class=\"grve-element grve-video\" style=\"\"><iframe loading=\"lazy\" title=\"GROUPE IDEC | Comparta nuestro universo\" width=\"1080\" height=\"608\" src=\"https:\/\/www.youtube.com\/embed\/lnqo76PtOEc?feature=oembed\" frameborder=\"0\" allow=\"accelerometer; autoplay; clipboard-write; encrypted-media; gyroscope; picture-in-picture; web-share\" referrerpolicy=\"strict-origin-when-cross-origin\" allowfullscreen><\/iframe><\/div>[\/vc_column][\/vc_row][vc_row bg_type=\u00bbimage\u00bb bg_image=\u00bb4877&#8243; bg_image_type=\u00bbfixed\u00bb pattern_overlay=\u00bbyes\u00bb padding_top_multiplier=\u00bb3x\u00bb padding_bottom_multiplier=\u00bb3x\u00bb columns_gap=\u00bb60&#8243; kswr_row_top_decor_enabled=\u00bbfalse\u00bb kswr_row_bottom_decor_enabled=\u00bbfalse\u00bb el_class=\u00bbspace-col-equipe\u00bb][vc_column text_align=\u00bbcenter\u00bb css=\u00bb.vc_custom_1540291858513{margin-bottom: 40px !important;}\u00bb][vc_row_inner][vc_column_inner]<div class=\"grve-element grve-divider grve-animated-item grve-fade-in-up grve-duration-normal grve-align-center\" style=\"padding-bottom: 20px;\" data-delay=\"200\"><span class=\"grve-custom-divider grve-bg-primary-1\" style=\"width: 50px;height: 2px;\"><\/span><\/div><h6 class=\"grve-element grve-title grve-align-center grve-animated-item grve-duration-normal grve-fade-in-up grve-h4\" style=\"\" data-delay=\"400\"><span>Equipo de direcci\u00f3n<\/span><\/h6><div class=\"grve-empty-space grve-height-1x\" style=\"\"><\/div>[\/vc_column_inner][\/vc_row_inner][\/vc_column][vc_column css=\u00bb.vc_custom_1540295120262{margin-bottom: 0px !important;}\u00bb][vc_row_inner][vc_column_inner width=\u00bb1\/4&#8243; tablet_sm_width=\u00bb1-2&#8243;]<div class=\"grve-element grve-box grve-align-left grve-animated-item grve-fade-in-up grve-duration-normal direction ombre rlafargue\" style=\"\" data-delay=\"400\"><figure class=\"grve-image-hover grve-zoom-none\">\t<div class=\"grve-media\">\t\t<div class=\"grve-bg-light grve-hover-overlay grve-opacity-0\"><\/div><img loading=\"lazy\" decoding=\"async\" width=\"480\" height=\"560\" src=\"https:\/\/www.groupeidec.com\/wp-content\/uploads\/2018\/10\/Mr-Patrice-Lafargue-IMG_0572-480x560.jpg\" class=\"attachment-movedo-grve-small-square size-movedo-grve-small-square\" alt=\"\" \/>\t<\/div><\/figure>  <div class=\"grve-box-content\"><h3 class=\"grve-box-title grve-h6\">Patrice LAFARGUE<\/h3>    <p>Presidente y Fundador<br \/>\nde GROUPE IDEC<\/p>  <\/div><\/div>[\/vc_column_inner][vc_column_inner width=\u00bb1\/4&#8243; tablet_sm_width=\u00bb1-2&#8243;]<div class=\"grve-element grve-box grve-align-left grve-animated-item grve-fade-in-up grve-duration-normal direction ombre upper\" style=\"\" data-delay=\"400\"><figure class=\"grve-image-hover grve-zoom-none\">\t<div class=\"grve-media\">\t\t<div class=\"grve-bg-light grve-hover-overlay grve-opacity-0\"><\/div><img loading=\"lazy\" decoding=\"async\" width=\"480\" height=\"560\" src=\"https:\/\/www.groupeidec.com\/wp-content\/uploads\/2018\/10\/Mr-Adel-Kaddour-6B9B4755-480x560.jpg\" class=\"attachment-movedo-grve-small-square size-movedo-grve-small-square\" alt=\"\" \/>\t<\/div><\/figure>  <div class=\"grve-box-content\"><h3 class=\"grve-box-title grve-h6\">Adel KADDOUR<\/h3>    <p>Director Asociado<br \/>\nEnerg\u00eda e Internacional<\/p>  <\/div><\/div>[\/vc_column_inner][vc_column_inner width=\u00bb1\/4&#8243; tablet_sm_width=\u00bb1-2&#8243;]<div class=\"grve-element grve-box grve-align-left grve-animated-item grve-fade-in-up grve-duration-normal direction ombre upper\" style=\"\" data-delay=\"600\"><figure class=\"grve-image-hover grve-zoom-none\">\t<div class=\"grve-media\">\t\t<div class=\"grve-bg-light grve-hover-overlay grve-opacity-0\"><\/div><img loading=\"lazy\" decoding=\"async\" width=\"480\" height=\"560\" src=\"https:\/\/www.groupeidec.com\/wp-content\/uploads\/2018\/10\/Mr-Tony-Morais-IMG_9345-480x560.jpg\" class=\"attachment-movedo-grve-small-square size-movedo-grve-small-square\" alt=\"\" \/>\t<\/div><\/figure>  <div class=\"grve-box-content\"><h3 class=\"grve-box-title grve-h6\">Tony MORAIS<\/h3>    <p>Director Asociado<br \/>\nIngenier\u00eda <\/p>  <\/div><\/div>[\/vc_column_inner][vc_column_inner width=\u00bb1\/4&#8243; tablet_sm_width=\u00bb1-2&#8243;]<div class=\"grve-element grve-box grve-align-left grve-animated-item grve-fade-in-up grve-duration-normal direction ombre upper\" style=\"\" data-delay=\"800\"><figure class=\"grve-image-hover grve-zoom-none\">\t<div class=\"grve-media\">\t\t<div class=\"grve-bg-light grve-hover-overlay grve-opacity-0\"><\/div><img loading=\"lazy\" decoding=\"async\" width=\"480\" height=\"560\" src=\"https:\/\/www.groupeidec.com\/wp-content\/uploads\/2018\/10\/Mr-Christophe-Simonnet-IMG_0670-480x560.jpg\" class=\"attachment-movedo-grve-small-square size-movedo-grve-small-square\" alt=\"\" \/>\t<\/div><\/figure>  <div class=\"grve-box-content\"><h3 class=\"grve-box-title grve-h6\">Christophe SIMONNET<\/h3>    <p>Director Asociado<br \/>\nPlanificaci\u00f3n y Promoci\u00f3n <\/p>  <\/div><\/div>[\/vc_column_inner][\/vc_row_inner][\/vc_column][\/vc_row][vc_row padding_top_multiplier=\u00bb2x\u00bb padding_bottom_multiplier=\u00bb3x\u00bb columns_gap=\u00bb60&#8243; kswr_row_top_decor_enabled=\u00bbfalse\u00bb kswr_row_bottom_decor_enabled=\u00bbfalse\u00bb][vc_column width=\u00bb1\/2&#8243;]<div class=\"grve-element grve-divider grve-animated-item grve-fade-in-up grve-duration-normal grve-align-left\" style=\"padding-bottom: 20px;\" data-delay=\"200\"><span class=\"grve-custom-divider grve-bg-primary-1\" style=\"width: 50px;height: 2px;\"><\/span><\/div><h6 class=\"grve-element grve-title grve-align-left grve-animated-item grve-duration-normal grve-fade-in-up grve-h4\" style=\"\" data-delay=\"400\"><span>Una base de conocimientos \u00fanica<\/span><\/h6>[vc_column_text animation=\u00bbgrve-fade-in-up\u00bb animation_delay=\u00bb600&#8243;]<\/p>\n<p style=\"text-align: justify;\">GROUPE IDEC se estructura en torno a cuatro actividades complementarias que garantizan una respuesta global y adaptada a todas las exigencias. Este enfoque \u00fanico de la inmobiliaria se caracteriza por una visi\u00f3n global, desde la planificaci\u00f3n del territorio al desarrollo, la ejecuci\u00f3n y la financiaci\u00f3n de todo tipo de proyectos, pasando por la dimensi\u00f3n energ\u00e9tica.<\/p>\n<p>[\/vc_column_text][\/vc_column][vc_column width=\u00bb1\/2&#8243; heading_color=\u00bblight\u00bb animation_delay=\u00bb800&#8243; font_color=\u00bb#ffffff\u00bb]<div class=\"grve-element grve-image grve-animated-item grve-duration-normal grve-fade-in-right grve-align-center\" style=\"\" data-delay=\"800\">  <div class=\"grve-image-wrapper\"><img loading=\"lazy\" decoding=\"async\" width=\"1280\" height=\"530\" src=\"https:\/\/www.groupeidec.com\/wp-content\/uploads\/2021\/05\/grue-1280x530-1.jpg\" class=\"attachment-full size-full\" alt=\"\" srcset=\"https:\/\/www.groupeidec.com\/wp-content\/uploads\/2021\/05\/grue-1280x530-1.jpg 1280w, https:\/\/www.groupeidec.com\/wp-content\/uploads\/2021\/05\/grue-1280x530-1-300x124.jpg 300w, https:\/\/www.groupeidec.com\/wp-content\/uploads\/2021\/05\/grue-1280x530-1-1024x424.jpg 1024w, https:\/\/www.groupeidec.com\/wp-content\/uploads\/2021\/05\/grue-1280x530-1-768x318.jpg 768w\" sizes=\"auto, (max-width: 1280px) 100vw, 1280px\" \/>   <\/div><\/div>[\/vc_column][\/vc_row][vc_row bg_type=\u00bbimage\u00bb bg_image=\u00bb1279&#8243; bg_image_type=\u00bbfixed\u00bb pattern_overlay=\u00bbyes\u00bb padding_top_multiplier=\u00bb2x\u00bb padding_bottom_multiplier=\u00bb2x\u00bb kswr_row_top_decor_enabled=\u00bbfalse\u00bb kswr_row_bottom_decor_enabled=\u00bbfalse\u00bb][vc_column width=\u00bb1\/6&#8243; font_color=\u00bb#ffffff\u00bb][\/vc_column][vc_column width=\u00bb2\/3&#8243; heading_color=\u00bblight\u00bb font_color=\u00bb#ffffff\u00bb][vc_column_text]<\/p>\n<h6 style=\"text-align: center;\"><em>\u201c La fuerza de GROUPE IDEC reside en la complementariedad de sus actividades, gracias a la cual podemos actuar en todos los segmentos del mercado inmobiliario. Esta organizaci\u00f3n nos permite al mismo tiempo posicionarnos como interlocutores \u00fanicos de nuestros clientes. \u201d<\/em><\/h6>\n<p style=\"text-align: center;\"><strong>Patrice LAFARGUE<\/strong>, Presidente de GROUPE IDEC<\/p>\n<p>[\/vc_column_text][\/vc_column][vc_column width=\u00bb1\/6&#8243;][\/vc_column][\/vc_row][vc_row disable_element=\u00bbyes\u00bb section_type=\u00bbfullwidth\u00bb bg_type=\u00bbgradient\u00bb bg_gradient_color_1=\u00bb#ffffff\u00bb bg_gradient_color_2=\u00bb#f3f3f3&#8243; bg_gradient_direction=\u00bb180&#8243; padding_top_multiplier=\u00bb3x\u00bb padding_bottom_multiplier=\u00bb3x\u00bb columns_gap=\u00bb40&#8243; equal_column_height=\u00bbequal-column\u00bb el_class=\u00bbtitle metiers-home\u00bb][vc_column width=\u00bb1\/6&#8243; tablet_sm_width=\u00bb1-2&#8243; text_align=\u00bbcenter\u00bb]<div class=\"grve-element grve-image grve-align-center\" style=\"margin-bottom: 20px;\">  <div class=\"grve-image-wrapper\"><img loading=\"lazy\" decoding=\"async\" width=\"768\" height=\"360\" src=\"https:\/\/www.groupeidec.com\/wp-content\/uploads\/2024\/04\/amenageur-urbain_768x360.jpg\" class=\"attachment-full size-full\" alt=\"Am\u00e9nageur urbain\" srcset=\"https:\/\/www.groupeidec.com\/wp-content\/uploads\/2024\/04\/amenageur-urbain_768x360.jpg 768w, https:\/\/www.groupeidec.com\/wp-content\/uploads\/2024\/04\/amenageur-urbain_768x360-300x141.jpg 300w\" sizes=\"auto, (max-width: 768px) 100vw, 768px\" \/>   <\/div><\/div><h3 class=\"grve-element grve-title grve-align-center grve-h6 title-lien-black grve-increase-heading grve-heading-120\" style=\"margin-bottom: 10px;\"><span><a href=\"https:\/\/www.groupeidec.com\/amenageur-urbain\/\">Am\u00e9nageur urbain<\/a><\/span><\/h3><div class=\"grve-element grve-title grve-align-center grve-subtitle-text leader-title-cap grve-increase-heading grve-heading-120\" style=\"margin-bottom: 10px;\"><span>Une approche unique pour am\u00e9nager des territoires mixtes<\/span><\/div>[vc_column_text]<strong><a class=\"eos-hl\" onclick=\"window.open(&apos;https:\/\/www.groupeidec.com\/amenageur-urbain\/&apos;,&apos;_self&apos;);\" >EN SAVOIR +<\/a><\/strong>[\/vc_column_text][\/vc_column][vc_column width=\u00bb1\/6&#8243; tablet_sm_width=\u00bb1-2&#8243; text_align=\u00bbcenter\u00bb animation_delay=\u00bb400&#8243;]<div class=\"grve-element grve-image grve-align-center\" style=\"margin-bottom: 20px;\">  <div class=\"grve-image-wrapper\"><img loading=\"lazy\" decoding=\"async\" width=\"768\" height=\"360\" src=\"https:\/\/www.groupeidec.com\/wp-content\/uploads\/2024\/04\/promoteur-immobilier-residentiel_768x360.jpg\" class=\"attachment-full size-full\" alt=\"Promoteur immobilier\" srcset=\"https:\/\/www.groupeidec.com\/wp-content\/uploads\/2024\/04\/promoteur-immobilier-residentiel_768x360.jpg 768w, https:\/\/www.groupeidec.com\/wp-content\/uploads\/2024\/04\/promoteur-immobilier-residentiel_768x360-300x141.jpg 300w\" sizes=\"auto, (max-width: 768px) 100vw, 768px\" \/>   <\/div><\/div><h3 class=\"grve-element grve-title grve-align-center grve-h6 title-lien-black grve-increase-heading grve-heading-120\" style=\"margin-bottom: 10px;\"><span><a href=\"https:\/\/www.groupeidec.com\/promoteur-immobilier\/\">Promoteur immobilier<\/a><\/span><\/h3><div class=\"grve-element grve-title grve-align-center grve-subtitle-text leader-title-cap grve-increase-heading grve-heading-120\" style=\"margin-bottom: 10px;\"><span>D\u00e9veloppement de vos projets d&#8217;immobilier d&#8217;entreprise et r\u00e9sidentiel<\/span><\/div>[vc_column_text]<strong><a class=\"eos-hl\" onclick=\"window.open(&apos;https:\/\/www.groupeidec.com\/promoteur-immobilier\/&apos;,&apos;_self&apos;);\" >EN SAVOIR +<\/a><\/strong>[\/vc_column_text][\/vc_column][vc_column width=\u00bb1\/6&#8243; tablet_sm_width=\u00bb1-2&#8243; text_align=\u00bbcenter\u00bb animation_delay=\u00bb600&#8243;]<div class=\"grve-element grve-image grve-align-center\" style=\"margin-bottom: 20px;\">  <div class=\"grve-image-wrapper\"><img loading=\"lazy\" decoding=\"async\" width=\"768\" height=\"360\" src=\"https:\/\/www.groupeidec.com\/wp-content\/uploads\/2024\/04\/conception-construction_768x360.jpg\" class=\"attachment-full size-full\" alt=\"Conception \/ construction de b\u00e2timents\" srcset=\"https:\/\/www.groupeidec.com\/wp-content\/uploads\/2024\/04\/conception-construction_768x360.jpg 768w, https:\/\/www.groupeidec.com\/wp-content\/uploads\/2024\/04\/conception-construction_768x360-300x141.jpg 300w\" sizes=\"auto, (max-width: 768px) 100vw, 768px\" \/>   <\/div><\/div><h3 class=\"grve-element grve-title grve-align-center grve-h6 title-lien-black grve-increase-heading grve-heading-120\" style=\"margin-bottom: 10px;\"><span><a href=\"https:\/\/www.groupeidec.com\/concepteur-constructeur\/\">Concepteur \/ Constructeur<\/a><\/span><\/h3><div class=\"grve-element grve-title grve-align-center grve-subtitle-text leader-title-cap grve-increase-heading grve-heading-120\" style=\"margin-bottom: 10px;\"><span>Huit b\u00e2tisseurs au service de vos op\u00e9rations les plus ambitieuses<\/span><\/div>[vc_column_text]<strong><a class=\"eos-hl\" onclick=\"window.open(&apos;https:\/\/www.groupeidec.com\/concepteur-constructeur\/&apos;,&apos;_self&apos;);\" >EN SAVOIR +<\/a><\/strong>[\/vc_column_text][\/vc_column][vc_column width=\u00bb1\/6&#8243; text_align=\u00bbcenter\u00bb]<div class=\"grve-element grve-image grve-align-center\" style=\"margin-bottom: 20px;\">  <div class=\"grve-image-wrapper\"><img loading=\"lazy\" decoding=\"async\" width=\"768\" height=\"360\" src=\"https:\/\/www.groupeidec.com\/wp-content\/uploads\/2024\/04\/financement-immobilier-entreprise_768x360.jpg\" class=\"attachment-full size-full\" alt=\"Financement immobilier d&#039;entreprise\" srcset=\"https:\/\/www.groupeidec.com\/wp-content\/uploads\/2024\/04\/financement-immobilier-entreprise_768x360.jpg 768w, https:\/\/www.groupeidec.com\/wp-content\/uploads\/2024\/04\/financement-immobilier-entreprise_768x360-300x141.jpg 300w\" sizes=\"auto, (max-width: 768px) 100vw, 768px\" \/>   <\/div><\/div><h3 class=\"grve-element grve-title grve-align-center grve-h6 title-lien-black grve-increase-heading grve-heading-120\" style=\"margin-bottom: 10px;\"><span><a href=\"https:\/\/www.groupeidec.com\/financement-immobilier-dentreprise\/\">Financement immobilier d&#8217;entreprise<\/a><\/span><\/h3><div class=\"grve-element grve-title grve-align-center grve-subtitle-text leader-title-cap grve-increase-heading grve-heading-120\" style=\"margin-bottom: 10px;\"><span>Investissement ou co-investissement de vos futures op\u00e9rations<\/span><\/div>[vc_column_text]<strong><a class=\"eos-hl\" onclick=\"window.open(&apos;https:\/\/www.groupeidec.com\/financement-immobilier-dentreprise\/&apos;,&apos;_self&apos;);\" >EN SAVOIR +<\/a><\/strong>[\/vc_column_text][\/vc_column][vc_column width=\u00bb1\/6&#8243; text_align=\u00bbcenter\u00bb]<div class=\"grve-element grve-image grve-align-center\" style=\"margin-bottom: 20px;\">  <div class=\"grve-image-wrapper\"><img loading=\"lazy\" decoding=\"async\" width=\"768\" height=\"360\" src=\"https:\/\/www.groupeidec.com\/wp-content\/uploads\/2024\/04\/innovation_2_768x360.jpg\" class=\"attachment-full size-full\" alt=\"Investissement Innovation\" srcset=\"https:\/\/www.groupeidec.com\/wp-content\/uploads\/2024\/04\/innovation_2_768x360.jpg 768w, https:\/\/www.groupeidec.com\/wp-content\/uploads\/2024\/04\/innovation_2_768x360-300x141.jpg 300w\" sizes=\"auto, (max-width: 768px) 100vw, 768px\" \/>   <\/div><\/div><h3 class=\"grve-element grve-title grve-align-center grve-h6 title-lien-black grve-increase-heading grve-heading-120\" style=\"margin-bottom: 10px;\"><span><a href=\"https:\/\/www.groupeidec.com\/investissement-innovation\/\">Investissement Innovation<\/a><\/span><\/h3><div class=\"grve-element grve-title grve-align-center grve-subtitle-text leader-title-cap grve-increase-heading grve-heading-120\" style=\"margin-bottom: 10px;\"><span>Un fonds d&#8217;investissement d\u00e9di\u00e9 \u00e0 la transition \u00e9nerg\u00e9tique<\/span><\/div>[vc_column_text]<strong><a class=\"eos-hl\" onclick=\"window.open(&apos;https:\/\/www.groupeidec.com\/investissement-innovation\/&apos;,&apos;_self&apos;);\" >EN SAVOIR +<\/a><\/strong>[\/vc_column_text][\/vc_column][vc_column width=\u00bb1\/6&#8243; text_align=\u00bbcenter\u00bb]<div class=\"grve-element grve-image grve-align-center\" style=\"margin-bottom: 20px;\">  <div class=\"grve-image-wrapper\"><img loading=\"lazy\" decoding=\"async\" width=\"768\" height=\"360\" src=\"https:\/\/www.groupeidec.com\/wp-content\/uploads\/2024\/04\/solutions-energetiques_768x360.jpg\" class=\"attachment-full size-full\" alt=\"Solutions \u00e9nerg\u00e9tique\" srcset=\"https:\/\/www.groupeidec.com\/wp-content\/uploads\/2024\/04\/solutions-energetiques_768x360.jpg 768w, https:\/\/www.groupeidec.com\/wp-content\/uploads\/2024\/04\/solutions-energetiques_768x360-300x141.jpg 300w\" sizes=\"auto, (max-width: 768px) 100vw, 768px\" \/>   <\/div><\/div><h3 class=\"grve-element grve-title grve-align-center grve-h6 title-lien-black grve-increase-heading grve-heading-120\" style=\"margin-bottom: 10px;\"><span><a href=\"https:\/\/www.groupeidec.com\/installations-energetiques\/\">Installations \u00e9nerg\u00e9tiques<\/a><\/span><\/h3><div class=\"grve-element grve-title grve-align-center grve-subtitle-text leader-title-cap grve-increase-heading grve-heading-120\" style=\"margin-bottom: 10px;\"><span>Des sources d&#8217;\u00e9nergies renouvelables pour vos projets<\/span><\/div>[vc_column_text]<strong><a class=\"eos-hl\" onclick=\"window.open(&apos;https:\/\/www.groupeidec.com\/installations-energetiques\/&apos;,&apos;_self&apos;);\" >EN SAVOIR +<\/a><\/strong>[\/vc_column_text][\/vc_column][\/vc_row][vc_row padding_bottom_multiplier=\u00bb\u00bb kswr_row_top_decor_enabled=\u00bbfalse\u00bb kswr_row_bottom_decor_enabled=\u00bbfalse\u00bb][vc_column text_align=\u00bbcenter\u00bb css=\u00bb.vc_custom_1622570726185{padding-right: 10% !important;padding-left: 10% !important;}\u00bb]<div class=\"grve-empty-space grve-height-1x\" style=\"\"><\/div><div class=\"grve-element grve-divider grve-align-center\" style=\"padding-bottom: 20px;\"><span class=\"grve-custom-divider grve-bg-primary-1\" style=\"width: 50px;height: 2px;\"><\/span><\/div><h6 class=\"grve-element grve-title grve-align-center grve-h4\" style=\"\"><span>NUESTRA ORGANIZACI\u00d3N EN FRANCIA<\/span><\/h6>[vc_column_text css=\u00bb.vc_custom_1760522378437{margin-bottom: 20px !important;}\u00bb]For over 20 years, we have demonstrated our expertise in delivering increasingly ambitious and technical projects to our clients. From the construction of France&#8217;s largest logistics warehouse (200,000 m\u00b2), Europe&#8217;s largest infant milk production plant (39,500 m\u00b2), to the development of high-end neighborhoods, to the construction of luxury hotel complexes and healthcare facilities, our teams take on each new project as a challenge.[\/vc_column_text]<div class=\"grve-element grve-align-center\"><a href=\"\/france\/\" class=\"grve-btn grve-btn-large grve-btn-underline grve-text-primary-1 grve-text-hover-primary-1\" style=\"margin-bottom: 0px;\"><span>En savoir +<span class=\"grve-btn-bottom-line grve-bg-primary-2\"><\/span><\/span><\/a><\/div>[\/vc_column][\/vc_row][vc_row disable_element=\u00bbyes\u00bb section_type=\u00bbfullwidth\u00bb padding_bottom_multiplier=\u00bb3x\u00bb][vc_column width=\u00bb1\/5&#8243;]<div class=\"grve-element grve-image grve-align-center\" style=\"\">  <div class=\"grve-image-wrapper\"><img loading=\"lazy\" decoding=\"async\" width=\"720\" height=\"1250\" src=\"https:\/\/www.groupeidec.com\/wp-content\/uploads\/2025\/06\/org_2025_ingenierie_es.png\" class=\"attachment-full size-full\" alt=\"\" srcset=\"https:\/\/www.groupeidec.com\/wp-content\/uploads\/2025\/06\/org_2025_ingenierie_es.png 720w, https:\/\/www.groupeidec.com\/wp-content\/uploads\/2025\/06\/org_2025_ingenierie_es-173x300.png 173w, https:\/\/www.groupeidec.com\/wp-content\/uploads\/2025\/06\/org_2025_ingenierie_es-590x1024.png 590w\" sizes=\"auto, (max-width: 720px) 100vw, 720px\" \/>   <\/div><\/div>[\/vc_column][vc_column width=\u00bb1\/5&#8243;]<div class=\"grve-element grve-image grve-align-center\" style=\"\">  <div class=\"grve-image-wrapper\"><img loading=\"lazy\" decoding=\"async\" width=\"720\" height=\"1058\" src=\"https:\/\/www.groupeidec.com\/wp-content\/uploads\/2025\/07\/org_2025_amenag-promotion_es_2025-07-24.png\" class=\"attachment-full size-full\" alt=\"\" srcset=\"https:\/\/www.groupeidec.com\/wp-content\/uploads\/2025\/07\/org_2025_amenag-promotion_es_2025-07-24.png 720w, https:\/\/www.groupeidec.com\/wp-content\/uploads\/2025\/07\/org_2025_amenag-promotion_es_2025-07-24-204x300.png 204w, https:\/\/www.groupeidec.com\/wp-content\/uploads\/2025\/07\/org_2025_amenag-promotion_es_2025-07-24-697x1024.png 697w\" sizes=\"auto, (max-width: 720px) 100vw, 720px\" \/>   <\/div><\/div>[\/vc_column][vc_column width=\u00bb1\/5&#8243;]<div class=\"grve-element grve-image grve-align-center\" style=\"\">  <div class=\"grve-image-wrapper\"><img loading=\"lazy\" decoding=\"async\" width=\"720\" height=\"790\" src=\"https:\/\/www.groupeidec.com\/wp-content\/uploads\/2025\/06\/org_2025_real-estate_es.png\" class=\"attachment-full size-full\" alt=\"\" srcset=\"https:\/\/www.groupeidec.com\/wp-content\/uploads\/2025\/06\/org_2025_real-estate_es.png 720w, https:\/\/www.groupeidec.com\/wp-content\/uploads\/2025\/06\/org_2025_real-estate_es-273x300.png 273w\" sizes=\"auto, (max-width: 720px) 100vw, 720px\" \/>   <\/div><\/div>[\/vc_column][vc_column width=\u00bb1\/5&#8243;]<div class=\"grve-element grve-image grve-align-center\" style=\"\">  <div class=\"grve-image-wrapper\"><img loading=\"lazy\" decoding=\"async\" width=\"720\" height=\"1810\" src=\"https:\/\/www.groupeidec.com\/wp-content\/uploads\/2025\/06\/org_2025_innovation_es.png\" class=\"attachment-full size-full\" alt=\"\" srcset=\"https:\/\/www.groupeidec.com\/wp-content\/uploads\/2025\/06\/org_2025_innovation_es.png 720w, https:\/\/www.groupeidec.com\/wp-content\/uploads\/2025\/06\/org_2025_innovation_es-119x300.png 119w, https:\/\/www.groupeidec.com\/wp-content\/uploads\/2025\/06\/org_2025_innovation_es-407x1024.png 407w, https:\/\/www.groupeidec.com\/wp-content\/uploads\/2025\/06\/org_2025_innovation_es-611x1536.png 611w\" sizes=\"auto, (max-width: 720px) 100vw, 720px\" \/>   <\/div><\/div>[\/vc_column][vc_column width=\u00bb1\/5&#8243;]<div class=\"grve-element grve-image grve-align-center\" style=\"\">  <div class=\"grve-image-wrapper\"><img loading=\"lazy\" decoding=\"async\" width=\"720\" height=\"1180\" src=\"https:\/\/www.groupeidec.com\/wp-content\/uploads\/2025\/06\/org_2025_energie_es.png\" class=\"attachment-full size-full\" alt=\"\" srcset=\"https:\/\/www.groupeidec.com\/wp-content\/uploads\/2025\/06\/org_2025_energie_es.png 720w, https:\/\/www.groupeidec.com\/wp-content\/uploads\/2025\/06\/org_2025_energie_es-183x300.png 183w, https:\/\/www.groupeidec.com\/wp-content\/uploads\/2025\/06\/org_2025_energie_es-625x1024.png 625w\" sizes=\"auto, (max-width: 720px) 100vw, 720px\" \/>   <\/div><\/div>[\/vc_column][\/vc_row][vc_row section_type=\u00bbfullwidth\u00bb padding_bottom_multiplier=\u00bb3x\u00bb mobile_visibility=\u00bbhide\u00bb][vc_column]<div class=\"grve-element grve-image grve-align-center\" style=\"\">  <div class=\"grve-image-wrapper\"><img loading=\"lazy\" decoding=\"async\" width=\"2560\" height=\"913\" src=\"https:\/\/www.groupeidec.com\/wp-content\/uploads\/2026\/03\/Organigramme-2026_MARS-Groupe-ES-sans-international-scaled.png\" class=\"attachment-full size-full\" alt=\"\" srcset=\"https:\/\/www.groupeidec.com\/wp-content\/uploads\/2026\/03\/Organigramme-2026_MARS-Groupe-ES-sans-international-scaled.png 2560w, https:\/\/www.groupeidec.com\/wp-content\/uploads\/2026\/03\/Organigramme-2026_MARS-Groupe-ES-sans-international-300x107.png 300w, https:\/\/www.groupeidec.com\/wp-content\/uploads\/2026\/03\/Organigramme-2026_MARS-Groupe-ES-sans-international-1024x365.png 1024w, https:\/\/www.groupeidec.com\/wp-content\/uploads\/2026\/03\/Organigramme-2026_MARS-Groupe-ES-sans-international-768x274.png 768w, https:\/\/www.groupeidec.com\/wp-content\/uploads\/2026\/03\/Organigramme-2026_MARS-Groupe-ES-sans-international-1536x548.png 1536w, https:\/\/www.groupeidec.com\/wp-content\/uploads\/2026\/03\/Organigramme-2026_MARS-Groupe-ES-sans-international-1920x685.png 1920w\" sizes=\"auto, (max-width: 2560px) 100vw, 2560px\" \/>   <\/div><\/div>[\/vc_column][\/vc_row][vc_row section_type=\u00bbfullwidth\u00bb padding_bottom_multiplier=\u00bb3x\u00bb desktop_visibility=\u00bbhide\u00bb tablet_visibility=\u00bbhide\u00bb tablet_sm_visibility=\u00bbhide\u00bb][vc_column width=\u00bb1\/5&#8243; text_align=\u00bbcenter\u00bb]<div class=\"grve-element grve-image grve-align-center\" style=\"\">  <div class=\"grve-image-wrapper\"><img loading=\"lazy\" decoding=\"async\" width=\"362\" height=\"481\" src=\"https:\/\/www.groupeidec.com\/wp-content\/uploads\/2025\/10\/groupe_idec_france_1920x780_01_es.png\" class=\"attachment-full size-full\" alt=\"\" srcset=\"https:\/\/www.groupeidec.com\/wp-content\/uploads\/2025\/10\/groupe_idec_france_1920x780_01_es.png 362w, https:\/\/www.groupeidec.com\/wp-content\/uploads\/2025\/10\/groupe_idec_france_1920x780_01_es-226x300.png 226w\" sizes=\"auto, (max-width: 362px) 100vw, 362px\" \/>   <\/div><\/div>[\/vc_column][vc_column width=\u00bb1\/5&#8243;]<div class=\"grve-element grve-image grve-align-center\" style=\"\">  <div class=\"grve-image-wrapper\"><img loading=\"lazy\" decoding=\"async\" width=\"304\" height=\"480\" src=\"https:\/\/www.groupeidec.com\/wp-content\/uploads\/2025\/10\/groupe_idec_france_1920x780_02_es.png\" class=\"attachment-full size-full\" alt=\"\" srcset=\"https:\/\/www.groupeidec.com\/wp-content\/uploads\/2025\/10\/groupe_idec_france_1920x780_02_es.png 304w, https:\/\/www.groupeidec.com\/wp-content\/uploads\/2025\/10\/groupe_idec_france_1920x780_02_es-190x300.png 190w\" sizes=\"auto, (max-width: 304px) 100vw, 304px\" \/>   <\/div><\/div>[\/vc_column][vc_column width=\u00bb1\/5&#8243;]<div class=\"grve-element grve-image grve-align-center\" style=\"\">  <div class=\"grve-image-wrapper\"><img loading=\"lazy\" decoding=\"async\" width=\"325\" height=\"433\" src=\"https:\/\/www.groupeidec.com\/wp-content\/uploads\/2025\/10\/groupe_idec_france_1920x780_03_es.png\" class=\"attachment-full size-full\" alt=\"\" srcset=\"https:\/\/www.groupeidec.com\/wp-content\/uploads\/2025\/10\/groupe_idec_france_1920x780_03_es.png 325w, https:\/\/www.groupeidec.com\/wp-content\/uploads\/2025\/10\/groupe_idec_france_1920x780_03_es-225x300.png 225w\" sizes=\"auto, (max-width: 325px) 100vw, 325px\" \/>   <\/div><\/div>[\/vc_column][vc_column width=\u00bb1\/5&#8243;]<div class=\"grve-element grve-image grve-align-center\" style=\"\">  <div class=\"grve-image-wrapper\"><img loading=\"lazy\" decoding=\"async\" width=\"450\" height=\"628\" src=\"https:\/\/www.groupeidec.com\/wp-content\/uploads\/2025\/10\/groupe_idec_france_1920x780_04_es.png\" class=\"attachment-full size-full\" alt=\"\" srcset=\"https:\/\/www.groupeidec.com\/wp-content\/uploads\/2025\/10\/groupe_idec_france_1920x780_04_es.png 450w, https:\/\/www.groupeidec.com\/wp-content\/uploads\/2025\/10\/groupe_idec_france_1920x780_04_es-215x300.png 215w\" sizes=\"auto, (max-width: 450px) 100vw, 450px\" \/>   <\/div><\/div>[\/vc_column][vc_column width=\u00bb1\/5&#8243;]<div class=\"grve-element grve-image grve-align-center\" style=\"\">  <div class=\"grve-image-wrapper\"><img loading=\"lazy\" decoding=\"async\" width=\"221\" height=\"384\" src=\"https:\/\/www.groupeidec.com\/wp-content\/uploads\/2025\/10\/groupe_idec_france_1920x780_05_es.png\" class=\"attachment-full size-full\" alt=\"\" srcset=\"https:\/\/www.groupeidec.com\/wp-content\/uploads\/2025\/10\/groupe_idec_france_1920x780_05_es.png 221w, https:\/\/www.groupeidec.com\/wp-content\/uploads\/2025\/10\/groupe_idec_france_1920x780_05_es-173x300.png 173w\" sizes=\"auto, (max-width: 221px) 100vw, 221px\" \/>   <\/div><\/div>[\/vc_column][\/vc_row][vc_row bg_type=\u00bbgradient\u00bb bg_gradient_color_1=\u00bb#f4f4f4&#8243; bg_gradient_color_2=\u00bb#FFFFFF\u00bb bg_gradient_direction=\u00bb180&#8243; padding_bottom_multiplier=\u00bb\u00bb kswr_row_top_decor_enabled=\u00bbfalse\u00bb kswr_row_bottom_decor_enabled=\u00bbfalse\u00bb][vc_column text_align=\u00bbcenter\u00bb css=\u00bb.vc_custom_1622618711737{padding-right: 5% !important;padding-left: 5% !important;}\u00bb]<div class=\"grve-empty-space grve-height-1x\" style=\"\"><\/div><div class=\"grve-element grve-divider grve-align-center\" style=\"padding-bottom: 20px;\"><span class=\"grve-custom-divider grve-bg-primary-1\" style=\"width: 50px;height: 2px;\"><\/span><\/div><h6 class=\"grve-element grve-title grve-align-center grve-h4\" style=\"\"><span>UNA DIMENSI\u00d3N INTERNACIONAL<\/span><\/h6>[vc_column_text css=\u00bb.vc_custom_1750781975661{margin-bottom: 20px !important;padding-right: 10% !important;padding-left: 10% !important;}\u00bb]Desde Europa hasta Asia, estamos a su lado para llevar a cabo todos sus proyectos de planificaci\u00f3n, desarrollo y dise\u00f1o-construcci\u00f3n en todo el mundo. Estamos presentes a trav\u00e9s de nuestras filiales, empresas asociadas y socios locales en todo el mundo para ofrecerle soluciones lo m\u00e1s cerca posible de sus instalaciones.[\/vc_column_text]<div class=\"grve-element grve-align-center\"><a href=\"https:\/\/www.groupeidec.com\/presence-internationale\/\" class=\"grve-btn grve-btn-large grve-btn-underline grve-text-primary-1 grve-text-hover-primary-1\"><span>M\u00e1s informaci\u00f3n<span class=\"grve-btn-bottom-line grve-bg-primary-2\"><\/span><\/span><\/a><\/div>[\/vc_column][\/vc_row][vc_row padding_top_multiplier=\u00bb\u00bb padding_bottom_multiplier=\u00bb3x\u00bb kswr_row_top_decor_enabled=\u00bbfalse\u00bb kswr_row_bottom_decor_enabled=\u00bbfalse\u00bb][vc_column text_align=\u00bbcenter\u00bb css=\u00bb.vc_custom_1622618711737{padding-right: 5% !important;padding-left: 5% !important;}\u00bb]<div class=\"grve-element grve-image grve-align-center grve-full-image grve-image-space-100\" style=\"\">  <div class=\"grve-image-wrapper\"><img loading=\"lazy\" decoding=\"async\" width=\"1440\" height=\"748\" src=\"https:\/\/www.groupeidec.com\/wp-content\/uploads\/2025\/10\/groupe_idec_international_map_1440x740_es.png\" class=\"attachment-full size-full\" alt=\"Carte Groupe Idec International\" srcset=\"https:\/\/www.groupeidec.com\/wp-content\/uploads\/2025\/10\/groupe_idec_international_map_1440x740_es.png 1440w, https:\/\/www.groupeidec.com\/wp-content\/uploads\/2025\/10\/groupe_idec_international_map_1440x740_es-300x156.png 300w, https:\/\/www.groupeidec.com\/wp-content\/uploads\/2025\/10\/groupe_idec_international_map_1440x740_es-1024x532.png 1024w, https:\/\/www.groupeidec.com\/wp-content\/uploads\/2025\/10\/groupe_idec_international_map_1440x740_es-768x399.png 768w\" sizes=\"auto, (max-width: 1440px) 100vw, 1440px\" \/>   <\/div><\/div>[\/vc_column][\/vc_row][vc_row section_type=\u00bbfullwidth\u00bb bg_type=\u00bbcolor\u00bb padding_top_multiplier=\u00bb2x\u00bb padding_bottom_multiplier=\u00bb\u00bb columns_gap=\u00bbnone\u00bb kswr_row_top_decor_enabled=\u00bbfalse\u00bb kswr_row_bottom_decor_enabled=\u00bbfalse\u00bb bg_color=\u00bb#262626&#8243; el_class=\u00bbfrise-bottom-urls-pres\u00bb][vc_column heading_color=\u00bblight\u00bb text_align=\u00bbcenter\u00bb font_color=\u00bb#ffffff\u00bb]<div class=\"grve-element grve-divider grve-align-center\" style=\"padding-bottom: 20px;\"><span class=\"grve-custom-divider grve-bg-primary-1\" style=\"width: 50px;height: 2px;\"><\/span><\/div><h6 class=\"grve-element grve-title grve-align-center grve-h4\" style=\"margin-bottom: 30px;\"><span>Nuestra historia<\/span><\/h6><div class=\"grve-empty-space\" style=\"height: 32px;\"><\/div>[\/vc_column][\/vc_row][vc_row section_type=\u00bbfullwidth\u00bb bg_type=\u00bbcolor\u00bb padding_top_multiplier=\u00bb\u00bb padding_bottom_multiplier=\u00bb3x\u00bb columns_gap=\u00bbnone\u00bb bg_color=\u00bb#262626&#8243;][vc_column vertical_content_position=\u00bbbottom\u00bb]<div class=\"grve-element grve-flexible-carousel grve-carousel grve-layout-1 grve-with-gap grve-carousel-pagination-1\" style=\"\"><div class=\"grve-carousel-wrapper\"><div class=\"grve-carousel-navigation grve-light grve-navigation-1 grve-navigation-carousel\"><div class=\"grve-carousel-buttons\"><div class=\"grve-carousel-prev\"><i class=\"grve-icon-nav-left-small\"><\/i><span class=\"screen-reader-text\">Previous<\/span><\/div><div class=\"grve-carousel-next\"><i class=\"grve-icon-nav-right-small\"><\/i><span class=\"screen-reader-text\">Next<\/span><\/div><\/div><\/div>\t<div class=\"grve-flexible-carousel-element \" data-items=\"5\" data-items-tablet-landscape=\"4\" data-items-tablet-portrait=\"3\" data-items-mobile=\"1\" data-slider-autoplay=\"no\" data-slider-speed=\"3000\" data-slider-pause=\"no\" data-pagination-speed=\"400\" data-pagination=\"yes\" data-slider-autoheight=\"no\">[vc_row_inner css=\u00bb.vc_custom_1712597212552{background-image: url(https:\/\/www.groupeidec.com\/wp-content\/uploads\/2024\/04\/campus-inauguration_720.jpg?id=324709) !important;background-position: center !important;background-repeat: no-repeat !important;background-size: cover !important;}\u00bb el_class=\u00bbcard-frise-2024 cf-white\u00bb][vc_column_inner]<div class=\"grve-empty-space grve-height-3x\" style=\"\"><\/div>[vc_column_text css=\u00bb.vc_custom_1750782265121{padding-top: 5% !important;padding-right: 5% !important;padding-bottom: 5% !important;padding-left: 5% !important;}\u00bb]<\/p>\n<h3>2000<\/h3>\n<p>Creaci\u00f3n del GROUPE IDEC[\/vc_column_text][\/vc_column_inner][\/vc_row_inner][vc_row_inner css=\u00bb.vc_custom_1712645961447{background-image: url(https:\/\/www.groupeidec.com\/wp-content\/uploads\/2024\/03\/constructeur-batiments-industriels_768x432.jpg?id=323550) !important;background-position: center !important;background-repeat: no-repeat !important;background-size: cover !important;}\u00bb el_class=\u00bbcard-frise-2024&#8243;][vc_column_inner]<div class=\"grve-empty-space grve-height-3x\" style=\"\"><\/div>[vc_column_text css=\u00bb.vc_custom_1750782340420{padding-top: 5% !important;padding-right: 5% !important;padding-bottom: 5% !important;padding-left: 5% !important;background-color: #ffffff !important;}\u00bb]<img loading=\"lazy\" decoding=\"async\" class=\" wp-image-324734 alignright\" src=\"https:\/\/www.groupeidec.com\/wp-content\/uploads\/2024\/04\/logo_idec-sante_70.png\" alt=\"\" width=\"60\" height=\"60\" \/><\/p>\n<h3><span style=\"color: #ef4030;\">2001<\/span><\/h3>\n<p>Desarrollo en productos farmac\u00e9uticos[\/vc_column_text][\/vc_column_inner][\/vc_row_inner][vc_row_inner css=\u00bb.vc_custom_1712645729791{background-image: url(https:\/\/www.groupeidec.com\/wp-content\/uploads\/2024\/04\/volie-idec-sport_720.jpg?id=324727) !important;background-position: center !important;background-repeat: no-repeat !important;background-size: cover !important;}\u00bb el_class=\u00bbcard-frise-2024 cf-white\u00bb][vc_column_inner]<div class=\"grve-empty-space grve-height-3x\" style=\"\"><\/div>[vc_column_text css=\u00bb.vc_custom_1750782399114{padding-top: 5% !important;padding-right: 5% !important;padding-bottom: 5% !important;padding-left: 5% !important;}\u00bb]<\/p>\n<h3>2001<\/h3>\n<p><strong>R\u00c9CORD DE VELA ALREDEDOR DEL MUNDO<br \/>\n<\/strong>El comienzo de la aventura de IDEC SPORT[\/vc_column_text][\/vc_column_inner][\/vc_row_inner][vc_row_inner css=\u00bb.vc_custom_1712646076785{background-image: url(https:\/\/www.groupeidec.com\/wp-content\/uploads\/2024\/04\/2011_davigel_720.jpg?id=324682) !important;background-position: center !important;background-repeat: no-repeat !important;background-size: cover !important;}\u00bb el_class=\u00bbcard-frise-2024&#8243;][vc_column_inner]<div class=\"grve-empty-space grve-height-3x\" style=\"\"><\/div>[vc_column_text css=\u00bb.vc_custom_1750782447060{padding-top: 5% !important;padding-right: 5% !important;padding-bottom: 5% !important;padding-left: 5% !important;background-color: #ffffff !important;}\u00bb]<\/p>\n<h3><span style=\"color: #ef4030;\"><img loading=\"lazy\" decoding=\"async\" class=\" wp-image-324731 alignright\" src=\"https:\/\/www.groupeidec.com\/wp-content\/uploads\/2024\/04\/logo_idec-invest-real-estate_50.png\" alt=\"\" width=\"123\" height=\"40\" srcset=\"https:\/\/www.groupeidec.com\/wp-content\/uploads\/2024\/04\/logo_idec-invest-real-estate_50.png 154w, https:\/\/www.groupeidec.com\/wp-content\/uploads\/2024\/04\/logo_idec-invest-real-estate_50-150x50.png 150w\" sizes=\"auto, (max-width: 123px) 100vw, 123px\" \/>2001<\/span><\/h3>\n<p>Creaci\u00f3n de una nueva profesi\u00f3n, inversi\u00f3n[\/vc_column_text][\/vc_column_inner][\/vc_row_inner][vc_row_inner css=\u00bb.vc_custom_1712647865407{background-image: url(https:\/\/www.groupeidec.com\/wp-content\/uploads\/2024\/04\/2001-siege-blois_720.jpg?id=324667) !important;background-position: center !important;background-repeat: no-repeat !important;background-size: cover !important;}\u00bb el_class=\u00bbcard-frise-2024 cf-white\u00bb][vc_column_inner]<div class=\"grve-empty-space grve-height-3x\" style=\"\"><\/div>[vc_column_text css=\u00bb.vc_custom_1750782534445{padding-top: 5% !important;padding-right: 5% !important;padding-bottom: 5% !important;padding-left: 5% !important;}\u00bb]<\/p>\n<h3>2003<\/h3>\n<p><strong>UN PRIMER ASIENTO EN BLOIS<br \/>\n<\/strong>El comienzo de una nueva era[\/vc_column_text][\/vc_column_inner][\/vc_row_inner][vc_row_inner css=\u00bb.vc_custom_1712648031706{background-image: url(https:\/\/www.groupeidec.com\/wp-content\/uploads\/2024\/04\/2004-creation-amenagement_960.jpg?id=324670) !important;background-position: center !important;background-repeat: no-repeat !important;background-size: cover !important;}\u00bb el_class=\u00bbcard-frise-2024&#8243;][vc_column_inner]<div class=\"grve-empty-space grve-height-3x\" style=\"\"><\/div>[vc_column_text css=\u00bb.vc_custom_1750782590316{padding-top: 5% !important;padding-right: 5% !important;padding-bottom: 5% !important;padding-left: 5% !important;background-color: #ffffff !important;}\u00bb]<\/p>\n<h3><span style=\"color: #ef4030;\"><img loading=\"lazy\" decoding=\"async\" class=\"size-full wp-image-324751 alignright\" src=\"https:\/\/www.groupeidec.com\/wp-content\/uploads\/2024\/04\/logo_fp_60.png\" alt=\"\" width=\"60\" height=\"60\" \/>2004<\/span><\/h3>\n<p>Lanzamiento de una nueva profesi\u00f3n, desarrollo y promoci\u00f3n[\/vc_column_text][\/vc_column_inner][\/vc_row_inner][vc_row_inner css=\u00bb.vc_custom_1712648052117{background-image: url(https:\/\/www.groupeidec.com\/wp-content\/uploads\/2024\/04\/2006-creation-residentiel_720.jpg?id=324673) !important;background-position: center !important;background-repeat: no-repeat !important;background-size: cover !important;}\u00bb el_class=\u00bbcard-frise-2024&#8243;][vc_column_inner]<div class=\"grve-empty-space grve-height-3x\" style=\"\"><\/div>[vc_column_text css=\u00bb.vc_custom_1750782643786{padding-top: 5% !important;padding-right: 5% !important;padding-bottom: 5% !important;padding-left: 5% !important;background-color: #ffffff !important;}\u00bb]<\/p>\n<h3><span style=\"color: #ef4030;\"><img loading=\"lazy\" decoding=\"async\" class=\"size-full wp-image-324748 alignright\" src=\"https:\/\/www.groupeidec.com\/wp-content\/uploads\/2024\/04\/logo_fi_60.png\" alt=\"\" width=\"60\" height=\"60\" \/>2006<\/span><\/h3>\n<p>Desarrollo en el sector inmobiliario residencial[\/vc_column_text][\/vc_column_inner][\/vc_row_inner][vc_row_inner css=\u00bb.vc_custom_1712648156166{background-image: url(https:\/\/www.groupeidec.com\/wp-content\/uploads\/2024\/04\/2006-dev-agroalimentaire_720.jpg?id=324676) !important;background-position: center !important;background-repeat: no-repeat !important;background-size: cover !important;}\u00bb el_class=\u00bbcard-frise-2024&#8243;][vc_column_inner]<div class=\"grve-empty-space grve-height-3x\" style=\"\"><\/div>[vc_column_text css=\u00bb.vc_custom_1750782695593{padding-top: 5% !important;padding-right: 5% !important;padding-bottom: 5% !important;padding-left: 5% !important;background-color: #ffffff !important;}\u00bb]<\/p>\n<h3><span style=\"color: #ef4030;\"><img loading=\"lazy\" decoding=\"async\" class=\"size-full wp-image-324757 alignright\" src=\"https:\/\/www.groupeidec.com\/wp-content\/uploads\/2024\/04\/logo_idec-agro_60.png\" alt=\"\" width=\"60\" height=\"60\" \/>2006<\/span><\/h3>\n<p>Desarrollo del sector agroalimentario[\/vc_column_text][\/vc_column_inner][\/vc_row_inner][vc_row_inner css=\u00bb.vc_custom_1712648554915{background-image: url(https:\/\/www.groupeidec.com\/wp-content\/uploads\/2024\/04\/icm_720.jpg?id=324718) !important;background-position: center !important;background-repeat: no-repeat !important;background-size: cover !important;}\u00bb el_class=\u00bbcard-frise-2024 cf-white\u00bb][vc_column_inner]<div class=\"grve-empty-space grve-height-3x\" style=\"\"><\/div>[vc_column_text css=\u00bb.vc_custom_1750782774357{padding-top: 5% !important;padding-right: 5% !important;padding-bottom: 5% !important;padding-left: 5% !important;}\u00bb]<\/p>\n<h3>2007<\/h3>\n<p><strong>COMPROMISO SOCIAL Y SOCIAL<br \/>\n<\/strong>Patrocinio del Instituto del Cerebro[\/vc_column_text][\/vc_column_inner][\/vc_row_inner][vc_row_inner css=\u00bb.vc_custom_1712648661186{background-image: url(https:\/\/www.groupeidec.com\/wp-content\/uploads\/2024\/04\/2010-dev-sud_720.jpg?id=324679) !important;background-position: center !important;background-repeat: no-repeat !important;background-size: cover !important;}\u00bb el_class=\u00bbcard-frise-2024&#8243;][vc_column_inner]<div class=\"grve-empty-space grve-height-3x\" style=\"\"><\/div>[vc_column_text css=\u00bb.vc_custom_1750782835129{padding-top: 5% !important;padding-right: 5% !important;padding-bottom: 5% !important;padding-left: 5% !important;background-color: #ffffff !important;}\u00bb]<\/p>\n<h3><span style=\"color: #ef4030;\"><img loading=\"lazy\" decoding=\"async\" class=\"size-full wp-image-324760 alignright\" src=\"https:\/\/www.groupeidec.com\/wp-content\/uploads\/2024\/04\/logo_idec-grand-sud_60.png\" alt=\"\" width=\"60\" height=\"60\" \/>2009<\/span><\/h3>\n<p>Desarrollo en el sur de Francia[\/vc_column_text][\/vc_column_inner][\/vc_row_inner][vc_row_inner css=\u00bb.vc_custom_1712654016160{background-image: url(https:\/\/www.groupeidec.com\/wp-content\/uploads\/2024\/04\/2015-15-ans-grid_720.jpg?id=324685) !important;background-position: center !important;background-repeat: no-repeat !important;background-size: cover !important;}\u00bb el_class=\u00bbcard-frise-2024&#8243;][vc_column_inner]<div class=\"grve-empty-space grve-height-3x\" style=\"\"><\/div>[vc_column_text css=\u00bb.vc_custom_1750782915975{padding-top: 5% !important;padding-right: 5% !important;padding-bottom: 5% !important;padding-left: 5% !important;background-color: #ffffff !important;}\u00bb]<\/p>\n<h3><span style=\"color: #ef4030;\">2015<\/span><\/h3>\n<p><strong>15 A\u00d1OS, UN ANIVERSARIO SIMB\u00d3LICO<\/strong><br \/>\nCelebrando el 15\u00ba aniversario del GRUPO IDEC[\/vc_column_text][\/vc_column_inner][\/vc_row_inner][vc_row_inner css=\u00bb.vc_custom_1712653339511{background-image: url(https:\/\/www.groupeidec.com\/wp-content\/uploads\/2024\/04\/2017-record-jules-verne_720.jpg?id=324688) !important;background-position: center !important;background-repeat: no-repeat !important;background-size: cover !important;}\u00bb el_class=\u00bbcard-frise-2024 cf-white\u00bb][vc_column_inner]<div class=\"grve-empty-space grve-height-3x\" style=\"\"><\/div>[vc_column_text css=\u00bb.vc_custom_1750782998003{padding-top: 5% !important;padding-right: 5% !important;padding-bottom: 5% !important;padding-left: 5% !important;}\u00bb]<\/p>\n<h3>2017<\/h3>\n<p><strong>R\u00c9CORD DEL TROFEO DE JULIO VERNE<\/strong><br \/>\n40 d\u00edas, 23 horas, 30 minutos y 30 segundos grabados en la historia[\/vc_column_text][\/vc_column_inner][\/vc_row_inner][vc_row_inner css=\u00bb.vc_custom_1712653465453{background-image: url(https:\/\/www.groupeidec.com\/wp-content\/uploads\/2024\/04\/2018-renforcement-agro_720.jpg?id=324691) !important;background-position: center !important;background-repeat: no-repeat !important;background-size: cover !important;}\u00bb el_class=\u00bbcard-frise-2024&#8243;][vc_column_inner]<div class=\"grve-empty-space grve-height-3x\" style=\"\"><\/div>[vc_column_text css=\u00bb.vc_custom_1750783038662{padding-top: 5% !important;padding-right: 5% !important;padding-bottom: 5% !important;padding-left: 5% !important;background-color: #ffffff !important;}\u00bb]<\/p>\n<h3><span style=\"color: #ef4030;\"><img loading=\"lazy\" decoding=\"async\" class=\"size-full wp-image-324766 alignright\" src=\"https:\/\/www.groupeidec.com\/wp-content\/uploads\/2024\/04\/logo_cecia-gedouin_123x60.png\" alt=\"\" width=\"123\" height=\"60\" \/>2017<\/span><\/h3>\n<p>Fortalecimiento del sector agroalimentario[\/vc_column_text][\/vc_column_inner][\/vc_row_inner][vc_row_inner css=\u00bb.vc_custom_1712653547241{background-image: url(https:\/\/www.groupeidec.com\/wp-content\/uploads\/2024\/04\/lefur_720.jpg?id=324721) !important;background-position: center !important;background-repeat: no-repeat !important;background-size: cover !important;}\u00bb el_class=\u00bbcard-frise-2024 cf-white\u00bb][vc_column_inner]<div class=\"grve-empty-space grve-height-3x\" style=\"\"><\/div>[vc_column_text css=\u00bb.vc_custom_1750783115768{padding-top: 5% !important;padding-right: 5% !important;padding-bottom: 5% !important;padding-left: 5% !important;}\u00bb]<\/p>\n<h3>2019<\/h3>\n<p><strong>MARIE-AM\u00c9LIE LE FUR<\/strong><br \/>\nEmbajador de Deporte, Salud y Discapacidad del GROUPE IDEC[\/vc_column_text][\/vc_column_inner][\/vc_row_inner][vc_row_inner css=\u00bb.vc_custom_1712654687724{background-image: url(https:\/\/www.groupeidec.com\/wp-content\/uploads\/2024\/04\/archetype_720b.jpg?id=324780) !important;background-position: center !important;background-repeat: no-repeat !important;background-size: cover !important;}\u00bb el_class=\u00bbcard-frise-2024&#8243;][vc_column_inner]<div class=\"grve-empty-space grve-height-3x\" style=\"\"><\/div>[vc_column_text css=\u00bb.vc_custom_1750783190601{padding-top: 5% !important;padding-right: 5% !important;padding-bottom: 5% !important;padding-left: 5% !important;background-color: #ffffff !important;}\u00bb]<\/p>\n<h3><span style=\"color: #ef4030;\"><img loading=\"lazy\" decoding=\"async\" class=\" wp-image-324754 alignright\" src=\"https:\/\/www.groupeidec.com\/wp-content\/uploads\/2024\/04\/logo_groupe-idec-international_120x60.png\" alt=\"\" width=\"110\" height=\"55\" \/>2019<\/span><\/h3>\n<p>Desarrollo internacional con participaci\u00f3n en ARCHETYPE GROUP[\/vc_column_text][\/vc_column_inner][\/vc_row_inner][vc_row_inner css=\u00bb.vc_custom_1712653723133{background-image: url(https:\/\/www.groupeidec.com\/wp-content\/uploads\/2024\/04\/solaire_720.jpg?id=324724) !important;background-position: center !important;background-repeat: no-repeat !important;background-size: cover !important;}\u00bb el_class=\u00bbcard-frise-2024&#8243;][vc_column_inner]<div class=\"grve-empty-space grve-height-3x\" style=\"\"><\/div>[vc_column_text css=\u00bb.vc_custom_1750783234245{padding-top: 5% !important;padding-right: 5% !important;padding-bottom: 5% !important;padding-left: 5% !important;background-color: #ffffff !important;}\u00bb]<\/p>\n<h3><span style=\"color: #ef4030;\"><img loading=\"lazy\" decoding=\"async\" class=\"alignright wp-image-325646\" src=\"https:\/\/www.groupeidec.com\/wp-content\/uploads\/2025\/02\/logo-ENR-groupeidec-noir-253x300.png\" alt=\"\" width=\"60\" height=\"71\" srcset=\"https:\/\/www.groupeidec.com\/wp-content\/uploads\/2025\/02\/logo-ENR-groupeidec-noir-253x300.png 253w, https:\/\/www.groupeidec.com\/wp-content\/uploads\/2025\/02\/logo-ENR-groupeidec-noir.png 352w\" sizes=\"auto, (max-width: 60px) 100vw, 60px\" \/>2020<\/span><\/h3>\n<p>Lanzamiento de una nueva profesi\u00f3n[\/vc_column_text][\/vc_column_inner][\/vc_row_inner][vc_row_inner css=\u00bb.vc_custom_1712654671283{background-image: url(https:\/\/www.groupeidec.com\/wp-content\/uploads\/2024\/04\/habillage-stand-cosmetic360_720b.jpg?id=324783) !important;background-position: center !important;background-repeat: no-repeat !important;background-size: cover !important;}\u00bb el_class=\u00bbcard-frise-2024 cf-white\u00bb][vc_column_inner]<div class=\"grve-empty-space grve-height-3x\" style=\"\"><\/div>[vc_column_text css=\u00bb.vc_custom_1750783327564{padding-top: 5% !important;padding-right: 5% !important;padding-bottom: 5% !important;padding-left: 5% !important;}\u00bb]<\/p>\n<h3><img loading=\"lazy\" decoding=\"async\" class=\"wp-image-324740 alignright\" src=\"https:\/\/www.groupeidec.com\/wp-content\/uploads\/2024\/04\/logo_idec-invest-innovation_white_50.png\" alt=\"\" width=\"142\" height=\"46\" srcset=\"https:\/\/www.groupeidec.com\/wp-content\/uploads\/2024\/04\/logo_idec-invest-innovation_white_50.png 154w, https:\/\/www.groupeidec.com\/wp-content\/uploads\/2024\/04\/logo_idec-invest-innovation_white_50-150x50.png 150w\" sizes=\"auto, (max-width: 142px) 100vw, 142px\" \/>2021<\/h3>\n<p><b>Creaci\u00f3n de un fondo dedicado a la innovaci\u00f3n.<br \/>\n<\/b>Inversi\u00f3n de capital en m\u00e1s de 20 startups, incluida INNOENERGY[\/vc_column_text][\/vc_column_inner][\/vc_row_inner][vc_row_inner css=\u00bb.vc_custom_1712654791755{background-image: url(https:\/\/www.groupeidec.com\/wp-content\/uploads\/2024\/04\/2022-20-ans-grid_720.jpg?id=324694) !important;background-position: center !important;background-repeat: no-repeat !important;background-size: cover !important;}\u00bb el_class=\u00bbcard-frise-2024&#8243;][vc_column_inner]<div class=\"grve-empty-space grve-height-3x\" style=\"\"><\/div>[vc_column_text css=\u00bb.vc_custom_1750784025632{padding-top: 5% !important;padding-right: 5% !important;padding-bottom: 5% !important;padding-left: 5% !important;background-color: #ffffff !important;}\u00bb]<\/p>\n<h3><span style=\"color: #ef4030;\">2022<\/span><\/h3>\n<p><strong>20+2 A\u00d1OS, UN EVENTO COLECTIVO<\/strong><br \/>\nCelebrando el 20 aniversario del GRUPO IDEC[\/vc_column_text][\/vc_column_inner][\/vc_row_inner][vc_row_inner css=\u00bb.vc_custom_1712654933696{background-image: url(https:\/\/www.groupeidec.com\/wp-content\/uploads\/2024\/04\/2022-dev-hautes-techs_720.jpg?id=324697) !important;background-position: center !important;background-repeat: no-repeat !important;background-size: cover !important;}\u00bb el_class=\u00bbcard-frise-2024&#8243;][vc_column_inner]<div class=\"grve-empty-space grve-height-3x\" style=\"\"><\/div>[vc_column_text css=\u00bb.vc_custom_1750784055631{padding-top: 5% !important;padding-right: 5% !important;padding-bottom: 5% !important;padding-left: 5% !important;background-color: #ffffff !important;}\u00bb]<\/p>\n<h3><span style=\"color: #ef4030;\"><img loading=\"lazy\" decoding=\"async\" class=\"size-full wp-image-324763 alignright\" src=\"https:\/\/www.groupeidec.com\/wp-content\/uploads\/2024\/04\/logo_idht-db_122x60.png\" alt=\"\" width=\"122\" height=\"60\" \/>2022<\/span><\/h3>\n<p>Desarrollo de altas tecnolog\u00edas y fortalecimiento de la regi\u00f3n Auvernia-R\u00f3dano-Alpes[\/vc_column_text][\/vc_column_inner][\/vc_row_inner][vc_row_inner css=\u00bb.vc_custom_1712655663128{background-image: url(https:\/\/www.groupeidec.com\/wp-content\/uploads\/2024\/04\/engagements_720b.jpg?id=324789) !important;background-position: center !important;background-repeat: no-repeat !important;background-size: cover !important;}\u00bb el_class=\u00bbcard-frise-2024 cf-white\u00bb][vc_column_inner]<div class=\"grve-empty-space grve-height-3x\" style=\"\"><\/div>[vc_column_text css=\u00bb.vc_custom_1750784134489{padding-top: 5% !important;padding-right: 5% !important;padding-bottom: 5% !important;padding-left: 5% !important;}\u00bb]<\/p>\n<h3>2022<\/h3>\n<p><strong>COMPROMISO CON EL MUNDO DE LA SALUD<\/strong><br \/>\nPatrocinio de la Fundaci\u00f3n Souffle[\/vc_column_text][\/vc_column_inner][\/vc_row_inner][vc_row_inner css=\u00bb.vc_custom_1712655238355{background-image: url(https:\/\/www.groupeidec.com\/wp-content\/uploads\/2024\/04\/2022-Pole-24h_720.jpg?id=324700) !important;background-position: center !important;background-repeat: no-repeat !important;background-size: cover !important;}\u00bb el_class=\u00bbcard-frise-2024 cf-white\u00bb][vc_column_inner]<div class=\"grve-empty-space grve-height-3x\" style=\"\"><\/div>[vc_column_text css=\u00bb.vc_custom_1750784237320{padding-top: 5% !important;padding-right: 5% !important;padding-bottom: 5% !important;padding-left: 5% !important;}\u00bb]<\/p>\n<h3>2023<\/h3>\n<p><strong>POLE POSITION EN LAS 24 HORAS DE LE MANS<\/strong><br \/>\nSalida desde la primera fila para el centenario del evento[\/vc_column_text][\/vc_column_inner][\/vc_row_inner][vc_row_inner css=\u00bb.vc_custom_1712655348077{background-image: url(https:\/\/www.groupeidec.com\/wp-content\/uploads\/2024\/04\/campus_720.jpg?id=324706) !important;background-position: center !important;background-repeat: no-repeat !important;background-size: cover !important;}\u00bb el_class=\u00bbcard-frise-2024 cf-white\u00bb][vc_column_inner]<div class=\"grve-empty-space grve-height-3x\" style=\"\"><\/div>[vc_column_text css=\u00bb.vc_custom_1750784308133{padding-top: 5% !important;padding-right: 5% !important;padding-bottom: 5% !important;padding-left: 5% !important;}\u00bb]<\/p>\n<h3><img loading=\"lazy\" decoding=\"async\" class=\"size-full wp-image-324775 alignright\" src=\"https:\/\/www.groupeidec.com\/wp-content\/uploads\/2024\/04\/logo_campus-idec_white.png\" alt=\"\" width=\"122\" height=\"41\" \/>2024<\/h3>\n<p><strong>APERTURA DEL CAMPUS<\/strong><br \/>\nEl s\u00edmbolo de una evoluci\u00f3n \u00fanica[\/vc_column_text][\/vc_column_inner][\/vc_row_inner][vc_row_inner css=\u00bb.vc_custom_1712648436316{background-position: center !important;background-repeat: no-repeat !important;background-size: cover !important;}\u00bb el_class=\u00bbcard-frise-2024&#8243;][vc_column_inner]<div class=\"grve-empty-space grve-height-3x\" style=\"\"><\/div>[\/vc_column_inner][\/vc_row_inner][vc_row_inner css=\u00bb.vc_custom_1712648436316{background-position: center !important;background-repeat: no-repeat !important;background-size: cover !important;}\u00bb el_class=\u00bbcard-frise-2024&#8243;][vc_column_inner]<div class=\"grve-empty-space grve-height-3x\" style=\"\"><\/div>[\/vc_column_inner][\/vc_row_inner][vc_row_inner css=\u00bb.vc_custom_1712648436316{background-position: center !important;background-repeat: no-repeat !important;background-size: cover !important;}\u00bb el_class=\u00bbcard-frise-2024&#8243;][vc_column_inner]<div class=\"grve-empty-space grve-height-3x\" style=\"\"><\/div>[\/vc_column_inner][\/vc_row_inner]\t<\/div>  <\/div><\/div>[\/vc_column][\/vc_row][vc_row section_type=\u00bbfullwidth\u00bb bg_type=\u00bbcolor\u00bb padding_top_multiplier=\u00bb2x\u00bb padding_bottom_multiplier=\u00bb3x\u00bb columns_gap=\u00bbnone\u00bb kswr_row_top_decor_enabled=\u00bbfalse\u00bb kswr_row_bottom_decor_enabled=\u00bbfalse\u00bb bg_color=\u00bb#ffffff\u00bb el_class=\u00bbfrise-bottom-urls-pres\u00bb][vc_column text_align=\u00bbcenter\u00bb]<div class=\"grve-element grve-divider grve-align-center\" style=\"padding-bottom: 20px;\"><span class=\"grve-custom-divider grve-bg-primary-1\" style=\"width: 50px;height: 2px;\"><\/span><\/div><h6 class=\"grve-element grve-title grve-align-center grve-h4\" style=\"margin-bottom: 30px;\"><span>Nuestros compromisos<\/span><\/h6>[\/vc_column][vc_column width=\u00bb1\/4&#8243;][\/vc_column][vc_column width=\u00bb1\/4&#8243; animation_delay=\u00bb1400&#8243; css=\u00bb.vc_custom_1712162375859{border-top-width: 2px !important;padding-top: 2px !important;padding-right: 1px !important;padding-left: 1px !important;}\u00bb]<div class=\"grve-element grve-image grve-hover-item grve-hover-style-4 grve-full-image\" style=\"\">  <div class=\"grve-image-wrapper\"><figure class=\"grve-image-hover grve-media grve-zoom-in\"><a href=\"https:\/\/www.groupeidec.com\/es\/mecenazgo-y-patrocinio\/\" class=\"grve-item-url\"><\/a><div class=\"grve-bg-dark grve-hover-overlay  grve-opacity-30\"><\/div><img loading=\"lazy\" decoding=\"async\" width=\"640\" height=\"380\" src=\"https:\/\/www.groupeidec.com\/wp-content\/uploads\/2022\/01\/GROUPE-IDEC-Mecenat-ICM-640x380-1.jpg\" class=\"\" alt=\"\" srcset=\"https:\/\/www.groupeidec.com\/wp-content\/uploads\/2022\/01\/GROUPE-IDEC-Mecenat-ICM-640x380-1.jpg 640w, https:\/\/www.groupeidec.com\/wp-content\/uploads\/2022\/01\/GROUPE-IDEC-Mecenat-ICM-640x380-1-300x178.jpg 300w\" sizes=\"auto, (max-width: 640px) 100vw, 640px\" \/><figcaption class=\"grve-content grve-align-center grve-box-item grve-bg-black\"><h5 class=\"grve-title grve-h5 grve-text-white\">PATROCINIO Y PATROCINIO<\/h5><\/figcaption><\/figure>   <\/div><\/div>[\/vc_column][vc_column width=\u00bb1\/4&#8243; animation_delay=\u00bb1000&#8243; css=\u00bb.vc_custom_1712162368260{border-top-width: 2px !important;padding-top: 2px !important;padding-right: 1px !important;padding-left: 1px !important;}\u00bb]<div class=\"grve-element grve-image grve-hover-item grve-hover-style-4 grve-full-image\" style=\"\">  <div class=\"grve-image-wrapper\"><figure class=\"grve-image-hover grve-media grve-zoom-in\"><a href=\"https:\/\/www.groupeidec.com\/es\/una-vision-diferente-de-la-inmobiliaria\/\" class=\"grve-item-url\"><\/a><div class=\"grve-bg-dark grve-hover-overlay  grve-opacity-30\"><\/div><img loading=\"lazy\" decoding=\"async\" width=\"640\" height=\"380\" src=\"https:\/\/www.groupeidec.com\/wp-content\/uploads\/2021\/05\/visuel-grid-generique-environnement-640x380-1.jpg\" class=\"\" alt=\"\" srcset=\"https:\/\/www.groupeidec.com\/wp-content\/uploads\/2021\/05\/visuel-grid-generique-environnement-640x380-1.jpg 640w, https:\/\/www.groupeidec.com\/wp-content\/uploads\/2021\/05\/visuel-grid-generique-environnement-640x380-1-300x178.jpg 300w\" sizes=\"auto, (max-width: 640px) 100vw, 640px\" \/><figcaption class=\"grve-content grve-align-center grve-box-item grve-bg-black\"><h5 class=\"grve-title grve-h5 grve-text-white\">UNA VISI\u00d3N DIFERENTE DEL BIENES RA\u00cdCES<\/h5><\/figcaption><\/figure>   <\/div><\/div>[\/vc_column][vc_column width=\u00bb1\/4&#8243;][\/vc_column][\/vc_row]<\/p>\n<\/div>","protected":false},"excerpt":{"rendered":"<p>[vc_row heading_color=\u00bblight\u00bb bg_type=\u00bbhosted_video\u00bb bg_image=\u00bb19828&#8243; bg_video_loop=\u00bbno\u00bb color_overlay=\u00bbdark\u00bb opacity_overlay=\u00bb40&#8243; padding_top_multiplier=\u00bb6x\u00bb padding_bottom_multiplier=\u00bb6x\u00bb separator_bottom=\u00bblarge-triangle-separator\u00bb separator_bottom_size=\u00bb60px\u00bb font_color=\u00bb#ffffff\u00bb kswr_row_top_decor_enabled=\u00bbfalse\u00bb kswr_row_bottom_decor_enabled=\u00bbfalse\u00bb bg_video_webm=\u00bbhttps:\/\/www.groupeidec.com\/wp-content\/uploads\/2018\/12\/Video-header-Nos-Valeurs-groupe-idec.webm\u00bb bg_video_mp4=\u00bbhttps:\/\/www.groupeidec.com\/wp-content\/uploads\/2018\/12\/Video-header-Nos-Valeurs-groupe-idec.mp4&#8243; bg_video_ogv=\u00bbhttps:\/\/www.groupeidec.com\/wp-content\/uploads\/2018\/12\/Video-header-Nos-Valeurs-groupe-idec.ogv\u00bb][vc_column vertical_content_position=\u00bbmiddle\u00bb][\/vc_column][\/vc_row][vc_row padding_top_multiplier=\u00bb2x\u00bb padding_bottom_multiplier=\u00bb4x\u00bb columns_gap=\u00bb60&#8243; kswr_row_top_decor_enabled=\u00bbfalse\u00bb kswr_row_bottom_decor_enabled=\u00bbfalse\u00bb][vc_column width=\u00bb1\/3&#8243; tablet_sm_width=\u00bb1-2&#8243;][vc_column_text css=\u00bb.vc_custom_1624089203991{margin-bottom: 10px !important;}\u00bb animation=\u00bbgrve-fade-in-up\u00bb animation_delay=\u00bb600&#8243;] Como actor destacado de la inmobiliaria con m\u00e1s de una veintena de sociedades expertas en cada uno de sus sectores estamos presentes en Francia y [&hellip;]<\/p>\n","protected":false},"author":1,"featured_media":19719,"parent":0,"menu_order":0,"comment_status":"closed","ping_status":"closed","template":"","meta":{"inline_featured_image":false,"footnotes":""},"class_list":["post-326123","page","type-page","status-publish","has-post-thumbnail","hentry"],"yoast_head":"<!-- This site is optimized with the Yoast SEO plugin v27.4 - https:\/\/yoast.com\/product\/yoast-seo-wordpress\/ -->\n<title>Presentaci\u00f3n del GROUPE IDEC<\/title>\n<meta name=\"description\" content=\"Actor importante del sector inmobiliario, que re\u00fane a m\u00e1s de veinte empresas expertas en sus sectores, operamos en Francia y a nivel internacional para desarrollar, financiar, suministrar soluciones energ\u00e9ticas innovadoras y dise\u00f1ar y construir todo tipo de edificios.\" \/>\n<meta name=\"robots\" content=\"index, follow, max-snippet:-1, max-image-preview:large, max-video-preview:-1\" \/>\n<link rel=\"canonical\" href=\"https:\/\/www.groupeidec.com\/es\/presentacion\/\" \/>\n<meta property=\"og:locale\" content=\"es_ES\" \/>\n<meta property=\"og:type\" content=\"article\" \/>\n<meta property=\"og:title\" content=\"Presentaci\u00f3n del GROUPE IDEC\" \/>\n<meta property=\"og:description\" content=\"Actor importante del sector inmobiliario, que re\u00fane a m\u00e1s de veinte empresas expertas en sus sectores, operamos en Francia y a nivel internacional para desarrollar, financiar, suministrar soluciones energ\u00e9ticas innovadoras y dise\u00f1ar y construir todo tipo de edificios.\" \/>\n<meta property=\"og:url\" content=\"https:\/\/www.groupeidec.com\/es\/presentacion\/\" \/>\n<meta property=\"og:site_name\" content=\"Groupe IDEC\" \/>\n<meta property=\"article:publisher\" content=\"https:\/\/www.facebook.com\/groupeidec\/\" \/>\n<meta property=\"article:modified_time\" content=\"2026-03-03T10:21:25+00:00\" \/>\n<meta property=\"og:image\" content=\"https:\/\/www.groupeidec.com\/wp-content\/uploads\/2018\/12\/Groupe-IDEC-header_01.jpg\" \/>\n\t<meta property=\"og:image:width\" content=\"1640\" \/>\n\t<meta property=\"og:image:height\" content=\"923\" \/>\n\t<meta property=\"og:image:type\" content=\"image\/jpeg\" \/>\n<meta name=\"twitter:card\" content=\"summary_large_image\" \/>\n<meta name=\"twitter:label1\" content=\"Tiempo de lectura\" \/>\n\t<meta name=\"twitter:data1\" content=\"12 minutos\" \/>\n<script type=\"application\/ld+json\" class=\"yoast-schema-graph\">{\"@context\":\"https:\\\/\\\/schema.org\",\"@graph\":[{\"@type\":\"WebPage\",\"@id\":\"https:\\\/\\\/www.groupeidec.com\\\/es\\\/presentacion\\\/\",\"url\":\"https:\\\/\\\/www.groupeidec.com\\\/es\\\/presentacion\\\/\",\"name\":\"Presentaci\u00f3n del GROUPE IDEC\",\"isPartOf\":{\"@id\":\"https:\\\/\\\/www.groupeidec.com\\\/es\\\/#website\"},\"primaryImageOfPage\":{\"@id\":\"https:\\\/\\\/www.groupeidec.com\\\/es\\\/presentacion\\\/#primaryimage\"},\"image\":{\"@id\":\"https:\\\/\\\/www.groupeidec.com\\\/es\\\/presentacion\\\/#primaryimage\"},\"thumbnailUrl\":\"https:\\\/\\\/www.groupeidec.com\\\/wp-content\\\/uploads\\\/2018\\\/12\\\/Groupe-IDEC-header_01.jpg\",\"datePublished\":\"2024-04-03T16:40:51+00:00\",\"dateModified\":\"2026-03-03T10:21:25+00:00\",\"description\":\"Actor importante del sector inmobiliario, que re\u00fane a m\u00e1s de veinte empresas expertas en sus sectores, operamos en Francia y a nivel internacional para desarrollar, financiar, suministrar soluciones energ\u00e9ticas innovadoras y dise\u00f1ar y construir todo tipo de edificios.\",\"breadcrumb\":{\"@id\":\"https:\\\/\\\/www.groupeidec.com\\\/es\\\/presentacion\\\/#breadcrumb\"},\"inLanguage\":\"es\",\"potentialAction\":[{\"@type\":\"ReadAction\",\"target\":[\"https:\\\/\\\/www.groupeidec.com\\\/es\\\/presentacion\\\/\"]}]},{\"@type\":\"ImageObject\",\"inLanguage\":\"es\",\"@id\":\"https:\\\/\\\/www.groupeidec.com\\\/es\\\/presentacion\\\/#primaryimage\",\"url\":\"https:\\\/\\\/www.groupeidec.com\\\/wp-content\\\/uploads\\\/2018\\\/12\\\/Groupe-IDEC-header_01.jpg\",\"contentUrl\":\"https:\\\/\\\/www.groupeidec.com\\\/wp-content\\\/uploads\\\/2018\\\/12\\\/Groupe-IDEC-header_01.jpg\",\"width\":1640,\"height\":923},{\"@type\":\"BreadcrumbList\",\"@id\":\"https:\\\/\\\/www.groupeidec.com\\\/es\\\/presentacion\\\/#breadcrumb\",\"itemListElement\":[{\"@type\":\"ListItem\",\"position\":1,\"name\":\"Accueil\",\"item\":\"https:\\\/\\\/www.groupeidec.com\\\/es\\\/\"},{\"@type\":\"ListItem\",\"position\":2,\"name\":\"Presentaci\u00f3n\"}]},{\"@type\":\"WebSite\",\"@id\":\"https:\\\/\\\/www.groupeidec.com\\\/es\\\/#website\",\"url\":\"https:\\\/\\\/www.groupeidec.com\\\/es\\\/\",\"name\":\"Groupe IDEC\",\"description\":\"A la fois am\u00e9nageur, promoteur, investisseur et concepteur-constructeur cl\u00e9 en main, le GROUPE IDEC est l&#039;un des rares acteurs globaux du march\u00e9 immobilier fran\u00e7ais, pr\u00e9sent sur tous ces m\u00e9tiers.\",\"potentialAction\":[{\"@type\":\"SearchAction\",\"target\":{\"@type\":\"EntryPoint\",\"urlTemplate\":\"https:\\\/\\\/www.groupeidec.com\\\/es\\\/?s={search_term_string}\"},\"query-input\":{\"@type\":\"PropertyValueSpecification\",\"valueRequired\":true,\"valueName\":\"search_term_string\"}}],\"inLanguage\":\"es\"}]}<\/script>\n<!-- \/ Yoast SEO plugin. -->","yoast_head_json":{"title":"Presentaci\u00f3n del GROUPE IDEC","description":"Actor importante del sector inmobiliario, que re\u00fane a m\u00e1s de veinte empresas expertas en sus sectores, operamos en Francia y a nivel internacional para desarrollar, financiar, suministrar soluciones energ\u00e9ticas innovadoras y dise\u00f1ar y construir todo tipo de edificios.","robots":{"index":"index","follow":"follow","max-snippet":"max-snippet:-1","max-image-preview":"max-image-preview:large","max-video-preview":"max-video-preview:-1"},"canonical":"https:\/\/www.groupeidec.com\/es\/presentacion\/","og_locale":"es_ES","og_type":"article","og_title":"Presentaci\u00f3n del GROUPE IDEC","og_description":"Actor importante del sector inmobiliario, que re\u00fane a m\u00e1s de veinte empresas expertas en sus sectores, operamos en Francia y a nivel internacional para desarrollar, financiar, suministrar soluciones energ\u00e9ticas innovadoras y dise\u00f1ar y construir todo tipo de edificios.","og_url":"https:\/\/www.groupeidec.com\/es\/presentacion\/","og_site_name":"Groupe IDEC","article_publisher":"https:\/\/www.facebook.com\/groupeidec\/","article_modified_time":"2026-03-03T10:21:25+00:00","og_image":[{"width":1640,"height":923,"url":"https:\/\/www.groupeidec.com\/wp-content\/uploads\/2018\/12\/Groupe-IDEC-header_01.jpg","type":"image\/jpeg"}],"twitter_card":"summary_large_image","twitter_misc":{"Tiempo de lectura":"12 minutos"},"schema":{"@context":"https:\/\/schema.org","@graph":[{"@type":"WebPage","@id":"https:\/\/www.groupeidec.com\/es\/presentacion\/","url":"https:\/\/www.groupeidec.com\/es\/presentacion\/","name":"Presentaci\u00f3n del GROUPE IDEC","isPartOf":{"@id":"https:\/\/www.groupeidec.com\/es\/#website"},"primaryImageOfPage":{"@id":"https:\/\/www.groupeidec.com\/es\/presentacion\/#primaryimage"},"image":{"@id":"https:\/\/www.groupeidec.com\/es\/presentacion\/#primaryimage"},"thumbnailUrl":"https:\/\/www.groupeidec.com\/wp-content\/uploads\/2018\/12\/Groupe-IDEC-header_01.jpg","datePublished":"2024-04-03T16:40:51+00:00","dateModified":"2026-03-03T10:21:25+00:00","description":"Actor importante del sector inmobiliario, que re\u00fane a m\u00e1s de veinte empresas expertas en sus sectores, operamos en Francia y a nivel internacional para desarrollar, financiar, suministrar soluciones energ\u00e9ticas innovadoras y dise\u00f1ar y construir todo tipo de edificios.","breadcrumb":{"@id":"https:\/\/www.groupeidec.com\/es\/presentacion\/#breadcrumb"},"inLanguage":"es","potentialAction":[{"@type":"ReadAction","target":["https:\/\/www.groupeidec.com\/es\/presentacion\/"]}]},{"@type":"ImageObject","inLanguage":"es","@id":"https:\/\/www.groupeidec.com\/es\/presentacion\/#primaryimage","url":"https:\/\/www.groupeidec.com\/wp-content\/uploads\/2018\/12\/Groupe-IDEC-header_01.jpg","contentUrl":"https:\/\/www.groupeidec.com\/wp-content\/uploads\/2018\/12\/Groupe-IDEC-header_01.jpg","width":1640,"height":923},{"@type":"BreadcrumbList","@id":"https:\/\/www.groupeidec.com\/es\/presentacion\/#breadcrumb","itemListElement":[{"@type":"ListItem","position":1,"name":"Accueil","item":"https:\/\/www.groupeidec.com\/es\/"},{"@type":"ListItem","position":2,"name":"Presentaci\u00f3n"}]},{"@type":"WebSite","@id":"https:\/\/www.groupeidec.com\/es\/#website","url":"https:\/\/www.groupeidec.com\/es\/","name":"Groupe IDEC","description":"A la fois am\u00e9nageur, promoteur, investisseur et concepteur-constructeur cl\u00e9 en main, le GROUPE IDEC est l&#039;un des rares acteurs globaux du march\u00e9 immobilier fran\u00e7ais, pr\u00e9sent sur tous ces m\u00e9tiers.","potentialAction":[{"@type":"SearchAction","target":{"@type":"EntryPoint","urlTemplate":"https:\/\/www.groupeidec.com\/es\/?s={search_term_string}"},"query-input":{"@type":"PropertyValueSpecification","valueRequired":true,"valueName":"search_term_string"}}],"inLanguage":"es"}]}},"_links":{"self":[{"href":"https:\/\/www.groupeidec.com\/es\/wp-json\/wp\/v2\/pages\/326123","targetHints":{"allow":["GET"]}}],"collection":[{"href":"https:\/\/www.groupeidec.com\/es\/wp-json\/wp\/v2\/pages"}],"about":[{"href":"https:\/\/www.groupeidec.com\/es\/wp-json\/wp\/v2\/types\/page"}],"author":[{"embeddable":true,"href":"https:\/\/www.groupeidec.com\/es\/wp-json\/wp\/v2\/users\/1"}],"replies":[{"embeddable":true,"href":"https:\/\/www.groupeidec.com\/es\/wp-json\/wp\/v2\/comments?post=326123"}],"version-history":[{"count":12,"href":"https:\/\/www.groupeidec.com\/es\/wp-json\/wp\/v2\/pages\/326123\/revisions"}],"predecessor-version":[{"id":329324,"href":"https:\/\/www.groupeidec.com\/es\/wp-json\/wp\/v2\/pages\/326123\/revisions\/329324"}],"wp:featuredmedia":[{"embeddable":true,"href":"https:\/\/www.groupeidec.com\/es\/wp-json\/wp\/v2\/media\/19719"}],"wp:attachment":[{"href":"https:\/\/www.groupeidec.com\/es\/wp-json\/wp\/v2\/media?parent=326123"}],"curies":[{"name":"wp","href":"https:\/\/api.w.org\/{rel}","templated":true}]}}